{"id":10236,"date":"2021-03-05T14:57:50","date_gmt":"2021-03-05T13:57:50","guid":{"rendered":"http:\/\/blog.visitklagenfurt.at\/?page_id=10236"},"modified":"2025-08-21T12:29:17","modified_gmt":"2025-08-21T10:29:17","slug":"messen","status":"publish","type":"page","link":"https:\/\/www.visitklagenfurt.at\/de\/b2b\/messen\/","title":{"rendered":"Messen"},"content":{"rendered":"\n<p>Die K\u00e4rntner Messen sind heute der bedeutendste Veranstalter von Messen, Ausstellungen, Kongressen und Fachtagungen in K\u00e4rnten, der Zentralregion des Alpen-Adria-Raumes. Die hier abgehaltenen Fachmessen sind internationale Branchenereignisse und machen weit \u00fcber \u00d6sterreichs Grenzen hinaus von sich reden. Somit sind sie ein wichtiges Wirtschaftsfenster im Alpen-Adria-Raum.<\/p>\n\n\n\n<p>Jedes Jahr finden im K\u00e4rntner Veranstaltungs- und Messezentrum mehr als 100 Events statt \u2013 mit 5 bis 5.000 Teilnehmern. Ob Seminar, Tanzturnier, Rockkonzert, Musikantenstadl, Produktpr\u00e4sentation oder Kongress \u2013 die K\u00e4rntner Messen bieten f\u00fcr Veranstaltungen jeder Art und Gr\u00f6\u00dfe den idealen Rahmen. Bestens geschulte Mitarbeiter und ausgew\u00e4hlte Vertragspartner garantieren f\u00fcr perfekten Service.<\/p>\n\n\n\n<p>Ein paar Fakten: j\u00e4hrlich mehr als 2.500 Aussteller, rund 280.000 Besucher, 100.000 m\u00b2 Ausstellungsfl\u00e4che (davon 35.000 m\u00b2 in Hallen), mitten in der Stadt mit nahezu unbegrenztem Parkplatzangebot.<\/p>\n\n\n\n<figure class=\"wp-block-image size-full\"><img fetchpriority=\"high\" decoding=\"async\" width=\"2481\" height=\"3508\" src=\"https:\/\/www.visitklagenfurt.at\/wp-content\/uploads\/2024\/02\/Messekalender_2024_2025.jpg\" alt=\"\" class=\"wp-image-60959\"\/><\/figure>\n\n\n\n<p class=\"has-small-font-size\"><strong>Kontakt<\/strong><br>Klagenfurter Messe Betriebsgesellschaft mbH<br>Adresse: Messeplatz 1, 9020 Klagenfurt am W\u00f6rthersee<br>Telefon: <a href=\"tel:00430463568000\">+43 463 568 00 0<\/a><br>E-Mail:\u00a0<a href=\"mailto:office@kaerntnermessen.at\" target=\"_blank\" rel=\"noreferrer noopener\"><\/a><a href=\"mailto:office@kaerntnermessen.at\">office@kaerntnermessen.at<\/a><br>Webseite:\u00a0<a href=\"https:\/\/www.kaerntnermessen.at\/\" target=\"_blank\" rel=\"noreferrer noopener\">www.kaerntnermessen.at<\/a><\/p>\n","protected":false},"excerpt":{"rendered":"<p>Die K\u00e4rntner Messen sind heute der bedeutendste Veranstalter von Messen, Ausstellungen, Kongressen und Fachtagungen in K\u00e4rnten, der Zentralregion des Alpen-Adria-Raumes. Die hier abgehaltenen Fachmessen sind internationale Branchenereignisse und machen weit \u00fcber \u00d6sterreichs Grenzen hinaus von sich reden. Somit sind sie ein wichtiges Wirtschaftsfenster im Alpen-Adria-Raum. Jedes Jahr finden im K\u00e4rntner Veranstaltungs- und Messezentrum mehr als [&hellip;]<\/p>\n","protected":false},"author":2,"featured_media":1624,"parent":10185,"menu_order":0,"comment_status":"closed","ping_status":"closed","template":"","meta":{"footnotes":""},"categories":[],"tags":[],"seitentyp":[224],"class_list":["post-10236","page","type-page","status-publish","has-post-thumbnail","hentry","seitentyp-microseite-short"],"yoast_head":"<!-- This site is optimized with the Yoast SEO plugin v27.5 - https:\/\/yoast.com\/product\/yoast-seo-wordpress\/ -->\n<title>Messen Klagenfurt bei den K\u00e4rntner Messen | \u00dcbersicht Jahrestermine<\/title>\n<meta name=\"description\" content=\"Die K\u00e4rntner Messen sind der bedeutendste Veranstalter von Messen, Ausstellungen, Kongressen und Fachtagungen in K\u00e4rnten. Eine \u00dcbersicht!\" \/>\n<meta name=\"robots\" content=\"index, follow, max-snippet:-1, max-image-preview:large, max-video-preview:-1\" \/>\n<link rel=\"canonical\" href=\"https:\/\/www.visitklagenfurt.at\/de\/b2b\/messen\/\" \/>\n<meta property=\"og:locale\" content=\"de_DE\" \/>\n<meta property=\"og:type\" content=\"article\" \/>\n<meta property=\"og:title\" content=\"Messen Klagenfurt bei den K\u00e4rntner Messen | \u00dcbersicht Jahrestermine\" \/>\n<meta property=\"og:description\" content=\"Die K\u00e4rntner Messen sind der bedeutendste Veranstalter von Messen, Ausstellungen, Kongressen und Fachtagungen in K\u00e4rnten. Eine \u00dcbersicht!\" \/>\n<meta property=\"og:url\" content=\"https:\/\/www.visitklagenfurt.at\/de\/b2b\/messen\/\" \/>\n<meta property=\"og:site_name\" content=\"visitklagenfurt\" \/>\n<meta property=\"article:modified_time\" content=\"2025-08-21T10:29:17+00:00\" \/>\n<meta property=\"og:image\" content=\"https:\/\/www.visitklagenfurt.at\/wp-content\/uploads\/2020\/09\/NZP_4760-scaled.jpg\" \/>\n\t<meta property=\"og:image:width\" content=\"2560\" \/>\n\t<meta property=\"og:image:height\" content=\"1706\" \/>\n\t<meta property=\"og:image:type\" content=\"image\/jpeg\" \/>\n<meta name=\"twitter:card\" content=\"summary_large_image\" \/>\n<meta name=\"twitter:label1\" content=\"Gesch\u00e4tzte Lesezeit\" \/>\n\t<meta name=\"twitter:data1\" content=\"2\u00a0Minuten\" \/>\n<script type=\"application\/ld+json\" class=\"yoast-schema-graph\">{\"@context\":\"https:\\\/\\\/schema.org\",\"@graph\":[{\"@type\":\"WebPage\",\"@id\":\"https:\\\/\\\/www.visitklagenfurt.at\\\/de\\\/b2b\\\/messen\\\/\",\"url\":\"https:\\\/\\\/www.visitklagenfurt.at\\\/de\\\/b2b\\\/messen\\\/\",\"name\":\"Messen Klagenfurt bei den K\u00e4rntner Messen | \u00dcbersicht Jahrestermine\",\"isPartOf\":{\"@id\":\"https:\\\/\\\/www.visitklagenfurt.at\\\/de\\\/#website\"},\"primaryImageOfPage\":{\"@id\":\"https:\\\/\\\/www.visitklagenfurt.at\\\/de\\\/b2b\\\/messen\\\/#primaryimage\"},\"image\":{\"@id\":\"https:\\\/\\\/www.visitklagenfurt.at\\\/de\\\/b2b\\\/messen\\\/#primaryimage\"},\"thumbnailUrl\":\"https:\\\/\\\/www.visitklagenfurt.at\\\/wp-content\\\/uploads\\\/2020\\\/09\\\/NZP_4760-scaled.jpg\",\"datePublished\":\"2021-03-05T13:57:50+00:00\",\"dateModified\":\"2025-08-21T10:29:17+00:00\",\"description\":\"Die K\u00e4rntner Messen sind der bedeutendste Veranstalter von Messen, Ausstellungen, Kongressen und Fachtagungen in K\u00e4rnten. Eine \u00dcbersicht!\",\"breadcrumb\":{\"@id\":\"https:\\\/\\\/www.visitklagenfurt.at\\\/de\\\/b2b\\\/messen\\\/#breadcrumb\"},\"inLanguage\":\"de\",\"potentialAction\":[{\"@type\":\"ReadAction\",\"target\":[\"https:\\\/\\\/www.visitklagenfurt.at\\\/de\\\/b2b\\\/messen\\\/\"]}]},{\"@type\":\"ImageObject\",\"inLanguage\":\"de\",\"@id\":\"https:\\\/\\\/www.visitklagenfurt.at\\\/de\\\/b2b\\\/messen\\\/#primaryimage\",\"url\":\"https:\\\/\\\/www.visitklagenfurt.at\\\/wp-content\\\/uploads\\\/2020\\\/09\\\/NZP_4760-scaled.jpg\",\"contentUrl\":\"https:\\\/\\\/www.visitklagenfurt.at\\\/wp-content\\\/uploads\\\/2020\\\/09\\\/NZP_4760-scaled.jpg\",\"width\":2560,\"height\":1706,\"caption\":\"(c) K\u00e4rntner Messen\\\/Nicolas Zangerle\"},{\"@type\":\"BreadcrumbList\",\"@id\":\"https:\\\/\\\/www.visitklagenfurt.at\\\/de\\\/b2b\\\/messen\\\/#breadcrumb\",\"itemListElement\":[{\"@type\":\"ListItem\",\"position\":1,\"name\":\"visitklagenfurt\",\"item\":\"https:\\\/\\\/www.visitklagenfurt.at\\\/de\\\/\"},{\"@type\":\"ListItem\",\"position\":2,\"name\":\"B2B\",\"item\":\"https:\\\/\\\/www.visitklagenfurt.at\\\/de\\\/b2b\\\/\"},{\"@type\":\"ListItem\",\"position\":3,\"name\":\"Messen\"}]},{\"@type\":\"WebSite\",\"@id\":\"https:\\\/\\\/www.visitklagenfurt.at\\\/de\\\/#website\",\"url\":\"https:\\\/\\\/www.visitklagenfurt.at\\\/de\\\/\",\"name\":\"visitklagenfurt\",\"description\":\"\",\"publisher\":{\"@id\":\"https:\\\/\\\/www.visitklagenfurt.at\\\/de\\\/#organization\"},\"potentialAction\":[{\"@type\":\"SearchAction\",\"target\":{\"@type\":\"EntryPoint\",\"urlTemplate\":\"https:\\\/\\\/www.visitklagenfurt.at\\\/de\\\/?s={search_term_string}\"},\"query-input\":{\"@type\":\"PropertyValueSpecification\",\"valueRequired\":true,\"valueName\":\"search_term_string\"}}],\"inLanguage\":\"de\"},{\"@type\":\"Organization\",\"@id\":\"https:\\\/\\\/www.visitklagenfurt.at\\\/de\\\/#organization\",\"name\":\"Tourismus Region Klagenfurt am W\u00f6rthersee GmbH\",\"url\":\"https:\\\/\\\/www.visitklagenfurt.at\\\/de\\\/\",\"logo\":{\"@type\":\"ImageObject\",\"inLanguage\":\"de\",\"@id\":\"https:\\\/\\\/www.visitklagenfurt.at\\\/de\\\/#\\\/schema\\\/logo\\\/image\\\/\",\"url\":\"https:\\\/\\\/www.visitklagenfurt.at\\\/wp-content\\\/uploads\\\/2022\\\/03\\\/DT_K_Klagenfurt_S_RGB.png\",\"contentUrl\":\"https:\\\/\\\/www.visitklagenfurt.at\\\/wp-content\\\/uploads\\\/2022\\\/03\\\/DT_K_Klagenfurt_S_RGB.png\",\"width\":2082,\"height\":1511,\"caption\":\"Tourismus Region Klagenfurt am W\u00f6rthersee GmbH\"},\"image\":{\"@id\":\"https:\\\/\\\/www.visitklagenfurt.at\\\/de\\\/#\\\/schema\\\/logo\\\/image\\\/\"}}]}<\/script>\n<!-- \/ Yoast SEO plugin. -->","yoast_head_json":{"title":"Messen Klagenfurt bei den K\u00e4rntner Messen | \u00dcbersicht Jahrestermine","description":"Die K\u00e4rntner Messen sind der bedeutendste Veranstalter von Messen, Ausstellungen, Kongressen und Fachtagungen in K\u00e4rnten. Eine \u00dcbersicht!","robots":{"index":"index","follow":"follow","max-snippet":"max-snippet:-1","max-image-preview":"max-image-preview:large","max-video-preview":"max-video-preview:-1"},"canonical":"https:\/\/www.visitklagenfurt.at\/de\/b2b\/messen\/","og_locale":"de_DE","og_type":"article","og_title":"Messen Klagenfurt bei den K\u00e4rntner Messen | \u00dcbersicht Jahrestermine","og_description":"Die K\u00e4rntner Messen sind der bedeutendste Veranstalter von Messen, Ausstellungen, Kongressen und Fachtagungen in K\u00e4rnten. Eine \u00dcbersicht!","og_url":"https:\/\/www.visitklagenfurt.at\/de\/b2b\/messen\/","og_site_name":"visitklagenfurt","article_modified_time":"2025-08-21T10:29:17+00:00","og_image":[{"width":2560,"height":1706,"url":"https:\/\/www.visitklagenfurt.at\/wp-content\/uploads\/2020\/09\/NZP_4760-scaled.jpg","type":"image\/jpeg"}],"twitter_card":"summary_large_image","twitter_misc":{"Gesch\u00e4tzte Lesezeit":"2\u00a0Minuten"},"schema":{"@context":"https:\/\/schema.org","@graph":[{"@type":"WebPage","@id":"https:\/\/www.visitklagenfurt.at\/de\/b2b\/messen\/","url":"https:\/\/www.visitklagenfurt.at\/de\/b2b\/messen\/","name":"Messen Klagenfurt bei den K\u00e4rntner Messen | \u00dcbersicht Jahrestermine","isPartOf":{"@id":"https:\/\/www.visitklagenfurt.at\/de\/#website"},"primaryImageOfPage":{"@id":"https:\/\/www.visitklagenfurt.at\/de\/b2b\/messen\/#primaryimage"},"image":{"@id":"https:\/\/www.visitklagenfurt.at\/de\/b2b\/messen\/#primaryimage"},"thumbnailUrl":"https:\/\/www.visitklagenfurt.at\/wp-content\/uploads\/2020\/09\/NZP_4760-scaled.jpg","datePublished":"2021-03-05T13:57:50+00:00","dateModified":"2025-08-21T10:29:17+00:00","description":"Die K\u00e4rntner Messen sind der bedeutendste Veranstalter von Messen, Ausstellungen, Kongressen und Fachtagungen in K\u00e4rnten. Eine \u00dcbersicht!","breadcrumb":{"@id":"https:\/\/www.visitklagenfurt.at\/de\/b2b\/messen\/#breadcrumb"},"inLanguage":"de","potentialAction":[{"@type":"ReadAction","target":["https:\/\/www.visitklagenfurt.at\/de\/b2b\/messen\/"]}]},{"@type":"ImageObject","inLanguage":"de","@id":"https:\/\/www.visitklagenfurt.at\/de\/b2b\/messen\/#primaryimage","url":"https:\/\/www.visitklagenfurt.at\/wp-content\/uploads\/2020\/09\/NZP_4760-scaled.jpg","contentUrl":"https:\/\/www.visitklagenfurt.at\/wp-content\/uploads\/2020\/09\/NZP_4760-scaled.jpg","width":2560,"height":1706,"caption":"(c) K\u00e4rntner Messen\/Nicolas Zangerle"},{"@type":"BreadcrumbList","@id":"https:\/\/www.visitklagenfurt.at\/de\/b2b\/messen\/#breadcrumb","itemListElement":[{"@type":"ListItem","position":1,"name":"visitklagenfurt","item":"https:\/\/www.visitklagenfurt.at\/de\/"},{"@type":"ListItem","position":2,"name":"B2B","item":"https:\/\/www.visitklagenfurt.at\/de\/b2b\/"},{"@type":"ListItem","position":3,"name":"Messen"}]},{"@type":"WebSite","@id":"https:\/\/www.visitklagenfurt.at\/de\/#website","url":"https:\/\/www.visitklagenfurt.at\/de\/","name":"visitklagenfurt","description":"","publisher":{"@id":"https:\/\/www.visitklagenfurt.at\/de\/#organization"},"potentialAction":[{"@type":"SearchAction","target":{"@type":"EntryPoint","urlTemplate":"https:\/\/www.visitklagenfurt.at\/de\/?s={search_term_string}"},"query-input":{"@type":"PropertyValueSpecification","valueRequired":true,"valueName":"search_term_string"}}],"inLanguage":"de"},{"@type":"Organization","@id":"https:\/\/www.visitklagenfurt.at\/de\/#organization","name":"Tourismus Region Klagenfurt am W\u00f6rthersee GmbH","url":"https:\/\/www.visitklagenfurt.at\/de\/","logo":{"@type":"ImageObject","inLanguage":"de","@id":"https:\/\/www.visitklagenfurt.at\/de\/#\/schema\/logo\/image\/","url":"https:\/\/www.visitklagenfurt.at\/wp-content\/uploads\/2022\/03\/DT_K_Klagenfurt_S_RGB.png","contentUrl":"https:\/\/www.visitklagenfurt.at\/wp-content\/uploads\/2022\/03\/DT_K_Klagenfurt_S_RGB.png","width":2082,"height":1511,"caption":"Tourismus Region Klagenfurt am W\u00f6rthersee GmbH"},"image":{"@id":"https:\/\/www.visitklagenfurt.at\/de\/#\/schema\/logo\/image\/"}}]}},"_links":{"self":[{"href":"https:\/\/www.visitklagenfurt.at\/de\/wp-json\/wp\/v2\/pages\/10236","targetHints":{"allow":["GET"]}}],"collection":[{"href":"https:\/\/www.visitklagenfurt.at\/de\/wp-json\/wp\/v2\/pages"}],"about":[{"href":"https:\/\/www.visitklagenfurt.at\/de\/wp-json\/wp\/v2\/types\/page"}],"author":[{"embeddable":true,"href":"https:\/\/www.visitklagenfurt.at\/de\/wp-json\/wp\/v2\/users\/2"}],"replies":[{"embeddable":true,"href":"https:\/\/www.visitklagenfurt.at\/de\/wp-json\/wp\/v2\/comments?post=10236"}],"version-history":[{"count":7,"href":"https:\/\/www.visitklagenfurt.at\/de\/wp-json\/wp\/v2\/pages\/10236\/revisions"}],"predecessor-version":[{"id":76090,"href":"https:\/\/www.visitklagenfurt.at\/de\/wp-json\/wp\/v2\/pages\/10236\/revisions\/76090"}],"up":[{"embeddable":true,"href":"https:\/\/www.visitklagenfurt.at\/de\/wp-json\/wp\/v2\/pages\/10185"}],"wp:featuredmedia":[{"embeddable":true,"href":"https:\/\/www.visitklagenfurt.at\/de\/wp-json\/wp\/v2\/media\/1624"}],"wp:attachment":[{"href":"https:\/\/www.visitklagenfurt.at\/de\/wp-json\/wp\/v2\/media?parent=10236"}],"wp:term":[{"taxonomy":"category","embeddable":true,"href":"https:\/\/www.visitklagenfurt.at\/de\/wp-json\/wp\/v2\/categories?post=10236"},{"taxonomy":"post_tag","embeddable":true,"href":"https:\/\/www.visitklagenfurt.at\/de\/wp-json\/wp\/v2\/tags?post=10236"},{"taxonomy":"seitentyp","embeddable":true,"href":"https:\/\/www.visitklagenfurt.at\/de\/wp-json\/wp\/v2\/seitentyp?post=10236"}],"curies":[{"name":"wp","href":"https:\/\/api.w.org\/{rel}","templated":true}]}}