{"id":16660,"date":"2021-04-16T17:53:07","date_gmt":"2021-04-16T15:53:07","guid":{"rendered":"https:\/\/www.visitklagenfurt.at\/?page_id=16660"},"modified":"2025-03-24T15:46:28","modified_gmt":"2025-03-24T14:46:28","slug":"rad-hauptstadt-am-woerthersee","status":"publish","type":"page","link":"https:\/\/www.visitklagenfurt.at\/de\/b2b\/gruppenreisen\/rad-hauptstadt-am-woerthersee\/","title":{"rendered":"Rad-Hauptstadt am W\u00f6rthersee"},"content":{"rendered":"\t\t<div data-elementor-type=\"wp-page\" data-elementor-id=\"16660\" class=\"elementor elementor-16660\" data-elementor-post-type=\"page\">\n\t\t\t\t\t\t<section class=\"elementor-section elementor-top-section elementor-element elementor-element-42bbe266 elementor-section-boxed elementor-section-height-default elementor-section-height-default\" data-id=\"42bbe266\" data-element_type=\"section\" data-e-type=\"section\">\n\t\t\t\t\t\t<div class=\"elementor-container elementor-column-gap-default\">\n\t\t\t\t\t<div class=\"elementor-column elementor-col-100 elementor-top-column elementor-element elementor-element-27bc13f6\" data-id=\"27bc13f6\" data-element_type=\"column\" data-e-type=\"column\">\n\t\t\t<div class=\"elementor-widget-wrap elementor-element-populated\">\n\t\t\t\t\t\t<div class=\"elementor-element elementor-element-30e2030f elementor-widget elementor-widget-text-editor\" data-id=\"30e2030f\" data-element_type=\"widget\" data-e-type=\"widget\" data-widget_type=\"text-editor.default\">\n\t\t\t\t<div class=\"elementor-widget-container\">\n\t\t\t\t\t\t\t\t\t<p><strong>Der ideale Startpunkt f\u00fcr genussvolle und gem\u00fctliche Radtouren!<\/strong><\/p><p>In Klagenfurt und rund um die Stadt gibt&#8217;s <strong>unz\u00e4hlige Radstrecken<\/strong> f\u00fcr jeden Geschmack. Im Sattel eines E-Bikes k\u00f6nnen sie entspannt den W\u00f6rthersee und die Umgebung erkunden.<\/p><p>Die K\u00e4rntner Landeshauptstadt ist Dreh- und Angelpunkt des 1.300 km gro\u00dfen Radwegenetzes in K\u00e4rnten.<\/p><p>Im Norden der Stadt geht es auf eine kleine <strong>Geschichtsreise <\/strong>nach Maria Saal, im S\u00fcden Richtung Ferlach im sch\u00f6nen Rosental den mehrfach ausgezeichneten <strong>Drauradweg <\/strong>entlang oder erradeln Sie das Keutschacher Seental.<\/p><p>Das pulsierende Leben der mediterranen Altstadt mit Alpen-Adria Flair mit all ihren Shopping- und Genussm\u00f6glichkeiten vertreibt ihnen die Zeit zwischen Ihren Unternehmungen. Kurze, mittlere und lange <strong>Radtouren voller Geschichte, Kultur und Kulinarik<\/strong> warten nur darauf ausgekostet zu werden.<\/p><div class=\"wp-block-media-text alignwide is-stacked-on-mobile\"><figure class=\"wp-block-media-text__media\"><img fetchpriority=\"high\" decoding=\"async\" width=\"2048\" height=\"1367\" class=\"wp-image-14638 size-full\" src=\"https:\/\/www.visitklagenfurt.at\/wp-content\/uploads\/2020\/07\/genussrad_sport_rad_sommer_lindwurm_neuer_platz_2018_c-franz_gerdl_201-web.jpeg\" alt=\"\" \/><\/figure><div class=\"wp-block-media-text__content\"><h3>Unser Angebot<\/h3><p>3 \u00dcN in der Region Klagenfurt am W\u00f6rthersee<\/p><ul><li>W\u00f6rthersee Plus Card<\/li><li>W\u00f6rthersee Schifffahrt mit Radtransport (1 Strecke)<\/li><li>Altstadtwandern<\/li><\/ul><div>\u00a0<\/div><p>Ab <strong>\u20ac 157,- <\/strong>pro Person<\/p><\/div><\/div><h3>Ihr Ansprechpartner<\/h3><p>Tourismus Region Klagenfurt am W\u00f6rthersee<strong><br \/>Markus Strutz<br \/><\/strong>Sales, Gruppen &amp; MICE<\/p><p><a href=\"telto:+43 (0) 463\/287 463 \u2013 14\">+43 (0) 463\/287 463 14<\/a><br \/><a href=\"mailto:strutz@visitklagenfurt.at\" target=\"_blank\" rel=\"noreferrer noopener\">strutz@visitklagenfurt.at<\/a><\/p>\t\t\t\t\t\t\t\t<\/div>\n\t\t\t\t<\/div>\n\t\t\t\t<div class=\"elementor-element elementor-element-ba68a32 elementor-skin-carousel elementor-arrows-yes elementor-pagination-type-bullets elementor-pagination-position-outside elementor-widget elementor-widget-media-carousel\" data-id=\"ba68a32\" data-element_type=\"widget\" data-e-type=\"widget\" data-settings=\"{&quot;slides_per_view&quot;:&quot;1&quot;,&quot;skin&quot;:&quot;carousel&quot;,&quot;effect&quot;:&quot;slide&quot;,&quot;show_arrows&quot;:&quot;yes&quot;,&quot;pagination&quot;:&quot;bullets&quot;,&quot;speed&quot;:500,&quot;autoplay&quot;:&quot;yes&quot;,&quot;autoplay_speed&quot;:5000,&quot;loop&quot;:&quot;yes&quot;,&quot;pause_on_hover&quot;:&quot;yes&quot;,&quot;pause_on_interaction&quot;:&quot;yes&quot;,&quot;space_between&quot;:{&quot;unit&quot;:&quot;px&quot;,&quot;size&quot;:10,&quot;sizes&quot;:[]},&quot;space_between_tablet&quot;:{&quot;unit&quot;:&quot;px&quot;,&quot;size&quot;:10,&quot;sizes&quot;:[]},&quot;space_between_mobile&quot;:{&quot;unit&quot;:&quot;px&quot;,&quot;size&quot;:10,&quot;sizes&quot;:[]}}\" data-widget_type=\"media-carousel.default\">\n\t\t\t\t<div class=\"elementor-widget-container\">\n\t\t\t\t\t\t\t\t\t<div class=\"elementor-swiper\">\n\t\t\t\t\t<div class=\"elementor-main-swiper swiper\" role=\"region\" aria-roledescription=\"carousel\" aria-label=\"Slider\">\n\t\t\t\t<div class=\"swiper-wrapper\">\n\t\t\t\t\t\t\t\t\t\t\t<div class=\"swiper-slide\" role=\"group\" aria-roledescription=\"slide\">\n\t\t\t\t\t\t\t<a href=\"https:\/\/www.visitklagenfurt.at\/wp-content\/uploads\/2021\/04\/genussrad_sport_rad_sommer_innenstadt_park_2018_c-franz_gerdl_172-web.jpeg\" data-elementor-open-lightbox=\"yes\" data-elementor-lightbox-slideshow=\"ba68a32\" data-elementor-lightbox-title=\"genussrad_sport_rad_sommer_innenstadt_park_2018_c-franz_gerdl_172-web\" data-elementor-lightbox-description=\"(c) Franz Gerdl\" data-e-action-hash=\"#elementor-action%3Aaction%3Dlightbox%26settings%3DeyJpZCI6MTc0MTEsInVybCI6Imh0dHBzOlwvXC93d3cudmlzaXRrbGFnZW5mdXJ0LmF0XC93cC1jb250ZW50XC91cGxvYWRzXC8yMDIxXC8wNFwvZ2VudXNzcmFkX3Nwb3J0X3JhZF9zb21tZXJfaW5uZW5zdGFkdF9wYXJrXzIwMThfYy1mcmFuel9nZXJkbF8xNzItd2ViLmpwZWciLCJzbGlkZXNob3ciOiJiYTY4YTMyIn0%3D\">\t\t<div class=\"elementor-carousel-image\" role=\"img\" aria-label=\"Genussradfahren durch die Innenstadt und Park\" style=\"background-image: url(&#039;https:\/\/www.visitklagenfurt.at\/wp-content\/uploads\/2021\/04\/genussrad_sport_rad_sommer_innenstadt_park_2018_c-franz_gerdl_172-web.jpeg&#039;)\">\n\n\t\t\t\n\t\t\t\t\t<\/div>\n\t\t<\/a>\t\t\t\t\t\t<\/div>\n\t\t\t\t\t\t\t\t\t\t\t<div class=\"swiper-slide\" role=\"group\" aria-roledescription=\"slide\">\n\t\t\t\t\t\t\t<a href=\"https:\/\/www.visitklagenfurt.at\/wp-content\/uploads\/2021\/01\/Woertherseeschifffahrt_c-MATCH-Werbeagentur-Krivograd-Adianow-3.jpg\" data-elementor-open-lightbox=\"yes\" data-elementor-lightbox-slideshow=\"ba68a32\" data-elementor-lightbox-title=\"W\u00f6rtherseeschifffahrt_c-MATCH Werbeagentur, Krivograd, Adianow (3)\" data-elementor-lightbox-description=\"(c) Match Werbeagentur, Krivograd, Adianow \" data-e-action-hash=\"#elementor-action%3Aaction%3Dlightbox%26settings%3DeyJpZCI6MTQ5MTgsInVybCI6Imh0dHBzOlwvXC93d3cudmlzaXRrbGFnZW5mdXJ0LmF0XC93cC1jb250ZW50XC91cGxvYWRzXC8yMDIxXC8wMVwvV29lcnRoZXJzZWVzY2hpZmZmYWhydF9jLU1BVENILVdlcmJlYWdlbnR1ci1Lcml2b2dyYWQtQWRpYW5vdy0zLmpwZyIsInNsaWRlc2hvdyI6ImJhNjhhMzIifQ%3D%3D\">\t\t<div class=\"elementor-carousel-image\" role=\"img\" aria-label=\"W\u00f6rthersee Schiffe auf &quot;hoher See&quot;\" style=\"background-image: url(&#039;https:\/\/www.visitklagenfurt.at\/wp-content\/uploads\/2021\/01\/Woertherseeschifffahrt_c-MATCH-Werbeagentur-Krivograd-Adianow-3.jpg&#039;)\">\n\n\t\t\t\n\t\t\t\t\t<\/div>\n\t\t<\/a>\t\t\t\t\t\t<\/div>\n\t\t\t\t\t\t\t\t\t\t\t<div class=\"swiper-slide\" role=\"group\" aria-roledescription=\"slide\">\n\t\t\t\t\t\t\t<a href=\"https:\/\/www.visitklagenfurt.at\/wp-content\/uploads\/2021\/02\/gruppen_kultur_fuhrung_altstadt_2014_c-franz_gerdl_87-web.jpeg\" data-elementor-open-lightbox=\"yes\" data-elementor-lightbox-slideshow=\"ba68a32\" data-elementor-lightbox-title=\"gruppen_kultur_fuhrung_altstadt_2014_c-franz_gerdl_87-web\" data-elementor-lightbox-description=\"(c) Franz Gerdl\" data-e-action-hash=\"#elementor-action%3Aaction%3Dlightbox%26settings%3DeyJpZCI6NTE5NiwidXJsIjoiaHR0cHM6XC9cL3d3dy52aXNpdGtsYWdlbmZ1cnQuYXRcL3dwLWNvbnRlbnRcL3VwbG9hZHNcLzIwMjFcLzAyXC9ncnVwcGVuX2t1bHR1cl9mdWhydW5nX2FsdHN0YWR0XzIwMTRfYy1mcmFuel9nZXJkbF84Ny13ZWIuanBlZyIsInNsaWRlc2hvdyI6ImJhNjhhMzIifQ%3D%3D\">\t\t<div class=\"elementor-carousel-image\" role=\"img\" aria-label=\"Themenf\u00fchrungen durch die Innenstadt\" style=\"background-image: url(&#039;https:\/\/www.visitklagenfurt.at\/wp-content\/uploads\/2021\/02\/gruppen_kultur_fuhrung_altstadt_2014_c-franz_gerdl_87-web.jpeg&#039;)\">\n\n\t\t\t\n\t\t\t\t\t<\/div>\n\t\t<\/a>\t\t\t\t\t\t<\/div>\n\t\t\t\t\t\t\t\t\t\t\t<div class=\"swiper-slide\" role=\"group\" aria-roledescription=\"slide\">\n\t\t\t\t\t\t\t<a href=\"https:\/\/www.visitklagenfurt.at\/wp-content\/uploads\/2021\/03\/genussrad_sport_rad_weinberg_seewiese_karawanken_sommer_2018_c-franz_gerdl_153-web.jpg\" data-elementor-open-lightbox=\"yes\" data-elementor-lightbox-slideshow=\"ba68a32\" data-elementor-lightbox-title=\"genussrad_sport_rad_weinberg_seewiese_karawanken_sommer_2018_c-franz_gerdl_153-web\" data-elementor-lightbox-description=\"(c) Franz Gerdl\" data-e-action-hash=\"#elementor-action%3Aaction%3Dlightbox%26settings%3DeyJpZCI6OTQ2NCwidXJsIjoiaHR0cHM6XC9cL3d3dy52aXNpdGtsYWdlbmZ1cnQuYXRcL3dwLWNvbnRlbnRcL3VwbG9hZHNcLzIwMjFcLzAzXC9nZW51c3NyYWRfc3BvcnRfcmFkX3dlaW5iZXJnX3NlZXdpZXNlX2thcmF3YW5rZW5fc29tbWVyXzIwMThfYy1mcmFuel9nZXJkbF8xNTMtd2ViLmpwZyIsInNsaWRlc2hvdyI6ImJhNjhhMzIifQ%3D%3D\">\t\t<div class=\"elementor-carousel-image\" role=\"img\" aria-label=\"Genuss Radfahren entlang der Seewiese\" style=\"background-image: url(&#039;https:\/\/www.visitklagenfurt.at\/wp-content\/uploads\/2021\/03\/genussrad_sport_rad_weinberg_seewiese_karawanken_sommer_2018_c-franz_gerdl_153-web.jpg&#039;)\">\n\n\t\t\t\n\t\t\t\t\t<\/div>\n\t\t<\/a>\t\t\t\t\t\t<\/div>\n\t\t\t\t\t\t\t\t\t\t\t<div class=\"swiper-slide\" role=\"group\" aria-roledescription=\"slide\">\n\t\t\t\t\t\t\t<a href=\"https:\/\/www.visitklagenfurt.at\/wp-content\/uploads\/2020\/07\/genussrad_sport_rad_lendkanal_sommer_2018_c-franz_gerdl_134-web.jpeg\" data-elementor-open-lightbox=\"yes\" data-elementor-lightbox-slideshow=\"ba68a32\" data-elementor-lightbox-title=\"genussrad_sport_rad_lendkanal_sommer_2018_c-franz_gerdl_134-web\" data-elementor-lightbox-description=\"(c) Franz Gerdl\" data-e-action-hash=\"#elementor-action%3Aaction%3Dlightbox%26settings%3DeyJpZCI6MTQ2MzAsInVybCI6Imh0dHBzOlwvXC93d3cudmlzaXRrbGFnZW5mdXJ0LmF0XC93cC1jb250ZW50XC91cGxvYWRzXC8yMDIwXC8wN1wvZ2VudXNzcmFkX3Nwb3J0X3JhZF9sZW5ka2FuYWxfc29tbWVyXzIwMThfYy1mcmFuel9nZXJkbF8xMzQtd2ViLmpwZWciLCJzbGlkZXNob3ciOiJiYTY4YTMyIn0%3D\">\t\t<div class=\"elementor-carousel-image\" role=\"img\" aria-label=\"E-Bike ausleihen \u00fcber PAPIN\" style=\"background-image: url(&#039;https:\/\/www.visitklagenfurt.at\/wp-content\/uploads\/2020\/07\/genussrad_sport_rad_lendkanal_sommer_2018_c-franz_gerdl_134-web.jpeg&#039;)\">\n\n\t\t\t\n\t\t\t\t\t<\/div>\n\t\t<\/a>\t\t\t\t\t\t<\/div>\n\t\t\t\t\t\t\t\t\t<\/div>\n\t\t\t\t\t\t\t\t\t\t\t\t\t\t\t<div class=\"elementor-swiper-button elementor-swiper-button-prev\" role=\"button\" tabindex=\"0\" aria-label=\"Voriger\">\n\t\t\t\t\t\t\t<svg aria-hidden=\"true\" class=\"e-font-icon-svg e-eicon-chevron-left\" viewBox=\"0 0 1000 1000\" xmlns=\"http:\/\/www.w3.org\/2000\/svg\"><path d=\"M646 125C629 125 613 133 604 142L308 442C296 454 292 471 292 487 292 504 296 521 308 533L604 854C617 867 629 875 646 875 663 875 679 871 692 858 704 846 713 829 713 812 713 796 708 779 692 767L438 487 692 225C700 217 708 204 708 187 708 171 704 154 692 142 675 129 663 125 646 125Z\"><\/path><\/svg>\t\t\t\t\t\t<\/div>\n\t\t\t\t\t\t<div class=\"elementor-swiper-button elementor-swiper-button-next\" role=\"button\" tabindex=\"0\" aria-label=\"N\u00e4chster\">\n\t\t\t\t\t\t\t<svg aria-hidden=\"true\" class=\"e-font-icon-svg e-eicon-chevron-right\" viewBox=\"0 0 1000 1000\" xmlns=\"http:\/\/www.w3.org\/2000\/svg\"><path d=\"M696 533C708 521 713 504 713 487 713 471 708 454 696 446L400 146C388 133 375 125 354 125 338 125 325 129 313 142 300 154 292 171 292 187 292 204 296 221 308 233L563 492 304 771C292 783 288 800 288 817 288 833 296 850 308 863 321 871 338 875 354 875 371 875 388 867 400 854L696 533Z\"><\/path><\/svg>\t\t\t\t\t\t<\/div>\n\t\t\t\t\t\t\t\t\t\t\t\t\t\t\t\t<div class=\"swiper-pagination\"><\/div>\n\t\t\t\t\t\t\t\t\t\t\t\t<\/div>\n\t\t\t\t<\/div>\n\t\t\t\t\t\t\t\t<\/div>\n\t\t\t\t<\/div>\n\t\t\t\t\t<\/div>\n\t\t<\/div>\n\t\t\t\t\t<\/div>\n\t\t<\/section>\n\t\t\t\t<\/div>\n\t\t","protected":false},"excerpt":{"rendered":"<p>Der ideale Startpunkt f\u00fcr genussvolle und gem\u00fctliche Radtouren! In Klagenfurt und rund um die Stadt gibt&#8217;s unz\u00e4hlige Radstrecken f\u00fcr jeden Geschmack. Im Sattel eines E-Bikes k\u00f6nnen sie entspannt den W\u00f6rthersee und die Umgebung erkunden. Die K\u00e4rntner Landeshauptstadt ist Dreh- und Angelpunkt des 1.300 km gro\u00dfen Radwegenetzes in K\u00e4rnten. Im Norden der Stadt geht es auf [&hellip;]<\/p>\n","protected":false},"author":4,"featured_media":17952,"parent":10187,"menu_order":0,"comment_status":"closed","ping_status":"closed","template":"","meta":{"footnotes":""},"categories":[],"tags":[561],"seitentyp":[224],"class_list":["post-16660","page","type-page","status-publish","has-post-thumbnail","hentry","tag-gruppenreisen","seitentyp-microseite-short"],"yoast_head":"<!-- This site is optimized with the Yoast SEO plugin v27.5 - https:\/\/yoast.com\/product\/yoast-seo-wordpress\/ -->\n<title>Gruppenreisen in die Rad-Hauptstadt Klagenfurt am W\u00f6rthersee<\/title>\n<meta name=\"description\" content=\"In Klagenfurt und Umgebung gibt&#039;s unz\u00e4hlige Radstrecken f\u00fcr jeden Geschmack. Die Stadt wird deshalb als Rad-Hauptstadt um den See bezeichnet.\" \/>\n<meta name=\"robots\" content=\"index, follow, max-snippet:-1, max-image-preview:large, max-video-preview:-1\" \/>\n<link rel=\"canonical\" href=\"https:\/\/www.visitklagenfurt.at\/de\/b2b\/gruppenreisen\/rad-hauptstadt-am-woerthersee\/\" \/>\n<meta property=\"og:locale\" content=\"de_DE\" \/>\n<meta property=\"og:type\" content=\"article\" \/>\n<meta property=\"og:title\" content=\"Gruppenreisen in die Rad-Hauptstadt Klagenfurt am W\u00f6rthersee\" \/>\n<meta property=\"og:description\" content=\"In Klagenfurt und Umgebung gibt&#039;s unz\u00e4hlige Radstrecken f\u00fcr jeden Geschmack. Die Stadt wird deshalb als Rad-Hauptstadt um den See bezeichnet.\" \/>\n<meta property=\"og:url\" content=\"https:\/\/www.visitklagenfurt.at\/de\/b2b\/gruppenreisen\/rad-hauptstadt-am-woerthersee\/\" \/>\n<meta property=\"og:site_name\" content=\"visitklagenfurt\" \/>\n<meta property=\"article:modified_time\" content=\"2025-03-24T14:46:28+00:00\" \/>\n<meta property=\"og:image\" content=\"https:\/\/www.visitklagenfurt.at\/wp-content\/uploads\/2021\/04\/genussrad_sport_rad_sommer_worthersee_see_promenade_2018_c-franz_gerdl_91-web.jpeg\" \/>\n\t<meta property=\"og:image:width\" content=\"2048\" \/>\n\t<meta property=\"og:image:height\" content=\"1367\" \/>\n\t<meta property=\"og:image:type\" content=\"image\/jpeg\" \/>\n<meta name=\"twitter:card\" content=\"summary_large_image\" \/>\n<meta name=\"twitter:label1\" content=\"Gesch\u00e4tzte Lesezeit\" \/>\n\t<meta name=\"twitter:data1\" content=\"2\u00a0Minuten\" \/>\n<script type=\"application\/ld+json\" class=\"yoast-schema-graph\">{\"@context\":\"https:\\\/\\\/schema.org\",\"@graph\":[{\"@type\":\"WebPage\",\"@id\":\"https:\\\/\\\/www.visitklagenfurt.at\\\/de\\\/b2b\\\/gruppenreisen\\\/rad-hauptstadt-am-woerthersee\\\/\",\"url\":\"https:\\\/\\\/www.visitklagenfurt.at\\\/de\\\/b2b\\\/gruppenreisen\\\/rad-hauptstadt-am-woerthersee\\\/\",\"name\":\"Gruppenreisen in die Rad-Hauptstadt Klagenfurt am W\u00f6rthersee\",\"isPartOf\":{\"@id\":\"https:\\\/\\\/www.visitklagenfurt.at\\\/de\\\/#website\"},\"primaryImageOfPage\":{\"@id\":\"https:\\\/\\\/www.visitklagenfurt.at\\\/de\\\/b2b\\\/gruppenreisen\\\/rad-hauptstadt-am-woerthersee\\\/#primaryimage\"},\"image\":{\"@id\":\"https:\\\/\\\/www.visitklagenfurt.at\\\/de\\\/b2b\\\/gruppenreisen\\\/rad-hauptstadt-am-woerthersee\\\/#primaryimage\"},\"thumbnailUrl\":\"https:\\\/\\\/www.visitklagenfurt.at\\\/wp-content\\\/uploads\\\/2021\\\/04\\\/genussrad_sport_rad_sommer_worthersee_see_promenade_2018_c-franz_gerdl_91-web.jpeg\",\"datePublished\":\"2021-04-16T15:53:07+00:00\",\"dateModified\":\"2025-03-24T14:46:28+00:00\",\"description\":\"In Klagenfurt und Umgebung gibt's unz\u00e4hlige Radstrecken f\u00fcr jeden Geschmack. Die Stadt wird deshalb als Rad-Hauptstadt um den See bezeichnet.\",\"breadcrumb\":{\"@id\":\"https:\\\/\\\/www.visitklagenfurt.at\\\/de\\\/b2b\\\/gruppenreisen\\\/rad-hauptstadt-am-woerthersee\\\/#breadcrumb\"},\"inLanguage\":\"de\",\"potentialAction\":[{\"@type\":\"ReadAction\",\"target\":[\"https:\\\/\\\/www.visitklagenfurt.at\\\/de\\\/b2b\\\/gruppenreisen\\\/rad-hauptstadt-am-woerthersee\\\/\"]}]},{\"@type\":\"ImageObject\",\"inLanguage\":\"de\",\"@id\":\"https:\\\/\\\/www.visitklagenfurt.at\\\/de\\\/b2b\\\/gruppenreisen\\\/rad-hauptstadt-am-woerthersee\\\/#primaryimage\",\"url\":\"https:\\\/\\\/www.visitklagenfurt.at\\\/wp-content\\\/uploads\\\/2021\\\/04\\\/genussrad_sport_rad_sommer_worthersee_see_promenade_2018_c-franz_gerdl_91-web.jpeg\",\"contentUrl\":\"https:\\\/\\\/www.visitklagenfurt.at\\\/wp-content\\\/uploads\\\/2021\\\/04\\\/genussrad_sport_rad_sommer_worthersee_see_promenade_2018_c-franz_gerdl_91-web.jpeg\",\"width\":2048,\"height\":1367,\"caption\":\"(c) Franz Gerdl\"},{\"@type\":\"BreadcrumbList\",\"@id\":\"https:\\\/\\\/www.visitklagenfurt.at\\\/de\\\/b2b\\\/gruppenreisen\\\/rad-hauptstadt-am-woerthersee\\\/#breadcrumb\",\"itemListElement\":[{\"@type\":\"ListItem\",\"position\":1,\"name\":\"visitklagenfurt\",\"item\":\"https:\\\/\\\/www.visitklagenfurt.at\\\/de\\\/\"},{\"@type\":\"ListItem\",\"position\":2,\"name\":\"B2B\",\"item\":\"https:\\\/\\\/www.visitklagenfurt.at\\\/de\\\/b2b\\\/\"},{\"@type\":\"ListItem\",\"position\":3,\"name\":\"Gruppenreisen\",\"item\":\"https:\\\/\\\/www.visitklagenfurt.at\\\/de\\\/b2b\\\/gruppenreisen\\\/\"},{\"@type\":\"ListItem\",\"position\":4,\"name\":\"Rad-Hauptstadt am W\u00f6rthersee\"}]},{\"@type\":\"WebSite\",\"@id\":\"https:\\\/\\\/www.visitklagenfurt.at\\\/de\\\/#website\",\"url\":\"https:\\\/\\\/www.visitklagenfurt.at\\\/de\\\/\",\"name\":\"visitklagenfurt\",\"description\":\"\",\"publisher\":{\"@id\":\"https:\\\/\\\/www.visitklagenfurt.at\\\/de\\\/#organization\"},\"potentialAction\":[{\"@type\":\"SearchAction\",\"target\":{\"@type\":\"EntryPoint\",\"urlTemplate\":\"https:\\\/\\\/www.visitklagenfurt.at\\\/de\\\/?s={search_term_string}\"},\"query-input\":{\"@type\":\"PropertyValueSpecification\",\"valueRequired\":true,\"valueName\":\"search_term_string\"}}],\"inLanguage\":\"de\"},{\"@type\":\"Organization\",\"@id\":\"https:\\\/\\\/www.visitklagenfurt.at\\\/de\\\/#organization\",\"name\":\"Tourismus Region Klagenfurt am W\u00f6rthersee GmbH\",\"url\":\"https:\\\/\\\/www.visitklagenfurt.at\\\/de\\\/\",\"logo\":{\"@type\":\"ImageObject\",\"inLanguage\":\"de\",\"@id\":\"https:\\\/\\\/www.visitklagenfurt.at\\\/de\\\/#\\\/schema\\\/logo\\\/image\\\/\",\"url\":\"https:\\\/\\\/www.visitklagenfurt.at\\\/wp-content\\\/uploads\\\/2022\\\/03\\\/DT_K_Klagenfurt_S_RGB.png\",\"contentUrl\":\"https:\\\/\\\/www.visitklagenfurt.at\\\/wp-content\\\/uploads\\\/2022\\\/03\\\/DT_K_Klagenfurt_S_RGB.png\",\"width\":2082,\"height\":1511,\"caption\":\"Tourismus Region Klagenfurt am W\u00f6rthersee GmbH\"},\"image\":{\"@id\":\"https:\\\/\\\/www.visitklagenfurt.at\\\/de\\\/#\\\/schema\\\/logo\\\/image\\\/\"}}]}<\/script>\n<!-- \/ Yoast SEO plugin. -->","yoast_head_json":{"title":"Gruppenreisen in die Rad-Hauptstadt Klagenfurt am W\u00f6rthersee","description":"In Klagenfurt und Umgebung gibt's unz\u00e4hlige Radstrecken f\u00fcr jeden Geschmack. Die Stadt wird deshalb als Rad-Hauptstadt um den See bezeichnet.","robots":{"index":"index","follow":"follow","max-snippet":"max-snippet:-1","max-image-preview":"max-image-preview:large","max-video-preview":"max-video-preview:-1"},"canonical":"https:\/\/www.visitklagenfurt.at\/de\/b2b\/gruppenreisen\/rad-hauptstadt-am-woerthersee\/","og_locale":"de_DE","og_type":"article","og_title":"Gruppenreisen in die Rad-Hauptstadt Klagenfurt am W\u00f6rthersee","og_description":"In Klagenfurt und Umgebung gibt's unz\u00e4hlige Radstrecken f\u00fcr jeden Geschmack. Die Stadt wird deshalb als Rad-Hauptstadt um den See bezeichnet.","og_url":"https:\/\/www.visitklagenfurt.at\/de\/b2b\/gruppenreisen\/rad-hauptstadt-am-woerthersee\/","og_site_name":"visitklagenfurt","article_modified_time":"2025-03-24T14:46:28+00:00","og_image":[{"width":2048,"height":1367,"url":"https:\/\/www.visitklagenfurt.at\/wp-content\/uploads\/2021\/04\/genussrad_sport_rad_sommer_worthersee_see_promenade_2018_c-franz_gerdl_91-web.jpeg","type":"image\/jpeg"}],"twitter_card":"summary_large_image","twitter_misc":{"Gesch\u00e4tzte Lesezeit":"2\u00a0Minuten"},"schema":{"@context":"https:\/\/schema.org","@graph":[{"@type":"WebPage","@id":"https:\/\/www.visitklagenfurt.at\/de\/b2b\/gruppenreisen\/rad-hauptstadt-am-woerthersee\/","url":"https:\/\/www.visitklagenfurt.at\/de\/b2b\/gruppenreisen\/rad-hauptstadt-am-woerthersee\/","name":"Gruppenreisen in die Rad-Hauptstadt Klagenfurt am W\u00f6rthersee","isPartOf":{"@id":"https:\/\/www.visitklagenfurt.at\/de\/#website"},"primaryImageOfPage":{"@id":"https:\/\/www.visitklagenfurt.at\/de\/b2b\/gruppenreisen\/rad-hauptstadt-am-woerthersee\/#primaryimage"},"image":{"@id":"https:\/\/www.visitklagenfurt.at\/de\/b2b\/gruppenreisen\/rad-hauptstadt-am-woerthersee\/#primaryimage"},"thumbnailUrl":"https:\/\/www.visitklagenfurt.at\/wp-content\/uploads\/2021\/04\/genussrad_sport_rad_sommer_worthersee_see_promenade_2018_c-franz_gerdl_91-web.jpeg","datePublished":"2021-04-16T15:53:07+00:00","dateModified":"2025-03-24T14:46:28+00:00","description":"In Klagenfurt und Umgebung gibt's unz\u00e4hlige Radstrecken f\u00fcr jeden Geschmack. Die Stadt wird deshalb als Rad-Hauptstadt um den See bezeichnet.","breadcrumb":{"@id":"https:\/\/www.visitklagenfurt.at\/de\/b2b\/gruppenreisen\/rad-hauptstadt-am-woerthersee\/#breadcrumb"},"inLanguage":"de","potentialAction":[{"@type":"ReadAction","target":["https:\/\/www.visitklagenfurt.at\/de\/b2b\/gruppenreisen\/rad-hauptstadt-am-woerthersee\/"]}]},{"@type":"ImageObject","inLanguage":"de","@id":"https:\/\/www.visitklagenfurt.at\/de\/b2b\/gruppenreisen\/rad-hauptstadt-am-woerthersee\/#primaryimage","url":"https:\/\/www.visitklagenfurt.at\/wp-content\/uploads\/2021\/04\/genussrad_sport_rad_sommer_worthersee_see_promenade_2018_c-franz_gerdl_91-web.jpeg","contentUrl":"https:\/\/www.visitklagenfurt.at\/wp-content\/uploads\/2021\/04\/genussrad_sport_rad_sommer_worthersee_see_promenade_2018_c-franz_gerdl_91-web.jpeg","width":2048,"height":1367,"caption":"(c) Franz Gerdl"},{"@type":"BreadcrumbList","@id":"https:\/\/www.visitklagenfurt.at\/de\/b2b\/gruppenreisen\/rad-hauptstadt-am-woerthersee\/#breadcrumb","itemListElement":[{"@type":"ListItem","position":1,"name":"visitklagenfurt","item":"https:\/\/www.visitklagenfurt.at\/de\/"},{"@type":"ListItem","position":2,"name":"B2B","item":"https:\/\/www.visitklagenfurt.at\/de\/b2b\/"},{"@type":"ListItem","position":3,"name":"Gruppenreisen","item":"https:\/\/www.visitklagenfurt.at\/de\/b2b\/gruppenreisen\/"},{"@type":"ListItem","position":4,"name":"Rad-Hauptstadt am W\u00f6rthersee"}]},{"@type":"WebSite","@id":"https:\/\/www.visitklagenfurt.at\/de\/#website","url":"https:\/\/www.visitklagenfurt.at\/de\/","name":"visitklagenfurt","description":"","publisher":{"@id":"https:\/\/www.visitklagenfurt.at\/de\/#organization"},"potentialAction":[{"@type":"SearchAction","target":{"@type":"EntryPoint","urlTemplate":"https:\/\/www.visitklagenfurt.at\/de\/?s={search_term_string}"},"query-input":{"@type":"PropertyValueSpecification","valueRequired":true,"valueName":"search_term_string"}}],"inLanguage":"de"},{"@type":"Organization","@id":"https:\/\/www.visitklagenfurt.at\/de\/#organization","name":"Tourismus Region Klagenfurt am W\u00f6rthersee GmbH","url":"https:\/\/www.visitklagenfurt.at\/de\/","logo":{"@type":"ImageObject","inLanguage":"de","@id":"https:\/\/www.visitklagenfurt.at\/de\/#\/schema\/logo\/image\/","url":"https:\/\/www.visitklagenfurt.at\/wp-content\/uploads\/2022\/03\/DT_K_Klagenfurt_S_RGB.png","contentUrl":"https:\/\/www.visitklagenfurt.at\/wp-content\/uploads\/2022\/03\/DT_K_Klagenfurt_S_RGB.png","width":2082,"height":1511,"caption":"Tourismus Region Klagenfurt am W\u00f6rthersee GmbH"},"image":{"@id":"https:\/\/www.visitklagenfurt.at\/de\/#\/schema\/logo\/image\/"}}]}},"_links":{"self":[{"href":"https:\/\/www.visitklagenfurt.at\/de\/wp-json\/wp\/v2\/pages\/16660","targetHints":{"allow":["GET"]}}],"collection":[{"href":"https:\/\/www.visitklagenfurt.at\/de\/wp-json\/wp\/v2\/pages"}],"about":[{"href":"https:\/\/www.visitklagenfurt.at\/de\/wp-json\/wp\/v2\/types\/page"}],"author":[{"embeddable":true,"href":"https:\/\/www.visitklagenfurt.at\/de\/wp-json\/wp\/v2\/users\/4"}],"replies":[{"embeddable":true,"href":"https:\/\/www.visitklagenfurt.at\/de\/wp-json\/wp\/v2\/comments?post=16660"}],"version-history":[{"count":46,"href":"https:\/\/www.visitklagenfurt.at\/de\/wp-json\/wp\/v2\/pages\/16660\/revisions"}],"predecessor-version":[{"id":73442,"href":"https:\/\/www.visitklagenfurt.at\/de\/wp-json\/wp\/v2\/pages\/16660\/revisions\/73442"}],"up":[{"embeddable":true,"href":"https:\/\/www.visitklagenfurt.at\/de\/wp-json\/wp\/v2\/pages\/10187"}],"wp:featuredmedia":[{"embeddable":true,"href":"https:\/\/www.visitklagenfurt.at\/de\/wp-json\/wp\/v2\/media\/17952"}],"wp:attachment":[{"href":"https:\/\/www.visitklagenfurt.at\/de\/wp-json\/wp\/v2\/media?parent=16660"}],"wp:term":[{"taxonomy":"category","embeddable":true,"href":"https:\/\/www.visitklagenfurt.at\/de\/wp-json\/wp\/v2\/categories?post=16660"},{"taxonomy":"post_tag","embeddable":true,"href":"https:\/\/www.visitklagenfurt.at\/de\/wp-json\/wp\/v2\/tags?post=16660"},{"taxonomy":"seitentyp","embeddable":true,"href":"https:\/\/www.visitklagenfurt.at\/de\/wp-json\/wp\/v2\/seitentyp?post=16660"}],"curies":[{"name":"wp","href":"https:\/\/api.w.org\/{rel}","templated":true}]}}