{"id":16664,"date":"2021-04-16T17:53:30","date_gmt":"2021-04-16T15:53:30","guid":{"rendered":"https:\/\/www.visitklagenfurt.at\/?page_id=16664"},"modified":"2021-04-28T10:12:45","modified_gmt":"2021-04-28T08:12:45","slug":"kulturelle-schaetze","status":"publish","type":"page","link":"https:\/\/www.visitklagenfurt.at\/de\/b2b\/gruppenreisen\/kulturelle-schaetze\/","title":{"rendered":"Kulturelle Sch\u00e4tze: von edlen Tropfen &#038; edlen Recken"},"content":{"rendered":"\t\t<div data-elementor-type=\"wp-page\" data-elementor-id=\"16664\" class=\"elementor elementor-16664\" data-elementor-post-type=\"page\">\n\t\t\t\t\t\t<section class=\"elementor-section elementor-top-section elementor-element elementor-element-1d2bede9 elementor-section-boxed elementor-section-height-default elementor-section-height-default\" data-id=\"1d2bede9\" data-element_type=\"section\" data-e-type=\"section\">\n\t\t\t\t\t\t<div class=\"elementor-container elementor-column-gap-default\">\n\t\t\t\t\t<div class=\"elementor-column elementor-col-100 elementor-top-column elementor-element elementor-element-6f063b5a\" data-id=\"6f063b5a\" data-element_type=\"column\" data-e-type=\"column\">\n\t\t\t<div class=\"elementor-widget-wrap elementor-element-populated\">\n\t\t\t\t\t\t<div class=\"elementor-element elementor-element-ba40704 elementor-widget elementor-widget-text-editor\" data-id=\"ba40704\" data-element_type=\"widget\" data-e-type=\"widget\" data-widget_type=\"text-editor.default\">\n\t\t\t\t<div class=\"elementor-widget-container\">\n\t\t\t\t\t\t\t\t\t<p><strong>Stadt-, Kultur- und Weingenuss im Herzen von K\u00e4rnten.<\/strong><\/p><p>Beim Stadtrundgang in der im Renaissancestil errichteten Landeshauptstadt, die durch ein mediterranes Flair besticht, wird auch der <b>Wappensaal <\/b>und die im Stil des phantastischen Realismus bemalte <b>Fuchskapelle <\/b>besucht.<\/p><p>Besuchen sie das \u00e4lteste \u00f6sterreichische <b>Freilichtmuseum <\/b>in Maria Saal. Es f\u00fchrt in eine l\u00e4ngst vergessene Welt, in der in den alten Geb\u00e4uden das karge b\u00e4uerliche Leben vergangener Zeiten wieder greifbar wird.<\/p><p>Ein weiterer Punkt ist die Besichtigung des prachtvollen <b>Maria Saaler Doms<\/b> mit seinen wunderbaren Fresken. Als Tagesabschluss wird im <b>Weingut Karnburg<\/b> der hier angebaute Wein verkostet.<\/p>\t\t\t\t\t\t\t\t<\/div>\n\t\t\t\t<\/div>\n\t\t\t\t<div class=\"elementor-element elementor-element-16cb2db1 elementor-widget elementor-widget-text-editor\" data-id=\"16cb2db1\" data-element_type=\"widget\" data-e-type=\"widget\" data-widget_type=\"text-editor.default\">\n\t\t\t\t<div class=\"elementor-widget-container\">\n\t\t\t\t\t\t\t\t\t<p><\/p>\n<div class=\"wp-block-media-text alignwide is-stacked-on-mobile\">\n<figure class=\"wp-block-media-text__media\"><img fetchpriority=\"high\" decoding=\"async\" width=\"684\" height=\"1024\" src=\"https:\/\/www.visitklagenfurt.at\/wp-content\/uploads\/2020\/07\/rennrad_sport_rad_sommer_dom_maria_saal_2017_c-franz_gerdl_143-web-684x1024.jpg\" alt=\"\" class=\"wp-image-896 size-full\" srcset=\"https:\/\/www.visitklagenfurt.at\/wp-content\/uploads\/2020\/07\/rennrad_sport_rad_sommer_dom_maria_saal_2017_c-franz_gerdl_143-web-684x1024.jpg 684w, https:\/\/www.visitklagenfurt.at\/wp-content\/uploads\/2020\/07\/rennrad_sport_rad_sommer_dom_maria_saal_2017_c-franz_gerdl_143-web-200x300.jpg 200w, https:\/\/www.visitklagenfurt.at\/wp-content\/uploads\/2020\/07\/rennrad_sport_rad_sommer_dom_maria_saal_2017_c-franz_gerdl_143-web-768x1151.jpg 768w, https:\/\/www.visitklagenfurt.at\/wp-content\/uploads\/2020\/07\/rennrad_sport_rad_sommer_dom_maria_saal_2017_c-franz_gerdl_143-web-1025x1536.jpg 1025w, https:\/\/www.visitklagenfurt.at\/wp-content\/uploads\/2020\/07\/rennrad_sport_rad_sommer_dom_maria_saal_2017_c-franz_gerdl_143-web.jpg 1367w\" sizes=\"(max-width: 684px) 100vw, 684px\" \/><\/figure>\n<div class=\"wp-block-media-text__content\">\n<h3>Unser Angebot <\/h3>\n<p>3 \u00dcN in der Region Klagenfurt am W\u00f6rthersee<\/p>\n<ul>\n<li>Austrian Guide f\u00fcr die beiden Tagestouren<\/li>\n<li>Eintritte f\u00fcr den Wappensaal, die Fuchskapelle, den Dom und das Freilichtmuseum in Maria Saal<\/li>\n<li>Eintritt in den Gurker Dom mit Schnapsverkostung<\/li>\n<li>Mittagessen in einem typischen Gasthaus im Raum Maria Saal<\/li>\n<li>Weinverkostung in Karnburg<\/li>\n<li>Mittagessen inkl. F\u00fchrung und Verkostung in der Brauerei Hirt<\/li>\n<li>Altstadtwandern<\/li>\n<p><br><\/p><\/ul>\n<p>Ab <strong>\u20ac 242,-<\/strong> pro Person<\/p>\n<\/div>\n<\/div>\n<h3>Ihr Ansprechpartner<\/h3>\n<p>Tourismus Region Klagenfurt am W\u00f6rthersee<strong><br>Markus Strutz<br><\/strong>Sales, Gruppen &amp; MICE<br><br><a href=\"telto:+43 (0) 463\/287 463 \u2013 14\">+43 (0) 463\/287 463 14<\/a><br><a href=\"mailto:strutz@visitklagenfurt.at\" target=\"_blank\" rel=\"noreferrer noopener\">strutz@visitklagenfurt.at<\/a><\/p>\t\t\t\t\t\t\t\t<\/div>\n\t\t\t\t<\/div>\n\t\t\t\t<div class=\"elementor-element elementor-element-eeb2c0c elementor-skin-carousel elementor-arrows-yes elementor-pagination-type-bullets elementor-pagination-position-outside elementor-widget elementor-widget-media-carousel\" data-id=\"eeb2c0c\" data-element_type=\"widget\" data-e-type=\"widget\" data-settings=\"{&quot;slides_per_view&quot;:&quot;1&quot;,&quot;skin&quot;:&quot;carousel&quot;,&quot;effect&quot;:&quot;slide&quot;,&quot;show_arrows&quot;:&quot;yes&quot;,&quot;pagination&quot;:&quot;bullets&quot;,&quot;speed&quot;:500,&quot;autoplay&quot;:&quot;yes&quot;,&quot;autoplay_speed&quot;:5000,&quot;loop&quot;:&quot;yes&quot;,&quot;pause_on_hover&quot;:&quot;yes&quot;,&quot;pause_on_interaction&quot;:&quot;yes&quot;,&quot;space_between&quot;:{&quot;unit&quot;:&quot;px&quot;,&quot;size&quot;:10,&quot;sizes&quot;:[]},&quot;space_between_tablet&quot;:{&quot;unit&quot;:&quot;px&quot;,&quot;size&quot;:10,&quot;sizes&quot;:[]},&quot;space_between_mobile&quot;:{&quot;unit&quot;:&quot;px&quot;,&quot;size&quot;:10,&quot;sizes&quot;:[]}}\" data-widget_type=\"media-carousel.default\">\n\t\t\t\t<div class=\"elementor-widget-container\">\n\t\t\t\t\t\t\t\t\t<div class=\"elementor-swiper\">\n\t\t\t\t\t<div class=\"elementor-main-swiper swiper\" role=\"region\" aria-roledescription=\"carousel\" aria-label=\"Slider\">\n\t\t\t\t<div class=\"swiper-wrapper\">\n\t\t\t\t\t\t\t\t\t\t\t<div class=\"swiper-slide\" role=\"group\" aria-roledescription=\"slide\">\n\t\t\t\t\t\t\t<a href=\"https:\/\/www.visitklagenfurt.at\/wp-content\/uploads\/2021\/03\/gruppen_kultur_fuhrung_altstadt_2014_c-franz_gerdl_88-web.jpeg\" data-elementor-open-lightbox=\"yes\" data-elementor-lightbox-slideshow=\"eeb2c0c\" data-elementor-lightbox-title=\"gruppen_kultur_fuhrung_altstadt_2014_c-franz_gerdl_88-web\" data-elementor-lightbox-description=\"(c) Franz Gerdl\" data-e-action-hash=\"#elementor-action%3Aaction%3Dlightbox%26settings%3DeyJpZCI6MTE3MDQsInVybCI6Imh0dHBzOlwvXC93d3cudmlzaXRrbGFnZW5mdXJ0LmF0XC93cC1jb250ZW50XC91cGxvYWRzXC8yMDIxXC8wM1wvZ3J1cHBlbl9rdWx0dXJfZnVocnVuZ19hbHRzdGFkdF8yMDE0X2MtZnJhbnpfZ2VyZGxfODgtd2ViLmpwZWciLCJzbGlkZXNob3ciOiJlZWIyYzBjIn0%3D\">\t\t<div class=\"elementor-carousel-image\" role=\"img\" aria-label=\"Stadtf\u00fchrungen durch Altstadt und mit Kulturgenuss\" style=\"background-image: url(&#039;https:\/\/www.visitklagenfurt.at\/wp-content\/uploads\/2021\/03\/gruppen_kultur_fuhrung_altstadt_2014_c-franz_gerdl_88-web.jpeg&#039;)\">\n\n\t\t\t\n\t\t\t\t\t<\/div>\n\t\t<\/a>\t\t\t\t\t\t<\/div>\n\t\t\t\t\t\t\t\t\t\t\t<div class=\"swiper-slide\" role=\"group\" aria-roledescription=\"slide\">\n\t\t\t\t\t\t\t<a href=\"https:\/\/www.visitklagenfurt.at\/wp-content\/uploads\/2021\/02\/Kirche_Fuchskapelle_c-Stadt-Klagenfurt.jpg\" data-elementor-open-lightbox=\"yes\" data-elementor-lightbox-slideshow=\"eeb2c0c\" data-elementor-lightbox-title=\"Fuchskapelle_c- Stadt Klagenfurt\" data-elementor-lightbox-description=\"(c) Stadt Klagenfurt\" data-e-action-hash=\"#elementor-action%3Aaction%3Dlightbox%26settings%3DeyJpZCI6NTUwNywidXJsIjoiaHR0cHM6XC9cL3d3dy52aXNpdGtsYWdlbmZ1cnQuYXRcL3dwLWNvbnRlbnRcL3VwbG9hZHNcLzIwMjFcLzAyXC9LaXJjaGVfRnVjaHNrYXBlbGxlX2MtU3RhZHQtS2xhZ2VuZnVydC5qcGciLCJzbGlkZXNob3ciOiJlZWIyYzBjIn0%3D\">\t\t<div class=\"elementor-carousel-image\" role=\"img\" aria-label=\"Fuchskappelle und eine F\u00fchrung\" style=\"background-image: url(&#039;https:\/\/www.visitklagenfurt.at\/wp-content\/uploads\/2021\/02\/Kirche_Fuchskapelle_c-Stadt-Klagenfurt.jpg&#039;)\">\n\n\t\t\t\n\t\t\t\t\t<\/div>\n\t\t<\/a>\t\t\t\t\t\t<\/div>\n\t\t\t\t\t\t\t\t\t\t\t<div class=\"swiper-slide\" role=\"group\" aria-roledescription=\"slide\">\n\t\t\t\t\t\t\t<a href=\"https:\/\/www.visitklagenfurt.at\/wp-content\/uploads\/2021\/01\/rennrad_sport_rad_sommer_dom_maria_saal_2017_c-franz_gerdl_141-web.jpeg\" data-elementor-open-lightbox=\"yes\" data-elementor-lightbox-slideshow=\"eeb2c0c\" data-elementor-lightbox-title=\"rennrad_sport_rad_sommer_dom_maria_saal_2017_c-franz_gerdl_141-web\" data-elementor-lightbox-description=\"(c) Franz Gerdl\" data-e-action-hash=\"#elementor-action%3Aaction%3Dlightbox%26settings%3DeyJpZCI6NDgzMSwidXJsIjoiaHR0cHM6XC9cL3d3dy52aXNpdGtsYWdlbmZ1cnQuYXRcL3dwLWNvbnRlbnRcL3VwbG9hZHNcLzIwMjFcLzAxXC9yZW5ucmFkX3Nwb3J0X3JhZF9zb21tZXJfZG9tX21hcmlhX3NhYWxfMjAxN19jLWZyYW56X2dlcmRsXzE0MS13ZWIuanBlZyIsInNsaWRlc2hvdyI6ImVlYjJjMGMifQ%3D%3D\">\t\t<div class=\"elementor-carousel-image\" role=\"img\" aria-label=\"Maria Saaler Dom\" style=\"background-image: url(&#039;https:\/\/www.visitklagenfurt.at\/wp-content\/uploads\/2021\/01\/rennrad_sport_rad_sommer_dom_maria_saal_2017_c-franz_gerdl_141-web.jpeg&#039;)\">\n\n\t\t\t\n\t\t\t\t\t<\/div>\n\t\t<\/a>\t\t\t\t\t\t<\/div>\n\t\t\t\t\t\t\t\t\t\t\t<div class=\"swiper-slide\" role=\"group\" aria-roledescription=\"slide\">\n\t\t\t\t\t\t\t<a href=\"https:\/\/www.visitklagenfurt.at\/wp-content\/uploads\/2021\/02\/Weingut_Karnburg_06_W87A0731_Elias-Jerusalem.jpg\" data-elementor-open-lightbox=\"yes\" data-elementor-lightbox-slideshow=\"eeb2c0c\" data-elementor-lightbox-title=\"Kulinarik_Weingut Karnburg_c-Elias Jerusalem\" data-elementor-lightbox-description=\"(c) Weingut Karnburg, Elias Jerusalem\" data-e-action-hash=\"#elementor-action%3Aaction%3Dlightbox%26settings%3DeyJpZCI6NTE4NCwidXJsIjoiaHR0cHM6XC9cL3d3dy52aXNpdGtsYWdlbmZ1cnQuYXRcL3dwLWNvbnRlbnRcL3VwbG9hZHNcLzIwMjFcLzAyXC9XZWluZ3V0X0thcm5idXJnXzA2X1c4N0EwNzMxX0VsaWFzLUplcnVzYWxlbS5qcGciLCJzbGlkZXNob3ciOiJlZWIyYzBjIn0%3D\">\t\t<div class=\"elementor-carousel-image\" role=\"img\" aria-label=\"Weingut Karnburg Luftbild\" style=\"background-image: url(&#039;https:\/\/www.visitklagenfurt.at\/wp-content\/uploads\/2021\/02\/Weingut_Karnburg_06_W87A0731_Elias-Jerusalem.jpg&#039;)\">\n\n\t\t\t\n\t\t\t\t\t<\/div>\n\t\t<\/a>\t\t\t\t\t\t<\/div>\n\t\t\t\t\t\t\t\t\t\t\t<div class=\"swiper-slide\" role=\"group\" aria-roledescription=\"slide\">\n\t\t\t\t\t\t\t<a href=\"https:\/\/www.visitklagenfurt.at\/wp-content\/uploads\/2021\/01\/MariaSaal_Freilichtmuseum_c-Wolfgang-Handler.jpg\" data-elementor-open-lightbox=\"yes\" data-elementor-lightbox-slideshow=\"eeb2c0c\" data-elementor-lightbox-title=\"MariaSaal_Freilichtmuseum_c Wolfgang Handler\" data-elementor-lightbox-description=\"(c) Wolfgang Handler\" data-e-action-hash=\"#elementor-action%3Aaction%3Dlightbox%26settings%3DeyJpZCI6NTI3MSwidXJsIjoiaHR0cHM6XC9cL3d3dy52aXNpdGtsYWdlbmZ1cnQuYXRcL3dwLWNvbnRlbnRcL3VwbG9hZHNcLzIwMjFcLzAxXC9NYXJpYVNhYWxfRnJlaWxpY2h0bXVzZXVtX2MtV29sZmdhbmctSGFuZGxlci5qcGciLCJzbGlkZXNob3ciOiJlZWIyYzBjIn0%3D\">\t\t<div class=\"elementor-carousel-image\" role=\"img\" aria-label=\"Freilichtmuseum Maria Saal\" style=\"background-image: url(&#039;https:\/\/www.visitklagenfurt.at\/wp-content\/uploads\/2021\/01\/MariaSaal_Freilichtmuseum_c-Wolfgang-Handler.jpg&#039;)\">\n\n\t\t\t\n\t\t\t\t\t<\/div>\n\t\t<\/a>\t\t\t\t\t\t<\/div>\n\t\t\t\t\t\t\t\t\t<\/div>\n\t\t\t\t\t\t\t\t\t\t\t\t\t\t\t<div class=\"elementor-swiper-button elementor-swiper-button-prev\" role=\"button\" tabindex=\"0\" aria-label=\"Voriger\">\n\t\t\t\t\t\t\t<svg aria-hidden=\"true\" class=\"e-font-icon-svg e-eicon-chevron-left\" viewBox=\"0 0 1000 1000\" xmlns=\"http:\/\/www.w3.org\/2000\/svg\"><path d=\"M646 125C629 125 613 133 604 142L308 442C296 454 292 471 292 487 292 504 296 521 308 533L604 854C617 867 629 875 646 875 663 875 679 871 692 858 704 846 713 829 713 812 713 796 708 779 692 767L438 487 692 225C700 217 708 204 708 187 708 171 704 154 692 142 675 129 663 125 646 125Z\"><\/path><\/svg>\t\t\t\t\t\t<\/div>\n\t\t\t\t\t\t<div class=\"elementor-swiper-button elementor-swiper-button-next\" role=\"button\" tabindex=\"0\" aria-label=\"N\u00e4chster\">\n\t\t\t\t\t\t\t<svg aria-hidden=\"true\" class=\"e-font-icon-svg e-eicon-chevron-right\" viewBox=\"0 0 1000 1000\" xmlns=\"http:\/\/www.w3.org\/2000\/svg\"><path d=\"M696 533C708 521 713 504 713 487 713 471 708 454 696 446L400 146C388 133 375 125 354 125 338 125 325 129 313 142 300 154 292 171 292 187 292 204 296 221 308 233L563 492 304 771C292 783 288 800 288 817 288 833 296 850 308 863 321 871 338 875 354 875 371 875 388 867 400 854L696 533Z\"><\/path><\/svg>\t\t\t\t\t\t<\/div>\n\t\t\t\t\t\t\t\t\t\t\t\t\t\t\t\t<div class=\"swiper-pagination\"><\/div>\n\t\t\t\t\t\t\t\t\t\t\t\t<\/div>\n\t\t\t\t<\/div>\n\t\t\t\t\t\t\t\t<\/div>\n\t\t\t\t<\/div>\n\t\t\t\t\t<\/div>\n\t\t<\/div>\n\t\t\t\t\t<\/div>\n\t\t<\/section>\n\t\t\t\t<\/div>\n\t\t","protected":false},"excerpt":{"rendered":"<p>Stadt-, Kultur- und Weingenuss im Herzen von K\u00e4rnten. Beim Stadtrundgang in der im Renaissancestil errichteten Landeshauptstadt, die durch ein mediterranes Flair besticht, wird auch der Wappensaal und die im Stil des phantastischen Realismus bemalte Fuchskapelle besucht. Besuchen sie das \u00e4lteste \u00f6sterreichische Freilichtmuseum in Maria Saal. Es f\u00fchrt in eine l\u00e4ngst vergessene Welt, in der in [&hellip;]<\/p>\n","protected":false},"author":4,"featured_media":18173,"parent":10187,"menu_order":0,"comment_status":"closed","ping_status":"closed","template":"","meta":{"footnotes":""},"categories":[],"tags":[561],"seitentyp":[224],"class_list":["post-16664","page","type-page","status-publish","has-post-thumbnail","hentry","tag-gruppenreisen","seitentyp-microseite-short"],"yoast_head":"<!-- This site is optimized with the Yoast SEO plugin v27.3 - https:\/\/yoast.com\/product\/yoast-seo-wordpress\/ -->\n<title>Kulturelle Sch\u00e4tze: von edlen Tropfen &amp; edlen Recken | visitklagenfurt<\/title>\n<meta name=\"robots\" content=\"index, follow, max-snippet:-1, max-image-preview:large, max-video-preview:-1\" \/>\n<link rel=\"canonical\" href=\"https:\/\/www.visitklagenfurt.at\/de\/b2b\/gruppenreisen\/kulturelle-schaetze\/\" \/>\n<meta property=\"og:locale\" content=\"de_DE\" \/>\n<meta property=\"og:type\" content=\"article\" \/>\n<meta property=\"og:title\" content=\"Kulturelle Sch\u00e4tze: von edlen Tropfen &amp; edlen Recken | visitklagenfurt\" \/>\n<meta property=\"og:description\" content=\"Stadt-, Kultur- und Weingenuss im Herzen von K\u00e4rnten. Beim Stadtrundgang in der im Renaissancestil errichteten Landeshauptstadt, die durch ein mediterranes Flair besticht, wird auch der Wappensaal und die im Stil des phantastischen Realismus bemalte Fuchskapelle besucht. Besuchen sie das \u00e4lteste \u00f6sterreichische Freilichtmuseum in Maria Saal. Es f\u00fchrt in eine l\u00e4ngst vergessene Welt, in der in [&hellip;]\" \/>\n<meta property=\"og:url\" content=\"https:\/\/www.visitklagenfurt.at\/de\/b2b\/gruppenreisen\/kulturelle-schaetze\/\" \/>\n<meta property=\"og:site_name\" content=\"visitklagenfurt\" \/>\n<meta property=\"article:modified_time\" content=\"2021-04-28T08:12:45+00:00\" \/>\n<meta property=\"og:image\" content=\"https:\/\/www.visitklagenfurt.at\/wp-content\/uploads\/2021\/04\/kultur_museum_wappensaal_landhaus_2015_sommer_c-gernot_gleiss_10-web1-1.jpeg\" \/>\n\t<meta property=\"og:image:width\" content=\"2048\" \/>\n\t<meta property=\"og:image:height\" content=\"1365\" \/>\n\t<meta property=\"og:image:type\" content=\"image\/jpeg\" \/>\n<meta name=\"twitter:card\" content=\"summary_large_image\" \/>\n<meta name=\"twitter:label1\" content=\"Gesch\u00e4tzte Lesezeit\" \/>\n\t<meta name=\"twitter:data1\" content=\"1\u00a0Minute\" \/>\n<script type=\"application\/ld+json\" class=\"yoast-schema-graph\">{\"@context\":\"https:\\\/\\\/schema.org\",\"@graph\":[{\"@type\":\"WebPage\",\"@id\":\"https:\\\/\\\/www.visitklagenfurt.at\\\/de\\\/b2b\\\/gruppenreisen\\\/kulturelle-schaetze\\\/\",\"url\":\"https:\\\/\\\/www.visitklagenfurt.at\\\/de\\\/b2b\\\/gruppenreisen\\\/kulturelle-schaetze\\\/\",\"name\":\"Kulturelle Sch\u00e4tze: von edlen Tropfen & edlen Recken | visitklagenfurt\",\"isPartOf\":{\"@id\":\"https:\\\/\\\/www.visitklagenfurt.at\\\/de\\\/#website\"},\"primaryImageOfPage\":{\"@id\":\"https:\\\/\\\/www.visitklagenfurt.at\\\/de\\\/b2b\\\/gruppenreisen\\\/kulturelle-schaetze\\\/#primaryimage\"},\"image\":{\"@id\":\"https:\\\/\\\/www.visitklagenfurt.at\\\/de\\\/b2b\\\/gruppenreisen\\\/kulturelle-schaetze\\\/#primaryimage\"},\"thumbnailUrl\":\"https:\\\/\\\/www.visitklagenfurt.at\\\/wp-content\\\/uploads\\\/2021\\\/04\\\/kultur_museum_wappensaal_landhaus_2015_sommer_c-gernot_gleiss_10-web1-1.jpeg\",\"datePublished\":\"2021-04-16T15:53:30+00:00\",\"dateModified\":\"2021-04-28T08:12:45+00:00\",\"breadcrumb\":{\"@id\":\"https:\\\/\\\/www.visitklagenfurt.at\\\/de\\\/b2b\\\/gruppenreisen\\\/kulturelle-schaetze\\\/#breadcrumb\"},\"inLanguage\":\"de\",\"potentialAction\":[{\"@type\":\"ReadAction\",\"target\":[\"https:\\\/\\\/www.visitklagenfurt.at\\\/de\\\/b2b\\\/gruppenreisen\\\/kulturelle-schaetze\\\/\"]}]},{\"@type\":\"ImageObject\",\"inLanguage\":\"de\",\"@id\":\"https:\\\/\\\/www.visitklagenfurt.at\\\/de\\\/b2b\\\/gruppenreisen\\\/kulturelle-schaetze\\\/#primaryimage\",\"url\":\"https:\\\/\\\/www.visitklagenfurt.at\\\/wp-content\\\/uploads\\\/2021\\\/04\\\/kultur_museum_wappensaal_landhaus_2015_sommer_c-gernot_gleiss_10-web1-1.jpeg\",\"contentUrl\":\"https:\\\/\\\/www.visitklagenfurt.at\\\/wp-content\\\/uploads\\\/2021\\\/04\\\/kultur_museum_wappensaal_landhaus_2015_sommer_c-gernot_gleiss_10-web1-1.jpeg\",\"width\":2048,\"height\":1365,\"caption\":\"(c) Gernot Gleiss\"},{\"@type\":\"BreadcrumbList\",\"@id\":\"https:\\\/\\\/www.visitklagenfurt.at\\\/de\\\/b2b\\\/gruppenreisen\\\/kulturelle-schaetze\\\/#breadcrumb\",\"itemListElement\":[{\"@type\":\"ListItem\",\"position\":1,\"name\":\"visitklagenfurt\",\"item\":\"https:\\\/\\\/www.visitklagenfurt.at\\\/de\\\/\"},{\"@type\":\"ListItem\",\"position\":2,\"name\":\"B2B\",\"item\":\"https:\\\/\\\/www.visitklagenfurt.at\\\/de\\\/b2b\\\/\"},{\"@type\":\"ListItem\",\"position\":3,\"name\":\"Gruppenreisen\",\"item\":\"https:\\\/\\\/www.visitklagenfurt.at\\\/de\\\/b2b\\\/gruppenreisen\\\/\"},{\"@type\":\"ListItem\",\"position\":4,\"name\":\"Kulturelle Sch\u00e4tze: von edlen Tropfen &#038; edlen Recken\"}]},{\"@type\":\"WebSite\",\"@id\":\"https:\\\/\\\/www.visitklagenfurt.at\\\/de\\\/#website\",\"url\":\"https:\\\/\\\/www.visitklagenfurt.at\\\/de\\\/\",\"name\":\"visitklagenfurt\",\"description\":\"\",\"publisher\":{\"@id\":\"https:\\\/\\\/www.visitklagenfurt.at\\\/de\\\/#organization\"},\"potentialAction\":[{\"@type\":\"SearchAction\",\"target\":{\"@type\":\"EntryPoint\",\"urlTemplate\":\"https:\\\/\\\/www.visitklagenfurt.at\\\/de\\\/?s={search_term_string}\"},\"query-input\":{\"@type\":\"PropertyValueSpecification\",\"valueRequired\":true,\"valueName\":\"search_term_string\"}}],\"inLanguage\":\"de\"},{\"@type\":\"Organization\",\"@id\":\"https:\\\/\\\/www.visitklagenfurt.at\\\/de\\\/#organization\",\"name\":\"Tourismus Region Klagenfurt am W\u00f6rthersee GmbH\",\"url\":\"https:\\\/\\\/www.visitklagenfurt.at\\\/de\\\/\",\"logo\":{\"@type\":\"ImageObject\",\"inLanguage\":\"de\",\"@id\":\"https:\\\/\\\/www.visitklagenfurt.at\\\/de\\\/#\\\/schema\\\/logo\\\/image\\\/\",\"url\":\"https:\\\/\\\/www.visitklagenfurt.at\\\/wp-content\\\/uploads\\\/2022\\\/03\\\/DT_K_Klagenfurt_S_RGB.png\",\"contentUrl\":\"https:\\\/\\\/www.visitklagenfurt.at\\\/wp-content\\\/uploads\\\/2022\\\/03\\\/DT_K_Klagenfurt_S_RGB.png\",\"width\":2082,\"height\":1511,\"caption\":\"Tourismus Region Klagenfurt am W\u00f6rthersee GmbH\"},\"image\":{\"@id\":\"https:\\\/\\\/www.visitklagenfurt.at\\\/de\\\/#\\\/schema\\\/logo\\\/image\\\/\"}}]}<\/script>\n<!-- \/ Yoast SEO plugin. -->","yoast_head_json":{"title":"Kulturelle Sch\u00e4tze: von edlen Tropfen & edlen Recken | visitklagenfurt","robots":{"index":"index","follow":"follow","max-snippet":"max-snippet:-1","max-image-preview":"max-image-preview:large","max-video-preview":"max-video-preview:-1"},"canonical":"https:\/\/www.visitklagenfurt.at\/de\/b2b\/gruppenreisen\/kulturelle-schaetze\/","og_locale":"de_DE","og_type":"article","og_title":"Kulturelle Sch\u00e4tze: von edlen Tropfen & edlen Recken | visitklagenfurt","og_description":"Stadt-, Kultur- und Weingenuss im Herzen von K\u00e4rnten. Beim Stadtrundgang in der im Renaissancestil errichteten Landeshauptstadt, die durch ein mediterranes Flair besticht, wird auch der Wappensaal und die im Stil des phantastischen Realismus bemalte Fuchskapelle besucht. Besuchen sie das \u00e4lteste \u00f6sterreichische Freilichtmuseum in Maria Saal. Es f\u00fchrt in eine l\u00e4ngst vergessene Welt, in der in [&hellip;]","og_url":"https:\/\/www.visitklagenfurt.at\/de\/b2b\/gruppenreisen\/kulturelle-schaetze\/","og_site_name":"visitklagenfurt","article_modified_time":"2021-04-28T08:12:45+00:00","og_image":[{"width":2048,"height":1365,"url":"https:\/\/www.visitklagenfurt.at\/wp-content\/uploads\/2021\/04\/kultur_museum_wappensaal_landhaus_2015_sommer_c-gernot_gleiss_10-web1-1.jpeg","type":"image\/jpeg"}],"twitter_card":"summary_large_image","twitter_misc":{"Gesch\u00e4tzte Lesezeit":"1\u00a0Minute"},"schema":{"@context":"https:\/\/schema.org","@graph":[{"@type":"WebPage","@id":"https:\/\/www.visitklagenfurt.at\/de\/b2b\/gruppenreisen\/kulturelle-schaetze\/","url":"https:\/\/www.visitklagenfurt.at\/de\/b2b\/gruppenreisen\/kulturelle-schaetze\/","name":"Kulturelle Sch\u00e4tze: von edlen Tropfen & edlen Recken | visitklagenfurt","isPartOf":{"@id":"https:\/\/www.visitklagenfurt.at\/de\/#website"},"primaryImageOfPage":{"@id":"https:\/\/www.visitklagenfurt.at\/de\/b2b\/gruppenreisen\/kulturelle-schaetze\/#primaryimage"},"image":{"@id":"https:\/\/www.visitklagenfurt.at\/de\/b2b\/gruppenreisen\/kulturelle-schaetze\/#primaryimage"},"thumbnailUrl":"https:\/\/www.visitklagenfurt.at\/wp-content\/uploads\/2021\/04\/kultur_museum_wappensaal_landhaus_2015_sommer_c-gernot_gleiss_10-web1-1.jpeg","datePublished":"2021-04-16T15:53:30+00:00","dateModified":"2021-04-28T08:12:45+00:00","breadcrumb":{"@id":"https:\/\/www.visitklagenfurt.at\/de\/b2b\/gruppenreisen\/kulturelle-schaetze\/#breadcrumb"},"inLanguage":"de","potentialAction":[{"@type":"ReadAction","target":["https:\/\/www.visitklagenfurt.at\/de\/b2b\/gruppenreisen\/kulturelle-schaetze\/"]}]},{"@type":"ImageObject","inLanguage":"de","@id":"https:\/\/www.visitklagenfurt.at\/de\/b2b\/gruppenreisen\/kulturelle-schaetze\/#primaryimage","url":"https:\/\/www.visitklagenfurt.at\/wp-content\/uploads\/2021\/04\/kultur_museum_wappensaal_landhaus_2015_sommer_c-gernot_gleiss_10-web1-1.jpeg","contentUrl":"https:\/\/www.visitklagenfurt.at\/wp-content\/uploads\/2021\/04\/kultur_museum_wappensaal_landhaus_2015_sommer_c-gernot_gleiss_10-web1-1.jpeg","width":2048,"height":1365,"caption":"(c) Gernot Gleiss"},{"@type":"BreadcrumbList","@id":"https:\/\/www.visitklagenfurt.at\/de\/b2b\/gruppenreisen\/kulturelle-schaetze\/#breadcrumb","itemListElement":[{"@type":"ListItem","position":1,"name":"visitklagenfurt","item":"https:\/\/www.visitklagenfurt.at\/de\/"},{"@type":"ListItem","position":2,"name":"B2B","item":"https:\/\/www.visitklagenfurt.at\/de\/b2b\/"},{"@type":"ListItem","position":3,"name":"Gruppenreisen","item":"https:\/\/www.visitklagenfurt.at\/de\/b2b\/gruppenreisen\/"},{"@type":"ListItem","position":4,"name":"Kulturelle Sch\u00e4tze: von edlen Tropfen &#038; edlen Recken"}]},{"@type":"WebSite","@id":"https:\/\/www.visitklagenfurt.at\/de\/#website","url":"https:\/\/www.visitklagenfurt.at\/de\/","name":"visitklagenfurt","description":"","publisher":{"@id":"https:\/\/www.visitklagenfurt.at\/de\/#organization"},"potentialAction":[{"@type":"SearchAction","target":{"@type":"EntryPoint","urlTemplate":"https:\/\/www.visitklagenfurt.at\/de\/?s={search_term_string}"},"query-input":{"@type":"PropertyValueSpecification","valueRequired":true,"valueName":"search_term_string"}}],"inLanguage":"de"},{"@type":"Organization","@id":"https:\/\/www.visitklagenfurt.at\/de\/#organization","name":"Tourismus Region Klagenfurt am W\u00f6rthersee GmbH","url":"https:\/\/www.visitklagenfurt.at\/de\/","logo":{"@type":"ImageObject","inLanguage":"de","@id":"https:\/\/www.visitklagenfurt.at\/de\/#\/schema\/logo\/image\/","url":"https:\/\/www.visitklagenfurt.at\/wp-content\/uploads\/2022\/03\/DT_K_Klagenfurt_S_RGB.png","contentUrl":"https:\/\/www.visitklagenfurt.at\/wp-content\/uploads\/2022\/03\/DT_K_Klagenfurt_S_RGB.png","width":2082,"height":1511,"caption":"Tourismus Region Klagenfurt am W\u00f6rthersee GmbH"},"image":{"@id":"https:\/\/www.visitklagenfurt.at\/de\/#\/schema\/logo\/image\/"}}]}},"_links":{"self":[{"href":"https:\/\/www.visitklagenfurt.at\/de\/wp-json\/wp\/v2\/pages\/16664","targetHints":{"allow":["GET"]}}],"collection":[{"href":"https:\/\/www.visitklagenfurt.at\/de\/wp-json\/wp\/v2\/pages"}],"about":[{"href":"https:\/\/www.visitklagenfurt.at\/de\/wp-json\/wp\/v2\/types\/page"}],"author":[{"embeddable":true,"href":"https:\/\/www.visitklagenfurt.at\/de\/wp-json\/wp\/v2\/users\/4"}],"replies":[{"embeddable":true,"href":"https:\/\/www.visitklagenfurt.at\/de\/wp-json\/wp\/v2\/comments?post=16664"}],"version-history":[{"count":43,"href":"https:\/\/www.visitklagenfurt.at\/de\/wp-json\/wp\/v2\/pages\/16664\/revisions"}],"predecessor-version":[{"id":18743,"href":"https:\/\/www.visitklagenfurt.at\/de\/wp-json\/wp\/v2\/pages\/16664\/revisions\/18743"}],"up":[{"embeddable":true,"href":"https:\/\/www.visitklagenfurt.at\/de\/wp-json\/wp\/v2\/pages\/10187"}],"wp:featuredmedia":[{"embeddable":true,"href":"https:\/\/www.visitklagenfurt.at\/de\/wp-json\/wp\/v2\/media\/18173"}],"wp:attachment":[{"href":"https:\/\/www.visitklagenfurt.at\/de\/wp-json\/wp\/v2\/media?parent=16664"}],"wp:term":[{"taxonomy":"category","embeddable":true,"href":"https:\/\/www.visitklagenfurt.at\/de\/wp-json\/wp\/v2\/categories?post=16664"},{"taxonomy":"post_tag","embeddable":true,"href":"https:\/\/www.visitklagenfurt.at\/de\/wp-json\/wp\/v2\/tags?post=16664"},{"taxonomy":"seitentyp","embeddable":true,"href":"https:\/\/www.visitklagenfurt.at\/de\/wp-json\/wp\/v2\/seitentyp?post=16664"}],"curies":[{"name":"wp","href":"https:\/\/api.w.org\/{rel}","templated":true}]}}