{"id":33436,"date":"2022-02-09T17:29:55","date_gmt":"2022-02-09T16:29:55","guid":{"rendered":"https:\/\/www.visitklagenfurt.at\/?page_id=33436"},"modified":"2026-04-23T16:48:41","modified_gmt":"2026-04-23T14:48:41","slug":"ostern-in-klagenfurt","status":"publish","type":"page","link":"https:\/\/www.visitklagenfurt.at\/de\/ostern-in-klagenfurt\/","title":{"rendered":"Ostern in Klagenfurt am W\u00f6rthersee"},"content":{"rendered":"\t\t<div data-elementor-type=\"wp-page\" data-elementor-id=\"33436\" class=\"elementor elementor-33436\" data-elementor-post-type=\"page\">\n\t\t\t\t\t\t<section class=\"elementor-section elementor-top-section elementor-element elementor-element-445de2d elementor-section-height-min-height elementor-section-items-top elementor-section-boxed elementor-section-height-default\" data-id=\"445de2d\" data-element_type=\"section\" data-e-type=\"section\" data-settings=\"{&quot;background_background&quot;:&quot;classic&quot;}\">\n\t\t\t\t\t\t<div class=\"elementor-container elementor-column-gap-default\">\n\t\t\t\t\t<div class=\"elementor-column elementor-col-100 elementor-top-column elementor-element elementor-element-7ba11ed\" data-id=\"7ba11ed\" data-element_type=\"column\" data-e-type=\"column\">\n\t\t\t<div class=\"elementor-widget-wrap elementor-element-populated\">\n\t\t\t\t\t\t<div class=\"elementor-element elementor-element-9d1de14 elementor-hidden-desktop elementor-widget elementor-widget-image\" data-id=\"9d1de14\" data-element_type=\"widget\" data-e-type=\"widget\" data-widget_type=\"image.default\">\n\t\t\t\t<div class=\"elementor-widget-container\">\n\t\t\t\t\t\t\t\t\t\t\t\t\t\t\t<img fetchpriority=\"high\" decoding=\"async\" width=\"800\" height=\"533\" src=\"https:\/\/www.visitklagenfurt.at\/wp-content\/uploads\/2021\/06\/ostern_ostermarkt_c-pixelpoint_multimedia_9.jpeg\" class=\"attachment-large size-large wp-image-23232\" alt=\"Ostermarkt in Klagenfurt\" \/>\t\t\t\t\t\t\t\t\t\t\t\t\t\t\t<\/div>\n\t\t\t\t<\/div>\n\t\t\t\t\t<\/div>\n\t\t<\/div>\n\t\t\t\t\t<\/div>\n\t\t<\/section>\n\t\t<div class=\"elementor-element elementor-element-6512b739 e-flex e-con-boxed e-con e-parent\" data-id=\"6512b739\" data-element_type=\"container\" data-e-type=\"container\">\n\t\t\t\t\t<div class=\"e-con-inner\">\n\t\t\t\t<div class=\"elementor-element elementor-element-425adde elementor-widget elementor-widget-breadcrumbs\" data-id=\"425adde\" data-element_type=\"widget\" data-e-type=\"widget\" data-widget_type=\"breadcrumbs.default\">\n\t\t\t\t<div class=\"elementor-widget-container\">\n\t\t\t\t\t<p id=\"breadcrumbs\"><span><span><a href=\"https:\/\/www.visitklagenfurt.at\/de\/\">visitklagenfurt<\/a><\/span><\/span><\/p>\t\t\t\t<\/div>\n\t\t\t\t<\/div>\n\t\t\t\t<div class=\"elementor-element elementor-element-47d5bf86 elementor-widget elementor-widget-text-editor\" data-id=\"47d5bf86\" data-element_type=\"widget\" data-e-type=\"widget\" data-widget_type=\"text-editor.default\">\n\t\t\t\t<div class=\"elementor-widget-container\">\n\t\t\t\t\t\t\t\t\t<h3 id=\"h-14-bis-30-marz-2024\" class=\"wp-block-heading\">19. M\u00e4rz bis 04. April 2026<\/h3><p>Auf dem<strong> gr\u00f6\u00dften Ostermarkt in K\u00e4rnten <\/strong>rund um den Lindwurm am Neuen Platz, findet man alles, was das Herz vor Ostern begehrt.<\/p><p>Traditionelles und modernes <strong>Kunsthandwerk <\/strong>aus Glas, Holz und Keramik, handbemalte Ostereier und gestickte Osterdecken, Schokohasen und frisch gebackene Reindlinge, gediegene Weihk\u00f6rbe und geschmackvolle Dekorationen f\u00fcr Heim und Garten.<\/p><p>Ein attraktives <strong>Rahmenprogramm <\/strong>f\u00fcr alle Altersgruppen vom Palmbuschen binden bis zum Umzug der Ratschenkinder machen den Einkaufsbummel \u00fcber den Ostermarkt zu einem eindrucksvollen Erlebnis f\u00fcr alle Sinne.<\/p><p><script>\n  (function(d, id) {\n    if (!window.flowbox) { var f = function () { f.q.push(arguments); }; f.q = []; window.flowbox = f; }\n    if (d.getElementById(id)) {return;}\n    var s = d.createElement('script'), fjs = d.scripts[d.scripts.length - 1]; s.id = id; s.async = true;\n    s.src = 'https:\/\/connect.getflowbox.com\/flowbox.js';\n    fjs.parentNode.insertBefore(s, fjs);\n  })(document, 'flowbox-js-embed');\n<\/script><\/p><div id=\"js-flowbox-flow\">\u00a0<\/div><p><script>\n  window.flowbox('init', {\n    container: '#js-flowbox-flow',\n    key: 's-6NVAD_TRm1ohHVUI2taQ',\n    locale: 'de-AT'\n  })\n<\/script><\/p>\t\t\t\t\t\t\t\t<\/div>\n\t\t\t\t<\/div>\n\t\t\t\t\t<\/div>\n\t\t\t\t<\/div>\n\t\t\t\t<section class=\"elementor-section elementor-top-section elementor-element elementor-element-2477ce8 elementor-section-boxed elementor-section-height-default elementor-section-height-default\" data-id=\"2477ce8\" data-element_type=\"section\" data-e-type=\"section\" data-settings=\"{&quot;background_background&quot;:&quot;classic&quot;}\">\n\t\t\t\t\t\t<div class=\"elementor-container elementor-column-gap-default\">\n\t\t\t\t\t<div class=\"elementor-column elementor-col-100 elementor-top-column elementor-element elementor-element-ac6fb1d\" data-id=\"ac6fb1d\" data-element_type=\"column\" data-e-type=\"column\">\n\t\t\t<div class=\"elementor-widget-wrap elementor-element-populated\">\n\t\t\t\t\t\t<div class=\"elementor-element elementor-element-1ca38b4 elementor-grid-2 elementor-grid-tablet-1 elementor-grid-mobile-1 elementor-posts--thumbnail-top elementor-widget elementor-widget-posts\" data-id=\"1ca38b4\" data-element_type=\"widget\" data-e-type=\"widget\" data-settings=\"{&quot;classic_columns&quot;:&quot;2&quot;,&quot;classic_columns_tablet&quot;:&quot;1&quot;,&quot;pagination_type&quot;:&quot;numbers&quot;,&quot;classic_columns_mobile&quot;:&quot;1&quot;,&quot;classic_row_gap&quot;:{&quot;unit&quot;:&quot;px&quot;,&quot;size&quot;:35,&quot;sizes&quot;:[]},&quot;classic_row_gap_tablet&quot;:{&quot;unit&quot;:&quot;px&quot;,&quot;size&quot;:&quot;&quot;,&quot;sizes&quot;:[]},&quot;classic_row_gap_mobile&quot;:{&quot;unit&quot;:&quot;px&quot;,&quot;size&quot;:&quot;&quot;,&quot;sizes&quot;:[]}}\" data-widget_type=\"posts.classic\">\n\t\t\t\t<div class=\"elementor-widget-container\">\n\t\t\t\t\t\t\t<div class=\"elementor-posts-container elementor-posts elementor-posts--skin-classic elementor-grid\" role=\"list\">\n\t\t\t\t<article class=\"elementor-post elementor-grid-item post-5792 post type-post status-publish format-standard has-post-thumbnail hentry category-maerkte tag-maerkte tag-ostern\" role=\"listitem\">\n\t\t\t\t<a class=\"elementor-post__thumbnail__link\" href=\"https:\/\/www.visitklagenfurt.at\/de\/essen-und-trinken\/maerkte\/ostermarkt-klagenfurt\/\" tabindex=\"-1\" >\n\t\t\t<div class=\"elementor-post__thumbnail\"><img decoding=\"async\" width=\"768\" height=\"512\" src=\"https:\/\/www.visitklagenfurt.at\/wp-content\/uploads\/2021\/02\/ostern_ostermarkt_c-pixelpoint_multimedia_9-web2-768x512.jpeg\" class=\"attachment-medium_large size-medium_large wp-image-5795\" alt=\"Ostermarkt in Klagenfurt mit gro\u00dfem Ei\" srcset=\"https:\/\/www.visitklagenfurt.at\/wp-content\/uploads\/2021\/02\/ostern_ostermarkt_c-pixelpoint_multimedia_9-web2-768x512.jpeg 768w, https:\/\/www.visitklagenfurt.at\/wp-content\/uploads\/2021\/02\/ostern_ostermarkt_c-pixelpoint_multimedia_9-web2-300x200.jpeg 300w, https:\/\/www.visitklagenfurt.at\/wp-content\/uploads\/2021\/02\/ostern_ostermarkt_c-pixelpoint_multimedia_9-web2-1024x683.jpeg 1024w, https:\/\/www.visitklagenfurt.at\/wp-content\/uploads\/2021\/02\/ostern_ostermarkt_c-pixelpoint_multimedia_9-web2-1536x1024.jpeg 1536w, https:\/\/www.visitklagenfurt.at\/wp-content\/uploads\/2021\/02\/ostern_ostermarkt_c-pixelpoint_multimedia_9-web2.jpeg 2048w\" sizes=\"(max-width: 768px) 100vw, 768px\" \/><\/div>\n\t\t<\/a>\n\t\t\t\t<div class=\"elementor-post__text\">\n\t\t\t\t<h3 class=\"elementor-post__title\">\n\t\t\t<a href=\"https:\/\/www.visitklagenfurt.at\/de\/essen-und-trinken\/maerkte\/ostermarkt-klagenfurt\/\" >\n\t\t\t\tOstermarkt in Klagenfurt am Neuen Platz\t\t\t<\/a>\n\t\t<\/h3>\n\t\t\t\t<div class=\"elementor-post__excerpt\">\n\t\t\t<p>Der sch\u00f6nste Ostermarkt im Alpen-Adria Raum bietet allen Besuchern und G\u00e4sten aus Nah und Fern ein zauberhaftes Fr\u00fchlingsambiente mitten im Herzen der Altstadt von Klagenfurt vom 19. M\u00e4rz bis 04. April 2026.<\/p>\n\t\t<\/div>\n\t\t\n\t\t<a class=\"elementor-post__read-more\" href=\"https:\/\/www.visitklagenfurt.at\/de\/essen-und-trinken\/maerkte\/ostermarkt-klagenfurt\/\" aria-label=\"Mehr \u00fcber Ostermarkt in Klagenfurt am Neuen Platz\" tabindex=\"-1\" >\n\t\t\tMehr erfahren\t\t<\/a>\n\n\t\t\t\t<\/div>\n\t\t\t\t<\/article>\n\t\t\t\t<article class=\"elementor-post elementor-grid-item post-34919 post type-post status-publish format-standard has-post-thumbnail hentry category-kultur-festivals tag-ostern\" role=\"listitem\">\n\t\t\t\t<a class=\"elementor-post__thumbnail__link\" href=\"https:\/\/www.visitklagenfurt.at\/de\/blog\/kultur-festivals\/skurrile-osterbraeuche-in-kaernten\/\" tabindex=\"-1\" >\n\t\t\t<div class=\"elementor-post__thumbnail\"><img decoding=\"async\" width=\"768\" height=\"511\" src=\"https:\/\/www.visitklagenfurt.at\/wp-content\/uploads\/2021\/03\/Palmbuschen_cKW_Franz-Gerdl.jpg\" class=\"attachment-medium_large size-medium_large wp-image-15803\" alt=\"Palmbuschen als Einstimmung auf die Karwoche\" \/><\/div>\n\t\t<\/a>\n\t\t\t\t<div class=\"elementor-post__text\">\n\t\t\t\t<h3 class=\"elementor-post__title\">\n\t\t\t<a href=\"https:\/\/www.visitklagenfurt.at\/de\/blog\/kultur-festivals\/skurrile-osterbraeuche-in-kaernten\/\" >\n\t\t\t\t10 skurrile Osterbr\u00e4uche in K\u00e4rnten: Vom Gotensturz &#038; Eierpecken\t\t\t<\/a>\n\t\t<\/h3>\n\t\t\t\t<div class=\"elementor-post__excerpt\">\n\t\t\t<p>Osterfeuer Land auf Land ab, Palmbuschentragen oder ein deftiges Festessen nach der kargen Fastenzeit geh\u00f6ren fast im gesamten deutschsprachigen Raum zum fixen Osterprogramm. Allerdings findet man in vielen Winkeln K\u00e4rntens so manche skurrile Osterbr\u00e4uche, die dem Fest einen ganz eigenen Charakter verleihen.<\/p>\n\t\t<\/div>\n\t\t\n\t\t<a class=\"elementor-post__read-more\" href=\"https:\/\/www.visitklagenfurt.at\/de\/blog\/kultur-festivals\/skurrile-osterbraeuche-in-kaernten\/\" aria-label=\"Mehr \u00fcber 10 skurrile Osterbr\u00e4uche in K\u00e4rnten: Vom Gotensturz &#038; Eierpecken\" tabindex=\"-1\" >\n\t\t\tMehr erfahren\t\t<\/a>\n\n\t\t\t\t<\/div>\n\t\t\t\t<\/article>\n\t\t\t\t<article class=\"elementor-post elementor-grid-item post-15977 post type-post status-publish format-standard has-post-thumbnail hentry category-essen-trinken tag-essen-trinken tag-ostern\" role=\"listitem\">\n\t\t\t\t<a class=\"elementor-post__thumbnail__link\" href=\"https:\/\/www.visitklagenfurt.at\/de\/blog\/essen-trinken\/oster-gerichte-im-alpen-adria-raum\/\" tabindex=\"-1\" >\n\t\t\t<div class=\"elementor-post__thumbnail\"><img loading=\"lazy\" decoding=\"async\" width=\"768\" height=\"511\" src=\"https:\/\/www.visitklagenfurt.at\/wp-content\/uploads\/2021\/03\/Osterjause_c_Kaernten_Werbung_Michael_Seyer.jpg\" class=\"attachment-medium_large size-medium_large wp-image-14208\" alt=\"Auf einem Holzbrett ist aufgeschnitterner Schinken und andere Wurstwaren. Als Dekoration ist mittig Petersielie und zwei rote Ostereier platziert, rechts daneben ist geriebener Kren. Im Hintergrund ist ein K\u00f6rbchen mit Brot. Alles steht auf einem Tisch mit wei\u00dfer Tischdecke\" \/><\/div>\n\t\t<\/a>\n\t\t\t\t<div class=\"elementor-post__text\">\n\t\t\t\t<h3 class=\"elementor-post__title\">\n\t\t\t<a href=\"https:\/\/www.visitklagenfurt.at\/de\/blog\/essen-trinken\/oster-gerichte-im-alpen-adria-raum\/\" >\n\t\t\t\tDie besten Ostergerichte im Alpen-Adria Raum: Potica, Colomba &#038; Spinat\t\t\t<\/a>\n\t\t<\/h3>\n\t\t\t\t<div class=\"elementor-post__excerpt\">\n\t\t\t<p>Italien, Slowenien und K\u00e4rnten vereint eine lange kulinarische Tradition. Die K\u00fcchen der Alpen-Adria Region befruchten sich seit Jahrhunderten gegenseitig und tischen doch ganz besondere Eigenheiten auf. <\/p>\n\t\t<\/div>\n\t\t\n\t\t<a class=\"elementor-post__read-more\" href=\"https:\/\/www.visitklagenfurt.at\/de\/blog\/essen-trinken\/oster-gerichte-im-alpen-adria-raum\/\" aria-label=\"Mehr \u00fcber Die besten Ostergerichte im Alpen-Adria Raum: Potica, Colomba &#038; Spinat\" tabindex=\"-1\" >\n\t\t\tMehr erfahren\t\t<\/a>\n\n\t\t\t\t<\/div>\n\t\t\t\t<\/article>\n\t\t\t\t<article class=\"elementor-post elementor-grid-item post-15782 post type-post status-publish format-standard has-post-thumbnail hentry category-kultur-festivals tag-ostern\" role=\"listitem\">\n\t\t\t\t<a class=\"elementor-post__thumbnail__link\" href=\"https:\/\/www.visitklagenfurt.at\/de\/blog\/kultur-festivals\/ostern-und-osterwoche-klagenfurt\/\" tabindex=\"-1\" >\n\t\t\t<div class=\"elementor-post__thumbnail\"><img loading=\"lazy\" decoding=\"async\" width=\"768\" height=\"512\" src=\"https:\/\/www.visitklagenfurt.at\/wp-content\/uploads\/2021\/03\/Osterkorb_cKW_martin-steinthaler_tinefoto.com_.jpg\" class=\"attachment-medium_large size-medium_large wp-image-15794\" alt=\"Jede Menge Osterk\u00f6rbe\" \/><\/div>\n\t\t<\/a>\n\t\t\t\t<div class=\"elementor-post__text\">\n\t\t\t\t<h3 class=\"elementor-post__title\">\n\t\t\t<a href=\"https:\/\/www.visitklagenfurt.at\/de\/blog\/kultur-festivals\/ostern-und-osterwoche-klagenfurt\/\" >\n\t\t\t\tOstern in Klagenfurt am W\u00f6rthersee: Br\u00e4uche, Sitten &#038; Kulinarik\t\t\t<\/a>\n\t\t<\/h3>\n\t\t\t\t<div class=\"elementor-post__excerpt\">\n\t\t\t<p>Kein anderes Bundesland \u00d6sterreichs feiert Ostern so besonders und ausgiebig wie K\u00e4rnten. Auf welche typischen Br\u00e4uche man dabei st\u00f6\u00dft und was es sonst nirgendwo anders gibt, verraten Kenner der heimischen Tradition wie Food-Bloggerin Tici Kaspar. <\/p>\n\t\t<\/div>\n\t\t\n\t\t<a class=\"elementor-post__read-more\" href=\"https:\/\/www.visitklagenfurt.at\/de\/blog\/kultur-festivals\/ostern-und-osterwoche-klagenfurt\/\" aria-label=\"Mehr \u00fcber Ostern in Klagenfurt am W\u00f6rthersee: Br\u00e4uche, Sitten &#038; Kulinarik\" tabindex=\"-1\" >\n\t\t\tMehr erfahren\t\t<\/a>\n\n\t\t\t\t<\/div>\n\t\t\t\t<\/article>\n\t\t\t\t<\/div>\n\t\t\n\t\t\t\t\t\t<\/div>\n\t\t\t\t<\/div>\n\t\t\t\t\t<\/div>\n\t\t<\/div>\n\t\t\t\t\t<\/div>\n\t\t<\/section>\n\t\t<div class=\"elementor-element elementor-element-5b85a01 e-flex e-con-boxed e-con e-parent\" data-id=\"5b85a01\" data-element_type=\"container\" data-e-type=\"container\" data-settings=\"{&quot;background_background&quot;:&quot;classic&quot;}\">\n\t\t\t\t\t<div class=\"e-con-inner\">\n\t\t<div class=\"elementor-element elementor-element-77dcdf4 e-con-full e-flex e-con e-child\" data-id=\"77dcdf4\" data-element_type=\"container\" data-e-type=\"container\" data-settings=\"{&quot;background_background&quot;:&quot;classic&quot;}\">\n\t\t\t\t<div class=\"elementor-element elementor-element-c589cac elementor-widget elementor-widget-spacer\" data-id=\"c589cac\" data-element_type=\"widget\" data-e-type=\"widget\" data-widget_type=\"spacer.default\">\n\t\t\t\t<div class=\"elementor-widget-container\">\n\t\t\t\t\t\t\t<div class=\"elementor-spacer\">\n\t\t\t<div class=\"elementor-spacer-inner\"><\/div>\n\t\t<\/div>\n\t\t\t\t\t\t<\/div>\n\t\t\t\t<\/div>\n\t\t\t\t<\/div>\n\t\t<div class=\"elementor-element elementor-element-2476084 e-con-full e-flex e-con e-child\" data-id=\"2476084\" data-element_type=\"container\" data-e-type=\"container\">\n\t\t\t\t<div class=\"elementor-element elementor-element-078c03a elementor-widget elementor-widget-heading\" data-id=\"078c03a\" data-element_type=\"widget\" data-e-type=\"widget\" data-widget_type=\"heading.default\">\n\t\t\t\t<div class=\"elementor-widget-container\">\n\t\t\t\t\t<h2 class=\"elementor-heading-title elementor-size-default\">Fr\u00fchlingszeit und Ostermarkt<\/h2>\t\t\t\t<\/div>\n\t\t\t\t<\/div>\n\t\t\t\t<div class=\"elementor-element elementor-element-717dc90 elementor-widget elementor-widget-heading\" data-id=\"717dc90\" data-element_type=\"widget\" data-e-type=\"widget\" data-widget_type=\"heading.default\">\n\t\t\t\t<div class=\"elementor-widget-container\">\n\t\t\t\t\t<p class=\"elementor-heading-title elementor-size-default\">Stadt &amp; W\u00f6rthersee: Klagenfurt entdecken<\/p>\t\t\t\t<\/div>\n\t\t\t\t<\/div>\n\t\t\t\t<div class=\"elementor-element elementor-element-6116700 elementor-widget elementor-widget-spacer\" data-id=\"6116700\" data-element_type=\"widget\" data-e-type=\"widget\" data-widget_type=\"spacer.default\">\n\t\t\t\t<div class=\"elementor-widget-container\">\n\t\t\t\t\t\t\t<div class=\"elementor-spacer\">\n\t\t\t<div class=\"elementor-spacer-inner\"><\/div>\n\t\t<\/div>\n\t\t\t\t\t\t<\/div>\n\t\t\t\t<\/div>\n\t\t\t\t<div class=\"elementor-element elementor-element-1b5a12a elementor-widget elementor-widget-heading\" data-id=\"1b5a12a\" data-element_type=\"widget\" data-e-type=\"widget\" data-widget_type=\"heading.default\">\n\t\t\t\t<div class=\"elementor-widget-container\">\n\t\t\t\t\t<p class=\"elementor-heading-title elementor-size-default\">ab 2 \u00dcbernachtungen mit Fr\u00fchst\u00fcck in der gebuchten Kategorie<\/p>\t\t\t\t<\/div>\n\t\t\t\t<\/div>\n\t\t\t\t<div class=\"elementor-element elementor-element-7674700 elementor-widget elementor-widget-spacer\" data-id=\"7674700\" data-element_type=\"widget\" data-e-type=\"widget\" data-widget_type=\"spacer.default\">\n\t\t\t\t<div class=\"elementor-widget-container\">\n\t\t\t\t\t\t\t<div class=\"elementor-spacer\">\n\t\t\t<div class=\"elementor-spacer-inner\"><\/div>\n\t\t<\/div>\n\t\t\t\t\t\t<\/div>\n\t\t\t\t<\/div>\n\t\t\t\t<div class=\"elementor-element elementor-element-448de55 elementor-align-start elementor-icon-list--layout-traditional elementor-list-item-link-full_width elementor-widget elementor-widget-icon-list\" data-id=\"448de55\" data-element_type=\"widget\" data-e-type=\"widget\" data-widget_type=\"icon-list.default\">\n\t\t\t\t<div class=\"elementor-widget-container\">\n\t\t\t\t\t\t\t<ul class=\"elementor-icon-list-items\">\n\t\t\t\t\t\t\t<li class=\"elementor-icon-list-item\">\n\t\t\t\t\t\t\t\t\t\t\t<span class=\"elementor-icon-list-icon\">\n\t\t\t\t\t\t\t<svg aria-hidden=\"true\" class=\"e-font-icon-svg e-fas-check\" viewBox=\"0 0 512 512\" xmlns=\"http:\/\/www.w3.org\/2000\/svg\"><path d=\"M173.898 439.404l-166.4-166.4c-9.997-9.997-9.997-26.206 0-36.204l36.203-36.204c9.997-9.998 26.207-9.998 36.204 0L192 312.69 432.095 72.596c9.997-9.997 26.207-9.997 36.204 0l36.203 36.204c9.997 9.997 9.997 26.206 0 36.204l-294.4 294.401c-9.998 9.997-26.207 9.997-36.204-.001z\"><\/path><\/svg>\t\t\t\t\t\t<\/span>\n\t\t\t\t\t\t\t\t\t\t<span class=\"elementor-icon-list-text\">Altstadtwanderung in Klagenfurt mit einem Austrian Guide<\/span>\n\t\t\t\t\t\t\t\t\t<\/li>\n\t\t\t\t\t\t\t\t<li class=\"elementor-icon-list-item\">\n\t\t\t\t\t\t\t\t\t\t\t<span class=\"elementor-icon-list-icon\">\n\t\t\t\t\t\t\t<svg aria-hidden=\"true\" class=\"e-font-icon-svg e-fas-check\" viewBox=\"0 0 512 512\" xmlns=\"http:\/\/www.w3.org\/2000\/svg\"><path d=\"M173.898 439.404l-166.4-166.4c-9.997-9.997-9.997-26.206 0-36.204l36.203-36.204c9.997-9.998 26.207-9.998 36.204 0L192 312.69 432.095 72.596c9.997-9.997 26.207-9.997 36.204 0l36.203 36.204c9.997 9.997 9.997 26.206 0 36.204l-294.4 294.401c-9.998 9.997-26.207 9.997-36.204-.001z\"><\/path><\/svg>\t\t\t\t\t\t<\/span>\n\t\t\t\t\t\t\t\t\t\t<span class=\"elementor-icon-list-text\">Oster\u00fcberraschung<\/span>\n\t\t\t\t\t\t\t\t\t<\/li>\n\t\t\t\t\t\t\t\t<li class=\"elementor-icon-list-item\">\n\t\t\t\t\t\t\t\t\t\t\t<span class=\"elementor-icon-list-icon\">\n\t\t\t\t\t\t\t<svg aria-hidden=\"true\" class=\"e-font-icon-svg e-fas-check\" viewBox=\"0 0 512 512\" xmlns=\"http:\/\/www.w3.org\/2000\/svg\"><path d=\"M173.898 439.404l-166.4-166.4c-9.997-9.997-9.997-26.206 0-36.204l36.203-36.204c9.997-9.998 26.207-9.998 36.204 0L192 312.69 432.095 72.596c9.997-9.997 26.207-9.997 36.204 0l36.203 36.204c9.997 9.997 9.997 26.206 0 36.204l-294.4 294.401c-9.998 9.997-26.207 9.997-36.204-.001z\"><\/path><\/svg>\t\t\t\t\t\t<\/span>\n\t\t\t\t\t\t\t\t\t\t<span class=\"elementor-icon-list-text\">W\u00f6rthersee Plus Card<\/span>\n\t\t\t\t\t\t\t\t\t<\/li>\n\t\t\t\t\t\t<\/ul>\n\t\t\t\t\t\t<\/div>\n\t\t\t\t<\/div>\n\t\t\t\t<div class=\"elementor-element elementor-element-43f2d72 elementor-widget elementor-widget-spacer\" data-id=\"43f2d72\" data-element_type=\"widget\" data-e-type=\"widget\" data-widget_type=\"spacer.default\">\n\t\t\t\t<div class=\"elementor-widget-container\">\n\t\t\t\t\t\t\t<div class=\"elementor-spacer\">\n\t\t\t<div class=\"elementor-spacer-inner\"><\/div>\n\t\t<\/div>\n\t\t\t\t\t\t<\/div>\n\t\t\t\t<\/div>\n\t\t\t\t<div class=\"elementor-element elementor-element-20df68b elementor-align-left elementor-widget elementor-widget-button\" data-id=\"20df68b\" data-element_type=\"widget\" data-e-type=\"widget\" data-widget_type=\"button.default\">\n\t\t\t\t<div class=\"elementor-widget-container\">\n\t\t\t\t\t\t\t\t\t<div class=\"elementor-button-wrapper\">\n\t\t\t\t\t<a class=\"elementor-button elementor-button-link elementor-size-sm\" href=\"https:\/\/www.visitklagenfurt.at\/de\/pauschalen\/#\/spezialangebote\/KTN\/3d909ae4-efd6-41c3-8daa-5a80a7bbde91\/fruehlingszeit-und-ostermarkt\">\n\t\t\t\t\t\t<span class=\"elementor-button-content-wrapper\">\n\t\t\t\t\t\t\t\t\t<span class=\"elementor-button-text\">Jetzt Buchen<\/span>\n\t\t\t\t\t<\/span>\n\t\t\t\t\t<\/a>\n\t\t\t\t<\/div>\n\t\t\t\t\t\t\t\t<\/div>\n\t\t\t\t<\/div>\n\t\t\t\t<div class=\"elementor-element elementor-element-de77d7f elementor-align-left elementor-widget elementor-widget-button\" data-id=\"de77d7f\" data-element_type=\"widget\" data-e-type=\"widget\" data-widget_type=\"button.default\">\n\t\t\t\t<div class=\"elementor-widget-container\">\n\t\t\t\t\t\t\t\t\t<div class=\"elementor-button-wrapper\">\n\t\t\t\t\t<a class=\"elementor-button elementor-button-link elementor-size-sm\" href=\"https:\/\/www.visitklagenfurt.at\/de\/services\/oeffnungszeiten-und-kontakt\/\">\n\t\t\t\t\t\t<span class=\"elementor-button-content-wrapper\">\n\t\t\t\t\t\t\t\t\t<span class=\"elementor-button-text\">Anfragen<\/span>\n\t\t\t\t\t<\/span>\n\t\t\t\t\t<\/a>\n\t\t\t\t<\/div>\n\t\t\t\t\t\t\t\t<\/div>\n\t\t\t\t<\/div>\n\t\t\t\t<\/div>\n\t\t\t\t\t<\/div>\n\t\t\t\t<\/div>\n\t\t<div class=\"elementor-element elementor-element-e3456f9 e-flex e-con-boxed e-con e-parent\" data-id=\"e3456f9\" data-element_type=\"container\" data-e-type=\"container\">\n\t\t\t\t\t<div class=\"e-con-inner\">\n\t\t\t\t<div class=\"elementor-element elementor-element-524e35d elementor-widget elementor-widget-heading\" data-id=\"524e35d\" data-element_type=\"widget\" data-e-type=\"widget\" data-widget_type=\"heading.default\">\n\t\t\t\t<div class=\"elementor-widget-container\">\n\t\t\t\t\t<h2 class=\"elementor-heading-title elementor-size-default\">Veranstaltungen<\/h2>\t\t\t\t<\/div>\n\t\t\t\t<\/div>\n\t\t\t\t<div class=\"elementor-element elementor-element-d911cc0 elementor-widget elementor-widget-html\" data-id=\"d911cc0\" data-element_type=\"widget\" data-e-type=\"widget\" data-widget_type=\"html.default\">\n\t\t\t\t<div class=\"elementor-widget-container\">\n\t\t\t\t\t<datacycle-widget widget-identifier=\"trkaw\/collection\" version=\"3\" widget-type=\"collection\" api-endpoint=\"56716753-9134-42ad-88fc-4e3bcdd2e450\" api-page-size=\"24\" language=\"de\" locale=\"de\" show-widget-footer=\"false\" detail-view=\"true\" focus-mode=\"false\" crop-image=\"true\" use-main-heading=\"false\" render-type=\"grid\" filter-style=\"simplified\" header-position=\"block\" show-tags=\"none\" fulltext-search=\"true\" date-search=\"false\" concept-scheme-filter-ids=\"d8e09526-de98-443c-ad52-9792b54103fe\" concepts-show-count-with-subtree=\"true\" include-empty-concepts=\"true\" sort-concepts-alphabetically=\"false\" show-nested-geo-objects-detail-map=\"true\" display-item-url-as-qr-code=\"false\" event-perimeter-filter=\"false\" select-place-to-display=\"location\" show-near-by-items=\"false\" show-last-level-of-concepts=\"false\" show-opening-status=\"false\" map-icon-size=\"20\" ><\/datacycle-widget> <script type=\"module\" src=\"https:\/\/widgets.visitklagenfurt.at\/collection\/assets\/widget.js\" defer><\/script>\n<style>\n    .dc-widget-header { display: none !important; }\n<\/style>\t\t\t\t<\/div>\n\t\t\t\t<\/div>\n\t\t\t\t<div class=\"elementor-element elementor-element-5b40c2f elementor-widget elementor-widget-html\" data-id=\"5b40c2f\" data-element_type=\"widget\" data-e-type=\"widget\" data-widget_type=\"html.default\">\n\t\t\t\t<div class=\"elementor-widget-container\">\n\t\t\t\t\t<div style=\"position:relative;height:800px;width:100%\"> <div class=\"brlbs-cmpnt-container brlbs-cmpnt-content-blocker brlbs-cmpnt-with-individual-styles\" data-borlabs-cookie-content-blocker-id=\"issuu\" data-borlabs-cookie-content=\"PGlmcmFtZSB0aXRsZT0iT3N0ZXJtYXJrdCBpbiBLbGFnZW5mdXJ0IGFtIFfDtnJ0aGVyc2VlIiBhbGxvdz0iY2xpcGJvYXJkLXdyaXRlIiBzYW5kYm94PSJhbGxvdy10b3AtbmF2aWdhdGlvbiBhbGxvdy10b3AtbmF2aWdhdGlvbi1ieS11c2VyLWFjdGl2YXRpb24gYWxsb3ctZG93bmxvYWRzIGFsbG93LXNjcmlwdHMgYWxsb3ctc2FtZS1vcmlnaW4gYWxsb3ctcG9wdXBzIGFsbG93LW1vZGFscyBhbGxvdy1wb3B1cHMtdG8tZXNjYXBlLXNhbmRib3ggYWxsb3ctZm9ybXMiIGFsbG93ZnVsbHNjcmVlbj0idHJ1ZSIgc3R5bGU9InBvc2l0aW9uOmFic29sdXRlO2JvcmRlcjpub25lO3dpZHRoOjEwMCU7aGVpZ2h0OjEwMCU7bGVmdDowO3JpZ2h0OjA7dG9wOjA7Ym90dG9tOjA7IiBzcmM9Imh0dHBzOi8vZS5pc3N1dS5jb20vZW1iZWQuaHRtbD9iYWNrZ3JvdW5kQ29sb3I9JTIzZmZmZiZkPTIwMjItYnJvc2NoX3JlLW9zdGVybi1maW5hbCZoaWRlSXNzdXVMb2dvPXRydWUmdGhlbWVTZWNvbmRhcnlDb2xvcj0mdT12aXNpdGtsYWdlbmZ1cnQiPjwvaWZyYW1lPg==\"><div class=\"brlbs-cmpnt-cb-preset-a\"> <p class=\"brlbs-cmpnt-cb-description\">Sie sehen gerade einen Platzhalterinhalt von <strong>Issuu<\/strong>. Um auf den eigentlichen Inhalt zuzugreifen, klicken Sie auf den Button unten. Bitte beachten Sie, dass dabei Daten an Drittanbieter weitergegeben werden.<\/p> <div class=\"brlbs-cmpnt-cb-buttons\"> <a class=\"brlbs-cmpnt-cb-btn\" href=\"#\" data-borlabs-cookie-unblock role=\"button\">Inhalt entsperren<\/a> <a class=\"brlbs-cmpnt-cb-btn\" href=\"#\" data-borlabs-cookie-accept-service role=\"button\" style=\"display: inherit\">Erforderlichen Service akzeptieren und Inhalte entsperren<\/a> <\/div> <a class=\"brlbs-cmpnt-cb-provider-toggle\" href=\"#\" data-borlabs-cookie-show-provider-information role=\"button\">Weitere Informationen<\/a> <\/div><\/div><\/div>\t\t\t\t<\/div>\n\t\t\t\t<\/div>\n\t\t\t\t\t<\/div>\n\t\t\t\t<\/div>\n\t\t\t\t<\/div>\n\t\t","protected":false},"excerpt":{"rendered":"<p>19. M\u00e4rz bis 04. April 2026 Auf dem gr\u00f6\u00dften Ostermarkt in K\u00e4rnten rund um den Lindwurm am Neuen Platz, findet man alles, was das Herz vor Ostern begehrt. Traditionelles und modernes Kunsthandwerk aus Glas, Holz und Keramik, handbemalte Ostereier und gestickte Osterdecken, Schokohasen und frisch gebackene Reindlinge, gediegene Weihk\u00f6rbe und geschmackvolle Dekorationen f\u00fcr Heim und [&hellip;]<\/p>\n","protected":false},"author":31,"featured_media":23232,"parent":0,"menu_order":0,"comment_status":"closed","ping_status":"closed","template":"elementor_header_footer","meta":{"footnotes":""},"categories":[],"tags":[637],"seitentyp":[],"class_list":["post-33436","page","type-page","status-publish","has-post-thumbnail","hentry","tag-ostern"],"yoast_head":"<!-- This site is optimized with the Yoast SEO plugin v27.5 - https:\/\/yoast.com\/product\/yoast-seo-wordpress\/ -->\n<title>Ostern in Klagenfurt am W\u00f6rthersee: Highlights | visitklagenfurt<\/title>\n<meta name=\"description\" content=\"Verbringen Sie Ostern in Klagenfurt! Erfahren Sie hier mehr zu traditionellen Sitten und Br\u00e4uchen sowie Veranstaltungen in der Osterwoche.\" \/>\n<meta name=\"robots\" content=\"index, follow, max-snippet:-1, max-image-preview:large, max-video-preview:-1\" \/>\n<link rel=\"canonical\" href=\"https:\/\/www.visitklagenfurt.at\/de\/ostern-in-klagenfurt\/\" \/>\n<meta property=\"og:locale\" content=\"de_DE\" \/>\n<meta property=\"og:type\" content=\"article\" \/>\n<meta property=\"og:title\" content=\"Ostern in Klagenfurt am W\u00f6rthersee: Highlights | visitklagenfurt\" \/>\n<meta property=\"og:description\" content=\"Verbringen Sie Ostern in Klagenfurt! Erfahren Sie hier mehr zu traditionellen Sitten und Br\u00e4uchen sowie Veranstaltungen in der Osterwoche.\" \/>\n<meta property=\"og:url\" content=\"https:\/\/www.visitklagenfurt.at\/de\/ostern-in-klagenfurt\/\" \/>\n<meta property=\"og:site_name\" content=\"visitklagenfurt\" \/>\n<meta property=\"article:modified_time\" content=\"2026-04-23T14:48:41+00:00\" \/>\n<meta property=\"og:image\" content=\"https:\/\/www.visitklagenfurt.at\/wp-content\/uploads\/2021\/06\/ostern_ostermarkt_c-pixelpoint_multimedia_9.jpeg\" \/>\n\t<meta property=\"og:image:width\" content=\"2048\" \/>\n\t<meta property=\"og:image:height\" content=\"1365\" \/>\n\t<meta property=\"og:image:type\" content=\"image\/jpeg\" \/>\n<meta name=\"twitter:card\" content=\"summary_large_image\" \/>\n<meta name=\"twitter:label1\" content=\"Gesch\u00e4tzte Lesezeit\" \/>\n\t<meta name=\"twitter:data1\" content=\"13\u00a0Minuten\" \/>\n<script type=\"application\/ld+json\" class=\"yoast-schema-graph\">{\"@context\":\"https:\\\/\\\/schema.org\",\"@graph\":[{\"@type\":\"WebPage\",\"@id\":\"https:\\\/\\\/www.visitklagenfurt.at\\\/de\\\/ostern-in-klagenfurt\\\/\",\"url\":\"https:\\\/\\\/www.visitklagenfurt.at\\\/de\\\/ostern-in-klagenfurt\\\/\",\"name\":\"Ostern in Klagenfurt am W\u00f6rthersee: Highlights | visitklagenfurt\",\"isPartOf\":{\"@id\":\"https:\\\/\\\/www.visitklagenfurt.at\\\/de\\\/#website\"},\"primaryImageOfPage\":{\"@id\":\"https:\\\/\\\/www.visitklagenfurt.at\\\/de\\\/ostern-in-klagenfurt\\\/#primaryimage\"},\"image\":{\"@id\":\"https:\\\/\\\/www.visitklagenfurt.at\\\/de\\\/ostern-in-klagenfurt\\\/#primaryimage\"},\"thumbnailUrl\":\"https:\\\/\\\/www.visitklagenfurt.at\\\/wp-content\\\/uploads\\\/2021\\\/06\\\/ostern_ostermarkt_c-pixelpoint_multimedia_9.jpeg\",\"datePublished\":\"2022-02-09T16:29:55+00:00\",\"dateModified\":\"2026-04-23T14:48:41+00:00\",\"description\":\"Verbringen Sie Ostern in Klagenfurt! Erfahren Sie hier mehr zu traditionellen Sitten und Br\u00e4uchen sowie Veranstaltungen in der Osterwoche.\",\"breadcrumb\":{\"@id\":\"https:\\\/\\\/www.visitklagenfurt.at\\\/de\\\/ostern-in-klagenfurt\\\/#breadcrumb\"},\"inLanguage\":\"de\",\"potentialAction\":[{\"@type\":\"ReadAction\",\"target\":[\"https:\\\/\\\/www.visitklagenfurt.at\\\/de\\\/ostern-in-klagenfurt\\\/\"]}]},{\"@type\":\"ImageObject\",\"inLanguage\":\"de\",\"@id\":\"https:\\\/\\\/www.visitklagenfurt.at\\\/de\\\/ostern-in-klagenfurt\\\/#primaryimage\",\"url\":\"https:\\\/\\\/www.visitklagenfurt.at\\\/wp-content\\\/uploads\\\/2021\\\/06\\\/ostern_ostermarkt_c-pixelpoint_multimedia_9.jpeg\",\"contentUrl\":\"https:\\\/\\\/www.visitklagenfurt.at\\\/wp-content\\\/uploads\\\/2021\\\/06\\\/ostern_ostermarkt_c-pixelpoint_multimedia_9.jpeg\",\"width\":2048,\"height\":1365,\"caption\":\"(c) Pixelpoint Multimedia\"},{\"@type\":\"BreadcrumbList\",\"@id\":\"https:\\\/\\\/www.visitklagenfurt.at\\\/de\\\/ostern-in-klagenfurt\\\/#breadcrumb\",\"itemListElement\":[{\"@type\":\"ListItem\",\"position\":1,\"name\":\"visitklagenfurt\",\"item\":\"https:\\\/\\\/www.visitklagenfurt.at\\\/de\\\/\"},{\"@type\":\"ListItem\",\"position\":2,\"name\":\"Ostern in Klagenfurt am W\u00f6rthersee\"}]},{\"@type\":\"WebSite\",\"@id\":\"https:\\\/\\\/www.visitklagenfurt.at\\\/de\\\/#website\",\"url\":\"https:\\\/\\\/www.visitklagenfurt.at\\\/de\\\/\",\"name\":\"visitklagenfurt\",\"description\":\"\",\"publisher\":{\"@id\":\"https:\\\/\\\/www.visitklagenfurt.at\\\/de\\\/#organization\"},\"potentialAction\":[{\"@type\":\"SearchAction\",\"target\":{\"@type\":\"EntryPoint\",\"urlTemplate\":\"https:\\\/\\\/www.visitklagenfurt.at\\\/de\\\/?s={search_term_string}\"},\"query-input\":{\"@type\":\"PropertyValueSpecification\",\"valueRequired\":true,\"valueName\":\"search_term_string\"}}],\"inLanguage\":\"de\"},{\"@type\":\"Organization\",\"@id\":\"https:\\\/\\\/www.visitklagenfurt.at\\\/de\\\/#organization\",\"name\":\"Tourismus Region Klagenfurt am W\u00f6rthersee GmbH\",\"url\":\"https:\\\/\\\/www.visitklagenfurt.at\\\/de\\\/\",\"logo\":{\"@type\":\"ImageObject\",\"inLanguage\":\"de\",\"@id\":\"https:\\\/\\\/www.visitklagenfurt.at\\\/de\\\/#\\\/schema\\\/logo\\\/image\\\/\",\"url\":\"https:\\\/\\\/www.visitklagenfurt.at\\\/wp-content\\\/uploads\\\/2022\\\/03\\\/DT_K_Klagenfurt_S_RGB.png\",\"contentUrl\":\"https:\\\/\\\/www.visitklagenfurt.at\\\/wp-content\\\/uploads\\\/2022\\\/03\\\/DT_K_Klagenfurt_S_RGB.png\",\"width\":2082,\"height\":1511,\"caption\":\"Tourismus Region Klagenfurt am W\u00f6rthersee GmbH\"},\"image\":{\"@id\":\"https:\\\/\\\/www.visitklagenfurt.at\\\/de\\\/#\\\/schema\\\/logo\\\/image\\\/\"}}]}<\/script>\n<!-- \/ Yoast SEO plugin. -->","yoast_head_json":{"title":"Ostern in Klagenfurt am W\u00f6rthersee: Highlights | visitklagenfurt","description":"Verbringen Sie Ostern in Klagenfurt! Erfahren Sie hier mehr zu traditionellen Sitten und Br\u00e4uchen sowie Veranstaltungen in der Osterwoche.","robots":{"index":"index","follow":"follow","max-snippet":"max-snippet:-1","max-image-preview":"max-image-preview:large","max-video-preview":"max-video-preview:-1"},"canonical":"https:\/\/www.visitklagenfurt.at\/de\/ostern-in-klagenfurt\/","og_locale":"de_DE","og_type":"article","og_title":"Ostern in Klagenfurt am W\u00f6rthersee: Highlights | visitklagenfurt","og_description":"Verbringen Sie Ostern in Klagenfurt! Erfahren Sie hier mehr zu traditionellen Sitten und Br\u00e4uchen sowie Veranstaltungen in der Osterwoche.","og_url":"https:\/\/www.visitklagenfurt.at\/de\/ostern-in-klagenfurt\/","og_site_name":"visitklagenfurt","article_modified_time":"2026-04-23T14:48:41+00:00","og_image":[{"width":2048,"height":1365,"url":"https:\/\/www.visitklagenfurt.at\/wp-content\/uploads\/2021\/06\/ostern_ostermarkt_c-pixelpoint_multimedia_9.jpeg","type":"image\/jpeg"}],"twitter_card":"summary_large_image","twitter_misc":{"Gesch\u00e4tzte Lesezeit":"13\u00a0Minuten"},"schema":{"@context":"https:\/\/schema.org","@graph":[{"@type":"WebPage","@id":"https:\/\/www.visitklagenfurt.at\/de\/ostern-in-klagenfurt\/","url":"https:\/\/www.visitklagenfurt.at\/de\/ostern-in-klagenfurt\/","name":"Ostern in Klagenfurt am W\u00f6rthersee: Highlights | visitklagenfurt","isPartOf":{"@id":"https:\/\/www.visitklagenfurt.at\/de\/#website"},"primaryImageOfPage":{"@id":"https:\/\/www.visitklagenfurt.at\/de\/ostern-in-klagenfurt\/#primaryimage"},"image":{"@id":"https:\/\/www.visitklagenfurt.at\/de\/ostern-in-klagenfurt\/#primaryimage"},"thumbnailUrl":"https:\/\/www.visitklagenfurt.at\/wp-content\/uploads\/2021\/06\/ostern_ostermarkt_c-pixelpoint_multimedia_9.jpeg","datePublished":"2022-02-09T16:29:55+00:00","dateModified":"2026-04-23T14:48:41+00:00","description":"Verbringen Sie Ostern in Klagenfurt! Erfahren Sie hier mehr zu traditionellen Sitten und Br\u00e4uchen sowie Veranstaltungen in der Osterwoche.","breadcrumb":{"@id":"https:\/\/www.visitklagenfurt.at\/de\/ostern-in-klagenfurt\/#breadcrumb"},"inLanguage":"de","potentialAction":[{"@type":"ReadAction","target":["https:\/\/www.visitklagenfurt.at\/de\/ostern-in-klagenfurt\/"]}]},{"@type":"ImageObject","inLanguage":"de","@id":"https:\/\/www.visitklagenfurt.at\/de\/ostern-in-klagenfurt\/#primaryimage","url":"https:\/\/www.visitklagenfurt.at\/wp-content\/uploads\/2021\/06\/ostern_ostermarkt_c-pixelpoint_multimedia_9.jpeg","contentUrl":"https:\/\/www.visitklagenfurt.at\/wp-content\/uploads\/2021\/06\/ostern_ostermarkt_c-pixelpoint_multimedia_9.jpeg","width":2048,"height":1365,"caption":"(c) Pixelpoint Multimedia"},{"@type":"BreadcrumbList","@id":"https:\/\/www.visitklagenfurt.at\/de\/ostern-in-klagenfurt\/#breadcrumb","itemListElement":[{"@type":"ListItem","position":1,"name":"visitklagenfurt","item":"https:\/\/www.visitklagenfurt.at\/de\/"},{"@type":"ListItem","position":2,"name":"Ostern in Klagenfurt am W\u00f6rthersee"}]},{"@type":"WebSite","@id":"https:\/\/www.visitklagenfurt.at\/de\/#website","url":"https:\/\/www.visitklagenfurt.at\/de\/","name":"visitklagenfurt","description":"","publisher":{"@id":"https:\/\/www.visitklagenfurt.at\/de\/#organization"},"potentialAction":[{"@type":"SearchAction","target":{"@type":"EntryPoint","urlTemplate":"https:\/\/www.visitklagenfurt.at\/de\/?s={search_term_string}"},"query-input":{"@type":"PropertyValueSpecification","valueRequired":true,"valueName":"search_term_string"}}],"inLanguage":"de"},{"@type":"Organization","@id":"https:\/\/www.visitklagenfurt.at\/de\/#organization","name":"Tourismus Region Klagenfurt am W\u00f6rthersee GmbH","url":"https:\/\/www.visitklagenfurt.at\/de\/","logo":{"@type":"ImageObject","inLanguage":"de","@id":"https:\/\/www.visitklagenfurt.at\/de\/#\/schema\/logo\/image\/","url":"https:\/\/www.visitklagenfurt.at\/wp-content\/uploads\/2022\/03\/DT_K_Klagenfurt_S_RGB.png","contentUrl":"https:\/\/www.visitklagenfurt.at\/wp-content\/uploads\/2022\/03\/DT_K_Klagenfurt_S_RGB.png","width":2082,"height":1511,"caption":"Tourismus Region Klagenfurt am W\u00f6rthersee GmbH"},"image":{"@id":"https:\/\/www.visitklagenfurt.at\/de\/#\/schema\/logo\/image\/"}}]}},"_links":{"self":[{"href":"https:\/\/www.visitklagenfurt.at\/de\/wp-json\/wp\/v2\/pages\/33436","targetHints":{"allow":["GET"]}}],"collection":[{"href":"https:\/\/www.visitklagenfurt.at\/de\/wp-json\/wp\/v2\/pages"}],"about":[{"href":"https:\/\/www.visitklagenfurt.at\/de\/wp-json\/wp\/v2\/types\/page"}],"author":[{"embeddable":true,"href":"https:\/\/www.visitklagenfurt.at\/de\/wp-json\/wp\/v2\/users\/31"}],"replies":[{"embeddable":true,"href":"https:\/\/www.visitklagenfurt.at\/de\/wp-json\/wp\/v2\/comments?post=33436"}],"version-history":[{"count":107,"href":"https:\/\/www.visitklagenfurt.at\/de\/wp-json\/wp\/v2\/pages\/33436\/revisions"}],"predecessor-version":[{"id":78271,"href":"https:\/\/www.visitklagenfurt.at\/de\/wp-json\/wp\/v2\/pages\/33436\/revisions\/78271"}],"wp:featuredmedia":[{"embeddable":true,"href":"https:\/\/www.visitklagenfurt.at\/de\/wp-json\/wp\/v2\/media\/23232"}],"wp:attachment":[{"href":"https:\/\/www.visitklagenfurt.at\/de\/wp-json\/wp\/v2\/media?parent=33436"}],"wp:term":[{"taxonomy":"category","embeddable":true,"href":"https:\/\/www.visitklagenfurt.at\/de\/wp-json\/wp\/v2\/categories?post=33436"},{"taxonomy":"post_tag","embeddable":true,"href":"https:\/\/www.visitklagenfurt.at\/de\/wp-json\/wp\/v2\/tags?post=33436"},{"taxonomy":"seitentyp","embeddable":true,"href":"https:\/\/www.visitklagenfurt.at\/de\/wp-json\/wp\/v2\/seitentyp?post=33436"}],"curies":[{"name":"wp","href":"https:\/\/api.w.org\/{rel}","templated":true}]}}