{"id":34134,"date":"2022-03-02T13:53:29","date_gmt":"2022-03-02T12:53:29","guid":{"rendered":"https:\/\/www.visitklagenfurt.at\/?page_id=34134"},"modified":"2026-04-14T10:28:49","modified_gmt":"2026-04-14T08:28:49","slug":"stadtpfarrturm","status":"publish","type":"page","link":"https:\/\/www.visitklagenfurt.at\/de\/stadtpfarrturm\/","title":{"rendered":"Stadtpfarrturm"},"content":{"rendered":"\t\t<div data-elementor-type=\"wp-page\" data-elementor-id=\"34134\" class=\"elementor elementor-34134\" data-elementor-post-type=\"page\">\n\t\t\t\t\t\t<section class=\"elementor-section elementor-top-section elementor-element elementor-element-3e34092 elementor-section-height-min-height elementor-section-boxed elementor-section-height-default elementor-section-items-middle\" data-id=\"3e34092\" data-element_type=\"section\" data-e-type=\"section\" data-settings=\"{&quot;background_background&quot;:&quot;classic&quot;}\">\n\t\t\t\t\t\t\t<div class=\"elementor-background-overlay\"><\/div>\n\t\t\t\t\t\t\t<div class=\"elementor-container elementor-column-gap-default\">\n\t\t\t\t\t<div class=\"elementor-column elementor-col-50 elementor-top-column elementor-element elementor-element-891c055\" data-id=\"891c055\" data-element_type=\"column\" data-e-type=\"column\" data-settings=\"{&quot;background_background&quot;:&quot;classic&quot;}\">\n\t\t\t<div class=\"elementor-widget-wrap\">\n\t\t\t\t\t\t\t<\/div>\n\t\t<\/div>\n\t\t\t\t<div class=\"elementor-column elementor-col-50 elementor-top-column elementor-element elementor-element-4eb1eca\" data-id=\"4eb1eca\" data-element_type=\"column\" data-e-type=\"column\">\n\t\t\t<div class=\"elementor-widget-wrap\">\n\t\t\t\t\t\t\t<\/div>\n\t\t<\/div>\n\t\t\t\t\t<\/div>\n\t\t<\/section>\n\t\t\t\t<section class=\"elementor-section elementor-top-section elementor-element elementor-element-f1856d6 elementor-section-boxed elementor-section-height-default elementor-section-height-default\" data-id=\"f1856d6\" data-element_type=\"section\" data-e-type=\"section\" data-settings=\"{&quot;background_background&quot;:&quot;classic&quot;}\">\n\t\t\t\t\t\t<div class=\"elementor-container elementor-column-gap-default\">\n\t\t\t\t\t<div class=\"elementor-column elementor-col-100 elementor-top-column elementor-element elementor-element-64a59df\" data-id=\"64a59df\" data-element_type=\"column\" data-e-type=\"column\" data-settings=\"{&quot;background_background&quot;:&quot;classic&quot;}\">\n\t\t\t<div class=\"elementor-widget-wrap elementor-element-populated\">\n\t\t\t\t\t\t<div class=\"elementor-element elementor-element-d1b5468 elementor-widget elementor-widget-heading\" data-id=\"d1b5468\" data-element_type=\"widget\" data-e-type=\"widget\" data-widget_type=\"heading.default\">\n\t\t\t\t<div class=\"elementor-widget-container\">\n\t\t\t\t\t<h1 class=\"elementor-heading-title elementor-size-default\">Stadtpfarrturm<\/h1>\t\t\t\t<\/div>\n\t\t\t\t<\/div>\n\t\t\t\t\t<\/div>\n\t\t<\/div>\n\t\t\t\t\t<\/div>\n\t\t<\/section>\n\t\t\t\t<section class=\"elementor-section elementor-top-section elementor-element elementor-element-4a6b097 elementor-section-boxed elementor-section-height-default elementor-section-height-default\" data-id=\"4a6b097\" data-element_type=\"section\" data-e-type=\"section\">\n\t\t\t\t\t\t<div class=\"elementor-container elementor-column-gap-default\">\n\t\t\t\t\t<div class=\"elementor-column elementor-col-100 elementor-top-column elementor-element elementor-element-870f909\" data-id=\"870f909\" data-element_type=\"column\" data-e-type=\"column\">\n\t\t\t<div class=\"elementor-widget-wrap elementor-element-populated\">\n\t\t\t\t\t\t<div class=\"elementor-element elementor-element-578734b elementor-widget elementor-widget-text-editor\" data-id=\"578734b\" data-element_type=\"widget\" data-e-type=\"widget\" data-widget_type=\"text-editor.default\">\n\t\t\t\t<div class=\"elementor-widget-container\">\n\t\t\t\t\t\t\t\t\t<p>Der Stadtpfarrturm inmitten der Klagenfurter Altstadt bietet neben dem wunderbaren Blick auf das bunte Treiben in der Fu\u00dfg\u00e4ngerzone einen fantastischen<b> 360\u00b0 Panorama-Rundum-Blick<\/b>: und zwar vom W\u00f6rthersee \u00fcber die Karawanken bis zur Koralpe. Der Augenschmaus ist jedem verg\u00f6nnt, der sich im Inneren des Turmes \u00fcber<b> 225 Stufen <\/b>nach oben wagt. Und eines steht fest: Der Aufstieg lohnt sich!<\/p><h2>\u00d6ffnungszeiten<\/h2><div><div><p><strong>April, Mai, September und Oktober:<br \/><\/strong>Ab 09.04.2026<br \/>Donnerstag &amp; Freitag 10.00 &#8211; 16.00 Uhr<br \/>Samstag 10.00 &#8211; 14.00 Uhr<\/p><p><strong>Juni, Juli und August:<\/strong><br \/>Dienstag 10.00 &#8211; 17.00 Uhr<br \/>Mittwoch 10.00 &#8211; 17.00 Uhr<br \/>Donnerstag 10.00 &#8211; 17.00 Uhr<br \/>Freitag 10.00 &#8211; 17.00 Uhr <br \/>Samstag 10.00 &#8211; 14.00 Uhr<\/p><\/div><div>Bei starken Regen oder Gewitter ist der Turm geschlossen.<\/div><\/div><div><strong>\u00a0<\/strong><\/div><h3>Eintritt<\/h3><p>Erwachsene \u20ac 6,-<br \/>Kinder, Studenten und Pensionisten \u20ac 4,-<\/p><p>Mit der W\u00f6rthersee Plus Card zahlen Erwachsene nur \u20ac 3,-<br \/>Kinder, Studenten und Pensionisten mit der W\u00f6rthersee Plus Card zahlen nur \u20ac 2,-<\/p>\t\t\t\t\t\t\t\t<\/div>\n\t\t\t\t<\/div>\n\t\t\t\t\t<\/div>\n\t\t<\/div>\n\t\t\t\t\t<\/div>\n\t\t<\/section>\n\t\t\t\t<section class=\"elementor-section elementor-top-section elementor-element elementor-element-25402d2 elementor-hidden-desktop elementor-hidden-tablet elementor-hidden-mobile elementor-section-boxed elementor-section-height-default elementor-section-height-default\" data-id=\"25402d2\" data-element_type=\"section\" data-e-type=\"section\">\n\t\t\t\t\t\t<div class=\"elementor-container elementor-column-gap-default\">\n\t\t\t\t\t<div class=\"elementor-column elementor-col-50 elementor-top-column elementor-element elementor-element-5b8843f\" data-id=\"5b8843f\" data-element_type=\"column\" data-e-type=\"column\" data-settings=\"{&quot;background_background&quot;:&quot;classic&quot;}\">\n\t\t\t<div class=\"elementor-widget-wrap elementor-element-populated\">\n\t\t\t\t\t\t<div class=\"elementor-element elementor-element-1f4ddec elementor-widget elementor-widget-image\" data-id=\"1f4ddec\" data-element_type=\"widget\" data-e-type=\"widget\" data-widget_type=\"image.default\">\n\t\t\t\t<div class=\"elementor-widget-container\">\n\t\t\t\t\t\t\t\t\t\t\t\t\t\t\t<img decoding=\"async\" src=\"https:\/\/www.visitklagenfurt.at\/wp-content\/uploads\/2024\/04\/tuermer_daniel_hofstaetter_2024_c-helge_bauer_2_jpg-original-3.jpg\" title=\"\" alt=\"T\u00fcrmer Klagenfurt - Daniel Hofst\u00e4tter\" loading=\"lazy\" \/>\t\t\t\t\t\t\t\t\t\t\t\t\t\t\t<\/div>\n\t\t\t\t<\/div>\n\t\t\t\t\t<\/div>\n\t\t<\/div>\n\t\t\t\t<div class=\"elementor-column elementor-col-50 elementor-top-column elementor-element elementor-element-a8aa0dd\" data-id=\"a8aa0dd\" data-element_type=\"column\" data-e-type=\"column\" data-settings=\"{&quot;background_background&quot;:&quot;classic&quot;}\">\n\t\t\t<div class=\"elementor-widget-wrap elementor-element-populated\">\n\t\t\t\t\t\t<div class=\"elementor-element elementor-element-bc8a441 elementor-widget elementor-widget-heading\" data-id=\"bc8a441\" data-element_type=\"widget\" data-e-type=\"widget\" data-widget_type=\"heading.default\">\n\t\t\t\t<div class=\"elementor-widget-container\">\n\t\t\t\t\t<h2 class=\"elementor-heading-title elementor-size-default\">Daniel Hofst\u00e4tter<\/h2>\t\t\t\t<\/div>\n\t\t\t\t<\/div>\n\t\t\t\t<div class=\"elementor-element elementor-element-74eb755 elementor-widget elementor-widget-text-editor\" data-id=\"74eb755\" data-element_type=\"widget\" data-e-type=\"widget\" data-widget_type=\"text-editor.default\">\n\t\t\t\t<div class=\"elementor-widget-container\">\n\t\t\t\t\t\t\t\t\t<p style=\"text-align: center;\">T\u00fcrmer<\/p>\t\t\t\t\t\t\t\t<\/div>\n\t\t\t\t<\/div>\n\t\t\t\t<div class=\"elementor-element elementor-element-d1a8542 elementor-align-center elementor-widget elementor-widget-button\" data-id=\"d1a8542\" data-element_type=\"widget\" data-e-type=\"widget\" data-widget_type=\"button.default\">\n\t\t\t\t<div class=\"elementor-widget-container\">\n\t\t\t\t\t\t\t\t\t<div class=\"elementor-button-wrapper\">\n\t\t\t\t\t<a class=\"elementor-button elementor-button-link elementor-size-md\" href=\"mailto:hofstaetter@visitklagenfurt.at\">\n\t\t\t\t\t\t<span class=\"elementor-button-content-wrapper\">\n\t\t\t\t\t\t<span class=\"elementor-button-icon\">\n\t\t\t\t<svg aria-hidden=\"true\" class=\"e-font-icon-svg e-fas-envelope\" viewBox=\"0 0 512 512\" xmlns=\"http:\/\/www.w3.org\/2000\/svg\"><path d=\"M502.3 190.8c3.9-3.1 9.7-.2 9.7 4.7V400c0 26.5-21.5 48-48 48H48c-26.5 0-48-21.5-48-48V195.6c0-5 5.7-7.8 9.7-4.7 22.4 17.4 52.1 39.5 154.1 113.6 21.1 15.4 56.7 47.8 92.2 47.6 35.7.3 72-32.8 92.3-47.6 102-74.1 131.6-96.3 154-113.7zM256 320c23.2.4 56.6-29.2 73.4-41.4 132.7-96.3 142.8-104.7 173.4-128.7 5.8-4.5 9.2-11.5 9.2-18.9v-19c0-26.5-21.5-48-48-48H48C21.5 64 0 85.5 0 112v19c0 7.4 3.4 14.3 9.2 18.9 30.6 23.9 40.7 32.4 173.4 128.7 16.8 12.2 50.2 41.8 73.4 41.4z\"><\/path><\/svg>\t\t\t<\/span>\n\t\t\t\t\t\t\t\t\t<span class=\"elementor-button-text\">hofstaetter@visitklagenfurt.at<\/span>\n\t\t\t\t\t<\/span>\n\t\t\t\t\t<\/a>\n\t\t\t\t<\/div>\n\t\t\t\t\t\t\t\t<\/div>\n\t\t\t\t<\/div>\n\t\t\t\t<div class=\"elementor-element elementor-element-368aa8a elementor-align-center elementor-widget elementor-widget-button\" data-id=\"368aa8a\" data-element_type=\"widget\" data-e-type=\"widget\" data-widget_type=\"button.default\">\n\t\t\t\t<div class=\"elementor-widget-container\">\n\t\t\t\t\t\t\t\t\t<div class=\"elementor-button-wrapper\">\n\t\t\t\t\t<a class=\"elementor-button elementor-button-link elementor-size-md\" href=\"tel:00436764414673\">\n\t\t\t\t\t\t<span class=\"elementor-button-content-wrapper\">\n\t\t\t\t\t\t<span class=\"elementor-button-icon\">\n\t\t\t\t<svg aria-hidden=\"true\" class=\"e-font-icon-svg e-fas-phone\" viewBox=\"0 0 512 512\" xmlns=\"http:\/\/www.w3.org\/2000\/svg\"><path d=\"M493.4 24.6l-104-24c-11.3-2.6-22.9 3.3-27.5 13.9l-48 112c-4.2 9.8-1.4 21.3 6.9 28l60.6 49.6c-36 76.7-98.9 140.5-177.2 177.2l-49.6-60.6c-6.8-8.3-18.2-11.1-28-6.9l-112 48C3.9 366.5-2 378.1.6 389.4l24 104C27.1 504.2 36.7 512 48 512c256.1 0 464-207.5 464-464 0-11.2-7.7-20.9-18.6-23.4z\"><\/path><\/svg>\t\t\t<\/span>\n\t\t\t\t\t\t\t\t\t<span class=\"elementor-button-text\">+43 (0) 676 \/ 44 14 673<\/span>\n\t\t\t\t\t<\/span>\n\t\t\t\t\t<\/a>\n\t\t\t\t<\/div>\n\t\t\t\t\t\t\t\t<\/div>\n\t\t\t\t<\/div>\n\t\t\t\t\t<\/div>\n\t\t<\/div>\n\t\t\t\t\t<\/div>\n\t\t<\/section>\n\t\t\t\t<section class=\"elementor-section elementor-top-section elementor-element elementor-element-1c50cc4 elementor-section-boxed elementor-section-height-default elementor-section-height-default\" data-id=\"1c50cc4\" data-element_type=\"section\" data-e-type=\"section\" data-settings=\"{&quot;background_background&quot;:&quot;classic&quot;}\">\n\t\t\t\t\t\t<div class=\"elementor-container elementor-column-gap-default\">\n\t\t\t\t\t<div class=\"elementor-column elementor-col-100 elementor-top-column elementor-element elementor-element-9021aec\" data-id=\"9021aec\" data-element_type=\"column\" data-e-type=\"column\" data-settings=\"{&quot;background_background&quot;:&quot;classic&quot;}\">\n\t\t\t<div class=\"elementor-widget-wrap elementor-element-populated\">\n\t\t\t\t\t\t<div class=\"elementor-element elementor-element-d7ee52b elementor-grid-2 elementor-grid-tablet-1 elementor-grid-mobile-1 elementor-posts--thumbnail-top elementor-widget elementor-widget-posts\" data-id=\"d7ee52b\" data-element_type=\"widget\" data-e-type=\"widget\" data-settings=\"{&quot;classic_columns&quot;:&quot;2&quot;,&quot;classic_columns_tablet&quot;:&quot;1&quot;,&quot;pagination_type&quot;:&quot;numbers&quot;,&quot;classic_columns_mobile&quot;:&quot;1&quot;,&quot;classic_row_gap&quot;:{&quot;unit&quot;:&quot;px&quot;,&quot;size&quot;:35,&quot;sizes&quot;:[]},&quot;classic_row_gap_tablet&quot;:{&quot;unit&quot;:&quot;px&quot;,&quot;size&quot;:&quot;&quot;,&quot;sizes&quot;:[]},&quot;classic_row_gap_mobile&quot;:{&quot;unit&quot;:&quot;px&quot;,&quot;size&quot;:&quot;&quot;,&quot;sizes&quot;:[]}}\" data-widget_type=\"posts.classic\">\n\t\t\t\t<div class=\"elementor-widget-container\">\n\t\t\t\t\t\t\t<div class=\"elementor-posts-container elementor-posts elementor-posts--skin-classic elementor-grid\" role=\"list\">\n\t\t\t\t<article class=\"elementor-post elementor-grid-item post-36754 post type-post status-publish format-standard has-post-thumbnail hentry category-ausflugsziele tag-stadtpfarrturm\" role=\"listitem\">\n\t\t\t\t<a class=\"elementor-post__thumbnail__link\" href=\"https:\/\/www.visitklagenfurt.at\/de\/sehenswertes-und-ausfluege\/ausflugsziele\/geschichte-stadtpfarrturm\/\" tabindex=\"-1\" >\n\t\t\t<div class=\"elementor-post__thumbnail\"><img fetchpriority=\"high\" decoding=\"async\" width=\"768\" height=\"512\" src=\"https:\/\/www.visitklagenfurt.at\/wp-content\/uploads\/2022\/05\/sehenswertes_stadtpfarrturm_aussichtspunkt_kreuzbergl_herbst_c-arnold_poeschl_4_-web.jpeg\" class=\"attachment-medium_large size-medium_large wp-image-36755\" alt=\"\" \/><\/div>\n\t\t<\/a>\n\t\t\t\t<div class=\"elementor-post__text\">\n\t\t\t\t<h3 class=\"elementor-post__title\">\n\t\t\t<a href=\"https:\/\/www.visitklagenfurt.at\/de\/sehenswertes-und-ausfluege\/ausflugsziele\/geschichte-stadtpfarrturm\/\" >\n\t\t\t\tGeschichte mit Weitblick: Der Stadtpfarrturm Klagenfurt\t\t\t<\/a>\n\t\t<\/h3>\n\t\t\t\t<div class=\"elementor-post__excerpt\">\n\t\t\t<p>Der Stadtpfarrturm inmitten der Klagenfurter Altstadt bietet neben dem wunderbaren Blick auf das bunte Treiben in der Fu\u00dfg\u00e4ngerzone einen phantastischen 360\u00b0 Panorama-Rundum-Blick: und zwar vom W\u00f6rthersee \u00fcber die Karawanken bis zur Koralpe. <\/p>\n\t\t<\/div>\n\t\t\n\t\t<a class=\"elementor-post__read-more\" href=\"https:\/\/www.visitklagenfurt.at\/de\/sehenswertes-und-ausfluege\/ausflugsziele\/geschichte-stadtpfarrturm\/\" aria-label=\"Mehr \u00fcber Geschichte mit Weitblick: Der Stadtpfarrturm Klagenfurt\" tabindex=\"-1\" >\n\t\t\tErfahren Sie mehr\t\t<\/a>\n\n\t\t\t\t<\/div>\n\t\t\t\t<\/article>\n\t\t\t\t<article class=\"elementor-post elementor-grid-item post-17642 post type-post status-publish format-standard has-post-thumbnail hentry category-sehenswertes-ausfluege tag-stadtpfarrturm\" role=\"listitem\">\n\t\t\t\t<a class=\"elementor-post__thumbnail__link\" href=\"https:\/\/www.visitklagenfurt.at\/de\/blog\/sehenswertes-ausfluege\/umbau-stadtpfarrturm\/\" tabindex=\"-1\" >\n\t\t\t<div class=\"elementor-post__thumbnail\"><img decoding=\"async\" width=\"768\" height=\"486\" src=\"https:\/\/www.visitklagenfurt.at\/wp-content\/uploads\/2021\/04\/umbau-stadtpfarrturm_2021_c-Lukas-Lenhardt-11.jpg\" class=\"attachment-medium_large size-medium_large wp-image-36955\" alt=\"\" \/><\/div>\n\t\t<\/a>\n\t\t\t\t<div class=\"elementor-post__text\">\n\t\t\t\t<h3 class=\"elementor-post__title\">\n\t\t\t<a href=\"https:\/\/www.visitklagenfurt.at\/de\/blog\/sehenswertes-ausfluege\/umbau-stadtpfarrturm\/\" >\n\t\t\t\tAlles Wissenswerte \u00fcber den Umbau am Stadtpfarrturm\t\t\t<\/a>\n\t\t<\/h3>\n\t\t\t\t<div class=\"elementor-post__excerpt\">\n\t\t\t<p>Von fern schon kann man ihn erkennen. Als charakteristisches Wahrzeichen von Klagenfurt \u00fcberragt der nahezu 92 Meter hohe Kirchturm den historischen Kern der Stadt. Sogar im dichten Nebel leuchtet das gro\u00dfe Ziffernblatt der Turmuhr weithin \u00fcber die malerischen Verschneidungen der Dachlandschaft. Im Jahr 2021 und 2022 wurde das Prunkst\u00fcck grundlegend saniert.<\/p>\n\t\t<\/div>\n\t\t\n\t\t<a class=\"elementor-post__read-more\" href=\"https:\/\/www.visitklagenfurt.at\/de\/blog\/sehenswertes-ausfluege\/umbau-stadtpfarrturm\/\" aria-label=\"Mehr \u00fcber Alles Wissenswerte \u00fcber den Umbau am Stadtpfarrturm\" tabindex=\"-1\" >\n\t\t\tErfahren Sie mehr\t\t<\/a>\n\n\t\t\t\t<\/div>\n\t\t\t\t<\/article>\n\t\t\t\t<\/div>\n\t\t\n\t\t\t\t\t\t<\/div>\n\t\t\t\t<\/div>\n\t\t\t\t\t<\/div>\n\t\t<\/div>\n\t\t\t\t\t<\/div>\n\t\t<\/section>\n\t\t\t\t<\/div>\n\t\t","protected":false},"excerpt":{"rendered":"<p>Der Stadtpfarrturm inmitten der Klagenfurter Altstadt bietet neben dem wunderbaren Blick auf das bunte Treiben in der Fu\u00dfg\u00e4ngerzone einen fantastischen 360\u00b0 Panorama-Rundum-Blick: und zwar vom W\u00f6rthersee \u00fcber die Karawanken bis zur Koralpe. Der Augenschmaus ist jedem verg\u00f6nnt, der sich im Inneren des Turmes \u00fcber 225 Stufen nach oben wagt. Und eines steht fest: Der Aufstieg [&hellip;]<\/p>\n","protected":false},"author":2,"featured_media":10297,"parent":0,"menu_order":0,"comment_status":"closed","ping_status":"closed","template":"elementor_header_footer","meta":{"footnotes":""},"categories":[],"tags":[],"seitentyp":[151],"class_list":["post-34134","page","type-page","status-publish","has-post-thumbnail","hentry","seitentyp-landingpage"],"yoast_head":"<!-- This site is optimized with the Yoast SEO plugin v27.3 - https:\/\/yoast.com\/product\/yoast-seo-wordpress\/ -->\n<title>Stadtpfarrturm Klagenfurt: Eintritt &amp; \u00d6ffnungszeiten | visitklagenfurt<\/title>\n<meta name=\"description\" content=\"Der Stadtpfarrturm Klagenfurt liegt inmitten der Altstadt und bietet einen fantastischen 360\u00b0 Panorama-Rundum-Blick. Mehr dazu hier!\" \/>\n<meta name=\"robots\" content=\"index, follow, max-snippet:-1, max-image-preview:large, max-video-preview:-1\" \/>\n<link rel=\"canonical\" href=\"https:\/\/www.visitklagenfurt.at\/de\/stadtpfarrturm\/\" \/>\n<meta property=\"og:locale\" content=\"de_DE\" \/>\n<meta property=\"og:type\" content=\"article\" \/>\n<meta property=\"og:title\" content=\"Stadtpfarrturm Klagenfurt: Eintritt &amp; \u00d6ffnungszeiten | visitklagenfurt\" \/>\n<meta property=\"og:description\" content=\"Der Stadtpfarrturm Klagenfurt liegt inmitten der Altstadt und bietet einen fantastischen 360\u00b0 Panorama-Rundum-Blick. Mehr dazu hier!\" \/>\n<meta property=\"og:url\" content=\"https:\/\/www.visitklagenfurt.at\/de\/stadtpfarrturm\/\" \/>\n<meta property=\"og:site_name\" content=\"visitklagenfurt\" \/>\n<meta property=\"article:modified_time\" content=\"2026-04-14T08:28:49+00:00\" \/>\n<meta property=\"og:image\" content=\"https:\/\/www.visitklagenfurt.at\/wp-content\/uploads\/2020\/07\/sehenswertes_innenstadt_altstadt_stadtpfarrturm_sommer_ausblick_aussichtspunkt_c-arnold_poschl_30-web.jpg\" \/>\n\t<meta property=\"og:image:width\" content=\"1844\" \/>\n\t<meta property=\"og:image:height\" content=\"1383\" \/>\n\t<meta property=\"og:image:type\" content=\"image\/jpeg\" \/>\n<meta name=\"twitter:card\" content=\"summary_large_image\" \/>\n<meta name=\"twitter:label1\" content=\"Gesch\u00e4tzte Lesezeit\" \/>\n\t<meta name=\"twitter:data1\" content=\"2\u00a0Minuten\" \/>\n<script type=\"application\/ld+json\" class=\"yoast-schema-graph\">{\"@context\":\"https:\\\/\\\/schema.org\",\"@graph\":[{\"@type\":\"WebPage\",\"@id\":\"https:\\\/\\\/www.visitklagenfurt.at\\\/de\\\/stadtpfarrturm\\\/\",\"url\":\"https:\\\/\\\/www.visitklagenfurt.at\\\/de\\\/stadtpfarrturm\\\/\",\"name\":\"Stadtpfarrturm Klagenfurt: Eintritt & \u00d6ffnungszeiten | visitklagenfurt\",\"isPartOf\":{\"@id\":\"https:\\\/\\\/www.visitklagenfurt.at\\\/de\\\/#website\"},\"primaryImageOfPage\":{\"@id\":\"https:\\\/\\\/www.visitklagenfurt.at\\\/de\\\/stadtpfarrturm\\\/#primaryimage\"},\"image\":{\"@id\":\"https:\\\/\\\/www.visitklagenfurt.at\\\/de\\\/stadtpfarrturm\\\/#primaryimage\"},\"thumbnailUrl\":\"https:\\\/\\\/www.visitklagenfurt.at\\\/wp-content\\\/uploads\\\/2020\\\/07\\\/sehenswertes_innenstadt_altstadt_stadtpfarrturm_sommer_ausblick_aussichtspunkt_c-arnold_poschl_30-web.jpg\",\"datePublished\":\"2022-03-02T12:53:29+00:00\",\"dateModified\":\"2026-04-14T08:28:49+00:00\",\"description\":\"Der Stadtpfarrturm Klagenfurt liegt inmitten der Altstadt und bietet einen fantastischen 360\u00b0 Panorama-Rundum-Blick. Mehr dazu hier!\",\"breadcrumb\":{\"@id\":\"https:\\\/\\\/www.visitklagenfurt.at\\\/de\\\/stadtpfarrturm\\\/#breadcrumb\"},\"inLanguage\":\"de\",\"potentialAction\":[{\"@type\":\"ReadAction\",\"target\":[\"https:\\\/\\\/www.visitklagenfurt.at\\\/de\\\/stadtpfarrturm\\\/\"]}]},{\"@type\":\"ImageObject\",\"inLanguage\":\"de\",\"@id\":\"https:\\\/\\\/www.visitklagenfurt.at\\\/de\\\/stadtpfarrturm\\\/#primaryimage\",\"url\":\"https:\\\/\\\/www.visitklagenfurt.at\\\/wp-content\\\/uploads\\\/2020\\\/07\\\/sehenswertes_innenstadt_altstadt_stadtpfarrturm_sommer_ausblick_aussichtspunkt_c-arnold_poschl_30-web.jpg\",\"contentUrl\":\"https:\\\/\\\/www.visitklagenfurt.at\\\/wp-content\\\/uploads\\\/2020\\\/07\\\/sehenswertes_innenstadt_altstadt_stadtpfarrturm_sommer_ausblick_aussichtspunkt_c-arnold_poschl_30-web.jpg\",\"width\":1844,\"height\":1383,\"caption\":\"(c) Arnold P\u00f6schl\"},{\"@type\":\"BreadcrumbList\",\"@id\":\"https:\\\/\\\/www.visitklagenfurt.at\\\/de\\\/stadtpfarrturm\\\/#breadcrumb\",\"itemListElement\":[{\"@type\":\"ListItem\",\"position\":1,\"name\":\"visitklagenfurt\",\"item\":\"https:\\\/\\\/www.visitklagenfurt.at\\\/de\\\/\"},{\"@type\":\"ListItem\",\"position\":2,\"name\":\"Stadtpfarrturm\"}]},{\"@type\":\"WebSite\",\"@id\":\"https:\\\/\\\/www.visitklagenfurt.at\\\/de\\\/#website\",\"url\":\"https:\\\/\\\/www.visitklagenfurt.at\\\/de\\\/\",\"name\":\"visitklagenfurt\",\"description\":\"\",\"publisher\":{\"@id\":\"https:\\\/\\\/www.visitklagenfurt.at\\\/de\\\/#organization\"},\"potentialAction\":[{\"@type\":\"SearchAction\",\"target\":{\"@type\":\"EntryPoint\",\"urlTemplate\":\"https:\\\/\\\/www.visitklagenfurt.at\\\/de\\\/?s={search_term_string}\"},\"query-input\":{\"@type\":\"PropertyValueSpecification\",\"valueRequired\":true,\"valueName\":\"search_term_string\"}}],\"inLanguage\":\"de\"},{\"@type\":\"Organization\",\"@id\":\"https:\\\/\\\/www.visitklagenfurt.at\\\/de\\\/#organization\",\"name\":\"Tourismus Region Klagenfurt am W\u00f6rthersee GmbH\",\"url\":\"https:\\\/\\\/www.visitklagenfurt.at\\\/de\\\/\",\"logo\":{\"@type\":\"ImageObject\",\"inLanguage\":\"de\",\"@id\":\"https:\\\/\\\/www.visitklagenfurt.at\\\/de\\\/#\\\/schema\\\/logo\\\/image\\\/\",\"url\":\"https:\\\/\\\/www.visitklagenfurt.at\\\/wp-content\\\/uploads\\\/2022\\\/03\\\/DT_K_Klagenfurt_S_RGB.png\",\"contentUrl\":\"https:\\\/\\\/www.visitklagenfurt.at\\\/wp-content\\\/uploads\\\/2022\\\/03\\\/DT_K_Klagenfurt_S_RGB.png\",\"width\":2082,\"height\":1511,\"caption\":\"Tourismus Region Klagenfurt am W\u00f6rthersee GmbH\"},\"image\":{\"@id\":\"https:\\\/\\\/www.visitklagenfurt.at\\\/de\\\/#\\\/schema\\\/logo\\\/image\\\/\"}}]}<\/script>\n<!-- \/ Yoast SEO plugin. -->","yoast_head_json":{"title":"Stadtpfarrturm Klagenfurt: Eintritt & \u00d6ffnungszeiten | visitklagenfurt","description":"Der Stadtpfarrturm Klagenfurt liegt inmitten der Altstadt und bietet einen fantastischen 360\u00b0 Panorama-Rundum-Blick. Mehr dazu hier!","robots":{"index":"index","follow":"follow","max-snippet":"max-snippet:-1","max-image-preview":"max-image-preview:large","max-video-preview":"max-video-preview:-1"},"canonical":"https:\/\/www.visitklagenfurt.at\/de\/stadtpfarrturm\/","og_locale":"de_DE","og_type":"article","og_title":"Stadtpfarrturm Klagenfurt: Eintritt & \u00d6ffnungszeiten | visitklagenfurt","og_description":"Der Stadtpfarrturm Klagenfurt liegt inmitten der Altstadt und bietet einen fantastischen 360\u00b0 Panorama-Rundum-Blick. Mehr dazu hier!","og_url":"https:\/\/www.visitklagenfurt.at\/de\/stadtpfarrturm\/","og_site_name":"visitklagenfurt","article_modified_time":"2026-04-14T08:28:49+00:00","og_image":[{"width":1844,"height":1383,"url":"https:\/\/www.visitklagenfurt.at\/wp-content\/uploads\/2020\/07\/sehenswertes_innenstadt_altstadt_stadtpfarrturm_sommer_ausblick_aussichtspunkt_c-arnold_poschl_30-web.jpg","type":"image\/jpeg"}],"twitter_card":"summary_large_image","twitter_misc":{"Gesch\u00e4tzte Lesezeit":"2\u00a0Minuten"},"schema":{"@context":"https:\/\/schema.org","@graph":[{"@type":"WebPage","@id":"https:\/\/www.visitklagenfurt.at\/de\/stadtpfarrturm\/","url":"https:\/\/www.visitklagenfurt.at\/de\/stadtpfarrturm\/","name":"Stadtpfarrturm Klagenfurt: Eintritt & \u00d6ffnungszeiten | visitklagenfurt","isPartOf":{"@id":"https:\/\/www.visitklagenfurt.at\/de\/#website"},"primaryImageOfPage":{"@id":"https:\/\/www.visitklagenfurt.at\/de\/stadtpfarrturm\/#primaryimage"},"image":{"@id":"https:\/\/www.visitklagenfurt.at\/de\/stadtpfarrturm\/#primaryimage"},"thumbnailUrl":"https:\/\/www.visitklagenfurt.at\/wp-content\/uploads\/2020\/07\/sehenswertes_innenstadt_altstadt_stadtpfarrturm_sommer_ausblick_aussichtspunkt_c-arnold_poschl_30-web.jpg","datePublished":"2022-03-02T12:53:29+00:00","dateModified":"2026-04-14T08:28:49+00:00","description":"Der Stadtpfarrturm Klagenfurt liegt inmitten der Altstadt und bietet einen fantastischen 360\u00b0 Panorama-Rundum-Blick. Mehr dazu hier!","breadcrumb":{"@id":"https:\/\/www.visitklagenfurt.at\/de\/stadtpfarrturm\/#breadcrumb"},"inLanguage":"de","potentialAction":[{"@type":"ReadAction","target":["https:\/\/www.visitklagenfurt.at\/de\/stadtpfarrturm\/"]}]},{"@type":"ImageObject","inLanguage":"de","@id":"https:\/\/www.visitklagenfurt.at\/de\/stadtpfarrturm\/#primaryimage","url":"https:\/\/www.visitklagenfurt.at\/wp-content\/uploads\/2020\/07\/sehenswertes_innenstadt_altstadt_stadtpfarrturm_sommer_ausblick_aussichtspunkt_c-arnold_poschl_30-web.jpg","contentUrl":"https:\/\/www.visitklagenfurt.at\/wp-content\/uploads\/2020\/07\/sehenswertes_innenstadt_altstadt_stadtpfarrturm_sommer_ausblick_aussichtspunkt_c-arnold_poschl_30-web.jpg","width":1844,"height":1383,"caption":"(c) Arnold P\u00f6schl"},{"@type":"BreadcrumbList","@id":"https:\/\/www.visitklagenfurt.at\/de\/stadtpfarrturm\/#breadcrumb","itemListElement":[{"@type":"ListItem","position":1,"name":"visitklagenfurt","item":"https:\/\/www.visitklagenfurt.at\/de\/"},{"@type":"ListItem","position":2,"name":"Stadtpfarrturm"}]},{"@type":"WebSite","@id":"https:\/\/www.visitklagenfurt.at\/de\/#website","url":"https:\/\/www.visitklagenfurt.at\/de\/","name":"visitklagenfurt","description":"","publisher":{"@id":"https:\/\/www.visitklagenfurt.at\/de\/#organization"},"potentialAction":[{"@type":"SearchAction","target":{"@type":"EntryPoint","urlTemplate":"https:\/\/www.visitklagenfurt.at\/de\/?s={search_term_string}"},"query-input":{"@type":"PropertyValueSpecification","valueRequired":true,"valueName":"search_term_string"}}],"inLanguage":"de"},{"@type":"Organization","@id":"https:\/\/www.visitklagenfurt.at\/de\/#organization","name":"Tourismus Region Klagenfurt am W\u00f6rthersee GmbH","url":"https:\/\/www.visitklagenfurt.at\/de\/","logo":{"@type":"ImageObject","inLanguage":"de","@id":"https:\/\/www.visitklagenfurt.at\/de\/#\/schema\/logo\/image\/","url":"https:\/\/www.visitklagenfurt.at\/wp-content\/uploads\/2022\/03\/DT_K_Klagenfurt_S_RGB.png","contentUrl":"https:\/\/www.visitklagenfurt.at\/wp-content\/uploads\/2022\/03\/DT_K_Klagenfurt_S_RGB.png","width":2082,"height":1511,"caption":"Tourismus Region Klagenfurt am W\u00f6rthersee GmbH"},"image":{"@id":"https:\/\/www.visitklagenfurt.at\/de\/#\/schema\/logo\/image\/"}}]}},"_links":{"self":[{"href":"https:\/\/www.visitklagenfurt.at\/de\/wp-json\/wp\/v2\/pages\/34134","targetHints":{"allow":["GET"]}}],"collection":[{"href":"https:\/\/www.visitklagenfurt.at\/de\/wp-json\/wp\/v2\/pages"}],"about":[{"href":"https:\/\/www.visitklagenfurt.at\/de\/wp-json\/wp\/v2\/types\/page"}],"author":[{"embeddable":true,"href":"https:\/\/www.visitklagenfurt.at\/de\/wp-json\/wp\/v2\/users\/2"}],"replies":[{"embeddable":true,"href":"https:\/\/www.visitklagenfurt.at\/de\/wp-json\/wp\/v2\/comments?post=34134"}],"version-history":[{"count":434,"href":"https:\/\/www.visitklagenfurt.at\/de\/wp-json\/wp\/v2\/pages\/34134\/revisions"}],"predecessor-version":[{"id":78253,"href":"https:\/\/www.visitklagenfurt.at\/de\/wp-json\/wp\/v2\/pages\/34134\/revisions\/78253"}],"wp:featuredmedia":[{"embeddable":true,"href":"https:\/\/www.visitklagenfurt.at\/de\/wp-json\/wp\/v2\/media\/10297"}],"wp:attachment":[{"href":"https:\/\/www.visitklagenfurt.at\/de\/wp-json\/wp\/v2\/media?parent=34134"}],"wp:term":[{"taxonomy":"category","embeddable":true,"href":"https:\/\/www.visitklagenfurt.at\/de\/wp-json\/wp\/v2\/categories?post=34134"},{"taxonomy":"post_tag","embeddable":true,"href":"https:\/\/www.visitklagenfurt.at\/de\/wp-json\/wp\/v2\/tags?post=34134"},{"taxonomy":"seitentyp","embeddable":true,"href":"https:\/\/www.visitklagenfurt.at\/de\/wp-json\/wp\/v2\/seitentyp?post=34134"}],"curies":[{"name":"wp","href":"https:\/\/api.w.org\/{rel}","templated":true}]}}