{"id":35341,"date":"2022-04-05T10:16:44","date_gmt":"2022-04-05T08:16:44","guid":{"rendered":"https:\/\/www.visitklagenfurt.at\/?page_id=35341"},"modified":"2024-10-23T11:13:13","modified_gmt":"2024-10-23T09:13:13","slug":"drachenjagd","status":"publish","type":"page","link":"https:\/\/www.visitklagenfurt.at\/de\/drachenjagd\/","title":{"rendered":"Drachenjagd: das gr\u00f6\u00dfte kostenfreie Kinderfestival \u00d6sterreichs"},"content":{"rendered":"\t\t<div data-elementor-type=\"wp-page\" data-elementor-id=\"35341\" class=\"elementor elementor-35341\" data-elementor-post-type=\"page\">\n\t\t\t\t<div class=\"elementor-element elementor-element-546eecca e-flex e-con-boxed e-con e-parent\" data-id=\"546eecca\" data-element_type=\"container\" data-e-type=\"container\">\n\t\t\t\t\t<div class=\"e-con-inner\">\n\t\t\t\t<div class=\"elementor-element elementor-element-5615db59 elementor-widget elementor-widget-text-editor\" data-id=\"5615db59\" data-element_type=\"widget\" data-e-type=\"widget\" data-widget_type=\"text-editor.default\">\n\t\t\t\t<div class=\"elementor-widget-container\">\n\t\t\t\t\t\t\t\t\t<p>Diese Eventreihe verspricht <strong>Spiel, Spa\u00df und Action<\/strong> pur f\u00fcr Kinder im Alter von 4 bis 10 Jahren! Sie k\u00f6nnen ihren Entdeckergeist und ihre sportlichen F\u00e4higkeiten auf spielerische Weise erproben, spannenden Lesungen lauschen und in mitrei\u00dfende Musik- und Theaterauff\u00fchrungen eintauchen. Hier wird garantiert keinem langweilig \u2013 und das Beste: All das gibt&#8217;s v\u00f6llig kostenfrei!<\/p><p><strong>Kinderaction sucht!<br \/><\/strong>In den vergangenen Jahren war die Drachenjagd ein gro\u00dfer Erfolg, und wir konnten viele Kinder daf\u00fcr begeistern, Neues zu lernen, Talente an sich selbst zu entdecken und die Stadt neu zu erleben.<\/p><p>Wir sind daher auf der Suche nach<strong> Klagenfurter Kulturinstitutionen, Vereinen und p\u00e4dagogischen Einrichtungen<\/strong>, die sich an diesem Fest mit einem oder mehreren Programmpunkten beteiligen wollen.<\/p><p>Insbesondere sind wir auf der Suche nach nachhaltigen Programmpunkten, die nicht nur kreativ und spannend sind, sondern auch einen langfristigen Mehrwert f\u00fcr die Umwelt, das soziale Miteinander und Bildung vermitteln. Die Teilnahme wird nicht verg\u00fctet.<\/p>\t\t\t\t\t\t\t\t<\/div>\n\t\t\t\t<\/div>\n\t\t\t\t\t<\/div>\n\t\t\t\t<\/div>\n\t\t<div class=\"elementor-element elementor-element-2b2d452 e-flex e-con-boxed e-con e-parent\" data-id=\"2b2d452\" data-element_type=\"container\" data-e-type=\"container\">\n\t\t\t\t\t<div class=\"e-con-inner\">\n\t\t\t\t<div class=\"elementor-element elementor-element-9327723 elementor-align-center elementor-widget elementor-widget-button\" data-id=\"9327723\" data-element_type=\"widget\" data-e-type=\"widget\" data-widget_type=\"button.default\">\n\t\t\t\t<div class=\"elementor-widget-container\">\n\t\t\t\t\t\t\t\t\t<div class=\"elementor-button-wrapper\">\n\t\t\t\t\t<a class=\"elementor-button elementor-button-link elementor-size-sm\" href=\"https:\/\/share-eu1.hsforms.com\/1WdB3O2OVQjej6xjV7xf7qQfc258\" target=\"_blank\">\n\t\t\t\t\t\t<span class=\"elementor-button-content-wrapper\">\n\t\t\t\t\t\t\t\t\t<span class=\"elementor-button-text\">Anmelden<\/span>\n\t\t\t\t\t<\/span>\n\t\t\t\t\t<\/a>\n\t\t\t\t<\/div>\n\t\t\t\t\t\t\t\t<\/div>\n\t\t\t\t<\/div>\n\t\t\t\t\t<\/div>\n\t\t\t\t<\/div>\n\t\t\t\t<\/div>\n\t\t","protected":false},"excerpt":{"rendered":"<p>Diese Eventreihe verspricht Spiel, Spa\u00df und Action pur f\u00fcr Kinder im Alter von 4 bis 10 Jahren! Sie k\u00f6nnen ihren Entdeckergeist und ihre sportlichen F\u00e4higkeiten auf spielerische Weise erproben, spannenden Lesungen lauschen und in mitrei\u00dfende Musik- und Theaterauff\u00fchrungen eintauchen. Hier wird garantiert keinem langweilig \u2013 und das Beste: All das gibt&#8217;s v\u00f6llig kostenfrei! Kinderaction sucht!In [&hellip;]<\/p>\n","protected":false},"author":31,"featured_media":36214,"parent":0,"menu_order":0,"comment_status":"closed","ping_status":"closed","template":"","meta":{"footnotes":""},"categories":[641],"tags":[642],"seitentyp":[150],"class_list":["post-35341","page","type-page","status-publish","has-post-thumbnail","hentry","category-drachenjagd","tag-drachenjagd","seitentyp-microseite"],"yoast_head":"<!-- This site is optimized with the Yoast SEO plugin v27.3 - https:\/\/yoast.com\/product\/yoast-seo-wordpress\/ -->\n<title>Drachenjagd \u2013 Kinderprogramm in Klagenfurt | visitklagenfurt<\/title>\n<meta name=\"description\" content=\"Man darf sich im n\u00e4chsten Jahr wieder auf das gr\u00f6\u00dfte kostenfreie Kinderfestival \u00d6sterreichs mit jede Menge Spa\u00df freuen.\" \/>\n<meta name=\"robots\" content=\"index, follow, max-snippet:-1, max-image-preview:large, max-video-preview:-1\" \/>\n<link rel=\"canonical\" href=\"https:\/\/www.visitklagenfurt.at\/de\/drachenjagd\/\" \/>\n<meta property=\"og:locale\" content=\"de_DE\" \/>\n<meta property=\"og:type\" content=\"article\" \/>\n<meta property=\"og:title\" content=\"Drachenjagd: das gr\u00f6\u00dfte kostenfreie Kinderfestival \u00d6sterreichs | visitklagenfurt.at\" \/>\n<meta property=\"og:description\" content=\"Man darf sich im n\u00e4chsten Jahr wieder auf das gr\u00f6\u00dfte kostenfreie Kinderfestival \u00d6sterreichs mit jede Menge Spa\u00df freuen.\" \/>\n<meta property=\"og:url\" content=\"https:\/\/www.visitklagenfurt.at\/de\/drachenjagd\/\" \/>\n<meta property=\"og:site_name\" content=\"visitklagenfurt\" \/>\n<meta property=\"article:modified_time\" content=\"2024-10-23T09:13:13+00:00\" \/>\n<meta property=\"og:image\" content=\"https:\/\/www.visitklagenfurt.at\/wp-content\/uploads\/2022\/05\/Homepage_Header_DRACHENJAGD_WEB_20042022.png\" \/>\n\t<meta property=\"og:image:width\" content=\"2000\" \/>\n\t<meta property=\"og:image:height\" content=\"1000\" \/>\n\t<meta property=\"og:image:type\" content=\"image\/png\" \/>\n<meta name=\"twitter:card\" content=\"summary_large_image\" \/>\n<meta name=\"twitter:label1\" content=\"Gesch\u00e4tzte Lesezeit\" \/>\n\t<meta name=\"twitter:data1\" content=\"1\u00a0Minute\" \/>\n<script type=\"application\/ld+json\" class=\"yoast-schema-graph\">{\"@context\":\"https:\\\/\\\/schema.org\",\"@graph\":[{\"@type\":\"WebPage\",\"@id\":\"https:\\\/\\\/www.visitklagenfurt.at\\\/de\\\/drachenjagd\\\/\",\"url\":\"https:\\\/\\\/www.visitklagenfurt.at\\\/de\\\/drachenjagd\\\/\",\"name\":\"Drachenjagd \u2013 Kinderprogramm in Klagenfurt | visitklagenfurt\",\"isPartOf\":{\"@id\":\"https:\\\/\\\/www.visitklagenfurt.at\\\/de\\\/#website\"},\"primaryImageOfPage\":{\"@id\":\"https:\\\/\\\/www.visitklagenfurt.at\\\/de\\\/drachenjagd\\\/#primaryimage\"},\"image\":{\"@id\":\"https:\\\/\\\/www.visitklagenfurt.at\\\/de\\\/drachenjagd\\\/#primaryimage\"},\"thumbnailUrl\":\"https:\\\/\\\/www.visitklagenfurt.at\\\/wp-content\\\/uploads\\\/2022\\\/05\\\/Homepage_Header_DRACHENJAGD_WEB_20042022.png\",\"datePublished\":\"2022-04-05T08:16:44+00:00\",\"dateModified\":\"2024-10-23T09:13:13+00:00\",\"description\":\"Man darf sich im n\u00e4chsten Jahr wieder auf das gr\u00f6\u00dfte kostenfreie Kinderfestival \u00d6sterreichs mit jede Menge Spa\u00df freuen.\",\"breadcrumb\":{\"@id\":\"https:\\\/\\\/www.visitklagenfurt.at\\\/de\\\/drachenjagd\\\/#breadcrumb\"},\"inLanguage\":\"de\",\"potentialAction\":[{\"@type\":\"ReadAction\",\"target\":[\"https:\\\/\\\/www.visitklagenfurt.at\\\/de\\\/drachenjagd\\\/\"]}]},{\"@type\":\"ImageObject\",\"inLanguage\":\"de\",\"@id\":\"https:\\\/\\\/www.visitklagenfurt.at\\\/de\\\/drachenjagd\\\/#primaryimage\",\"url\":\"https:\\\/\\\/www.visitklagenfurt.at\\\/wp-content\\\/uploads\\\/2022\\\/05\\\/Homepage_Header_DRACHENJAGD_WEB_20042022.png\",\"contentUrl\":\"https:\\\/\\\/www.visitklagenfurt.at\\\/wp-content\\\/uploads\\\/2022\\\/05\\\/Homepage_Header_DRACHENJAGD_WEB_20042022.png\",\"width\":2000,\"height\":1000,\"caption\":\"Auf einem Sujet in Querformat steht \\\"Drachenjagd Programm f\u00fcr Familien und Kinder von 4 bis 10 Jahre\\\", mit einem s\u00fc\u00dfen illustrierten Drachen links mit Fl\u00fcgeln, H\u00f6rnern und einem s\u00fc\u00dfen Blick l\u00e4dt es zu einer Veranstaltungsreihe in Klagenfurt ein, die Farben im Hintergrund - blau, orange, gelb und rot - sind mit illustrierten Drachenschuppen verziert, rechts oben sieht man den Drachenschwanz noch ins Bild ragen\"},{\"@type\":\"BreadcrumbList\",\"@id\":\"https:\\\/\\\/www.visitklagenfurt.at\\\/de\\\/drachenjagd\\\/#breadcrumb\",\"itemListElement\":[{\"@type\":\"ListItem\",\"position\":1,\"name\":\"visitklagenfurt\",\"item\":\"https:\\\/\\\/www.visitklagenfurt.at\\\/de\\\/\"},{\"@type\":\"ListItem\",\"position\":2,\"name\":\"Drachenjagd\",\"item\":\"https:\\\/\\\/www.visitklagenfurt.at\\\/de\\\/category\\\/drachenjagd\\\/\"},{\"@type\":\"ListItem\",\"position\":3,\"name\":\"Drachenjagd: das gr\u00f6\u00dfte kostenfreie Kinderfestival \u00d6sterreichs\"}]},{\"@type\":\"WebSite\",\"@id\":\"https:\\\/\\\/www.visitklagenfurt.at\\\/de\\\/#website\",\"url\":\"https:\\\/\\\/www.visitklagenfurt.at\\\/de\\\/\",\"name\":\"visitklagenfurt\",\"description\":\"\",\"publisher\":{\"@id\":\"https:\\\/\\\/www.visitklagenfurt.at\\\/de\\\/#organization\"},\"potentialAction\":[{\"@type\":\"SearchAction\",\"target\":{\"@type\":\"EntryPoint\",\"urlTemplate\":\"https:\\\/\\\/www.visitklagenfurt.at\\\/de\\\/?s={search_term_string}\"},\"query-input\":{\"@type\":\"PropertyValueSpecification\",\"valueRequired\":true,\"valueName\":\"search_term_string\"}}],\"inLanguage\":\"de\"},{\"@type\":\"Organization\",\"@id\":\"https:\\\/\\\/www.visitklagenfurt.at\\\/de\\\/#organization\",\"name\":\"Tourismus Region Klagenfurt am W\u00f6rthersee GmbH\",\"url\":\"https:\\\/\\\/www.visitklagenfurt.at\\\/de\\\/\",\"logo\":{\"@type\":\"ImageObject\",\"inLanguage\":\"de\",\"@id\":\"https:\\\/\\\/www.visitklagenfurt.at\\\/de\\\/#\\\/schema\\\/logo\\\/image\\\/\",\"url\":\"https:\\\/\\\/www.visitklagenfurt.at\\\/wp-content\\\/uploads\\\/2022\\\/03\\\/DT_K_Klagenfurt_S_RGB.png\",\"contentUrl\":\"https:\\\/\\\/www.visitklagenfurt.at\\\/wp-content\\\/uploads\\\/2022\\\/03\\\/DT_K_Klagenfurt_S_RGB.png\",\"width\":2082,\"height\":1511,\"caption\":\"Tourismus Region Klagenfurt am W\u00f6rthersee GmbH\"},\"image\":{\"@id\":\"https:\\\/\\\/www.visitklagenfurt.at\\\/de\\\/#\\\/schema\\\/logo\\\/image\\\/\"}}]}<\/script>\n<!-- \/ Yoast SEO plugin. -->","yoast_head_json":{"title":"Drachenjagd \u2013 Kinderprogramm in Klagenfurt | visitklagenfurt","description":"Man darf sich im n\u00e4chsten Jahr wieder auf das gr\u00f6\u00dfte kostenfreie Kinderfestival \u00d6sterreichs mit jede Menge Spa\u00df freuen.","robots":{"index":"index","follow":"follow","max-snippet":"max-snippet:-1","max-image-preview":"max-image-preview:large","max-video-preview":"max-video-preview:-1"},"canonical":"https:\/\/www.visitklagenfurt.at\/de\/drachenjagd\/","og_locale":"de_DE","og_type":"article","og_title":"Drachenjagd: das gr\u00f6\u00dfte kostenfreie Kinderfestival \u00d6sterreichs | visitklagenfurt.at","og_description":"Man darf sich im n\u00e4chsten Jahr wieder auf das gr\u00f6\u00dfte kostenfreie Kinderfestival \u00d6sterreichs mit jede Menge Spa\u00df freuen.","og_url":"https:\/\/www.visitklagenfurt.at\/de\/drachenjagd\/","og_site_name":"visitklagenfurt","article_modified_time":"2024-10-23T09:13:13+00:00","og_image":[{"width":2000,"height":1000,"url":"https:\/\/www.visitklagenfurt.at\/wp-content\/uploads\/2022\/05\/Homepage_Header_DRACHENJAGD_WEB_20042022.png","type":"image\/png"}],"twitter_card":"summary_large_image","twitter_misc":{"Gesch\u00e4tzte Lesezeit":"1\u00a0Minute"},"schema":{"@context":"https:\/\/schema.org","@graph":[{"@type":"WebPage","@id":"https:\/\/www.visitklagenfurt.at\/de\/drachenjagd\/","url":"https:\/\/www.visitklagenfurt.at\/de\/drachenjagd\/","name":"Drachenjagd \u2013 Kinderprogramm in Klagenfurt | visitklagenfurt","isPartOf":{"@id":"https:\/\/www.visitklagenfurt.at\/de\/#website"},"primaryImageOfPage":{"@id":"https:\/\/www.visitklagenfurt.at\/de\/drachenjagd\/#primaryimage"},"image":{"@id":"https:\/\/www.visitklagenfurt.at\/de\/drachenjagd\/#primaryimage"},"thumbnailUrl":"https:\/\/www.visitklagenfurt.at\/wp-content\/uploads\/2022\/05\/Homepage_Header_DRACHENJAGD_WEB_20042022.png","datePublished":"2022-04-05T08:16:44+00:00","dateModified":"2024-10-23T09:13:13+00:00","description":"Man darf sich im n\u00e4chsten Jahr wieder auf das gr\u00f6\u00dfte kostenfreie Kinderfestival \u00d6sterreichs mit jede Menge Spa\u00df freuen.","breadcrumb":{"@id":"https:\/\/www.visitklagenfurt.at\/de\/drachenjagd\/#breadcrumb"},"inLanguage":"de","potentialAction":[{"@type":"ReadAction","target":["https:\/\/www.visitklagenfurt.at\/de\/drachenjagd\/"]}]},{"@type":"ImageObject","inLanguage":"de","@id":"https:\/\/www.visitklagenfurt.at\/de\/drachenjagd\/#primaryimage","url":"https:\/\/www.visitklagenfurt.at\/wp-content\/uploads\/2022\/05\/Homepage_Header_DRACHENJAGD_WEB_20042022.png","contentUrl":"https:\/\/www.visitklagenfurt.at\/wp-content\/uploads\/2022\/05\/Homepage_Header_DRACHENJAGD_WEB_20042022.png","width":2000,"height":1000,"caption":"Auf einem Sujet in Querformat steht \"Drachenjagd Programm f\u00fcr Familien und Kinder von 4 bis 10 Jahre\", mit einem s\u00fc\u00dfen illustrierten Drachen links mit Fl\u00fcgeln, H\u00f6rnern und einem s\u00fc\u00dfen Blick l\u00e4dt es zu einer Veranstaltungsreihe in Klagenfurt ein, die Farben im Hintergrund - blau, orange, gelb und rot - sind mit illustrierten Drachenschuppen verziert, rechts oben sieht man den Drachenschwanz noch ins Bild ragen"},{"@type":"BreadcrumbList","@id":"https:\/\/www.visitklagenfurt.at\/de\/drachenjagd\/#breadcrumb","itemListElement":[{"@type":"ListItem","position":1,"name":"visitklagenfurt","item":"https:\/\/www.visitklagenfurt.at\/de\/"},{"@type":"ListItem","position":2,"name":"Drachenjagd","item":"https:\/\/www.visitklagenfurt.at\/de\/category\/drachenjagd\/"},{"@type":"ListItem","position":3,"name":"Drachenjagd: das gr\u00f6\u00dfte kostenfreie Kinderfestival \u00d6sterreichs"}]},{"@type":"WebSite","@id":"https:\/\/www.visitklagenfurt.at\/de\/#website","url":"https:\/\/www.visitklagenfurt.at\/de\/","name":"visitklagenfurt","description":"","publisher":{"@id":"https:\/\/www.visitklagenfurt.at\/de\/#organization"},"potentialAction":[{"@type":"SearchAction","target":{"@type":"EntryPoint","urlTemplate":"https:\/\/www.visitklagenfurt.at\/de\/?s={search_term_string}"},"query-input":{"@type":"PropertyValueSpecification","valueRequired":true,"valueName":"search_term_string"}}],"inLanguage":"de"},{"@type":"Organization","@id":"https:\/\/www.visitklagenfurt.at\/de\/#organization","name":"Tourismus Region Klagenfurt am W\u00f6rthersee GmbH","url":"https:\/\/www.visitklagenfurt.at\/de\/","logo":{"@type":"ImageObject","inLanguage":"de","@id":"https:\/\/www.visitklagenfurt.at\/de\/#\/schema\/logo\/image\/","url":"https:\/\/www.visitklagenfurt.at\/wp-content\/uploads\/2022\/03\/DT_K_Klagenfurt_S_RGB.png","contentUrl":"https:\/\/www.visitklagenfurt.at\/wp-content\/uploads\/2022\/03\/DT_K_Klagenfurt_S_RGB.png","width":2082,"height":1511,"caption":"Tourismus Region Klagenfurt am W\u00f6rthersee GmbH"},"image":{"@id":"https:\/\/www.visitklagenfurt.at\/de\/#\/schema\/logo\/image\/"}}]}},"_links":{"self":[{"href":"https:\/\/www.visitklagenfurt.at\/de\/wp-json\/wp\/v2\/pages\/35341","targetHints":{"allow":["GET"]}}],"collection":[{"href":"https:\/\/www.visitklagenfurt.at\/de\/wp-json\/wp\/v2\/pages"}],"about":[{"href":"https:\/\/www.visitklagenfurt.at\/de\/wp-json\/wp\/v2\/types\/page"}],"author":[{"embeddable":true,"href":"https:\/\/www.visitklagenfurt.at\/de\/wp-json\/wp\/v2\/users\/31"}],"replies":[{"embeddable":true,"href":"https:\/\/www.visitklagenfurt.at\/de\/wp-json\/wp\/v2\/comments?post=35341"}],"version-history":[{"count":87,"href":"https:\/\/www.visitklagenfurt.at\/de\/wp-json\/wp\/v2\/pages\/35341\/revisions"}],"predecessor-version":[{"id":71102,"href":"https:\/\/www.visitklagenfurt.at\/de\/wp-json\/wp\/v2\/pages\/35341\/revisions\/71102"}],"wp:featuredmedia":[{"embeddable":true,"href":"https:\/\/www.visitklagenfurt.at\/de\/wp-json\/wp\/v2\/media\/36214"}],"wp:attachment":[{"href":"https:\/\/www.visitklagenfurt.at\/de\/wp-json\/wp\/v2\/media?parent=35341"}],"wp:term":[{"taxonomy":"category","embeddable":true,"href":"https:\/\/www.visitklagenfurt.at\/de\/wp-json\/wp\/v2\/categories?post=35341"},{"taxonomy":"post_tag","embeddable":true,"href":"https:\/\/www.visitklagenfurt.at\/de\/wp-json\/wp\/v2\/tags?post=35341"},{"taxonomy":"seitentyp","embeddable":true,"href":"https:\/\/www.visitklagenfurt.at\/de\/wp-json\/wp\/v2\/seitentyp?post=35341"}],"curies":[{"name":"wp","href":"https:\/\/api.w.org\/{rel}","templated":true}]}}