{"id":3773,"date":"2020-12-13T23:08:23","date_gmt":"2020-12-13T22:08:23","guid":{"rendered":"http:\/\/blog.visitklagenfurt.at\/?page_id=3773"},"modified":"2021-03-23T14:55:13","modified_gmt":"2021-03-23T13:55:13","slug":"benediktiner-markt","status":"publish","type":"page","link":"https:\/\/www.visitklagenfurt.at\/de\/essen-und-trinken\/maerkte\/benediktiner-markt\/","title":{"rendered":"Benediktiner Markt"},"content":{"rendered":"<p>Der wichtigste Marktplatz in Klagenfurt ist der Benediktinerplatz. An den Markttagen Donnerstag und Samstag bieten Bauern aus ganz K\u00e4rnten und aus den benachbarten Regionen Friaul (Italien) und Slowenien, K\u00f6stlichkeiten f\u00fcr K\u00fcche, Keller und Tisch an. Wie in fr\u00fcheren Zeiten ist der Benediktinerplatz auch stimmungsvolles Kommunikationszentrum, wo man sich auf einen Plausch und Kaffee trifft oder bei den verschiedenen St\u00e4nden kulinarische Schmankerln verkostet.<\/p>\n<p>F\u00fcr alle Hobbyg\u00e4rtner und -g\u00e4rtnerinnen ist der Markt ein Einkaufsparadies \u2013 von den bunten Balkonblumen bis zu seltenen Gew\u00fcrzen gibt es einfach alles, was auf Balkon oder in Haus und Hof gedeiht.<\/p>\n<p>Marktzeiten an den Wochenmarkttagen Donnerstag und Samstag: 6:00 bis 13:00 Uhr.<\/p>\n<p>In den beiden Hallen des Marktes kann man t\u00e4glich von 6:30 bis 18:00 Uhr (Mittwoch bis 13:45 Uhr) einkaufen.<\/p>\n<p>Dem starken Trend zu Bioprodukten wird mit einem eigenen Biomarkt Rechnung getragen. Jeden Freitag bieten in der Lidmanskygasse (s\u00fcdlich des Benediktinermarktes) Biobauern und Biob\u00e4urinnen vom Obst bis zum Fleisch Produkte aus rein biologischer Landwirtschaft an. Marktzeit: 7:00 bis 13:00 Uhr.<\/p>\n","protected":false},"excerpt":{"rendered":"<p>Der wichtigste Marktplatz in Klagenfurt ist der Benediktinerplatz. An den Markttagen Donnerstag und Samstag bieten Bauern aus ganz K\u00e4rnten und aus den benachbarten Regionen Friaul (Italien) und Slowenien, K\u00f6stlichkeiten f\u00fcr K\u00fcche, Keller und Tisch an. Wie in fr\u00fcheren Zeiten ist der Benediktinerplatz auch stimmungsvolles Kommunikationszentrum, wo man sich auf einen Plausch und Kaffee trifft oder [&hellip;]<\/p>\n","protected":false},"author":2,"featured_media":1068,"parent":3284,"menu_order":0,"comment_status":"closed","ping_status":"closed","template":"","meta":{"footnotes":""},"categories":[148],"tags":[],"seitentyp":[196],"class_list":["post-3773","page","type-page","status-publish","has-post-thumbnail","hentry","category-maerkte","seitentyp-branchenverzeichnis"],"yoast_head":"<!-- This site is optimized with the Yoast SEO plugin v27.3 - https:\/\/yoast.com\/product\/yoast-seo-wordpress\/ -->\n<title>Benediktinermarkt | Heimatkoster und Alpen Adria verleihen Flair<\/title>\n<meta name=\"description\" content=\"Der Klagenfurter Benediktinermarkt ist mehr als Bauernbrot und buntes Gem\u00fcse. Heimatkoster treffen auf Fieranten aus Italien und Slowenien.\" \/>\n<meta name=\"robots\" content=\"index, follow, max-snippet:-1, max-image-preview:large, max-video-preview:-1\" \/>\n<link rel=\"canonical\" href=\"https:\/\/www.visitklagenfurt.at\/de\/essen-und-trinken\/maerkte\/benediktiner-markt\/\" \/>\n<meta property=\"og:locale\" content=\"de_DE\" \/>\n<meta property=\"og:type\" content=\"article\" \/>\n<meta property=\"og:title\" content=\"Benediktinermarkt | Heimatkoster und Alpen Adria verleihen Flair\" \/>\n<meta property=\"og:description\" content=\"Der Klagenfurter Benediktinermarkt ist mehr als Bauernbrot und buntes Gem\u00fcse. Heimatkoster treffen auf Fieranten aus Italien und Slowenien.\" \/>\n<meta property=\"og:url\" content=\"https:\/\/www.visitklagenfurt.at\/de\/essen-und-trinken\/maerkte\/benediktiner-markt\/\" \/>\n<meta property=\"og:site_name\" content=\"visitklagenfurt\" \/>\n<meta property=\"article:modified_time\" content=\"2021-03-23T13:55:13+00:00\" \/>\n<meta property=\"og:image\" content=\"https:\/\/www.visitklagenfurt.at\/wp-content\/uploads\/2020\/08\/kulinarik_benediktinermarkt_c-marktamt_klagenfurt_8-web.jpg\" \/>\n\t<meta property=\"og:image:width\" content=\"2048\" \/>\n\t<meta property=\"og:image:height\" content=\"1366\" \/>\n\t<meta property=\"og:image:type\" content=\"image\/jpeg\" \/>\n<meta name=\"twitter:card\" content=\"summary_large_image\" \/>\n<meta name=\"twitter:label1\" content=\"Gesch\u00e4tzte Lesezeit\" \/>\n\t<meta name=\"twitter:data1\" content=\"1\u00a0Minute\" \/>\n<script type=\"application\/ld+json\" class=\"yoast-schema-graph\">{\"@context\":\"https:\\\/\\\/schema.org\",\"@graph\":[{\"@type\":\"WebPage\",\"@id\":\"https:\\\/\\\/www.visitklagenfurt.at\\\/de\\\/essen-und-trinken\\\/maerkte\\\/benediktiner-markt\\\/\",\"url\":\"https:\\\/\\\/www.visitklagenfurt.at\\\/de\\\/essen-und-trinken\\\/maerkte\\\/benediktiner-markt\\\/\",\"name\":\"Benediktinermarkt | Heimatkoster und Alpen Adria verleihen Flair\",\"isPartOf\":{\"@id\":\"https:\\\/\\\/www.visitklagenfurt.at\\\/de\\\/#website\"},\"primaryImageOfPage\":{\"@id\":\"https:\\\/\\\/www.visitklagenfurt.at\\\/de\\\/essen-und-trinken\\\/maerkte\\\/benediktiner-markt\\\/#primaryimage\"},\"image\":{\"@id\":\"https:\\\/\\\/www.visitklagenfurt.at\\\/de\\\/essen-und-trinken\\\/maerkte\\\/benediktiner-markt\\\/#primaryimage\"},\"thumbnailUrl\":\"https:\\\/\\\/www.visitklagenfurt.at\\\/wp-content\\\/uploads\\\/2020\\\/08\\\/kulinarik_benediktinermarkt_c-marktamt_klagenfurt_8-web.jpg\",\"datePublished\":\"2020-12-13T22:08:23+00:00\",\"dateModified\":\"2021-03-23T13:55:13+00:00\",\"description\":\"Der Klagenfurter Benediktinermarkt ist mehr als Bauernbrot und buntes Gem\u00fcse. Heimatkoster treffen auf Fieranten aus Italien und Slowenien.\",\"breadcrumb\":{\"@id\":\"https:\\\/\\\/www.visitklagenfurt.at\\\/de\\\/essen-und-trinken\\\/maerkte\\\/benediktiner-markt\\\/#breadcrumb\"},\"inLanguage\":\"de\",\"potentialAction\":[{\"@type\":\"ReadAction\",\"target\":[\"https:\\\/\\\/www.visitklagenfurt.at\\\/de\\\/essen-und-trinken\\\/maerkte\\\/benediktiner-markt\\\/\"]}]},{\"@type\":\"ImageObject\",\"inLanguage\":\"de\",\"@id\":\"https:\\\/\\\/www.visitklagenfurt.at\\\/de\\\/essen-und-trinken\\\/maerkte\\\/benediktiner-markt\\\/#primaryimage\",\"url\":\"https:\\\/\\\/www.visitklagenfurt.at\\\/wp-content\\\/uploads\\\/2020\\\/08\\\/kulinarik_benediktinermarkt_c-marktamt_klagenfurt_8-web.jpg\",\"contentUrl\":\"https:\\\/\\\/www.visitklagenfurt.at\\\/wp-content\\\/uploads\\\/2020\\\/08\\\/kulinarik_benediktinermarkt_c-marktamt_klagenfurt_8-web.jpg\",\"width\":2048,\"height\":1366,\"caption\":\"Alpen-Adria-K\u00fcche bietet Gaumenfreuden\"},{\"@type\":\"BreadcrumbList\",\"@id\":\"https:\\\/\\\/www.visitklagenfurt.at\\\/de\\\/essen-und-trinken\\\/maerkte\\\/benediktiner-markt\\\/#breadcrumb\",\"itemListElement\":[{\"@type\":\"ListItem\",\"position\":1,\"name\":\"visitklagenfurt\",\"item\":\"https:\\\/\\\/www.visitklagenfurt.at\\\/de\\\/\"},{\"@type\":\"ListItem\",\"position\":2,\"name\":\"Essen &#038; Trinken\",\"item\":\"https:\\\/\\\/www.visitklagenfurt.at\\\/de\\\/essen-und-trinken\\\/\"},{\"@type\":\"ListItem\",\"position\":3,\"name\":\"M\u00e4rkte\",\"item\":\"https:\\\/\\\/www.visitklagenfurt.at\\\/de\\\/essen-und-trinken\\\/maerkte\\\/\"},{\"@type\":\"ListItem\",\"position\":4,\"name\":\"Benediktiner Markt\"}]},{\"@type\":\"WebSite\",\"@id\":\"https:\\\/\\\/www.visitklagenfurt.at\\\/de\\\/#website\",\"url\":\"https:\\\/\\\/www.visitklagenfurt.at\\\/de\\\/\",\"name\":\"visitklagenfurt\",\"description\":\"\",\"publisher\":{\"@id\":\"https:\\\/\\\/www.visitklagenfurt.at\\\/de\\\/#organization\"},\"potentialAction\":[{\"@type\":\"SearchAction\",\"target\":{\"@type\":\"EntryPoint\",\"urlTemplate\":\"https:\\\/\\\/www.visitklagenfurt.at\\\/de\\\/?s={search_term_string}\"},\"query-input\":{\"@type\":\"PropertyValueSpecification\",\"valueRequired\":true,\"valueName\":\"search_term_string\"}}],\"inLanguage\":\"de\"},{\"@type\":\"Organization\",\"@id\":\"https:\\\/\\\/www.visitklagenfurt.at\\\/de\\\/#organization\",\"name\":\"Tourismus Region Klagenfurt am W\u00f6rthersee GmbH\",\"url\":\"https:\\\/\\\/www.visitklagenfurt.at\\\/de\\\/\",\"logo\":{\"@type\":\"ImageObject\",\"inLanguage\":\"de\",\"@id\":\"https:\\\/\\\/www.visitklagenfurt.at\\\/de\\\/#\\\/schema\\\/logo\\\/image\\\/\",\"url\":\"https:\\\/\\\/www.visitklagenfurt.at\\\/wp-content\\\/uploads\\\/2022\\\/03\\\/DT_K_Klagenfurt_S_RGB.png\",\"contentUrl\":\"https:\\\/\\\/www.visitklagenfurt.at\\\/wp-content\\\/uploads\\\/2022\\\/03\\\/DT_K_Klagenfurt_S_RGB.png\",\"width\":2082,\"height\":1511,\"caption\":\"Tourismus Region Klagenfurt am W\u00f6rthersee GmbH\"},\"image\":{\"@id\":\"https:\\\/\\\/www.visitklagenfurt.at\\\/de\\\/#\\\/schema\\\/logo\\\/image\\\/\"}}]}<\/script>\n<!-- \/ Yoast SEO plugin. -->","yoast_head_json":{"title":"Benediktinermarkt | Heimatkoster und Alpen Adria verleihen Flair","description":"Der Klagenfurter Benediktinermarkt ist mehr als Bauernbrot und buntes Gem\u00fcse. Heimatkoster treffen auf Fieranten aus Italien und Slowenien.","robots":{"index":"index","follow":"follow","max-snippet":"max-snippet:-1","max-image-preview":"max-image-preview:large","max-video-preview":"max-video-preview:-1"},"canonical":"https:\/\/www.visitklagenfurt.at\/de\/essen-und-trinken\/maerkte\/benediktiner-markt\/","og_locale":"de_DE","og_type":"article","og_title":"Benediktinermarkt | Heimatkoster und Alpen Adria verleihen Flair","og_description":"Der Klagenfurter Benediktinermarkt ist mehr als Bauernbrot und buntes Gem\u00fcse. Heimatkoster treffen auf Fieranten aus Italien und Slowenien.","og_url":"https:\/\/www.visitklagenfurt.at\/de\/essen-und-trinken\/maerkte\/benediktiner-markt\/","og_site_name":"visitklagenfurt","article_modified_time":"2021-03-23T13:55:13+00:00","og_image":[{"width":2048,"height":1366,"url":"https:\/\/www.visitklagenfurt.at\/wp-content\/uploads\/2020\/08\/kulinarik_benediktinermarkt_c-marktamt_klagenfurt_8-web.jpg","type":"image\/jpeg"}],"twitter_card":"summary_large_image","twitter_misc":{"Gesch\u00e4tzte Lesezeit":"1\u00a0Minute"},"schema":{"@context":"https:\/\/schema.org","@graph":[{"@type":"WebPage","@id":"https:\/\/www.visitklagenfurt.at\/de\/essen-und-trinken\/maerkte\/benediktiner-markt\/","url":"https:\/\/www.visitklagenfurt.at\/de\/essen-und-trinken\/maerkte\/benediktiner-markt\/","name":"Benediktinermarkt | Heimatkoster und Alpen Adria verleihen Flair","isPartOf":{"@id":"https:\/\/www.visitklagenfurt.at\/de\/#website"},"primaryImageOfPage":{"@id":"https:\/\/www.visitklagenfurt.at\/de\/essen-und-trinken\/maerkte\/benediktiner-markt\/#primaryimage"},"image":{"@id":"https:\/\/www.visitklagenfurt.at\/de\/essen-und-trinken\/maerkte\/benediktiner-markt\/#primaryimage"},"thumbnailUrl":"https:\/\/www.visitklagenfurt.at\/wp-content\/uploads\/2020\/08\/kulinarik_benediktinermarkt_c-marktamt_klagenfurt_8-web.jpg","datePublished":"2020-12-13T22:08:23+00:00","dateModified":"2021-03-23T13:55:13+00:00","description":"Der Klagenfurter Benediktinermarkt ist mehr als Bauernbrot und buntes Gem\u00fcse. Heimatkoster treffen auf Fieranten aus Italien und Slowenien.","breadcrumb":{"@id":"https:\/\/www.visitklagenfurt.at\/de\/essen-und-trinken\/maerkte\/benediktiner-markt\/#breadcrumb"},"inLanguage":"de","potentialAction":[{"@type":"ReadAction","target":["https:\/\/www.visitklagenfurt.at\/de\/essen-und-trinken\/maerkte\/benediktiner-markt\/"]}]},{"@type":"ImageObject","inLanguage":"de","@id":"https:\/\/www.visitklagenfurt.at\/de\/essen-und-trinken\/maerkte\/benediktiner-markt\/#primaryimage","url":"https:\/\/www.visitklagenfurt.at\/wp-content\/uploads\/2020\/08\/kulinarik_benediktinermarkt_c-marktamt_klagenfurt_8-web.jpg","contentUrl":"https:\/\/www.visitklagenfurt.at\/wp-content\/uploads\/2020\/08\/kulinarik_benediktinermarkt_c-marktamt_klagenfurt_8-web.jpg","width":2048,"height":1366,"caption":"Alpen-Adria-K\u00fcche bietet Gaumenfreuden"},{"@type":"BreadcrumbList","@id":"https:\/\/www.visitklagenfurt.at\/de\/essen-und-trinken\/maerkte\/benediktiner-markt\/#breadcrumb","itemListElement":[{"@type":"ListItem","position":1,"name":"visitklagenfurt","item":"https:\/\/www.visitklagenfurt.at\/de\/"},{"@type":"ListItem","position":2,"name":"Essen &#038; Trinken","item":"https:\/\/www.visitklagenfurt.at\/de\/essen-und-trinken\/"},{"@type":"ListItem","position":3,"name":"M\u00e4rkte","item":"https:\/\/www.visitklagenfurt.at\/de\/essen-und-trinken\/maerkte\/"},{"@type":"ListItem","position":4,"name":"Benediktiner Markt"}]},{"@type":"WebSite","@id":"https:\/\/www.visitklagenfurt.at\/de\/#website","url":"https:\/\/www.visitklagenfurt.at\/de\/","name":"visitklagenfurt","description":"","publisher":{"@id":"https:\/\/www.visitklagenfurt.at\/de\/#organization"},"potentialAction":[{"@type":"SearchAction","target":{"@type":"EntryPoint","urlTemplate":"https:\/\/www.visitklagenfurt.at\/de\/?s={search_term_string}"},"query-input":{"@type":"PropertyValueSpecification","valueRequired":true,"valueName":"search_term_string"}}],"inLanguage":"de"},{"@type":"Organization","@id":"https:\/\/www.visitklagenfurt.at\/de\/#organization","name":"Tourismus Region Klagenfurt am W\u00f6rthersee GmbH","url":"https:\/\/www.visitklagenfurt.at\/de\/","logo":{"@type":"ImageObject","inLanguage":"de","@id":"https:\/\/www.visitklagenfurt.at\/de\/#\/schema\/logo\/image\/","url":"https:\/\/www.visitklagenfurt.at\/wp-content\/uploads\/2022\/03\/DT_K_Klagenfurt_S_RGB.png","contentUrl":"https:\/\/www.visitklagenfurt.at\/wp-content\/uploads\/2022\/03\/DT_K_Klagenfurt_S_RGB.png","width":2082,"height":1511,"caption":"Tourismus Region Klagenfurt am W\u00f6rthersee GmbH"},"image":{"@id":"https:\/\/www.visitklagenfurt.at\/de\/#\/schema\/logo\/image\/"}}]}},"_links":{"self":[{"href":"https:\/\/www.visitklagenfurt.at\/de\/wp-json\/wp\/v2\/pages\/3773","targetHints":{"allow":["GET"]}}],"collection":[{"href":"https:\/\/www.visitklagenfurt.at\/de\/wp-json\/wp\/v2\/pages"}],"about":[{"href":"https:\/\/www.visitklagenfurt.at\/de\/wp-json\/wp\/v2\/types\/page"}],"author":[{"embeddable":true,"href":"https:\/\/www.visitklagenfurt.at\/de\/wp-json\/wp\/v2\/users\/2"}],"replies":[{"embeddable":true,"href":"https:\/\/www.visitklagenfurt.at\/de\/wp-json\/wp\/v2\/comments?post=3773"}],"version-history":[{"count":5,"href":"https:\/\/www.visitklagenfurt.at\/de\/wp-json\/wp\/v2\/pages\/3773\/revisions"}],"predecessor-version":[{"id":4124,"href":"https:\/\/www.visitklagenfurt.at\/de\/wp-json\/wp\/v2\/pages\/3773\/revisions\/4124"}],"up":[{"embeddable":true,"href":"https:\/\/www.visitklagenfurt.at\/de\/wp-json\/wp\/v2\/pages\/3284"}],"wp:featuredmedia":[{"embeddable":true,"href":"https:\/\/www.visitklagenfurt.at\/de\/wp-json\/wp\/v2\/media\/1068"}],"wp:attachment":[{"href":"https:\/\/www.visitklagenfurt.at\/de\/wp-json\/wp\/v2\/media?parent=3773"}],"wp:term":[{"taxonomy":"category","embeddable":true,"href":"https:\/\/www.visitklagenfurt.at\/de\/wp-json\/wp\/v2\/categories?post=3773"},{"taxonomy":"post_tag","embeddable":true,"href":"https:\/\/www.visitklagenfurt.at\/de\/wp-json\/wp\/v2\/tags?post=3773"},{"taxonomy":"seitentyp","embeddable":true,"href":"https:\/\/www.visitklagenfurt.at\/de\/wp-json\/wp\/v2\/seitentyp?post=3773"}],"curies":[{"name":"wp","href":"https:\/\/api.w.org\/{rel}","templated":true}]}}