{"id":56932,"date":"2023-08-08T09:54:08","date_gmt":"2023-08-08T07:54:08","guid":{"rendered":"https:\/\/www.visitklagenfurt.at\/?page_id=56932"},"modified":"2023-08-11T11:47:04","modified_gmt":"2023-08-11T09:47:04","slug":"aktuelle-unwetter-folgen","status":"publish","type":"page","link":"https:\/\/www.visitklagenfurt.at\/de\/services\/aktuelle-unwetter-folgen\/","title":{"rendered":"Aktuelle Unwetter-Folgen: Beeintr\u00e4chtigungen touristischer Infrastruktur"},"content":{"rendered":"\n<p>Die Anreise nach K\u00e4rnten ist problemlos m\u00f6glich.<br>Aufgrund der Wetterlage am vergangenen Wochenende gibt es einige Stra\u00dfensperren.<\/p>\n\n\n\n<ul class=\"wp-block-list\">\n<li><a href=\"https:\/\/www.oeamtc.at\/verkehrsservice\/?region=at-2&amp;view=uebersicht\" target=\"_blank\" rel=\"noreferrer noopener\">\u00d6AMTC Verkehrsservice<\/a><\/li>\n\n\n\n<li><a href=\"https:\/\/www.ktn.gv.at\/\" target=\"_blank\" rel=\"noreferrer noopener\">Informationen seitens des Landes K\u00e4rnten<\/a><\/li>\n<\/ul>\n\n\n\n<p><\/p>\n\n\n\n<p>F\u00fcr weitere Ausk\u00fcnfte kontaktieren Sie bitte unsere Urlaubsinformation <a href=\"telto:004304632874630\">+43 (0) 463 &#8211; 287&nbsp;463 &#8211; 0<\/a> oder Ihre Unterkunft vor Ort.<\/p>\n\n\n\n<h2 class=\"wp-block-heading\" id=\"h-klagenfurt-am-worthersee\">Klagenfurt am W\u00f6rthersee<\/h2>\n\n\n\n<ul class=\"wp-block-list\">\n<li>Die gesamte Golfclub Seltenheim Anlage inklusive Driving Rage ist bis auf weiteres geschlossen.<\/li>\n\n\n\n<li>Der Drauradweg ist bist auf weiteres gesperrt.<\/li>\n<\/ul>\n\n\n\n<h2 class=\"wp-block-heading\" id=\"h-mittelkarnten\">Mittelk\u00e4rnten<\/h2>\n\n\n\n<ul class=\"wp-block-list\">\n<li>Der <strong>Abenteuer Wasser Weg <\/strong>in Liebenfels ist derzeit nicht begehbar und <strong>gesperrt<\/strong>.<\/li>\n\n\n\n<li>Der <strong>Glanradweg<\/strong> ist aktuell <strong>gesperrt <\/strong>und nicht befahrbar!<\/li>\n<\/ul>\n\n\n\n<p><\/p>\n\n\n\n<p>Tourismus Region Mittelk\u00e4rnten <a href=\"telto:0043421245608\">+43 (0) 4212 &#8211; 45608<\/a><\/p>\n\n\n\n<h2 class=\"wp-block-heading\" id=\"h-sudkarnten\">S\u00fcdk\u00e4rnten<\/h2>\n\n\n\n<ul class=\"wp-block-list\">\n<li><strong>Petzen Bergbahn<\/strong> ist bis auf weiteres <strong>gesperrt<\/strong>.<\/li>\n<\/ul>\n\n\n\n<p><\/p>\n\n\n\n<p>Tourismus Region S\u00fcdk\u00e4rnten <a href=\"telto:004342392222\">+43 (0) 4239 &#8211; 2222<\/a><\/p>\n","protected":false},"excerpt":{"rendered":"<p>Die Anreise nach K\u00e4rnten ist problemlos m\u00f6glich.Aufgrund der Wetterlage am vergangenen Wochenende gibt es einige Stra\u00dfensperren. F\u00fcr weitere Ausk\u00fcnfte kontaktieren Sie bitte unsere Urlaubsinformation +43 (0) 463 &#8211; 287&nbsp;463 &#8211; 0 oder Ihre Unterkunft vor Ort. Klagenfurt am W\u00f6rthersee Mittelk\u00e4rnten Tourismus Region Mittelk\u00e4rnten +43 (0) 4212 &#8211; 45608 S\u00fcdk\u00e4rnten Tourismus Region S\u00fcdk\u00e4rnten +43 (0) 4239 [&hellip;]<\/p>\n","protected":false},"author":31,"featured_media":2195,"parent":10037,"menu_order":0,"comment_status":"closed","ping_status":"closed","template":"","meta":{"footnotes":""},"categories":[],"tags":[],"seitentyp":[811],"class_list":["post-56932","page","type-page","status-publish","has-post-thumbnail","hentry","seitentyp-information"],"yoast_head":"<!-- This site is optimized with the Yoast SEO plugin v27.5 - https:\/\/yoast.com\/product\/yoast-seo-wordpress\/ -->\n<title>Aktuelle Unwetter-Folgen: Beeintr\u00e4chtigungen touristischer Infrastruktur | visitklagenfurt<\/title>\n<meta name=\"robots\" content=\"index, follow, max-snippet:-1, max-image-preview:large, max-video-preview:-1\" \/>\n<link rel=\"canonical\" href=\"https:\/\/www.visitklagenfurt.at\/de\/services\/aktuelle-unwetter-folgen\/\" \/>\n<meta property=\"og:locale\" content=\"de_DE\" \/>\n<meta property=\"og:type\" content=\"article\" \/>\n<meta property=\"og:title\" content=\"Aktuelle Unwetter-Folgen: Beeintr\u00e4chtigungen touristischer Infrastruktur | visitklagenfurt\" \/>\n<meta property=\"og:description\" content=\"Die Anreise nach K\u00e4rnten ist problemlos m\u00f6glich.Aufgrund der Wetterlage am vergangenen Wochenende gibt es einige Stra\u00dfensperren. F\u00fcr weitere Ausk\u00fcnfte kontaktieren Sie bitte unsere Urlaubsinformation +43 (0) 463 &#8211; 287&nbsp;463 &#8211; 0 oder Ihre Unterkunft vor Ort. Klagenfurt am W\u00f6rthersee Mittelk\u00e4rnten Tourismus Region Mittelk\u00e4rnten +43 (0) 4212 &#8211; 45608 S\u00fcdk\u00e4rnten Tourismus Region S\u00fcdk\u00e4rnten +43 (0) 4239 [&hellip;]\" \/>\n<meta property=\"og:url\" content=\"https:\/\/www.visitklagenfurt.at\/de\/services\/aktuelle-unwetter-folgen\/\" \/>\n<meta property=\"og:site_name\" content=\"visitklagenfurt\" \/>\n<meta property=\"article:modified_time\" content=\"2023-08-11T09:47:04+00:00\" \/>\n<meta property=\"og:image\" content=\"https:\/\/www.visitklagenfurt.at\/wp-content\/uploads\/2020\/09\/innenstadt_regen_2020_c-stefan_kobald_1_jpg-web.jpg\" \/>\n\t<meta property=\"og:image:width\" content=\"2048\" \/>\n\t<meta property=\"og:image:height\" content=\"1822\" \/>\n\t<meta property=\"og:image:type\" content=\"image\/jpeg\" \/>\n<meta name=\"twitter:card\" content=\"summary_large_image\" \/>\n<meta name=\"twitter:label1\" content=\"Gesch\u00e4tzte Lesezeit\" \/>\n\t<meta name=\"twitter:data1\" content=\"1\u00a0Minute\" \/>\n<script type=\"application\/ld+json\" class=\"yoast-schema-graph\">{\"@context\":\"https:\\\/\\\/schema.org\",\"@graph\":[{\"@type\":\"WebPage\",\"@id\":\"https:\\\/\\\/www.visitklagenfurt.at\\\/de\\\/services\\\/aktuelle-unwetter-folgen\\\/\",\"url\":\"https:\\\/\\\/www.visitklagenfurt.at\\\/de\\\/services\\\/aktuelle-unwetter-folgen\\\/\",\"name\":\"Aktuelle Unwetter-Folgen: Beeintr\u00e4chtigungen touristischer Infrastruktur | visitklagenfurt\",\"isPartOf\":{\"@id\":\"https:\\\/\\\/www.visitklagenfurt.at\\\/de\\\/#website\"},\"primaryImageOfPage\":{\"@id\":\"https:\\\/\\\/www.visitklagenfurt.at\\\/de\\\/services\\\/aktuelle-unwetter-folgen\\\/#primaryimage\"},\"image\":{\"@id\":\"https:\\\/\\\/www.visitklagenfurt.at\\\/de\\\/services\\\/aktuelle-unwetter-folgen\\\/#primaryimage\"},\"thumbnailUrl\":\"https:\\\/\\\/www.visitklagenfurt.at\\\/wp-content\\\/uploads\\\/2020\\\/09\\\/innenstadt_regen_2020_c-stefan_kobald_1_jpg-web.jpg\",\"datePublished\":\"2023-08-08T07:54:08+00:00\",\"dateModified\":\"2023-08-11T09:47:04+00:00\",\"breadcrumb\":{\"@id\":\"https:\\\/\\\/www.visitklagenfurt.at\\\/de\\\/services\\\/aktuelle-unwetter-folgen\\\/#breadcrumb\"},\"inLanguage\":\"de\",\"potentialAction\":[{\"@type\":\"ReadAction\",\"target\":[\"https:\\\/\\\/www.visitklagenfurt.at\\\/de\\\/services\\\/aktuelle-unwetter-folgen\\\/\"]}]},{\"@type\":\"ImageObject\",\"inLanguage\":\"de\",\"@id\":\"https:\\\/\\\/www.visitklagenfurt.at\\\/de\\\/services\\\/aktuelle-unwetter-folgen\\\/#primaryimage\",\"url\":\"https:\\\/\\\/www.visitklagenfurt.at\\\/wp-content\\\/uploads\\\/2020\\\/09\\\/innenstadt_regen_2020_c-stefan_kobald_1_jpg-web.jpg\",\"contentUrl\":\"https:\\\/\\\/www.visitklagenfurt.at\\\/wp-content\\\/uploads\\\/2020\\\/09\\\/innenstadt_regen_2020_c-stefan_kobald_1_jpg-web.jpg\",\"width\":2048,\"height\":1822,\"caption\":\"(c) Stefan Kobald\"},{\"@type\":\"BreadcrumbList\",\"@id\":\"https:\\\/\\\/www.visitklagenfurt.at\\\/de\\\/services\\\/aktuelle-unwetter-folgen\\\/#breadcrumb\",\"itemListElement\":[{\"@type\":\"ListItem\",\"position\":1,\"name\":\"visitklagenfurt\",\"item\":\"https:\\\/\\\/www.visitklagenfurt.at\\\/de\\\/\"},{\"@type\":\"ListItem\",\"position\":2,\"name\":\"Services\",\"item\":\"https:\\\/\\\/www.visitklagenfurt.at\\\/de\\\/services\\\/\"},{\"@type\":\"ListItem\",\"position\":3,\"name\":\"Aktuelle Unwetter-Folgen: Beeintr\u00e4chtigungen touristischer Infrastruktur\"}]},{\"@type\":\"WebSite\",\"@id\":\"https:\\\/\\\/www.visitklagenfurt.at\\\/de\\\/#website\",\"url\":\"https:\\\/\\\/www.visitklagenfurt.at\\\/de\\\/\",\"name\":\"visitklagenfurt\",\"description\":\"\",\"publisher\":{\"@id\":\"https:\\\/\\\/www.visitklagenfurt.at\\\/de\\\/#organization\"},\"potentialAction\":[{\"@type\":\"SearchAction\",\"target\":{\"@type\":\"EntryPoint\",\"urlTemplate\":\"https:\\\/\\\/www.visitklagenfurt.at\\\/de\\\/?s={search_term_string}\"},\"query-input\":{\"@type\":\"PropertyValueSpecification\",\"valueRequired\":true,\"valueName\":\"search_term_string\"}}],\"inLanguage\":\"de\"},{\"@type\":\"Organization\",\"@id\":\"https:\\\/\\\/www.visitklagenfurt.at\\\/de\\\/#organization\",\"name\":\"Tourismus Region Klagenfurt am W\u00f6rthersee GmbH\",\"url\":\"https:\\\/\\\/www.visitklagenfurt.at\\\/de\\\/\",\"logo\":{\"@type\":\"ImageObject\",\"inLanguage\":\"de\",\"@id\":\"https:\\\/\\\/www.visitklagenfurt.at\\\/de\\\/#\\\/schema\\\/logo\\\/image\\\/\",\"url\":\"https:\\\/\\\/www.visitklagenfurt.at\\\/wp-content\\\/uploads\\\/2022\\\/03\\\/DT_K_Klagenfurt_S_RGB.png\",\"contentUrl\":\"https:\\\/\\\/www.visitklagenfurt.at\\\/wp-content\\\/uploads\\\/2022\\\/03\\\/DT_K_Klagenfurt_S_RGB.png\",\"width\":2082,\"height\":1511,\"caption\":\"Tourismus Region Klagenfurt am W\u00f6rthersee GmbH\"},\"image\":{\"@id\":\"https:\\\/\\\/www.visitklagenfurt.at\\\/de\\\/#\\\/schema\\\/logo\\\/image\\\/\"}}]}<\/script>\n<!-- \/ Yoast SEO plugin. -->","yoast_head_json":{"title":"Aktuelle Unwetter-Folgen: Beeintr\u00e4chtigungen touristischer Infrastruktur | visitklagenfurt","robots":{"index":"index","follow":"follow","max-snippet":"max-snippet:-1","max-image-preview":"max-image-preview:large","max-video-preview":"max-video-preview:-1"},"canonical":"https:\/\/www.visitklagenfurt.at\/de\/services\/aktuelle-unwetter-folgen\/","og_locale":"de_DE","og_type":"article","og_title":"Aktuelle Unwetter-Folgen: Beeintr\u00e4chtigungen touristischer Infrastruktur | visitklagenfurt","og_description":"Die Anreise nach K\u00e4rnten ist problemlos m\u00f6glich.Aufgrund der Wetterlage am vergangenen Wochenende gibt es einige Stra\u00dfensperren. F\u00fcr weitere Ausk\u00fcnfte kontaktieren Sie bitte unsere Urlaubsinformation +43 (0) 463 &#8211; 287&nbsp;463 &#8211; 0 oder Ihre Unterkunft vor Ort. Klagenfurt am W\u00f6rthersee Mittelk\u00e4rnten Tourismus Region Mittelk\u00e4rnten +43 (0) 4212 &#8211; 45608 S\u00fcdk\u00e4rnten Tourismus Region S\u00fcdk\u00e4rnten +43 (0) 4239 [&hellip;]","og_url":"https:\/\/www.visitklagenfurt.at\/de\/services\/aktuelle-unwetter-folgen\/","og_site_name":"visitklagenfurt","article_modified_time":"2023-08-11T09:47:04+00:00","og_image":[{"width":2048,"height":1822,"url":"https:\/\/www.visitklagenfurt.at\/wp-content\/uploads\/2020\/09\/innenstadt_regen_2020_c-stefan_kobald_1_jpg-web.jpg","type":"image\/jpeg"}],"twitter_card":"summary_large_image","twitter_misc":{"Gesch\u00e4tzte Lesezeit":"1\u00a0Minute"},"schema":{"@context":"https:\/\/schema.org","@graph":[{"@type":"WebPage","@id":"https:\/\/www.visitklagenfurt.at\/de\/services\/aktuelle-unwetter-folgen\/","url":"https:\/\/www.visitklagenfurt.at\/de\/services\/aktuelle-unwetter-folgen\/","name":"Aktuelle Unwetter-Folgen: Beeintr\u00e4chtigungen touristischer Infrastruktur | visitklagenfurt","isPartOf":{"@id":"https:\/\/www.visitklagenfurt.at\/de\/#website"},"primaryImageOfPage":{"@id":"https:\/\/www.visitklagenfurt.at\/de\/services\/aktuelle-unwetter-folgen\/#primaryimage"},"image":{"@id":"https:\/\/www.visitklagenfurt.at\/de\/services\/aktuelle-unwetter-folgen\/#primaryimage"},"thumbnailUrl":"https:\/\/www.visitklagenfurt.at\/wp-content\/uploads\/2020\/09\/innenstadt_regen_2020_c-stefan_kobald_1_jpg-web.jpg","datePublished":"2023-08-08T07:54:08+00:00","dateModified":"2023-08-11T09:47:04+00:00","breadcrumb":{"@id":"https:\/\/www.visitklagenfurt.at\/de\/services\/aktuelle-unwetter-folgen\/#breadcrumb"},"inLanguage":"de","potentialAction":[{"@type":"ReadAction","target":["https:\/\/www.visitklagenfurt.at\/de\/services\/aktuelle-unwetter-folgen\/"]}]},{"@type":"ImageObject","inLanguage":"de","@id":"https:\/\/www.visitklagenfurt.at\/de\/services\/aktuelle-unwetter-folgen\/#primaryimage","url":"https:\/\/www.visitklagenfurt.at\/wp-content\/uploads\/2020\/09\/innenstadt_regen_2020_c-stefan_kobald_1_jpg-web.jpg","contentUrl":"https:\/\/www.visitklagenfurt.at\/wp-content\/uploads\/2020\/09\/innenstadt_regen_2020_c-stefan_kobald_1_jpg-web.jpg","width":2048,"height":1822,"caption":"(c) Stefan Kobald"},{"@type":"BreadcrumbList","@id":"https:\/\/www.visitklagenfurt.at\/de\/services\/aktuelle-unwetter-folgen\/#breadcrumb","itemListElement":[{"@type":"ListItem","position":1,"name":"visitklagenfurt","item":"https:\/\/www.visitklagenfurt.at\/de\/"},{"@type":"ListItem","position":2,"name":"Services","item":"https:\/\/www.visitklagenfurt.at\/de\/services\/"},{"@type":"ListItem","position":3,"name":"Aktuelle Unwetter-Folgen: Beeintr\u00e4chtigungen touristischer Infrastruktur"}]},{"@type":"WebSite","@id":"https:\/\/www.visitklagenfurt.at\/de\/#website","url":"https:\/\/www.visitklagenfurt.at\/de\/","name":"visitklagenfurt","description":"","publisher":{"@id":"https:\/\/www.visitklagenfurt.at\/de\/#organization"},"potentialAction":[{"@type":"SearchAction","target":{"@type":"EntryPoint","urlTemplate":"https:\/\/www.visitklagenfurt.at\/de\/?s={search_term_string}"},"query-input":{"@type":"PropertyValueSpecification","valueRequired":true,"valueName":"search_term_string"}}],"inLanguage":"de"},{"@type":"Organization","@id":"https:\/\/www.visitklagenfurt.at\/de\/#organization","name":"Tourismus Region Klagenfurt am W\u00f6rthersee GmbH","url":"https:\/\/www.visitklagenfurt.at\/de\/","logo":{"@type":"ImageObject","inLanguage":"de","@id":"https:\/\/www.visitklagenfurt.at\/de\/#\/schema\/logo\/image\/","url":"https:\/\/www.visitklagenfurt.at\/wp-content\/uploads\/2022\/03\/DT_K_Klagenfurt_S_RGB.png","contentUrl":"https:\/\/www.visitklagenfurt.at\/wp-content\/uploads\/2022\/03\/DT_K_Klagenfurt_S_RGB.png","width":2082,"height":1511,"caption":"Tourismus Region Klagenfurt am W\u00f6rthersee GmbH"},"image":{"@id":"https:\/\/www.visitklagenfurt.at\/de\/#\/schema\/logo\/image\/"}}]}},"_links":{"self":[{"href":"https:\/\/www.visitklagenfurt.at\/de\/wp-json\/wp\/v2\/pages\/56932","targetHints":{"allow":["GET"]}}],"collection":[{"href":"https:\/\/www.visitklagenfurt.at\/de\/wp-json\/wp\/v2\/pages"}],"about":[{"href":"https:\/\/www.visitklagenfurt.at\/de\/wp-json\/wp\/v2\/types\/page"}],"author":[{"embeddable":true,"href":"https:\/\/www.visitklagenfurt.at\/de\/wp-json\/wp\/v2\/users\/31"}],"replies":[{"embeddable":true,"href":"https:\/\/www.visitklagenfurt.at\/de\/wp-json\/wp\/v2\/comments?post=56932"}],"version-history":[{"count":8,"href":"https:\/\/www.visitklagenfurt.at\/de\/wp-json\/wp\/v2\/pages\/56932\/revisions"}],"predecessor-version":[{"id":57042,"href":"https:\/\/www.visitklagenfurt.at\/de\/wp-json\/wp\/v2\/pages\/56932\/revisions\/57042"}],"up":[{"embeddable":true,"href":"https:\/\/www.visitklagenfurt.at\/de\/wp-json\/wp\/v2\/pages\/10037"}],"wp:featuredmedia":[{"embeddable":true,"href":"https:\/\/www.visitklagenfurt.at\/de\/wp-json\/wp\/v2\/media\/2195"}],"wp:attachment":[{"href":"https:\/\/www.visitklagenfurt.at\/de\/wp-json\/wp\/v2\/media?parent=56932"}],"wp:term":[{"taxonomy":"category","embeddable":true,"href":"https:\/\/www.visitklagenfurt.at\/de\/wp-json\/wp\/v2\/categories?post=56932"},{"taxonomy":"post_tag","embeddable":true,"href":"https:\/\/www.visitklagenfurt.at\/de\/wp-json\/wp\/v2\/tags?post=56932"},{"taxonomy":"seitentyp","embeddable":true,"href":"https:\/\/www.visitklagenfurt.at\/de\/wp-json\/wp\/v2\/seitentyp?post=56932"}],"curies":[{"name":"wp","href":"https:\/\/api.w.org\/{rel}","templated":true}]}}