{"id":57660,"date":"2023-09-05T16:06:15","date_gmt":"2023-09-05T14:06:15","guid":{"rendered":"https:\/\/www.visitklagenfurt.at\/?page_id=57660"},"modified":"2023-09-06T10:50:48","modified_gmt":"2023-09-06T08:50:48","slug":"johanna-wohlfahrt","status":"publish","type":"page","link":"https:\/\/www.visitklagenfurt.at\/de\/autoren\/johanna-wohlfahrt\/","title":{"rendered":"Johanna Wohlfahrt"},"content":{"rendered":"\t\t<div data-elementor-type=\"wp-page\" data-elementor-id=\"57660\" class=\"elementor elementor-57660\" data-elementor-post-type=\"page\">\n\t\t\t\t<div class=\"elementor-element elementor-element-ccab43c e-flex e-con-boxed e-con e-parent\" data-id=\"ccab43c\" data-element_type=\"container\" data-e-type=\"container\" data-settings=\"{&quot;background_background&quot;:&quot;classic&quot;}\">\n\t\t\t\t\t<div class=\"e-con-inner\">\n\t\t<div class=\"elementor-element elementor-element-cbd5400 e-con-full e-flex e-con e-parent\" data-id=\"cbd5400\" data-element_type=\"container\" data-e-type=\"container\" data-settings=\"{&quot;background_background&quot;:&quot;classic&quot;}\">\n\t\t\t\t<div class=\"elementor-element elementor-element-53f8e0a elementor-widget elementor-widget-image\" data-id=\"53f8e0a\" data-element_type=\"widget\" data-e-type=\"widget\" data-widget_type=\"image.default\">\n\t\t\t\t<div class=\"elementor-widget-container\">\n\t\t\t\t\t\t\t\t\t\t\t\t\t\t\t<img fetchpriority=\"high\" decoding=\"async\" width=\"512\" height=\"512\" src=\"https:\/\/www.visitklagenfurt.at\/wp-content\/uploads\/2021\/07\/johanna_wohlfahrt_512.jpg\" class=\"attachment-large size-large wp-image-25486\" alt=\"\" \/>\t\t\t\t\t\t\t\t\t\t\t\t\t\t\t<\/div>\n\t\t\t\t<\/div>\n\t\t\t\t<\/div>\n\t\t<div class=\"elementor-element elementor-element-6d0393e e-con-full e-flex e-con e-parent\" data-id=\"6d0393e\" data-element_type=\"container\" data-e-type=\"container\" data-settings=\"{&quot;background_background&quot;:&quot;classic&quot;}\">\n\t\t\t\t<div class=\"elementor-element elementor-element-7478c89 elementor-widget elementor-widget-heading\" data-id=\"7478c89\" data-element_type=\"widget\" data-e-type=\"widget\" data-widget_type=\"heading.default\">\n\t\t\t\t<div class=\"elementor-widget-container\">\n\t\t\t\t\t<h1 class=\"elementor-heading-title elementor-size-default\">Johanna Wohlfahrt<\/h1>\t\t\t\t<\/div>\n\t\t\t\t<\/div>\n\t\t\t\t<div class=\"elementor-element elementor-element-7c5ae2c elementor-align-center elementor-icon-list--layout-traditional elementor-list-item-link-full_width elementor-widget elementor-widget-icon-list\" data-id=\"7c5ae2c\" data-element_type=\"widget\" data-e-type=\"widget\" data-widget_type=\"icon-list.default\">\n\t\t\t\t<div class=\"elementor-widget-container\">\n\t\t\t\t\t\t\t<ul class=\"elementor-icon-list-items\">\n\t\t\t\t\t\t\t<li class=\"elementor-icon-list-item\">\n\t\t\t\t\t\t\t\t\t\t\t<span class=\"elementor-icon-list-icon\">\n\t\t\t\t\t\t\t<svg aria-hidden=\"true\" class=\"e-font-icon-svg e-fab-twitter\" viewBox=\"0 0 512 512\" xmlns=\"http:\/\/www.w3.org\/2000\/svg\"><path d=\"M459.37 151.716c.325 4.548.325 9.097.325 13.645 0 138.72-105.583 298.558-298.558 298.558-59.452 0-114.68-17.219-161.137-47.106 8.447.974 16.568 1.299 25.34 1.299 49.055 0 94.213-16.568 130.274-44.832-46.132-.975-84.792-31.188-98.112-72.772 6.498.974 12.995 1.624 19.818 1.624 9.421 0 18.843-1.3 27.614-3.573-48.081-9.747-84.143-51.98-84.143-102.985v-1.299c13.969 7.797 30.214 12.67 47.431 13.319-28.264-18.843-46.781-51.005-46.781-87.391 0-19.492 5.197-37.36 14.294-52.954 51.655 63.675 129.3 105.258 216.365 109.807-1.624-7.797-2.599-15.918-2.599-24.04 0-57.828 46.782-104.934 104.934-104.934 30.213 0 57.502 12.67 76.67 33.137 23.715-4.548 46.456-13.32 66.599-25.34-7.798 24.366-24.366 44.833-46.132 57.827 21.117-2.273 41.584-8.122 60.426-16.243-14.292 20.791-32.161 39.308-52.628 54.253z\"><\/path><\/svg>\t\t\t\t\t\t<\/span>\n\t\t\t\t\t\t\t\t\t\t<span class=\"elementor-icon-list-text\">Listenelement #1<\/span>\n\t\t\t\t\t\t\t\t\t<\/li>\n\t\t\t\t\t\t\t\t<li class=\"elementor-icon-list-item\">\n\t\t\t\t\t\t\t\t\t\t\t<span class=\"elementor-icon-list-icon\">\n\t\t\t\t\t\t\t<svg aria-hidden=\"true\" class=\"e-font-icon-svg e-fab-facebook\" viewBox=\"0 0 512 512\" xmlns=\"http:\/\/www.w3.org\/2000\/svg\"><path d=\"M504 256C504 119 393 8 256 8S8 119 8 256c0 123.78 90.69 226.38 209.25 245V327.69h-63V256h63v-54.64c0-62.15 37-96.48 93.67-96.48 27.14 0 55.52 4.84 55.52 4.84v61h-31.28c-30.8 0-40.41 19.12-40.41 38.73V256h68.78l-11 71.69h-57.78V501C413.31 482.38 504 379.78 504 256z\"><\/path><\/svg>\t\t\t\t\t\t<\/span>\n\t\t\t\t\t\t\t\t\t\t<span class=\"elementor-icon-list-text\">Listenelement #2<\/span>\n\t\t\t\t\t\t\t\t\t<\/li>\n\t\t\t\t\t\t\t\t<li class=\"elementor-icon-list-item\">\n\t\t\t\t\t\t\t\t\t\t\t<span class=\"elementor-icon-list-icon\">\n\t\t\t\t\t\t\t<svg aria-hidden=\"true\" class=\"e-font-icon-svg e-fab-instagram\" viewBox=\"0 0 448 512\" xmlns=\"http:\/\/www.w3.org\/2000\/svg\"><path d=\"M224.1 141c-63.6 0-114.9 51.3-114.9 114.9s51.3 114.9 114.9 114.9S339 319.5 339 255.9 287.7 141 224.1 141zm0 189.6c-41.1 0-74.7-33.5-74.7-74.7s33.5-74.7 74.7-74.7 74.7 33.5 74.7 74.7-33.6 74.7-74.7 74.7zm146.4-194.3c0 14.9-12 26.8-26.8 26.8-14.9 0-26.8-12-26.8-26.8s12-26.8 26.8-26.8 26.8 12 26.8 26.8zm76.1 27.2c-1.7-35.9-9.9-67.7-36.2-93.9-26.2-26.2-58-34.4-93.9-36.2-37-2.1-147.9-2.1-184.9 0-35.8 1.7-67.6 9.9-93.9 36.1s-34.4 58-36.2 93.9c-2.1 37-2.1 147.9 0 184.9 1.7 35.9 9.9 67.7 36.2 93.9s58 34.4 93.9 36.2c37 2.1 147.9 2.1 184.9 0 35.9-1.7 67.7-9.9 93.9-36.2 26.2-26.2 34.4-58 36.2-93.9 2.1-37 2.1-147.8 0-184.8zM398.8 388c-7.8 19.6-22.9 34.7-42.6 42.6-29.5 11.7-99.5 9-132.1 9s-102.7 2.6-132.1-9c-19.6-7.8-34.7-22.9-42.6-42.6-11.7-29.5-9-99.5-9-132.1s-2.6-102.7 9-132.1c7.8-19.6 22.9-34.7 42.6-42.6 29.5-11.7 99.5-9 132.1-9s102.7-2.6 132.1 9c19.6 7.8 34.7 22.9 42.6 42.6 11.7 29.5 9 99.5 9 132.1s2.7 102.7-9 132.1z\"><\/path><\/svg>\t\t\t\t\t\t<\/span>\n\t\t\t\t\t\t\t\t\t\t<span class=\"elementor-icon-list-text\">Listenelement #3<\/span>\n\t\t\t\t\t\t\t\t\t<\/li>\n\t\t\t\t\t\t\t\t<li class=\"elementor-icon-list-item\">\n\t\t\t\t\t\t\t\t\t\t\t<span class=\"elementor-icon-list-icon\">\n\t\t\t\t\t\t\t<svg aria-hidden=\"true\" class=\"e-font-icon-svg e-fas-globe\" viewBox=\"0 0 496 512\" xmlns=\"http:\/\/www.w3.org\/2000\/svg\"><path d=\"M336.5 160C322 70.7 287.8 8 248 8s-74 62.7-88.5 152h177zM152 256c0 22.2 1.2 43.5 3.3 64h185.3c2.1-20.5 3.3-41.8 3.3-64s-1.2-43.5-3.3-64H155.3c-2.1 20.5-3.3 41.8-3.3 64zm324.7-96c-28.6-67.9-86.5-120.4-158-141.6 24.4 33.8 41.2 84.7 50 141.6h108zM177.2 18.4C105.8 39.6 47.8 92.1 19.3 160h108c8.7-56.9 25.5-107.8 49.9-141.6zM487.4 192H372.7c2.1 21 3.3 42.5 3.3 64s-1.2 43-3.3 64h114.6c5.5-20.5 8.6-41.8 8.6-64s-3.1-43.5-8.5-64zM120 256c0-21.5 1.2-43 3.3-64H8.6C3.2 212.5 0 233.8 0 256s3.2 43.5 8.6 64h114.6c-2-21-3.2-42.5-3.2-64zm39.5 96c14.5 89.3 48.7 152 88.5 152s74-62.7 88.5-152h-177zm159.3 141.6c71.4-21.2 129.4-73.7 158-141.6h-108c-8.8 56.9-25.6 107.8-50 141.6zM19.3 352c28.6 67.9 86.5 120.4 158 141.6-24.4-33.8-41.2-84.7-50-141.6h-108z\"><\/path><\/svg>\t\t\t\t\t\t<\/span>\n\t\t\t\t\t\t\t\t\t\t<span class=\"elementor-icon-list-text\">Listenelement #3<\/span>\n\t\t\t\t\t\t\t\t\t<\/li>\n\t\t\t\t\t\t<\/ul>\n\t\t\t\t\t\t<\/div>\n\t\t\t\t<\/div>\n\t\t\t\t<\/div>\n\t\t<div class=\"elementor-element elementor-element-f61477f e-con-full e-flex e-con e-parent\" data-id=\"f61477f\" data-element_type=\"container\" data-e-type=\"container\" data-settings=\"{&quot;background_background&quot;:&quot;classic&quot;}\">\n\t\t\t\t<div class=\"elementor-element elementor-element-27f1395 elementor-widget elementor-widget-text-editor\" data-id=\"27f1395\" data-element_type=\"widget\" data-e-type=\"widget\" data-widget_type=\"text-editor.default\">\n\t\t\t\t<div class=\"elementor-widget-container\">\n\t\t\t\t\t\t\t\t\t<p>Hallo, Johanna Wohlfahrt mein Name. Studierte Germanistin, gelernte Printjournalistin, engagierte Bloggerin. 20 Jahre schon schreibe ich \u00fcber Reisen, Lifestyle und Trends f\u00fcr unterschiedliche Medien, Plattformen und Kan\u00e4le. Ich st\u00f6bere st\u00e4ndig nach Kuriosem, Herausragendem, nach der Story dahinter. Kaum ein Geheimtipp von K\u00e4rnten bis zur Adria, der mir verborgen bleibt. Schreibtischt\u00e4terin bin ich keine. Lieber mach ich mir selber ein Bild. Was gut ist, empfehle ich in meinen Texten gerne weiter. Alles andere bleibt au\u00dfen vor. Seit zwei Jahrzehnten ist Klagenfurt mein Habitat. Manchmal bin ich selbst erstaunt, wie sehr sich die Stadt in dieser Zeit entwickelt hat. Klagenfurt ist cool &#8211; und hier ist es nachzulesen.<\/p>\t\t\t\t\t\t\t\t<\/div>\n\t\t\t\t<\/div>\n\t\t\t\t<\/div>\n\t\t<div class=\"elementor-element elementor-element-6882529 e-flex e-con-boxed e-con e-parent\" data-id=\"6882529\" data-element_type=\"container\" data-e-type=\"container\" data-settings=\"{&quot;background_background&quot;:&quot;classic&quot;}\">\n\t\t\t\t\t<div class=\"e-con-inner\">\n\t\t\t\t<div class=\"elementor-element elementor-element-a809a62 elementor-grid-1 elementor-grid-tablet-2 elementor-grid-mobile-1 elementor-posts--thumbnail-top elementor-widget elementor-widget-posts\" data-id=\"a809a62\" data-element_type=\"widget\" data-e-type=\"widget\" data-settings=\"{&quot;classic_columns&quot;:&quot;1&quot;,&quot;pagination_type&quot;:&quot;numbers_and_prev_next&quot;,&quot;classic_columns_tablet&quot;:&quot;2&quot;,&quot;classic_columns_mobile&quot;:&quot;1&quot;,&quot;classic_row_gap&quot;:{&quot;unit&quot;:&quot;px&quot;,&quot;size&quot;:35,&quot;sizes&quot;:[]},&quot;classic_row_gap_tablet&quot;:{&quot;unit&quot;:&quot;px&quot;,&quot;size&quot;:&quot;&quot;,&quot;sizes&quot;:[]},&quot;classic_row_gap_mobile&quot;:{&quot;unit&quot;:&quot;px&quot;,&quot;size&quot;:&quot;&quot;,&quot;sizes&quot;:[]}}\" data-widget_type=\"posts.classic\">\n\t\t\t\t<div class=\"elementor-widget-container\">\n\t\t\t\t\t\t\t<div class=\"elementor-posts-container elementor-posts elementor-posts--skin-classic elementor-grid\" role=\"list\">\n\t\t\t\t<article class=\"elementor-post elementor-grid-item post-47748 post type-post status-publish format-standard has-post-thumbnail hentry category-essen-trinken tag-essen-trinken tag-silvester\" role=\"listitem\">\n\t\t\t\t<a class=\"elementor-post__thumbnail__link\" href=\"https:\/\/www.visitklagenfurt.at\/de\/blog\/essen-trinken\/silvesteressen-klagenfurt\/\" tabindex=\"-1\" >\n\t\t\t<div class=\"elementor-post__thumbnail\"><img decoding=\"async\" width=\"300\" height=\"200\" src=\"https:\/\/www.visitklagenfurt.at\/wp-content\/uploads\/2022\/12\/SILVESTER-Seepark-Resort-Daniel-Waschnig-04-2023-112JPG16.jpg\" class=\"attachment-medium size-medium wp-image-59848\" alt=\"Silvester 2023 im Seepark Resort\" \/><\/div>\n\t\t<\/a>\n\t\t\t\t<div class=\"elementor-post__text\">\n\t\t\t\t<h3 class=\"elementor-post__title\">\n\t\t\t<a href=\"https:\/\/www.visitklagenfurt.at\/de\/blog\/essen-trinken\/silvesteressen-klagenfurt\/\" >\n\t\t\t\tEssen &amp; feiern zu Silvester: Unsere Lokal-Tipps in Klagenfurt\t\t\t<\/a>\n\t\t<\/h3>\n\t\t\t\t<div class=\"elementor-post__meta-data\">\n\t\t\t\t\t<span class=\"elementor-post-author\">\n\t\t\tJohanna Wohlfahrt\t\t<\/span>\n\t\t\t\t<span class=\"elementor-post-date\">\n\t\t\t5. Dezember 2024\t\t<\/span>\n\t\t\t\t<\/div>\n\t\t\t\t<div class=\"elementor-post__excerpt\">\n\t\t\t<p>Silvester 2024 in Klagenfurt: Sich in Schale werfen, an einem sch\u00f6n gedeckten Tisch Platz nehmen, ein mehrg\u00e4ngiges Essen genie\u00dfen und mit fein perlendem Sekt im Glas aufs neue Jahr ansto\u00dfen. Oder gleich tanzen gehen. Wer will, wer mag?<\/p>\n\t\t<\/div>\n\t\t\n\t\t<a class=\"elementor-post__read-more\" href=\"https:\/\/www.visitklagenfurt.at\/de\/blog\/essen-trinken\/silvesteressen-klagenfurt\/\" aria-label=\"Mehr \u00fcber Essen &amp; feiern zu Silvester: Unsere Lokal-Tipps in Klagenfurt\" tabindex=\"-1\" >\n\t\t\tMehr Erfahren\t\t<\/a>\n\n\t\t\t\t<\/div>\n\t\t\t\t<\/article>\n\t\t\t\t<article class=\"elementor-post elementor-grid-item post-70510 post type-post status-publish format-standard has-post-thumbnail hentry category-stadtleben tag-stadtleben\" role=\"listitem\">\n\t\t\t\t<a class=\"elementor-post__thumbnail__link\" href=\"https:\/\/www.visitklagenfurt.at\/de\/blog\/stadtleben\/kochkurse-in-klagenfurt\/\" tabindex=\"-1\" >\n\t\t\t<div class=\"elementor-post__thumbnail\"><img decoding=\"async\" width=\"300\" height=\"200\" src=\"https:\/\/www.visitklagenfurt.at\/wp-content\/uploads\/2024\/09\/Koechelei1-c-DieDa-Daniela-Tiefling.jpg\" class=\"attachment-medium size-medium wp-image-70534\" alt=\"\" \/><\/div>\n\t\t<\/a>\n\t\t\t\t<div class=\"elementor-post__text\">\n\t\t\t\t<h3 class=\"elementor-post__title\">\n\t\t\t<a href=\"https:\/\/www.visitklagenfurt.at\/de\/blog\/stadtleben\/kochkurse-in-klagenfurt\/\" >\n\t\t\t\tUnsere Top 5 Kochkurse in &amp; nahe Klagenfurt\t\t\t<\/a>\n\t\t<\/h3>\n\t\t\t\t<div class=\"elementor-post__meta-data\">\n\t\t\t\t\t<span class=\"elementor-post-author\">\n\t\t\tJohanna Wohlfahrt\t\t<\/span>\n\t\t\t\t<span class=\"elementor-post-date\">\n\t\t\t24. Oktober 2024\t\t<\/span>\n\t\t\t\t<\/div>\n\t\t\t\t<div class=\"elementor-post__excerpt\">\n\t\t\t<p>Wer wollte immer schon gut kochen lernen? Bitte hier entlang! Diese Kochkurse in Klagenfurt sind das Pflicht-Programm f\u00fcr k\u00fcnftige K\u00fcchenk\u00fcnstler. <\/p>\n\t\t<\/div>\n\t\t\n\t\t<a class=\"elementor-post__read-more\" href=\"https:\/\/www.visitklagenfurt.at\/de\/blog\/stadtleben\/kochkurse-in-klagenfurt\/\" aria-label=\"Mehr \u00fcber Unsere Top 5 Kochkurse in &amp; nahe Klagenfurt\" tabindex=\"-1\" >\n\t\t\tMehr Erfahren\t\t<\/a>\n\n\t\t\t\t<\/div>\n\t\t\t\t<\/article>\n\t\t\t\t<article class=\"elementor-post elementor-grid-item post-58307 post type-post status-publish format-standard has-post-thumbnail hentry category-stadtleben tag-stadtleben\" role=\"listitem\">\n\t\t\t\t<a class=\"elementor-post__thumbnail__link\" href=\"https:\/\/www.visitklagenfurt.at\/de\/blog\/stadtleben\/schnittwoch-klagenfurt\/\" tabindex=\"-1\" >\n\t\t\t<div class=\"elementor-post__thumbnail\"><img loading=\"lazy\" decoding=\"async\" width=\"300\" height=\"200\" src=\"https:\/\/www.visitklagenfurt.at\/wp-content\/uploads\/2023\/09\/2-AAU-Studierende-Aula-Foto-Waschnig.jpg\" class=\"attachment-medium size-medium wp-image-70445\" alt=\"Studierende in der Aula der AAU in Klagenfurt\" \/><\/div>\n\t\t<\/a>\n\t\t\t\t<div class=\"elementor-post__text\">\n\t\t\t\t<h3 class=\"elementor-post__title\">\n\t\t\t<a href=\"https:\/\/www.visitklagenfurt.at\/de\/blog\/stadtleben\/schnittwoch-klagenfurt\/\" >\n\t\t\t\tSchnittwoch &#038; Co in Klagenfurt: Wo Studis jetzt sparen k\u00f6nnen\t\t\t<\/a>\n\t\t<\/h3>\n\t\t\t\t<div class=\"elementor-post__meta-data\">\n\t\t\t\t\t<span class=\"elementor-post-author\">\n\t\t\tJohanna Wohlfahrt\t\t<\/span>\n\t\t\t\t<span class=\"elementor-post-date\">\n\t\t\t26. September 2024\t\t<\/span>\n\t\t\t\t<\/div>\n\t\t\t\t<div class=\"elementor-post__excerpt\">\n\t\t\t<p>Wo gibt&#8217;s was billiger f\u00fcr Studis? In diesem Beitrag findet ihr aktuelle Tipps zu Studentenerm\u00e4\u00dfigungen, Welcome Weeks-Offers und allerlei Schnittwoch-Angebote in Klagenfurt. <\/p>\n\t\t<\/div>\n\t\t\n\t\t<a class=\"elementor-post__read-more\" href=\"https:\/\/www.visitklagenfurt.at\/de\/blog\/stadtleben\/schnittwoch-klagenfurt\/\" aria-label=\"Mehr \u00fcber Schnittwoch &#038; Co in Klagenfurt: Wo Studis jetzt sparen k\u00f6nnen\" tabindex=\"-1\" >\n\t\t\tMehr Erfahren\t\t<\/a>\n\n\t\t\t\t<\/div>\n\t\t\t\t<\/article>\n\t\t\t\t<article class=\"elementor-post elementor-grid-item post-70076 post type-post status-publish format-standard has-post-thumbnail hentry category-stadtleben tag-delikatessen-lebensmittel tag-maerkte\" role=\"listitem\">\n\t\t\t\t<a class=\"elementor-post__thumbnail__link\" href=\"https:\/\/www.visitklagenfurt.at\/de\/blog\/stadtleben\/erntedank-in-klagenfurt\/\" tabindex=\"-1\" >\n\t\t\t<div class=\"elementor-post__thumbnail\"><img loading=\"lazy\" decoding=\"async\" width=\"300\" height=\"200\" src=\"https:\/\/www.visitklagenfurt.at\/wp-content\/uploads\/2024\/09\/20231007_75JahreBenediktinermarkt@Benediktinermarkt_214.jpg\" class=\"attachment-medium size-medium wp-image-70091\" alt=\"Musikalische Umrahmung Erntedank Benediktinermarkt Klagnefurt\" \/><\/div>\n\t\t<\/a>\n\t\t\t\t<div class=\"elementor-post__text\">\n\t\t\t\t<h3 class=\"elementor-post__title\">\n\t\t\t<a href=\"https:\/\/www.visitklagenfurt.at\/de\/blog\/stadtleben\/erntedank-in-klagenfurt\/\" >\n\t\t\t\tKlagenfurt feiert Erntedank im Zeichen regionaler Lebensmittel\t\t\t<\/a>\n\t\t<\/h3>\n\t\t\t\t<div class=\"elementor-post__meta-data\">\n\t\t\t\t\t<span class=\"elementor-post-author\">\n\t\t\tJohanna Wohlfahrt\t\t<\/span>\n\t\t\t\t<span class=\"elementor-post-date\">\n\t\t\t12. September 2024\t\t<\/span>\n\t\t\t\t<\/div>\n\t\t\t\t<div class=\"elementor-post__excerpt\">\n\t\t\t<p>Erntedank, das kennt man gut aus Kirchen und l\u00e4ndlichen Gegenden. Mit den Erntedankfeiern in Klagenfurt wird die Versorgung mit heimischen Lebensmitteln unter anderem dort gew\u00fcrdigt, wo sie passiert: Auf den Klagenfurter M\u00e4rkten.<\/p>\n\t\t<\/div>\n\t\t\n\t\t<a class=\"elementor-post__read-more\" href=\"https:\/\/www.visitklagenfurt.at\/de\/blog\/stadtleben\/erntedank-in-klagenfurt\/\" aria-label=\"Mehr \u00fcber Klagenfurt feiert Erntedank im Zeichen regionaler Lebensmittel\" tabindex=\"-1\" >\n\t\t\tMehr Erfahren\t\t<\/a>\n\n\t\t\t\t<\/div>\n\t\t\t\t<\/article>\n\t\t\t\t<article class=\"elementor-post elementor-grid-item post-68151 post type-post status-publish format-standard has-post-thumbnail hentry category-stadtleben tag-stadtleben\" role=\"listitem\">\n\t\t\t\t<a class=\"elementor-post__thumbnail__link\" href=\"https:\/\/www.visitklagenfurt.at\/de\/blog\/stadtleben\/nachhilfe-in-klagenfurt\/\" tabindex=\"-1\" >\n\t\t\t<div class=\"elementor-post__thumbnail\"><img loading=\"lazy\" decoding=\"async\" width=\"300\" height=\"181\" src=\"https:\/\/www.visitklagenfurt.at\/wp-content\/uploads\/2024\/08\/sujet-nachhilfe-pexels-thirdman-6503101-1.jpg\" class=\"attachment-medium size-medium wp-image-68174\" alt=\"\" \/><\/div>\n\t\t<\/a>\n\t\t\t\t<div class=\"elementor-post__text\">\n\t\t\t\t<h3 class=\"elementor-post__title\">\n\t\t\t<a href=\"https:\/\/www.visitklagenfurt.at\/de\/blog\/stadtleben\/nachhilfe-in-klagenfurt\/\" >\n\t\t\t\tUnser Guide zur besten Nachhilfe in Klagenfurt\t\t\t<\/a>\n\t\t<\/h3>\n\t\t\t\t<div class=\"elementor-post__meta-data\">\n\t\t\t\t\t<span class=\"elementor-post-author\">\n\t\t\tJohanna Wohlfahrt\t\t<\/span>\n\t\t\t\t<span class=\"elementor-post-date\">\n\t\t\t8. August 2024\t\t<\/span>\n\t\t\t\t<\/div>\n\t\t\t\t<div class=\"elementor-post__excerpt\">\n\t\t\t<p>Manche Pers\u00f6nlichkeiten und Schulf\u00e4cher passen einfach nicht zusammen. Kommt vor. Wenn ihr also eine Nachpr\u00fcfung habt oder auch unterm Jahr den Schulstoff besser verstehen wollt,<\/p>\n\t\t<\/div>\n\t\t\n\t\t<a class=\"elementor-post__read-more\" href=\"https:\/\/www.visitklagenfurt.at\/de\/blog\/stadtleben\/nachhilfe-in-klagenfurt\/\" aria-label=\"Mehr \u00fcber Unser Guide zur besten Nachhilfe in Klagenfurt\" tabindex=\"-1\" >\n\t\t\tMehr Erfahren\t\t<\/a>\n\n\t\t\t\t<\/div>\n\t\t\t\t<\/article>\n\t\t\t\t<article class=\"elementor-post elementor-grid-item post-66926 post type-post status-publish format-standard has-post-thumbnail hentry category-stadtleben tag-shopping\" role=\"listitem\">\n\t\t\t\t<a class=\"elementor-post__thumbnail__link\" href=\"https:\/\/www.visitklagenfurt.at\/de\/blog\/stadtleben\/klagenfurts-beste-trachten-adressen\/\" tabindex=\"-1\" >\n\t\t\t<div class=\"elementor-post__thumbnail\"><img loading=\"lazy\" decoding=\"async\" width=\"300\" height=\"200\" src=\"https:\/\/www.visitklagenfurt.at\/wp-content\/uploads\/2024\/07\/Erbstuecke-c-Nicole-Hubmann5.jpg\" class=\"attachment-medium size-medium wp-image-66966\" alt=\"\" \/><\/div>\n\t\t<\/a>\n\t\t\t\t<div class=\"elementor-post__text\">\n\t\t\t\t<h3 class=\"elementor-post__title\">\n\t\t\t<a href=\"https:\/\/www.visitklagenfurt.at\/de\/blog\/stadtleben\/klagenfurts-beste-trachten-adressen\/\" >\n\t\t\t\tPracht in Tracht: Klagenfurts beste Trachten-Adressen\t\t\t<\/a>\n\t\t<\/h3>\n\t\t\t\t<div class=\"elementor-post__meta-data\">\n\t\t\t\t\t<span class=\"elementor-post-author\">\n\t\t\tJohanna Wohlfahrt\t\t<\/span>\n\t\t\t\t<span class=\"elementor-post-date\">\n\t\t\t1. August 2024\t\t<\/span>\n\t\t\t\t<\/div>\n\t\t\t\t<div class=\"elementor-post__excerpt\">\n\t\t\t<p>Original? Traditionell? Modern interpretiert? Oder lieber Alpenrocker-Style? Gibt&#8217;s alles! Bei diesen Top-Adressen f\u00fcr Trachten in Klagenfurt. <\/p>\n\t\t<\/div>\n\t\t\n\t\t<a class=\"elementor-post__read-more\" href=\"https:\/\/www.visitklagenfurt.at\/de\/blog\/stadtleben\/klagenfurts-beste-trachten-adressen\/\" aria-label=\"Mehr \u00fcber Pracht in Tracht: Klagenfurts beste Trachten-Adressen\" tabindex=\"-1\" >\n\t\t\tMehr Erfahren\t\t<\/a>\n\n\t\t\t\t<\/div>\n\t\t\t\t<\/article>\n\t\t\t\t<article class=\"elementor-post elementor-grid-item post-66039 post type-post status-publish format-standard has-post-thumbnail hentry category-seeleben tag-woerthersee\" role=\"listitem\">\n\t\t\t\t<a class=\"elementor-post__thumbnail__link\" href=\"https:\/\/www.visitklagenfurt.at\/de\/blog\/seeleben\/klagenfurt-per-schiff-boot\/\" tabindex=\"-1\" >\n\t\t\t<div class=\"elementor-post__thumbnail\"><img loading=\"lazy\" decoding=\"async\" width=\"300\" height=\"206\" src=\"https:\/\/www.visitklagenfurt.at\/wp-content\/uploads\/2024\/07\/Peter-Krivograd-SCHIFFE-FINAL_054.jpg\" class=\"attachment-medium size-medium wp-image-66040\" alt=\"Zwei Schiffe der W\u00f6rthersee Schiffahrt am See\" \/><\/div>\n\t\t<\/a>\n\t\t\t\t<div class=\"elementor-post__text\">\n\t\t\t\t<h3 class=\"elementor-post__title\">\n\t\t\t<a href=\"https:\/\/www.visitklagenfurt.at\/de\/blog\/seeleben\/klagenfurt-per-schiff-boot\/\" >\n\t\t\t\t8 Arten, Klagenfurt per Schiff &amp; Boot zu erkunden\t\t\t<\/a>\n\t\t<\/h3>\n\t\t\t\t<div class=\"elementor-post__meta-data\">\n\t\t\t\t\t<span class=\"elementor-post-author\">\n\t\t\tJohanna Wohlfahrt\t\t<\/span>\n\t\t\t\t<span class=\"elementor-post-date\">\n\t\t\t11. Juli 2024\t\t<\/span>\n\t\t\t\t<\/div>\n\t\t\t\t<div class=\"elementor-post__excerpt\">\n\t\t\t<p>Klagenfurt vom Wasser aus: Der Perspektivenwechsel ist leicht in der sch\u00f6nen Stadt am See. Wo&#8217;s welche Schiffe und Boote gibt, hier als \u00fcbersichtliches Listical. <\/p>\n\t\t<\/div>\n\t\t\n\t\t<a class=\"elementor-post__read-more\" href=\"https:\/\/www.visitklagenfurt.at\/de\/blog\/seeleben\/klagenfurt-per-schiff-boot\/\" aria-label=\"Mehr \u00fcber 8 Arten, Klagenfurt per Schiff &amp; Boot zu erkunden\" tabindex=\"-1\" >\n\t\t\tMehr Erfahren\t\t<\/a>\n\n\t\t\t\t<\/div>\n\t\t\t\t<\/article>\n\t\t\t\t<article class=\"elementor-post elementor-grid-item post-50898 post type-post status-publish format-standard has-post-thumbnail hentry category-sehenswertes-ausfluege tag-sehenswertes-ausfluege tag-stadtleben\" role=\"listitem\">\n\t\t\t\t<a class=\"elementor-post__thumbnail__link\" href=\"https:\/\/www.visitklagenfurt.at\/de\/blog\/sehenswertes-ausfluege\/verborgenes-klagenfurt\/\" tabindex=\"-1\" >\n\t\t\t<div class=\"elementor-post__thumbnail\"><img loading=\"lazy\" decoding=\"async\" width=\"300\" height=\"199\" src=\"https:\/\/www.visitklagenfurt.at\/wp-content\/uploads\/2023\/03\/Titelfoto-Blog-Oh-wie-schoen.png\" class=\"attachment-medium size-medium wp-image-62527\" alt=\"Blaue T\u00fcr Theatergasse f\u00fcr oh wie sch\u00f6n Aktion 2024\" \/><\/div>\n\t\t<\/a>\n\t\t\t\t<div class=\"elementor-post__text\">\n\t\t\t\t<h3 class=\"elementor-post__title\">\n\t\t\t<a href=\"https:\/\/www.visitklagenfurt.at\/de\/blog\/sehenswertes-ausfluege\/verborgenes-klagenfurt\/\" >\n\t\t\t\tOh wie sch\u00f6n! Verborgene Sch\u00f6nheiten Klagenfurts\t\t\t<\/a>\n\t\t<\/h3>\n\t\t\t\t<div class=\"elementor-post__meta-data\">\n\t\t\t\t\t<span class=\"elementor-post-author\">\n\t\t\tJohanna Wohlfahrt\t\t<\/span>\n\t\t\t\t<span class=\"elementor-post-date\">\n\t\t\t28. M\u00e4rz 2024\t\t<\/span>\n\t\t\t\t<\/div>\n\t\t\t\t<div class=\"elementor-post__excerpt\">\n\t\t\t<p>Es sind unz\u00e4hlige versteckte Perlen, die man bei einem Innenstadtbummel durch Klagenfurt entdecken kann. Die &#8222;Oh, wie sch\u00f6n&#8230;&#8220;-Aktion samt gro\u00dfem Gewinnspiel soll dies \u00e4ndern. Heuer unter dem Leitmotiv der sprechenden H\u00e4user von Klagenfurt. <\/p>\n\t\t<\/div>\n\t\t\n\t\t<a class=\"elementor-post__read-more\" href=\"https:\/\/www.visitklagenfurt.at\/de\/blog\/sehenswertes-ausfluege\/verborgenes-klagenfurt\/\" aria-label=\"Mehr \u00fcber Oh wie sch\u00f6n! Verborgene Sch\u00f6nheiten Klagenfurts\" tabindex=\"-1\" >\n\t\t\tMehr Erfahren\t\t<\/a>\n\n\t\t\t\t<\/div>\n\t\t\t\t<\/article>\n\t\t\t\t<article class=\"elementor-post elementor-grid-item post-60827 post type-post status-publish format-standard has-post-thumbnail hentry category-stadtleben tag-stadtleben\" role=\"listitem\">\n\t\t\t\t<a class=\"elementor-post__thumbnail__link\" href=\"https:\/\/www.visitklagenfurt.at\/de\/blog\/stadtleben\/dating-orte-klagenfurt\/\" tabindex=\"-1\" >\n\t\t\t<div class=\"elementor-post__thumbnail\"><img loading=\"lazy\" decoding=\"async\" width=\"300\" height=\"200\" src=\"https:\/\/www.visitklagenfurt.at\/wp-content\/uploads\/2024\/12\/beleuchtete-Lendstiege-beim-Morle-\u00a9KhFessl_DSC3804.jpg\" class=\"attachment-medium size-medium wp-image-72051\" alt=\"Die abends beleuchtete Treppe hin zum Lendkanal auf H\u00f6he Steinerne Br\u00fccke\/ Eissalon Morle in Klagenfurt\" \/><\/div>\n\t\t<\/a>\n\t\t\t\t<div class=\"elementor-post__text\">\n\t\t\t\t<h3 class=\"elementor-post__title\">\n\t\t\t<a href=\"https:\/\/www.visitklagenfurt.at\/de\/blog\/stadtleben\/dating-orte-klagenfurt\/\" >\n\t\t\t\tLove is in the Air: 10 perfekte Dating Orte in Klagenfurt\t\t\t<\/a>\n\t\t<\/h3>\n\t\t\t\t<div class=\"elementor-post__meta-data\">\n\t\t\t\t\t<span class=\"elementor-post-author\">\n\t\t\tJohanna Wohlfahrt\t\t<\/span>\n\t\t\t\t<span class=\"elementor-post-date\">\n\t\t\t1. Februar 2024\t\t<\/span>\n\t\t\t\t<\/div>\n\t\t\t\t<div class=\"elementor-post__excerpt\">\n\t\t\t<p>F\u00fcr Turtelt\u00e4ubchen und alle, die&#8217;s noch werden wollen: 10 wundersch\u00f6ne Dating Orte in Klagenfurt f\u00fcr romantische Momente, die ihr nie mehr vergessen werdet.<\/p>\n\t\t<\/div>\n\t\t\n\t\t<a class=\"elementor-post__read-more\" href=\"https:\/\/www.visitklagenfurt.at\/de\/blog\/stadtleben\/dating-orte-klagenfurt\/\" aria-label=\"Mehr \u00fcber Love is in the Air: 10 perfekte Dating Orte in Klagenfurt\" tabindex=\"-1\" >\n\t\t\tMehr Erfahren\t\t<\/a>\n\n\t\t\t\t<\/div>\n\t\t\t\t<\/article>\n\t\t\t\t<article class=\"elementor-post elementor-grid-item post-60599 post type-post status-publish format-standard has-post-thumbnail hentry category-essen-trinken tag-essen-trinken\" role=\"listitem\">\n\t\t\t\t<a class=\"elementor-post__thumbnail__link\" href=\"https:\/\/www.visitklagenfurt.at\/de\/blog\/essen-trinken\/mittagessen-klagenfurt\/\" tabindex=\"-1\" >\n\t\t\t<div class=\"elementor-post__thumbnail\"><img loading=\"lazy\" decoding=\"async\" width=\"300\" height=\"225\" src=\"https:\/\/www.visitklagenfurt.at\/wp-content\/uploads\/2024\/01\/La-Pasta1-c-KLAMAG-Johanna-Wohlfahrt.jpg\" class=\"attachment-medium size-medium wp-image-60665\" alt=\"Penne und Insalata Mista auf einem Holztisch im La Pasta Klagenfurt\" \/><\/div>\n\t\t<\/a>\n\t\t\t\t<div class=\"elementor-post__text\">\n\t\t\t\t<h3 class=\"elementor-post__title\">\n\t\t\t<a href=\"https:\/\/www.visitklagenfurt.at\/de\/blog\/essen-trinken\/mittagessen-klagenfurt\/\" >\n\t\t\t\tUnsere Top-Spots f\u00fcr ein schnelles Mittagessen in Klagenfurt\t\t\t<\/a>\n\t\t<\/h3>\n\t\t\t\t<div class=\"elementor-post__meta-data\">\n\t\t\t\t\t<span class=\"elementor-post-author\">\n\t\t\tJohanna Wohlfahrt\t\t<\/span>\n\t\t\t\t<span class=\"elementor-post-date\">\n\t\t\t18. Januar 2024\t\t<\/span>\n\t\t\t\t<\/div>\n\t\t\t\t<div class=\"elementor-post__excerpt\">\n\t\t\t<p>Wenn die Mittagspause knapp und der Hunger gro\u00df ist: An diesen Klagenfurter Adressen gibt es ein schnelles, gutes Mittagessen. Von original thail\u00e4ndischem Streetfood \u00fcber vollwertige K\u00fcche bis zu Trend-Food, Pasta- und Suppenwonnen.  <\/p>\n\t\t<\/div>\n\t\t\n\t\t<a class=\"elementor-post__read-more\" href=\"https:\/\/www.visitklagenfurt.at\/de\/blog\/essen-trinken\/mittagessen-klagenfurt\/\" aria-label=\"Mehr \u00fcber Unsere Top-Spots f\u00fcr ein schnelles Mittagessen in Klagenfurt\" tabindex=\"-1\" >\n\t\t\tMehr Erfahren\t\t<\/a>\n\n\t\t\t\t<\/div>\n\t\t\t\t<\/article>\n\t\t\t\t<article class=\"elementor-post elementor-grid-item post-59986 post type-post status-publish format-standard has-post-thumbnail hentry category-stadtleben tag-stadtleben\" role=\"listitem\">\n\t\t\t\t<a class=\"elementor-post__thumbnail__link\" href=\"https:\/\/www.visitklagenfurt.at\/de\/blog\/stadtleben\/koralmbahn-klagenfurt\/\" tabindex=\"-1\" >\n\t\t\t<div class=\"elementor-post__thumbnail\"><img loading=\"lazy\" decoding=\"async\" width=\"300\" height=\"171\" src=\"https:\/\/www.visitklagenfurt.at\/wp-content\/uploads\/2023\/12\/visualisierung-koralmtunnel-kat3-oebb-isochrom-b.jpg\" class=\"attachment-medium size-medium wp-image-59918\" alt=\"Darstellung eines Railjets, der aus dem Koralmtunnel ausf\u00e4hrt\" \/><\/div>\n\t\t<\/a>\n\t\t\t\t<div class=\"elementor-post__text\">\n\t\t\t\t<h3 class=\"elementor-post__title\">\n\t\t\t<a href=\"https:\/\/www.visitklagenfurt.at\/de\/blog\/stadtleben\/koralmbahn-klagenfurt\/\" >\n\t\t\t\tEin Jahr vor Start: Wie die Koralmbahn Klagenfurt ver\u00e4ndert\t\t\t<\/a>\n\t\t<\/h3>\n\t\t\t\t<div class=\"elementor-post__meta-data\">\n\t\t\t\t\t<span class=\"elementor-post-author\">\n\t\t\tJohanna Wohlfahrt\t\t<\/span>\n\t\t\t\t<span class=\"elementor-post-date\">\n\t\t\t7. Dezember 2023\t\t<\/span>\n\t\t\t\t<\/div>\n\t\t\t\t<div class=\"elementor-post__excerpt\">\n\t\t\t<p>Mit der Er\u00f6ffnung des Koralmbahntunnels im Dezember 2025 wird \u00d6sterreichs S\u00fcden in eine neue \u00c4ra starten. Wie wird diese Zukunft? Hier eine Sammlung an Daten und Zahlen zu m\u00f6glichen Auswirkungen der Koralmbahn auf Klagenfurt.<\/p>\n\t\t<\/div>\n\t\t\n\t\t<a class=\"elementor-post__read-more\" href=\"https:\/\/www.visitklagenfurt.at\/de\/blog\/stadtleben\/koralmbahn-klagenfurt\/\" aria-label=\"Mehr \u00fcber Ein Jahr vor Start: Wie die Koralmbahn Klagenfurt ver\u00e4ndert\" tabindex=\"-1\" >\n\t\t\tMehr Erfahren\t\t<\/a>\n\n\t\t\t\t<\/div>\n\t\t\t\t<\/article>\n\t\t\t\t<article class=\"elementor-post elementor-grid-item post-59604 post type-post status-publish format-standard has-post-thumbnail hentry category-essen-trinken tag-essen-trinken tag-stadtleben\" role=\"listitem\">\n\t\t\t\t<a class=\"elementor-post__thumbnail__link\" href=\"https:\/\/www.visitklagenfurt.at\/de\/blog\/essen-trinken\/bowls-klagenfurt\/\" tabindex=\"-1\" >\n\t\t\t<div class=\"elementor-post__thumbnail\"><img loading=\"lazy\" decoding=\"async\" width=\"300\" height=\"169\" src=\"https:\/\/www.visitklagenfurt.at\/wp-content\/uploads\/2023\/11\/Sweet-Potato-Bowl-Mittagskarte-ab-8.3.-Cotidiano.jpg\" class=\"attachment-medium size-medium wp-image-59608\" alt=\"Sweet Potato Bowl im Cotidiano\" \/><\/div>\n\t\t<\/a>\n\t\t\t\t<div class=\"elementor-post__text\">\n\t\t\t\t<h3 class=\"elementor-post__title\">\n\t\t\t<a href=\"https:\/\/www.visitklagenfurt.at\/de\/blog\/essen-trinken\/bowls-klagenfurt\/\" >\n\t\t\t\tDiese Lokale haben die besten Bowls in Klagenfurt\t\t\t<\/a>\n\t\t<\/h3>\n\t\t\t\t<div class=\"elementor-post__meta-data\">\n\t\t\t\t\t<span class=\"elementor-post-author\">\n\t\t\tJohanna Wohlfahrt\t\t<\/span>\n\t\t\t\t<span class=\"elementor-post-date\">\n\t\t\t23. November 2023\t\t<\/span>\n\t\t\t\t<\/div>\n\t\t\t\t<div class=\"elementor-post__excerpt\">\n\t\t\t<p>Wer hier hat noch Gusto auf eine Sch\u00fcssel voll Gl\u00fcck? Kommt mit auf einen Streifzug durch unsere liebsten Klagenfurter Genussadressen f\u00fcr eine frische, k\u00f6stliche Bowl. <\/p>\n\t\t<\/div>\n\t\t\n\t\t<a class=\"elementor-post__read-more\" href=\"https:\/\/www.visitklagenfurt.at\/de\/blog\/essen-trinken\/bowls-klagenfurt\/\" aria-label=\"Mehr \u00fcber Diese Lokale haben die besten Bowls in Klagenfurt\" tabindex=\"-1\" >\n\t\t\tMehr Erfahren\t\t<\/a>\n\n\t\t\t\t<\/div>\n\t\t\t\t<\/article>\n\t\t\t\t<\/div>\n\t\t\n\t\t\t\t<div class=\"e-load-more-anchor\" data-page=\"1\" data-max-page=\"5\" data-next-page=\"https:\/\/www.visitklagenfurt.at\/de\/wp-json\/wp\/v2\/pages\/57660\/page\/2\/\"><\/div>\n\t\t\t\t<nav class=\"elementor-pagination\" aria-label=\"Seitennummerierung\">\n\t\t\t<span class=\"page-numbers prev\">&laquo;<\/span>\n<span aria-current=\"page\" class=\"page-numbers current\"><span class=\"elementor-screen-only\">Seite<\/span>1<\/span>\n<a class=\"page-numbers\" href=\"https:\/\/www.visitklagenfurt.at\/de\/wp-json\/wp\/v2\/pages\/57660\/page\/2\/\"><span class=\"elementor-screen-only\">Seite<\/span>2<\/a>\n<a class=\"page-numbers\" href=\"https:\/\/www.visitklagenfurt.at\/de\/wp-json\/wp\/v2\/pages\/57660\/page\/3\/\"><span class=\"elementor-screen-only\">Seite<\/span>3<\/a>\n<a class=\"page-numbers\" href=\"https:\/\/www.visitklagenfurt.at\/de\/wp-json\/wp\/v2\/pages\/57660\/page\/4\/\"><span class=\"elementor-screen-only\">Seite<\/span>4<\/a>\n<a class=\"page-numbers\" href=\"https:\/\/www.visitklagenfurt.at\/de\/wp-json\/wp\/v2\/pages\/57660\/page\/5\/\"><span class=\"elementor-screen-only\">Seite<\/span>5<\/a>\n<a class=\"page-numbers next\" href=\"https:\/\/www.visitklagenfurt.at\/de\/wp-json\/wp\/v2\/pages\/57660\/page\/2\/\">&raquo;<\/a>\t\t<\/nav>\n\t\t\t\t\t\t<\/div>\n\t\t\t\t<\/div>\n\t\t\t\t\t<\/div>\n\t\t\t\t<\/div>\n\t\t\t\t\t<\/div>\n\t\t\t\t<\/div>\n\t\t\t\t<\/div>\n\t\t","protected":false},"excerpt":{"rendered":"<p>Listenelement #1 Listenelement #2 Listenelement #3 Listenelement #3 Hallo, Johanna Wohlfahrt mein Name. Studierte Germanistin, gelernte Printjournalistin, engagierte Bloggerin. 20 Jahre schon schreibe ich \u00fcber Reisen, Lifestyle und Trends f\u00fcr unterschiedliche Medien, Plattformen und Kan\u00e4le. Ich st\u00f6bere st\u00e4ndig nach Kuriosem, Herausragendem, nach der Story dahinter. Kaum ein Geheimtipp von K\u00e4rnten bis zur Adria, der mir [&hellip;]<\/p>\n","protected":false},"author":2,"featured_media":25486,"parent":57601,"menu_order":0,"comment_status":"closed","ping_status":"closed","template":"elementor_header_footer","meta":{"footnotes":""},"categories":[],"tags":[],"seitentyp":[],"class_list":["post-57660","page","type-page","status-publish","has-post-thumbnail","hentry"],"yoast_head":"<!-- This site is optimized with the Yoast SEO plugin v27.5 - https:\/\/yoast.com\/product\/yoast-seo-wordpress\/ -->\n<title>Johanna Wohlfahrt | visitklagenfurt<\/title>\n<meta name=\"robots\" content=\"index, follow, max-snippet:-1, max-image-preview:large, max-video-preview:-1\" \/>\n<link rel=\"canonical\" href=\"https:\/\/www.visitklagenfurt.at\/de\/autoren\/johanna-wohlfahrt\/\" \/>\n<meta property=\"og:locale\" content=\"de_DE\" \/>\n<meta property=\"og:type\" content=\"article\" \/>\n<meta property=\"og:title\" content=\"Johanna Wohlfahrt | visitklagenfurt\" \/>\n<meta property=\"og:description\" content=\"Listenelement #1 Listenelement #2 Listenelement #3 Listenelement #3 Hallo, Johanna Wohlfahrt mein Name. Studierte Germanistin, gelernte Printjournalistin, engagierte Bloggerin. 20 Jahre schon schreibe ich \u00fcber Reisen, Lifestyle und Trends f\u00fcr unterschiedliche Medien, Plattformen und Kan\u00e4le. Ich st\u00f6bere st\u00e4ndig nach Kuriosem, Herausragendem, nach der Story dahinter. Kaum ein Geheimtipp von K\u00e4rnten bis zur Adria, der mir [&hellip;]\" \/>\n<meta property=\"og:url\" content=\"https:\/\/www.visitklagenfurt.at\/de\/autoren\/johanna-wohlfahrt\/\" \/>\n<meta property=\"og:site_name\" content=\"visitklagenfurt\" \/>\n<meta property=\"article:modified_time\" content=\"2023-09-06T08:50:48+00:00\" \/>\n<meta property=\"og:image\" content=\"https:\/\/www.visitklagenfurt.at\/wp-content\/uploads\/2021\/07\/johanna_wohlfahrt_512.jpg\" \/>\n\t<meta property=\"og:image:width\" content=\"512\" \/>\n\t<meta property=\"og:image:height\" content=\"512\" \/>\n\t<meta property=\"og:image:type\" content=\"image\/jpeg\" \/>\n<meta name=\"twitter:card\" content=\"summary_large_image\" \/>\n<meta name=\"twitter:label1\" content=\"Gesch\u00e4tzte Lesezeit\" \/>\n\t<meta name=\"twitter:data1\" content=\"7\u00a0Minuten\" \/>\n<script type=\"application\/ld+json\" class=\"yoast-schema-graph\">{\"@context\":\"https:\\\/\\\/schema.org\",\"@graph\":[{\"@type\":\"WebPage\",\"@id\":\"https:\\\/\\\/www.visitklagenfurt.at\\\/de\\\/autoren\\\/johanna-wohlfahrt\\\/\",\"url\":\"https:\\\/\\\/www.visitklagenfurt.at\\\/de\\\/autoren\\\/johanna-wohlfahrt\\\/\",\"name\":\"Johanna Wohlfahrt | visitklagenfurt\",\"isPartOf\":{\"@id\":\"https:\\\/\\\/www.visitklagenfurt.at\\\/de\\\/#website\"},\"primaryImageOfPage\":{\"@id\":\"https:\\\/\\\/www.visitklagenfurt.at\\\/de\\\/autoren\\\/johanna-wohlfahrt\\\/#primaryimage\"},\"image\":{\"@id\":\"https:\\\/\\\/www.visitklagenfurt.at\\\/de\\\/autoren\\\/johanna-wohlfahrt\\\/#primaryimage\"},\"thumbnailUrl\":\"https:\\\/\\\/www.visitklagenfurt.at\\\/wp-content\\\/uploads\\\/2021\\\/07\\\/johanna_wohlfahrt_512.jpg\",\"datePublished\":\"2023-09-05T14:06:15+00:00\",\"dateModified\":\"2023-09-06T08:50:48+00:00\",\"breadcrumb\":{\"@id\":\"https:\\\/\\\/www.visitklagenfurt.at\\\/de\\\/autoren\\\/johanna-wohlfahrt\\\/#breadcrumb\"},\"inLanguage\":\"de\",\"potentialAction\":[{\"@type\":\"ReadAction\",\"target\":[\"https:\\\/\\\/www.visitklagenfurt.at\\\/de\\\/autoren\\\/johanna-wohlfahrt\\\/\"]}]},{\"@type\":\"ImageObject\",\"inLanguage\":\"de\",\"@id\":\"https:\\\/\\\/www.visitklagenfurt.at\\\/de\\\/autoren\\\/johanna-wohlfahrt\\\/#primaryimage\",\"url\":\"https:\\\/\\\/www.visitklagenfurt.at\\\/wp-content\\\/uploads\\\/2021\\\/07\\\/johanna_wohlfahrt_512.jpg\",\"contentUrl\":\"https:\\\/\\\/www.visitklagenfurt.at\\\/wp-content\\\/uploads\\\/2021\\\/07\\\/johanna_wohlfahrt_512.jpg\",\"width\":512,\"height\":512},{\"@type\":\"BreadcrumbList\",\"@id\":\"https:\\\/\\\/www.visitklagenfurt.at\\\/de\\\/autoren\\\/johanna-wohlfahrt\\\/#breadcrumb\",\"itemListElement\":[{\"@type\":\"ListItem\",\"position\":1,\"name\":\"visitklagenfurt\",\"item\":\"https:\\\/\\\/www.visitklagenfurt.at\\\/de\\\/\"},{\"@type\":\"ListItem\",\"position\":2,\"name\":\"Autoren\",\"item\":\"https:\\\/\\\/www.visitklagenfurt.at\\\/de\\\/autoren\\\/\"},{\"@type\":\"ListItem\",\"position\":3,\"name\":\"Johanna Wohlfahrt\"}]},{\"@type\":\"WebSite\",\"@id\":\"https:\\\/\\\/www.visitklagenfurt.at\\\/de\\\/#website\",\"url\":\"https:\\\/\\\/www.visitklagenfurt.at\\\/de\\\/\",\"name\":\"visitklagenfurt\",\"description\":\"\",\"publisher\":{\"@id\":\"https:\\\/\\\/www.visitklagenfurt.at\\\/de\\\/#organization\"},\"potentialAction\":[{\"@type\":\"SearchAction\",\"target\":{\"@type\":\"EntryPoint\",\"urlTemplate\":\"https:\\\/\\\/www.visitklagenfurt.at\\\/de\\\/?s={search_term_string}\"},\"query-input\":{\"@type\":\"PropertyValueSpecification\",\"valueRequired\":true,\"valueName\":\"search_term_string\"}}],\"inLanguage\":\"de\"},{\"@type\":\"Organization\",\"@id\":\"https:\\\/\\\/www.visitklagenfurt.at\\\/de\\\/#organization\",\"name\":\"Tourismus Region Klagenfurt am W\u00f6rthersee GmbH\",\"url\":\"https:\\\/\\\/www.visitklagenfurt.at\\\/de\\\/\",\"logo\":{\"@type\":\"ImageObject\",\"inLanguage\":\"de\",\"@id\":\"https:\\\/\\\/www.visitklagenfurt.at\\\/de\\\/#\\\/schema\\\/logo\\\/image\\\/\",\"url\":\"https:\\\/\\\/www.visitklagenfurt.at\\\/wp-content\\\/uploads\\\/2022\\\/03\\\/DT_K_Klagenfurt_S_RGB.png\",\"contentUrl\":\"https:\\\/\\\/www.visitklagenfurt.at\\\/wp-content\\\/uploads\\\/2022\\\/03\\\/DT_K_Klagenfurt_S_RGB.png\",\"width\":2082,\"height\":1511,\"caption\":\"Tourismus Region Klagenfurt am W\u00f6rthersee GmbH\"},\"image\":{\"@id\":\"https:\\\/\\\/www.visitklagenfurt.at\\\/de\\\/#\\\/schema\\\/logo\\\/image\\\/\"}}]}<\/script>\n<!-- \/ Yoast SEO plugin. -->","yoast_head_json":{"title":"Johanna Wohlfahrt | visitklagenfurt","robots":{"index":"index","follow":"follow","max-snippet":"max-snippet:-1","max-image-preview":"max-image-preview:large","max-video-preview":"max-video-preview:-1"},"canonical":"https:\/\/www.visitklagenfurt.at\/de\/autoren\/johanna-wohlfahrt\/","og_locale":"de_DE","og_type":"article","og_title":"Johanna Wohlfahrt | visitklagenfurt","og_description":"Listenelement #1 Listenelement #2 Listenelement #3 Listenelement #3 Hallo, Johanna Wohlfahrt mein Name. Studierte Germanistin, gelernte Printjournalistin, engagierte Bloggerin. 20 Jahre schon schreibe ich \u00fcber Reisen, Lifestyle und Trends f\u00fcr unterschiedliche Medien, Plattformen und Kan\u00e4le. Ich st\u00f6bere st\u00e4ndig nach Kuriosem, Herausragendem, nach der Story dahinter. Kaum ein Geheimtipp von K\u00e4rnten bis zur Adria, der mir [&hellip;]","og_url":"https:\/\/www.visitklagenfurt.at\/de\/autoren\/johanna-wohlfahrt\/","og_site_name":"visitklagenfurt","article_modified_time":"2023-09-06T08:50:48+00:00","og_image":[{"width":512,"height":512,"url":"https:\/\/www.visitklagenfurt.at\/wp-content\/uploads\/2021\/07\/johanna_wohlfahrt_512.jpg","type":"image\/jpeg"}],"twitter_card":"summary_large_image","twitter_misc":{"Gesch\u00e4tzte Lesezeit":"7\u00a0Minuten"},"schema":{"@context":"https:\/\/schema.org","@graph":[{"@type":"WebPage","@id":"https:\/\/www.visitklagenfurt.at\/de\/autoren\/johanna-wohlfahrt\/","url":"https:\/\/www.visitklagenfurt.at\/de\/autoren\/johanna-wohlfahrt\/","name":"Johanna Wohlfahrt | visitklagenfurt","isPartOf":{"@id":"https:\/\/www.visitklagenfurt.at\/de\/#website"},"primaryImageOfPage":{"@id":"https:\/\/www.visitklagenfurt.at\/de\/autoren\/johanna-wohlfahrt\/#primaryimage"},"image":{"@id":"https:\/\/www.visitklagenfurt.at\/de\/autoren\/johanna-wohlfahrt\/#primaryimage"},"thumbnailUrl":"https:\/\/www.visitklagenfurt.at\/wp-content\/uploads\/2021\/07\/johanna_wohlfahrt_512.jpg","datePublished":"2023-09-05T14:06:15+00:00","dateModified":"2023-09-06T08:50:48+00:00","breadcrumb":{"@id":"https:\/\/www.visitklagenfurt.at\/de\/autoren\/johanna-wohlfahrt\/#breadcrumb"},"inLanguage":"de","potentialAction":[{"@type":"ReadAction","target":["https:\/\/www.visitklagenfurt.at\/de\/autoren\/johanna-wohlfahrt\/"]}]},{"@type":"ImageObject","inLanguage":"de","@id":"https:\/\/www.visitklagenfurt.at\/de\/autoren\/johanna-wohlfahrt\/#primaryimage","url":"https:\/\/www.visitklagenfurt.at\/wp-content\/uploads\/2021\/07\/johanna_wohlfahrt_512.jpg","contentUrl":"https:\/\/www.visitklagenfurt.at\/wp-content\/uploads\/2021\/07\/johanna_wohlfahrt_512.jpg","width":512,"height":512},{"@type":"BreadcrumbList","@id":"https:\/\/www.visitklagenfurt.at\/de\/autoren\/johanna-wohlfahrt\/#breadcrumb","itemListElement":[{"@type":"ListItem","position":1,"name":"visitklagenfurt","item":"https:\/\/www.visitklagenfurt.at\/de\/"},{"@type":"ListItem","position":2,"name":"Autoren","item":"https:\/\/www.visitklagenfurt.at\/de\/autoren\/"},{"@type":"ListItem","position":3,"name":"Johanna Wohlfahrt"}]},{"@type":"WebSite","@id":"https:\/\/www.visitklagenfurt.at\/de\/#website","url":"https:\/\/www.visitklagenfurt.at\/de\/","name":"visitklagenfurt","description":"","publisher":{"@id":"https:\/\/www.visitklagenfurt.at\/de\/#organization"},"potentialAction":[{"@type":"SearchAction","target":{"@type":"EntryPoint","urlTemplate":"https:\/\/www.visitklagenfurt.at\/de\/?s={search_term_string}"},"query-input":{"@type":"PropertyValueSpecification","valueRequired":true,"valueName":"search_term_string"}}],"inLanguage":"de"},{"@type":"Organization","@id":"https:\/\/www.visitklagenfurt.at\/de\/#organization","name":"Tourismus Region Klagenfurt am W\u00f6rthersee GmbH","url":"https:\/\/www.visitklagenfurt.at\/de\/","logo":{"@type":"ImageObject","inLanguage":"de","@id":"https:\/\/www.visitklagenfurt.at\/de\/#\/schema\/logo\/image\/","url":"https:\/\/www.visitklagenfurt.at\/wp-content\/uploads\/2022\/03\/DT_K_Klagenfurt_S_RGB.png","contentUrl":"https:\/\/www.visitklagenfurt.at\/wp-content\/uploads\/2022\/03\/DT_K_Klagenfurt_S_RGB.png","width":2082,"height":1511,"caption":"Tourismus Region Klagenfurt am W\u00f6rthersee GmbH"},"image":{"@id":"https:\/\/www.visitklagenfurt.at\/de\/#\/schema\/logo\/image\/"}}]}},"_links":{"self":[{"href":"https:\/\/www.visitklagenfurt.at\/de\/wp-json\/wp\/v2\/pages\/57660","targetHints":{"allow":["GET"]}}],"collection":[{"href":"https:\/\/www.visitklagenfurt.at\/de\/wp-json\/wp\/v2\/pages"}],"about":[{"href":"https:\/\/www.visitklagenfurt.at\/de\/wp-json\/wp\/v2\/types\/page"}],"author":[{"embeddable":true,"href":"https:\/\/www.visitklagenfurt.at\/de\/wp-json\/wp\/v2\/users\/2"}],"replies":[{"embeddable":true,"href":"https:\/\/www.visitklagenfurt.at\/de\/wp-json\/wp\/v2\/comments?post=57660"}],"version-history":[{"count":10,"href":"https:\/\/www.visitklagenfurt.at\/de\/wp-json\/wp\/v2\/pages\/57660\/revisions"}],"predecessor-version":[{"id":57740,"href":"https:\/\/www.visitklagenfurt.at\/de\/wp-json\/wp\/v2\/pages\/57660\/revisions\/57740"}],"up":[{"embeddable":true,"href":"https:\/\/www.visitklagenfurt.at\/de\/wp-json\/wp\/v2\/pages\/57601"}],"wp:featuredmedia":[{"embeddable":true,"href":"https:\/\/www.visitklagenfurt.at\/de\/wp-json\/wp\/v2\/media\/25486"}],"wp:attachment":[{"href":"https:\/\/www.visitklagenfurt.at\/de\/wp-json\/wp\/v2\/media?parent=57660"}],"wp:term":[{"taxonomy":"category","embeddable":true,"href":"https:\/\/www.visitklagenfurt.at\/de\/wp-json\/wp\/v2\/categories?post=57660"},{"taxonomy":"post_tag","embeddable":true,"href":"https:\/\/www.visitklagenfurt.at\/de\/wp-json\/wp\/v2\/tags?post=57660"},{"taxonomy":"seitentyp","embeddable":true,"href":"https:\/\/www.visitklagenfurt.at\/de\/wp-json\/wp\/v2\/seitentyp?post=57660"}],"curies":[{"name":"wp","href":"https:\/\/api.w.org\/{rel}","templated":true}]}}