{"id":57672,"date":"2023-09-05T16:09:18","date_gmt":"2023-09-05T14:09:18","guid":{"rendered":"https:\/\/www.visitklagenfurt.at\/?page_id=57672"},"modified":"2023-09-06T10:51:14","modified_gmt":"2023-09-06T08:51:14","slug":"johannes-wouk","status":"publish","type":"page","link":"https:\/\/www.visitklagenfurt.at\/de\/autoren\/johannes-wouk\/","title":{"rendered":"Johannes Wouk"},"content":{"rendered":"\t\t<div data-elementor-type=\"wp-page\" data-elementor-id=\"57672\" class=\"elementor elementor-57672\" data-elementor-post-type=\"page\">\n\t\t\t\t<div class=\"elementor-element elementor-element-373aacc e-flex e-con-boxed e-con e-parent\" data-id=\"373aacc\" data-element_type=\"container\" data-e-type=\"container\" data-settings=\"{&quot;background_background&quot;:&quot;classic&quot;}\">\n\t\t\t\t\t<div class=\"e-con-inner\">\n\t\t<div class=\"elementor-element elementor-element-3c937c3 e-con-full e-flex e-con e-parent\" data-id=\"3c937c3\" data-element_type=\"container\" data-e-type=\"container\" data-settings=\"{&quot;background_background&quot;:&quot;classic&quot;}\">\n\t\t\t\t<div class=\"elementor-element elementor-element-3e6b1e6 elementor-widget elementor-widget-image\" data-id=\"3e6b1e6\" data-element_type=\"widget\" data-e-type=\"widget\" data-widget_type=\"image.default\">\n\t\t\t\t<div class=\"elementor-widget-container\">\n\t\t\t\t\t\t\t\t\t\t\t\t\t\t\t<img fetchpriority=\"high\" decoding=\"async\" width=\"800\" height=\"534\" src=\"https:\/\/www.visitklagenfurt.at\/wp-content\/uploads\/2020\/08\/johannes_wouk_redakteur-1024x683.jpg\" class=\"attachment-large size-large wp-image-857\" alt=\"Redakteur Johannes Wouk\" srcset=\"https:\/\/www.visitklagenfurt.at\/wp-content\/uploads\/2020\/08\/johannes_wouk_redakteur-1024x683.jpg 1024w, https:\/\/www.visitklagenfurt.at\/wp-content\/uploads\/2020\/08\/johannes_wouk_redakteur-300x200.jpg 300w, https:\/\/www.visitklagenfurt.at\/wp-content\/uploads\/2020\/08\/johannes_wouk_redakteur-768x512.jpg 768w, https:\/\/www.visitklagenfurt.at\/wp-content\/uploads\/2020\/08\/johannes_wouk_redakteur-1536x1024.jpg 1536w, https:\/\/www.visitklagenfurt.at\/wp-content\/uploads\/2020\/08\/johannes_wouk_redakteur-2048x1366.jpg 2048w\" sizes=\"(max-width: 800px) 100vw, 800px\" \/>\t\t\t\t\t\t\t\t\t\t\t\t\t\t\t<\/div>\n\t\t\t\t<\/div>\n\t\t\t\t<\/div>\n\t\t<div class=\"elementor-element elementor-element-64ba82c e-con-full e-flex e-con e-parent\" data-id=\"64ba82c\" data-element_type=\"container\" data-e-type=\"container\" data-settings=\"{&quot;background_background&quot;:&quot;classic&quot;}\">\n\t\t\t\t<div class=\"elementor-element elementor-element-14e2fe9 elementor-widget elementor-widget-heading\" data-id=\"14e2fe9\" data-element_type=\"widget\" data-e-type=\"widget\" data-widget_type=\"heading.default\">\n\t\t\t\t<div class=\"elementor-widget-container\">\n\t\t\t\t\t<h1 class=\"elementor-heading-title elementor-size-default\">Johannes Wouk<\/h1>\t\t\t\t<\/div>\n\t\t\t\t<\/div>\n\t\t\t\t<div class=\"elementor-element elementor-element-cae92b7 elementor-align-center elementor-icon-list--layout-traditional elementor-list-item-link-full_width elementor-widget elementor-widget-icon-list\" data-id=\"cae92b7\" data-element_type=\"widget\" data-e-type=\"widget\" data-widget_type=\"icon-list.default\">\n\t\t\t\t<div class=\"elementor-widget-container\">\n\t\t\t\t\t\t\t<ul class=\"elementor-icon-list-items\">\n\t\t\t\t\t\t\t<li class=\"elementor-icon-list-item\">\n\t\t\t\t\t\t\t\t\t\t\t<span class=\"elementor-icon-list-icon\">\n\t\t\t\t\t\t\t<svg aria-hidden=\"true\" class=\"e-font-icon-svg e-fab-twitter\" viewBox=\"0 0 512 512\" xmlns=\"http:\/\/www.w3.org\/2000\/svg\"><path d=\"M459.37 151.716c.325 4.548.325 9.097.325 13.645 0 138.72-105.583 298.558-298.558 298.558-59.452 0-114.68-17.219-161.137-47.106 8.447.974 16.568 1.299 25.34 1.299 49.055 0 94.213-16.568 130.274-44.832-46.132-.975-84.792-31.188-98.112-72.772 6.498.974 12.995 1.624 19.818 1.624 9.421 0 18.843-1.3 27.614-3.573-48.081-9.747-84.143-51.98-84.143-102.985v-1.299c13.969 7.797 30.214 12.67 47.431 13.319-28.264-18.843-46.781-51.005-46.781-87.391 0-19.492 5.197-37.36 14.294-52.954 51.655 63.675 129.3 105.258 216.365 109.807-1.624-7.797-2.599-15.918-2.599-24.04 0-57.828 46.782-104.934 104.934-104.934 30.213 0 57.502 12.67 76.67 33.137 23.715-4.548 46.456-13.32 66.599-25.34-7.798 24.366-24.366 44.833-46.132 57.827 21.117-2.273 41.584-8.122 60.426-16.243-14.292 20.791-32.161 39.308-52.628 54.253z\"><\/path><\/svg>\t\t\t\t\t\t<\/span>\n\t\t\t\t\t\t\t\t\t\t<span class=\"elementor-icon-list-text\">Listenelement #1<\/span>\n\t\t\t\t\t\t\t\t\t<\/li>\n\t\t\t\t\t\t\t\t<li class=\"elementor-icon-list-item\">\n\t\t\t\t\t\t\t\t\t\t\t<span class=\"elementor-icon-list-icon\">\n\t\t\t\t\t\t\t<svg aria-hidden=\"true\" class=\"e-font-icon-svg e-fab-facebook\" viewBox=\"0 0 512 512\" xmlns=\"http:\/\/www.w3.org\/2000\/svg\"><path d=\"M504 256C504 119 393 8 256 8S8 119 8 256c0 123.78 90.69 226.38 209.25 245V327.69h-63V256h63v-54.64c0-62.15 37-96.48 93.67-96.48 27.14 0 55.52 4.84 55.52 4.84v61h-31.28c-30.8 0-40.41 19.12-40.41 38.73V256h68.78l-11 71.69h-57.78V501C413.31 482.38 504 379.78 504 256z\"><\/path><\/svg>\t\t\t\t\t\t<\/span>\n\t\t\t\t\t\t\t\t\t\t<span class=\"elementor-icon-list-text\">Listenelement #2<\/span>\n\t\t\t\t\t\t\t\t\t<\/li>\n\t\t\t\t\t\t\t\t<li class=\"elementor-icon-list-item\">\n\t\t\t\t\t\t\t\t\t\t\t<span class=\"elementor-icon-list-icon\">\n\t\t\t\t\t\t\t<svg aria-hidden=\"true\" class=\"e-font-icon-svg e-fab-instagram\" viewBox=\"0 0 448 512\" xmlns=\"http:\/\/www.w3.org\/2000\/svg\"><path d=\"M224.1 141c-63.6 0-114.9 51.3-114.9 114.9s51.3 114.9 114.9 114.9S339 319.5 339 255.9 287.7 141 224.1 141zm0 189.6c-41.1 0-74.7-33.5-74.7-74.7s33.5-74.7 74.7-74.7 74.7 33.5 74.7 74.7-33.6 74.7-74.7 74.7zm146.4-194.3c0 14.9-12 26.8-26.8 26.8-14.9 0-26.8-12-26.8-26.8s12-26.8 26.8-26.8 26.8 12 26.8 26.8zm76.1 27.2c-1.7-35.9-9.9-67.7-36.2-93.9-26.2-26.2-58-34.4-93.9-36.2-37-2.1-147.9-2.1-184.9 0-35.8 1.7-67.6 9.9-93.9 36.1s-34.4 58-36.2 93.9c-2.1 37-2.1 147.9 0 184.9 1.7 35.9 9.9 67.7 36.2 93.9s58 34.4 93.9 36.2c37 2.1 147.9 2.1 184.9 0 35.9-1.7 67.7-9.9 93.9-36.2 26.2-26.2 34.4-58 36.2-93.9 2.1-37 2.1-147.8 0-184.8zM398.8 388c-7.8 19.6-22.9 34.7-42.6 42.6-29.5 11.7-99.5 9-132.1 9s-102.7 2.6-132.1-9c-19.6-7.8-34.7-22.9-42.6-42.6-11.7-29.5-9-99.5-9-132.1s-2.6-102.7 9-132.1c7.8-19.6 22.9-34.7 42.6-42.6 29.5-11.7 99.5-9 132.1-9s102.7-2.6 132.1 9c19.6 7.8 34.7 22.9 42.6 42.6 11.7 29.5 9 99.5 9 132.1s2.7 102.7-9 132.1z\"><\/path><\/svg>\t\t\t\t\t\t<\/span>\n\t\t\t\t\t\t\t\t\t\t<span class=\"elementor-icon-list-text\">Listenelement #3<\/span>\n\t\t\t\t\t\t\t\t\t<\/li>\n\t\t\t\t\t\t\t\t<li class=\"elementor-icon-list-item\">\n\t\t\t\t\t\t\t\t\t\t\t<span class=\"elementor-icon-list-icon\">\n\t\t\t\t\t\t\t<svg aria-hidden=\"true\" class=\"e-font-icon-svg e-fas-globe\" viewBox=\"0 0 496 512\" xmlns=\"http:\/\/www.w3.org\/2000\/svg\"><path d=\"M336.5 160C322 70.7 287.8 8 248 8s-74 62.7-88.5 152h177zM152 256c0 22.2 1.2 43.5 3.3 64h185.3c2.1-20.5 3.3-41.8 3.3-64s-1.2-43.5-3.3-64H155.3c-2.1 20.5-3.3 41.8-3.3 64zm324.7-96c-28.6-67.9-86.5-120.4-158-141.6 24.4 33.8 41.2 84.7 50 141.6h108zM177.2 18.4C105.8 39.6 47.8 92.1 19.3 160h108c8.7-56.9 25.5-107.8 49.9-141.6zM487.4 192H372.7c2.1 21 3.3 42.5 3.3 64s-1.2 43-3.3 64h114.6c5.5-20.5 8.6-41.8 8.6-64s-3.1-43.5-8.5-64zM120 256c0-21.5 1.2-43 3.3-64H8.6C3.2 212.5 0 233.8 0 256s3.2 43.5 8.6 64h114.6c-2-21-3.2-42.5-3.2-64zm39.5 96c14.5 89.3 48.7 152 88.5 152s74-62.7 88.5-152h-177zm159.3 141.6c71.4-21.2 129.4-73.7 158-141.6h-108c-8.8 56.9-25.6 107.8-50 141.6zM19.3 352c28.6 67.9 86.5 120.4 158 141.6-24.4-33.8-41.2-84.7-50-141.6h-108z\"><\/path><\/svg>\t\t\t\t\t\t<\/span>\n\t\t\t\t\t\t\t\t\t\t<span class=\"elementor-icon-list-text\">Listenelement #3<\/span>\n\t\t\t\t\t\t\t\t\t<\/li>\n\t\t\t\t\t\t<\/ul>\n\t\t\t\t\t\t<\/div>\n\t\t\t\t<\/div>\n\t\t\t\t<\/div>\n\t\t<div class=\"elementor-element elementor-element-e905486 e-con-full e-flex e-con e-parent\" data-id=\"e905486\" data-element_type=\"container\" data-e-type=\"container\" data-settings=\"{&quot;background_background&quot;:&quot;classic&quot;}\">\n\t\t\t\t<div class=\"elementor-element elementor-element-f01cb3a elementor-widget elementor-widget-text-editor\" data-id=\"f01cb3a\" data-element_type=\"widget\" data-e-type=\"widget\" data-widget_type=\"text-editor.default\">\n\t\t\t\t<div class=\"elementor-widget-container\">\n\t\t\t\t\t\t\t\t\t<p>Johannes Wouk ist seit 2013 selbststa\u0308ndiger PR-Berater. Kreativdirektor &amp; Werbetexter mit Schwerpunkt Strategie, Content- und Social-Media-Management. Unter anderem war er Miterfinder und Chefredakteur des Onlinemagazins IMS\u00dcDEN.AT und Mitinitiator des Open-Air-Coworking-Spaces BUSINESSBEACH.EU und des Kulturfestivals lendspiel.org.<\/p>\t\t\t\t\t\t\t\t<\/div>\n\t\t\t\t<\/div>\n\t\t\t\t<\/div>\n\t\t<div class=\"elementor-element elementor-element-086ba4d e-flex e-con-boxed e-con e-parent\" data-id=\"086ba4d\" data-element_type=\"container\" data-e-type=\"container\" data-settings=\"{&quot;background_background&quot;:&quot;classic&quot;}\">\n\t\t\t\t\t<div class=\"e-con-inner\">\n\t\t\t\t<div class=\"elementor-element elementor-element-1023fca elementor-grid-1 elementor-grid-tablet-2 elementor-grid-mobile-1 elementor-posts--thumbnail-top elementor-widget elementor-widget-posts\" data-id=\"1023fca\" data-element_type=\"widget\" data-e-type=\"widget\" data-settings=\"{&quot;classic_columns&quot;:&quot;1&quot;,&quot;pagination_type&quot;:&quot;numbers_and_prev_next&quot;,&quot;classic_columns_tablet&quot;:&quot;2&quot;,&quot;classic_columns_mobile&quot;:&quot;1&quot;,&quot;classic_row_gap&quot;:{&quot;unit&quot;:&quot;px&quot;,&quot;size&quot;:35,&quot;sizes&quot;:[]},&quot;classic_row_gap_tablet&quot;:{&quot;unit&quot;:&quot;px&quot;,&quot;size&quot;:&quot;&quot;,&quot;sizes&quot;:[]},&quot;classic_row_gap_mobile&quot;:{&quot;unit&quot;:&quot;px&quot;,&quot;size&quot;:&quot;&quot;,&quot;sizes&quot;:[]}}\" data-widget_type=\"posts.classic\">\n\t\t\t\t<div class=\"elementor-widget-container\">\n\t\t\t\t\t\t\t<div class=\"elementor-posts-container elementor-posts elementor-posts--skin-classic elementor-grid\" role=\"list\">\n\t\t\t\t<article class=\"elementor-post elementor-grid-item post-28088 post type-post status-publish format-standard has-post-thumbnail hentry category-urlaub-freizeit tag-urlaub-und-freizeit\" role=\"listitem\">\n\t\t\t\t<a class=\"elementor-post__thumbnail__link\" href=\"https:\/\/www.visitklagenfurt.at\/de\/blog\/urlaub-freizeit\/wo-sich-klagenfurt-wie-italien-anfuehlt\/\" tabindex=\"-1\" >\n\t\t\t<div class=\"elementor-post__thumbnail\"><img decoding=\"async\" width=\"300\" height=\"200\" src=\"https:\/\/www.visitklagenfurt.at\/wp-content\/uploads\/2021\/06\/altstadt_innenstadt_alter_platz_herbst_2012_c-franz_gerdl_15.jpeg\" class=\"attachment-medium size-medium wp-image-23115\" alt=\"Alter Platz in der Innenstadt\" \/><\/div>\n\t\t<\/a>\n\t\t\t\t<div class=\"elementor-post__text\">\n\t\t\t\t<h3 class=\"elementor-post__title\">\n\t\t\t<a href=\"https:\/\/www.visitklagenfurt.at\/de\/blog\/urlaub-freizeit\/wo-sich-klagenfurt-wie-italien-anfuehlt\/\" >\n\t\t\t\tLa Dolce Vita: Wo sich Klagenfurt wie Italien anf\u00fchlt\t\t\t<\/a>\n\t\t<\/h3>\n\t\t\t\t<div class=\"elementor-post__meta-data\">\n\t\t\t\t\t<span class=\"elementor-post-author\">\n\t\t\tJohannes Wouk\t\t<\/span>\n\t\t\t\t<span class=\"elementor-post-date\">\n\t\t\t22. August 2022\t\t<\/span>\n\t\t\t\t<\/div>\n\t\t\t\t<div class=\"elementor-post__excerpt\">\n\t\t\t<p>Kulinarische Hotspots, idyllische Pl\u00e4tze und echte Geheimtipps. M\u00f6glichkeiten gibt es genug und bekanntlich f\u00fchren ohnehin alle Wege nach Rom, auch mitten in der Lindwurmstadt am W\u00f6rthersee. Wir verraten euch, wo ihr in Klagenfurt ein St\u00fcck Italien genie\u00dfen k\u00f6nnt. <\/p>\n\t\t<\/div>\n\t\t\n\t\t<a class=\"elementor-post__read-more\" href=\"https:\/\/www.visitklagenfurt.at\/de\/blog\/urlaub-freizeit\/wo-sich-klagenfurt-wie-italien-anfuehlt\/\" aria-label=\"Mehr \u00fcber La Dolce Vita: Wo sich Klagenfurt wie Italien anf\u00fchlt\" tabindex=\"-1\" >\n\t\t\tMehr Erfahren\t\t<\/a>\n\n\t\t\t\t<\/div>\n\t\t\t\t<\/article>\n\t\t\t\t<article class=\"elementor-post elementor-grid-item post-39242 post type-post status-publish format-standard has-post-thumbnail hentry category-kultur-festivals tag-kultur-und-festivals\" role=\"listitem\">\n\t\t\t\t<a class=\"elementor-post__thumbnail__link\" href=\"https:\/\/www.visitklagenfurt.at\/de\/blog\/kultur-festivals\/guenther-domenig-dimensional-ausstellung\/\" tabindex=\"-1\" >\n\t\t\t<div class=\"elementor-post__thumbnail\"><img decoding=\"async\" width=\"300\" height=\"200\" src=\"https:\/\/www.visitklagenfurt.at\/wp-content\/uploads\/2022\/06\/DIMENSIONAL-Ero\u2560effnung-Heft-2022-06-11_0245-Foto-Maria-Wawrzyniak-marygoodfoto.jpg\" class=\"attachment-medium size-medium wp-image-39249\" alt=\"\" \/><\/div>\n\t\t<\/a>\n\t\t\t\t<div class=\"elementor-post__text\">\n\t\t\t\t<h3 class=\"elementor-post__title\">\n\t\t\t<a href=\"https:\/\/www.visitklagenfurt.at\/de\/blog\/kultur-festivals\/guenther-domenig-dimensional-ausstellung\/\" >\n\t\t\t\tG\u00fcnther Domenig: DIMENSIONAL in Klagenfurt am W\u00f6rthersee\t\t\t<\/a>\n\t\t<\/h3>\n\t\t\t\t<div class=\"elementor-post__meta-data\">\n\t\t\t\t\t<span class=\"elementor-post-author\">\n\t\t\tJohannes Wouk\t\t<\/span>\n\t\t\t\t<span class=\"elementor-post-date\">\n\t\t\t22. Juni 2022\t\t<\/span>\n\t\t\t\t<\/div>\n\t\t\t\t<div class=\"elementor-post__excerpt\">\n\t\t\t<p>Dem gro\u00dfen K\u00e4rntner Architekten G\u00fcnther Domenig wird heuer eine sehenswerte Ausstellung gewidmet. In Klagenfurt zusehen im Museum Moderner Kunst K\u00e4rnten in der Burggasse und im Architektur Haus K\u00e4rnten am Viktringer Ring. Dazu gibt es ein spannendes Rahmenprogramm.<\/p>\n\t\t<\/div>\n\t\t\n\t\t<a class=\"elementor-post__read-more\" href=\"https:\/\/www.visitklagenfurt.at\/de\/blog\/kultur-festivals\/guenther-domenig-dimensional-ausstellung\/\" aria-label=\"Mehr \u00fcber G\u00fcnther Domenig: DIMENSIONAL in Klagenfurt am W\u00f6rthersee\" tabindex=\"-1\" >\n\t\t\tMehr Erfahren\t\t<\/a>\n\n\t\t\t\t<\/div>\n\t\t\t\t<\/article>\n\t\t\t\t<article class=\"elementor-post elementor-grid-item post-38265 post type-post status-publish format-standard has-post-thumbnail hentry category-essen-trinken tag-essen-trinken\" role=\"listitem\">\n\t\t\t\t<a class=\"elementor-post__thumbnail__link\" href=\"https:\/\/www.visitklagenfurt.at\/de\/blog\/essen-trinken\/neue-lokale-in-klagenfurt-2022\/\" tabindex=\"-1\" >\n\t\t\t<div class=\"elementor-post__thumbnail\"><img loading=\"lazy\" decoding=\"async\" width=\"300\" height=\"200\" src=\"https:\/\/www.visitklagenfurt.at\/wp-content\/uploads\/2022\/05\/C_BRIANA_PFAFFEL_10.jpg\" class=\"attachment-medium size-medium wp-image-38326\" alt=\"\" \/><\/div>\n\t\t<\/a>\n\t\t\t\t<div class=\"elementor-post__text\">\n\t\t\t\t<h3 class=\"elementor-post__title\">\n\t\t\t<a href=\"https:\/\/www.visitklagenfurt.at\/de\/blog\/essen-trinken\/neue-lokale-in-klagenfurt-2022\/\" >\n\t\t\t\tNeue Lokale in Klagenfurt, die ihr unbedingt ausprobieren m\u00fcsst\t\t\t<\/a>\n\t\t<\/h3>\n\t\t\t\t<div class=\"elementor-post__meta-data\">\n\t\t\t\t\t<span class=\"elementor-post-author\">\n\t\t\tJohannes Wouk\t\t<\/span>\n\t\t\t\t<span class=\"elementor-post-date\">\n\t\t\t31. Mai 2022\t\t<\/span>\n\t\t\t\t<\/div>\n\t\t\t\t<div class=\"elementor-post__excerpt\">\n\t\t\t<p>Ihr seid mit einem Freund oder einer Freundin verabredet, aber wollt nicht schon wieder im selben Lokal sitzen, denselben Caf\u00e9 trinken, dasselbe Mittagessen essen? Wir haben uns umgeh\u00f6rt und die Neuer\u00f6ffnungen der letzten Zeit f\u00fcr euch zusammengefasst.\u00a0<\/p>\n\t\t<\/div>\n\t\t\n\t\t<a class=\"elementor-post__read-more\" href=\"https:\/\/www.visitklagenfurt.at\/de\/blog\/essen-trinken\/neue-lokale-in-klagenfurt-2022\/\" aria-label=\"Mehr \u00fcber Neue Lokale in Klagenfurt, die ihr unbedingt ausprobieren m\u00fcsst\" tabindex=\"-1\" >\n\t\t\tMehr Erfahren\t\t<\/a>\n\n\t\t\t\t<\/div>\n\t\t\t\t<\/article>\n\t\t\t\t<article class=\"elementor-post elementor-grid-item post-1911 post type-post status-publish format-standard has-post-thumbnail hentry category-urlaub-freizeit tag-radfahren tag-sport\" role=\"listitem\">\n\t\t\t\t<a class=\"elementor-post__thumbnail__link\" href=\"https:\/\/www.visitklagenfurt.at\/de\/blog\/urlaub-freizeit\/radtour-durch-die-geschichte-klagenfurts\/\" tabindex=\"-1\" >\n\t\t\t<div class=\"elementor-post__thumbnail\"><img loading=\"lazy\" decoding=\"async\" width=\"300\" height=\"200\" src=\"https:\/\/www.visitklagenfurt.at\/wp-content\/uploads\/2021\/09\/rad_mtb_virunumtour_2021_c-lukas_duernegger_155_jpg-web.jpeg\" class=\"attachment-medium size-medium wp-image-29478\" alt=\"\" \/><\/div>\n\t\t<\/a>\n\t\t\t\t<div class=\"elementor-post__text\">\n\t\t\t\t<h3 class=\"elementor-post__title\">\n\t\t\t<a href=\"https:\/\/www.visitklagenfurt.at\/de\/blog\/urlaub-freizeit\/radtour-durch-die-geschichte-klagenfurts\/\" >\n\t\t\t\tDurch die Zeit: Schaupl\u00e4tze der Geschichte im Norden von Klagenfurt\t\t\t<\/a>\n\t\t<\/h3>\n\t\t\t\t<div class=\"elementor-post__meta-data\">\n\t\t\t\t\t<span class=\"elementor-post-author\">\n\t\t\tJohannes Wouk\t\t<\/span>\n\t\t\t\t<span class=\"elementor-post-date\">\n\t\t\t1. Oktober 2021\t\t<\/span>\n\t\t\t\t<\/div>\n\t\t\t\t<div class=\"elementor-post__excerpt\">\n\t\t\t<p>Eine Radtour durch die Geschichte K\u00e4rntens und Klagenfurts. Alle Infos, geschichtliche Eckdaten und Einkehrm\u00f6glichkeiten.<\/p>\n\t\t<\/div>\n\t\t\n\t\t<a class=\"elementor-post__read-more\" href=\"https:\/\/www.visitklagenfurt.at\/de\/blog\/urlaub-freizeit\/radtour-durch-die-geschichte-klagenfurts\/\" aria-label=\"Mehr \u00fcber Durch die Zeit: Schaupl\u00e4tze der Geschichte im Norden von Klagenfurt\" tabindex=\"-1\" >\n\t\t\tMehr Erfahren\t\t<\/a>\n\n\t\t\t\t<\/div>\n\t\t\t\t<\/article>\n\t\t\t\t<article class=\"elementor-post elementor-grid-item post-35325 post type-post status-publish format-standard has-post-thumbnail hentry category-sehenswertes-ausfluege tag-radfahren\" role=\"listitem\">\n\t\t\t\t<a class=\"elementor-post__thumbnail__link\" href=\"https:\/\/www.visitklagenfurt.at\/de\/blog\/sehenswertes-ausfluege\/schloesserradrunde-klagenfurt\/\" tabindex=\"-1\" >\n\t\t\t<div class=\"elementor-post__thumbnail\"><img loading=\"lazy\" decoding=\"async\" width=\"300\" height=\"169\" src=\"https:\/\/www.visitklagenfurt.at\/wp-content\/uploads\/2022\/04\/fruehling_2021_c-lukas_lenhardt_19_jpg-web.jpeg\" class=\"attachment-medium size-medium wp-image-35327\" alt=\"\" \/><\/div>\n\t\t<\/a>\n\t\t\t\t<div class=\"elementor-post__text\">\n\t\t\t\t<h3 class=\"elementor-post__title\">\n\t\t\t<a href=\"https:\/\/www.visitklagenfurt.at\/de\/blog\/sehenswertes-ausfluege\/schloesserradrunde-klagenfurt\/\" >\n\t\t\t\tSchl\u00f6ssertour im Nordwesten von Klagenfurt\t\t\t<\/a>\n\t\t<\/h3>\n\t\t\t\t<div class=\"elementor-post__meta-data\">\n\t\t\t\t\t<span class=\"elementor-post-author\">\n\t\t\tJohannes Wouk\t\t<\/span>\n\t\t\t\t<span class=\"elementor-post-date\">\n\t\t\t11. Juli 2021\t\t<\/span>\n\t\t\t\t<\/div>\n\t\t\t\t<div class=\"elementor-post__excerpt\">\n\t\t\t<p>Kommt mit auf eine Radtour in die Geschichte Klagenfurts. Wir erobern die majest\u00e4tischen Schl\u00f6sser im Nordwesten der K\u00e4rntner Landeshauptstadt wie es sich f\u00fcr echte Pedalritter geh\u00f6rt und genie\u00dfen dann die Ostbucht des W\u00f6rthersees in vollen Z\u00fcgen.<\/p>\n\t\t<\/div>\n\t\t\n\t\t<a class=\"elementor-post__read-more\" href=\"https:\/\/www.visitklagenfurt.at\/de\/blog\/sehenswertes-ausfluege\/schloesserradrunde-klagenfurt\/\" aria-label=\"Mehr \u00fcber Schl\u00f6ssertour im Nordwesten von Klagenfurt\" tabindex=\"-1\" >\n\t\t\tMehr Erfahren\t\t<\/a>\n\n\t\t\t\t<\/div>\n\t\t\t\t<\/article>\n\t\t\t\t<article class=\"elementor-post elementor-grid-item post-589 post type-post status-publish format-standard has-post-thumbnail hentry category-sehenswertes-ausfluege tag-radfahren tag-sport\" role=\"listitem\">\n\t\t\t\t<a class=\"elementor-post__thumbnail__link\" href=\"https:\/\/www.visitklagenfurt.at\/de\/blog\/sehenswertes-ausfluege\/e-bike-tour-klagenfurt\/\" tabindex=\"-1\" >\n\t\t\t<div class=\"elementor-post__thumbnail\"><img loading=\"lazy\" decoding=\"async\" width=\"300\" height=\"200\" src=\"https:\/\/www.visitklagenfurt.at\/wp-content\/uploads\/2021\/03\/rad_mtb_virunumtour_2021_c-lukas_duernegger_132_jpg-web.jpeg\" class=\"attachment-medium size-medium wp-image-34718\" alt=\"\" \/><\/div>\n\t\t<\/a>\n\t\t\t\t<div class=\"elementor-post__text\">\n\t\t\t\t<h3 class=\"elementor-post__title\">\n\t\t\t<a href=\"https:\/\/www.visitklagenfurt.at\/de\/blog\/sehenswertes-ausfluege\/e-bike-tour-klagenfurt\/\" >\n\t\t\t\tDie besten E-Bike Touren in Klagenfurt\t\t\t<\/a>\n\t\t<\/h3>\n\t\t\t\t<div class=\"elementor-post__meta-data\">\n\t\t\t\t\t<span class=\"elementor-post-author\">\n\t\t\tJohannes Wouk\t\t<\/span>\n\t\t\t\t<span class=\"elementor-post-date\">\n\t\t\t22. M\u00e4rz 2021\t\t<\/span>\n\t\t\t\t<\/div>\n\t\t\t\t<div class=\"elementor-post__excerpt\">\n\t\t\t<p>Die s\u00fcdlichste Gro\u00dfstadt \u00d6sterreichs ist dank ihrer zentralen Lage im Herzen von K\u00e4rnten der ideale Startpunkt f\u00fcr genussvolle E-Bike-Touren f\u00fcr jede Kondition und Akkulaufzeit. Denn das Beste am E-Biken ist ja, dass man mit weniger Kraftaufwand schneller und weiter fahren kann.<\/p>\n\t\t<\/div>\n\t\t\n\t\t<a class=\"elementor-post__read-more\" href=\"https:\/\/www.visitklagenfurt.at\/de\/blog\/sehenswertes-ausfluege\/e-bike-tour-klagenfurt\/\" aria-label=\"Mehr \u00fcber Die besten E-Bike Touren in Klagenfurt\" tabindex=\"-1\" >\n\t\t\tMehr Erfahren\t\t<\/a>\n\n\t\t\t\t<\/div>\n\t\t\t\t<\/article>\n\t\t\t\t<article class=\"elementor-post elementor-grid-item post-584 post type-post status-publish format-standard has-post-thumbnail hentry category-sehenswertes-ausfluege tag-fruehling-in-klagenfurt tag-radfahren\" role=\"listitem\">\n\t\t\t\t<a class=\"elementor-post__thumbnail__link\" href=\"https:\/\/www.visitklagenfurt.at\/de\/blog\/sehenswertes-ausfluege\/die-besten-tipps-zum-radfahren-voller-genuss\/\" tabindex=\"-1\" >\n\t\t\t<div class=\"elementor-post__thumbnail\"><img loading=\"lazy\" decoding=\"async\" width=\"300\" height=\"200\" src=\"https:\/\/www.visitklagenfurt.at\/wp-content\/uploads\/2020\/08\/KTR-Biken-SUP-und-Picknick-2020-07-14_0176-1-300x200.jpg\" class=\"attachment-medium size-medium wp-image-1083\" alt=\"Radfahren und Picknick mit Genuss\" srcset=\"https:\/\/www.visitklagenfurt.at\/wp-content\/uploads\/2020\/08\/KTR-Biken-SUP-und-Picknick-2020-07-14_0176-1-300x200.jpg 300w, https:\/\/www.visitklagenfurt.at\/wp-content\/uploads\/2020\/08\/KTR-Biken-SUP-und-Picknick-2020-07-14_0176-1-1024x683.jpg 1024w, https:\/\/www.visitklagenfurt.at\/wp-content\/uploads\/2020\/08\/KTR-Biken-SUP-und-Picknick-2020-07-14_0176-1-768x512.jpg 768w, https:\/\/www.visitklagenfurt.at\/wp-content\/uploads\/2020\/08\/KTR-Biken-SUP-und-Picknick-2020-07-14_0176-1.jpg 1080w\" sizes=\"(max-width: 300px) 100vw, 300px\" \/><\/div>\n\t\t<\/a>\n\t\t\t\t<div class=\"elementor-post__text\">\n\t\t\t\t<h3 class=\"elementor-post__title\">\n\t\t\t<a href=\"https:\/\/www.visitklagenfurt.at\/de\/blog\/sehenswertes-ausfluege\/die-besten-tipps-zum-radfahren-voller-genuss\/\" >\n\t\t\t\tGenussradeln: Die sch\u00f6nsten und gem\u00fctlichsten Radwege in Klagenfurt\t\t\t<\/a>\n\t\t<\/h3>\n\t\t\t\t<div class=\"elementor-post__meta-data\">\n\t\t\t\t\t<span class=\"elementor-post-author\">\n\t\t\tJohannes Wouk\t\t<\/span>\n\t\t\t\t<span class=\"elementor-post-date\">\n\t\t\t1. M\u00e4rz 2021\t\t<\/span>\n\t\t\t\t<\/div>\n\t\t\t\t<div class=\"elementor-post__excerpt\">\n\t\t\t<p>Klagenfurt am W\u00f6rthersee ist der ideale Startpunkt f\u00fcr genussvolle und gem\u00fctliche Radtouren im Zentrum von K\u00e4rnten. Die mediterrane Hauptstadt im S\u00fcden \u00d6sterreichs bietet sportlichen Genie\u00dfern kurze, mittlere und lange Radtouren voller Geschichte, Kultur und Kulinarik.<\/p>\n\t\t<\/div>\n\t\t\n\t\t<a class=\"elementor-post__read-more\" href=\"https:\/\/www.visitklagenfurt.at\/de\/blog\/sehenswertes-ausfluege\/die-besten-tipps-zum-radfahren-voller-genuss\/\" aria-label=\"Mehr \u00fcber Genussradeln: Die sch\u00f6nsten und gem\u00fctlichsten Radwege in Klagenfurt\" tabindex=\"-1\" >\n\t\t\tMehr Erfahren\t\t<\/a>\n\n\t\t\t\t<\/div>\n\t\t\t\t<\/article>\n\t\t\t\t<article class=\"elementor-post elementor-grid-item post-5440 post type-post status-publish format-standard has-post-thumbnail hentry category-radfahren tag-radfahren tag-sport\" role=\"listitem\">\n\t\t\t\t<a class=\"elementor-post__thumbnail__link\" href=\"https:\/\/www.visitklagenfurt.at\/de\/sportlich-aktiv\/radfahren\/rennrad\/\" tabindex=\"-1\" >\n\t\t\t<div class=\"elementor-post__thumbnail\"><img loading=\"lazy\" decoding=\"async\" width=\"300\" height=\"200\" src=\"https:\/\/www.visitklagenfurt.at\/wp-content\/uploads\/2021\/02\/rennrad_sport_rad_ostbucht_worthersee_see_sommer_2017_c-franz_gerdl_113-web-300x200.jpeg\" class=\"attachment-medium size-medium wp-image-5445\" alt=\"Rennrad-Hauptstadt Klagenfurt am W\u00f6rthersee\" srcset=\"https:\/\/www.visitklagenfurt.at\/wp-content\/uploads\/2021\/02\/rennrad_sport_rad_ostbucht_worthersee_see_sommer_2017_c-franz_gerdl_113-web-300x200.jpeg 300w, https:\/\/www.visitklagenfurt.at\/wp-content\/uploads\/2021\/02\/rennrad_sport_rad_ostbucht_worthersee_see_sommer_2017_c-franz_gerdl_113-web-1024x684.jpeg 1024w, https:\/\/www.visitklagenfurt.at\/wp-content\/uploads\/2021\/02\/rennrad_sport_rad_ostbucht_worthersee_see_sommer_2017_c-franz_gerdl_113-web-768x513.jpeg 768w, https:\/\/www.visitklagenfurt.at\/wp-content\/uploads\/2021\/02\/rennrad_sport_rad_ostbucht_worthersee_see_sommer_2017_c-franz_gerdl_113-web-1536x1025.jpeg 1536w, https:\/\/www.visitklagenfurt.at\/wp-content\/uploads\/2021\/02\/rennrad_sport_rad_ostbucht_worthersee_see_sommer_2017_c-franz_gerdl_113-web.jpeg 2048w\" sizes=\"(max-width: 300px) 100vw, 300px\" \/><\/div>\n\t\t<\/a>\n\t\t\t\t<div class=\"elementor-post__text\">\n\t\t\t\t<h3 class=\"elementor-post__title\">\n\t\t\t<a href=\"https:\/\/www.visitklagenfurt.at\/de\/sportlich-aktiv\/radfahren\/rennrad\/\" >\n\t\t\t\tDie besten  Rennradtouren rund um Klagenfurt am W\u00f6rthersee\t\t\t<\/a>\n\t\t<\/h3>\n\t\t\t\t<div class=\"elementor-post__meta-data\">\n\t\t\t\t\t<span class=\"elementor-post-author\">\n\t\t\tJohannes Wouk\t\t<\/span>\n\t\t\t\t<span class=\"elementor-post-date\">\n\t\t\t3. Februar 2021\t\t<\/span>\n\t\t\t\t<\/div>\n\t\t\t\t<div class=\"elementor-post__excerpt\">\n\t\t\t<p>Klagenfurt am W\u00f6rthersee, die Landeshauptstadt von K\u00e4rnten, ist der perfekte Startpunkt um die Radwege und Landstra\u00dfen K\u00e4rntens mit dem Rennrad zu erkunden.  Das ideale Basislager f\u00fcr sch\u00f6ne Erlebnisse auf zwei R\u00e4dern.<\/p>\n\t\t<\/div>\n\t\t\n\t\t<a class=\"elementor-post__read-more\" href=\"https:\/\/www.visitklagenfurt.at\/de\/sportlich-aktiv\/radfahren\/rennrad\/\" aria-label=\"Mehr \u00fcber Die besten  Rennradtouren rund um Klagenfurt am W\u00f6rthersee\" tabindex=\"-1\" >\n\t\t\tMehr Erfahren\t\t<\/a>\n\n\t\t\t\t<\/div>\n\t\t\t\t<\/article>\n\t\t\t\t<article class=\"elementor-post elementor-grid-item post-1518 post type-post status-publish format-standard has-post-thumbnail hentry category-urlaub-freizeit tag-radfahren tag-sport\" role=\"listitem\">\n\t\t\t\t<a class=\"elementor-post__thumbnail__link\" href=\"https:\/\/www.visitklagenfurt.at\/de\/blog\/urlaub-freizeit\/woerthersee-radrunde-rund-um-den-woerthersee\/\" tabindex=\"-1\" >\n\t\t\t<div class=\"elementor-post__thumbnail\"><img loading=\"lazy\" decoding=\"async\" width=\"300\" height=\"200\" src=\"https:\/\/www.visitklagenfurt.at\/wp-content\/uploads\/2021\/06\/genussrad_sport_rad_sommer_woerthersee_see_promenade_2018_c-franz_gerdl_91.jpeg\" class=\"attachment-medium size-medium wp-image-23164\" alt=\"Sportliches genussradeln entlang des W\u00f6rthersees\" \/><\/div>\n\t\t<\/a>\n\t\t\t\t<div class=\"elementor-post__text\">\n\t\t\t\t<h3 class=\"elementor-post__title\">\n\t\t\t<a href=\"https:\/\/www.visitklagenfurt.at\/de\/blog\/urlaub-freizeit\/woerthersee-radrunde-rund-um-den-woerthersee\/\" >\n\t\t\t\tW\u00f6rthersee Radrunde: Mit dem Rad rund um den See\t\t\t<\/a>\n\t\t<\/h3>\n\t\t\t\t<div class=\"elementor-post__meta-data\">\n\t\t\t\t\t<span class=\"elementor-post-author\">\n\t\t\tJohannes Wouk\t\t<\/span>\n\t\t\t\t<span class=\"elementor-post-date\">\n\t\t\t10. September 2020\t\t<\/span>\n\t\t\t\t<\/div>\n\t\t\t\t<div class=\"elementor-post__excerpt\">\n\t\t\t<p>Von Klagenfurt aus den W\u00f6rthersee mit dem Rad umrunden? Gute Idee! Nur so erlebt ihr alle Facetten von K\u00e4rntens w\u00e4rmsten Badesee.<\/p>\n\t\t<\/div>\n\t\t\n\t\t<a class=\"elementor-post__read-more\" href=\"https:\/\/www.visitklagenfurt.at\/de\/blog\/urlaub-freizeit\/woerthersee-radrunde-rund-um-den-woerthersee\/\" aria-label=\"Mehr \u00fcber W\u00f6rthersee Radrunde: Mit dem Rad rund um den See\" tabindex=\"-1\" >\n\t\t\tMehr Erfahren\t\t<\/a>\n\n\t\t\t\t<\/div>\n\t\t\t\t<\/article>\n\t\t\t\t<article class=\"elementor-post elementor-grid-item post-570 post type-post status-publish format-standard has-post-thumbnail hentry category-urlaub-freizeit tag-familie tag-radfahren tag-sport\" role=\"listitem\">\n\t\t\t\t<a class=\"elementor-post__thumbnail__link\" href=\"https:\/\/www.visitklagenfurt.at\/de\/blog\/urlaub-freizeit\/radfahren-mit-familie\/\" tabindex=\"-1\" >\n\t\t\t<div class=\"elementor-post__thumbnail\"><img loading=\"lazy\" decoding=\"async\" width=\"300\" height=\"200\" src=\"https:\/\/www.visitklagenfurt.at\/wp-content\/uploads\/2020\/07\/genussrad_sport_rad_familie_sommer_worthersee_see_promenade_2018_c-franz_gerdl_156-web-300x200.jpg\" class=\"attachment-medium size-medium wp-image-1139\" alt=\"Radfahren mit Familie am W\u00f6rthersee\" srcset=\"https:\/\/www.visitklagenfurt.at\/wp-content\/uploads\/2020\/07\/genussrad_sport_rad_familie_sommer_worthersee_see_promenade_2018_c-franz_gerdl_156-web-300x200.jpg 300w, https:\/\/www.visitklagenfurt.at\/wp-content\/uploads\/2020\/07\/genussrad_sport_rad_familie_sommer_worthersee_see_promenade_2018_c-franz_gerdl_156-web-1024x684.jpg 1024w, https:\/\/www.visitklagenfurt.at\/wp-content\/uploads\/2020\/07\/genussrad_sport_rad_familie_sommer_worthersee_see_promenade_2018_c-franz_gerdl_156-web-768x513.jpg 768w, https:\/\/www.visitklagenfurt.at\/wp-content\/uploads\/2020\/07\/genussrad_sport_rad_familie_sommer_worthersee_see_promenade_2018_c-franz_gerdl_156-web-1536x1025.jpg 1536w, https:\/\/www.visitklagenfurt.at\/wp-content\/uploads\/2020\/07\/genussrad_sport_rad_familie_sommer_worthersee_see_promenade_2018_c-franz_gerdl_156-web.jpg 2048w\" sizes=\"(max-width: 300px) 100vw, 300px\" \/><\/div>\n\t\t<\/a>\n\t\t\t\t<div class=\"elementor-post__text\">\n\t\t\t\t<h3 class=\"elementor-post__title\">\n\t\t\t<a href=\"https:\/\/www.visitklagenfurt.at\/de\/blog\/urlaub-freizeit\/radfahren-mit-familie\/\" >\n\t\t\t\tTipps und Touren f\u00fcr das Radfahren mit der Familie in Klagenfurt\t\t\t<\/a>\n\t\t<\/h3>\n\t\t\t\t<div class=\"elementor-post__meta-data\">\n\t\t\t\t\t<span class=\"elementor-post-author\">\n\t\t\tJohannes Wouk\t\t<\/span>\n\t\t\t\t<span class=\"elementor-post-date\">\n\t\t\t25. August 2020\t\t<\/span>\n\t\t\t\t<\/div>\n\t\t\t\t<div class=\"elementor-post__excerpt\">\n\t\t\t<p>Alles was ihr \u00fcber das Radfahren mit der Familie in Klagenfurt am W\u00f6rthersee wissen m\u00fcsst. Wertvolle Infos, sch\u00f6ne Touren und Insider-Tipps f\u00fcr Eltern und Kinder. <\/p>\n\t\t<\/div>\n\t\t\n\t\t<a class=\"elementor-post__read-more\" href=\"https:\/\/www.visitklagenfurt.at\/de\/blog\/urlaub-freizeit\/radfahren-mit-familie\/\" aria-label=\"Mehr \u00fcber Tipps und Touren f\u00fcr das Radfahren mit der Familie in Klagenfurt\" tabindex=\"-1\" >\n\t\t\tMehr Erfahren\t\t<\/a>\n\n\t\t\t\t<\/div>\n\t\t\t\t<\/article>\n\t\t\t\t<\/div>\n\t\t\n\t\t\t\t\t\t<\/div>\n\t\t\t\t<\/div>\n\t\t\t\t\t<\/div>\n\t\t\t\t<\/div>\n\t\t\t\t\t<\/div>\n\t\t\t\t<\/div>\n\t\t\t\t<\/div>\n\t\t","protected":false},"excerpt":{"rendered":"<p>Listenelement #1 Listenelement #2 Listenelement #3 Listenelement #3 Johannes Wouk ist seit 2013 selbststa\u0308ndiger PR-Berater. Kreativdirektor &amp; Werbetexter mit Schwerpunkt Strategie, Content- und Social-Media-Management. Unter anderem war er Miterfinder und Chefredakteur des Onlinemagazins IMS\u00dcDEN.AT und Mitinitiator des Open-Air-Coworking-Spaces BUSINESSBEACH.EU und des Kulturfestivals lendspiel.org.<\/p>\n","protected":false},"author":2,"featured_media":857,"parent":57601,"menu_order":0,"comment_status":"closed","ping_status":"closed","template":"elementor_header_footer","meta":{"footnotes":""},"categories":[],"tags":[],"seitentyp":[],"class_list":["post-57672","page","type-page","status-publish","has-post-thumbnail","hentry"],"yoast_head":"<!-- This site is optimized with the Yoast SEO plugin v27.5 - https:\/\/yoast.com\/product\/yoast-seo-wordpress\/ -->\n<title>Johannes Wouk | visitklagenfurt<\/title>\n<meta name=\"robots\" content=\"index, follow, max-snippet:-1, max-image-preview:large, max-video-preview:-1\" \/>\n<link rel=\"canonical\" href=\"https:\/\/www.visitklagenfurt.at\/de\/autoren\/johannes-wouk\/\" \/>\n<meta property=\"og:locale\" content=\"de_DE\" \/>\n<meta property=\"og:type\" content=\"article\" \/>\n<meta property=\"og:title\" content=\"Johannes Wouk | visitklagenfurt\" \/>\n<meta property=\"og:description\" content=\"Listenelement #1 Listenelement #2 Listenelement #3 Listenelement #3 Johannes Wouk ist seit 2013 selbststa\u0308ndiger PR-Berater. Kreativdirektor &amp; Werbetexter mit Schwerpunkt Strategie, Content- und Social-Media-Management. Unter anderem war er Miterfinder und Chefredakteur des Onlinemagazins IMS\u00dcDEN.AT und Mitinitiator des Open-Air-Coworking-Spaces BUSINESSBEACH.EU und des Kulturfestivals lendspiel.org.\" \/>\n<meta property=\"og:url\" content=\"https:\/\/www.visitklagenfurt.at\/de\/autoren\/johannes-wouk\/\" \/>\n<meta property=\"og:site_name\" content=\"visitklagenfurt\" \/>\n<meta property=\"article:modified_time\" content=\"2023-09-06T08:51:14+00:00\" \/>\n<meta property=\"og:image\" content=\"https:\/\/www.visitklagenfurt.at\/wp-content\/uploads\/2020\/08\/johannes_wouk_redakteur-scaled.jpg\" \/>\n\t<meta property=\"og:image:width\" content=\"2560\" \/>\n\t<meta property=\"og:image:height\" content=\"1707\" \/>\n\t<meta property=\"og:image:type\" content=\"image\/jpeg\" \/>\n<meta name=\"twitter:card\" content=\"summary_large_image\" \/>\n<meta name=\"twitter:label1\" content=\"Gesch\u00e4tzte Lesezeit\" \/>\n\t<meta name=\"twitter:data1\" content=\"6\u00a0Minuten\" \/>\n<script type=\"application\/ld+json\" class=\"yoast-schema-graph\">{\"@context\":\"https:\\\/\\\/schema.org\",\"@graph\":[{\"@type\":\"WebPage\",\"@id\":\"https:\\\/\\\/www.visitklagenfurt.at\\\/de\\\/autoren\\\/johannes-wouk\\\/\",\"url\":\"https:\\\/\\\/www.visitklagenfurt.at\\\/de\\\/autoren\\\/johannes-wouk\\\/\",\"name\":\"Johannes Wouk | visitklagenfurt\",\"isPartOf\":{\"@id\":\"https:\\\/\\\/www.visitklagenfurt.at\\\/de\\\/#website\"},\"primaryImageOfPage\":{\"@id\":\"https:\\\/\\\/www.visitklagenfurt.at\\\/de\\\/autoren\\\/johannes-wouk\\\/#primaryimage\"},\"image\":{\"@id\":\"https:\\\/\\\/www.visitklagenfurt.at\\\/de\\\/autoren\\\/johannes-wouk\\\/#primaryimage\"},\"thumbnailUrl\":\"https:\\\/\\\/www.visitklagenfurt.at\\\/wp-content\\\/uploads\\\/2020\\\/08\\\/johannes_wouk_redakteur-scaled.jpg\",\"datePublished\":\"2023-09-05T14:09:18+00:00\",\"dateModified\":\"2023-09-06T08:51:14+00:00\",\"breadcrumb\":{\"@id\":\"https:\\\/\\\/www.visitklagenfurt.at\\\/de\\\/autoren\\\/johannes-wouk\\\/#breadcrumb\"},\"inLanguage\":\"de\",\"potentialAction\":[{\"@type\":\"ReadAction\",\"target\":[\"https:\\\/\\\/www.visitklagenfurt.at\\\/de\\\/autoren\\\/johannes-wouk\\\/\"]}]},{\"@type\":\"ImageObject\",\"inLanguage\":\"de\",\"@id\":\"https:\\\/\\\/www.visitklagenfurt.at\\\/de\\\/autoren\\\/johannes-wouk\\\/#primaryimage\",\"url\":\"https:\\\/\\\/www.visitklagenfurt.at\\\/wp-content\\\/uploads\\\/2020\\\/08\\\/johannes_wouk_redakteur-scaled.jpg\",\"contentUrl\":\"https:\\\/\\\/www.visitklagenfurt.at\\\/wp-content\\\/uploads\\\/2020\\\/08\\\/johannes_wouk_redakteur-scaled.jpg\",\"width\":2560,\"height\":1707,\"caption\":\"(c) Arnold P\u00f6schl\"},{\"@type\":\"BreadcrumbList\",\"@id\":\"https:\\\/\\\/www.visitklagenfurt.at\\\/de\\\/autoren\\\/johannes-wouk\\\/#breadcrumb\",\"itemListElement\":[{\"@type\":\"ListItem\",\"position\":1,\"name\":\"visitklagenfurt\",\"item\":\"https:\\\/\\\/www.visitklagenfurt.at\\\/de\\\/\"},{\"@type\":\"ListItem\",\"position\":2,\"name\":\"Autoren\",\"item\":\"https:\\\/\\\/www.visitklagenfurt.at\\\/de\\\/autoren\\\/\"},{\"@type\":\"ListItem\",\"position\":3,\"name\":\"Johannes Wouk\"}]},{\"@type\":\"WebSite\",\"@id\":\"https:\\\/\\\/www.visitklagenfurt.at\\\/de\\\/#website\",\"url\":\"https:\\\/\\\/www.visitklagenfurt.at\\\/de\\\/\",\"name\":\"visitklagenfurt\",\"description\":\"\",\"publisher\":{\"@id\":\"https:\\\/\\\/www.visitklagenfurt.at\\\/de\\\/#organization\"},\"potentialAction\":[{\"@type\":\"SearchAction\",\"target\":{\"@type\":\"EntryPoint\",\"urlTemplate\":\"https:\\\/\\\/www.visitklagenfurt.at\\\/de\\\/?s={search_term_string}\"},\"query-input\":{\"@type\":\"PropertyValueSpecification\",\"valueRequired\":true,\"valueName\":\"search_term_string\"}}],\"inLanguage\":\"de\"},{\"@type\":\"Organization\",\"@id\":\"https:\\\/\\\/www.visitklagenfurt.at\\\/de\\\/#organization\",\"name\":\"Tourismus Region Klagenfurt am W\u00f6rthersee GmbH\",\"url\":\"https:\\\/\\\/www.visitklagenfurt.at\\\/de\\\/\",\"logo\":{\"@type\":\"ImageObject\",\"inLanguage\":\"de\",\"@id\":\"https:\\\/\\\/www.visitklagenfurt.at\\\/de\\\/#\\\/schema\\\/logo\\\/image\\\/\",\"url\":\"https:\\\/\\\/www.visitklagenfurt.at\\\/wp-content\\\/uploads\\\/2022\\\/03\\\/DT_K_Klagenfurt_S_RGB.png\",\"contentUrl\":\"https:\\\/\\\/www.visitklagenfurt.at\\\/wp-content\\\/uploads\\\/2022\\\/03\\\/DT_K_Klagenfurt_S_RGB.png\",\"width\":2082,\"height\":1511,\"caption\":\"Tourismus Region Klagenfurt am W\u00f6rthersee GmbH\"},\"image\":{\"@id\":\"https:\\\/\\\/www.visitklagenfurt.at\\\/de\\\/#\\\/schema\\\/logo\\\/image\\\/\"}}]}<\/script>\n<!-- \/ Yoast SEO plugin. -->","yoast_head_json":{"title":"Johannes Wouk | visitklagenfurt","robots":{"index":"index","follow":"follow","max-snippet":"max-snippet:-1","max-image-preview":"max-image-preview:large","max-video-preview":"max-video-preview:-1"},"canonical":"https:\/\/www.visitklagenfurt.at\/de\/autoren\/johannes-wouk\/","og_locale":"de_DE","og_type":"article","og_title":"Johannes Wouk | visitklagenfurt","og_description":"Listenelement #1 Listenelement #2 Listenelement #3 Listenelement #3 Johannes Wouk ist seit 2013 selbststa\u0308ndiger PR-Berater. Kreativdirektor &amp; Werbetexter mit Schwerpunkt Strategie, Content- und Social-Media-Management. Unter anderem war er Miterfinder und Chefredakteur des Onlinemagazins IMS\u00dcDEN.AT und Mitinitiator des Open-Air-Coworking-Spaces BUSINESSBEACH.EU und des Kulturfestivals lendspiel.org.","og_url":"https:\/\/www.visitklagenfurt.at\/de\/autoren\/johannes-wouk\/","og_site_name":"visitklagenfurt","article_modified_time":"2023-09-06T08:51:14+00:00","og_image":[{"width":2560,"height":1707,"url":"https:\/\/www.visitklagenfurt.at\/wp-content\/uploads\/2020\/08\/johannes_wouk_redakteur-scaled.jpg","type":"image\/jpeg"}],"twitter_card":"summary_large_image","twitter_misc":{"Gesch\u00e4tzte Lesezeit":"6\u00a0Minuten"},"schema":{"@context":"https:\/\/schema.org","@graph":[{"@type":"WebPage","@id":"https:\/\/www.visitklagenfurt.at\/de\/autoren\/johannes-wouk\/","url":"https:\/\/www.visitklagenfurt.at\/de\/autoren\/johannes-wouk\/","name":"Johannes Wouk | visitklagenfurt","isPartOf":{"@id":"https:\/\/www.visitklagenfurt.at\/de\/#website"},"primaryImageOfPage":{"@id":"https:\/\/www.visitklagenfurt.at\/de\/autoren\/johannes-wouk\/#primaryimage"},"image":{"@id":"https:\/\/www.visitklagenfurt.at\/de\/autoren\/johannes-wouk\/#primaryimage"},"thumbnailUrl":"https:\/\/www.visitklagenfurt.at\/wp-content\/uploads\/2020\/08\/johannes_wouk_redakteur-scaled.jpg","datePublished":"2023-09-05T14:09:18+00:00","dateModified":"2023-09-06T08:51:14+00:00","breadcrumb":{"@id":"https:\/\/www.visitklagenfurt.at\/de\/autoren\/johannes-wouk\/#breadcrumb"},"inLanguage":"de","potentialAction":[{"@type":"ReadAction","target":["https:\/\/www.visitklagenfurt.at\/de\/autoren\/johannes-wouk\/"]}]},{"@type":"ImageObject","inLanguage":"de","@id":"https:\/\/www.visitklagenfurt.at\/de\/autoren\/johannes-wouk\/#primaryimage","url":"https:\/\/www.visitklagenfurt.at\/wp-content\/uploads\/2020\/08\/johannes_wouk_redakteur-scaled.jpg","contentUrl":"https:\/\/www.visitklagenfurt.at\/wp-content\/uploads\/2020\/08\/johannes_wouk_redakteur-scaled.jpg","width":2560,"height":1707,"caption":"(c) Arnold P\u00f6schl"},{"@type":"BreadcrumbList","@id":"https:\/\/www.visitklagenfurt.at\/de\/autoren\/johannes-wouk\/#breadcrumb","itemListElement":[{"@type":"ListItem","position":1,"name":"visitklagenfurt","item":"https:\/\/www.visitklagenfurt.at\/de\/"},{"@type":"ListItem","position":2,"name":"Autoren","item":"https:\/\/www.visitklagenfurt.at\/de\/autoren\/"},{"@type":"ListItem","position":3,"name":"Johannes Wouk"}]},{"@type":"WebSite","@id":"https:\/\/www.visitklagenfurt.at\/de\/#website","url":"https:\/\/www.visitklagenfurt.at\/de\/","name":"visitklagenfurt","description":"","publisher":{"@id":"https:\/\/www.visitklagenfurt.at\/de\/#organization"},"potentialAction":[{"@type":"SearchAction","target":{"@type":"EntryPoint","urlTemplate":"https:\/\/www.visitklagenfurt.at\/de\/?s={search_term_string}"},"query-input":{"@type":"PropertyValueSpecification","valueRequired":true,"valueName":"search_term_string"}}],"inLanguage":"de"},{"@type":"Organization","@id":"https:\/\/www.visitklagenfurt.at\/de\/#organization","name":"Tourismus Region Klagenfurt am W\u00f6rthersee GmbH","url":"https:\/\/www.visitklagenfurt.at\/de\/","logo":{"@type":"ImageObject","inLanguage":"de","@id":"https:\/\/www.visitklagenfurt.at\/de\/#\/schema\/logo\/image\/","url":"https:\/\/www.visitklagenfurt.at\/wp-content\/uploads\/2022\/03\/DT_K_Klagenfurt_S_RGB.png","contentUrl":"https:\/\/www.visitklagenfurt.at\/wp-content\/uploads\/2022\/03\/DT_K_Klagenfurt_S_RGB.png","width":2082,"height":1511,"caption":"Tourismus Region Klagenfurt am W\u00f6rthersee GmbH"},"image":{"@id":"https:\/\/www.visitklagenfurt.at\/de\/#\/schema\/logo\/image\/"}}]}},"_links":{"self":[{"href":"https:\/\/www.visitklagenfurt.at\/de\/wp-json\/wp\/v2\/pages\/57672","targetHints":{"allow":["GET"]}}],"collection":[{"href":"https:\/\/www.visitklagenfurt.at\/de\/wp-json\/wp\/v2\/pages"}],"about":[{"href":"https:\/\/www.visitklagenfurt.at\/de\/wp-json\/wp\/v2\/types\/page"}],"author":[{"embeddable":true,"href":"https:\/\/www.visitklagenfurt.at\/de\/wp-json\/wp\/v2\/users\/2"}],"replies":[{"embeddable":true,"href":"https:\/\/www.visitklagenfurt.at\/de\/wp-json\/wp\/v2\/comments?post=57672"}],"version-history":[{"count":10,"href":"https:\/\/www.visitklagenfurt.at\/de\/wp-json\/wp\/v2\/pages\/57672\/revisions"}],"predecessor-version":[{"id":57743,"href":"https:\/\/www.visitklagenfurt.at\/de\/wp-json\/wp\/v2\/pages\/57672\/revisions\/57743"}],"up":[{"embeddable":true,"href":"https:\/\/www.visitklagenfurt.at\/de\/wp-json\/wp\/v2\/pages\/57601"}],"wp:featuredmedia":[{"embeddable":true,"href":"https:\/\/www.visitklagenfurt.at\/de\/wp-json\/wp\/v2\/media\/857"}],"wp:attachment":[{"href":"https:\/\/www.visitklagenfurt.at\/de\/wp-json\/wp\/v2\/media?parent=57672"}],"wp:term":[{"taxonomy":"category","embeddable":true,"href":"https:\/\/www.visitklagenfurt.at\/de\/wp-json\/wp\/v2\/categories?post=57672"},{"taxonomy":"post_tag","embeddable":true,"href":"https:\/\/www.visitklagenfurt.at\/de\/wp-json\/wp\/v2\/tags?post=57672"},{"taxonomy":"seitentyp","embeddable":true,"href":"https:\/\/www.visitklagenfurt.at\/de\/wp-json\/wp\/v2\/seitentyp?post=57672"}],"curies":[{"name":"wp","href":"https:\/\/api.w.org\/{rel}","templated":true}]}}