{"id":6416,"date":"2021-02-11T18:32:28","date_gmt":"2021-02-11T17:32:28","guid":{"rendered":"http:\/\/blog.visitklagenfurt.at\/?page_id=6416"},"modified":"2026-04-13T11:48:02","modified_gmt":"2026-04-13T09:48:02","slug":"parken","status":"publish","type":"page","link":"https:\/\/www.visitklagenfurt.at\/de\/mobilitaet\/parken\/","title":{"rendered":"Parken in Klagenfurt"},"content":{"rendered":"\n<p>Ob und wie schnell man in Klagenfurts City einen Parkplatz findet, h\u00e4ngt oft von Uhrzeit und Wochentag ab. Ist es sonntags ruhig und das Parkplatzangebot gro\u00df, kann ein typischer Werktags-Montag die Verf\u00fcgbarkeit von Parkpl\u00e4tzen eher \u00fcberschaubar wirken lassen. Auch wenn es sage und schreibe 3.800 Stellpl\u00e4tze sind, die innerhalb und entlang des Rings zur Verf\u00fcgung stehen. <\/p>\n\n\n\n<h2 class=\"wp-block-heading\">Grunds\u00e4tzliches zum Parken in der Innenstadt<\/h2>\n\n\n\n<p>Um \u00c4rger \u00fcber einen eventuellen Strafzettel zu vermeiden, starten wir mit den Basics. In Klagenfurts Innenstadt (diese wird durch die angrenzenden \u201eRinge\u201c markiert: St. Veiter Ring, V\u00f6lkermarkter Ring und Viktringer Ring) gibt es fl\u00e4chendeckend eine <strong>geb\u00fchrenpflichtige Parkzone<\/strong>, die man an den Stra\u00dfenverkehrszeichen<strong> <\/strong>erkennt. Entdeckt man also diese, befindet man sich in der Kurzparkzone und muss ein Parkticket kaufen.<\/p>\n\n\n\n<p>Der Tarif betr\u00e4gt<strong> f\u00fcr die 1. Stunde \u20ac 1,80, dann \u20ac 0<\/strong>,<strong>90<\/strong> <strong>f\u00fcr drei\u00dfig Minuten<\/strong>, die <strong>maximale Parkdauer betr\u00e4gt drei Stunden<\/strong>.<\/p>\n\n\n\n<p>Geb\u00fchrenpflichtig sind die Parkpl\u00e4tze von <strong>Montag bis Freitag <\/strong>von 8 bis 18 Uhr. Am <strong>Samstag <\/strong>von 8 bis 12 Uhr. An Sonn- und Feiertagen ist das Parken im gesamten Stadtgebiet gratis. <br><br>Au\u00dferdem gibt es die M\u00f6glichkeit, f\u00fcr <strong>15 Minuten gratis <\/strong>zu parken \u2013 daf\u00fcr muss allerdings die <strong>minutengenaue Ankunftszeit <\/strong>sichtbar hinterlegt werden.<\/p>\n\n\n\n<figure class=\"wp-block-gallery has-nested-images columns-default is-cropped wp-block-gallery-1 is-layout-flex wp-block-gallery-is-layout-flex\">\n<figure class=\"wp-block-image size-large\"><img fetchpriority=\"high\" decoding=\"async\" width=\"2000\" height=\"1333\" data-id=\"19144\" src=\"https:\/\/www.visitklagenfurt.at\/wp-content\/uploads\/2021\/05\/Blog_Parken_c_KLAMAG-7.jpg\" alt=\"blaue Zone, Kurzparkzone, Parken in 9020 Klagenfurt am W\u00f6rthersee\" class=\"wp-image-19144\"\/><figcaption class=\"wp-element-caption\">(c) KLAMAG, NH<\/figcaption><\/figure>\n<\/figure>\n\n\n\n<h3 class=\"wp-block-heading\" id=\"h-facts-zum-parken-in-der-innenstadt\">Facts zum Parken in der Innenstadt<\/h3>\n\n\n\n<ul class=\"wp-block-list\">\n<li>Eine geb\u00fchrenpflichtige Zone<\/li>\n<\/ul>\n\n\n\n<p><\/p>\n\n\n\n<ul class=\"wp-block-list\">\n<li>Es gibt nur einen Tarif: Die 1. Stunde kostet \u20ac 1,80, dann \u20ac 0,90 f\u00fcr 30 Minuten Parken.<\/li>\n<\/ul>\n\n\n\n<p><\/p>\n\n\n\n<ul class=\"wp-block-list\">\n<li>Die geb\u00fchrenpflichtige Parkzeit ist von Montag bis Freitag von 8 bis 18 Uhr und am Samstag von 8 bis 12 Uhr. An Sonn- und Feiertagen ist keine Parkgeb\u00fchr zu entrichten.<\/li>\n<\/ul>\n\n\n\n<p><\/p>\n\n\n\n<ul class=\"wp-block-list\">\n<li>15 Minuten Gratisparken gilt f\u00fcr alle, die ihre minutengenaue Ankunftszeit notieren und den Parkplatz innerhalb dieser Zeit wieder verlassen. Achtung: Datum und Ankunftszeit sichtbar hinter der Scheibe platzieren.&nbsp;<\/li>\n<\/ul>\n\n\n\n<p><\/p>\n\n\n\n<ul class=\"wp-block-list\">\n<li>Seit 1. Januar 2025 entf\u00e4llt die Geb\u00fchrenbefreiung f\u00fcr reine Elektroautos und Autos mit Wasserstoff-Brennstoffzellenantrieb. Die Kurzparkzonengeb\u00fchr bzw. Parkgeb\u00fchr muss dann auch f\u00fcr Elektroautos entrichtet werden. Dies gilt auch f\u00fcr die Zeit des Ladevorganges in E-Ladestationen!<\/li>\n<\/ul>\n\n\n\n<h3 class=\"wp-block-heading\" id=\"h-langer-amp-gunstiger-parken-in-den-grunen-parkstrassen\">L\u00e4nger &amp; g\u00fcnstiger parken in den gr\u00fcnen Parkstra\u00dfen<\/h3>\n\n\n\n<p>Etwas weiter au\u00dferhalb der City \u2013 in der \u201e<strong>gr\u00fcnen Zone<\/strong>\u201c \u2013 kann man in bestimmten Stra\u00dfen l\u00e4nger und g\u00fcnstiger parken: Hat man also einen l\u00e4ngeren Tag in der Stadt geplant und m\u00f6chte sich keine Sorgen um Strafzettel, Abschleppen &amp; Co. machen, zahlt es sich auf jeden Fall aus, hier nach einem freien Pl\u00e4tzchen Ausschau zu halten \u2013 und das besser fr\u00fch als sp\u00e4t, denn viele Arbeitende nutzen diese M\u00f6glichkeit, um den ganzen Tag ihr Auto hier abzustellen und dann zu Fu\u00df weiter in die Stadt zu gehen.<\/p>\n\n\n\n<p>In bestimmten Stra\u00dfenz\u00fcgen am Rand der geb\u00fchrenpflichtigen Kurzparkzone sind mit Verkehrsschildern und gr\u00fcnen Bodenmarkierungen,&nbsp;Parkstra\u00dfen gekennzeichnet, wo Sie l\u00e4nger parken k\u00f6nnen. Hier kann man um \u20ac 7,- den ganzen Tag parken:<\/p>\n\n\n\n<ul class=\"wp-block-list\">\n<li><strong>Deutenhofenstra\u00dfe<\/strong><\/li>\n<\/ul>\n\n\n\n<p><\/p>\n\n\n\n<ul class=\"wp-block-list\">\n<li><strong>Jahnstra\u00dfe<\/strong><\/li>\n<\/ul>\n\n\n\n<p><\/p>\n\n\n\n<ul class=\"wp-block-list\">\n<li><strong>Kra\u00dfniggstra\u00dfe<\/strong><\/li>\n<\/ul>\n\n\n\n<p><\/p>\n\n\n\n<ul class=\"wp-block-list\">\n<li><strong>Gabelsbergerstra\u00dfe<\/strong><\/li>\n<\/ul>\n\n\n\n<p><\/p>\n\n\n\n<ul class=\"wp-block-list\">\n<li><strong>Lastenstra\u00dfe<\/strong><\/li>\n<\/ul>\n\n\n\n<p><\/p>\n\n\n\n<ul class=\"wp-block-list\">\n<li><strong>August-Jaksch-Stra\u00dfe<\/strong><\/li>\n<\/ul>\n\n\n\n<p><\/p>\n\n\n\n<ul class=\"wp-block-list\">\n<li><strong>S\u00fcdbahng\u00fcrtel<\/strong><\/li>\n<\/ul>\n\n\n\n<p><\/p>\n\n\n\n<p>Auch hier gilt das 15-min\u00fctige Gratisparken mit Hinterlegung der genauen Ankunftszeit!<\/p>\n\n\n\n<figure class=\"wp-block-gallery has-nested-images columns-default is-cropped wp-block-gallery-2 is-layout-flex wp-block-gallery-is-layout-flex\">\n<figure class=\"wp-block-image size-large\"><a href=\"https:\/\/www.visitklagenfurt.at\/wp-content\/uploads\/2022\/04\/Karte-mit-Parkzonen-von-Klagenfurt.jpg\"><img decoding=\"async\" width=\"1200\" height=\"835\" data-id=\"35926\" src=\"https:\/\/www.visitklagenfurt.at\/wp-content\/uploads\/2022\/04\/Karte-mit-Parkzonen-von-Klagenfurt.jpg\" alt=\"\" class=\"wp-image-35926\"\/><\/a><\/figure>\n<\/figure>\n\n\n\n<h2 class=\"wp-block-heading\" id=\"h-park-amp-ride\">Park &amp; Ride<\/h2>\n\n\n\n<p>Sie sind auf der Suche nach einer l\u00e4ngeren Parkm\u00f6glichkeit oder sie ben\u00f6tigen t\u00e4glich einen Parkplatz? Daf\u00fcr gibt es geb\u00fchrenpflichtige Park &amp; Ride Parkpl\u00e4tze in Klagenfurt.<\/p>\n\n\n\n<ul class=\"wp-block-list\">\n<li><strong>Parkplatz: <\/strong><a href=\"https:\/\/goo.gl\/maps\/Ffktk3m97hvW3KfL6\">Fernheizkraftwerk \/ Kra\u00dfniggstra\u00dfe<\/a><\/li>\n<\/ul>\n\n\n\n<p><\/p>\n\n\n\n<ul class=\"wp-block-list\">\n<li><strong>Parkplatz: <\/strong><a href=\"https:\/\/goo.gl\/maps\/oeUgtME5t3FGsM4D6\">Siriusstra\u00dfe<\/a><\/li>\n<\/ul>\n\n\n\n<p><\/p>\n\n\n\n<ul class=\"wp-block-list\">\n<li><strong>Parkplatz: <\/strong><a href=\"https:\/\/goo.gl\/maps\/HqM8THo5KN3GsPK8A\">Schlachthofstra\u00dfe<\/a><\/li>\n<\/ul>\n\n\n\n<p><\/p>\n\n\n\n<ul class=\"wp-block-list\">\n<li><strong>Park &amp; Ride: <\/strong><a href=\"https:\/\/goo.gl\/maps\/CdWmTvF5GQPBs1aJ6\">Parkplatz West, gegen\u00fcber vom Minimundus<\/a><\/li>\n<\/ul>\n\n\n\n<h3 class=\"wp-block-heading\" id=\"h-anderungen-per-1-janner-2025\">\u00c4nderungen per 1. J\u00e4nner 2025<\/h3>\n\n\n\n<p>Die Parkpl\u00e4tze Fernheizwerk, Schlachthof und Sirus sind seit 1. J\u00e4nner 2025 noch einfacher zu nutzen: Es gibt keine Schranken mehr und die Parkplatzverwaltung erfolgt durch Kameras mit automatischer Nummernschilderkennung. Die Parkdauer wird automatisch \u00fcber die Ein- und Ausfahrtzeit ermittelt. Die Bezahlung des Parkvorgangs wird entweder \u00fcber den Bezahlautomaten vor Ort oder \u00fcber die Bezahlplattform EasyPark abgewickelt \u2013 jenes System, das auch von der Stadt f\u00fcr die Kurzparkzonen genutzt wird.<\/p>\n\n\n\n<p><strong>Neuerungen beim Ticketkauf<\/strong><\/p>\n\n\n\n<p>Bis zur geplanten Umstellung der Automaten und Schrankenanlage (voraussichtlich Mitte Dezember 2024) ist das Aufladen von bestehenden Dauerparktickets NICHT m\u00f6glich. Nach erfolgter Umstellung k\u00f6nnen die Tages- &nbsp;sowie auch die Dauerparktickets (bisher nur mit der STW-Kundenkarte zu kaufen) \u00fcber den neuen Automaten oder die EasyPark-App erworben werden. WICHTIG: Wer derzeit ein Dauerparkticket besitzt, das \u00fcber den 31. Dezember 2024 hinaus g\u00fcltig ist, wird gebeten, sein &nbsp;KFZ-Kennzeichen an <a href=\"mailto:parkplatz@k-m-g.at\">parkplatz@k-m-g.at<\/a> zu senden, damit das Ticket im neuen System registriert werden kann.<\/p>\n\n\n\n<p><strong>Preisanpassung<\/strong><\/p>\n\n\n\n<p>Im Zug der Umstellung per 1. J\u00e4nner 2025 werden auch die Preise f\u00fcr die Monatstickets angepasst: Das Parkticket Monatskarte Fernheizwerk kostet dann \u20ac 60 (statt bisher \u20ac 55), Parkticket Monatskarte Sirius \u20ac 55 (statt bisher \u20ac 50) und das Parkticket Monatskarte Schlachthof \u20ac 50 (statt bisher \u20ac 45).<\/p>\n\n\n\n<p>Weitere Details zum <a href=\"https:\/\/www.stw.at\/privat\/mobilitaet\/park-ride\/\">Dauerparken in Klagenfurt hier. <\/a><\/p>\n\n\n\n<h2 class=\"wp-block-heading\" id=\"h-auswarts-parken-und-zu-fuss-in-die-stadt-gehen\">Ausw\u00e4rts parken und zu Fu\u00df in die Stadt gehen<\/h2>\n\n\n\n<p>Wer sich die Parkgeb\u00fchren in den blauen und gr\u00fcnen Zonen komplett sparen m\u00f6chte, der kann noch ein St\u00fcckchen weiter au\u00dferhalb auf Parkplatzsuche gehen. <\/p>\n\n\n\n<p>In Richtung St. Veiter Stra\u00dfe bietet<strong> ein Teil der Morogasse<\/strong> (eine Stra\u00dfe weiter nach der Kra\u00dfnigstra\u00dfe) die M\u00f6glichkeit, einen Gratis-Parkplatz zu ergattern und die City in f\u00fcnf bis zehn Minuten Fu\u00dfmarsch zu erreichen. Auch in der <strong>Villacher Stra\u00dfe<\/strong> (Richtung W\u00f6rthersee)<strong> <\/strong>und teilweise rund um den <strong>S\u00fcdbahng\u00fcrtel <\/strong>lassen sich solche Parkpl\u00e4tze finden.<\/p>\n\n\n\n<p>Aber Achtung: Auch wenn keine Parkgeb\u00fchren zu bezahlen sind, kann es sich trotzdem um eine Kurzparkzone handeln und die <strong>Ankunftszeit muss hinterlegt werden<\/strong> \u2013 also unbedingt doppelt und dreifach die Beschilderungen checken.&nbsp;<\/p>\n\n\n\n<figure class=\"wp-block-gallery has-nested-images columns-default is-cropped wp-block-gallery-3 is-layout-flex wp-block-gallery-is-layout-flex\">\n<figure class=\"wp-block-image size-large\"><img decoding=\"async\" width=\"2000\" height=\"1333\" data-id=\"19164\" src=\"https:\/\/www.visitklagenfurt.at\/wp-content\/uploads\/2021\/05\/Blog_Parken_c_KLAMAG-13.jpg\" alt=\"Parkuhr, gratisparken, Parken in 9020 Klagenfurt am W\u00f6rthersee\" class=\"wp-image-19164\"\/><figcaption class=\"wp-element-caption\">(c) KLAMAG, NH<\/figcaption><\/figure>\n<\/figure>\n\n\n\n<h2 class=\"wp-block-heading\" id=\"h-bezahlen-der-parkgebuhren\">Bezahlen der Parkgeb\u00fchren<\/h2>\n\n\n\n<p>Innerhalb und au\u00dferhalb des Ringes finden sich 123 Parkscheinautomaten, die schnell zu erreichen und nicht zu \u00fcbersehen sind.<strong> <\/strong>Auch auf dem <strong>Weg zum Parkscheinautomaten sollte die Ankunftszeit hinterlegt werden<\/strong>, um Missverst\u00e4ndnisse zu vermeiden! <\/p>\n\n\n\n<p>Bezahlen kann man entweder mit M\u00fcnzen, mit der NFC-Funktion auf der Bankomatkarte oder mit einer Handy-App von EasyPark.<\/p>\n\n\n\n<p>Bewohner, Unternehmer und Dienstnehmer k\u00f6nnen um eine <strong>dauerhafte Parkgenehmigung<\/strong> ansuchen. Die Kosten belaufen sich auf \u20ac 150,- pro Jahr pauschale Kurzparkzonengeb\u00fchr.<\/p>\n\n\n\n<p>Weitere Infos zum Dauerparken und Formulare unter:<strong> <\/strong><a href=\"https:\/\/www.klagenfurt.at\/parken#c1088\" target=\"_blank\" rel=\"noreferrer noopener\">www.klagenfurt.at\/parken#c1088<\/a><\/p>\n\n\n\n<figure class=\"wp-block-gallery has-nested-images columns-default is-cropped wp-block-gallery-4 is-layout-flex wp-block-gallery-is-layout-flex\">\n<figure class=\"wp-block-image size-large\"><img loading=\"lazy\" decoding=\"async\" width=\"2000\" height=\"1333\" data-id=\"19160\" src=\"https:\/\/www.visitklagenfurt.at\/wp-content\/uploads\/2021\/05\/Blog_Parken_c_KLAMAG-12.jpg\" alt=\"Parkscheinautomat, M\u00fcnzeinwurf, Parken in 9020 Klagenfurt am W\u00f6rthersee\" class=\"wp-image-19160\"\/><figcaption class=\"wp-element-caption\">(c) KLAMAG, NH<\/figcaption><\/figure>\n<\/figure>\n\n\n\n<h2 class=\"wp-block-heading\" id=\"h-parkgaragen-in-klagenfurt\">Parkgaragen in Klagenfurt<\/h2>\n\n\n\n<p>In Klagenfurt gibt es <a href=\"https:\/\/www.klagenfurt.at\/parken-neu\/garagen-parkplaetze.html\" target=\"_blank\" rel=\"noreferrer noopener\">Tiefgaragen<\/a> (und ein Parkhochhaus) mit \u00fcber <strong>1.900 Stellpl\u00e4tzen<\/strong>. Die Preise \u2013 vor allem in unmittelbarer Zentrumsn\u00e4he \u2013 variieren stark. Es lohnt sich also, vor dem Autoabstellen die Preise der Garagen zu vergleichen. Durchschnittlich zahlt man f\u00fcr\u2019s Parken in den Klagenfurter Garagen zwischen zwei und \u20ac 4,- pro Stunde, manchmal beziehen sich die Preise auf nur 45 Minuten Parkzeit. <strong>Tageskarten <\/strong>gibt es zwischen \u20ac 20,- und \u20ac 50,-. <\/p>\n\n\n\n<p><strong>Zentrale Parkgaragen: <\/strong><\/p>\n\n\n\n<ul class=\"wp-block-list\">\n<li><strong>Lindwurmtiefgarage<\/strong><\/li>\n<\/ul>\n\n\n\n<p><\/p>\n\n\n\n<ul class=\"wp-block-list\">\n<li><strong>Heiligengeistplatz<\/strong><\/li>\n<\/ul>\n\n\n\n<p><\/p>\n\n\n\n<ul class=\"wp-block-list\">\n<li><strong>Theatergarage<\/strong><\/li>\n<\/ul>\n\n\n\n<p><\/p>\n\n\n\n<ul class=\"wp-block-list\">\n<li><strong>Vitaneum-Garage <\/strong><\/li>\n<\/ul>\n\n\n\n<p><\/p>\n\n\n\n<ul class=\"wp-block-list\">\n<li><strong>Domgarage<\/strong><\/li>\n<\/ul>\n\n\n\n<p><\/p>\n\n\n\n<p>Ein St\u00fcckchen weiter stadtausw\u00e4rts, aber immer noch sehr zentral, findet man die <strong>BKS-Garage,<\/strong> die <strong>WK-Garage<\/strong>, die <strong>Garage beim Bahnhof<\/strong>, das <strong>Parkhochhaus Geyersch\u00fctt<\/strong> sowie die bewachten Parkpl\u00e4tze in der <strong>Waagasse <\/strong>und am <strong>Viktringer Ring<\/strong> mit insgesamt 110 Parkfl\u00e4chen.<\/p>\n\n\n\n<p>Au\u00dferdem kann man auch auf der Hochgarage der <strong>City-Arkaden <\/strong>und auf den Parkfl\u00e4chen des Messegel\u00e4ndes (g\u00fcnstiger Tagestarif mit kurzem Spaziergang in die City!) parken. <\/p>\n\n\n\n<p>Besonders lobenswert sind bei manch h\u00f6heren Preisen die Angebote f\u00fcr <strong>Frauen- und Behindertenparkpl\u00e4tze<\/strong> oder <strong>Eltern-Kind-Parkpl\u00e4tze,<\/strong> die es zum Beispiel in der Garage der City Arkaden, der Lindwurmgarage, der BKS-Garage, der Theatergarage oder der Bahnhofsgarage gibt. <\/p>\n\n\n\n<p>Mit viel mehr Platz zum Ein- und Aussteigen, der N\u00e4he zu Ausg\u00e4ngen und besserer Beleuchtung sind diese Garagen auf jeden Fall vorne dabei.<strong> 200 Behindertenparkpl\u00e4tze <\/strong>finden sich \u00fcbrigens nat\u00fcrlich auch in den Kurzparkzonen \u2013 man erkennt sie an der Beschilderung und an der Bodenmarkierung.<\/p>\n\n\n\n<h2 class=\"wp-block-heading\" id=\"h-busparkplatz\">Busparkplatz<\/h2>\n\n\n\n<p>F\u00fcr detaillierte Informationen zu den Busparkpl\u00e4tzen sowie zu den Ein- und Ausstiegstellen klicken Sie bitte auf die unten aufgef\u00fchrte Datei. Eine Reservierung der Parkpl\u00e4tze ist generell nicht m\u00f6glich.&nbsp;<\/p>\n\n\n\n<div style=\"position:relative;padding-top:max(60%,326px);height:0;width:100%\"> <div class=\"brlbs-cmpnt-container brlbs-cmpnt-content-blocker brlbs-cmpnt-with-individual-styles\" data-borlabs-cookie-content-blocker-id=\"issuu\" data-borlabs-cookie-content=\"PGlmcmFtZSBhbGxvdz0iY2xpcGJvYXJkLXdyaXRlIiBzYW5kYm94PSJhbGxvdy10b3AtbmF2aWdhdGlvbiBhbGxvdy10b3AtbmF2aWdhdGlvbi1ieS11c2VyLWFjdGl2YXRpb24gYWxsb3ctZG93bmxvYWRzIGFsbG93LXNjcmlwdHMgYWxsb3ctc2FtZS1vcmlnaW4gYWxsb3ctcG9wdXBzIGFsbG93LW1vZGFscyBhbGxvdy1wb3B1cHMtdG8tZXNjYXBlLXNhbmRib3ggYWxsb3ctZm9ybXMiIGFsbG93ZnVsbHNjcmVlbj0idHJ1ZSIgc3R5bGU9InBvc2l0aW9uOmFic29sdXRlO2JvcmRlcjpub25lO3dpZHRoOjEwMCU7aGVpZ2h0OjEwMCU7bGVmdDowO3JpZ2h0OjA7dG9wOjA7Ym90dG9tOjA7IiBzcmM9Imh0dHBzOi8vZS5pc3N1dS5jb20vZW1iZWQuaHRtbD9kPXR2Yl9idXMtcGFya2luZm9fZmx5ZXJhNSZoaWRlSXNzdXVMb2dvPXRydWUmdT12aXNpdGtsYWdlbmZ1cnQiPjwvaWZyYW1lPg==\"><div class=\"brlbs-cmpnt-cb-preset-a\"> <p class=\"brlbs-cmpnt-cb-description\">Sie sehen gerade einen Platzhalterinhalt von <strong>Issuu<\/strong>. Um auf den eigentlichen Inhalt zuzugreifen, klicken Sie auf den Button unten. Bitte beachten Sie, dass dabei Daten an Drittanbieter weitergegeben werden.<\/p> <div class=\"brlbs-cmpnt-cb-buttons\"> <a class=\"brlbs-cmpnt-cb-btn\" href=\"#\" data-borlabs-cookie-unblock role=\"button\">Inhalt entsperren<\/a> <a class=\"brlbs-cmpnt-cb-btn\" href=\"#\" data-borlabs-cookie-accept-service role=\"button\" style=\"display: inherit\">Erforderlichen Service akzeptieren und Inhalte entsperren<\/a> <\/div> <a class=\"brlbs-cmpnt-cb-provider-toggle\" href=\"#\" data-borlabs-cookie-show-provider-information role=\"button\">Weitere Informationen<\/a> <\/div><\/div><\/div>\n\n\n\n<h2 class=\"wp-block-heading\" id=\"h-campingstellplatz-in-der-innenstadt\">Campingstellplatz in der Innenstadt<\/h2>\n\n\n\n<p>Die Stadt Klagenfurt bietet am Messeparkplatz in der St. Ruprechterstra\u00dfe 4 \u00f6ffentlich zug\u00e4ngliche Stellpl\u00e4tze f\u00fcr Wohn- und Reisemobile an, auf denen man im Fahrzeug kurzzeitig \u00fcbernachten kann.&nbsp;<\/p>\n\n\n\n<p>Die Stellpl\u00e4tze sind mit Ver- und Entsorgungsstationen f\u00fcr Frisch- und Abwasser sowie mit 16 Ampere-Stromanschl\u00fcssen ausgestattet. Die An- und Abreise kann jederzeit, auch nachts, erfolgen. Es gibt keine Rezeption &#8211; eine An- und Abmeldung ist daher nicht notwendig. Eine \u00dcbersicht gibt es <a href=\"https:\/\/www.kaerntnermessen.at\/parken\/\">hier<\/a>. <\/p>\n\n\n\n<h2 class=\"wp-block-heading\" id=\"h-ein-platz-fur-jeden-anspruch\">Ein Platz f\u00fcr jeden Anspruch<\/h2>\n\n\n\n<p>Das Parkplatzangebot in Klagenfurt ist vielseitig. Von teuer bis gratis, von mittendrin bis au\u00dferhalb, von ganzt\u00e4tig bis ganz kurz: Sicher ist, dass wohl jeder den perfekten Parkplatz f\u00fcr das jeweilige Vorhaben findet. Ob zum Arbeiten, f\u00fcr eine kurze Erledigung, einen <a href=\"https:\/\/www.visitklagenfurt.at\/de\/blog\/stadtleben\/klagenfurt-gutschein\/\" target=\"_blank\" rel=\"noreferrer noopener\">Shopping-Tag<\/a> oder einen l\u00e4ngeren Aufenthalt. Grunds\u00e4tzlich zahlt es sich aus, lieber etwas fr\u00fcher zu kommen als zu sp\u00e4t, oft lohnt es sich auch, nach einem Gratis-Parkplatz Ausschau zu halten und daf\u00fcr ein paar Schritte zu Fu\u00df zu gehen. <\/p>\n\n\n\n<p>Bei \u00dcbernachtungen lohnen sich Parkgaragen aufgrund der erh\u00f6hten Sicherheit (nur bitte nicht in der Garage der City Arkaden, das kann teuer werden!). F\u00fcr einen ganzt\u00e4gigen Stadtausflug schneiden die Parkpl\u00e4tze beim Messegel\u00e4nde und beim Fernheizkraftwerk mit g\u00fcnstigen Tagestarifen sehr gut ab. Alles in allem gilt vermutlich der Spruch \u201ewer suchet, der findet\u201c und wer genau auf Bodenmarkierungen und Beschilderungen achtet, kann beim Parken in Klagenfurt nichts falsch machen!&nbsp;<\/p>\n","protected":false},"excerpt":{"rendered":"<p>In Klagenfurt gibt es knapp 6.000 Parkpl\u00e4tze, viele davon nur wenige Meter vom Altstadtzentrum entfernt. Wer den perfekten Parkplatz sucht, sollte manchmal genau hinschauen oder Preise vergleichen.<\/p>\n","protected":false},"author":31,"featured_media":19152,"parent":5240,"menu_order":0,"comment_status":"closed","ping_status":"closed","template":"","meta":{"footnotes":""},"categories":[],"tags":[],"seitentyp":[224],"class_list":["post-6416","page","type-page","status-publish","has-post-thumbnail","hentry","seitentyp-microseite-short"],"yoast_head":"<!-- This site is optimized with the Yoast SEO plugin v27.5 - https:\/\/yoast.com\/product\/yoast-seo-wordpress\/ -->\n<title>Parken in Klagenfurt: Kurzparkzonen, Park &amp; Ride | visitklagenfurt<\/title>\n<meta name=\"description\" content=\"Parken in Klagenfurt: Die M\u00f6glichkeiten mit Kurzparkzonen, Park &amp; Ride, Busparkplatz und Campingpl\u00e4tzen sind vielf\u00e4ltig. Wir informieren!\" \/>\n<meta name=\"robots\" content=\"index, follow, max-snippet:-1, max-image-preview:large, max-video-preview:-1\" \/>\n<link rel=\"canonical\" href=\"https:\/\/www.visitklagenfurt.at\/de\/mobilitaet\/parken\/\" \/>\n<meta property=\"og:locale\" content=\"de_DE\" \/>\n<meta property=\"og:type\" content=\"article\" \/>\n<meta property=\"og:title\" content=\"Parken in Klagenfurt: Kurzparkzonen, Park &amp; Ride | visitklagenfurt\" \/>\n<meta property=\"og:description\" content=\"Parken in Klagenfurt: Die M\u00f6glichkeiten mit Kurzparkzonen, Park &amp; Ride, Busparkplatz und Campingpl\u00e4tzen sind vielf\u00e4ltig. Wir informieren!\" \/>\n<meta property=\"og:url\" content=\"https:\/\/www.visitklagenfurt.at\/de\/mobilitaet\/parken\/\" \/>\n<meta property=\"og:site_name\" content=\"visitklagenfurt\" \/>\n<meta property=\"article:modified_time\" content=\"2026-04-13T09:48:02+00:00\" \/>\n<meta property=\"og:image\" content=\"https:\/\/www.visitklagenfurt.at\/wp-content\/uploads\/2021\/05\/Blog_Parken_c_KLAMAG-9.jpg\" \/>\n\t<meta property=\"og:image:width\" content=\"2000\" \/>\n\t<meta property=\"og:image:height\" content=\"1333\" \/>\n\t<meta property=\"og:image:type\" content=\"image\/jpeg\" \/>\n<meta name=\"twitter:card\" content=\"summary_large_image\" \/>\n<meta name=\"twitter:label1\" content=\"Gesch\u00e4tzte Lesezeit\" \/>\n\t<meta name=\"twitter:data1\" content=\"9\u00a0Minuten\" \/>\n<script type=\"application\/ld+json\" class=\"yoast-schema-graph\">{\"@context\":\"https:\\\/\\\/schema.org\",\"@graph\":[{\"@type\":\"WebPage\",\"@id\":\"https:\\\/\\\/www.visitklagenfurt.at\\\/de\\\/mobilitaet\\\/parken\\\/\",\"url\":\"https:\\\/\\\/www.visitklagenfurt.at\\\/de\\\/mobilitaet\\\/parken\\\/\",\"name\":\"Parken in Klagenfurt: Kurzparkzonen, Park & Ride | visitklagenfurt\",\"isPartOf\":{\"@id\":\"https:\\\/\\\/www.visitklagenfurt.at\\\/de\\\/#website\"},\"primaryImageOfPage\":{\"@id\":\"https:\\\/\\\/www.visitklagenfurt.at\\\/de\\\/mobilitaet\\\/parken\\\/#primaryimage\"},\"image\":{\"@id\":\"https:\\\/\\\/www.visitklagenfurt.at\\\/de\\\/mobilitaet\\\/parken\\\/#primaryimage\"},\"thumbnailUrl\":\"https:\\\/\\\/www.visitklagenfurt.at\\\/wp-content\\\/uploads\\\/2021\\\/05\\\/Blog_Parken_c_KLAMAG-9.jpg\",\"datePublished\":\"2021-02-11T17:32:28+00:00\",\"dateModified\":\"2026-04-13T09:48:02+00:00\",\"description\":\"Parken in Klagenfurt: Die M\u00f6glichkeiten mit Kurzparkzonen, Park & Ride, Busparkplatz und Campingpl\u00e4tzen sind vielf\u00e4ltig. Wir informieren!\",\"breadcrumb\":{\"@id\":\"https:\\\/\\\/www.visitklagenfurt.at\\\/de\\\/mobilitaet\\\/parken\\\/#breadcrumb\"},\"inLanguage\":\"de\",\"potentialAction\":[{\"@type\":\"ReadAction\",\"target\":[\"https:\\\/\\\/www.visitklagenfurt.at\\\/de\\\/mobilitaet\\\/parken\\\/\"]}]},{\"@type\":\"ImageObject\",\"inLanguage\":\"de\",\"@id\":\"https:\\\/\\\/www.visitklagenfurt.at\\\/de\\\/mobilitaet\\\/parken\\\/#primaryimage\",\"url\":\"https:\\\/\\\/www.visitklagenfurt.at\\\/wp-content\\\/uploads\\\/2021\\\/05\\\/Blog_Parken_c_KLAMAG-9.jpg\",\"contentUrl\":\"https:\\\/\\\/www.visitklagenfurt.at\\\/wp-content\\\/uploads\\\/2021\\\/05\\\/Blog_Parken_c_KLAMAG-9.jpg\",\"width\":2000,\"height\":1333,\"caption\":\"(c) KLAMAG, NH\"},{\"@type\":\"BreadcrumbList\",\"@id\":\"https:\\\/\\\/www.visitklagenfurt.at\\\/de\\\/mobilitaet\\\/parken\\\/#breadcrumb\",\"itemListElement\":[{\"@type\":\"ListItem\",\"position\":1,\"name\":\"visitklagenfurt\",\"item\":\"https:\\\/\\\/www.visitklagenfurt.at\\\/de\\\/\"},{\"@type\":\"ListItem\",\"position\":2,\"name\":\"Mobilit\u00e4t\",\"item\":\"https:\\\/\\\/www.visitklagenfurt.at\\\/de\\\/mobilitaet\\\/\"},{\"@type\":\"ListItem\",\"position\":3,\"name\":\"Parken in Klagenfurt\"}]},{\"@type\":\"WebSite\",\"@id\":\"https:\\\/\\\/www.visitklagenfurt.at\\\/de\\\/#website\",\"url\":\"https:\\\/\\\/www.visitklagenfurt.at\\\/de\\\/\",\"name\":\"visitklagenfurt\",\"description\":\"\",\"publisher\":{\"@id\":\"https:\\\/\\\/www.visitklagenfurt.at\\\/de\\\/#organization\"},\"potentialAction\":[{\"@type\":\"SearchAction\",\"target\":{\"@type\":\"EntryPoint\",\"urlTemplate\":\"https:\\\/\\\/www.visitklagenfurt.at\\\/de\\\/?s={search_term_string}\"},\"query-input\":{\"@type\":\"PropertyValueSpecification\",\"valueRequired\":true,\"valueName\":\"search_term_string\"}}],\"inLanguage\":\"de\"},{\"@type\":\"Organization\",\"@id\":\"https:\\\/\\\/www.visitklagenfurt.at\\\/de\\\/#organization\",\"name\":\"Tourismus Region Klagenfurt am W\u00f6rthersee GmbH\",\"url\":\"https:\\\/\\\/www.visitklagenfurt.at\\\/de\\\/\",\"logo\":{\"@type\":\"ImageObject\",\"inLanguage\":\"de\",\"@id\":\"https:\\\/\\\/www.visitklagenfurt.at\\\/de\\\/#\\\/schema\\\/logo\\\/image\\\/\",\"url\":\"https:\\\/\\\/www.visitklagenfurt.at\\\/wp-content\\\/uploads\\\/2022\\\/03\\\/DT_K_Klagenfurt_S_RGB.png\",\"contentUrl\":\"https:\\\/\\\/www.visitklagenfurt.at\\\/wp-content\\\/uploads\\\/2022\\\/03\\\/DT_K_Klagenfurt_S_RGB.png\",\"width\":2082,\"height\":1511,\"caption\":\"Tourismus Region Klagenfurt am W\u00f6rthersee GmbH\"},\"image\":{\"@id\":\"https:\\\/\\\/www.visitklagenfurt.at\\\/de\\\/#\\\/schema\\\/logo\\\/image\\\/\"}}]}<\/script>\n<!-- \/ Yoast SEO plugin. -->","yoast_head_json":{"title":"Parken in Klagenfurt: Kurzparkzonen, Park & Ride | visitklagenfurt","description":"Parken in Klagenfurt: Die M\u00f6glichkeiten mit Kurzparkzonen, Park & Ride, Busparkplatz und Campingpl\u00e4tzen sind vielf\u00e4ltig. Wir informieren!","robots":{"index":"index","follow":"follow","max-snippet":"max-snippet:-1","max-image-preview":"max-image-preview:large","max-video-preview":"max-video-preview:-1"},"canonical":"https:\/\/www.visitklagenfurt.at\/de\/mobilitaet\/parken\/","og_locale":"de_DE","og_type":"article","og_title":"Parken in Klagenfurt: Kurzparkzonen, Park & Ride | visitklagenfurt","og_description":"Parken in Klagenfurt: Die M\u00f6glichkeiten mit Kurzparkzonen, Park & Ride, Busparkplatz und Campingpl\u00e4tzen sind vielf\u00e4ltig. Wir informieren!","og_url":"https:\/\/www.visitklagenfurt.at\/de\/mobilitaet\/parken\/","og_site_name":"visitklagenfurt","article_modified_time":"2026-04-13T09:48:02+00:00","og_image":[{"width":2000,"height":1333,"url":"https:\/\/www.visitklagenfurt.at\/wp-content\/uploads\/2021\/05\/Blog_Parken_c_KLAMAG-9.jpg","type":"image\/jpeg"}],"twitter_card":"summary_large_image","twitter_misc":{"Gesch\u00e4tzte Lesezeit":"9\u00a0Minuten"},"schema":{"@context":"https:\/\/schema.org","@graph":[{"@type":"WebPage","@id":"https:\/\/www.visitklagenfurt.at\/de\/mobilitaet\/parken\/","url":"https:\/\/www.visitklagenfurt.at\/de\/mobilitaet\/parken\/","name":"Parken in Klagenfurt: Kurzparkzonen, Park & Ride | visitklagenfurt","isPartOf":{"@id":"https:\/\/www.visitklagenfurt.at\/de\/#website"},"primaryImageOfPage":{"@id":"https:\/\/www.visitklagenfurt.at\/de\/mobilitaet\/parken\/#primaryimage"},"image":{"@id":"https:\/\/www.visitklagenfurt.at\/de\/mobilitaet\/parken\/#primaryimage"},"thumbnailUrl":"https:\/\/www.visitklagenfurt.at\/wp-content\/uploads\/2021\/05\/Blog_Parken_c_KLAMAG-9.jpg","datePublished":"2021-02-11T17:32:28+00:00","dateModified":"2026-04-13T09:48:02+00:00","description":"Parken in Klagenfurt: Die M\u00f6glichkeiten mit Kurzparkzonen, Park & Ride, Busparkplatz und Campingpl\u00e4tzen sind vielf\u00e4ltig. Wir informieren!","breadcrumb":{"@id":"https:\/\/www.visitklagenfurt.at\/de\/mobilitaet\/parken\/#breadcrumb"},"inLanguage":"de","potentialAction":[{"@type":"ReadAction","target":["https:\/\/www.visitklagenfurt.at\/de\/mobilitaet\/parken\/"]}]},{"@type":"ImageObject","inLanguage":"de","@id":"https:\/\/www.visitklagenfurt.at\/de\/mobilitaet\/parken\/#primaryimage","url":"https:\/\/www.visitklagenfurt.at\/wp-content\/uploads\/2021\/05\/Blog_Parken_c_KLAMAG-9.jpg","contentUrl":"https:\/\/www.visitklagenfurt.at\/wp-content\/uploads\/2021\/05\/Blog_Parken_c_KLAMAG-9.jpg","width":2000,"height":1333,"caption":"(c) KLAMAG, NH"},{"@type":"BreadcrumbList","@id":"https:\/\/www.visitklagenfurt.at\/de\/mobilitaet\/parken\/#breadcrumb","itemListElement":[{"@type":"ListItem","position":1,"name":"visitklagenfurt","item":"https:\/\/www.visitklagenfurt.at\/de\/"},{"@type":"ListItem","position":2,"name":"Mobilit\u00e4t","item":"https:\/\/www.visitklagenfurt.at\/de\/mobilitaet\/"},{"@type":"ListItem","position":3,"name":"Parken in Klagenfurt"}]},{"@type":"WebSite","@id":"https:\/\/www.visitklagenfurt.at\/de\/#website","url":"https:\/\/www.visitklagenfurt.at\/de\/","name":"visitklagenfurt","description":"","publisher":{"@id":"https:\/\/www.visitklagenfurt.at\/de\/#organization"},"potentialAction":[{"@type":"SearchAction","target":{"@type":"EntryPoint","urlTemplate":"https:\/\/www.visitklagenfurt.at\/de\/?s={search_term_string}"},"query-input":{"@type":"PropertyValueSpecification","valueRequired":true,"valueName":"search_term_string"}}],"inLanguage":"de"},{"@type":"Organization","@id":"https:\/\/www.visitklagenfurt.at\/de\/#organization","name":"Tourismus Region Klagenfurt am W\u00f6rthersee GmbH","url":"https:\/\/www.visitklagenfurt.at\/de\/","logo":{"@type":"ImageObject","inLanguage":"de","@id":"https:\/\/www.visitklagenfurt.at\/de\/#\/schema\/logo\/image\/","url":"https:\/\/www.visitklagenfurt.at\/wp-content\/uploads\/2022\/03\/DT_K_Klagenfurt_S_RGB.png","contentUrl":"https:\/\/www.visitklagenfurt.at\/wp-content\/uploads\/2022\/03\/DT_K_Klagenfurt_S_RGB.png","width":2082,"height":1511,"caption":"Tourismus Region Klagenfurt am W\u00f6rthersee GmbH"},"image":{"@id":"https:\/\/www.visitklagenfurt.at\/de\/#\/schema\/logo\/image\/"}}]}},"_links":{"self":[{"href":"https:\/\/www.visitklagenfurt.at\/de\/wp-json\/wp\/v2\/pages\/6416","targetHints":{"allow":["GET"]}}],"collection":[{"href":"https:\/\/www.visitklagenfurt.at\/de\/wp-json\/wp\/v2\/pages"}],"about":[{"href":"https:\/\/www.visitklagenfurt.at\/de\/wp-json\/wp\/v2\/types\/page"}],"author":[{"embeddable":true,"href":"https:\/\/www.visitklagenfurt.at\/de\/wp-json\/wp\/v2\/users\/31"}],"replies":[{"embeddable":true,"href":"https:\/\/www.visitklagenfurt.at\/de\/wp-json\/wp\/v2\/comments?post=6416"}],"version-history":[{"count":55,"href":"https:\/\/www.visitklagenfurt.at\/de\/wp-json\/wp\/v2\/pages\/6416\/revisions"}],"predecessor-version":[{"id":78247,"href":"https:\/\/www.visitklagenfurt.at\/de\/wp-json\/wp\/v2\/pages\/6416\/revisions\/78247"}],"up":[{"embeddable":true,"href":"https:\/\/www.visitklagenfurt.at\/de\/wp-json\/wp\/v2\/pages\/5240"}],"wp:featuredmedia":[{"embeddable":true,"href":"https:\/\/www.visitklagenfurt.at\/de\/wp-json\/wp\/v2\/media\/19152"}],"wp:attachment":[{"href":"https:\/\/www.visitklagenfurt.at\/de\/wp-json\/wp\/v2\/media?parent=6416"}],"wp:term":[{"taxonomy":"category","embeddable":true,"href":"https:\/\/www.visitklagenfurt.at\/de\/wp-json\/wp\/v2\/categories?post=6416"},{"taxonomy":"post_tag","embeddable":true,"href":"https:\/\/www.visitklagenfurt.at\/de\/wp-json\/wp\/v2\/tags?post=6416"},{"taxonomy":"seitentyp","embeddable":true,"href":"https:\/\/www.visitklagenfurt.at\/de\/wp-json\/wp\/v2\/seitentyp?post=6416"}],"curies":[{"name":"wp","href":"https:\/\/api.w.org\/{rel}","templated":true}]}}