{"id":6491,"date":"2021-02-15T10:48:15","date_gmt":"2021-02-15T09:48:15","guid":{"rendered":"http:\/\/blog.visitklagenfurt.at\/?page_id=6491"},"modified":"2022-04-20T11:22:42","modified_gmt":"2022-04-20T09:22:42","slug":"oeffentlicher-verkehr","status":"publish","type":"page","link":"https:\/\/www.visitklagenfurt.at\/de\/mobilitaet\/oeffentlicher-verkehr\/","title":{"rendered":"\u00d6ffentlicher Verkehr"},"content":{"rendered":"\n<p>Die Mobilit\u00e4t in Klagenfurt kann sich sehen lassen! Das gut ausgebaute \u00f6ffentliche Verkehrsnetz bringt Sie rasch und zuverl\u00e4ssig an Ihr Ziel.&nbsp;<\/p>\n\n\n\n<h2 class=\"wp-block-heading\" id=\"h-autobus\">Autobus<\/h2>\n\n\n\n<p>F\u00fcr die Mobilit\u00e4t mit \u00f6ffentlichen Verkehrsmitteln in der Stadt sorgt die KMG Klagenfurt Mobil GmbH. \u00dcber 65 Busse bef\u00f6rdern j\u00e4hrlich 20 Millionen Fahrg\u00e4ste. Die Tickets f\u00fcr Einzelfahrten k\u00f6nnen direkt beim Busfahrer gekauft werden oder mit der STW-Kundenkarte im Bus entwertet werden. Die Kurzstreckenkarte gilt f\u00fcr die einfache Busfahrt zwischen zwei benachbarten Zonengrenzen ohne Umsteigeberechtigung. Tickets k\u00f6nnen auch \u00fcber die App gekauft werden.&nbsp;<\/p>\n\n\n\n<p><strong>Klagenfurt macht Mobil-App zum <a href=\"https:\/\/www.stw.at\/privat\/mobilitaet\/klagenfurtmobil-app\/#appdownload\" target=\"_blank\" rel=\"noreferrer noopener\">Downloaden<\/a><\/strong><\/p>\n\n\n\n<ul class=\"wp-block-list\"><li><a href=\"https:\/\/www.stw.at\/privat\/mobilitaet\/taglinien-und-tagliniennetz\/\">Tagliniennetz&nbsp;<\/a><\/li><li><a href=\"https:\/\/www.stw.at\/privat\/mobilitaet\/abendlinien-und-abendliniennetz\/\">Abendliniennetz<\/a>   <\/li><\/ul>\n\n\n\n<p><\/p>\n\n\n\n<p>Weitere Fahrten au\u00dferhalb der Stadt finden Sie <a href=\"https:\/\/www.kaerntner-linien.at\/\" target=\"_blank\" rel=\"noreferrer noopener\">hier<\/a>.<\/p>\n\n\n\n<p class=\"has-small-font-size\"><strong>Kontakt:<\/strong><br>KMG Klagenfurt Mobil GmbH<br>Heiligengeistplatz 12<br>9020 Klagenfurt am W\u00f6rthersee<br><a href=\"http:\/\/telto\">+43 463 521 5420<\/a><br><a href=\"mailto:kundenservice@k-m-g.at\" target=\"_blank\" rel=\"noreferrer noopener\">kundenservice@k-m-g.at<\/a>&nbsp;<\/p>\n\n\n\n<h2 class=\"wp-block-heading\" id=\"h-bahnhofshuttle\">Bahnhofshuttle&nbsp;<\/h2>\n\n\n\n<p>Die Bahnhof-Shuttles bringen Sie von den Bahnh\u00f6fen Spittal an der Drau, Greifenburg-Weissensee, Villach, Hermagor, Velden, P\u00f6rtschach, Klagenfurt, V\u00f6lkermarkt-K\u00fchnsdorf, St. Veit an der Glan, Treibach-Althofen, Friesach, Oberdrauburg, Mallnitz und Lienz in Osttirol direkt zu rund 6.000 Unterk\u00fcnften oder zu einem der rund 300 Ausflugsziele in K\u00e4rnten.<\/p>\n\n\n\n<p>Sie k\u00f6nnen Ihren Transfer online buchen oder telefonisch. Telefonische Buchungen werden werktags von Montag bis Freitag von 8.00 bis 16.00 Uhr entgegengenommen. Buchen Sie bis sp\u00e4testens 18.00 Uhr am Vortag.&nbsp;<\/p>\n\n\n\n<div class=\"wp-block-buttons is-layout-flex wp-block-buttons-is-layout-flex\">\n<div class=\"wp-block-button\"><a class=\"wp-block-button__link\" href=\"https:\/\/www.bahnhofshuttle.at\/\" target=\"_blank\" rel=\"noreferrer noopener\">Erfahren Sie mehr<\/a><\/div>\n<\/div>\n\n\n\n<h2 class=\"wp-block-heading\" id=\"h-e-mobilit-t\">E-Mobilit\u00e4t<\/h2>\n\n\n\n<p>Umweltfreundlich und unkompliziert. Wenn Sie die Stadt besuchen, k\u00f6nnen Sie sowohl&nbsp; E-Autos, E-Scooter wie auch E-Fahrr\u00e4der ausleihen.&nbsp;<\/p>\n\n\n\n<h3 class=\"wp-block-heading\" id=\"h-e-auto\">E-Auto<\/h3>\n\n\n\n<p>Sie suchen ein E-Auto? Dann wenden Sie sich am Besten gleich an uns (<a href=\"http:\/\/telto\">0463 287463<\/a>). Ab \u20ac 4,80 pro Stunde oder \u20ac 60,- pro Tag k\u00f6nnen Sie ein E-Car mieten. Abstellen k\u00f6nnen Sie es an den Standorten der Universit\u00e4t Klagenfurt und am P&amp;R-Platz Minimundus.&nbsp;<\/p>\n\n\n\n<div class=\"wp-block-buttons is-layout-flex wp-block-buttons-is-layout-flex\">\n<div class=\"wp-block-button\"><a class=\"wp-block-button__link\" href=\"https:\/\/e-tankstellen-finder.com\/at\/de\/catalog\/index\/at\/K%C3%A4rnten\/Klagenfurt\/%20\/%20\/9020%20Klagenfurt%20am%20W%C3%B6rthersee\/0\/\" target=\"_blank\" rel=\"noreferrer noopener\">E-Tankstellen finden<\/a><\/div>\n<\/div>\n\n\n\n<h3 class=\"wp-block-heading\" id=\"h-e-scooter\">E-Scooter<\/h3>\n\n\n\n<p>Sie wollen schnell kurze Wege in der Stadt zur\u00fccklegen? Mit den E-Scootern der Firmen <a href=\"https:\/\/mytier.app\/\" target=\"_blank\" rel=\"noreferrer noopener\">Tier Mobility Austria GmbH<\/a> und Maximal Mobility GmbH ist das ganz einfach. Alles was Sie dazu ben\u00f6tigen ist die jeweilige App, die Sie auf ihrem Handy installieren. Nach der Registrierung zeigt die App wo sich freie Scooter befinden. Mittels QR-Scan melden Sie sich am Scooter an und legen los. Nach Beendigung der Fahrt m\u00fcssen Sie sich wieder abmelden. Die Benutzung ist auf das Stadtgebiet beschr\u00e4nkt.&nbsp;<\/p>\n\n\n\n<h2 class=\"wp-block-heading\" id=\"h-taxi\">Taxi&nbsp;<\/h2>\n\n\n\n<p>Schnell und ohne Wartezeiten von A nach B zu kommen ist in Klagenfurt ein leichtes. Rufen Sie sich ein Text!<\/p>\n\n\n\n<p><strong>Bestellung einer Fahrt:&nbsp;<\/strong><\/p>\n\n\n\n<p>Tel. 0463 51 51 51, <a href=\"http:\/\/www.taxi515151.com\/\" target=\"_blank\" rel=\"noreferrer noopener\">www.taxi515151.at<\/a><br>Tel. 0463 31 111, <a href=\"http:\/\/www.taxi-klagenfurt.at\" target=\"_blank\" rel=\"noreferrer noopener\">www.taxi-klagenfurt.at<\/a><br>Tel. 0463 27 11, <a href=\"http:\/\/www.taxi2711.at\/\" target=\"_blank\" rel=\"noreferrer noopener\">www.taxi2711.at<\/a><\/p>\n\n\n\n<p>Mehr Informationen, Preisabfragen und Tarifauskunft finden Sie auf der jeweiligen Website.&nbsp;<\/p>\n","protected":false},"excerpt":{"rendered":"<p>Die Mobilit\u00e4t in Klagenfurt kann sich sehen lassen! Das gut ausgebaute \u00f6ffentliche Verkehrsnetz bringt Sie rasch und zuverl\u00e4ssig an Ihr Ziel.&nbsp; Autobus F\u00fcr die Mobilit\u00e4t mit \u00f6ffentlichen Verkehrsmitteln in der Stadt sorgt die KMG Klagenfurt Mobil GmbH. \u00dcber 65 Busse bef\u00f6rdern j\u00e4hrlich 20 Millionen Fahrg\u00e4ste. Die Tickets f\u00fcr Einzelfahrten k\u00f6nnen direkt beim Busfahrer gekauft werden [&hellip;]<\/p>\n","protected":false},"author":2,"featured_media":10799,"parent":5240,"menu_order":0,"comment_status":"closed","ping_status":"closed","template":"","meta":{"footnotes":""},"categories":[],"tags":[],"seitentyp":[224],"class_list":["post-6491","page","type-page","status-publish","has-post-thumbnail","hentry","seitentyp-microseite-short"],"yoast_head":"<!-- This site is optimized with the Yoast SEO plugin v27.5 - https:\/\/yoast.com\/product\/yoast-seo-wordpress\/ -->\n<title>\u00d6ffentlicher Verkehr | Autobus, E-Mobilit\u00e4t, Taxi oder Autovermietung<\/title>\n<meta name=\"description\" content=\"Die Mobilit\u00e4t in Klagenfurt kann sich sehen lassen! Das gut ausgebaute \u00f6ffentliche Verkehrsnetz bringt Sie rasch und zuverl\u00e4ssig an Ihr Ziel.\" \/>\n<meta name=\"robots\" content=\"index, follow, max-snippet:-1, max-image-preview:large, max-video-preview:-1\" \/>\n<link rel=\"canonical\" href=\"https:\/\/www.visitklagenfurt.at\/de\/mobilitaet\/oeffentlicher-verkehr\/\" \/>\n<meta property=\"og:locale\" content=\"de_DE\" \/>\n<meta property=\"og:type\" content=\"article\" \/>\n<meta property=\"og:title\" content=\"\u00d6ffentlicher Verkehr | Autobus, E-Mobilit\u00e4t, Taxi oder Autovermietung\" \/>\n<meta property=\"og:description\" content=\"Die Mobilit\u00e4t in Klagenfurt kann sich sehen lassen! Das gut ausgebaute \u00f6ffentliche Verkehrsnetz bringt Sie rasch und zuverl\u00e4ssig an Ihr Ziel.\" \/>\n<meta property=\"og:url\" content=\"https:\/\/www.visitklagenfurt.at\/de\/mobilitaet\/oeffentlicher-verkehr\/\" \/>\n<meta property=\"og:site_name\" content=\"visitklagenfurt\" \/>\n<meta property=\"article:modified_time\" content=\"2022-04-20T09:22:42+00:00\" \/>\n<meta property=\"og:image\" content=\"https:\/\/www.visitklagenfurt.at\/wp-content\/uploads\/2021\/03\/2019-06-19-084_Thomas_HUDE.jpg\" \/>\n\t<meta property=\"og:image:width\" content=\"2000\" \/>\n\t<meta property=\"og:image:height\" content=\"1331\" \/>\n\t<meta property=\"og:image:type\" content=\"image\/jpeg\" \/>\n<meta name=\"twitter:card\" content=\"summary_large_image\" \/>\n<meta name=\"twitter:label1\" content=\"Gesch\u00e4tzte Lesezeit\" \/>\n\t<meta name=\"twitter:data1\" content=\"3\u00a0Minuten\" \/>\n<script type=\"application\/ld+json\" class=\"yoast-schema-graph\">{\"@context\":\"https:\\\/\\\/schema.org\",\"@graph\":[{\"@type\":\"WebPage\",\"@id\":\"https:\\\/\\\/www.visitklagenfurt.at\\\/de\\\/mobilitaet\\\/oeffentlicher-verkehr\\\/\",\"url\":\"https:\\\/\\\/www.visitklagenfurt.at\\\/de\\\/mobilitaet\\\/oeffentlicher-verkehr\\\/\",\"name\":\"\u00d6ffentlicher Verkehr | Autobus, E-Mobilit\u00e4t, Taxi oder Autovermietung\",\"isPartOf\":{\"@id\":\"https:\\\/\\\/www.visitklagenfurt.at\\\/de\\\/#website\"},\"primaryImageOfPage\":{\"@id\":\"https:\\\/\\\/www.visitklagenfurt.at\\\/de\\\/mobilitaet\\\/oeffentlicher-verkehr\\\/#primaryimage\"},\"image\":{\"@id\":\"https:\\\/\\\/www.visitklagenfurt.at\\\/de\\\/mobilitaet\\\/oeffentlicher-verkehr\\\/#primaryimage\"},\"thumbnailUrl\":\"https:\\\/\\\/www.visitklagenfurt.at\\\/wp-content\\\/uploads\\\/2021\\\/03\\\/2019-06-19-084_Thomas_HUDE.jpg\",\"datePublished\":\"2021-02-15T09:48:15+00:00\",\"dateModified\":\"2022-04-20T09:22:42+00:00\",\"description\":\"Die Mobilit\u00e4t in Klagenfurt kann sich sehen lassen! Das gut ausgebaute \u00f6ffentliche Verkehrsnetz bringt Sie rasch und zuverl\u00e4ssig an Ihr Ziel.\",\"breadcrumb\":{\"@id\":\"https:\\\/\\\/www.visitklagenfurt.at\\\/de\\\/mobilitaet\\\/oeffentlicher-verkehr\\\/#breadcrumb\"},\"inLanguage\":\"de\",\"potentialAction\":[{\"@type\":\"ReadAction\",\"target\":[\"https:\\\/\\\/www.visitklagenfurt.at\\\/de\\\/mobilitaet\\\/oeffentlicher-verkehr\\\/\"]}]},{\"@type\":\"ImageObject\",\"inLanguage\":\"de\",\"@id\":\"https:\\\/\\\/www.visitklagenfurt.at\\\/de\\\/mobilitaet\\\/oeffentlicher-verkehr\\\/#primaryimage\",\"url\":\"https:\\\/\\\/www.visitklagenfurt.at\\\/wp-content\\\/uploads\\\/2021\\\/03\\\/2019-06-19-084_Thomas_HUDE.jpg\",\"contentUrl\":\"https:\\\/\\\/www.visitklagenfurt.at\\\/wp-content\\\/uploads\\\/2021\\\/03\\\/2019-06-19-084_Thomas_HUDE.jpg\",\"width\":2000,\"height\":1331,\"caption\":\"(c) Thomas Hude\"},{\"@type\":\"BreadcrumbList\",\"@id\":\"https:\\\/\\\/www.visitklagenfurt.at\\\/de\\\/mobilitaet\\\/oeffentlicher-verkehr\\\/#breadcrumb\",\"itemListElement\":[{\"@type\":\"ListItem\",\"position\":1,\"name\":\"visitklagenfurt\",\"item\":\"https:\\\/\\\/www.visitklagenfurt.at\\\/de\\\/\"},{\"@type\":\"ListItem\",\"position\":2,\"name\":\"Mobilit\u00e4t\",\"item\":\"https:\\\/\\\/www.visitklagenfurt.at\\\/de\\\/mobilitaet\\\/\"},{\"@type\":\"ListItem\",\"position\":3,\"name\":\"\u00d6ffentlicher Verkehr\"}]},{\"@type\":\"WebSite\",\"@id\":\"https:\\\/\\\/www.visitklagenfurt.at\\\/de\\\/#website\",\"url\":\"https:\\\/\\\/www.visitklagenfurt.at\\\/de\\\/\",\"name\":\"visitklagenfurt\",\"description\":\"\",\"publisher\":{\"@id\":\"https:\\\/\\\/www.visitklagenfurt.at\\\/de\\\/#organization\"},\"potentialAction\":[{\"@type\":\"SearchAction\",\"target\":{\"@type\":\"EntryPoint\",\"urlTemplate\":\"https:\\\/\\\/www.visitklagenfurt.at\\\/de\\\/?s={search_term_string}\"},\"query-input\":{\"@type\":\"PropertyValueSpecification\",\"valueRequired\":true,\"valueName\":\"search_term_string\"}}],\"inLanguage\":\"de\"},{\"@type\":\"Organization\",\"@id\":\"https:\\\/\\\/www.visitklagenfurt.at\\\/de\\\/#organization\",\"name\":\"Tourismus Region Klagenfurt am W\u00f6rthersee GmbH\",\"url\":\"https:\\\/\\\/www.visitklagenfurt.at\\\/de\\\/\",\"logo\":{\"@type\":\"ImageObject\",\"inLanguage\":\"de\",\"@id\":\"https:\\\/\\\/www.visitklagenfurt.at\\\/de\\\/#\\\/schema\\\/logo\\\/image\\\/\",\"url\":\"https:\\\/\\\/www.visitklagenfurt.at\\\/wp-content\\\/uploads\\\/2022\\\/03\\\/DT_K_Klagenfurt_S_RGB.png\",\"contentUrl\":\"https:\\\/\\\/www.visitklagenfurt.at\\\/wp-content\\\/uploads\\\/2022\\\/03\\\/DT_K_Klagenfurt_S_RGB.png\",\"width\":2082,\"height\":1511,\"caption\":\"Tourismus Region Klagenfurt am W\u00f6rthersee GmbH\"},\"image\":{\"@id\":\"https:\\\/\\\/www.visitklagenfurt.at\\\/de\\\/#\\\/schema\\\/logo\\\/image\\\/\"}}]}<\/script>\n<!-- \/ Yoast SEO plugin. -->","yoast_head_json":{"title":"\u00d6ffentlicher Verkehr | Autobus, E-Mobilit\u00e4t, Taxi oder Autovermietung","description":"Die Mobilit\u00e4t in Klagenfurt kann sich sehen lassen! Das gut ausgebaute \u00f6ffentliche Verkehrsnetz bringt Sie rasch und zuverl\u00e4ssig an Ihr Ziel.","robots":{"index":"index","follow":"follow","max-snippet":"max-snippet:-1","max-image-preview":"max-image-preview:large","max-video-preview":"max-video-preview:-1"},"canonical":"https:\/\/www.visitklagenfurt.at\/de\/mobilitaet\/oeffentlicher-verkehr\/","og_locale":"de_DE","og_type":"article","og_title":"\u00d6ffentlicher Verkehr | Autobus, E-Mobilit\u00e4t, Taxi oder Autovermietung","og_description":"Die Mobilit\u00e4t in Klagenfurt kann sich sehen lassen! Das gut ausgebaute \u00f6ffentliche Verkehrsnetz bringt Sie rasch und zuverl\u00e4ssig an Ihr Ziel.","og_url":"https:\/\/www.visitklagenfurt.at\/de\/mobilitaet\/oeffentlicher-verkehr\/","og_site_name":"visitklagenfurt","article_modified_time":"2022-04-20T09:22:42+00:00","og_image":[{"width":2000,"height":1331,"url":"https:\/\/www.visitklagenfurt.at\/wp-content\/uploads\/2021\/03\/2019-06-19-084_Thomas_HUDE.jpg","type":"image\/jpeg"}],"twitter_card":"summary_large_image","twitter_misc":{"Gesch\u00e4tzte Lesezeit":"3\u00a0Minuten"},"schema":{"@context":"https:\/\/schema.org","@graph":[{"@type":"WebPage","@id":"https:\/\/www.visitklagenfurt.at\/de\/mobilitaet\/oeffentlicher-verkehr\/","url":"https:\/\/www.visitklagenfurt.at\/de\/mobilitaet\/oeffentlicher-verkehr\/","name":"\u00d6ffentlicher Verkehr | Autobus, E-Mobilit\u00e4t, Taxi oder Autovermietung","isPartOf":{"@id":"https:\/\/www.visitklagenfurt.at\/de\/#website"},"primaryImageOfPage":{"@id":"https:\/\/www.visitklagenfurt.at\/de\/mobilitaet\/oeffentlicher-verkehr\/#primaryimage"},"image":{"@id":"https:\/\/www.visitklagenfurt.at\/de\/mobilitaet\/oeffentlicher-verkehr\/#primaryimage"},"thumbnailUrl":"https:\/\/www.visitklagenfurt.at\/wp-content\/uploads\/2021\/03\/2019-06-19-084_Thomas_HUDE.jpg","datePublished":"2021-02-15T09:48:15+00:00","dateModified":"2022-04-20T09:22:42+00:00","description":"Die Mobilit\u00e4t in Klagenfurt kann sich sehen lassen! Das gut ausgebaute \u00f6ffentliche Verkehrsnetz bringt Sie rasch und zuverl\u00e4ssig an Ihr Ziel.","breadcrumb":{"@id":"https:\/\/www.visitklagenfurt.at\/de\/mobilitaet\/oeffentlicher-verkehr\/#breadcrumb"},"inLanguage":"de","potentialAction":[{"@type":"ReadAction","target":["https:\/\/www.visitklagenfurt.at\/de\/mobilitaet\/oeffentlicher-verkehr\/"]}]},{"@type":"ImageObject","inLanguage":"de","@id":"https:\/\/www.visitklagenfurt.at\/de\/mobilitaet\/oeffentlicher-verkehr\/#primaryimage","url":"https:\/\/www.visitklagenfurt.at\/wp-content\/uploads\/2021\/03\/2019-06-19-084_Thomas_HUDE.jpg","contentUrl":"https:\/\/www.visitklagenfurt.at\/wp-content\/uploads\/2021\/03\/2019-06-19-084_Thomas_HUDE.jpg","width":2000,"height":1331,"caption":"(c) Thomas Hude"},{"@type":"BreadcrumbList","@id":"https:\/\/www.visitklagenfurt.at\/de\/mobilitaet\/oeffentlicher-verkehr\/#breadcrumb","itemListElement":[{"@type":"ListItem","position":1,"name":"visitklagenfurt","item":"https:\/\/www.visitklagenfurt.at\/de\/"},{"@type":"ListItem","position":2,"name":"Mobilit\u00e4t","item":"https:\/\/www.visitklagenfurt.at\/de\/mobilitaet\/"},{"@type":"ListItem","position":3,"name":"\u00d6ffentlicher Verkehr"}]},{"@type":"WebSite","@id":"https:\/\/www.visitklagenfurt.at\/de\/#website","url":"https:\/\/www.visitklagenfurt.at\/de\/","name":"visitklagenfurt","description":"","publisher":{"@id":"https:\/\/www.visitklagenfurt.at\/de\/#organization"},"potentialAction":[{"@type":"SearchAction","target":{"@type":"EntryPoint","urlTemplate":"https:\/\/www.visitklagenfurt.at\/de\/?s={search_term_string}"},"query-input":{"@type":"PropertyValueSpecification","valueRequired":true,"valueName":"search_term_string"}}],"inLanguage":"de"},{"@type":"Organization","@id":"https:\/\/www.visitklagenfurt.at\/de\/#organization","name":"Tourismus Region Klagenfurt am W\u00f6rthersee GmbH","url":"https:\/\/www.visitklagenfurt.at\/de\/","logo":{"@type":"ImageObject","inLanguage":"de","@id":"https:\/\/www.visitklagenfurt.at\/de\/#\/schema\/logo\/image\/","url":"https:\/\/www.visitklagenfurt.at\/wp-content\/uploads\/2022\/03\/DT_K_Klagenfurt_S_RGB.png","contentUrl":"https:\/\/www.visitklagenfurt.at\/wp-content\/uploads\/2022\/03\/DT_K_Klagenfurt_S_RGB.png","width":2082,"height":1511,"caption":"Tourismus Region Klagenfurt am W\u00f6rthersee GmbH"},"image":{"@id":"https:\/\/www.visitklagenfurt.at\/de\/#\/schema\/logo\/image\/"}}]}},"_links":{"self":[{"href":"https:\/\/www.visitklagenfurt.at\/de\/wp-json\/wp\/v2\/pages\/6491","targetHints":{"allow":["GET"]}}],"collection":[{"href":"https:\/\/www.visitklagenfurt.at\/de\/wp-json\/wp\/v2\/pages"}],"about":[{"href":"https:\/\/www.visitklagenfurt.at\/de\/wp-json\/wp\/v2\/types\/page"}],"author":[{"embeddable":true,"href":"https:\/\/www.visitklagenfurt.at\/de\/wp-json\/wp\/v2\/users\/2"}],"replies":[{"embeddable":true,"href":"https:\/\/www.visitklagenfurt.at\/de\/wp-json\/wp\/v2\/comments?post=6491"}],"version-history":[{"count":17,"href":"https:\/\/www.visitklagenfurt.at\/de\/wp-json\/wp\/v2\/pages\/6491\/revisions"}],"predecessor-version":[{"id":35520,"href":"https:\/\/www.visitklagenfurt.at\/de\/wp-json\/wp\/v2\/pages\/6491\/revisions\/35520"}],"up":[{"embeddable":true,"href":"https:\/\/www.visitklagenfurt.at\/de\/wp-json\/wp\/v2\/pages\/5240"}],"wp:featuredmedia":[{"embeddable":true,"href":"https:\/\/www.visitklagenfurt.at\/de\/wp-json\/wp\/v2\/media\/10799"}],"wp:attachment":[{"href":"https:\/\/www.visitklagenfurt.at\/de\/wp-json\/wp\/v2\/media?parent=6491"}],"wp:term":[{"taxonomy":"category","embeddable":true,"href":"https:\/\/www.visitklagenfurt.at\/de\/wp-json\/wp\/v2\/categories?post=6491"},{"taxonomy":"post_tag","embeddable":true,"href":"https:\/\/www.visitklagenfurt.at\/de\/wp-json\/wp\/v2\/tags?post=6491"},{"taxonomy":"seitentyp","embeddable":true,"href":"https:\/\/www.visitklagenfurt.at\/de\/wp-json\/wp\/v2\/seitentyp?post=6491"}],"curies":[{"name":"wp","href":"https:\/\/api.w.org\/{rel}","templated":true}]}}