{"id":8584,"date":"2021-02-23T17:19:41","date_gmt":"2021-02-23T16:19:41","guid":{"rendered":"http:\/\/blog.visitklagenfurt.at\/?page_id=8584"},"modified":"2021-04-09T15:08:39","modified_gmt":"2021-04-09T13:08:39","slug":"reparatur","status":"publish","type":"page","link":"https:\/\/www.visitklagenfurt.at\/de\/mobilitaet\/radverleih\/reparatur\/","title":{"rendered":"Reparatur"},"content":{"rendered":"\t\t<div data-elementor-type=\"wp-page\" data-elementor-id=\"8584\" class=\"elementor elementor-8584\" data-elementor-post-type=\"page\">\n\t\t\t\t\t\t<section class=\"elementor-section elementor-top-section elementor-element elementor-element-bd60ca8 elementor-reverse-mobile elementor-section-boxed elementor-section-height-default elementor-section-height-default\" data-id=\"bd60ca8\" data-element_type=\"section\" data-e-type=\"section\" data-settings=\"{&quot;background_background&quot;:&quot;classic&quot;}\">\n\t\t\t\t\t\t<div class=\"elementor-container elementor-column-gap-default\">\n\t\t\t\t\t<div class=\"elementor-column elementor-col-100 elementor-top-column elementor-element elementor-element-65b3c2f\" data-id=\"65b3c2f\" data-element_type=\"column\" data-e-type=\"column\">\n\t\t\t<div class=\"elementor-widget-wrap\">\n\t\t\t\t\t\t\t<\/div>\n\t\t<\/div>\n\t\t\t\t\t<\/div>\n\t\t<\/section>\n\t\t\t\t<\/div>\n\t\t","protected":false},"excerpt":{"rendered":"","protected":false},"author":2,"featured_media":6373,"parent":6389,"menu_order":0,"comment_status":"closed","ping_status":"closed","template":"","meta":{"footnotes":""},"categories":[],"tags":[],"seitentyp":[196],"class_list":["post-8584","page","type-page","status-publish","has-post-thumbnail","hentry","seitentyp-branchenverzeichnis"],"yoast_head":"<!-- This site is optimized with the Yoast SEO plugin v27.5 - https:\/\/yoast.com\/product\/yoast-seo-wordpress\/ -->\n<title>Rad-Reparatur und Verleih | Klagenfurt am W\u00f6rthersee<\/title>\n<meta name=\"description\" content=\"Eine \u00dcbersicht \u00fcber die Rad-Reparatur-M\u00f6glichkeiten in Klagenfurt. Nutzen Sie daf\u00fcr unser Branchenbuch. Jetzt informieren!\" \/>\n<meta name=\"robots\" content=\"index, follow, max-snippet:-1, max-image-preview:large, max-video-preview:-1\" \/>\n<link rel=\"canonical\" href=\"https:\/\/www.visitklagenfurt.at\/de\/mobilitaet\/radverleih\/reparatur\/\" \/>\n<meta property=\"og:locale\" content=\"de_DE\" \/>\n<meta property=\"og:type\" content=\"article\" \/>\n<meta property=\"og:title\" content=\"Rad-Reparatur und Verleih | Klagenfurt am W\u00f6rthersee\" \/>\n<meta property=\"og:description\" content=\"Eine \u00dcbersicht \u00fcber die Rad-Reparatur-M\u00f6glichkeiten in Klagenfurt. Nutzen Sie daf\u00fcr unser Branchenbuch. Jetzt informieren!\" \/>\n<meta property=\"og:url\" content=\"https:\/\/www.visitklagenfurt.at\/de\/mobilitaet\/radverleih\/reparatur\/\" \/>\n<meta property=\"og:site_name\" content=\"visitklagenfurt\" \/>\n<meta property=\"article:modified_time\" content=\"2021-04-09T13:08:39+00:00\" \/>\n<meta property=\"og:image\" content=\"https:\/\/www.visitklagenfurt.at\/wp-content\/uploads\/2021\/02\/sehenswertes_lindwurm_2012_c-helge_bauer_16-web.jpeg\" \/>\n\t<meta property=\"og:image:width\" content=\"2048\" \/>\n\t<meta property=\"og:image:height\" content=\"1363\" \/>\n\t<meta property=\"og:image:type\" content=\"image\/jpeg\" \/>\n<meta name=\"twitter:card\" content=\"summary_large_image\" \/>\n<meta name=\"twitter:label1\" content=\"Gesch\u00e4tzte Lesezeit\" \/>\n\t<meta name=\"twitter:data1\" content=\"1\u00a0Minute\" \/>\n<script type=\"application\/ld+json\" class=\"yoast-schema-graph\">{\"@context\":\"https:\\\/\\\/schema.org\",\"@graph\":[{\"@type\":\"WebPage\",\"@id\":\"https:\\\/\\\/www.visitklagenfurt.at\\\/de\\\/mobilitaet\\\/radverleih\\\/reparatur\\\/\",\"url\":\"https:\\\/\\\/www.visitklagenfurt.at\\\/de\\\/mobilitaet\\\/radverleih\\\/reparatur\\\/\",\"name\":\"Rad-Reparatur und Verleih | Klagenfurt am W\u00f6rthersee\",\"isPartOf\":{\"@id\":\"https:\\\/\\\/www.visitklagenfurt.at\\\/de\\\/#website\"},\"primaryImageOfPage\":{\"@id\":\"https:\\\/\\\/www.visitklagenfurt.at\\\/de\\\/mobilitaet\\\/radverleih\\\/reparatur\\\/#primaryimage\"},\"image\":{\"@id\":\"https:\\\/\\\/www.visitklagenfurt.at\\\/de\\\/mobilitaet\\\/radverleih\\\/reparatur\\\/#primaryimage\"},\"thumbnailUrl\":\"https:\\\/\\\/www.visitklagenfurt.at\\\/wp-content\\\/uploads\\\/2021\\\/02\\\/sehenswertes_lindwurm_2012_c-helge_bauer_16-web.jpeg\",\"datePublished\":\"2021-02-23T16:19:41+00:00\",\"dateModified\":\"2021-04-09T13:08:39+00:00\",\"description\":\"Eine \u00dcbersicht \u00fcber die Rad-Reparatur-M\u00f6glichkeiten in Klagenfurt. Nutzen Sie daf\u00fcr unser Branchenbuch. Jetzt informieren!\",\"breadcrumb\":{\"@id\":\"https:\\\/\\\/www.visitklagenfurt.at\\\/de\\\/mobilitaet\\\/radverleih\\\/reparatur\\\/#breadcrumb\"},\"inLanguage\":\"de\",\"potentialAction\":[{\"@type\":\"ReadAction\",\"target\":[\"https:\\\/\\\/www.visitklagenfurt.at\\\/de\\\/mobilitaet\\\/radverleih\\\/reparatur\\\/\"]}]},{\"@type\":\"ImageObject\",\"inLanguage\":\"de\",\"@id\":\"https:\\\/\\\/www.visitklagenfurt.at\\\/de\\\/mobilitaet\\\/radverleih\\\/reparatur\\\/#primaryimage\",\"url\":\"https:\\\/\\\/www.visitklagenfurt.at\\\/wp-content\\\/uploads\\\/2021\\\/02\\\/sehenswertes_lindwurm_2012_c-helge_bauer_16-web.jpeg\",\"contentUrl\":\"https:\\\/\\\/www.visitklagenfurt.at\\\/wp-content\\\/uploads\\\/2021\\\/02\\\/sehenswertes_lindwurm_2012_c-helge_bauer_16-web.jpeg\",\"width\":2048,\"height\":1363,\"caption\":\"(c) Helge Bauer\"},{\"@type\":\"BreadcrumbList\",\"@id\":\"https:\\\/\\\/www.visitklagenfurt.at\\\/de\\\/mobilitaet\\\/radverleih\\\/reparatur\\\/#breadcrumb\",\"itemListElement\":[{\"@type\":\"ListItem\",\"position\":1,\"name\":\"visitklagenfurt\",\"item\":\"https:\\\/\\\/www.visitklagenfurt.at\\\/de\\\/\"},{\"@type\":\"ListItem\",\"position\":2,\"name\":\"Mobilit\u00e4t\",\"item\":\"https:\\\/\\\/www.visitklagenfurt.at\\\/de\\\/mobilitaet\\\/\"},{\"@type\":\"ListItem\",\"position\":3,\"name\":\"Fahrradverleih\",\"item\":\"https:\\\/\\\/www.visitklagenfurt.at\\\/de\\\/mobilitaet\\\/radverleih\\\/\"},{\"@type\":\"ListItem\",\"position\":4,\"name\":\"Reparatur\"}]},{\"@type\":\"WebSite\",\"@id\":\"https:\\\/\\\/www.visitklagenfurt.at\\\/de\\\/#website\",\"url\":\"https:\\\/\\\/www.visitklagenfurt.at\\\/de\\\/\",\"name\":\"visitklagenfurt\",\"description\":\"\",\"publisher\":{\"@id\":\"https:\\\/\\\/www.visitklagenfurt.at\\\/de\\\/#organization\"},\"potentialAction\":[{\"@type\":\"SearchAction\",\"target\":{\"@type\":\"EntryPoint\",\"urlTemplate\":\"https:\\\/\\\/www.visitklagenfurt.at\\\/de\\\/?s={search_term_string}\"},\"query-input\":{\"@type\":\"PropertyValueSpecification\",\"valueRequired\":true,\"valueName\":\"search_term_string\"}}],\"inLanguage\":\"de\"},{\"@type\":\"Organization\",\"@id\":\"https:\\\/\\\/www.visitklagenfurt.at\\\/de\\\/#organization\",\"name\":\"Tourismus Region Klagenfurt am W\u00f6rthersee GmbH\",\"url\":\"https:\\\/\\\/www.visitklagenfurt.at\\\/de\\\/\",\"logo\":{\"@type\":\"ImageObject\",\"inLanguage\":\"de\",\"@id\":\"https:\\\/\\\/www.visitklagenfurt.at\\\/de\\\/#\\\/schema\\\/logo\\\/image\\\/\",\"url\":\"https:\\\/\\\/www.visitklagenfurt.at\\\/wp-content\\\/uploads\\\/2022\\\/03\\\/DT_K_Klagenfurt_S_RGB.png\",\"contentUrl\":\"https:\\\/\\\/www.visitklagenfurt.at\\\/wp-content\\\/uploads\\\/2022\\\/03\\\/DT_K_Klagenfurt_S_RGB.png\",\"width\":2082,\"height\":1511,\"caption\":\"Tourismus Region Klagenfurt am W\u00f6rthersee GmbH\"},\"image\":{\"@id\":\"https:\\\/\\\/www.visitklagenfurt.at\\\/de\\\/#\\\/schema\\\/logo\\\/image\\\/\"}}]}<\/script>\n<!-- \/ Yoast SEO plugin. -->","yoast_head_json":{"title":"Rad-Reparatur und Verleih | Klagenfurt am W\u00f6rthersee","description":"Eine \u00dcbersicht \u00fcber die Rad-Reparatur-M\u00f6glichkeiten in Klagenfurt. Nutzen Sie daf\u00fcr unser Branchenbuch. Jetzt informieren!","robots":{"index":"index","follow":"follow","max-snippet":"max-snippet:-1","max-image-preview":"max-image-preview:large","max-video-preview":"max-video-preview:-1"},"canonical":"https:\/\/www.visitklagenfurt.at\/de\/mobilitaet\/radverleih\/reparatur\/","og_locale":"de_DE","og_type":"article","og_title":"Rad-Reparatur und Verleih | Klagenfurt am W\u00f6rthersee","og_description":"Eine \u00dcbersicht \u00fcber die Rad-Reparatur-M\u00f6glichkeiten in Klagenfurt. Nutzen Sie daf\u00fcr unser Branchenbuch. Jetzt informieren!","og_url":"https:\/\/www.visitklagenfurt.at\/de\/mobilitaet\/radverleih\/reparatur\/","og_site_name":"visitklagenfurt","article_modified_time":"2021-04-09T13:08:39+00:00","og_image":[{"width":2048,"height":1363,"url":"https:\/\/www.visitklagenfurt.at\/wp-content\/uploads\/2021\/02\/sehenswertes_lindwurm_2012_c-helge_bauer_16-web.jpeg","type":"image\/jpeg"}],"twitter_card":"summary_large_image","twitter_misc":{"Gesch\u00e4tzte Lesezeit":"1\u00a0Minute"},"schema":{"@context":"https:\/\/schema.org","@graph":[{"@type":"WebPage","@id":"https:\/\/www.visitklagenfurt.at\/de\/mobilitaet\/radverleih\/reparatur\/","url":"https:\/\/www.visitklagenfurt.at\/de\/mobilitaet\/radverleih\/reparatur\/","name":"Rad-Reparatur und Verleih | Klagenfurt am W\u00f6rthersee","isPartOf":{"@id":"https:\/\/www.visitklagenfurt.at\/de\/#website"},"primaryImageOfPage":{"@id":"https:\/\/www.visitklagenfurt.at\/de\/mobilitaet\/radverleih\/reparatur\/#primaryimage"},"image":{"@id":"https:\/\/www.visitklagenfurt.at\/de\/mobilitaet\/radverleih\/reparatur\/#primaryimage"},"thumbnailUrl":"https:\/\/www.visitklagenfurt.at\/wp-content\/uploads\/2021\/02\/sehenswertes_lindwurm_2012_c-helge_bauer_16-web.jpeg","datePublished":"2021-02-23T16:19:41+00:00","dateModified":"2021-04-09T13:08:39+00:00","description":"Eine \u00dcbersicht \u00fcber die Rad-Reparatur-M\u00f6glichkeiten in Klagenfurt. Nutzen Sie daf\u00fcr unser Branchenbuch. Jetzt informieren!","breadcrumb":{"@id":"https:\/\/www.visitklagenfurt.at\/de\/mobilitaet\/radverleih\/reparatur\/#breadcrumb"},"inLanguage":"de","potentialAction":[{"@type":"ReadAction","target":["https:\/\/www.visitklagenfurt.at\/de\/mobilitaet\/radverleih\/reparatur\/"]}]},{"@type":"ImageObject","inLanguage":"de","@id":"https:\/\/www.visitklagenfurt.at\/de\/mobilitaet\/radverleih\/reparatur\/#primaryimage","url":"https:\/\/www.visitklagenfurt.at\/wp-content\/uploads\/2021\/02\/sehenswertes_lindwurm_2012_c-helge_bauer_16-web.jpeg","contentUrl":"https:\/\/www.visitklagenfurt.at\/wp-content\/uploads\/2021\/02\/sehenswertes_lindwurm_2012_c-helge_bauer_16-web.jpeg","width":2048,"height":1363,"caption":"(c) Helge Bauer"},{"@type":"BreadcrumbList","@id":"https:\/\/www.visitklagenfurt.at\/de\/mobilitaet\/radverleih\/reparatur\/#breadcrumb","itemListElement":[{"@type":"ListItem","position":1,"name":"visitklagenfurt","item":"https:\/\/www.visitklagenfurt.at\/de\/"},{"@type":"ListItem","position":2,"name":"Mobilit\u00e4t","item":"https:\/\/www.visitklagenfurt.at\/de\/mobilitaet\/"},{"@type":"ListItem","position":3,"name":"Fahrradverleih","item":"https:\/\/www.visitklagenfurt.at\/de\/mobilitaet\/radverleih\/"},{"@type":"ListItem","position":4,"name":"Reparatur"}]},{"@type":"WebSite","@id":"https:\/\/www.visitklagenfurt.at\/de\/#website","url":"https:\/\/www.visitklagenfurt.at\/de\/","name":"visitklagenfurt","description":"","publisher":{"@id":"https:\/\/www.visitklagenfurt.at\/de\/#organization"},"potentialAction":[{"@type":"SearchAction","target":{"@type":"EntryPoint","urlTemplate":"https:\/\/www.visitklagenfurt.at\/de\/?s={search_term_string}"},"query-input":{"@type":"PropertyValueSpecification","valueRequired":true,"valueName":"search_term_string"}}],"inLanguage":"de"},{"@type":"Organization","@id":"https:\/\/www.visitklagenfurt.at\/de\/#organization","name":"Tourismus Region Klagenfurt am W\u00f6rthersee GmbH","url":"https:\/\/www.visitklagenfurt.at\/de\/","logo":{"@type":"ImageObject","inLanguage":"de","@id":"https:\/\/www.visitklagenfurt.at\/de\/#\/schema\/logo\/image\/","url":"https:\/\/www.visitklagenfurt.at\/wp-content\/uploads\/2022\/03\/DT_K_Klagenfurt_S_RGB.png","contentUrl":"https:\/\/www.visitklagenfurt.at\/wp-content\/uploads\/2022\/03\/DT_K_Klagenfurt_S_RGB.png","width":2082,"height":1511,"caption":"Tourismus Region Klagenfurt am W\u00f6rthersee GmbH"},"image":{"@id":"https:\/\/www.visitklagenfurt.at\/de\/#\/schema\/logo\/image\/"}}]}},"_links":{"self":[{"href":"https:\/\/www.visitklagenfurt.at\/de\/wp-json\/wp\/v2\/pages\/8584","targetHints":{"allow":["GET"]}}],"collection":[{"href":"https:\/\/www.visitklagenfurt.at\/de\/wp-json\/wp\/v2\/pages"}],"about":[{"href":"https:\/\/www.visitklagenfurt.at\/de\/wp-json\/wp\/v2\/types\/page"}],"author":[{"embeddable":true,"href":"https:\/\/www.visitklagenfurt.at\/de\/wp-json\/wp\/v2\/users\/2"}],"replies":[{"embeddable":true,"href":"https:\/\/www.visitklagenfurt.at\/de\/wp-json\/wp\/v2\/comments?post=8584"}],"version-history":[{"count":4,"href":"https:\/\/www.visitklagenfurt.at\/de\/wp-json\/wp\/v2\/pages\/8584\/revisions"}],"predecessor-version":[{"id":8590,"href":"https:\/\/www.visitklagenfurt.at\/de\/wp-json\/wp\/v2\/pages\/8584\/revisions\/8590"}],"up":[{"embeddable":true,"href":"https:\/\/www.visitklagenfurt.at\/de\/wp-json\/wp\/v2\/pages\/6389"}],"wp:featuredmedia":[{"embeddable":true,"href":"https:\/\/www.visitklagenfurt.at\/de\/wp-json\/wp\/v2\/media\/6373"}],"wp:attachment":[{"href":"https:\/\/www.visitklagenfurt.at\/de\/wp-json\/wp\/v2\/media?parent=8584"}],"wp:term":[{"taxonomy":"category","embeddable":true,"href":"https:\/\/www.visitklagenfurt.at\/de\/wp-json\/wp\/v2\/categories?post=8584"},{"taxonomy":"post_tag","embeddable":true,"href":"https:\/\/www.visitklagenfurt.at\/de\/wp-json\/wp\/v2\/tags?post=8584"},{"taxonomy":"seitentyp","embeddable":true,"href":"https:\/\/www.visitklagenfurt.at\/de\/wp-json\/wp\/v2\/seitentyp?post=8584"}],"curies":[{"name":"wp","href":"https:\/\/api.w.org\/{rel}","templated":true}]}}