{"id":9388,"date":"2021-03-02T16:17:43","date_gmt":"2021-03-02T15:17:43","guid":{"rendered":"http:\/\/blog.visitklagenfurt.at\/?page_id=9388"},"modified":"2026-04-27T16:23:16","modified_gmt":"2026-04-27T14:23:16","slug":"klagenfurtfestival","status":"publish","type":"page","link":"https:\/\/www.visitklagenfurt.at\/de\/klagenfurtfestival\/","title":{"rendered":"Klagenfurt Festival"},"content":{"rendered":"\t\t<div data-elementor-type=\"wp-page\" data-elementor-id=\"9388\" class=\"elementor elementor-9388\" data-elementor-post-type=\"page\">\n\t\t\t\t\t\t<section class=\"elementor-section elementor-top-section elementor-element elementor-element-636ead9 elementor-section-height-min-height elementor-section-items-top elementor-section-boxed elementor-section-height-default\" data-id=\"636ead9\" data-element_type=\"section\" data-e-type=\"section\" data-settings=\"{&quot;background_background&quot;:&quot;classic&quot;}\">\n\t\t\t\t\t\t<div class=\"elementor-container elementor-column-gap-default\">\n\t\t\t\t\t<div class=\"elementor-column elementor-col-100 elementor-top-column elementor-element elementor-element-190dea9\" data-id=\"190dea9\" data-element_type=\"column\" data-e-type=\"column\">\n\t\t\t<div class=\"elementor-widget-wrap elementor-element-populated\">\n\t\t\t\t\t\t<div class=\"elementor-element elementor-element-301faae elementor-hidden-desktop elementor-widget elementor-widget-image\" data-id=\"301faae\" data-element_type=\"widget\" data-e-type=\"widget\" data-widget_type=\"image.default\">\n\t\t\t\t<div class=\"elementor-widget-container\">\n\t\t\t\t\t\t\t\t\t\t\t\t\t\t\t<img fetchpriority=\"high\" decoding=\"async\" width=\"800\" height=\"576\" src=\"https:\/\/www.visitklagenfurt.at\/wp-content\/uploads\/2026\/04\/Design-ohne-Titel2.png\" class=\"attachment-large size-large wp-image-78349\" alt=\"\" \/>\t\t\t\t\t\t\t\t\t\t\t\t\t\t\t<\/div>\n\t\t\t\t<\/div>\n\t\t\t\t\t<\/div>\n\t\t<\/div>\n\t\t\t\t\t<\/div>\n\t\t<\/section>\n\t\t<div class=\"elementor-element elementor-element-48f33ca e-flex e-con-boxed e-con e-parent\" data-id=\"48f33ca\" data-element_type=\"container\" data-e-type=\"container\">\n\t\t\t\t\t<div class=\"e-con-inner\">\n\t\t\t\t<div class=\"elementor-element elementor-element-cac1e4d elementor-widget elementor-widget-breadcrumbs\" data-id=\"cac1e4d\" data-element_type=\"widget\" data-e-type=\"widget\" data-widget_type=\"breadcrumbs.default\">\n\t\t\t\t<div class=\"elementor-widget-container\">\n\t\t\t\t\t<p id=\"breadcrumbs\"><span><span><a href=\"https:\/\/www.visitklagenfurt.at\/de\/\">visitklagenfurt<\/a><\/span><\/span><\/p>\t\t\t\t<\/div>\n\t\t\t\t<\/div>\n\t\t\t\t<div class=\"elementor-element elementor-element-764f701 elementor-widget elementor-widget-text-editor\" data-id=\"764f701\" data-element_type=\"widget\" data-e-type=\"widget\" data-widget_type=\"text-editor.default\">\n\t\t\t\t<div class=\"elementor-widget-container\">\n\t\t\t\t\t\t\t\t\t<p>Vom <strong>22. Mai bis 10. Juni 2026<\/strong> verwandelt sich Klagenfurt am W\u00f6rthersee erneut in eine pulsierende B\u00fchne der internationalen Kulturwelt. Das Klagenfurt Festival l\u00e4dt zu einem unvergesslichen <strong>Kultur- und Kunsterlebnis<\/strong> ein, das mit namhaften Musik-Acts, packenden Theaterst\u00fccken und innovativen Performances mitten in der charmanten Renaissance-Altstadt begeistert.<\/p><p>Das diesj\u00e4hrige Programm verspricht Highlights der Extraklasse: Zum Er\u00f6ffnungsabend am 22. Mai stehen gleich zwei akustische Statements im Mittelpunkt: Die legend\u00e4re Band <strong>NAKED LUNCH<\/strong> pr\u00e4sentiert neue Songs nach zw\u00f6lf Jahren, bevor <strong>Crystn Hunt Akron<\/strong> mit <em>Plasticphonia<\/em> Umweltkl\u00e4nge und Clubsound verschmilzt.<\/p><p>Am 24. Mai zeigt sich <strong>Lars Eidinger <\/strong>mit MY WAY von einer neuen, szenischen Seite, bevor er sp\u00e4ter in der Nacht mit seiner Anti Disco im Architekturhaus K\u00e4rnten die Tanzfl\u00e4che erobert. Die norwegische S\u00e4ngerin <strong>Rebekka Bakken <\/strong>erobert am 25. Mai das Festivalpublikum mit ihrem Folk-inspirierten \u201eNORD\u201c. Und am 27. Mai sorgt <strong>My Ugly Clementine<\/strong> mit Indie-Pop-Live-Set f\u00fcr frische Energie im Burghof.<\/p><p>Der 30. Mai bringt mit<strong> Rubey, Grissemann und Stachelkunst<\/strong> eine humorvolle Interpretation von Yasmina Rezas KUNST, w\u00e4hrend am 31. Mai der <strong>Bass-Bariton Florian B\u00f6sch<\/strong> gemeinsam mit der Osttiroler <strong>Musicbanda Franui Schuberts <\/strong>die sch\u00f6ne M\u00fcllerin neu belebt \u2013 ein ganz eigener, poetischer Abend zwischen Klassik und Volksmusik.<\/p>\t\t\t\t\t\t\t\t<\/div>\n\t\t\t\t<\/div>\n\t\t\t\t<div class=\"elementor-element elementor-element-da21c24 elementor-widget elementor-widget-button\" data-id=\"da21c24\" data-element_type=\"widget\" data-e-type=\"widget\" data-widget_type=\"button.default\">\n\t\t\t\t<div class=\"elementor-widget-container\">\n\t\t\t\t\t\t\t\t\t<div class=\"elementor-button-wrapper\">\n\t\t\t\t\t<a class=\"elementor-button elementor-button-link elementor-size-sm\" href=\"https:\/\/www.klagenfurtfestival.com\/\">\n\t\t\t\t\t\t<span class=\"elementor-button-content-wrapper\">\n\t\t\t\t\t\t\t\t\t<span class=\"elementor-button-text\">JETZT TICKET BUCHEN<\/span>\n\t\t\t\t\t<\/span>\n\t\t\t\t\t<\/a>\n\t\t\t\t<\/div>\n\t\t\t\t\t\t\t\t<\/div>\n\t\t\t\t<\/div>\n\t\t\t\t\t<\/div>\n\t\t\t\t<\/div>\n\t\t\t\t<section class=\"elementor-section elementor-top-section elementor-element elementor-element-f22fb88 elementor-section-boxed elementor-section-height-default elementor-section-height-default\" data-id=\"f22fb88\" data-element_type=\"section\" data-e-type=\"section\" data-settings=\"{&quot;background_background&quot;:&quot;classic&quot;}\">\n\t\t\t\t\t\t<div class=\"elementor-container elementor-column-gap-default\">\n\t\t\t\t\t<div class=\"elementor-column elementor-col-100 elementor-top-column elementor-element elementor-element-4925bac\" data-id=\"4925bac\" data-element_type=\"column\" data-e-type=\"column\">\n\t\t\t<div class=\"elementor-widget-wrap elementor-element-populated\">\n\t\t\t\t\t\t<div class=\"elementor-element elementor-element-c1defcd elementor-grid-2 elementor-grid-tablet-1 elementor-grid-mobile-1 elementor-posts--thumbnail-top elementor-widget elementor-widget-posts\" data-id=\"c1defcd\" data-element_type=\"widget\" data-e-type=\"widget\" data-settings=\"{&quot;classic_columns&quot;:&quot;2&quot;,&quot;classic_columns_tablet&quot;:&quot;1&quot;,&quot;pagination_type&quot;:&quot;numbers&quot;,&quot;classic_columns_mobile&quot;:&quot;1&quot;,&quot;classic_row_gap&quot;:{&quot;unit&quot;:&quot;px&quot;,&quot;size&quot;:35,&quot;sizes&quot;:[]},&quot;classic_row_gap_tablet&quot;:{&quot;unit&quot;:&quot;px&quot;,&quot;size&quot;:&quot;&quot;,&quot;sizes&quot;:[]},&quot;classic_row_gap_mobile&quot;:{&quot;unit&quot;:&quot;px&quot;,&quot;size&quot;:&quot;&quot;,&quot;sizes&quot;:[]}}\" data-widget_type=\"posts.classic\">\n\t\t\t\t<div class=\"elementor-widget-container\">\n\t\t\t\t\t\t\t<div class=\"elementor-posts-container elementor-posts elementor-posts--skin-classic elementor-grid\" role=\"list\">\n\t\t\t\t<article class=\"elementor-post elementor-grid-item post-27282 post type-post status-publish format-standard has-post-thumbnail hentry category-landingpages tag-klagenfurt-festival\" role=\"listitem\">\n\t\t\t\t<a class=\"elementor-post__thumbnail__link\" href=\"https:\/\/www.visitklagenfurt.at\/de\/landingpages\/programm-klagenfurt-festival\/\" tabindex=\"-1\" >\n\t\t\t<div class=\"elementor-post__thumbnail\"><img decoding=\"async\" width=\"768\" height=\"512\" src=\"https:\/\/www.visitklagenfurt.at\/wp-content\/uploads\/2021\/08\/Tabatabei.jpg\" class=\"attachment-medium_large size-medium_large wp-image-47771\" alt=\"\" \/><\/div>\n\t\t<\/a>\n\t\t\t\t<div class=\"elementor-post__text\">\n\t\t\t\t<h3 class=\"elementor-post__title\">\n\t\t\t<a href=\"https:\/\/www.visitklagenfurt.at\/de\/landingpages\/programm-klagenfurt-festival\/\" >\n\t\t\t\tProgramm Klagenfurt Festival\t\t\t<\/a>\n\t\t<\/h3>\n\t\t\t\t<div class=\"elementor-post__excerpt\">\n\t\t\t<p>Kulturfans k\u00f6nnen sich auf das Klagenfurt Festival vom 22. Mai bis 10. Juni 2026 freuen. Die Altstadt von Klagenfurt wird mit einem vielf\u00e4ltigen Programm aus Theater, Performance, Musik, Tanz, Video, Technologie, Literatur und Pop-Kultur belebt. <\/p>\n\t\t<\/div>\n\t\t\n\t\t<a class=\"elementor-post__read-more\" href=\"https:\/\/www.visitklagenfurt.at\/de\/landingpages\/programm-klagenfurt-festival\/\" aria-label=\"Mehr \u00fcber Programm Klagenfurt Festival\" tabindex=\"-1\" >\n\t\t\tMehr erfahren\t\t<\/a>\n\n\t\t\t\t<\/div>\n\t\t\t\t<\/article>\n\t\t\t\t<article class=\"elementor-post elementor-grid-item post-54025 post type-post status-publish format-standard has-post-thumbnail hentry category-kultur-festivals tag-interview tag-klagenfurt-festival tag-kultur-und-festivals\" role=\"listitem\">\n\t\t\t\t<a class=\"elementor-post__thumbnail__link\" href=\"https:\/\/www.visitklagenfurt.at\/de\/blog\/kultur-festivals\/interview-zwischen-popkultur-und-sagen-aus-dem-alpenland\/\" tabindex=\"-1\" >\n\t\t\t<div class=\"elementor-post__thumbnail\"><img decoding=\"async\" width=\"768\" height=\"511\" src=\"https:\/\/www.visitklagenfurt.at\/wp-content\/uploads\/2023\/05\/strauss_moldencDaniela-Matejschek_21.jpg\" class=\"attachment-medium_large size-medium_large wp-image-54089\" alt=\"\" \/><\/div>\n\t\t<\/a>\n\t\t\t\t<div class=\"elementor-post__text\">\n\t\t\t\t<h3 class=\"elementor-post__title\">\n\t\t\t<a href=\"https:\/\/www.visitklagenfurt.at\/de\/blog\/kultur-festivals\/interview-zwischen-popkultur-und-sagen-aus-dem-alpenland\/\" >\n\t\t\t\tInterview: Zwischen internationaler Popkultur und Sagen aus dem Alpenland\t\t\t<\/a>\n\t\t<\/h3>\n\t\t\t\t<div class=\"elementor-post__excerpt\">\n\t\t\t<p>Internationale Musikacts, multimediale Performances und \u00f6sterreichische Sagenwelt \u2013 das Klagenfurt Festival 2023 lockt mit ungemeiner Genrevielfalt und einem bunten Strau\u00df an modernen Interventionen in die K\u00e4rntner Landeshauptstadt. Musik, Theater, Performance und bildende Kunst verbinden sich in der dritten Auflage des Festivals zu einem au\u00dfergew\u00f6hnlichen Programm, das den S\u00fcden \u00d6sterreichs ordentlich aufr\u00fctteln wird.<\/p>\n\t\t<\/div>\n\t\t\n\t\t<a class=\"elementor-post__read-more\" href=\"https:\/\/www.visitklagenfurt.at\/de\/blog\/kultur-festivals\/interview-zwischen-popkultur-und-sagen-aus-dem-alpenland\/\" aria-label=\"Mehr \u00fcber Interview: Zwischen internationaler Popkultur und Sagen aus dem Alpenland\" tabindex=\"-1\" >\n\t\t\tMehr erfahren\t\t<\/a>\n\n\t\t\t\t<\/div>\n\t\t\t\t<\/article>\n\t\t\t\t<article class=\"elementor-post elementor-grid-item post-27227 post type-post status-publish format-standard has-post-thumbnail hentry category-kultur-festivals tag-interview tag-klagenfurt-festival tag-kultur-und-festivals\" role=\"listitem\">\n\t\t\t\t<a class=\"elementor-post__thumbnail__link\" href=\"https:\/\/www.visitklagenfurt.at\/de\/blog\/kultur-festivals\/klagenfurt-festival-popkultur-und-avantgarde-in-der-provinz\/\" tabindex=\"-1\" >\n\t\t\t<div class=\"elementor-post__thumbnail\"><img loading=\"lazy\" decoding=\"async\" width=\"768\" height=\"512\" src=\"https:\/\/www.visitklagenfurt.at\/wp-content\/uploads\/2022\/01\/Hungry_Sharks_hr__printc_Arnold_Poeschl__MSA5416-scaled-2.jpg\" class=\"attachment-medium_large size-medium_large wp-image-32561\" alt=\"\" \/><\/div>\n\t\t<\/a>\n\t\t\t\t<div class=\"elementor-post__text\">\n\t\t\t\t<h3 class=\"elementor-post__title\">\n\t\t\t<a href=\"https:\/\/www.visitklagenfurt.at\/de\/blog\/kultur-festivals\/klagenfurt-festival-popkultur-und-avantgarde-in-der-provinz\/\" >\n\t\t\t\tInterview: Zwischen Popkultur und Avantgarde in der Provinz\t\t\t<\/a>\n\t\t<\/h3>\n\t\t\t\t<div class=\"elementor-post__excerpt\">\n\t\t\t<p>Herausragende Musik, internationale Tanzperformances und Theater am Puls der Zeit \u2013 mit dem neuen Klagenfurt Festival erhielt K\u00e4rnten ein kulturelles Leuchtfeuer. Neben internationalen und \u00f6sterreichischen Gr\u00f6\u00dfen standen auch regionale Acts auf der B\u00fchne und tauchten Klagenfurt in ein modernes Licht \u2013 zwischen Pop und Avantgarde.<\/p>\n\t\t<\/div>\n\t\t\n\t\t<a class=\"elementor-post__read-more\" href=\"https:\/\/www.visitklagenfurt.at\/de\/blog\/kultur-festivals\/klagenfurt-festival-popkultur-und-avantgarde-in-der-provinz\/\" aria-label=\"Mehr \u00fcber Interview: Zwischen Popkultur und Avantgarde in der Provinz\" tabindex=\"-1\" >\n\t\t\tMehr erfahren\t\t<\/a>\n\n\t\t\t\t<\/div>\n\t\t\t\t<\/article>\n\t\t\t\t<\/div>\n\t\t\n\t\t\t\t\t\t<\/div>\n\t\t\t\t<\/div>\n\t\t\t\t\t<\/div>\n\t\t<\/div>\n\t\t\t\t\t<\/div>\n\t\t<\/section>\n\t\t<div class=\"elementor-element elementor-element-9de8c5a e-flex e-con-boxed e-con e-parent\" data-id=\"9de8c5a\" data-element_type=\"container\" data-e-type=\"container\" data-settings=\"{&quot;background_background&quot;:&quot;classic&quot;}\">\n\t\t\t\t\t<div class=\"e-con-inner\">\n\t\t<div class=\"elementor-element elementor-element-cad4645 e-con-full e-flex e-con e-child\" data-id=\"cad4645\" data-element_type=\"container\" data-e-type=\"container\" data-settings=\"{&quot;background_background&quot;:&quot;classic&quot;}\">\n\t\t\t\t<div class=\"elementor-element elementor-element-835dfbb elementor-widget elementor-widget-spacer\" data-id=\"835dfbb\" data-element_type=\"widget\" data-e-type=\"widget\" data-widget_type=\"spacer.default\">\n\t\t\t\t<div class=\"elementor-widget-container\">\n\t\t\t\t\t\t\t<div class=\"elementor-spacer\">\n\t\t\t<div class=\"elementor-spacer-inner\"><\/div>\n\t\t<\/div>\n\t\t\t\t\t\t<\/div>\n\t\t\t\t<\/div>\n\t\t\t\t<\/div>\n\t\t<div class=\"elementor-element elementor-element-cfea27c e-con-full e-flex e-con e-child\" data-id=\"cfea27c\" data-element_type=\"container\" data-e-type=\"container\">\n\t\t\t\t<div class=\"elementor-element elementor-element-8cda9a8 elementor-widget elementor-widget-heading\" data-id=\"8cda9a8\" data-element_type=\"widget\" data-e-type=\"widget\" data-widget_type=\"heading.default\">\n\t\t\t\t<div class=\"elementor-widget-container\">\n\t\t\t\t\t<h2 class=\"elementor-heading-title elementor-size-default\">Finde deine Unterkunft<\/h2>\t\t\t\t<\/div>\n\t\t\t\t<\/div>\n\t\t\t\t<div class=\"elementor-element elementor-element-ae022e3 elementor-widget elementor-widget-spacer\" data-id=\"ae022e3\" data-element_type=\"widget\" data-e-type=\"widget\" data-widget_type=\"spacer.default\">\n\t\t\t\t<div class=\"elementor-widget-container\">\n\t\t\t\t\t\t\t<div class=\"elementor-spacer\">\n\t\t\t<div class=\"elementor-spacer-inner\"><\/div>\n\t\t<\/div>\n\t\t\t\t\t\t<\/div>\n\t\t\t\t<\/div>\n\t\t\t\t<div class=\"elementor-element elementor-element-53bd9ec elementor-widget elementor-widget-spacer\" data-id=\"53bd9ec\" data-element_type=\"widget\" data-e-type=\"widget\" data-widget_type=\"spacer.default\">\n\t\t\t\t<div class=\"elementor-widget-container\">\n\t\t\t\t\t\t\t<div class=\"elementor-spacer\">\n\t\t\t<div class=\"elementor-spacer-inner\"><\/div>\n\t\t<\/div>\n\t\t\t\t\t\t<\/div>\n\t\t\t\t<\/div>\n\t\t\t\t<div class=\"elementor-element elementor-element-3f12a5a elementor-align-start elementor-icon-list--layout-traditional elementor-list-item-link-full_width elementor-widget elementor-widget-icon-list\" data-id=\"3f12a5a\" data-element_type=\"widget\" data-e-type=\"widget\" data-widget_type=\"icon-list.default\">\n\t\t\t\t<div class=\"elementor-widget-container\">\n\t\t\t\t\t\t\t<ul class=\"elementor-icon-list-items\">\n\t\t\t\t\t\t\t<li class=\"elementor-icon-list-item\">\n\t\t\t\t\t\t\t\t\t\t\t<span class=\"elementor-icon-list-icon\">\n\t\t\t\t\t\t\t<svg aria-hidden=\"true\" class=\"e-font-icon-svg e-fas-check\" viewBox=\"0 0 512 512\" xmlns=\"http:\/\/www.w3.org\/2000\/svg\"><path d=\"M173.898 439.404l-166.4-166.4c-9.997-9.997-9.997-26.206 0-36.204l36.203-36.204c9.997-9.998 26.207-9.998 36.204 0L192 312.69 432.095 72.596c9.997-9.997 26.207-9.997 36.204 0l36.203 36.204c9.997 9.997 9.997 26.206 0 36.204l-294.4 294.401c-9.998 9.997-26.207 9.997-36.204-.001z\"><\/path><\/svg>\t\t\t\t\t\t<\/span>\n\t\t\t\t\t\t\t\t\t\t<span class=\"elementor-icon-list-text\">W\u00f6rthersee Plus Card<\/span>\n\t\t\t\t\t\t\t\t\t<\/li>\n\t\t\t\t\t\t\t\t<li class=\"elementor-icon-list-item\">\n\t\t\t\t\t\t\t\t\t\t\t<span class=\"elementor-icon-list-icon\">\n\t\t\t\t\t\t\t<svg aria-hidden=\"true\" class=\"e-font-icon-svg e-fas-check\" viewBox=\"0 0 512 512\" xmlns=\"http:\/\/www.w3.org\/2000\/svg\"><path d=\"M173.898 439.404l-166.4-166.4c-9.997-9.997-9.997-26.206 0-36.204l36.203-36.204c9.997-9.998 26.207-9.998 36.204 0L192 312.69 432.095 72.596c9.997-9.997 26.207-9.997 36.204 0l36.203 36.204c9.997 9.997 9.997 26.206 0 36.204l-294.4 294.401c-9.998 9.997-26.207 9.997-36.204-.001z\"><\/path><\/svg>\t\t\t\t\t\t<\/span>\n\t\t\t\t\t\t\t\t\t\t<span class=\"elementor-icon-list-text\">Alles aus einer Hand: Unterkunft, Erlebnisse &amp; Tipps<\/span>\n\t\t\t\t\t\t\t\t\t<\/li>\n\t\t\t\t\t\t\t\t<li class=\"elementor-icon-list-item\">\n\t\t\t\t\t\t\t\t\t\t\t<span class=\"elementor-icon-list-icon\">\n\t\t\t\t\t\t\t<svg aria-hidden=\"true\" class=\"e-font-icon-svg e-fas-check\" viewBox=\"0 0 512 512\" xmlns=\"http:\/\/www.w3.org\/2000\/svg\"><path d=\"M173.898 439.404l-166.4-166.4c-9.997-9.997-9.997-26.206 0-36.204l36.203-36.204c9.997-9.998 26.207-9.998 36.204 0L192 312.69 432.095 72.596c9.997-9.997 26.207-9.997 36.204 0l36.203 36.204c9.997 9.997 9.997 26.206 0 36.204l-294.4 294.401c-9.998 9.997-26.207 9.997-36.204-.001z\"><\/path><\/svg>\t\t\t\t\t\t<\/span>\n\t\t\t\t\t\t\t\t\t\t<span class=\"elementor-icon-list-text\">Ausgezeichnete Qualit\u00e4tsbetriebe<\/span>\n\t\t\t\t\t\t\t\t\t<\/li>\n\t\t\t\t\t\t<\/ul>\n\t\t\t\t\t\t<\/div>\n\t\t\t\t<\/div>\n\t\t\t\t<div class=\"elementor-element elementor-element-3560c5d elementor-widget elementor-widget-spacer\" data-id=\"3560c5d\" data-element_type=\"widget\" data-e-type=\"widget\" data-widget_type=\"spacer.default\">\n\t\t\t\t<div class=\"elementor-widget-container\">\n\t\t\t\t\t\t\t<div class=\"elementor-spacer\">\n\t\t\t<div class=\"elementor-spacer-inner\"><\/div>\n\t\t<\/div>\n\t\t\t\t\t\t<\/div>\n\t\t\t\t<\/div>\n\t\t\t\t<div class=\"elementor-element elementor-element-d94ec74 elementor-align-left elementor-widget elementor-widget-button\" data-id=\"d94ec74\" data-element_type=\"widget\" data-e-type=\"widget\" data-widget_type=\"button.default\">\n\t\t\t\t<div class=\"elementor-widget-container\">\n\t\t\t\t\t\t\t\t\t<div class=\"elementor-button-wrapper\">\n\t\t\t\t\t<a class=\"elementor-button elementor-button-link elementor-size-sm\" href=\"https:\/\/www.visitklagenfurt.at\/de\/online-buchen\/#\/unterkuenfte\">\n\t\t\t\t\t\t<span class=\"elementor-button-content-wrapper\">\n\t\t\t\t\t\t\t\t\t<span class=\"elementor-button-text\">Jetzt Buchen<\/span>\n\t\t\t\t\t<\/span>\n\t\t\t\t\t<\/a>\n\t\t\t\t<\/div>\n\t\t\t\t\t\t\t\t<\/div>\n\t\t\t\t<\/div>\n\t\t\t\t<div class=\"elementor-element elementor-element-cc91482 elementor-align-left elementor-widget elementor-widget-button\" data-id=\"cc91482\" data-element_type=\"widget\" data-e-type=\"widget\" data-widget_type=\"button.default\">\n\t\t\t\t<div class=\"elementor-widget-container\">\n\t\t\t\t\t\t\t\t\t<div class=\"elementor-button-wrapper\">\n\t\t\t\t\t<a class=\"elementor-button elementor-button-link elementor-size-sm\" href=\"https:\/\/www.visitklagenfurt.at\/de\/schnellanfrage\/#\/schnellanfrage\">\n\t\t\t\t\t\t<span class=\"elementor-button-content-wrapper\">\n\t\t\t\t\t\t\t\t\t<span class=\"elementor-button-text\">Anfragen<\/span>\n\t\t\t\t\t<\/span>\n\t\t\t\t\t<\/a>\n\t\t\t\t<\/div>\n\t\t\t\t\t\t\t\t<\/div>\n\t\t\t\t<\/div>\n\t\t\t\t<\/div>\n\t\t\t\t\t<\/div>\n\t\t\t\t<\/div>\n\t\t\t\t<\/div>\n\t\t","protected":false},"excerpt":{"rendered":"<p>Vom 22. Mai bis 10. Juni 2026 verwandelt sich Klagenfurt am W\u00f6rthersee erneut in eine pulsierende B\u00fchne der internationalen Kulturwelt. Das Klagenfurt Festival l\u00e4dt zu einem unvergesslichen Kultur- und Kunsterlebnis ein, das mit namhaften Musik-Acts, packenden Theaterst\u00fccken und innovativen Performances mitten in der charmanten Renaissance-Altstadt begeistert.<\/p>\n","protected":false},"author":31,"featured_media":78349,"parent":0,"menu_order":0,"comment_status":"closed","ping_status":"closed","template":"elementor_header_footer","meta":{"footnotes":""},"categories":[],"tags":[223],"seitentyp":[150],"class_list":["post-9388","page","type-page","status-publish","has-post-thumbnail","hentry","tag-klagenfurt-festival","seitentyp-microseite"],"yoast_head":"<!-- This site is optimized with the Yoast SEO plugin v27.5 - https:\/\/yoast.com\/product\/yoast-seo-wordpress\/ -->\n<title>Klagenfurt Festival 2026: Programm &amp; Tickets | visitklagenfurt<\/title>\n<meta name=\"description\" content=\"Vom 22. Mai bis 10. Juni 2026 geht das Klagenfurt Festival \u00fcber die B\u00fchne. Konzerte, Lesungen, Tanz und Theater stehen am Programm.\" \/>\n<meta name=\"robots\" content=\"index, follow, max-snippet:-1, max-image-preview:large, max-video-preview:-1\" \/>\n<link rel=\"canonical\" href=\"https:\/\/www.visitklagenfurt.at\/de\/klagenfurtfestival\/\" \/>\n<meta property=\"og:locale\" content=\"de_DE\" \/>\n<meta property=\"og:type\" content=\"article\" \/>\n<meta property=\"og:title\" content=\"Klagenfurt Festival 2026: Programm &amp; Tickets | visitklagenfurt\" \/>\n<meta property=\"og:description\" content=\"Vom 22. Mai bis 10. Juni 2026 geht das Klagenfurt Festival \u00fcber die B\u00fchne. Konzerte, Lesungen, Tanz und Theater stehen am Programm.\" \/>\n<meta property=\"og:url\" content=\"https:\/\/www.visitklagenfurt.at\/de\/klagenfurtfestival\/\" \/>\n<meta property=\"og:site_name\" content=\"visitklagenfurt\" \/>\n<meta property=\"article:modified_time\" content=\"2026-04-27T14:23:16+00:00\" \/>\n<meta property=\"og:image\" content=\"https:\/\/www.visitklagenfurt.at\/wp-content\/uploads\/2026\/04\/Design-ohne-Titel2.png\" \/>\n\t<meta property=\"og:image:width\" content=\"2000\" \/>\n\t<meta property=\"og:image:height\" content=\"1440\" \/>\n\t<meta property=\"og:image:type\" content=\"image\/png\" \/>\n<meta name=\"twitter:card\" content=\"summary_large_image\" \/>\n<meta name=\"twitter:label1\" content=\"Gesch\u00e4tzte Lesezeit\" \/>\n\t<meta name=\"twitter:data1\" content=\"2\u00a0Minuten\" \/>\n<script type=\"application\/ld+json\" class=\"yoast-schema-graph\">{\"@context\":\"https:\\\/\\\/schema.org\",\"@graph\":[{\"@type\":\"WebPage\",\"@id\":\"https:\\\/\\\/www.visitklagenfurt.at\\\/de\\\/klagenfurtfestival\\\/\",\"url\":\"https:\\\/\\\/www.visitklagenfurt.at\\\/de\\\/klagenfurtfestival\\\/\",\"name\":\"Klagenfurt Festival 2026: Programm & Tickets | visitklagenfurt\",\"isPartOf\":{\"@id\":\"https:\\\/\\\/www.visitklagenfurt.at\\\/de\\\/#website\"},\"primaryImageOfPage\":{\"@id\":\"https:\\\/\\\/www.visitklagenfurt.at\\\/de\\\/klagenfurtfestival\\\/#primaryimage\"},\"image\":{\"@id\":\"https:\\\/\\\/www.visitklagenfurt.at\\\/de\\\/klagenfurtfestival\\\/#primaryimage\"},\"thumbnailUrl\":\"https:\\\/\\\/www.visitklagenfurt.at\\\/wp-content\\\/uploads\\\/2026\\\/04\\\/Design-ohne-Titel2.png\",\"datePublished\":\"2021-03-02T15:17:43+00:00\",\"dateModified\":\"2026-04-27T14:23:16+00:00\",\"description\":\"Vom 22. Mai bis 10. Juni 2026 geht das Klagenfurt Festival \u00fcber die B\u00fchne. Konzerte, Lesungen, Tanz und Theater stehen am Programm.\",\"breadcrumb\":{\"@id\":\"https:\\\/\\\/www.visitklagenfurt.at\\\/de\\\/klagenfurtfestival\\\/#breadcrumb\"},\"inLanguage\":\"de\",\"potentialAction\":[{\"@type\":\"ReadAction\",\"target\":[\"https:\\\/\\\/www.visitklagenfurt.at\\\/de\\\/klagenfurtfestival\\\/\"]}]},{\"@type\":\"ImageObject\",\"inLanguage\":\"de\",\"@id\":\"https:\\\/\\\/www.visitklagenfurt.at\\\/de\\\/klagenfurtfestival\\\/#primaryimage\",\"url\":\"https:\\\/\\\/www.visitklagenfurt.at\\\/wp-content\\\/uploads\\\/2026\\\/04\\\/Design-ohne-Titel2.png\",\"contentUrl\":\"https:\\\/\\\/www.visitklagenfurt.at\\\/wp-content\\\/uploads\\\/2026\\\/04\\\/Design-ohne-Titel2.png\",\"width\":2000,\"height\":1440},{\"@type\":\"BreadcrumbList\",\"@id\":\"https:\\\/\\\/www.visitklagenfurt.at\\\/de\\\/klagenfurtfestival\\\/#breadcrumb\",\"itemListElement\":[{\"@type\":\"ListItem\",\"position\":1,\"name\":\"visitklagenfurt\",\"item\":\"https:\\\/\\\/www.visitklagenfurt.at\\\/de\\\/\"},{\"@type\":\"ListItem\",\"position\":2,\"name\":\"Klagenfurt Festival\"}]},{\"@type\":\"WebSite\",\"@id\":\"https:\\\/\\\/www.visitklagenfurt.at\\\/de\\\/#website\",\"url\":\"https:\\\/\\\/www.visitklagenfurt.at\\\/de\\\/\",\"name\":\"visitklagenfurt\",\"description\":\"\",\"publisher\":{\"@id\":\"https:\\\/\\\/www.visitklagenfurt.at\\\/de\\\/#organization\"},\"potentialAction\":[{\"@type\":\"SearchAction\",\"target\":{\"@type\":\"EntryPoint\",\"urlTemplate\":\"https:\\\/\\\/www.visitklagenfurt.at\\\/de\\\/?s={search_term_string}\"},\"query-input\":{\"@type\":\"PropertyValueSpecification\",\"valueRequired\":true,\"valueName\":\"search_term_string\"}}],\"inLanguage\":\"de\"},{\"@type\":\"Organization\",\"@id\":\"https:\\\/\\\/www.visitklagenfurt.at\\\/de\\\/#organization\",\"name\":\"Tourismus Region Klagenfurt am W\u00f6rthersee GmbH\",\"url\":\"https:\\\/\\\/www.visitklagenfurt.at\\\/de\\\/\",\"logo\":{\"@type\":\"ImageObject\",\"inLanguage\":\"de\",\"@id\":\"https:\\\/\\\/www.visitklagenfurt.at\\\/de\\\/#\\\/schema\\\/logo\\\/image\\\/\",\"url\":\"https:\\\/\\\/www.visitklagenfurt.at\\\/wp-content\\\/uploads\\\/2022\\\/03\\\/DT_K_Klagenfurt_S_RGB.png\",\"contentUrl\":\"https:\\\/\\\/www.visitklagenfurt.at\\\/wp-content\\\/uploads\\\/2022\\\/03\\\/DT_K_Klagenfurt_S_RGB.png\",\"width\":2082,\"height\":1511,\"caption\":\"Tourismus Region Klagenfurt am W\u00f6rthersee GmbH\"},\"image\":{\"@id\":\"https:\\\/\\\/www.visitklagenfurt.at\\\/de\\\/#\\\/schema\\\/logo\\\/image\\\/\"}}]}<\/script>\n<!-- \/ Yoast SEO plugin. -->","yoast_head_json":{"title":"Klagenfurt Festival 2026: Programm & Tickets | visitklagenfurt","description":"Vom 22. Mai bis 10. Juni 2026 geht das Klagenfurt Festival \u00fcber die B\u00fchne. Konzerte, Lesungen, Tanz und Theater stehen am Programm.","robots":{"index":"index","follow":"follow","max-snippet":"max-snippet:-1","max-image-preview":"max-image-preview:large","max-video-preview":"max-video-preview:-1"},"canonical":"https:\/\/www.visitklagenfurt.at\/de\/klagenfurtfestival\/","og_locale":"de_DE","og_type":"article","og_title":"Klagenfurt Festival 2026: Programm & Tickets | visitklagenfurt","og_description":"Vom 22. Mai bis 10. Juni 2026 geht das Klagenfurt Festival \u00fcber die B\u00fchne. Konzerte, Lesungen, Tanz und Theater stehen am Programm.","og_url":"https:\/\/www.visitklagenfurt.at\/de\/klagenfurtfestival\/","og_site_name":"visitklagenfurt","article_modified_time":"2026-04-27T14:23:16+00:00","og_image":[{"width":2000,"height":1440,"url":"https:\/\/www.visitklagenfurt.at\/wp-content\/uploads\/2026\/04\/Design-ohne-Titel2.png","type":"image\/png"}],"twitter_card":"summary_large_image","twitter_misc":{"Gesch\u00e4tzte Lesezeit":"2\u00a0Minuten"},"schema":{"@context":"https:\/\/schema.org","@graph":[{"@type":"WebPage","@id":"https:\/\/www.visitklagenfurt.at\/de\/klagenfurtfestival\/","url":"https:\/\/www.visitklagenfurt.at\/de\/klagenfurtfestival\/","name":"Klagenfurt Festival 2026: Programm & Tickets | visitklagenfurt","isPartOf":{"@id":"https:\/\/www.visitklagenfurt.at\/de\/#website"},"primaryImageOfPage":{"@id":"https:\/\/www.visitklagenfurt.at\/de\/klagenfurtfestival\/#primaryimage"},"image":{"@id":"https:\/\/www.visitklagenfurt.at\/de\/klagenfurtfestival\/#primaryimage"},"thumbnailUrl":"https:\/\/www.visitklagenfurt.at\/wp-content\/uploads\/2026\/04\/Design-ohne-Titel2.png","datePublished":"2021-03-02T15:17:43+00:00","dateModified":"2026-04-27T14:23:16+00:00","description":"Vom 22. Mai bis 10. Juni 2026 geht das Klagenfurt Festival \u00fcber die B\u00fchne. Konzerte, Lesungen, Tanz und Theater stehen am Programm.","breadcrumb":{"@id":"https:\/\/www.visitklagenfurt.at\/de\/klagenfurtfestival\/#breadcrumb"},"inLanguage":"de","potentialAction":[{"@type":"ReadAction","target":["https:\/\/www.visitklagenfurt.at\/de\/klagenfurtfestival\/"]}]},{"@type":"ImageObject","inLanguage":"de","@id":"https:\/\/www.visitklagenfurt.at\/de\/klagenfurtfestival\/#primaryimage","url":"https:\/\/www.visitklagenfurt.at\/wp-content\/uploads\/2026\/04\/Design-ohne-Titel2.png","contentUrl":"https:\/\/www.visitklagenfurt.at\/wp-content\/uploads\/2026\/04\/Design-ohne-Titel2.png","width":2000,"height":1440},{"@type":"BreadcrumbList","@id":"https:\/\/www.visitklagenfurt.at\/de\/klagenfurtfestival\/#breadcrumb","itemListElement":[{"@type":"ListItem","position":1,"name":"visitklagenfurt","item":"https:\/\/www.visitklagenfurt.at\/de\/"},{"@type":"ListItem","position":2,"name":"Klagenfurt Festival"}]},{"@type":"WebSite","@id":"https:\/\/www.visitklagenfurt.at\/de\/#website","url":"https:\/\/www.visitklagenfurt.at\/de\/","name":"visitklagenfurt","description":"","publisher":{"@id":"https:\/\/www.visitklagenfurt.at\/de\/#organization"},"potentialAction":[{"@type":"SearchAction","target":{"@type":"EntryPoint","urlTemplate":"https:\/\/www.visitklagenfurt.at\/de\/?s={search_term_string}"},"query-input":{"@type":"PropertyValueSpecification","valueRequired":true,"valueName":"search_term_string"}}],"inLanguage":"de"},{"@type":"Organization","@id":"https:\/\/www.visitklagenfurt.at\/de\/#organization","name":"Tourismus Region Klagenfurt am W\u00f6rthersee GmbH","url":"https:\/\/www.visitklagenfurt.at\/de\/","logo":{"@type":"ImageObject","inLanguage":"de","@id":"https:\/\/www.visitklagenfurt.at\/de\/#\/schema\/logo\/image\/","url":"https:\/\/www.visitklagenfurt.at\/wp-content\/uploads\/2022\/03\/DT_K_Klagenfurt_S_RGB.png","contentUrl":"https:\/\/www.visitklagenfurt.at\/wp-content\/uploads\/2022\/03\/DT_K_Klagenfurt_S_RGB.png","width":2082,"height":1511,"caption":"Tourismus Region Klagenfurt am W\u00f6rthersee GmbH"},"image":{"@id":"https:\/\/www.visitklagenfurt.at\/de\/#\/schema\/logo\/image\/"}}]}},"_links":{"self":[{"href":"https:\/\/www.visitklagenfurt.at\/de\/wp-json\/wp\/v2\/pages\/9388","targetHints":{"allow":["GET"]}}],"collection":[{"href":"https:\/\/www.visitklagenfurt.at\/de\/wp-json\/wp\/v2\/pages"}],"about":[{"href":"https:\/\/www.visitklagenfurt.at\/de\/wp-json\/wp\/v2\/types\/page"}],"author":[{"embeddable":true,"href":"https:\/\/www.visitklagenfurt.at\/de\/wp-json\/wp\/v2\/users\/31"}],"replies":[{"embeddable":true,"href":"https:\/\/www.visitklagenfurt.at\/de\/wp-json\/wp\/v2\/comments?post=9388"}],"version-history":[{"count":58,"href":"https:\/\/www.visitklagenfurt.at\/de\/wp-json\/wp\/v2\/pages\/9388\/revisions"}],"predecessor-version":[{"id":78376,"href":"https:\/\/www.visitklagenfurt.at\/de\/wp-json\/wp\/v2\/pages\/9388\/revisions\/78376"}],"wp:featuredmedia":[{"embeddable":true,"href":"https:\/\/www.visitklagenfurt.at\/de\/wp-json\/wp\/v2\/media\/78349"}],"wp:attachment":[{"href":"https:\/\/www.visitklagenfurt.at\/de\/wp-json\/wp\/v2\/media?parent=9388"}],"wp:term":[{"taxonomy":"category","embeddable":true,"href":"https:\/\/www.visitklagenfurt.at\/de\/wp-json\/wp\/v2\/categories?post=9388"},{"taxonomy":"post_tag","embeddable":true,"href":"https:\/\/www.visitklagenfurt.at\/de\/wp-json\/wp\/v2\/tags?post=9388"},{"taxonomy":"seitentyp","embeddable":true,"href":"https:\/\/www.visitklagenfurt.at\/de\/wp-json\/wp\/v2\/seitentyp?post=9388"}],"curies":[{"name":"wp","href":"https:\/\/api.w.org\/{rel}","templated":true}]}}