{"id":68554,"date":"2024-08-19T15:38:49","date_gmt":"2024-08-19T13:38:49","guid":{"rendered":"https:\/\/www.visitklagenfurt.at\/alpen-adria-kulinarik\/produzenten\/"},"modified":"2026-08-12T14:16:02","modified_gmt":"2026-08-12T12:16:02","slug":"percorso-gastronomico-delle-alpi-e-delladriatico","status":"publish","type":"page","link":"https:\/\/www.visitklagenfurt.at\/it\/percorso-gastronomico-delle-alpi-e-delladriatico\/","title":{"rendered":"Percorso gastronomico delle Alpi e dell&#8217;Adriatico"},"content":{"rendered":"\t\t<div data-elementor-type=\"wp-page\" data-elementor-id=\"68554\" class=\"elementor elementor-68554 elementor-66221\" data-elementor-post-type=\"page\">\n\t\t\t\t\t\t<section class=\"elementor-section elementor-top-section elementor-element elementor-element-519df7e elementor-section-height-min-height elementor-section-items-bottom elementor-section-boxed elementor-section-height-default\" data-id=\"519df7e\" data-element_type=\"section\" data-e-type=\"section\" data-settings=\"{&quot;background_background&quot;:&quot;classic&quot;}\">\n\t\t\t\t\t\t\t<div class=\"elementor-background-overlay\"><\/div>\n\t\t\t\t\t\t\t<div class=\"elementor-container elementor-column-gap-default\">\n\t\t\t\t\t<div class=\"elementor-column elementor-col-100 elementor-top-column elementor-element elementor-element-bd16da5\" data-id=\"bd16da5\" data-element_type=\"column\" data-e-type=\"column\">\n\t\t\t<div class=\"elementor-widget-wrap\">\n\t\t\t\t\t\t\t<\/div>\n\t\t<\/div>\n\t\t\t\t\t<\/div>\n\t\t<\/section>\n\t\t<div class=\"elementor-element elementor-element-d9ce3ae e-flex e-con-boxed e-con e-parent\" data-id=\"d9ce3ae\" data-element_type=\"container\" data-e-type=\"container\" data-settings=\"{&quot;background_background&quot;:&quot;classic&quot;}\">\n\t\t\t\t\t<div class=\"e-con-inner\">\n\t\t\t\t<div class=\"elementor-element elementor-element-390e66c elementor-widget elementor-widget-heading\" data-id=\"390e66c\" data-element_type=\"widget\" data-e-type=\"widget\" data-widget_type=\"heading.default\">\n\t\t\t\t<div class=\"elementor-widget-container\">\n\t\t\t\t\t<h1 class=\"elementor-heading-title elementor-size-default\">Percorso gastronomico delle Alpi e dell'Adriatico<\/h1>\t\t\t\t<\/div>\n\t\t\t\t<\/div>\n\t\t\t\t<div class=\"elementor-element elementor-element-f46da91 elementor-widget elementor-widget-text-editor\" data-id=\"f46da91\" data-element_type=\"widget\" data-e-type=\"widget\" data-widget_type=\"text-editor.default\">\n\t\t\t\t<div class=\"elementor-widget-container\">\n\t\t\t\t\t\t\t\t\t<p><b class=\"dw\">Ingresso gratuito<\/b><br class=\"dw\"\/><b class=\"dw\">Date<\/b><strong>: dal 17 al 19 settembre 2026, dalle ore 10.00 alle ore 19.00<\/strong><\/p>\t\t\t\t\t\t\t\t<\/div>\n\t\t\t\t<\/div>\n\t\t\t\t<div class=\"elementor-element elementor-element-6c89be4 elementor-widget elementor-widget-text-editor\" data-id=\"6c89be4\" data-element_type=\"widget\" data-e-type=\"widget\" data-widget_type=\"text-editor.default\">\n\t\t\t\t<div class=\"elementor-widget-container\">\n\t\t\t\t\t\t\t\t\t<p>Il momento clou finale sar\u00e0 la \u201cAlpen-Adria Genussmeile\u201d nel centro storico di Klagenfurt am W\u00f6rthersee. Qui, dal 17 al 19 settembre, tra l\u2019Ossiacher Hof, l\u2019Alter Platz e il Neuer Platz, sar\u00e0 possibile degustare prelibatezze regionali. <\/p><p>Circa<strong> 46 espositori<\/strong> presentano i propri prodotti, tra cui oli d\u2019oliva, formaggi, tartufi, erbe selvatiche, vini, carne biologica, dolci e caff\u00e8. Sono presenti anche alcune mete gastronomiche di spicco come <strong><em>la Gori\u0161ka<\/em>Brda, la Carinzia centrale e il Friuli-Venezia Giulia<\/strong>, che mettono in mostra la loro variet\u00e0. <\/p><p>Ad attendere i visitatori c&#8217;\u00e8 un vero e proprio paradiso del buon gusto!<\/p>\t\t\t\t\t\t\t\t<\/div>\n\t\t\t\t<\/div>\n\t\t\t\t<div class=\"elementor-element elementor-element-8fc4d45 elementor-widget elementor-widget-video\" data-id=\"8fc4d45\" data-element_type=\"widget\" data-e-type=\"widget\" data-settings=\"{&quot;youtube_url&quot;:&quot;https:\\\/\\\/www.youtube.com\\\/watch?v=poRAFMkAuBM&quot;,&quot;video_type&quot;:&quot;youtube&quot;,&quot;controls&quot;:&quot;yes&quot;}\" data-widget_type=\"video.default\">\n\t\t\t\t<div class=\"elementor-widget-container\">\n\t\t\t\t\t\t\t<div class=\"elementor-wrapper elementor-open-inline\">\n\t\t\t<div class=\"elementor-video\"> <div class=\"brlbs-cmpnt-container brlbs-cmpnt-content-blocker brlbs-cmpnt-with-individual-styles\" data-borlabs-cookie-content-blocker-id=\"youtube-content-blocker\" data-borlabs-cookie-content=\"PHNjcmlwdD4KKGZ1bmN0aW9uKCkgewogICAgbGV0IGQgPSBudWxsOwoKICAgIC8vIGlmIHdlIGFyZSBpbiBhIGxvb3AsIHdlIG5lZWQgdG8gc2VsZWN0IHRoZSBjb3JyZWN0IHZpZGVvIGVsZW1lbnQsIHNpbmNlIFdpZGdldCBJRCBvY2N1cnMgbXVsdGlwbGUgdGltZXMgb24gcGFnZQogICAgY29uc3QgZWxlbXNJbkxvb3AgPSBkb2N1bWVudC5xdWVyeVNlbGVjdG9yQWxsKCc6aXMoZGl2W2RhdGEtZWxlbWVudG9yLXR5cGU9Imxvb3AtaXRlbSJdLGRpdltkYXRhLWVsZW1lbnRvci10eXBlPSJqZXQtbGlzdGluZy1pdGVtcyJdLGRpdltkYXRhLXdpZGdldF90eXBlXj0icHJlbWl1bS1hZGRvbi10YWJzLiJdKSBkaXYuZWxlbWVudG9yLWVsZW1lbnQtOGZjNGQ0NScpOwogICAgaWYgKGVsZW1zSW5Mb29wLmxlbmd0aCA9PT0gMSkgewogICAgICAgIGQgPSBlbGVtc0luTG9vcFswXTsKICAgIH0gZWxzZSBpZiAoZWxlbXNJbkxvb3AubGVuZ3RoID4gMSkgewogICAgICAgIGlmICh0eXBlb2YgZG9jdW1lbnQuY3VycmVudFNjcmlwdCA9PT0gJ3VuZGVmaW5lZCcgfHwgZG9jdW1lbnQuY3VycmVudFNjcmlwdCA9PSBudWxsKSB7CiAgICAgICAgICAgIHJldHVybjsKICAgICAgICB9CiAgICAgICAgY29uc3QgdG1wVmlkZW9XaWRnZXQgPSBkb2N1bWVudC5jdXJyZW50U2NyaXB0LmNsb3Nlc3QoJ1tkYXRhLXdpZGdldF90eXBlPSJicmxic192aWRlby5kZWZhdWx0Il0nKTsKICAgICAgICBpZiAodG1wVmlkZW9XaWRnZXQpIHsKICAgICAgICAgICAgZCA9IHRtcFZpZGVvV2lkZ2V0OwogICAgICAgIH0KICAgIH0KCiAgICBpZiAoZCA9PSBudWxsKSB7CiAgICAgICAgZCA9IGRvY3VtZW50LnF1ZXJ5U2VsZWN0b3IoJ2Rpdi5lbGVtZW50b3ItZWxlbWVudC04ZmM0ZDQ1Jyk7CiAgICB9CgogICAgaWYgKGQgPT0gbnVsbCkgewogICAgICAgIHJldHVybjsKICAgIH0KICAgIGQuZGF0YXNldC53aWRnZXRfdHlwZSA9IGQuZGF0YXNldC53aWRnZXRfdHlwZS5yZXBsYWNlKCdicmxic18nLCAnJyk7CiAgICBkLmRhdGFzZXQuYnJsYnNVbmJsb2NrZWQgPSAndHJ1ZSc7CgogICAgY29uc3QgaW50ZXJ2YWwgPSBzZXRJbnRlcnZhbCgoKSA9PiB7CiAgICAgICAgaWYgKHR5cGVvZiBlbGVtZW50b3JGcm9udGVuZCAhPT0gJ3VuZGVmaW5lZCcgJiYgdHlwZW9mIGVsZW1lbnRvckZyb250ZW5kLmhvb2tzICE9PSAndW5kZWZpbmVkJykgewogICAgICAgICAgICBjbGVhckludGVydmFsKGludGVydmFsKTsKICAgICAgICAgICAgZWxlbWVudG9yRnJvbnRlbmQuaG9va3MuZG9BY3Rpb24oJ2Zyb250ZW5kL2VsZW1lbnRfcmVhZHkvdmlkZW8uZGVmYXVsdCcsIGpRdWVyeShkKSwgalF1ZXJ5KQogICAgICAgIH0KICAgIH0sIDMwKQp9KSgpOwo8L3NjcmlwdD4=\"><div class=\"brlbs-cmpnt-cb-preset-c brlbs-cmpnt-cb-youtube\"> <div class=\"brlbs-cmpnt-cb-thumbnail\" style=\"background-image: url('https:\/\/www.visitklagenfurt.at\/wp-content\/uploads\/borlabs-cookie\/1\/yt_poRAFMkAuBM_hqdefault.jpg')\"><\/div> <div class=\"brlbs-cmpnt-cb-main\"> <div class=\"brlbs-cmpnt-cb-play-button\"><\/div> <div class=\"brlbs-cmpnt-cb-content\"> <p class=\"brlbs-cmpnt-cb-description\">Stai visualizzando un contenuto segnaposto da <strong>YouTube<\/strong>. Per accedere al contenuto effettivo, clicca sul pulsante sottostante. Si prega di notare che in questo modo si condividono i dati con provider di terze parti.<\/p> <a class=\"brlbs-cmpnt-cb-provider-toggle\" href=\"#\" data-borlabs-cookie-show-provider-information role=\"button\">Ulteriori informazioni<\/a> <\/div> <div class=\"brlbs-cmpnt-cb-buttons\"> <a class=\"brlbs-cmpnt-cb-btn\" href=\"#\" data-borlabs-cookie-unblock role=\"button\">Sblocca il contenuto<\/a> <a class=\"brlbs-cmpnt-cb-btn\" href=\"#\" data-borlabs-cookie-accept-service role=\"button\" style=\"display: inherit\">Accetta il servizio richiesto e sblocca i contenuti<\/a> <\/div> <\/div> <\/div><\/div><\/div>\t\t<\/div>\n\t\t\t\t\t\t<\/div>\n\t\t\t\t<\/div>\n\t\t\t\t\t<\/div>\n\t\t\t\t<\/div>\n\t\t<div class=\"elementor-element elementor-element-59ee7ca e-flex e-con-boxed e-con e-parent\" data-id=\"59ee7ca\" data-element_type=\"container\" data-e-type=\"container\">\n\t\t\t\t\t<div class=\"e-con-inner\">\n\t\t\t\t<div class=\"elementor-element elementor-element-ea0644c elementor-widget elementor-widget-html\" data-id=\"ea0644c\" data-element_type=\"widget\" data-e-type=\"widget\" data-widget_type=\"html.default\">\n\t\t\t\t<div class=\"elementor-widget-container\">\n\t\t\t\t\t<div class=\"elementor-element elementor-element-b74ec7d elementor-widget elementor-widget-taxonomy-filter\" data-id=\"b74ec7d\" data-element_type=\"widget\" data-settings=\"{&quot;selected_element&quot;:&quot;7a4df72&quot;,&quot;taxonomy&quot;:&quot;post_tag&quot;,&quot;horizontal_scroll&quot;:&quot;disable&quot;}\" data-widget_type=\"taxonomy-filter.default\"><div class=\"elementor-widget-container\"><style>\/*! elementor-pro - v3.22.0 - 24-06-2024 *\/\r\n.elementor-widget-taxonomy-filter{--e-filter-display:flex;--e-filter-direction:row;--e-filter-justify-content:center;--e-filter-wrap:wrap;--e-filter-align-items:center;--e-filter-item-width:initial;--e-filter-item-max-width:calc(100% - calc(var(--e-filter-item-padding)*3));--e-filter-item-justify-content:center;--e-filter-item-flex-grow:0;--e-filter-item-align-items:center;--e-filter-item-border-radius:initial;--e-filter-space-between:20px;--e-filter-normal-text-color:#69727d;--e-filter-active-text-color:#0c0d0e;--e-filter-hover-text-color:#0c0d0e;--e-filter-overflow-x:initial;--e-filter-white-space:nowrap;--e-filter-item-align-text:center;--e-filter-item-padding:8px;--e-filter-item-box-sizing:initial}.elementor-widget-taxonomy-filter .e-filter{display:var(--e-filter-display);flex-direction:var(--e-filter-direction);flex-shrink:0;justify-content:var(--e-filter-justify-content);align-items:var(--e-filter-align-items);gap:var(--e-filter-space-between);overflow-x:var(--e-filter-overflow-x);flex-wrap:var(--e-filter-wrap);-ms-overflow-style:none;scrollbar-width:none}.elementor-widget-taxonomy-filter .e-filter::-webkit-scrollbar{display:none}.elementor-widget-taxonomy-filter .e-filter.e-scroll{cursor:grabbing;cursor:-webkit-grabbing}.elementor-widget-taxonomy-filter .e-filter.e-scroll-active{position:relative}.elementor-widget-taxonomy-filter .e-filter.e-scroll-active:before{content:\"\";position:absolute;inset-block:0;inset-inline:-1000vw;z-index:2}.elementor-widget-taxonomy-filter .e-filter-item{background-color:initial;border:1px #69727d;border-radius:var(--e-filter-item-border-radius);line-height:normal;color:var(--e-filter-normal-text-color);padding:var(--e-filter-item-padding);display:var(--e-filter-display);justify-content:var(--e-filter-item-justify-content);align-items:var(--e-filter-item-align-items);flex-grow:var(--e-filter-item-flex-grow);flex-basis:content;flex-shrink:0;width:var(--e-filter-item-width);max-width:var(--e-filter-item-max-width);white-space:var(--e-filter-white-space);text-align:var(--e-filter-item-align-text);box-sizing:var(--e-filter-item-box-sizing);overflow-wrap:break-word;overflow:hidden}.elementor-widget-taxonomy-filter .e-filter-item[aria-pressed=true]{color:var(--e-filter-active-text-color);border-color:#0c0d0e}.elementor-widget-taxonomy-filter .e-filter-item:hover:not([aria-pressed=true]){color:var(--e-filter-hover-text-color);border-color:#0c0d0e}.elementor-widget-taxonomy-filter .e-filter-item:hover,.elementor-widget-taxonomy-filter .e-filter-item[aria-pressed=true]{background-color:initial}.elementor-widget-taxonomy-filter .e-filter-item[data-filter=__all]{order:-1}.elementor-widget-taxonomy-filter .e-filter-item:focus:not(:focus-visible){outline:none}.elementor-widget-taxonomy-filter .e-filter-empty{background-color:rgba(213,216,220,.8);color:#0c0d0e;text-align:center;font-size:1rem;padding:1rem 0}.elementor-widget-loop-grid .e-loop-item.e-inactive{display:none}<\/style>\t\t<search class=\"e-filter\" role=\"search\" data-base-url=\"https:\/\/www.visitklagenfurt.at\/de\/produzenten\/\" data-page-num=\"1\" data-page-x=\"\"><button class=\"e-filter-item\" data-filter=\"produzenten\" aria-pressed=\"true\">Alle<\/button><button class=\"e-filter-item\" data-filter=\"oesterreich\" aria-pressed=\"false\">\u00d6sterreich<\/button><button class=\"e-filter-item\" data-filter=\"italien\" aria-pressed=\"false\">Italien<\/button><button class=\"e-filter-item\" data-filter=\"slowenien\" aria-pressed=\"false\">Slowenien<\/button><\/search><\/div><\/div>\t\t\t\t<\/div>\n\t\t\t\t<\/div>\n\t\t\t\t<div class=\"elementor-element elementor-element-7a4df72 elementor-grid-3 elementor-grid-tablet-2 elementor-grid-mobile-1 elementor-widget elementor-widget-loop-grid\" data-id=\"7a4df72\" data-element_type=\"widget\" data-e-type=\"widget\" data-settings=\"{&quot;template_id&quot;:66232,&quot;_skin&quot;:&quot;post&quot;,&quot;columns&quot;:&quot;3&quot;,&quot;columns_tablet&quot;:&quot;2&quot;,&quot;columns_mobile&quot;:&quot;1&quot;,&quot;edit_handle_selector&quot;:&quot;[data-elementor-type=\\&quot;loop-item\\&quot;]&quot;,&quot;row_gap&quot;:{&quot;unit&quot;:&quot;px&quot;,&quot;size&quot;:&quot;&quot;,&quot;sizes&quot;:[]},&quot;row_gap_tablet&quot;:{&quot;unit&quot;:&quot;px&quot;,&quot;size&quot;:&quot;&quot;,&quot;sizes&quot;:[]},&quot;row_gap_mobile&quot;:{&quot;unit&quot;:&quot;px&quot;,&quot;size&quot;:&quot;&quot;,&quot;sizes&quot;:[]}}\" data-widget_type=\"loop-grid.post\">\n\t\t\t\t<div class=\"elementor-widget-container\">\n\t\t\t\t\t\t\t<div class=\"elementor-loop-container elementor-grid\" role=\"list\">\n\t\t<style id=\"loop-66232\">.elementor-66232 .elementor-element.elementor-element-2c7360c{--display:flex;--gap:0px 0px;--row-gap:0px;--column-gap:0px;}.elementor-66232 .elementor-element.elementor-element-5022c10 img{max-width:100%;height:400px;object-fit:cover;object-position:center center;filter:brightness( 80% ) contrast( 120% ) saturate( 70% ) blur( 0px ) hue-rotate( 0deg );transition-duration:0.5s;}.elementor-66232 .elementor-element.elementor-element-5022c10:hover img{filter:brightness( 100% ) contrast( 100% ) saturate( 100% ) blur( 0px ) hue-rotate( 0deg );}.elementor-66232 .elementor-element.elementor-element-4c1b20e{--display:flex;--min-height:100px;--flex-direction:column;--container-widget-width:100%;--container-widget-height:initial;--container-widget-flex-grow:0;--container-widget-align-self:initial;--flex-wrap-mobile:wrap;--justify-content:flex-end;--margin-top:-100px;--margin-bottom:0px;--margin-left:0px;--margin-right:0px;--padding-top:0px;--padding-bottom:25px;--padding-left:10px;--padding-right:10px;}.elementor-66232 .elementor-element.elementor-element-a6614d2{text-align:center;}.elementor-66232 .elementor-element.elementor-element-a6614d2 .elementor-heading-title{font-family:var( --e-global-typography-3f80c21-font-family ), Sans-serif;font-size:var( --e-global-typography-3f80c21-font-size );font-weight:var( --e-global-typography-3f80c21-font-weight );line-height:var( --e-global-typography-3f80c21-line-height );letter-spacing:var( --e-global-typography-3f80c21-letter-spacing );word-spacing:var( --e-global-typography-3f80c21-word-spacing );text-shadow:0px 0px 10px rgba(0, 0, 0, 0.98);color:var( --e-global-color-78a8973a );}.elementor-66232 .elementor-element.elementor-element-a6614d2 > .elementor-widget-container{margin:0px 0px 0px 0px;}.elementor-66232 .elementor-element.elementor-element-c7d0c19{text-align:center;}.elementor-66232 .elementor-element.elementor-element-c7d0c19 img{width:32px;border-radius:64px 64px 64px 64px;}.elementor-66232 .elementor-element.elementor-element-c7d0c19 > .elementor-widget-container{margin:-17px 0px 0px 0px;}@media(max-width:1024px){.elementor-66232 .elementor-element.elementor-element-a6614d2 .elementor-heading-title{font-size:var( --e-global-typography-3f80c21-font-size );line-height:var( --e-global-typography-3f80c21-line-height );letter-spacing:var( --e-global-typography-3f80c21-letter-spacing );word-spacing:var( --e-global-typography-3f80c21-word-spacing );}}@media(max-width:767px){.elementor-66232 .elementor-element.elementor-element-2c7360c{--gap:0px 0px;--row-gap:0px;--column-gap:0px;}.elementor-66232 .elementor-element.elementor-element-a6614d2 .elementor-heading-title{font-size:var( --e-global-typography-3f80c21-font-size );line-height:var( --e-global-typography-3f80c21-line-height );letter-spacing:var( --e-global-typography-3f80c21-letter-spacing );word-spacing:var( --e-global-typography-3f80c21-word-spacing );}}<\/style>\t\t<div data-elementor-type=\"loop-item\" data-elementor-id=\"66232\" class=\"elementor elementor-66232 e-loop-item e-loop-item-80107 post-80107 post type-post status-publish format-standard has-post-thumbnail hentry category-produttori-culinari tag-produttori tag-slovenia\" data-elementor-post-type=\"elementor_library\" data-custom-edit-handle=\"1\">\n\t\t\t<div class=\"elementor-element elementor-element-2c7360c e-flex e-con-boxed e-con e-parent\" data-id=\"2c7360c\" data-element_type=\"container\" data-e-type=\"container\">\n\t\t\t\t\t<div class=\"e-con-inner\">\n\t\t\t\t<div class=\"elementor-element elementor-element-5022c10 elementor-widget elementor-widget-theme-post-featured-image elementor-widget-image\" data-id=\"5022c10\" data-element_type=\"widget\" data-e-type=\"widget\" data-widget_type=\"theme-post-featured-image.default\">\n\t\t\t\t<div class=\"elementor-widget-container\">\n\t\t\t\t\t\t\t\t\t\t\t\t\t\t\t\t<a href=\"https:\/\/www.visitklagenfurt.at\/it\/giornate-della-cucina-alpe-adria\/produttori-culinari\/agenzia-di-sviluppo-sasa\/\">\n\t\t\t\t\t\t\t<img fetchpriority=\"high\" decoding=\"async\" width=\"768\" height=\"341\" src=\"https:\/\/www.visitklagenfurt.at\/wp-content\/uploads\/2026\/07\/NOV-LOGO-RA-SASA.png\" class=\"attachment-medium_large size-medium_large wp-image-79714\" alt=\"\" \/>\t\t\t\t\t\t\t\t<\/a>\n\t\t\t\t\t\t\t\t\t\t\t\t\t\t\t<\/div>\n\t\t\t\t<\/div>\n\t\t<div class=\"elementor-element elementor-element-4c1b20e e-con-full e-flex e-con e-child\" data-id=\"4c1b20e\" data-element_type=\"container\" data-e-type=\"container\">\n\t\t\t\t<div class=\"elementor-element elementor-element-a6614d2 elementor-widget elementor-widget-theme-post-title elementor-page-title elementor-widget-heading\" data-id=\"a6614d2\" data-element_type=\"widget\" data-e-type=\"widget\" data-widget_type=\"theme-post-title.default\">\n\t\t\t\t<div class=\"elementor-widget-container\">\n\t\t\t\t\t<p class=\"elementor-heading-title elementor-size-default\"><a href=\"https:\/\/www.visitklagenfurt.at\/it\/giornate-della-cucina-alpe-adria\/produttori-culinari\/agenzia-di-sviluppo-sasa\/\">Agenzia per lo sviluppo Sa\u0161a<\/a><\/p>\t\t\t\t<\/div>\n\t\t\t\t<\/div>\n\t\t\t\t<\/div>\n\t\t\t\t<div class=\"elementor-element elementor-element-c7d0c19 elementor-widget elementor-widget-image\" data-id=\"c7d0c19\" data-element_type=\"widget\" data-e-type=\"widget\" data-widget_type=\"image.default\">\n\t\t\t\t<div class=\"elementor-widget-container\">\n\t\t\t\t\t\t\t\t\t\t\t\t\t\t\t<img decoding=\"async\" width=\"128\" height=\"128\" src=\"https:\/\/www.visitklagenfurt.at\/wp-content\/uploads\/2024\/07\/slovenia.jpg\" class=\"attachment-large size-large wp-image-66240\" alt=\"\" \/>\t\t\t\t\t\t\t\t\t\t\t\t\t\t\t<\/div>\n\t\t\t\t<\/div>\n\t\t\t\t\t<\/div>\n\t\t\t\t<\/div>\n\t\t\t\t<\/div>\n\t\t\t\t<div data-elementor-type=\"loop-item\" data-elementor-id=\"66232\" class=\"elementor elementor-66232 e-loop-item e-loop-item-76305 post-76305 post type-post status-publish format-standard has-post-thumbnail hentry category-produttori-culinari tag-austria tag-produttori\" data-elementor-post-type=\"elementor_library\" data-custom-edit-handle=\"1\">\n\t\t\t<div class=\"elementor-element elementor-element-2c7360c e-flex e-con-boxed e-con e-parent\" data-id=\"2c7360c\" data-element_type=\"container\" data-e-type=\"container\">\n\t\t\t\t\t<div class=\"e-con-inner\">\n\t\t\t\t<div class=\"elementor-element elementor-element-5022c10 elementor-widget elementor-widget-theme-post-featured-image elementor-widget-image\" data-id=\"5022c10\" data-element_type=\"widget\" data-e-type=\"widget\" data-widget_type=\"theme-post-featured-image.default\">\n\t\t\t\t<div class=\"elementor-widget-container\">\n\t\t\t\t\t\t\t\t\t\t\t\t\t\t\t\t<a href=\"https:\/\/www.visitklagenfurt.at\/it\/giornate-della-cucina-alpe-adria\/produttori-culinari\/holzer-karntner-knoblauch\/\">\n\t\t\t\t\t\t\t<img decoding=\"async\" width=\"768\" height=\"513\" src=\"https:\/\/www.visitklagenfurt.at\/wp-content\/uploads\/2021\/08\/Holzer-2.jpg\" class=\"attachment-medium_large size-medium_large wp-image-26270\" alt=\"\" \/>\t\t\t\t\t\t\t\t<\/a>\n\t\t\t\t\t\t\t\t\t\t\t\t\t\t\t<\/div>\n\t\t\t\t<\/div>\n\t\t<div class=\"elementor-element elementor-element-4c1b20e e-con-full e-flex e-con e-child\" data-id=\"4c1b20e\" data-element_type=\"container\" data-e-type=\"container\">\n\t\t\t\t<div class=\"elementor-element elementor-element-a6614d2 elementor-widget elementor-widget-theme-post-title elementor-page-title elementor-widget-heading\" data-id=\"a6614d2\" data-element_type=\"widget\" data-e-type=\"widget\" data-widget_type=\"theme-post-title.default\">\n\t\t\t\t<div class=\"elementor-widget-container\">\n\t\t\t\t\t<p class=\"elementor-heading-title elementor-size-default\"><a href=\"https:\/\/www.visitklagenfurt.at\/it\/giornate-della-cucina-alpe-adria\/produttori-culinari\/holzer-karntner-knoblauch\/\">Aglio Holzer<\/a><\/p>\t\t\t\t<\/div>\n\t\t\t\t<\/div>\n\t\t\t\t<\/div>\n\t\t\t\t<div class=\"elementor-element elementor-element-c7d0c19 elementor-widget elementor-widget-image\" data-id=\"c7d0c19\" data-element_type=\"widget\" data-e-type=\"widget\" data-widget_type=\"image.default\">\n\t\t\t\t<div class=\"elementor-widget-container\">\n\t\t\t\t\t\t\t\t\t\t\t\t\t\t\t<img loading=\"lazy\" decoding=\"async\" width=\"128\" height=\"128\" src=\"https:\/\/www.visitklagenfurt.at\/wp-content\/uploads\/2024\/07\/austria.jpg\" class=\"attachment-large size-large wp-image-66248\" alt=\"\" \/>\t\t\t\t\t\t\t\t\t\t\t\t\t\t\t<\/div>\n\t\t\t\t<\/div>\n\t\t\t\t\t<\/div>\n\t\t\t\t<\/div>\n\t\t\t\t<\/div>\n\t\t\t\t<div data-elementor-type=\"loop-item\" data-elementor-id=\"66232\" class=\"elementor elementor-66232 e-loop-item e-loop-item-76289 post-76289 post type-post status-publish format-standard has-post-thumbnail hentry category-produttori-culinari tag-austria tag-produttori\" data-elementor-post-type=\"elementor_library\" data-custom-edit-handle=\"1\">\n\t\t\t<div class=\"elementor-element elementor-element-2c7360c e-flex e-con-boxed e-con e-parent\" data-id=\"2c7360c\" data-element_type=\"container\" data-e-type=\"container\">\n\t\t\t\t\t<div class=\"e-con-inner\">\n\t\t\t\t<div class=\"elementor-element elementor-element-5022c10 elementor-widget elementor-widget-theme-post-featured-image elementor-widget-image\" data-id=\"5022c10\" data-element_type=\"widget\" data-e-type=\"widget\" data-widget_type=\"theme-post-featured-image.default\">\n\t\t\t\t<div class=\"elementor-widget-container\">\n\t\t\t\t\t\t\t\t\t\t\t\t\t\t\t\t<a href=\"https:\/\/www.visitklagenfurt.at\/it\/giornate-della-cucina-alpe-adria\/produttori-culinari\/forellenhof-jorde\/\">\n\t\t\t\t\t\t\t<img loading=\"lazy\" decoding=\"async\" width=\"768\" height=\"512\" src=\"https:\/\/www.visitklagenfurt.at\/wp-content\/uploads\/2024\/06\/KM_c_Arnold_Poeschl-4688.jpg\" class=\"attachment-medium_large size-medium_large wp-image-65573\" alt=\"\" \/>\t\t\t\t\t\t\t\t<\/a>\n\t\t\t\t\t\t\t\t\t\t\t\t\t\t\t<\/div>\n\t\t\t\t<\/div>\n\t\t<div class=\"elementor-element elementor-element-4c1b20e e-con-full e-flex e-con e-child\" data-id=\"4c1b20e\" data-element_type=\"container\" data-e-type=\"container\">\n\t\t\t\t<div class=\"elementor-element elementor-element-a6614d2 elementor-widget elementor-widget-theme-post-title elementor-page-title elementor-widget-heading\" data-id=\"a6614d2\" data-element_type=\"widget\" data-e-type=\"widget\" data-widget_type=\"theme-post-title.default\">\n\t\t\t\t<div class=\"elementor-widget-container\">\n\t\t\t\t\t<p class=\"elementor-heading-title elementor-size-default\"><a href=\"https:\/\/www.visitklagenfurt.at\/it\/giornate-della-cucina-alpe-adria\/produttori-culinari\/forellenhof-jorde\/\">Albergo Jorde<\/a><\/p>\t\t\t\t<\/div>\n\t\t\t\t<\/div>\n\t\t\t\t<\/div>\n\t\t\t\t<div class=\"elementor-element elementor-element-c7d0c19 elementor-widget elementor-widget-image\" data-id=\"c7d0c19\" data-element_type=\"widget\" data-e-type=\"widget\" data-widget_type=\"image.default\">\n\t\t\t\t<div class=\"elementor-widget-container\">\n\t\t\t\t\t\t\t\t\t\t\t\t\t\t\t<img loading=\"lazy\" decoding=\"async\" width=\"128\" height=\"128\" src=\"https:\/\/www.visitklagenfurt.at\/wp-content\/uploads\/2024\/07\/austria.jpg\" class=\"attachment-large size-large wp-image-66248\" alt=\"\" \/>\t\t\t\t\t\t\t\t\t\t\t\t\t\t\t<\/div>\n\t\t\t\t<\/div>\n\t\t\t\t\t<\/div>\n\t\t\t\t<\/div>\n\t\t\t\t<\/div>\n\t\t\t\t<div data-elementor-type=\"loop-item\" data-elementor-id=\"66232\" class=\"elementor elementor-66232 e-loop-item e-loop-item-80093 post-80093 post type-post status-publish format-standard has-post-thumbnail hentry category-produttori-culinari tag-austria tag-produttori\" data-elementor-post-type=\"elementor_library\" data-custom-edit-handle=\"1\">\n\t\t\t<div class=\"elementor-element elementor-element-2c7360c e-flex e-con-boxed e-con e-parent\" data-id=\"2c7360c\" data-element_type=\"container\" data-e-type=\"container\">\n\t\t\t\t\t<div class=\"e-con-inner\">\n\t\t\t\t<div class=\"elementor-element elementor-element-5022c10 elementor-widget elementor-widget-theme-post-featured-image elementor-widget-image\" data-id=\"5022c10\" data-element_type=\"widget\" data-e-type=\"widget\" data-widget_type=\"theme-post-featured-image.default\">\n\t\t\t\t<div class=\"elementor-widget-container\">\n\t\t\t\t\t\t\t\t\t\t\t\t\t\t\t\t<a href=\"https:\/\/www.visitklagenfurt.at\/it\/giornate-della-cucina-alpe-adria\/produttori-culinari\/alpen-adria-food-lab\/\">\n\t\t\t\t\t\t\t<img loading=\"lazy\" decoding=\"async\" width=\"720\" height=\"1080\" src=\"https:\/\/www.visitklagenfurt.at\/wp-content\/uploads\/2023\/08\/Suzanne_Bernhard-Philipp_Kolmann-Food-Lab.jpg\" class=\"attachment-medium_large size-medium_large wp-image-57033\" alt=\"\" \/>\t\t\t\t\t\t\t\t<\/a>\n\t\t\t\t\t\t\t\t\t\t\t\t\t\t\t<\/div>\n\t\t\t\t<\/div>\n\t\t<div class=\"elementor-element elementor-element-4c1b20e e-con-full e-flex e-con e-child\" data-id=\"4c1b20e\" data-element_type=\"container\" data-e-type=\"container\">\n\t\t\t\t<div class=\"elementor-element elementor-element-a6614d2 elementor-widget elementor-widget-theme-post-title elementor-page-title elementor-widget-heading\" data-id=\"a6614d2\" data-element_type=\"widget\" data-e-type=\"widget\" data-widget_type=\"theme-post-title.default\">\n\t\t\t\t<div class=\"elementor-widget-container\">\n\t\t\t\t\t<p class=\"elementor-heading-title elementor-size-default\"><a href=\"https:\/\/www.visitklagenfurt.at\/it\/giornate-della-cucina-alpe-adria\/produttori-culinari\/alpen-adria-food-lab\/\">Alpen-Adria Food Lab<\/a><\/p>\t\t\t\t<\/div>\n\t\t\t\t<\/div>\n\t\t\t\t<\/div>\n\t\t\t\t<div class=\"elementor-element elementor-element-c7d0c19 elementor-widget elementor-widget-image\" data-id=\"c7d0c19\" data-element_type=\"widget\" data-e-type=\"widget\" data-widget_type=\"image.default\">\n\t\t\t\t<div class=\"elementor-widget-container\">\n\t\t\t\t\t\t\t\t\t\t\t\t\t\t\t<img loading=\"lazy\" decoding=\"async\" width=\"128\" height=\"128\" src=\"https:\/\/www.visitklagenfurt.at\/wp-content\/uploads\/2024\/07\/austria.jpg\" class=\"attachment-large size-large wp-image-66248\" alt=\"\" \/>\t\t\t\t\t\t\t\t\t\t\t\t\t\t\t<\/div>\n\t\t\t\t<\/div>\n\t\t\t\t\t<\/div>\n\t\t\t\t<\/div>\n\t\t\t\t<\/div>\n\t\t\t\t<div data-elementor-type=\"loop-item\" data-elementor-id=\"66232\" class=\"elementor elementor-66232 e-loop-item e-loop-item-76284 post-76284 post type-post status-publish format-standard has-post-thumbnail hentry category-produttori-culinari tag-austria tag-produttori\" data-elementor-post-type=\"elementor_library\" data-custom-edit-handle=\"1\">\n\t\t\t<div class=\"elementor-element elementor-element-2c7360c e-flex e-con-boxed e-con e-parent\" data-id=\"2c7360c\" data-element_type=\"container\" data-e-type=\"container\">\n\t\t\t\t\t<div class=\"e-con-inner\">\n\t\t\t\t<div class=\"elementor-element elementor-element-5022c10 elementor-widget elementor-widget-theme-post-featured-image elementor-widget-image\" data-id=\"5022c10\" data-element_type=\"widget\" data-e-type=\"widget\" data-widget_type=\"theme-post-featured-image.default\">\n\t\t\t\t<div class=\"elementor-widget-container\">\n\t\t\t\t\t\t\t\t\t\t\t\t\t\t\t\t<a href=\"https:\/\/www.visitklagenfurt.at\/it\/giornate-della-cucina-alpe-adria\/produttori-culinari\/apicoltura-allesch\/\">\n\t\t\t\t\t\t\t<img loading=\"lazy\" decoding=\"async\" width=\"768\" height=\"510\" src=\"https:\/\/www.visitklagenfurt.at\/wp-content\/uploads\/2021\/08\/Imkerei-Allesch-c-Lea-Friessner-2.jpg\" class=\"attachment-medium_large size-medium_large wp-image-26274\" alt=\"\" \/>\t\t\t\t\t\t\t\t<\/a>\n\t\t\t\t\t\t\t\t\t\t\t\t\t\t\t<\/div>\n\t\t\t\t<\/div>\n\t\t<div class=\"elementor-element elementor-element-4c1b20e e-con-full e-flex e-con e-child\" data-id=\"4c1b20e\" data-element_type=\"container\" data-e-type=\"container\">\n\t\t\t\t<div class=\"elementor-element elementor-element-a6614d2 elementor-widget elementor-widget-theme-post-title elementor-page-title elementor-widget-heading\" data-id=\"a6614d2\" data-element_type=\"widget\" data-e-type=\"widget\" data-widget_type=\"theme-post-title.default\">\n\t\t\t\t<div class=\"elementor-widget-container\">\n\t\t\t\t\t<p class=\"elementor-heading-title elementor-size-default\"><a href=\"https:\/\/www.visitklagenfurt.at\/it\/giornate-della-cucina-alpe-adria\/produttori-culinari\/apicoltura-allesch\/\">Apicoltura biologica Allesch<\/a><\/p>\t\t\t\t<\/div>\n\t\t\t\t<\/div>\n\t\t\t\t<\/div>\n\t\t\t\t<div class=\"elementor-element elementor-element-c7d0c19 elementor-widget elementor-widget-image\" data-id=\"c7d0c19\" data-element_type=\"widget\" data-e-type=\"widget\" data-widget_type=\"image.default\">\n\t\t\t\t<div class=\"elementor-widget-container\">\n\t\t\t\t\t\t\t\t\t\t\t\t\t\t\t<img loading=\"lazy\" decoding=\"async\" width=\"128\" height=\"128\" src=\"https:\/\/www.visitklagenfurt.at\/wp-content\/uploads\/2024\/07\/austria.jpg\" class=\"attachment-large size-large wp-image-66248\" alt=\"\" \/>\t\t\t\t\t\t\t\t\t\t\t\t\t\t\t<\/div>\n\t\t\t\t<\/div>\n\t\t\t\t\t<\/div>\n\t\t\t\t<\/div>\n\t\t\t\t<\/div>\n\t\t\t\t<div data-elementor-type=\"loop-item\" data-elementor-id=\"66232\" class=\"elementor elementor-66232 e-loop-item e-loop-item-80098 post-80098 post type-post status-publish format-standard has-post-thumbnail hentry category-produttori-culinari tag-produttori tag-slovenia\" data-elementor-post-type=\"elementor_library\" data-custom-edit-handle=\"1\">\n\t\t\t<div class=\"elementor-element elementor-element-2c7360c e-flex e-con-boxed e-con e-parent\" data-id=\"2c7360c\" data-element_type=\"container\" data-e-type=\"container\">\n\t\t\t\t\t<div class=\"e-con-inner\">\n\t\t\t\t<div class=\"elementor-element elementor-element-5022c10 elementor-widget elementor-widget-theme-post-featured-image elementor-widget-image\" data-id=\"5022c10\" data-element_type=\"widget\" data-e-type=\"widget\" data-widget_type=\"theme-post-featured-image.default\">\n\t\t\t\t<div class=\"elementor-widget-container\">\n\t\t\t\t\t\t\t\t\t\t\t\t\t\t\t\t<a href=\"https:\/\/www.visitklagenfurt.at\/it\/giornate-della-cucina-alpe-adria\/produttori-culinari\/kmetija-kante-samo-dwobro\/\">\n\t\t\t\t\t\t\t<img loading=\"lazy\" decoding=\"async\" width=\"768\" height=\"512\" src=\"https:\/\/www.visitklagenfurt.at\/wp-content\/uploads\/2026\/07\/Domacija-Kante2.jpg\" class=\"attachment-medium_large size-medium_large wp-image-79687\" alt=\"\" \/>\t\t\t\t\t\t\t\t<\/a>\n\t\t\t\t\t\t\t\t\t\t\t\t\t\t\t<\/div>\n\t\t\t\t<\/div>\n\t\t<div class=\"elementor-element elementor-element-4c1b20e e-con-full e-flex e-con e-child\" data-id=\"4c1b20e\" data-element_type=\"container\" data-e-type=\"container\">\n\t\t\t\t<div class=\"elementor-element elementor-element-a6614d2 elementor-widget elementor-widget-theme-post-title elementor-page-title elementor-widget-heading\" data-id=\"a6614d2\" data-element_type=\"widget\" data-e-type=\"widget\" data-widget_type=\"theme-post-title.default\">\n\t\t\t\t<div class=\"elementor-widget-container\">\n\t\t\t\t\t<p class=\"elementor-heading-title elementor-size-default\"><a href=\"https:\/\/www.visitklagenfurt.at\/it\/giornate-della-cucina-alpe-adria\/produttori-culinari\/kmetija-kante-samo-dwobro\/\">Azienda agricola Kante &#038; Samo Dwobro<\/a><\/p>\t\t\t\t<\/div>\n\t\t\t\t<\/div>\n\t\t\t\t<\/div>\n\t\t\t\t<div class=\"elementor-element elementor-element-c7d0c19 elementor-widget elementor-widget-image\" data-id=\"c7d0c19\" data-element_type=\"widget\" data-e-type=\"widget\" data-widget_type=\"image.default\">\n\t\t\t\t<div class=\"elementor-widget-container\">\n\t\t\t\t\t\t\t\t\t\t\t\t\t\t\t<img decoding=\"async\" width=\"128\" height=\"128\" src=\"https:\/\/www.visitklagenfurt.at\/wp-content\/uploads\/2024\/07\/slovenia.jpg\" class=\"attachment-large size-large wp-image-66240\" alt=\"\" \/>\t\t\t\t\t\t\t\t\t\t\t\t\t\t\t<\/div>\n\t\t\t\t<\/div>\n\t\t\t\t\t<\/div>\n\t\t\t\t<\/div>\n\t\t\t\t<\/div>\n\t\t\t\t<div data-elementor-type=\"loop-item\" data-elementor-id=\"66232\" class=\"elementor elementor-66232 e-loop-item e-loop-item-76181 post-76181 post type-post status-publish format-standard has-post-thumbnail hentry category-produttori-culinari tag-italia tag-produttori\" data-elementor-post-type=\"elementor_library\" data-custom-edit-handle=\"1\">\n\t\t\t<div class=\"elementor-element elementor-element-2c7360c e-flex e-con-boxed e-con e-parent\" data-id=\"2c7360c\" data-element_type=\"container\" data-e-type=\"container\">\n\t\t\t\t\t<div class=\"e-con-inner\">\n\t\t\t\t<div class=\"elementor-element elementor-element-5022c10 elementor-widget elementor-widget-theme-post-featured-image elementor-widget-image\" data-id=\"5022c10\" data-element_type=\"widget\" data-e-type=\"widget\" data-widget_type=\"theme-post-featured-image.default\">\n\t\t\t\t<div class=\"elementor-widget-container\">\n\t\t\t\t\t\t\t\t\t\t\t\t\t\t\t\t<a href=\"https:\/\/www.visitklagenfurt.at\/it\/giornate-della-cucina-alpe-adria\/produttori-culinari\/azienda-agricola-martin\/\">\n\t\t\t\t\t\t\t<img loading=\"lazy\" decoding=\"async\" width=\"768\" height=\"433\" src=\"https:\/\/www.visitklagenfurt.at\/wp-content\/uploads\/2025\/08\/1000020083.jpg\" class=\"attachment-medium_large size-medium_large wp-image-75698\" alt=\"\" \/>\t\t\t\t\t\t\t\t<\/a>\n\t\t\t\t\t\t\t\t\t\t\t\t\t\t\t<\/div>\n\t\t\t\t<\/div>\n\t\t<div class=\"elementor-element elementor-element-4c1b20e e-con-full e-flex e-con e-child\" data-id=\"4c1b20e\" data-element_type=\"container\" data-e-type=\"container\">\n\t\t\t\t<div class=\"elementor-element elementor-element-a6614d2 elementor-widget elementor-widget-theme-post-title elementor-page-title elementor-widget-heading\" data-id=\"a6614d2\" data-element_type=\"widget\" data-e-type=\"widget\" data-widget_type=\"theme-post-title.default\">\n\t\t\t\t<div class=\"elementor-widget-container\">\n\t\t\t\t\t<p class=\"elementor-heading-title elementor-size-default\"><a href=\"https:\/\/www.visitklagenfurt.at\/it\/giornate-della-cucina-alpe-adria\/produttori-culinari\/azienda-agricola-martin\/\">Azienda Agricola Martin<\/a><\/p>\t\t\t\t<\/div>\n\t\t\t\t<\/div>\n\t\t\t\t<\/div>\n\t\t\t\t<div class=\"elementor-element elementor-element-c7d0c19 elementor-widget elementor-widget-image\" data-id=\"c7d0c19\" data-element_type=\"widget\" data-e-type=\"widget\" data-widget_type=\"image.default\">\n\t\t\t\t<div class=\"elementor-widget-container\">\n\t\t\t\t\t\t\t\t\t\t\t\t\t\t\t<img loading=\"lazy\" decoding=\"async\" width=\"128\" height=\"128\" src=\"https:\/\/www.visitklagenfurt.at\/wp-content\/uploads\/2024\/07\/italy.jpg\" class=\"attachment-large size-large wp-image-66244\" alt=\"\" \/>\t\t\t\t\t\t\t\t\t\t\t\t\t\t\t<\/div>\n\t\t\t\t<\/div>\n\t\t\t\t\t<\/div>\n\t\t\t\t<\/div>\n\t\t\t\t<\/div>\n\t\t\t\t<div data-elementor-type=\"loop-item\" data-elementor-id=\"66232\" class=\"elementor elementor-66232 e-loop-item e-loop-item-76339 post-76339 post type-post status-publish format-standard has-post-thumbnail hentry category-produttori-culinari tag-produttori tag-slovenia\" data-elementor-post-type=\"elementor_library\" data-custom-edit-handle=\"1\">\n\t\t\t<div class=\"elementor-element elementor-element-2c7360c e-flex e-con-boxed e-con e-parent\" data-id=\"2c7360c\" data-element_type=\"container\" data-e-type=\"container\">\n\t\t\t\t\t<div class=\"e-con-inner\">\n\t\t\t\t<div class=\"elementor-element elementor-element-5022c10 elementor-widget elementor-widget-theme-post-featured-image elementor-widget-image\" data-id=\"5022c10\" data-element_type=\"widget\" data-e-type=\"widget\" data-widget_type=\"theme-post-featured-image.default\">\n\t\t\t\t<div class=\"elementor-widget-container\">\n\t\t\t\t\t\t\t\t\t\t\t\t\t\t\t\t<a href=\"https:\/\/www.visitklagenfurt.at\/it\/giornate-della-cucina-alpe-adria\/produttori-culinari\/biodobro-joze-lipej\/\">\n\t\t\t\t\t\t\t<img loading=\"lazy\" decoding=\"async\" width=\"768\" height=\"512\" src=\"https:\/\/www.visitklagenfurt.at\/wp-content\/uploads\/2024\/08\/Slika-iz-sejma.jpg\" class=\"attachment-medium_large size-medium_large wp-image-69259\" alt=\"\" \/>\t\t\t\t\t\t\t\t<\/a>\n\t\t\t\t\t\t\t\t\t\t\t\t\t\t\t<\/div>\n\t\t\t\t<\/div>\n\t\t<div class=\"elementor-element elementor-element-4c1b20e e-con-full e-flex e-con e-child\" data-id=\"4c1b20e\" data-element_type=\"container\" data-e-type=\"container\">\n\t\t\t\t<div class=\"elementor-element elementor-element-a6614d2 elementor-widget elementor-widget-theme-post-title elementor-page-title elementor-widget-heading\" data-id=\"a6614d2\" data-element_type=\"widget\" data-e-type=\"widget\" data-widget_type=\"theme-post-title.default\">\n\t\t\t\t<div class=\"elementor-widget-container\">\n\t\t\t\t\t<p class=\"elementor-heading-title elementor-size-default\"><a href=\"https:\/\/www.visitklagenfurt.at\/it\/giornate-della-cucina-alpe-adria\/produttori-culinari\/biodobro-joze-lipej\/\">Biodobro ekolo\u0161ka kmetija &#8211; Jo\u017ee Lipej<\/a><\/p>\t\t\t\t<\/div>\n\t\t\t\t<\/div>\n\t\t\t\t<\/div>\n\t\t\t\t<div class=\"elementor-element elementor-element-c7d0c19 elementor-widget elementor-widget-image\" data-id=\"c7d0c19\" data-element_type=\"widget\" data-e-type=\"widget\" data-widget_type=\"image.default\">\n\t\t\t\t<div class=\"elementor-widget-container\">\n\t\t\t\t\t\t\t\t\t\t\t\t\t\t\t<img decoding=\"async\" width=\"128\" height=\"128\" src=\"https:\/\/www.visitklagenfurt.at\/wp-content\/uploads\/2024\/07\/slovenia.jpg\" class=\"attachment-large size-large wp-image-66240\" alt=\"\" \/>\t\t\t\t\t\t\t\t\t\t\t\t\t\t\t<\/div>\n\t\t\t\t<\/div>\n\t\t\t\t\t<\/div>\n\t\t\t\t<\/div>\n\t\t\t\t<\/div>\n\t\t\t\t<div data-elementor-type=\"loop-item\" data-elementor-id=\"66232\" class=\"elementor elementor-66232 e-loop-item e-loop-item-76163 post-76163 post type-post status-publish format-standard has-post-thumbnail hentry category-produttori-culinari tag-austria tag-produttori\" data-elementor-post-type=\"elementor_library\" data-custom-edit-handle=\"1\">\n\t\t\t<div class=\"elementor-element elementor-element-2c7360c e-flex e-con-boxed e-con e-parent\" data-id=\"2c7360c\" data-element_type=\"container\" data-e-type=\"container\">\n\t\t\t\t\t<div class=\"e-con-inner\">\n\t\t\t\t<div class=\"elementor-element elementor-element-5022c10 elementor-widget elementor-widget-theme-post-featured-image elementor-widget-image\" data-id=\"5022c10\" data-element_type=\"widget\" data-e-type=\"widget\" data-widget_type=\"theme-post-featured-image.default\">\n\t\t\t\t<div class=\"elementor-widget-container\">\n\t\t\t\t\t\t\t\t\t\t\t\t\t\t\t\t<a href=\"https:\/\/www.visitklagenfurt.at\/it\/giornate-della-cucina-alpe-adria\/produttori-culinari\/birra-hirter\/\">\n\t\t\t\t\t\t\t<img loading=\"lazy\" decoding=\"async\" width=\"768\" height=\"512\" src=\"https:\/\/www.visitklagenfurt.at\/wp-content\/uploads\/2023\/07\/Hirter-Bier_Prost_\u00a9-Privatbrauerei-Hirt-.jpg\" class=\"attachment-medium_large size-medium_large wp-image-55701\" alt=\"\" \/>\t\t\t\t\t\t\t\t<\/a>\n\t\t\t\t\t\t\t\t\t\t\t\t\t\t\t<\/div>\n\t\t\t\t<\/div>\n\t\t<div class=\"elementor-element elementor-element-4c1b20e e-con-full e-flex e-con e-child\" data-id=\"4c1b20e\" data-element_type=\"container\" data-e-type=\"container\">\n\t\t\t\t<div class=\"elementor-element elementor-element-a6614d2 elementor-widget elementor-widget-theme-post-title elementor-page-title elementor-widget-heading\" data-id=\"a6614d2\" data-element_type=\"widget\" data-e-type=\"widget\" data-widget_type=\"theme-post-title.default\">\n\t\t\t\t<div class=\"elementor-widget-container\">\n\t\t\t\t\t<p class=\"elementor-heading-title elementor-size-default\"><a href=\"https:\/\/www.visitklagenfurt.at\/it\/giornate-della-cucina-alpe-adria\/produttori-culinari\/birra-hirter\/\">Birra Hirter<\/a><\/p>\t\t\t\t<\/div>\n\t\t\t\t<\/div>\n\t\t\t\t<\/div>\n\t\t\t\t<div class=\"elementor-element elementor-element-c7d0c19 elementor-widget elementor-widget-image\" data-id=\"c7d0c19\" data-element_type=\"widget\" data-e-type=\"widget\" data-widget_type=\"image.default\">\n\t\t\t\t<div class=\"elementor-widget-container\">\n\t\t\t\t\t\t\t\t\t\t\t\t\t\t\t<img loading=\"lazy\" decoding=\"async\" width=\"128\" height=\"128\" src=\"https:\/\/www.visitklagenfurt.at\/wp-content\/uploads\/2024\/07\/austria.jpg\" class=\"attachment-large size-large wp-image-66248\" alt=\"\" \/>\t\t\t\t\t\t\t\t\t\t\t\t\t\t\t<\/div>\n\t\t\t\t<\/div>\n\t\t\t\t\t<\/div>\n\t\t\t\t<\/div>\n\t\t\t\t<\/div>\n\t\t\t\t<div data-elementor-type=\"loop-item\" data-elementor-id=\"66232\" class=\"elementor elementor-66232 e-loop-item e-loop-item-76285 post-76285 post type-post status-publish format-standard has-post-thumbnail hentry category-produttori-culinari tag-austria tag-produttori\" data-elementor-post-type=\"elementor_library\" data-custom-edit-handle=\"1\">\n\t\t\t<div class=\"elementor-element elementor-element-2c7360c e-flex e-con-boxed e-con e-parent\" data-id=\"2c7360c\" data-element_type=\"container\" data-e-type=\"container\">\n\t\t\t\t\t<div class=\"e-con-inner\">\n\t\t\t\t<div class=\"elementor-element elementor-element-5022c10 elementor-widget elementor-widget-theme-post-featured-image elementor-widget-image\" data-id=\"5022c10\" data-element_type=\"widget\" data-e-type=\"widget\" data-widget_type=\"theme-post-featured-image.default\">\n\t\t\t\t<div class=\"elementor-widget-container\">\n\t\t\t\t\t\t\t\t\t\t\t\t\t\t\t\t<a href=\"https:\/\/www.visitklagenfurt.at\/it\/giornate-della-cucina-alpe-adria\/produttori-culinari\/brueckler-hans\/\">\n\t\t\t\t\t\t\t<img loading=\"lazy\" decoding=\"async\" width=\"768\" height=\"512\" src=\"https:\/\/www.visitklagenfurt.at\/wp-content\/uploads\/2021\/08\/genussmeile_tdaak_2021_c-lukas_lenhardt_42_jpg-original.jpg\" class=\"attachment-medium_large size-medium_large wp-image-41131\" alt=\"unterschiedliche Geschm\u00e4cker der Wenger Senf Tuben\" \/>\t\t\t\t\t\t\t\t<\/a>\n\t\t\t\t\t\t\t\t\t\t\t\t\t\t\t<\/div>\n\t\t\t\t<\/div>\n\t\t<div class=\"elementor-element elementor-element-4c1b20e e-con-full e-flex e-con e-child\" data-id=\"4c1b20e\" data-element_type=\"container\" data-e-type=\"container\">\n\t\t\t\t<div class=\"elementor-element elementor-element-a6614d2 elementor-widget elementor-widget-theme-post-title elementor-page-title elementor-widget-heading\" data-id=\"a6614d2\" data-element_type=\"widget\" data-e-type=\"widget\" data-widget_type=\"theme-post-title.default\">\n\t\t\t\t<div class=\"elementor-widget-container\">\n\t\t\t\t\t<p class=\"elementor-heading-title elementor-size-default\"><a href=\"https:\/\/www.visitklagenfurt.at\/it\/giornate-della-cucina-alpe-adria\/produttori-culinari\/brueckler-hans\/\">Br\u00fcckler Hans<\/a><\/p>\t\t\t\t<\/div>\n\t\t\t\t<\/div>\n\t\t\t\t<\/div>\n\t\t\t\t<div class=\"elementor-element elementor-element-c7d0c19 elementor-widget elementor-widget-image\" data-id=\"c7d0c19\" data-element_type=\"widget\" data-e-type=\"widget\" data-widget_type=\"image.default\">\n\t\t\t\t<div class=\"elementor-widget-container\">\n\t\t\t\t\t\t\t\t\t\t\t\t\t\t\t<img loading=\"lazy\" decoding=\"async\" width=\"128\" height=\"128\" src=\"https:\/\/www.visitklagenfurt.at\/wp-content\/uploads\/2024\/07\/austria.jpg\" class=\"attachment-large size-large wp-image-66248\" alt=\"\" \/>\t\t\t\t\t\t\t\t\t\t\t\t\t\t\t<\/div>\n\t\t\t\t<\/div>\n\t\t\t\t\t<\/div>\n\t\t\t\t<\/div>\n\t\t\t\t<\/div>\n\t\t\t\t<div data-elementor-type=\"loop-item\" data-elementor-id=\"66232\" class=\"elementor elementor-66232 e-loop-item e-loop-item-76324 post-76324 post type-post status-publish format-standard has-post-thumbnail hentry category-produttori-culinari tag-italia tag-produttori\" data-elementor-post-type=\"elementor_library\" data-custom-edit-handle=\"1\">\n\t\t\t<div class=\"elementor-element elementor-element-2c7360c e-flex e-con-boxed e-con e-parent\" data-id=\"2c7360c\" data-element_type=\"container\" data-e-type=\"container\">\n\t\t\t\t\t<div class=\"e-con-inner\">\n\t\t\t\t<div class=\"elementor-element elementor-element-5022c10 elementor-widget elementor-widget-theme-post-featured-image elementor-widget-image\" data-id=\"5022c10\" data-element_type=\"widget\" data-e-type=\"widget\" data-widget_type=\"theme-post-featured-image.default\">\n\t\t\t\t<div class=\"elementor-widget-container\">\n\t\t\t\t\t\t\t\t\t\t\t\t\t\t\t\t<a href=\"https:\/\/www.visitklagenfurt.at\/it\/giornate-della-cucina-alpe-adria\/produttori-culinari\/cape-trieste\/\">\n\t\t\t\t\t\t\t<img loading=\"lazy\" decoding=\"async\" width=\"768\" height=\"578\" src=\"https:\/\/www.visitklagenfurt.at\/wp-content\/uploads\/2024\/07\/IMG_20221114_215434_522.jpg\" class=\"attachment-medium_large size-medium_large wp-image-67305\" alt=\"\" \/>\t\t\t\t\t\t\t\t<\/a>\n\t\t\t\t\t\t\t\t\t\t\t\t\t\t\t<\/div>\n\t\t\t\t<\/div>\n\t\t<div class=\"elementor-element elementor-element-4c1b20e e-con-full e-flex e-con e-child\" data-id=\"4c1b20e\" data-element_type=\"container\" data-e-type=\"container\">\n\t\t\t\t<div class=\"elementor-element elementor-element-a6614d2 elementor-widget elementor-widget-theme-post-title elementor-page-title elementor-widget-heading\" data-id=\"a6614d2\" data-element_type=\"widget\" data-e-type=\"widget\" data-widget_type=\"theme-post-title.default\">\n\t\t\t\t<div class=\"elementor-widget-container\">\n\t\t\t\t\t<p class=\"elementor-heading-title elementor-size-default\"><a href=\"https:\/\/www.visitklagenfurt.at\/it\/giornate-della-cucina-alpe-adria\/produttori-culinari\/cape-trieste\/\">Cape Trieste<\/a><\/p>\t\t\t\t<\/div>\n\t\t\t\t<\/div>\n\t\t\t\t<\/div>\n\t\t\t\t<div class=\"elementor-element elementor-element-c7d0c19 elementor-widget elementor-widget-image\" data-id=\"c7d0c19\" data-element_type=\"widget\" data-e-type=\"widget\" data-widget_type=\"image.default\">\n\t\t\t\t<div class=\"elementor-widget-container\">\n\t\t\t\t\t\t\t\t\t\t\t\t\t\t\t<img loading=\"lazy\" decoding=\"async\" width=\"128\" height=\"128\" src=\"https:\/\/www.visitklagenfurt.at\/wp-content\/uploads\/2024\/07\/italy.jpg\" class=\"attachment-large size-large wp-image-66244\" alt=\"\" \/>\t\t\t\t\t\t\t\t\t\t\t\t\t\t\t<\/div>\n\t\t\t\t<\/div>\n\t\t\t\t\t<\/div>\n\t\t\t\t<\/div>\n\t\t\t\t<\/div>\n\t\t\t\t<div data-elementor-type=\"loop-item\" data-elementor-id=\"66232\" class=\"elementor elementor-66232 e-loop-item e-loop-item-76342 post-76342 post type-post status-publish format-standard has-post-thumbnail hentry category-produttori-culinari tag-produttori tag-slovenia\" data-elementor-post-type=\"elementor_library\" data-custom-edit-handle=\"1\">\n\t\t\t<div class=\"elementor-element elementor-element-2c7360c e-flex e-con-boxed e-con e-parent\" data-id=\"2c7360c\" data-element_type=\"container\" data-e-type=\"container\">\n\t\t\t\t\t<div class=\"e-con-inner\">\n\t\t\t\t<div class=\"elementor-element elementor-element-5022c10 elementor-widget elementor-widget-theme-post-featured-image elementor-widget-image\" data-id=\"5022c10\" data-element_type=\"widget\" data-e-type=\"widget\" data-widget_type=\"theme-post-featured-image.default\">\n\t\t\t\t<div class=\"elementor-widget-container\">\n\t\t\t\t\t\t\t\t\t\t\t\t\t\t\t\t<a href=\"https:\/\/www.visitklagenfurt.at\/it\/giornate-della-cucina-alpe-adria\/produttori-culinari\/cili-pohorc\/\">\n\t\t\t\t\t\t\t<img loading=\"lazy\" decoding=\"async\" width=\"768\" height=\"708\" src=\"https:\/\/www.visitklagenfurt.at\/wp-content\/uploads\/2023\/08\/genussmeile_tdaak_2021_c-lukas_lenhardt_46_jpg-web.jpeg\" class=\"attachment-medium_large size-medium_large wp-image-57213\" alt=\"\" \/>\t\t\t\t\t\t\t\t<\/a>\n\t\t\t\t\t\t\t\t\t\t\t\t\t\t\t<\/div>\n\t\t\t\t<\/div>\n\t\t<div class=\"elementor-element elementor-element-4c1b20e e-con-full e-flex e-con e-child\" data-id=\"4c1b20e\" data-element_type=\"container\" data-e-type=\"container\">\n\t\t\t\t<div class=\"elementor-element elementor-element-a6614d2 elementor-widget elementor-widget-theme-post-title elementor-page-title elementor-widget-heading\" data-id=\"a6614d2\" data-element_type=\"widget\" data-e-type=\"widget\" data-widget_type=\"theme-post-title.default\">\n\t\t\t\t<div class=\"elementor-widget-container\">\n\t\t\t\t\t<p class=\"elementor-heading-title elementor-size-default\"><a href=\"https:\/\/www.visitklagenfurt.at\/it\/giornate-della-cucina-alpe-adria\/produttori-culinari\/cili-pohorc\/\">\u010cili Pohorc<\/a><\/p>\t\t\t\t<\/div>\n\t\t\t\t<\/div>\n\t\t\t\t<\/div>\n\t\t\t\t<div class=\"elementor-element elementor-element-c7d0c19 elementor-widget elementor-widget-image\" data-id=\"c7d0c19\" data-element_type=\"widget\" data-e-type=\"widget\" data-widget_type=\"image.default\">\n\t\t\t\t<div class=\"elementor-widget-container\">\n\t\t\t\t\t\t\t\t\t\t\t\t\t\t\t<img decoding=\"async\" width=\"128\" height=\"128\" src=\"https:\/\/www.visitklagenfurt.at\/wp-content\/uploads\/2024\/07\/slovenia.jpg\" class=\"attachment-large size-large wp-image-66240\" alt=\"\" \/>\t\t\t\t\t\t\t\t\t\t\t\t\t\t\t<\/div>\n\t\t\t\t<\/div>\n\t\t\t\t\t<\/div>\n\t\t\t\t<\/div>\n\t\t\t\t<\/div>\n\t\t\t\t<div data-elementor-type=\"loop-item\" data-elementor-id=\"66232\" class=\"elementor elementor-66232 e-loop-item e-loop-item-76159 post-76159 post type-post status-publish format-standard has-post-thumbnail hentry category-produttori-culinari tag-austria tag-produttori\" data-elementor-post-type=\"elementor_library\" data-custom-edit-handle=\"1\">\n\t\t\t<div class=\"elementor-element elementor-element-2c7360c e-flex e-con-boxed e-con e-parent\" data-id=\"2c7360c\" data-element_type=\"container\" data-e-type=\"container\">\n\t\t\t\t\t<div class=\"e-con-inner\">\n\t\t\t\t<div class=\"elementor-element elementor-element-5022c10 elementor-widget elementor-widget-theme-post-featured-image elementor-widget-image\" data-id=\"5022c10\" data-element_type=\"widget\" data-e-type=\"widget\" data-widget_type=\"theme-post-featured-image.default\">\n\t\t\t\t<div class=\"elementor-widget-container\">\n\t\t\t\t\t\t\t\t\t\t\t\t\t\t\t\t<a href=\"https:\/\/www.visitklagenfurt.at\/it\/giornate-della-cucina-alpe-adria\/produttori-culinari\/slow-food-travel-alpe-adria-carinzia\/\">\n\t\t\t\t\t\t\t<img loading=\"lazy\" decoding=\"async\" width=\"768\" height=\"512\" src=\"https:\/\/www.visitklagenfurt.at\/wp-content\/uploads\/2025\/07\/Gailtaler-Almkaese-g.U.-Foto-Helga-Rader.jpg\" class=\"attachment-medium_large size-medium_large wp-image-75562\" alt=\"\" \/>\t\t\t\t\t\t\t\t<\/a>\n\t\t\t\t\t\t\t\t\t\t\t\t\t\t\t<\/div>\n\t\t\t\t<\/div>\n\t\t<div class=\"elementor-element elementor-element-4c1b20e e-con-full e-flex e-con e-child\" data-id=\"4c1b20e\" data-element_type=\"container\" data-e-type=\"container\">\n\t\t\t\t<div class=\"elementor-element elementor-element-a6614d2 elementor-widget elementor-widget-theme-post-title elementor-page-title elementor-widget-heading\" data-id=\"a6614d2\" data-element_type=\"widget\" data-e-type=\"widget\" data-widget_type=\"theme-post-title.default\">\n\t\t\t\t<div class=\"elementor-widget-container\">\n\t\t\t\t\t<p class=\"elementor-heading-title elementor-size-default\"><a href=\"https:\/\/www.visitklagenfurt.at\/it\/giornate-della-cucina-alpe-adria\/produttori-culinari\/slow-food-travel-alpe-adria-carinzia\/\">Consorzio BK Slow Food Travel Alpe Adria Carinzia<\/a><\/p>\t\t\t\t<\/div>\n\t\t\t\t<\/div>\n\t\t\t\t<\/div>\n\t\t\t\t<div class=\"elementor-element elementor-element-c7d0c19 elementor-widget elementor-widget-image\" data-id=\"c7d0c19\" data-element_type=\"widget\" data-e-type=\"widget\" data-widget_type=\"image.default\">\n\t\t\t\t<div class=\"elementor-widget-container\">\n\t\t\t\t\t\t\t\t\t\t\t\t\t\t\t<img loading=\"lazy\" decoding=\"async\" width=\"128\" height=\"128\" src=\"https:\/\/www.visitklagenfurt.at\/wp-content\/uploads\/2024\/07\/austria.jpg\" class=\"attachment-large size-large wp-image-66248\" alt=\"\" \/>\t\t\t\t\t\t\t\t\t\t\t\t\t\t\t<\/div>\n\t\t\t\t<\/div>\n\t\t\t\t\t<\/div>\n\t\t\t\t<\/div>\n\t\t\t\t<\/div>\n\t\t\t\t<div data-elementor-type=\"loop-item\" data-elementor-id=\"66232\" class=\"elementor elementor-66232 e-loop-item e-loop-item-76327 post-76327 post type-post status-publish format-standard has-post-thumbnail hentry category-produttori-culinari tag-italia tag-produttori\" data-elementor-post-type=\"elementor_library\" data-custom-edit-handle=\"1\">\n\t\t\t<div class=\"elementor-element elementor-element-2c7360c e-flex e-con-boxed e-con e-parent\" data-id=\"2c7360c\" data-element_type=\"container\" data-e-type=\"container\">\n\t\t\t\t\t<div class=\"e-con-inner\">\n\t\t\t\t<div class=\"elementor-element elementor-element-5022c10 elementor-widget elementor-widget-theme-post-featured-image elementor-widget-image\" data-id=\"5022c10\" data-element_type=\"widget\" data-e-type=\"widget\" data-widget_type=\"theme-post-featured-image.default\">\n\t\t\t\t<div class=\"elementor-widget-container\">\n\t\t\t\t\t\t\t\t\t\t\t\t\t\t\t\t<a href=\"https:\/\/www.visitklagenfurt.at\/it\/giornate-della-cucina-alpe-adria\/produttori-culinari\/corte-tomasin\/\">\n\t\t\t\t\t\t\t<img loading=\"lazy\" decoding=\"async\" width=\"768\" height=\"432\" src=\"https:\/\/www.visitklagenfurt.at\/wp-content\/uploads\/2024\/08\/IMG-20220216-WA0022.jpg\" class=\"attachment-medium_large size-medium_large wp-image-69057\" alt=\"\" \/>\t\t\t\t\t\t\t\t<\/a>\n\t\t\t\t\t\t\t\t\t\t\t\t\t\t\t<\/div>\n\t\t\t\t<\/div>\n\t\t<div class=\"elementor-element elementor-element-4c1b20e e-con-full e-flex e-con e-child\" data-id=\"4c1b20e\" data-element_type=\"container\" data-e-type=\"container\">\n\t\t\t\t<div class=\"elementor-element elementor-element-a6614d2 elementor-widget elementor-widget-theme-post-title elementor-page-title elementor-widget-heading\" data-id=\"a6614d2\" data-element_type=\"widget\" data-e-type=\"widget\" data-widget_type=\"theme-post-title.default\">\n\t\t\t\t<div class=\"elementor-widget-container\">\n\t\t\t\t\t<p class=\"elementor-heading-title elementor-size-default\"><a href=\"https:\/\/www.visitklagenfurt.at\/it\/giornate-della-cucina-alpe-adria\/produttori-culinari\/corte-tomasin\/\">Corte Tomasin<\/a><\/p>\t\t\t\t<\/div>\n\t\t\t\t<\/div>\n\t\t\t\t<\/div>\n\t\t\t\t<div class=\"elementor-element elementor-element-c7d0c19 elementor-widget elementor-widget-image\" data-id=\"c7d0c19\" data-element_type=\"widget\" data-e-type=\"widget\" data-widget_type=\"image.default\">\n\t\t\t\t<div class=\"elementor-widget-container\">\n\t\t\t\t\t\t\t\t\t\t\t\t\t\t\t<img loading=\"lazy\" decoding=\"async\" width=\"128\" height=\"128\" src=\"https:\/\/www.visitklagenfurt.at\/wp-content\/uploads\/2024\/07\/italy.jpg\" class=\"attachment-large size-large wp-image-66244\" alt=\"\" \/>\t\t\t\t\t\t\t\t\t\t\t\t\t\t\t<\/div>\n\t\t\t\t<\/div>\n\t\t\t\t\t<\/div>\n\t\t\t\t<\/div>\n\t\t\t\t<\/div>\n\t\t\t\t<div data-elementor-type=\"loop-item\" data-elementor-id=\"66232\" class=\"elementor elementor-66232 e-loop-item e-loop-item-76292 post-76292 post type-post status-publish format-standard has-post-thumbnail hentry category-produttori-culinari tag-austria tag-produttori\" data-elementor-post-type=\"elementor_library\" data-custom-edit-handle=\"1\">\n\t\t\t<div class=\"elementor-element elementor-element-2c7360c e-flex e-con-boxed e-con e-parent\" data-id=\"2c7360c\" data-element_type=\"container\" data-e-type=\"container\">\n\t\t\t\t\t<div class=\"e-con-inner\">\n\t\t\t\t<div class=\"elementor-element elementor-element-5022c10 elementor-widget elementor-widget-theme-post-featured-image elementor-widget-image\" data-id=\"5022c10\" data-element_type=\"widget\" data-e-type=\"widget\" data-widget_type=\"theme-post-featured-image.default\">\n\t\t\t\t<div class=\"elementor-widget-container\">\n\t\t\t\t\t\t\t\t\t\t\t\t\t\t\t\t<a href=\"https:\/\/www.visitklagenfurt.at\/it\/giornate-della-cucina-alpe-adria\/produttori-culinari\/negozio-solidale-deins-und-meins\/\">\n\t\t\t\t\t\t\t<img loading=\"lazy\" decoding=\"async\" width=\"768\" height=\"410\" src=\"https:\/\/www.visitklagenfurt.at\/wp-content\/uploads\/2021\/08\/deins-und-meins-1.jpg\" class=\"attachment-medium_large size-medium_large wp-image-56865\" alt=\"\" \/>\t\t\t\t\t\t\t\t<\/a>\n\t\t\t\t\t\t\t\t\t\t\t\t\t\t\t<\/div>\n\t\t\t\t<\/div>\n\t\t<div class=\"elementor-element elementor-element-4c1b20e e-con-full e-flex e-con e-child\" data-id=\"4c1b20e\" data-element_type=\"container\" data-e-type=\"container\">\n\t\t\t\t<div class=\"elementor-element elementor-element-a6614d2 elementor-widget elementor-widget-theme-post-title elementor-page-title elementor-widget-heading\" data-id=\"a6614d2\" data-element_type=\"widget\" data-e-type=\"widget\" data-widget_type=\"theme-post-title.default\">\n\t\t\t\t<div class=\"elementor-widget-container\">\n\t\t\t\t\t<p class=\"elementor-heading-title elementor-size-default\"><a href=\"https:\/\/www.visitklagenfurt.at\/it\/giornate-della-cucina-alpe-adria\/produttori-culinari\/negozio-solidale-deins-und-meins\/\">Dein\u2019s und Mein\u2019s<\/a><\/p>\t\t\t\t<\/div>\n\t\t\t\t<\/div>\n\t\t\t\t<\/div>\n\t\t\t\t<div class=\"elementor-element elementor-element-c7d0c19 elementor-widget elementor-widget-image\" data-id=\"c7d0c19\" data-element_type=\"widget\" data-e-type=\"widget\" data-widget_type=\"image.default\">\n\t\t\t\t<div class=\"elementor-widget-container\">\n\t\t\t\t\t\t\t\t\t\t\t\t\t\t\t<img loading=\"lazy\" decoding=\"async\" width=\"128\" height=\"128\" src=\"https:\/\/www.visitklagenfurt.at\/wp-content\/uploads\/2024\/07\/austria.jpg\" class=\"attachment-large size-large wp-image-66248\" alt=\"\" \/>\t\t\t\t\t\t\t\t\t\t\t\t\t\t\t<\/div>\n\t\t\t\t<\/div>\n\t\t\t\t\t<\/div>\n\t\t\t\t<\/div>\n\t\t\t\t<\/div>\n\t\t\t\t<div data-elementor-type=\"loop-item\" data-elementor-id=\"66232\" class=\"elementor elementor-66232 e-loop-item e-loop-item-76296 post-76296 post type-post status-publish format-standard has-post-thumbnail hentry category-produttori-culinari tag-austria tag-produttori\" data-elementor-post-type=\"elementor_library\" data-custom-edit-handle=\"1\">\n\t\t\t<div class=\"elementor-element elementor-element-2c7360c e-flex e-con-boxed e-con e-parent\" data-id=\"2c7360c\" data-element_type=\"container\" data-e-type=\"container\">\n\t\t\t\t\t<div class=\"e-con-inner\">\n\t\t\t\t<div class=\"elementor-element elementor-element-5022c10 elementor-widget elementor-widget-theme-post-featured-image elementor-widget-image\" data-id=\"5022c10\" data-element_type=\"widget\" data-e-type=\"widget\" data-widget_type=\"theme-post-featured-image.default\">\n\t\t\t\t<div class=\"elementor-widget-container\">\n\t\t\t\t\t\t\t\t\t\t\t\t\t\t\t\t<a href=\"https:\/\/www.visitklagenfurt.at\/it\/giornate-della-cucina-alpe-adria\/produttori-culinari\/biohof-malle\/\">\n\t\t\t\t\t\t\t<img loading=\"lazy\" decoding=\"async\" width=\"768\" height=\"511\" src=\"https:\/\/www.visitklagenfurt.at\/wp-content\/uploads\/2021\/08\/malle-1.png\" class=\"attachment-medium_large size-medium_large wp-image-56853\" alt=\"\" \/>\t\t\t\t\t\t\t\t<\/a>\n\t\t\t\t\t\t\t\t\t\t\t\t\t\t\t<\/div>\n\t\t\t\t<\/div>\n\t\t<div class=\"elementor-element elementor-element-4c1b20e e-con-full e-flex e-con e-child\" data-id=\"4c1b20e\" data-element_type=\"container\" data-e-type=\"container\">\n\t\t\t\t<div class=\"elementor-element elementor-element-a6614d2 elementor-widget elementor-widget-theme-post-title elementor-page-title elementor-widget-heading\" data-id=\"a6614d2\" data-element_type=\"widget\" data-e-type=\"widget\" data-widget_type=\"theme-post-title.default\">\n\t\t\t\t<div class=\"elementor-widget-container\">\n\t\t\t\t\t<p class=\"elementor-heading-title elementor-size-default\"><a href=\"https:\/\/www.visitklagenfurt.at\/it\/giornate-della-cucina-alpe-adria\/produttori-culinari\/biohof-malle\/\">Fattoria biologica Malle<\/a><\/p>\t\t\t\t<\/div>\n\t\t\t\t<\/div>\n\t\t\t\t<\/div>\n\t\t\t\t<div class=\"elementor-element elementor-element-c7d0c19 elementor-widget elementor-widget-image\" data-id=\"c7d0c19\" data-element_type=\"widget\" data-e-type=\"widget\" data-widget_type=\"image.default\">\n\t\t\t\t<div class=\"elementor-widget-container\">\n\t\t\t\t\t\t\t\t\t\t\t\t\t\t\t<img loading=\"lazy\" decoding=\"async\" width=\"128\" height=\"128\" src=\"https:\/\/www.visitklagenfurt.at\/wp-content\/uploads\/2024\/07\/austria.jpg\" class=\"attachment-large size-large wp-image-66248\" alt=\"\" \/>\t\t\t\t\t\t\t\t\t\t\t\t\t\t\t<\/div>\n\t\t\t\t<\/div>\n\t\t\t\t\t<\/div>\n\t\t\t\t<\/div>\n\t\t\t\t<\/div>\n\t\t\t\t<div data-elementor-type=\"loop-item\" data-elementor-id=\"66232\" class=\"elementor elementor-66232 e-loop-item e-loop-item-80111 post-80111 post type-post status-publish format-standard has-post-thumbnail hentry category-produttori-culinari tag-produttori tag-slovenia\" data-elementor-post-type=\"elementor_library\" data-custom-edit-handle=\"1\">\n\t\t\t<div class=\"elementor-element elementor-element-2c7360c e-flex e-con-boxed e-con e-parent\" data-id=\"2c7360c\" data-element_type=\"container\" data-e-type=\"container\">\n\t\t\t\t\t<div class=\"e-con-inner\">\n\t\t\t\t<div class=\"elementor-element elementor-element-5022c10 elementor-widget elementor-widget-theme-post-featured-image elementor-widget-image\" data-id=\"5022c10\" data-element_type=\"widget\" data-e-type=\"widget\" data-widget_type=\"theme-post-featured-image.default\">\n\t\t\t\t<div class=\"elementor-widget-container\">\n\t\t\t\t\t\t\t\t\t\t\t\t\t\t\t\t<a href=\"https:\/\/www.visitklagenfurt.at\/it\/giornate-della-cucina-alpe-adria\/produttori-culinari\/gostilna-slovenija\/\">\n\t\t\t\t\t\t\t<img loading=\"lazy\" decoding=\"async\" width=\"768\" height=\"576\" src=\"https:\/\/www.visitklagenfurt.at\/wp-content\/uploads\/2026\/07\/Gostilna-Dobnikar-s\u2560itruklji-sirovi-jabolc\u2560ini-orehovi14.jpg\" class=\"attachment-medium_large size-medium_large wp-image-79680\" alt=\"\" \/>\t\t\t\t\t\t\t\t<\/a>\n\t\t\t\t\t\t\t\t\t\t\t\t\t\t\t<\/div>\n\t\t\t\t<\/div>\n\t\t<div class=\"elementor-element elementor-element-4c1b20e e-con-full e-flex e-con e-child\" data-id=\"4c1b20e\" data-element_type=\"container\" data-e-type=\"container\">\n\t\t\t\t<div class=\"elementor-element elementor-element-a6614d2 elementor-widget elementor-widget-theme-post-title elementor-page-title elementor-widget-heading\" data-id=\"a6614d2\" data-element_type=\"widget\" data-e-type=\"widget\" data-widget_type=\"theme-post-title.default\">\n\t\t\t\t<div class=\"elementor-widget-container\">\n\t\t\t\t\t<p class=\"elementor-heading-title elementor-size-default\"><a href=\"https:\/\/www.visitklagenfurt.at\/it\/giornate-della-cucina-alpe-adria\/produttori-culinari\/gostilna-slovenija\/\">Gostilna Slovenija<\/a><\/p>\t\t\t\t<\/div>\n\t\t\t\t<\/div>\n\t\t\t\t<\/div>\n\t\t\t\t<div class=\"elementor-element elementor-element-c7d0c19 elementor-widget elementor-widget-image\" data-id=\"c7d0c19\" data-element_type=\"widget\" data-e-type=\"widget\" data-widget_type=\"image.default\">\n\t\t\t\t<div class=\"elementor-widget-container\">\n\t\t\t\t\t\t\t\t\t\t\t\t\t\t\t<img decoding=\"async\" width=\"128\" height=\"128\" src=\"https:\/\/www.visitklagenfurt.at\/wp-content\/uploads\/2024\/07\/slovenia.jpg\" class=\"attachment-large size-large wp-image-66240\" alt=\"\" \/>\t\t\t\t\t\t\t\t\t\t\t\t\t\t\t<\/div>\n\t\t\t\t<\/div>\n\t\t\t\t\t<\/div>\n\t\t\t\t<\/div>\n\t\t\t\t<\/div>\n\t\t\t\t<div data-elementor-type=\"loop-item\" data-elementor-id=\"66232\" class=\"elementor elementor-66232 e-loop-item e-loop-item-76301 post-76301 post type-post status-publish format-standard has-post-thumbnail hentry category-produttori-culinari tag-austria tag-produttori\" data-elementor-post-type=\"elementor_library\" data-custom-edit-handle=\"1\">\n\t\t\t<div class=\"elementor-element elementor-element-2c7360c e-flex e-con-boxed e-con e-parent\" data-id=\"2c7360c\" data-element_type=\"container\" data-e-type=\"container\">\n\t\t\t\t\t<div class=\"e-con-inner\">\n\t\t\t\t<div class=\"elementor-element elementor-element-5022c10 elementor-widget elementor-widget-theme-post-featured-image elementor-widget-image\" data-id=\"5022c10\" data-element_type=\"widget\" data-e-type=\"widget\" data-widget_type=\"theme-post-featured-image.default\">\n\t\t\t\t<div class=\"elementor-widget-container\">\n\t\t\t\t\t\t\t\t\t\t\t\t\t\t\t\t<a href=\"https:\/\/www.visitklagenfurt.at\/it\/giornate-della-cucina-alpe-adria\/produttori-culinari\/gseft\/\">\n\t\t\t\t\t\t\t<img loading=\"lazy\" decoding=\"async\" width=\"768\" height=\"511\" src=\"https:\/\/www.visitklagenfurt.at\/wp-content\/uploads\/2021\/08\/4.jpg\" class=\"attachment-medium_large size-medium_large wp-image-40633\" alt=\"Team der G\u0161eft Biogrei\u00dflerei\" \/>\t\t\t\t\t\t\t\t<\/a>\n\t\t\t\t\t\t\t\t\t\t\t\t\t\t\t<\/div>\n\t\t\t\t<\/div>\n\t\t<div class=\"elementor-element elementor-element-4c1b20e e-con-full e-flex e-con e-child\" data-id=\"4c1b20e\" data-element_type=\"container\" data-e-type=\"container\">\n\t\t\t\t<div class=\"elementor-element elementor-element-a6614d2 elementor-widget elementor-widget-theme-post-title elementor-page-title elementor-widget-heading\" data-id=\"a6614d2\" data-element_type=\"widget\" data-e-type=\"widget\" data-widget_type=\"theme-post-title.default\">\n\t\t\t\t<div class=\"elementor-widget-container\">\n\t\t\t\t\t<p class=\"elementor-heading-title elementor-size-default\"><a href=\"https:\/\/www.visitklagenfurt.at\/it\/giornate-della-cucina-alpe-adria\/produttori-culinari\/gseft\/\">G\u0161eft<\/a><\/p>\t\t\t\t<\/div>\n\t\t\t\t<\/div>\n\t\t\t\t<\/div>\n\t\t\t\t<div class=\"elementor-element elementor-element-c7d0c19 elementor-widget elementor-widget-image\" data-id=\"c7d0c19\" data-element_type=\"widget\" data-e-type=\"widget\" data-widget_type=\"image.default\">\n\t\t\t\t<div class=\"elementor-widget-container\">\n\t\t\t\t\t\t\t\t\t\t\t\t\t\t\t<img loading=\"lazy\" decoding=\"async\" width=\"128\" height=\"128\" src=\"https:\/\/www.visitklagenfurt.at\/wp-content\/uploads\/2024\/07\/austria.jpg\" class=\"attachment-large size-large wp-image-66248\" alt=\"\" \/>\t\t\t\t\t\t\t\t\t\t\t\t\t\t\t<\/div>\n\t\t\t\t<\/div>\n\t\t\t\t\t<\/div>\n\t\t\t\t<\/div>\n\t\t\t\t<\/div>\n\t\t\t\t<div data-elementor-type=\"loop-item\" data-elementor-id=\"66232\" class=\"elementor elementor-66232 e-loop-item e-loop-item-76297 post-76297 post type-post status-publish format-standard has-post-thumbnail hentry category-produttori-culinari tag-austria tag-produttori\" data-elementor-post-type=\"elementor_library\" data-custom-edit-handle=\"1\">\n\t\t\t<div class=\"elementor-element elementor-element-2c7360c e-flex e-con-boxed e-con e-parent\" data-id=\"2c7360c\" data-element_type=\"container\" data-e-type=\"container\">\n\t\t\t\t\t<div class=\"e-con-inner\">\n\t\t\t\t<div class=\"elementor-element elementor-element-5022c10 elementor-widget elementor-widget-theme-post-featured-image elementor-widget-image\" data-id=\"5022c10\" data-element_type=\"widget\" data-e-type=\"widget\" data-widget_type=\"theme-post-featured-image.default\">\n\t\t\t\t<div class=\"elementor-widget-container\">\n\t\t\t\t\t\t\t\t\t\t\t\t\t\t\t\t<a href=\"https:\/\/www.visitklagenfurt.at\/it\/giornate-della-cucina-alpe-adria\/produttori-culinari\/gurktaler\/\">\n\t\t\t\t\t\t\t<img loading=\"lazy\" decoding=\"async\" width=\"768\" height=\"513\" src=\"https:\/\/www.visitklagenfurt.at\/wp-content\/uploads\/2024\/08\/Gurktaler_1.jpg\" class=\"attachment-medium_large size-medium_large wp-image-68736\" alt=\"\" \/>\t\t\t\t\t\t\t\t<\/a>\n\t\t\t\t\t\t\t\t\t\t\t\t\t\t\t<\/div>\n\t\t\t\t<\/div>\n\t\t<div class=\"elementor-element elementor-element-4c1b20e e-con-full e-flex e-con e-child\" data-id=\"4c1b20e\" data-element_type=\"container\" data-e-type=\"container\">\n\t\t\t\t<div class=\"elementor-element elementor-element-a6614d2 elementor-widget elementor-widget-theme-post-title elementor-page-title elementor-widget-heading\" data-id=\"a6614d2\" data-element_type=\"widget\" data-e-type=\"widget\" data-widget_type=\"theme-post-title.default\">\n\t\t\t\t<div class=\"elementor-widget-container\">\n\t\t\t\t\t<p class=\"elementor-heading-title elementor-size-default\"><a href=\"https:\/\/www.visitklagenfurt.at\/it\/giornate-della-cucina-alpe-adria\/produttori-culinari\/gurktaler\/\">Gurktaler<\/a><\/p>\t\t\t\t<\/div>\n\t\t\t\t<\/div>\n\t\t\t\t<\/div>\n\t\t\t\t<div class=\"elementor-element elementor-element-c7d0c19 elementor-widget elementor-widget-image\" data-id=\"c7d0c19\" data-element_type=\"widget\" data-e-type=\"widget\" data-widget_type=\"image.default\">\n\t\t\t\t<div class=\"elementor-widget-container\">\n\t\t\t\t\t\t\t\t\t\t\t\t\t\t\t<img loading=\"lazy\" decoding=\"async\" width=\"128\" height=\"128\" src=\"https:\/\/www.visitklagenfurt.at\/wp-content\/uploads\/2024\/07\/austria.jpg\" class=\"attachment-large size-large wp-image-66248\" alt=\"\" \/>\t\t\t\t\t\t\t\t\t\t\t\t\t\t\t<\/div>\n\t\t\t\t<\/div>\n\t\t\t\t\t<\/div>\n\t\t\t\t<\/div>\n\t\t\t\t<\/div>\n\t\t\t\t<div data-elementor-type=\"loop-item\" data-elementor-id=\"66232\" class=\"elementor elementor-66232 e-loop-item e-loop-item-76171 post-76171 post type-post status-publish format-standard has-post-thumbnail hentry category-produttori-culinari tag-produttori tag-slovenia\" data-elementor-post-type=\"elementor_library\" data-custom-edit-handle=\"1\">\n\t\t\t<div class=\"elementor-element elementor-element-2c7360c e-flex e-con-boxed e-con e-parent\" data-id=\"2c7360c\" data-element_type=\"container\" data-e-type=\"container\">\n\t\t\t\t\t<div class=\"e-con-inner\">\n\t\t\t\t<div class=\"elementor-element elementor-element-5022c10 elementor-widget elementor-widget-theme-post-featured-image elementor-widget-image\" data-id=\"5022c10\" data-element_type=\"widget\" data-e-type=\"widget\" data-widget_type=\"theme-post-featured-image.default\">\n\t\t\t\t<div class=\"elementor-widget-container\">\n\t\t\t\t\t\t\t\t\t\t\t\t\t\t\t\t<a href=\"https:\/\/www.visitklagenfurt.at\/it\/giornate-della-cucina-alpe-adria\/produttori-culinari\/jeij-vina-ranarum\/\">\n\t\t\t\t\t\t\t<img loading=\"lazy\" decoding=\"async\" width=\"768\" height=\"510\" src=\"https:\/\/www.visitklagenfurt.at\/wp-content\/uploads\/2025\/08\/VinaWines-Ranarum.jpg\" class=\"attachment-medium_large size-medium_large wp-image-75734\" alt=\"\" \/>\t\t\t\t\t\t\t\t<\/a>\n\t\t\t\t\t\t\t\t\t\t\t\t\t\t\t<\/div>\n\t\t\t\t<\/div>\n\t\t<div class=\"elementor-element elementor-element-4c1b20e e-con-full e-flex e-con e-child\" data-id=\"4c1b20e\" data-element_type=\"container\" data-e-type=\"container\">\n\t\t\t\t<div class=\"elementor-element elementor-element-a6614d2 elementor-widget elementor-widget-theme-post-title elementor-page-title elementor-widget-heading\" data-id=\"a6614d2\" data-element_type=\"widget\" data-e-type=\"widget\" data-widget_type=\"theme-post-title.default\">\n\t\t\t\t<div class=\"elementor-widget-container\">\n\t\t\t\t\t<p class=\"elementor-heading-title elementor-size-default\"><a href=\"https:\/\/www.visitklagenfurt.at\/it\/giornate-della-cucina-alpe-adria\/produttori-culinari\/jeij-vina-ranarum\/\">JEIJ &#8211; Vina Ranarum<\/a><\/p>\t\t\t\t<\/div>\n\t\t\t\t<\/div>\n\t\t\t\t<\/div>\n\t\t\t\t<div class=\"elementor-element elementor-element-c7d0c19 elementor-widget elementor-widget-image\" data-id=\"c7d0c19\" data-element_type=\"widget\" data-e-type=\"widget\" data-widget_type=\"image.default\">\n\t\t\t\t<div class=\"elementor-widget-container\">\n\t\t\t\t\t\t\t\t\t\t\t\t\t\t\t<img decoding=\"async\" width=\"128\" height=\"128\" src=\"https:\/\/www.visitklagenfurt.at\/wp-content\/uploads\/2024\/07\/slovenia.jpg\" class=\"attachment-large size-large wp-image-66240\" alt=\"\" \/>\t\t\t\t\t\t\t\t\t\t\t\t\t\t\t<\/div>\n\t\t\t\t<\/div>\n\t\t\t\t\t<\/div>\n\t\t\t\t<\/div>\n\t\t\t\t<\/div>\n\t\t\t\t<div data-elementor-type=\"loop-item\" data-elementor-id=\"66232\" class=\"elementor elementor-66232 e-loop-item e-loop-item-76325 post-76325 post type-post status-publish format-standard has-post-thumbnail hentry category-produttori-culinari tag-produttori tag-slovenia\" data-elementor-post-type=\"elementor_library\" data-custom-edit-handle=\"1\">\n\t\t\t<div class=\"elementor-element elementor-element-2c7360c e-flex e-con-boxed e-con e-parent\" data-id=\"2c7360c\" data-element_type=\"container\" data-e-type=\"container\">\n\t\t\t\t\t<div class=\"e-con-inner\">\n\t\t\t\t<div class=\"elementor-element elementor-element-5022c10 elementor-widget elementor-widget-theme-post-featured-image elementor-widget-image\" data-id=\"5022c10\" data-element_type=\"widget\" data-e-type=\"widget\" data-widget_type=\"theme-post-featured-image.default\">\n\t\t\t\t<div class=\"elementor-widget-container\">\n\t\t\t\t\t\t\t\t\t\t\t\t\t\t\t\t<a href=\"https:\/\/www.visitklagenfurt.at\/it\/giornate-della-cucina-alpe-adria\/produttori-culinari\/kmetija-pustotnik\/\">\n\t\t\t\t\t\t\t<img loading=\"lazy\" decoding=\"async\" width=\"768\" height=\"512\" src=\"https:\/\/www.visitklagenfurt.at\/wp-content\/uploads\/2021\/08\/1.4-Milan.jpg\" class=\"attachment-medium_large size-medium_large wp-image-26387\" alt=\"\" \/>\t\t\t\t\t\t\t\t<\/a>\n\t\t\t\t\t\t\t\t\t\t\t\t\t\t\t<\/div>\n\t\t\t\t<\/div>\n\t\t<div class=\"elementor-element elementor-element-4c1b20e e-con-full e-flex e-con e-child\" data-id=\"4c1b20e\" data-element_type=\"container\" data-e-type=\"container\">\n\t\t\t\t<div class=\"elementor-element elementor-element-a6614d2 elementor-widget elementor-widget-theme-post-title elementor-page-title elementor-widget-heading\" data-id=\"a6614d2\" data-element_type=\"widget\" data-e-type=\"widget\" data-widget_type=\"theme-post-title.default\">\n\t\t\t\t<div class=\"elementor-widget-container\">\n\t\t\t\t\t<p class=\"elementor-heading-title elementor-size-default\"><a href=\"https:\/\/www.visitklagenfurt.at\/it\/giornate-della-cucina-alpe-adria\/produttori-culinari\/kmetija-pustotnik\/\">Kmetija Pustotnik<\/a><\/p>\t\t\t\t<\/div>\n\t\t\t\t<\/div>\n\t\t\t\t<\/div>\n\t\t\t\t<div class=\"elementor-element elementor-element-c7d0c19 elementor-widget elementor-widget-image\" data-id=\"c7d0c19\" data-element_type=\"widget\" data-e-type=\"widget\" data-widget_type=\"image.default\">\n\t\t\t\t<div class=\"elementor-widget-container\">\n\t\t\t\t\t\t\t\t\t\t\t\t\t\t\t<img decoding=\"async\" width=\"128\" height=\"128\" src=\"https:\/\/www.visitklagenfurt.at\/wp-content\/uploads\/2024\/07\/slovenia.jpg\" class=\"attachment-large size-large wp-image-66240\" alt=\"\" \/>\t\t\t\t\t\t\t\t\t\t\t\t\t\t\t<\/div>\n\t\t\t\t<\/div>\n\t\t\t\t\t<\/div>\n\t\t\t\t<\/div>\n\t\t\t\t<\/div>\n\t\t\t\t<div data-elementor-type=\"loop-item\" data-elementor-id=\"66232\" class=\"elementor elementor-66232 e-loop-item e-loop-item-76331 post-76331 post type-post status-publish format-standard has-post-thumbnail hentry category-produttori-culinari tag-italia tag-produttori\" data-elementor-post-type=\"elementor_library\" data-custom-edit-handle=\"1\">\n\t\t\t<div class=\"elementor-element elementor-element-2c7360c e-flex e-con-boxed e-con e-parent\" data-id=\"2c7360c\" data-element_type=\"container\" data-e-type=\"container\">\n\t\t\t\t\t<div class=\"e-con-inner\">\n\t\t\t\t<div class=\"elementor-element elementor-element-5022c10 elementor-widget elementor-widget-theme-post-featured-image elementor-widget-image\" data-id=\"5022c10\" data-element_type=\"widget\" data-e-type=\"widget\" data-widget_type=\"theme-post-featured-image.default\">\n\t\t\t\t<div class=\"elementor-widget-container\">\n\t\t\t\t\t\t\t\t\t\t\t\t\t\t\t\t<a href=\"https:\/\/www.visitklagenfurt.at\/it\/giornate-della-cucina-alpe-adria\/produttori-culinari\/la-glacere\/\">\n\t\t\t\t\t\t\t<img loading=\"lazy\" decoding=\"async\" width=\"768\" height=\"507\" src=\"https:\/\/www.visitklagenfurt.at\/wp-content\/uploads\/2024\/08\/S_04264.jpg\" class=\"attachment-medium_large size-medium_large wp-image-69106\" alt=\"\" \/>\t\t\t\t\t\t\t\t<\/a>\n\t\t\t\t\t\t\t\t\t\t\t\t\t\t\t<\/div>\n\t\t\t\t<\/div>\n\t\t<div class=\"elementor-element elementor-element-4c1b20e e-con-full e-flex e-con e-child\" data-id=\"4c1b20e\" data-element_type=\"container\" data-e-type=\"container\">\n\t\t\t\t<div class=\"elementor-element elementor-element-a6614d2 elementor-widget elementor-widget-theme-post-title elementor-page-title elementor-widget-heading\" data-id=\"a6614d2\" data-element_type=\"widget\" data-e-type=\"widget\" data-widget_type=\"theme-post-title.default\">\n\t\t\t\t<div class=\"elementor-widget-container\">\n\t\t\t\t\t<p class=\"elementor-heading-title elementor-size-default\"><a href=\"https:\/\/www.visitklagenfurt.at\/it\/giornate-della-cucina-alpe-adria\/produttori-culinari\/la-glacere\/\">La Glacere<\/a><\/p>\t\t\t\t<\/div>\n\t\t\t\t<\/div>\n\t\t\t\t<\/div>\n\t\t\t\t<div class=\"elementor-element elementor-element-c7d0c19 elementor-widget elementor-widget-image\" data-id=\"c7d0c19\" data-element_type=\"widget\" data-e-type=\"widget\" data-widget_type=\"image.default\">\n\t\t\t\t<div class=\"elementor-widget-container\">\n\t\t\t\t\t\t\t\t\t\t\t\t\t\t\t<img loading=\"lazy\" decoding=\"async\" width=\"128\" height=\"128\" src=\"https:\/\/www.visitklagenfurt.at\/wp-content\/uploads\/2024\/07\/italy.jpg\" class=\"attachment-large size-large wp-image-66244\" alt=\"\" \/>\t\t\t\t\t\t\t\t\t\t\t\t\t\t\t<\/div>\n\t\t\t\t<\/div>\n\t\t\t\t\t<\/div>\n\t\t\t\t<\/div>\n\t\t\t\t<\/div>\n\t\t\t\t<div data-elementor-type=\"loop-item\" data-elementor-id=\"66232\" class=\"elementor elementor-66232 e-loop-item e-loop-item-76157 post-76157 post type-post status-publish format-standard has-post-thumbnail hentry category-produttori-culinari tag-austria tag-produttori\" data-elementor-post-type=\"elementor_library\" data-custom-edit-handle=\"1\">\n\t\t\t<div class=\"elementor-element elementor-element-2c7360c e-flex e-con-boxed e-con e-parent\" data-id=\"2c7360c\" data-element_type=\"container\" data-e-type=\"container\">\n\t\t\t\t\t<div class=\"e-con-inner\">\n\t\t\t\t<div class=\"elementor-element elementor-element-5022c10 elementor-widget elementor-widget-theme-post-featured-image elementor-widget-image\" data-id=\"5022c10\" data-element_type=\"widget\" data-e-type=\"widget\" data-widget_type=\"theme-post-featured-image.default\">\n\t\t\t\t<div class=\"elementor-widget-container\">\n\t\t\t\t\t\t\t\t\t\t\t\t\t\t\t\t<a href=\"https:\/\/www.visitklagenfurt.at\/it\/giornate-della-cucina-alpe-adria\/produttori-culinari\/mercato-della-carinzia-centrale\/\">\n\t\t\t\t\t\t\t<img loading=\"lazy\" decoding=\"async\" width=\"768\" height=\"512\" src=\"https:\/\/www.visitklagenfurt.at\/wp-content\/uploads\/2025\/07\/04_MMK_Kramer_300ppi_c_Elias_Jerusalem.jpg\" class=\"attachment-medium_large size-medium_large wp-image-75502\" alt=\"\" \/>\t\t\t\t\t\t\t\t<\/a>\n\t\t\t\t\t\t\t\t\t\t\t\t\t\t\t<\/div>\n\t\t\t\t<\/div>\n\t\t<div class=\"elementor-element elementor-element-4c1b20e e-con-full e-flex e-con e-child\" data-id=\"4c1b20e\" data-element_type=\"container\" data-e-type=\"container\">\n\t\t\t\t<div class=\"elementor-element elementor-element-a6614d2 elementor-widget elementor-widget-theme-post-title elementor-page-title elementor-widget-heading\" data-id=\"a6614d2\" data-element_type=\"widget\" data-e-type=\"widget\" data-widget_type=\"theme-post-title.default\">\n\t\t\t\t<div class=\"elementor-widget-container\">\n\t\t\t\t\t<p class=\"elementor-heading-title elementor-size-default\"><a href=\"https:\/\/www.visitklagenfurt.at\/it\/giornate-della-cucina-alpe-adria\/produttori-culinari\/mercato-della-carinzia-centrale\/\">Mercato Carinzia centrale<\/a><\/p>\t\t\t\t<\/div>\n\t\t\t\t<\/div>\n\t\t\t\t<\/div>\n\t\t\t\t<div class=\"elementor-element elementor-element-c7d0c19 elementor-widget elementor-widget-image\" data-id=\"c7d0c19\" data-element_type=\"widget\" data-e-type=\"widget\" data-widget_type=\"image.default\">\n\t\t\t\t<div class=\"elementor-widget-container\">\n\t\t\t\t\t\t\t\t\t\t\t\t\t\t\t<img loading=\"lazy\" decoding=\"async\" width=\"128\" height=\"128\" src=\"https:\/\/www.visitklagenfurt.at\/wp-content\/uploads\/2024\/07\/austria.jpg\" class=\"attachment-large size-large wp-image-66248\" alt=\"\" \/>\t\t\t\t\t\t\t\t\t\t\t\t\t\t\t<\/div>\n\t\t\t\t<\/div>\n\t\t\t\t\t<\/div>\n\t\t\t\t<\/div>\n\t\t\t\t<\/div>\n\t\t\t\t<div data-elementor-type=\"loop-item\" data-elementor-id=\"66232\" class=\"elementor elementor-66232 e-loop-item e-loop-item-76338 post-76338 post type-post status-publish format-standard has-post-thumbnail hentry category-produttori-culinari tag-produttori tag-slovenia\" data-elementor-post-type=\"elementor_library\" data-custom-edit-handle=\"1\">\n\t\t\t<div class=\"elementor-element elementor-element-2c7360c e-flex e-con-boxed e-con e-parent\" data-id=\"2c7360c\" data-element_type=\"container\" data-e-type=\"container\">\n\t\t\t\t\t<div class=\"e-con-inner\">\n\t\t\t\t<div class=\"elementor-element elementor-element-5022c10 elementor-widget elementor-widget-theme-post-featured-image elementor-widget-image\" data-id=\"5022c10\" data-element_type=\"widget\" data-e-type=\"widget\" data-widget_type=\"theme-post-featured-image.default\">\n\t\t\t\t<div class=\"elementor-widget-container\">\n\t\t\t\t\t\t\t\t\t\t\t\t\t\t\t\t<a href=\"https:\/\/www.visitklagenfurt.at\/it\/giornate-della-cucina-alpe-adria\/produttori-culinari\/okusi-posavje\/\">\n\t\t\t\t\t\t\t<img loading=\"lazy\" decoding=\"async\" width=\"768\" height=\"511\" src=\"https:\/\/www.visitklagenfurt.at\/wp-content\/uploads\/2021\/08\/Grobelnik-2.jpg\" class=\"attachment-medium_large size-medium_large wp-image-26427\" alt=\"\" \/>\t\t\t\t\t\t\t\t<\/a>\n\t\t\t\t\t\t\t\t\t\t\t\t\t\t\t<\/div>\n\t\t\t\t<\/div>\n\t\t<div class=\"elementor-element elementor-element-4c1b20e e-con-full e-flex e-con e-child\" data-id=\"4c1b20e\" data-element_type=\"container\" data-e-type=\"container\">\n\t\t\t\t<div class=\"elementor-element elementor-element-a6614d2 elementor-widget elementor-widget-theme-post-title elementor-page-title elementor-widget-heading\" data-id=\"a6614d2\" data-element_type=\"widget\" data-e-type=\"widget\" data-widget_type=\"theme-post-title.default\">\n\t\t\t\t<div class=\"elementor-widget-container\">\n\t\t\t\t\t<p class=\"elementor-heading-title elementor-size-default\"><a href=\"https:\/\/www.visitklagenfurt.at\/it\/giornate-della-cucina-alpe-adria\/produttori-culinari\/okusi-posavje\/\">Okusi Posavje<\/a><\/p>\t\t\t\t<\/div>\n\t\t\t\t<\/div>\n\t\t\t\t<\/div>\n\t\t\t\t<div class=\"elementor-element elementor-element-c7d0c19 elementor-widget elementor-widget-image\" data-id=\"c7d0c19\" data-element_type=\"widget\" data-e-type=\"widget\" data-widget_type=\"image.default\">\n\t\t\t\t<div class=\"elementor-widget-container\">\n\t\t\t\t\t\t\t\t\t\t\t\t\t\t\t<img decoding=\"async\" width=\"128\" height=\"128\" src=\"https:\/\/www.visitklagenfurt.at\/wp-content\/uploads\/2024\/07\/slovenia.jpg\" class=\"attachment-large size-large wp-image-66240\" alt=\"\" \/>\t\t\t\t\t\t\t\t\t\t\t\t\t\t\t<\/div>\n\t\t\t\t<\/div>\n\t\t\t\t\t<\/div>\n\t\t\t\t<\/div>\n\t\t\t\t<\/div>\n\t\t\t\t<div data-elementor-type=\"loop-item\" data-elementor-id=\"66232\" class=\"elementor elementor-66232 e-loop-item e-loop-item-76179 post-76179 post type-post status-publish format-standard has-post-thumbnail hentry category-produttori-culinari tag-produttori tag-slovenia\" data-elementor-post-type=\"elementor_library\" data-custom-edit-handle=\"1\">\n\t\t\t<div class=\"elementor-element elementor-element-2c7360c e-flex e-con-boxed e-con e-parent\" data-id=\"2c7360c\" data-element_type=\"container\" data-e-type=\"container\">\n\t\t\t\t\t<div class=\"e-con-inner\">\n\t\t\t\t<div class=\"elementor-element elementor-element-5022c10 elementor-widget elementor-widget-theme-post-featured-image elementor-widget-image\" data-id=\"5022c10\" data-element_type=\"widget\" data-e-type=\"widget\" data-widget_type=\"theme-post-featured-image.default\">\n\t\t\t\t<div class=\"elementor-widget-container\">\n\t\t\t\t\t\t\t\t\t\t\t\t\t\t\t\t<a href=\"https:\/\/www.visitklagenfurt.at\/it\/giornate-della-cucina-alpe-adria\/produttori-culinari\/park-lijak-termika-restaurant\/\">\n\t\t\t\t\t\t\t<img loading=\"lazy\" decoding=\"async\" width=\"768\" height=\"576\" src=\"https:\/\/www.visitklagenfurt.at\/wp-content\/uploads\/2025\/08\/njoki-z-rebrci-na-zaru-1.jpg\" class=\"attachment-medium_large size-medium_large wp-image-75767\" alt=\"\" \/>\t\t\t\t\t\t\t\t<\/a>\n\t\t\t\t\t\t\t\t\t\t\t\t\t\t\t<\/div>\n\t\t\t\t<\/div>\n\t\t<div class=\"elementor-element elementor-element-4c1b20e e-con-full e-flex e-con e-child\" data-id=\"4c1b20e\" data-element_type=\"container\" data-e-type=\"container\">\n\t\t\t\t<div class=\"elementor-element elementor-element-a6614d2 elementor-widget elementor-widget-theme-post-title elementor-page-title elementor-widget-heading\" data-id=\"a6614d2\" data-element_type=\"widget\" data-e-type=\"widget\" data-widget_type=\"theme-post-title.default\">\n\t\t\t\t<div class=\"elementor-widget-container\">\n\t\t\t\t\t<p class=\"elementor-heading-title elementor-size-default\"><a href=\"https:\/\/www.visitklagenfurt.at\/it\/giornate-della-cucina-alpe-adria\/produttori-culinari\/park-lijak-termika-restaurant\/\">Parco Lijak \/ Ristorante Termika<\/a><\/p>\t\t\t\t<\/div>\n\t\t\t\t<\/div>\n\t\t\t\t<\/div>\n\t\t\t\t<div class=\"elementor-element elementor-element-c7d0c19 elementor-widget elementor-widget-image\" data-id=\"c7d0c19\" data-element_type=\"widget\" data-e-type=\"widget\" data-widget_type=\"image.default\">\n\t\t\t\t<div class=\"elementor-widget-container\">\n\t\t\t\t\t\t\t\t\t\t\t\t\t\t\t<img decoding=\"async\" width=\"128\" height=\"128\" src=\"https:\/\/www.visitklagenfurt.at\/wp-content\/uploads\/2024\/07\/slovenia.jpg\" class=\"attachment-large size-large wp-image-66240\" alt=\"\" \/>\t\t\t\t\t\t\t\t\t\t\t\t\t\t\t<\/div>\n\t\t\t\t<\/div>\n\t\t\t\t\t<\/div>\n\t\t\t\t<\/div>\n\t\t\t\t<\/div>\n\t\t\t\t<div data-elementor-type=\"loop-item\" data-elementor-id=\"66232\" class=\"elementor elementor-66232 e-loop-item e-loop-item-76183 post-76183 post type-post status-publish format-standard has-post-thumbnail hentry category-produttori-culinari tag-produttori tag-slovenia\" data-elementor-post-type=\"elementor_library\" data-custom-edit-handle=\"1\">\n\t\t\t<div class=\"elementor-element elementor-element-2c7360c e-flex e-con-boxed e-con e-parent\" data-id=\"2c7360c\" data-element_type=\"container\" data-e-type=\"container\">\n\t\t\t\t\t<div class=\"e-con-inner\">\n\t\t\t\t<div class=\"elementor-element elementor-element-5022c10 elementor-widget elementor-widget-theme-post-featured-image elementor-widget-image\" data-id=\"5022c10\" data-element_type=\"widget\" data-e-type=\"widget\" data-widget_type=\"theme-post-featured-image.default\">\n\t\t\t\t<div class=\"elementor-widget-container\">\n\t\t\t\t\t\t\t\t\t\t\t\t\t\t\t\t<a href=\"https:\/\/www.visitklagenfurt.at\/it\/giornate-della-cucina-alpe-adria\/produttori-culinari\/radolska-cokolada\/\">\n\t\t\t\t\t\t\t<img loading=\"lazy\" decoding=\"async\" width=\"768\" height=\"513\" src=\"https:\/\/www.visitklagenfurt.at\/wp-content\/uploads\/2025\/08\/026Radolska_cokolada_prostor_foto_Mankica_Kranjec.jpg\" class=\"attachment-medium_large size-medium_large wp-image-75786\" alt=\"\" \/>\t\t\t\t\t\t\t\t<\/a>\n\t\t\t\t\t\t\t\t\t\t\t\t\t\t\t<\/div>\n\t\t\t\t<\/div>\n\t\t<div class=\"elementor-element elementor-element-4c1b20e e-con-full e-flex e-con e-child\" data-id=\"4c1b20e\" data-element_type=\"container\" data-e-type=\"container\">\n\t\t\t\t<div class=\"elementor-element elementor-element-a6614d2 elementor-widget elementor-widget-theme-post-title elementor-page-title elementor-widget-heading\" data-id=\"a6614d2\" data-element_type=\"widget\" data-e-type=\"widget\" data-widget_type=\"theme-post-title.default\">\n\t\t\t\t<div class=\"elementor-widget-container\">\n\t\t\t\t\t<p class=\"elementor-heading-title elementor-size-default\"><a href=\"https:\/\/www.visitklagenfurt.at\/it\/giornate-della-cucina-alpe-adria\/produttori-culinari\/radolska-cokolada\/\">Radol\u0161ka \u010cokolada<\/a><\/p>\t\t\t\t<\/div>\n\t\t\t\t<\/div>\n\t\t\t\t<\/div>\n\t\t\t\t<div class=\"elementor-element elementor-element-c7d0c19 elementor-widget elementor-widget-image\" data-id=\"c7d0c19\" data-element_type=\"widget\" data-e-type=\"widget\" data-widget_type=\"image.default\">\n\t\t\t\t<div class=\"elementor-widget-container\">\n\t\t\t\t\t\t\t\t\t\t\t\t\t\t\t<img decoding=\"async\" width=\"128\" height=\"128\" src=\"https:\/\/www.visitklagenfurt.at\/wp-content\/uploads\/2024\/07\/slovenia.jpg\" class=\"attachment-large size-large wp-image-66240\" alt=\"\" \/>\t\t\t\t\t\t\t\t\t\t\t\t\t\t\t<\/div>\n\t\t\t\t<\/div>\n\t\t\t\t\t<\/div>\n\t\t\t\t<\/div>\n\t\t\t\t<\/div>\n\t\t\t\t<div data-elementor-type=\"loop-item\" data-elementor-id=\"66232\" class=\"elementor elementor-66232 e-loop-item e-loop-item-76316 post-76316 post type-post status-publish format-standard has-post-thumbnail hentry category-produttori-culinari tag-austria tag-produttori\" data-elementor-post-type=\"elementor_library\" data-custom-edit-handle=\"1\">\n\t\t\t<div class=\"elementor-element elementor-element-2c7360c e-flex e-con-boxed e-con e-parent\" data-id=\"2c7360c\" data-element_type=\"container\" data-e-type=\"container\">\n\t\t\t\t\t<div class=\"e-con-inner\">\n\t\t\t\t<div class=\"elementor-element elementor-element-5022c10 elementor-widget elementor-widget-theme-post-featured-image elementor-widget-image\" data-id=\"5022c10\" data-element_type=\"widget\" data-e-type=\"widget\" data-widget_type=\"theme-post-featured-image.default\">\n\t\t\t\t<div class=\"elementor-widget-container\">\n\t\t\t\t\t\t\t\t\t\t\t\t\t\t\t\t<a href=\"https:\/\/www.visitklagenfurt.at\/it\/giornate-della-cucina-alpe-adria\/produttori-culinari\/salanda\/\">\n\t\t\t\t\t\t\t<img loading=\"lazy\" decoding=\"async\" width=\"768\" height=\"512\" src=\"https:\/\/www.visitklagenfurt.at\/wp-content\/uploads\/2024\/08\/Christoph-Salanda-Portrait-mit-Schnecke-2019-09-10_028_Tinefoto.jpg\" class=\"attachment-medium_large size-medium_large wp-image-68990\" alt=\"\" \/>\t\t\t\t\t\t\t\t<\/a>\n\t\t\t\t\t\t\t\t\t\t\t\t\t\t\t<\/div>\n\t\t\t\t<\/div>\n\t\t<div class=\"elementor-element elementor-element-4c1b20e e-con-full e-flex e-con e-child\" data-id=\"4c1b20e\" data-element_type=\"container\" data-e-type=\"container\">\n\t\t\t\t<div class=\"elementor-element elementor-element-a6614d2 elementor-widget elementor-widget-theme-post-title elementor-page-title elementor-widget-heading\" data-id=\"a6614d2\" data-element_type=\"widget\" data-e-type=\"widget\" data-widget_type=\"theme-post-title.default\">\n\t\t\t\t<div class=\"elementor-widget-container\">\n\t\t\t\t\t<p class=\"elementor-heading-title elementor-size-default\"><a href=\"https:\/\/www.visitklagenfurt.at\/it\/giornate-della-cucina-alpe-adria\/produttori-culinari\/salanda\/\">Salanda<\/a><\/p>\t\t\t\t<\/div>\n\t\t\t\t<\/div>\n\t\t\t\t<\/div>\n\t\t\t\t<div class=\"elementor-element elementor-element-c7d0c19 elementor-widget elementor-widget-image\" data-id=\"c7d0c19\" data-element_type=\"widget\" data-e-type=\"widget\" data-widget_type=\"image.default\">\n\t\t\t\t<div class=\"elementor-widget-container\">\n\t\t\t\t\t\t\t\t\t\t\t\t\t\t\t<img loading=\"lazy\" decoding=\"async\" width=\"128\" height=\"128\" src=\"https:\/\/www.visitklagenfurt.at\/wp-content\/uploads\/2024\/07\/austria.jpg\" class=\"attachment-large size-large wp-image-66248\" alt=\"\" \/>\t\t\t\t\t\t\t\t\t\t\t\t\t\t\t<\/div>\n\t\t\t\t<\/div>\n\t\t\t\t\t<\/div>\n\t\t\t\t<\/div>\n\t\t\t\t<\/div>\n\t\t\t\t<div data-elementor-type=\"loop-item\" data-elementor-id=\"66232\" class=\"elementor elementor-66232 e-loop-item e-loop-item-80123 post-80123 post type-post status-publish format-standard has-post-thumbnail hentry category-produttori-culinari tag-italia tag-produttori\" data-elementor-post-type=\"elementor_library\" data-custom-edit-handle=\"1\">\n\t\t\t<div class=\"elementor-element elementor-element-2c7360c e-flex e-con-boxed e-con e-parent\" data-id=\"2c7360c\" data-element_type=\"container\" data-e-type=\"container\">\n\t\t\t\t\t<div class=\"e-con-inner\">\n\t\t\t\t<div class=\"elementor-element elementor-element-5022c10 elementor-widget elementor-widget-theme-post-featured-image elementor-widget-image\" data-id=\"5022c10\" data-element_type=\"widget\" data-e-type=\"widget\" data-widget_type=\"theme-post-featured-image.default\">\n\t\t\t\t<div class=\"elementor-widget-container\">\n\t\t\t\t\t\t\t\t\t\t\t\t\t\t\t\t<a href=\"https:\/\/www.visitklagenfurt.at\/it\/giornate-della-cucina-alpe-adria\/produttori-culinari\/sapori-nelle-valli\/\">\n\t\t\t\t\t\t\t<img loading=\"lazy\" decoding=\"async\" width=\"768\" height=\"614\" src=\"https:\/\/www.visitklagenfurt.at\/wp-content\/uploads\/2026\/07\/Gubana_dorbolo_sapori_nelle_valli.jpg\" class=\"attachment-medium_large size-medium_large wp-image-79659\" alt=\"\" \/>\t\t\t\t\t\t\t\t<\/a>\n\t\t\t\t\t\t\t\t\t\t\t\t\t\t\t<\/div>\n\t\t\t\t<\/div>\n\t\t<div class=\"elementor-element elementor-element-4c1b20e e-con-full e-flex e-con e-child\" data-id=\"4c1b20e\" data-element_type=\"container\" data-e-type=\"container\">\n\t\t\t\t<div class=\"elementor-element elementor-element-a6614d2 elementor-widget elementor-widget-theme-post-title elementor-page-title elementor-widget-heading\" data-id=\"a6614d2\" data-element_type=\"widget\" data-e-type=\"widget\" data-widget_type=\"theme-post-title.default\">\n\t\t\t\t<div class=\"elementor-widget-container\">\n\t\t\t\t\t<p class=\"elementor-heading-title elementor-size-default\"><a href=\"https:\/\/www.visitklagenfurt.at\/it\/giornate-della-cucina-alpe-adria\/produttori-culinari\/sapori-nelle-valli\/\">Sapori nelle Valli<\/a><\/p>\t\t\t\t<\/div>\n\t\t\t\t<\/div>\n\t\t\t\t<\/div>\n\t\t\t\t<div class=\"elementor-element elementor-element-c7d0c19 elementor-widget elementor-widget-image\" data-id=\"c7d0c19\" data-element_type=\"widget\" data-e-type=\"widget\" data-widget_type=\"image.default\">\n\t\t\t\t<div class=\"elementor-widget-container\">\n\t\t\t\t\t\t\t\t\t\t\t\t\t\t\t<img loading=\"lazy\" decoding=\"async\" width=\"128\" height=\"128\" src=\"https:\/\/www.visitklagenfurt.at\/wp-content\/uploads\/2024\/07\/italy.jpg\" class=\"attachment-large size-large wp-image-66244\" alt=\"\" \/>\t\t\t\t\t\t\t\t\t\t\t\t\t\t\t<\/div>\n\t\t\t\t<\/div>\n\t\t\t\t\t<\/div>\n\t\t\t\t<\/div>\n\t\t\t\t<\/div>\n\t\t\t\t<div data-elementor-type=\"loop-item\" data-elementor-id=\"66232\" class=\"elementor elementor-66232 e-loop-item e-loop-item-76299 post-76299 post type-post status-publish format-standard has-post-thumbnail hentry category-produttori-culinari tag-austria tag-produttori\" data-elementor-post-type=\"elementor_library\" data-custom-edit-handle=\"1\">\n\t\t\t<div class=\"elementor-element elementor-element-2c7360c e-flex e-con-boxed e-con e-parent\" data-id=\"2c7360c\" data-element_type=\"container\" data-e-type=\"container\">\n\t\t\t\t\t<div class=\"e-con-inner\">\n\t\t\t\t<div class=\"elementor-element elementor-element-5022c10 elementor-widget elementor-widget-theme-post-featured-image elementor-widget-image\" data-id=\"5022c10\" data-element_type=\"widget\" data-e-type=\"widget\" data-widget_type=\"theme-post-featured-image.default\">\n\t\t\t\t<div class=\"elementor-widget-container\">\n\t\t\t\t\t\t\t\t\t\t\t\t\t\t\t\t<a href=\"https:\/\/www.visitklagenfurt.at\/it\/giornate-della-cucina-alpe-adria\/produttori-culinari\/shoafbauer\/\">\n\t\t\t\t\t\t\t<img loading=\"lazy\" decoding=\"async\" width=\"768\" height=\"512\" src=\"https:\/\/www.visitklagenfurt.at\/wp-content\/uploads\/2024\/08\/DSC4394.jpg\" class=\"attachment-medium_large size-medium_large wp-image-75658\" alt=\"\" \/>\t\t\t\t\t\t\t\t<\/a>\n\t\t\t\t\t\t\t\t\t\t\t\t\t\t\t<\/div>\n\t\t\t\t<\/div>\n\t\t<div class=\"elementor-element elementor-element-4c1b20e e-con-full e-flex e-con e-child\" data-id=\"4c1b20e\" data-element_type=\"container\" data-e-type=\"container\">\n\t\t\t\t<div class=\"elementor-element elementor-element-a6614d2 elementor-widget elementor-widget-theme-post-title elementor-page-title elementor-widget-heading\" data-id=\"a6614d2\" data-element_type=\"widget\" data-e-type=\"widget\" data-widget_type=\"theme-post-title.default\">\n\t\t\t\t<div class=\"elementor-widget-container\">\n\t\t\t\t\t<p class=\"elementor-heading-title elementor-size-default\"><a href=\"https:\/\/www.visitklagenfurt.at\/it\/giornate-della-cucina-alpe-adria\/produttori-culinari\/shoafbauer\/\">Shoafbauer &amp; Freddy il Macellaio<\/a><\/p>\t\t\t\t<\/div>\n\t\t\t\t<\/div>\n\t\t\t\t<\/div>\n\t\t\t\t<div class=\"elementor-element elementor-element-c7d0c19 elementor-widget elementor-widget-image\" data-id=\"c7d0c19\" data-element_type=\"widget\" data-e-type=\"widget\" data-widget_type=\"image.default\">\n\t\t\t\t<div class=\"elementor-widget-container\">\n\t\t\t\t\t\t\t\t\t\t\t\t\t\t\t<img loading=\"lazy\" decoding=\"async\" width=\"128\" height=\"128\" src=\"https:\/\/www.visitklagenfurt.at\/wp-content\/uploads\/2024\/07\/austria.jpg\" class=\"attachment-large size-large wp-image-66248\" alt=\"\" \/>\t\t\t\t\t\t\t\t\t\t\t\t\t\t\t<\/div>\n\t\t\t\t<\/div>\n\t\t\t\t\t<\/div>\n\t\t\t\t<\/div>\n\t\t\t\t<\/div>\n\t\t\t\t<div data-elementor-type=\"loop-item\" data-elementor-id=\"66232\" class=\"elementor elementor-66232 e-loop-item e-loop-item-76169 post-76169 post type-post status-publish format-standard has-post-thumbnail hentry category-produttori-culinari tag-italia tag-produttori\" data-elementor-post-type=\"elementor_library\" data-custom-edit-handle=\"1\">\n\t\t\t<div class=\"elementor-element elementor-element-2c7360c e-flex e-con-boxed e-con e-parent\" data-id=\"2c7360c\" data-element_type=\"container\" data-e-type=\"container\">\n\t\t\t\t\t<div class=\"e-con-inner\">\n\t\t\t\t<div class=\"elementor-element elementor-element-5022c10 elementor-widget elementor-widget-theme-post-featured-image elementor-widget-image\" data-id=\"5022c10\" data-element_type=\"widget\" data-e-type=\"widget\" data-widget_type=\"theme-post-featured-image.default\">\n\t\t\t\t<div class=\"elementor-widget-container\">\n\t\t\t\t\t\t\t\t\t\t\t\t\t\t\t\t<a href=\"https:\/\/www.visitklagenfurt.at\/it\/giornate-della-cucina-alpe-adria\/produttori-culinari\/knez-spirits\/\">\n\t\t\t\t\t\t\t<img loading=\"lazy\" decoding=\"async\" width=\"768\" height=\"512\" src=\"https:\/\/www.visitklagenfurt.at\/wp-content\/uploads\/2025\/08\/01.jpg\" class=\"attachment-medium_large size-medium_large wp-image-75668\" alt=\"\" \/>\t\t\t\t\t\t\t\t<\/a>\n\t\t\t\t\t\t\t\t\t\t\t\t\t\t\t<\/div>\n\t\t\t\t<\/div>\n\t\t<div class=\"elementor-element elementor-element-4c1b20e e-con-full e-flex e-con e-child\" data-id=\"4c1b20e\" data-element_type=\"container\" data-e-type=\"container\">\n\t\t\t\t<div class=\"elementor-element elementor-element-a6614d2 elementor-widget elementor-widget-theme-post-title elementor-page-title elementor-widget-heading\" data-id=\"a6614d2\" data-element_type=\"widget\" data-e-type=\"widget\" data-widget_type=\"theme-post-title.default\">\n\t\t\t\t<div class=\"elementor-widget-container\">\n\t\t\t\t\t<p class=\"elementor-heading-title elementor-size-default\"><a href=\"https:\/\/www.visitklagenfurt.at\/it\/giornate-della-cucina-alpe-adria\/produttori-culinari\/knez-spirits\/\">Spiriti Knez<\/a><\/p>\t\t\t\t<\/div>\n\t\t\t\t<\/div>\n\t\t\t\t<\/div>\n\t\t\t\t<div class=\"elementor-element elementor-element-c7d0c19 elementor-widget elementor-widget-image\" data-id=\"c7d0c19\" data-element_type=\"widget\" data-e-type=\"widget\" data-widget_type=\"image.default\">\n\t\t\t\t<div class=\"elementor-widget-container\">\n\t\t\t\t\t\t\t\t\t\t\t\t\t\t\t<img loading=\"lazy\" decoding=\"async\" width=\"128\" height=\"128\" src=\"https:\/\/www.visitklagenfurt.at\/wp-content\/uploads\/2024\/07\/italy.jpg\" class=\"attachment-large size-large wp-image-66244\" alt=\"\" \/>\t\t\t\t\t\t\t\t\t\t\t\t\t\t\t<\/div>\n\t\t\t\t<\/div>\n\t\t\t\t\t<\/div>\n\t\t\t\t<\/div>\n\t\t\t\t<\/div>\n\t\t\t\t<div data-elementor-type=\"loop-item\" data-elementor-id=\"66232\" class=\"elementor elementor-66232 e-loop-item e-loop-item-76304 post-76304 post type-post status-publish format-standard has-post-thumbnail hentry category-produttori-culinari tag-austria tag-produttori\" data-elementor-post-type=\"elementor_library\" data-custom-edit-handle=\"1\">\n\t\t\t<div class=\"elementor-element elementor-element-2c7360c e-flex e-con-boxed e-con e-parent\" data-id=\"2c7360c\" data-element_type=\"container\" data-e-type=\"container\">\n\t\t\t\t\t<div class=\"e-con-inner\">\n\t\t\t\t<div class=\"elementor-element elementor-element-5022c10 elementor-widget elementor-widget-theme-post-featured-image elementor-widget-image\" data-id=\"5022c10\" data-element_type=\"widget\" data-e-type=\"widget\" data-widget_type=\"theme-post-featured-image.default\">\n\t\t\t\t<div class=\"elementor-widget-container\">\n\t\t\t\t\t\t\t\t\t\t\t\t\t\t\t\t<a href=\"https:\/\/www.visitklagenfurt.at\/it\/giornate-della-cucina-alpe-adria\/produttori-culinari\/suwine-genius-tartufi\/\">\n\t\t\t\t\t\t\t<img loading=\"lazy\" decoding=\"async\" width=\"768\" height=\"477\" src=\"https:\/\/www.visitklagenfurt.at\/wp-content\/uploads\/2024\/08\/IMG_0784.jpg\" class=\"attachment-medium_large size-medium_large wp-image-76822\" alt=\"\" \/>\t\t\t\t\t\t\t\t<\/a>\n\t\t\t\t\t\t\t\t\t\t\t\t\t\t\t<\/div>\n\t\t\t\t<\/div>\n\t\t<div class=\"elementor-element elementor-element-4c1b20e e-con-full e-flex e-con e-child\" data-id=\"4c1b20e\" data-element_type=\"container\" data-e-type=\"container\">\n\t\t\t\t<div class=\"elementor-element elementor-element-a6614d2 elementor-widget elementor-widget-theme-post-title elementor-page-title elementor-widget-heading\" data-id=\"a6614d2\" data-element_type=\"widget\" data-e-type=\"widget\" data-widget_type=\"theme-post-title.default\">\n\t\t\t\t<div class=\"elementor-widget-container\">\n\t\t\t\t\t<p class=\"elementor-heading-title elementor-size-default\"><a href=\"https:\/\/www.visitklagenfurt.at\/it\/giornate-della-cucina-alpe-adria\/produttori-culinari\/suwine-genius-tartufi\/\">Suwine Genio Tartufi<\/a><\/p>\t\t\t\t<\/div>\n\t\t\t\t<\/div>\n\t\t\t\t<\/div>\n\t\t\t\t<div class=\"elementor-element elementor-element-c7d0c19 elementor-widget elementor-widget-image\" data-id=\"c7d0c19\" data-element_type=\"widget\" data-e-type=\"widget\" data-widget_type=\"image.default\">\n\t\t\t\t<div class=\"elementor-widget-container\">\n\t\t\t\t\t\t\t\t\t\t\t\t\t\t\t<img loading=\"lazy\" decoding=\"async\" width=\"128\" height=\"128\" src=\"https:\/\/www.visitklagenfurt.at\/wp-content\/uploads\/2024\/07\/austria.jpg\" class=\"attachment-large size-large wp-image-66248\" alt=\"\" \/>\t\t\t\t\t\t\t\t\t\t\t\t\t\t\t<\/div>\n\t\t\t\t<\/div>\n\t\t\t\t\t<\/div>\n\t\t\t\t<\/div>\n\t\t\t\t<\/div>\n\t\t\t\t<div data-elementor-type=\"loop-item\" data-elementor-id=\"66232\" class=\"elementor elementor-66232 e-loop-item e-loop-item-76344 post-76344 post type-post status-publish format-standard has-post-thumbnail hentry category-produttori-culinari tag-produttori tag-slovenia\" data-elementor-post-type=\"elementor_library\" data-custom-edit-handle=\"1\">\n\t\t\t<div class=\"elementor-element elementor-element-2c7360c e-flex e-con-boxed e-con e-parent\" data-id=\"2c7360c\" data-element_type=\"container\" data-e-type=\"container\">\n\t\t\t\t\t<div class=\"e-con-inner\">\n\t\t\t\t<div class=\"elementor-element elementor-element-5022c10 elementor-widget elementor-widget-theme-post-featured-image elementor-widget-image\" data-id=\"5022c10\" data-element_type=\"widget\" data-e-type=\"widget\" data-widget_type=\"theme-post-featured-image.default\">\n\t\t\t\t<div class=\"elementor-widget-container\">\n\t\t\t\t\t\t\t\t\t\t\t\t\t\t\t\t<a href=\"https:\/\/www.visitklagenfurt.at\/it\/giornate-della-cucina-alpe-adria\/produttori-culinari\/tarangela-hisa-slascic\/\">\n\t\t\t\t\t\t\t<img loading=\"lazy\" decoding=\"async\" width=\"768\" height=\"513\" src=\"https:\/\/www.visitklagenfurt.at\/wp-content\/uploads\/2021\/08\/Cremeschnitte-c-Tarangela.jpg\" class=\"attachment-medium_large size-medium_large wp-image-26403\" alt=\"\" \/>\t\t\t\t\t\t\t\t<\/a>\n\t\t\t\t\t\t\t\t\t\t\t\t\t\t\t<\/div>\n\t\t\t\t<\/div>\n\t\t<div class=\"elementor-element elementor-element-4c1b20e e-con-full e-flex e-con e-child\" data-id=\"4c1b20e\" data-element_type=\"container\" data-e-type=\"container\">\n\t\t\t\t<div class=\"elementor-element elementor-element-a6614d2 elementor-widget elementor-widget-theme-post-title elementor-page-title elementor-widget-heading\" data-id=\"a6614d2\" data-element_type=\"widget\" data-e-type=\"widget\" data-widget_type=\"theme-post-title.default\">\n\t\t\t\t<div class=\"elementor-widget-container\">\n\t\t\t\t\t<p class=\"elementor-heading-title elementor-size-default\"><a href=\"https:\/\/www.visitklagenfurt.at\/it\/giornate-della-cucina-alpe-adria\/produttori-culinari\/tarangela-hisa-slascic\/\">Tarangela Hi\u0161a Sla\u0161\u010dic<\/a><\/p>\t\t\t\t<\/div>\n\t\t\t\t<\/div>\n\t\t\t\t<\/div>\n\t\t\t\t<div class=\"elementor-element elementor-element-c7d0c19 elementor-widget elementor-widget-image\" data-id=\"c7d0c19\" data-element_type=\"widget\" data-e-type=\"widget\" data-widget_type=\"image.default\">\n\t\t\t\t<div class=\"elementor-widget-container\">\n\t\t\t\t\t\t\t\t\t\t\t\t\t\t\t<img decoding=\"async\" width=\"128\" height=\"128\" src=\"https:\/\/www.visitklagenfurt.at\/wp-content\/uploads\/2024\/07\/slovenia.jpg\" class=\"attachment-large size-large wp-image-66240\" alt=\"\" \/>\t\t\t\t\t\t\t\t\t\t\t\t\t\t\t<\/div>\n\t\t\t\t<\/div>\n\t\t\t\t\t<\/div>\n\t\t\t\t<\/div>\n\t\t\t\t<\/div>\n\t\t\t\t<div data-elementor-type=\"loop-item\" data-elementor-id=\"66232\" class=\"elementor elementor-66232 e-loop-item e-loop-item-76335 post-76335 post type-post status-publish format-standard has-post-thumbnail hentry category-produttori-culinari tag-italia tag-produttori\" data-elementor-post-type=\"elementor_library\" data-custom-edit-handle=\"1\">\n\t\t\t<div class=\"elementor-element elementor-element-2c7360c e-flex e-con-boxed e-con e-parent\" data-id=\"2c7360c\" data-element_type=\"container\" data-e-type=\"container\">\n\t\t\t\t\t<div class=\"e-con-inner\">\n\t\t\t\t<div class=\"elementor-element elementor-element-5022c10 elementor-widget elementor-widget-theme-post-featured-image elementor-widget-image\" data-id=\"5022c10\" data-element_type=\"widget\" data-e-type=\"widget\" data-widget_type=\"theme-post-featured-image.default\">\n\t\t\t\t<div class=\"elementor-widget-container\">\n\t\t\t\t\t\t\t\t\t\t\t\t\t\t\t\t<a href=\"https:\/\/www.visitklagenfurt.at\/it\/giornate-della-cucina-alpe-adria\/produttori-culinari\/tonutti\/\">\n\t\t\t\t\t\t\t<img loading=\"lazy\" decoding=\"async\" width=\"768\" height=\"512\" src=\"https:\/\/www.visitklagenfurt.at\/wp-content\/uploads\/2024\/08\/Tonutti_Ph_Gianpaolo_Scognamiglio_GPS_1263.jpg\" class=\"attachment-medium_large size-medium_large wp-image-69145\" alt=\"\" \/>\t\t\t\t\t\t\t\t<\/a>\n\t\t\t\t\t\t\t\t\t\t\t\t\t\t\t<\/div>\n\t\t\t\t<\/div>\n\t\t<div class=\"elementor-element elementor-element-4c1b20e e-con-full e-flex e-con e-child\" data-id=\"4c1b20e\" data-element_type=\"container\" data-e-type=\"container\">\n\t\t\t\t<div class=\"elementor-element elementor-element-a6614d2 elementor-widget elementor-widget-theme-post-title elementor-page-title elementor-widget-heading\" data-id=\"a6614d2\" data-element_type=\"widget\" data-e-type=\"widget\" data-widget_type=\"theme-post-title.default\">\n\t\t\t\t<div class=\"elementor-widget-container\">\n\t\t\t\t\t<p class=\"elementor-heading-title elementor-size-default\"><a href=\"https:\/\/www.visitklagenfurt.at\/it\/giornate-della-cucina-alpe-adria\/produttori-culinari\/tonutti\/\">Tonutti<\/a><\/p>\t\t\t\t<\/div>\n\t\t\t\t<\/div>\n\t\t\t\t<\/div>\n\t\t\t\t<div class=\"elementor-element elementor-element-c7d0c19 elementor-widget elementor-widget-image\" data-id=\"c7d0c19\" data-element_type=\"widget\" data-e-type=\"widget\" data-widget_type=\"image.default\">\n\t\t\t\t<div class=\"elementor-widget-container\">\n\t\t\t\t\t\t\t\t\t\t\t\t\t\t\t<img loading=\"lazy\" decoding=\"async\" width=\"128\" height=\"128\" src=\"https:\/\/www.visitklagenfurt.at\/wp-content\/uploads\/2024\/07\/italy.jpg\" class=\"attachment-large size-large wp-image-66244\" alt=\"\" \/>\t\t\t\t\t\t\t\t\t\t\t\t\t\t\t<\/div>\n\t\t\t\t<\/div>\n\t\t\t\t\t<\/div>\n\t\t\t\t<\/div>\n\t\t\t\t<\/div>\n\t\t\t\t<div data-elementor-type=\"loop-item\" data-elementor-id=\"66232\" class=\"elementor elementor-66232 e-loop-item e-loop-item-76288 post-76288 post type-post status-publish format-standard has-post-thumbnail hentry category-produttori-culinari tag-austria tag-produttori\" data-elementor-post-type=\"elementor_library\" data-custom-edit-handle=\"1\">\n\t\t\t<div class=\"elementor-element elementor-element-2c7360c e-flex e-con-boxed e-con e-parent\" data-id=\"2c7360c\" data-element_type=\"container\" data-e-type=\"container\">\n\t\t\t\t\t<div class=\"e-con-inner\">\n\t\t\t\t<div class=\"elementor-element elementor-element-5022c10 elementor-widget elementor-widget-theme-post-featured-image elementor-widget-image\" data-id=\"5022c10\" data-element_type=\"widget\" data-e-type=\"widget\" data-widget_type=\"theme-post-featured-image.default\">\n\t\t\t\t<div class=\"elementor-widget-container\">\n\t\t\t\t\t\t\t\t\t\t\t\t\t\t\t\t<a href=\"https:\/\/www.visitklagenfurt.at\/it\/giornate-della-cucina-alpe-adria\/produttori-culinari\/viticoltura-biologica-waltl\/\">\n\t\t\t\t\t\t\t<img loading=\"lazy\" decoding=\"async\" width=\"768\" height=\"515\" src=\"https:\/\/www.visitklagenfurt.at\/wp-content\/uploads\/2021\/10\/KPH_0458.jpg\" class=\"attachment-medium_large size-medium_large wp-image-29922\" alt=\"\" \/>\t\t\t\t\t\t\t\t<\/a>\n\t\t\t\t\t\t\t\t\t\t\t\t\t\t\t<\/div>\n\t\t\t\t<\/div>\n\t\t<div class=\"elementor-element elementor-element-4c1b20e e-con-full e-flex e-con e-child\" data-id=\"4c1b20e\" data-element_type=\"container\" data-e-type=\"container\">\n\t\t\t\t<div class=\"elementor-element elementor-element-a6614d2 elementor-widget elementor-widget-theme-post-title elementor-page-title elementor-widget-heading\" data-id=\"a6614d2\" data-element_type=\"widget\" data-e-type=\"widget\" data-widget_type=\"theme-post-title.default\">\n\t\t\t\t<div class=\"elementor-widget-container\">\n\t\t\t\t\t<p class=\"elementor-heading-title elementor-size-default\"><a href=\"https:\/\/www.visitklagenfurt.at\/it\/giornate-della-cucina-alpe-adria\/produttori-culinari\/viticoltura-biologica-waltl\/\">Viticoltura biologica Waltl<\/a><\/p>\t\t\t\t<\/div>\n\t\t\t\t<\/div>\n\t\t\t\t<\/div>\n\t\t\t\t<div class=\"elementor-element elementor-element-c7d0c19 elementor-widget elementor-widget-image\" data-id=\"c7d0c19\" data-element_type=\"widget\" data-e-type=\"widget\" data-widget_type=\"image.default\">\n\t\t\t\t<div class=\"elementor-widget-container\">\n\t\t\t\t\t\t\t\t\t\t\t\t\t\t\t<img loading=\"lazy\" decoding=\"async\" width=\"128\" height=\"128\" src=\"https:\/\/www.visitklagenfurt.at\/wp-content\/uploads\/2024\/07\/austria.jpg\" class=\"attachment-large size-large wp-image-66248\" alt=\"\" \/>\t\t\t\t\t\t\t\t\t\t\t\t\t\t\t<\/div>\n\t\t\t\t<\/div>\n\t\t\t\t\t<\/div>\n\t\t\t\t<\/div>\n\t\t\t\t<\/div>\n\t\t\t\t<\/div>\n\t\t\n\t\t\t\t\t\t<\/div>\n\t\t\t\t<\/div>\n\t\t\t\t\t<\/div>\n\t\t\t\t<\/div>\n\t\t\t\t<\/div>\n\t\t","protected":false},"excerpt":{"rendered":"<p>Percorso gastronomico delle Alpi e dell&#8217;Adriatico Ingresso gratuitoDate: dal 17 al 19 settembre 2026, dalle ore 10.00 alle ore 19.00 Il momento clou finale sar\u00e0 la \u201cAlpen-Adria Genussmeile\u201d nel centro storico di Klagenfurt am W\u00f6rthersee. Qui, dal 17 al 19 settembre, tra l\u2019Ossiacher Hof, l\u2019Alter Platz e il Neuer Platz, sar\u00e0 possibile degustare prelibatezze regionali. [&hellip;]<\/p>\n","protected":false},"author":2,"featured_media":79791,"parent":0,"menu_order":0,"comment_status":"closed","ping_status":"closed","template":"elementor_header_footer","meta":{"footnotes":""},"categories":[],"tags":[],"seitentyp":[],"class_list":["post-68554","page","type-page","status-publish","has-post-thumbnail","hentry"],"yoast_head":"<!-- This site is optimized with the Yoast SEO plugin v28.4 - https:\/\/yoast.com\/product\/yoast-seo-wordpress\/ -->\n<title>Percorso gastronomico delle Alpi-Adriatico: Tutti i produttori | visitklagenfurt<\/title>\n<meta name=\"description\" content=\"L&#039;evento clou delle Giornate della cucina alpino-adriatica: il percorso gastronomico nel centro di Klagenfurt. Scopri tutti i produttori provenienti da Austria, Italia e Slovenia.\" \/>\n<meta name=\"robots\" content=\"index, follow, max-snippet:-1, max-image-preview:large, max-video-preview:-1\" \/>\n<link rel=\"canonical\" href=\"https:\/\/www.visitklagenfurt.at\/it\/percorso-gastronomico-delle-alpi-e-delladriatico\/\" \/>\n<meta property=\"og:locale\" content=\"it_IT\" \/>\n<meta property=\"og:type\" content=\"article\" \/>\n<meta property=\"og:title\" content=\"Percorso gastronomico delle Alpi-Adriatico: Tutti i produttori | visitklagenfurt\" \/>\n<meta property=\"og:description\" content=\"L&#039;evento clou delle Giornate della cucina alpino-adriatica: il percorso gastronomico nel centro di Klagenfurt. Scopri tutti i produttori provenienti da Austria, Italia e Slovenia.\" \/>\n<meta property=\"og:url\" content=\"https:\/\/www.visitklagenfurt.at\/it\/percorso-gastronomico-delle-alpi-e-delladriatico\/\" \/>\n<meta property=\"og:site_name\" content=\"visitklagenfurt\" \/>\n<meta property=\"article:modified_time\" content=\"2026-08-12T12:16:02+00:00\" \/>\n<meta property=\"og:image\" content=\"https:\/\/www.visitklagenfurt.at\/wp-content\/uploads\/2026\/07\/Tage-Der-Alpen-Adria-Kueche-2022-_-Genussmeile-Kaernten-OeSterreich-Header-2.jpg\" \/>\n\t<meta property=\"og:image:width\" content=\"1350\" \/>\n\t<meta property=\"og:image:height\" content=\"618\" \/>\n\t<meta property=\"og:image:type\" content=\"image\/jpeg\" \/>\n<meta name=\"twitter:card\" content=\"summary_large_image\" \/>\n<meta name=\"twitter:label1\" content=\"Tempo di lettura stimato\" \/>\n\t<meta name=\"twitter:data1\" content=\"1 minuto\" \/>\n<script type=\"application\/ld+json\" class=\"yoast-schema-graph\">{\"@context\":\"https:\\\/\\\/schema.org\",\"@graph\":[{\"@type\":\"WebPage\",\"@id\":\"https:\\\/\\\/www.visitklagenfurt.at\\\/it\\\/percorso-gastronomico-delle-alpi-e-delladriatico\\\/\",\"url\":\"https:\\\/\\\/www.visitklagenfurt.at\\\/it\\\/percorso-gastronomico-delle-alpi-e-delladriatico\\\/\",\"name\":\"Percorso gastronomico delle Alpi-Adriatico: Tutti i produttori | visitklagenfurt\",\"isPartOf\":{\"@id\":\"https:\\\/\\\/www.visitklagenfurt.at\\\/it\\\/#website\"},\"primaryImageOfPage\":{\"@id\":\"https:\\\/\\\/www.visitklagenfurt.at\\\/it\\\/percorso-gastronomico-delle-alpi-e-delladriatico\\\/#primaryimage\"},\"image\":{\"@id\":\"https:\\\/\\\/www.visitklagenfurt.at\\\/it\\\/percorso-gastronomico-delle-alpi-e-delladriatico\\\/#primaryimage\"},\"thumbnailUrl\":\"https:\\\/\\\/www.visitklagenfurt.at\\\/wp-content\\\/uploads\\\/2026\\\/07\\\/Tage-Der-Alpen-Adria-Kueche-2022-_-Genussmeile-Kaernten-OeSterreich-Header-2.jpg\",\"datePublished\":\"2024-08-19T13:38:49+00:00\",\"dateModified\":\"2026-08-12T12:16:02+00:00\",\"description\":\"L'evento clou delle Giornate della cucina alpino-adriatica: il percorso gastronomico nel centro di Klagenfurt. Scopri tutti i produttori provenienti da Austria, Italia e Slovenia.\",\"breadcrumb\":{\"@id\":\"https:\\\/\\\/www.visitklagenfurt.at\\\/it\\\/percorso-gastronomico-delle-alpi-e-delladriatico\\\/#breadcrumb\"},\"inLanguage\":\"it-IT\",\"potentialAction\":[{\"@type\":\"ReadAction\",\"target\":[\"https:\\\/\\\/www.visitklagenfurt.at\\\/it\\\/percorso-gastronomico-delle-alpi-e-delladriatico\\\/\"]}]},{\"@type\":\"ImageObject\",\"inLanguage\":\"it-IT\",\"@id\":\"https:\\\/\\\/www.visitklagenfurt.at\\\/it\\\/percorso-gastronomico-delle-alpi-e-delladriatico\\\/#primaryimage\",\"url\":\"https:\\\/\\\/www.visitklagenfurt.at\\\/wp-content\\\/uploads\\\/2026\\\/07\\\/Tage-Der-Alpen-Adria-Kueche-2022-_-Genussmeile-Kaernten-OeSterreich-Header-2.jpg\",\"contentUrl\":\"https:\\\/\\\/www.visitklagenfurt.at\\\/wp-content\\\/uploads\\\/2026\\\/07\\\/Tage-Der-Alpen-Adria-Kueche-2022-_-Genussmeile-Kaernten-OeSterreich-Header-2.jpg\",\"width\":1350,\"height\":618},{\"@type\":\"BreadcrumbList\",\"@id\":\"https:\\\/\\\/www.visitklagenfurt.at\\\/it\\\/percorso-gastronomico-delle-alpi-e-delladriatico\\\/#breadcrumb\",\"itemListElement\":[{\"@type\":\"ListItem\",\"position\":1,\"name\":\"visitklagenfurt\",\"item\":\"https:\\\/\\\/www.visitklagenfurt.at\\\/it\\\/\"},{\"@type\":\"ListItem\",\"position\":2,\"name\":\"Percorso gastronomico delle Alpi e dell&#8217;Adriatico\"}]},{\"@type\":\"WebSite\",\"@id\":\"https:\\\/\\\/www.visitklagenfurt.at\\\/it\\\/#website\",\"url\":\"https:\\\/\\\/www.visitklagenfurt.at\\\/it\\\/\",\"name\":\"visitklagenfurt\",\"description\":\"\",\"publisher\":{\"@id\":\"https:\\\/\\\/www.visitklagenfurt.at\\\/it\\\/#organization\"},\"potentialAction\":[{\"@type\":\"SearchAction\",\"target\":{\"@type\":\"EntryPoint\",\"urlTemplate\":\"https:\\\/\\\/www.visitklagenfurt.at\\\/it\\\/?s={search_term_string}\"},\"query-input\":{\"@type\":\"PropertyValueSpecification\",\"valueRequired\":true,\"valueName\":\"search_term_string\"}}],\"inLanguage\":\"it-IT\"},{\"@type\":\"Organization\",\"@id\":\"https:\\\/\\\/www.visitklagenfurt.at\\\/it\\\/#organization\",\"name\":\"Tourismus Region Klagenfurt am W\u00f6rthersee GmbH\",\"url\":\"https:\\\/\\\/www.visitklagenfurt.at\\\/it\\\/\",\"logo\":{\"@type\":\"ImageObject\",\"inLanguage\":\"it-IT\",\"@id\":\"https:\\\/\\\/www.visitklagenfurt.at\\\/it\\\/#\\\/schema\\\/logo\\\/image\\\/\",\"url\":\"https:\\\/\\\/www.visitklagenfurt.at\\\/wp-content\\\/uploads\\\/2022\\\/03\\\/DT_K_Klagenfurt_S_RGB.png\",\"contentUrl\":\"https:\\\/\\\/www.visitklagenfurt.at\\\/wp-content\\\/uploads\\\/2022\\\/03\\\/DT_K_Klagenfurt_S_RGB.png\",\"width\":2082,\"height\":1511,\"caption\":\"Tourismus Region Klagenfurt am W\u00f6rthersee GmbH\"},\"image\":{\"@id\":\"https:\\\/\\\/www.visitklagenfurt.at\\\/it\\\/#\\\/schema\\\/logo\\\/image\\\/\"}}]}<\/script>\n<!-- \/ Yoast SEO plugin. -->","yoast_head_json":{"title":"Percorso gastronomico delle Alpi-Adriatico: Tutti i produttori | visitklagenfurt","description":"L'evento clou delle Giornate della cucina alpino-adriatica: il percorso gastronomico nel centro di Klagenfurt. Scopri tutti i produttori provenienti da Austria, Italia e Slovenia.","robots":{"index":"index","follow":"follow","max-snippet":"max-snippet:-1","max-image-preview":"max-image-preview:large","max-video-preview":"max-video-preview:-1"},"canonical":"https:\/\/www.visitklagenfurt.at\/it\/percorso-gastronomico-delle-alpi-e-delladriatico\/","og_locale":"it_IT","og_type":"article","og_title":"Percorso gastronomico delle Alpi-Adriatico: Tutti i produttori | visitklagenfurt","og_description":"L'evento clou delle Giornate della cucina alpino-adriatica: il percorso gastronomico nel centro di Klagenfurt. Scopri tutti i produttori provenienti da Austria, Italia e Slovenia.","og_url":"https:\/\/www.visitklagenfurt.at\/it\/percorso-gastronomico-delle-alpi-e-delladriatico\/","og_site_name":"visitklagenfurt","article_modified_time":"2026-08-12T12:16:02+00:00","og_image":[{"width":1350,"height":618,"url":"https:\/\/www.visitklagenfurt.at\/wp-content\/uploads\/2026\/07\/Tage-Der-Alpen-Adria-Kueche-2022-_-Genussmeile-Kaernten-OeSterreich-Header-2.jpg","type":"image\/jpeg"}],"twitter_card":"summary_large_image","twitter_misc":{"Tempo di lettura stimato":"1 minuto"},"schema":{"@context":"https:\/\/schema.org","@graph":[{"@type":"WebPage","@id":"https:\/\/www.visitklagenfurt.at\/it\/percorso-gastronomico-delle-alpi-e-delladriatico\/","url":"https:\/\/www.visitklagenfurt.at\/it\/percorso-gastronomico-delle-alpi-e-delladriatico\/","name":"Percorso gastronomico delle Alpi-Adriatico: Tutti i produttori | visitklagenfurt","isPartOf":{"@id":"https:\/\/www.visitklagenfurt.at\/it\/#website"},"primaryImageOfPage":{"@id":"https:\/\/www.visitklagenfurt.at\/it\/percorso-gastronomico-delle-alpi-e-delladriatico\/#primaryimage"},"image":{"@id":"https:\/\/www.visitklagenfurt.at\/it\/percorso-gastronomico-delle-alpi-e-delladriatico\/#primaryimage"},"thumbnailUrl":"https:\/\/www.visitklagenfurt.at\/wp-content\/uploads\/2026\/07\/Tage-Der-Alpen-Adria-Kueche-2022-_-Genussmeile-Kaernten-OeSterreich-Header-2.jpg","datePublished":"2024-08-19T13:38:49+00:00","dateModified":"2026-08-12T12:16:02+00:00","description":"L'evento clou delle Giornate della cucina alpino-adriatica: il percorso gastronomico nel centro di Klagenfurt. Scopri tutti i produttori provenienti da Austria, Italia e Slovenia.","breadcrumb":{"@id":"https:\/\/www.visitklagenfurt.at\/it\/percorso-gastronomico-delle-alpi-e-delladriatico\/#breadcrumb"},"inLanguage":"it-IT","potentialAction":[{"@type":"ReadAction","target":["https:\/\/www.visitklagenfurt.at\/it\/percorso-gastronomico-delle-alpi-e-delladriatico\/"]}]},{"@type":"ImageObject","inLanguage":"it-IT","@id":"https:\/\/www.visitklagenfurt.at\/it\/percorso-gastronomico-delle-alpi-e-delladriatico\/#primaryimage","url":"https:\/\/www.visitklagenfurt.at\/wp-content\/uploads\/2026\/07\/Tage-Der-Alpen-Adria-Kueche-2022-_-Genussmeile-Kaernten-OeSterreich-Header-2.jpg","contentUrl":"https:\/\/www.visitklagenfurt.at\/wp-content\/uploads\/2026\/07\/Tage-Der-Alpen-Adria-Kueche-2022-_-Genussmeile-Kaernten-OeSterreich-Header-2.jpg","width":1350,"height":618},{"@type":"BreadcrumbList","@id":"https:\/\/www.visitklagenfurt.at\/it\/percorso-gastronomico-delle-alpi-e-delladriatico\/#breadcrumb","itemListElement":[{"@type":"ListItem","position":1,"name":"visitklagenfurt","item":"https:\/\/www.visitklagenfurt.at\/it\/"},{"@type":"ListItem","position":2,"name":"Percorso gastronomico delle Alpi e dell&#8217;Adriatico"}]},{"@type":"WebSite","@id":"https:\/\/www.visitklagenfurt.at\/it\/#website","url":"https:\/\/www.visitklagenfurt.at\/it\/","name":"visitklagenfurt","description":"","publisher":{"@id":"https:\/\/www.visitklagenfurt.at\/it\/#organization"},"potentialAction":[{"@type":"SearchAction","target":{"@type":"EntryPoint","urlTemplate":"https:\/\/www.visitklagenfurt.at\/it\/?s={search_term_string}"},"query-input":{"@type":"PropertyValueSpecification","valueRequired":true,"valueName":"search_term_string"}}],"inLanguage":"it-IT"},{"@type":"Organization","@id":"https:\/\/www.visitklagenfurt.at\/it\/#organization","name":"Tourismus Region Klagenfurt am W\u00f6rthersee GmbH","url":"https:\/\/www.visitklagenfurt.at\/it\/","logo":{"@type":"ImageObject","inLanguage":"it-IT","@id":"https:\/\/www.visitklagenfurt.at\/it\/#\/schema\/logo\/image\/","url":"https:\/\/www.visitklagenfurt.at\/wp-content\/uploads\/2022\/03\/DT_K_Klagenfurt_S_RGB.png","contentUrl":"https:\/\/www.visitklagenfurt.at\/wp-content\/uploads\/2022\/03\/DT_K_Klagenfurt_S_RGB.png","width":2082,"height":1511,"caption":"Tourismus Region Klagenfurt am W\u00f6rthersee GmbH"},"image":{"@id":"https:\/\/www.visitklagenfurt.at\/it\/#\/schema\/logo\/image\/"}}]}},"_links":{"self":[{"href":"https:\/\/www.visitklagenfurt.at\/it\/wp-json\/wp\/v2\/pages\/68554","targetHints":{"allow":["GET"]}}],"collection":[{"href":"https:\/\/www.visitklagenfurt.at\/it\/wp-json\/wp\/v2\/pages"}],"about":[{"href":"https:\/\/www.visitklagenfurt.at\/it\/wp-json\/wp\/v2\/types\/page"}],"author":[{"embeddable":true,"href":"https:\/\/www.visitklagenfurt.at\/it\/wp-json\/wp\/v2\/users\/2"}],"replies":[{"embeddable":true,"href":"https:\/\/www.visitklagenfurt.at\/it\/wp-json\/wp\/v2\/comments?post=68554"}],"version-history":[{"count":26,"href":"https:\/\/www.visitklagenfurt.at\/it\/wp-json\/wp\/v2\/pages\/68554\/revisions"}],"predecessor-version":[{"id":80285,"href":"https:\/\/www.visitklagenfurt.at\/it\/wp-json\/wp\/v2\/pages\/68554\/revisions\/80285"}],"wp:featuredmedia":[{"embeddable":true,"href":"https:\/\/www.visitklagenfurt.at\/it\/wp-json\/wp\/v2\/media\/79791"}],"wp:attachment":[{"href":"https:\/\/www.visitklagenfurt.at\/it\/wp-json\/wp\/v2\/media?parent=68554"}],"wp:term":[{"taxonomy":"category","embeddable":true,"href":"https:\/\/www.visitklagenfurt.at\/it\/wp-json\/wp\/v2\/categories?post=68554"},{"taxonomy":"post_tag","embeddable":true,"href":"https:\/\/www.visitklagenfurt.at\/it\/wp-json\/wp\/v2\/tags?post=68554"},{"taxonomy":"seitentyp","embeddable":true,"href":"https:\/\/www.visitklagenfurt.at\/it\/wp-json\/wp\/v2\/seitentyp?post=68554"}],"curies":[{"name":"wp","href":"https:\/\/api.w.org\/{rel}","templated":true}]}}