{"id":9356,"date":"2021-03-02T15:49:20","date_gmt":"2021-03-02T14:49:20","guid":{"rendered":"http:\/\/blog.visitklagenfurt.at\/visitklagenfurt\/mobilita\/parcheggiare\/"},"modified":"2025-09-02T10:32:32","modified_gmt":"2025-09-02T08:32:32","slug":"parcheggiare","status":"publish","type":"page","link":"https:\/\/www.visitklagenfurt.at\/it\/mobilita\/parcheggiare\/","title":{"rendered":"Parcheggiare"},"content":{"rendered":"\n<p>Se venite a Klagenfurt in auto, per favore fate attenzione alle regole delle Kurzparkzone (zone per parcheggi ad alta rotazione). Ci sono circa 3.800 posti macchina all\u2019interno e lungo il ring (l\u2018anello). Per favore fate attenzione alla segnaletica. <\/p>\n\n\n\n<h2 class=\"wp-block-heading\" id=\"h-zone-di-parcheggio-per-soste-brevi\">Zone di parcheggio per soste brevi<\/h2>\n\n\n\n<ul class=\"wp-block-list\">\n<li>C\u2019\u00e8 solo una zona a pagamento.<\/li>\n\n\n\n<li>La tariffa \u00e8 di \u20ac 1,80 per la prima ora, poi \u20ac 0,90 per ogni trenta minuti, con una durata massima di parcheggio di tre ore.<\/li>\n\n\n\n<li>Il parcheggio \u00e8 a pagamento da luned\u00ec al venerd\u00ec, dalle 8 alle 18 e di sabato dalle 8 alle 12. Domenica e festivi sono gratuiti. <\/li>\n\n\n\n<li>Per tutti vale il parcheggio gratuito per i primi 15 minuti, se segnalate il tempo di arrivo e se lasciate il parcheggio entro questo lasso di tempo. Attenzione: la data e il tempo di arrivo devono essere ben visibili dietro al parabrezza.<\/li>\n\n\n\n<li>A partire dal 1\u00b0 gennaio 2025, l&#8217;esenzione dalle tariffe per le auto puramente elettriche e per le auto con motore a celle a combustibile a idrogeno non sar\u00e0 pi\u00f9 applicabile. La tariffa per le zone di parcheggio a breve termine o la tariffa di parcheggio dovr\u00e0 essere pagata anche per le auto elettriche. Questo vale anche per il tempo di ricarica presso le stazioni di ricarica elettrica!<\/li>\n<\/ul>\n\n\n\n<figure class=\"wp-block-gallery has-nested-images columns-default is-cropped wp-block-gallery-1 is-layout-flex wp-block-gallery-is-layout-flex\">\n<figure class=\"wp-block-image size-large\"><img fetchpriority=\"high\" decoding=\"async\" width=\"2000\" height=\"1333\" data-id=\"19146\" src=\"https:\/\/www.visitklagenfurt.at\/wp-content\/uploads\/2021\/05\/Blog_Parken_c_KLAMAG-7.jpg\" alt=\"blaue Zone, Kurzparkzone, Parken in 9020 Klagenfurt am W\u00f6rthersee\" class=\"wp-image-19146\"\/><figcaption class=\"wp-element-caption\">(c) KLAMAG, NH<\/figcaption><\/figure>\n<\/figure>\n\n\n\n<h2 class=\"wp-block-heading\" id=\"h-pagare-le-tariffe-del-parcheggio\">Pagare le tariffe del parcheggio<\/h2>\n\n\n\n<p>All&#8217;interno e all&#8217;esterno del Ring sono presenti 123 biglietterie automatiche, facili da raggiungere e imperdibili. L&#8217;orario di arrivo dovrebbe essere registrato anche durante il percorso verso la biglietteria automatica del parcheggio per evitare malintesi!<\/p>\n\n\n\n<p>Si pu\u00f2 pagare sia con le monete, con la funzione NFC del bancomat, con l&#8217;app del cellulare oppure con i classici ticket del parcheggio, disponibili in ogni tabaccheria.<\/p>\n\n\n\n<p>Residenti, imprenditori e dipendenti possono richiedere un permesso di parcheggio permanente. I costi ammontano a \u20ac 150,- all&#8217;anno di tariffa forfettaria per le zone di parcheggio a breve termine.<\/p>\n\n\n\n<p>Ulteriori informazioni sui parcheggi per soste lunghe e i moduli si trovano sul sito: <a href=\"http:\/\/www.Klagenfurt.at\">www.klagenfurt.at<\/a><\/p>\n\n\n\n<h2 class=\"wp-block-heading\" id=\"h-parcheggiare-piu-a-lungo\">Parcheggiare pi\u00f9 a lungo<\/h2>\n\n\n\n<p>Alcune vie intorno alla zona dei parcheggi ad alta rotazione sono segnate con cartelli e con linee verdi tracciate sulla strada. Queste sono zone dove si pu\u00f2 parcheggiare pi\u00f9 a lungo. Sotto l&#8217;elenco delle vie, dove si pu\u00f2 parcheggiare tutto il giorno per 7,00 euro:<\/p>\n\n\n\n<ul class=\"wp-block-list\">\n<li><strong>Deutenhofenstra\u00dfe<\/strong><\/li>\n\n\n\n<li><strong>Jahnstra\u00dfe<\/strong><\/li>\n\n\n\n<li><strong>Kra\u00dfniggstra\u00dfe<\/strong><\/li>\n\n\n\n<li><strong>Gabelsbergerstra\u00dfe<\/strong><\/li>\n\n\n\n<li><strong>Lastenstra\u00dfe<\/strong><\/li>\n\n\n\n<li><strong>August-Jaksch-Stra\u00dfe<\/strong><\/li>\n\n\n\n<li><strong>S\u00fcdbahng\u00fcrtel<\/strong><\/li>\n<\/ul>\n\n\n\n<p><\/p>\n\n\n\n<figure class=\"wp-block-gallery has-nested-images columns-default is-cropped columns-1 wp-block-gallery-2 is-layout-flex wp-block-gallery-is-layout-flex\">\n<figure class=\"wp-block-image size-large\"><a href=\"https:\/\/www.visitklagenfurt.at\/wp-content\/uploads\/2022\/04\/Karte-mit-Parkzonen-von-Klagenfurt.jpg\"><img decoding=\"async\" width=\"1200\" height=\"835\" data-id=\"35928\" src=\"https:\/\/www.visitklagenfurt.at\/wp-content\/uploads\/2022\/04\/Karte-mit-Parkzonen-von-Klagenfurt.jpg\" alt=\"\" class=\"wp-image-35928\"\/><\/a><\/figure>\n<\/figure>\n\n\n\n<h2 class=\"wp-block-heading\" id=\"h-parcheggi-a-klagenfurt\">Parcheggi a Klagenfurt<\/h2>\n\n\n\n<p>A Klagenfurt ci sono parcheggi sotterranei (e un parcheggio a molti piani) con oltre 1.900 posti auto. I prezzi \u2013 soprattutto nelle immediate vicinanze del centro \u2013 variano notevolmente. Quindi vale la pena confrontare i prezzi dei garage prima di parcheggiare l&#8217;auto. In media si paga dai due ai 4 euro all&#8217;ora per parcheggiare nei garage di Klagenfurt, a volte i prezzi si riferiscono a soli 45 minuti di parcheggio. I biglietti giornalieri sono disponibili tra \u20ac 20 e \u20ac 50.<\/p>\n\n\n\n<p>Garage centrali:<\/p>\n\n\n\n<ul class=\"wp-block-list\">\n<li><strong>Lindwurmtiefgarage<\/strong><\/li>\n\n\n\n<li><strong>Heiligengeistplatz<\/strong><\/li>\n\n\n\n<li><strong>Theatergarage<\/strong><\/li>\n\n\n\n<li><strong>Vitaneum-Garage<\/strong><\/li>\n\n\n\n<li><strong>Domgarage<\/strong><\/li>\n<\/ul>\n\n\n\n<p>Un po&#8217; pi\u00f9 fuori citt\u00e0, ma comunque molto centrali, troverete il garage BKS, il garage WK, il garage della stazione ferroviaria, il parcheggio dello stabile Geyer Sch\u00fctt e i parcheggi custoditi a Waagasse e Viktringer Ring con complessivi 110 posti auto.<\/p>\n\n\n\n<p>Puoi anche parcheggiare nel parcheggio del centro commerciale City-Arkaden e nei parcheggi del centro fiera (tariffa giornaliera economica con una breve passeggiata in citt\u00e0!). Chi parcheggia a lungo termine trover\u00e0 un parcheggio economico presso la centrale di teleriscaldamento \u201eFernheizkraftwerk\u201c (biglietto giornaliero a 5 \u20ac), a circa due minuti dal centro commerciale City Arkaden.<\/p>\n\n\n\n<p>Particolarmente lodevoli sono le offerte per parcheggi per donne e disabili o per genitori e figli, che sono disponibili, ad esempio, nel garage del centro commerciale City Arkaden, nel Lindwurmgarage, nel garage BKS, nel garage del teatro o nel garage della stazione ferroviaria.<\/p>\n\n\n\n<p>Con molto pi\u00f9 spazio per entrare e uscire, vicinanza alle uscite e una migliore illuminazione, questi garage sono decisamente all&#8217;avanguardia. Naturalmente nelle zone di parcheggio per sosta breve ci sono anche 200 posti per disabili &#8211; li riconoscete dalla segnaletica e dalla segnaletica orizzontale.<\/p>\n\n\n\n<h2 class=\"wp-block-heading\" id=\"h-parcheggia-e-vai-in-citta\">Parcheggia e vai in citt\u00e0<\/h2>\n\n\n\n<p>Se vuoi evitare completamente il parcheggio a pagamento nelle zone blu e verdi, puoi cercare un parcheggio un po&#8217; pi\u00f9 lontano.<\/p>\n\n\n\n<p>In direzione St. Veiter Stra\u00dfe, una parte della Morogasse (una strada dopo Kra\u00dfnigstra\u00dfe) offre la possibilit\u00e0 di parcheggiare gratuitamente e di raggiungere la citt\u00e0 in cinque-dieci minuti a piedi. Parcheggi di questo tipo si trovano anche sulla Villacher Stra\u00dfe (in direzione W\u00f6rthersee), Radetzkystra\u00dfe e in parte attorno alla cintura ferroviaria sud.<\/p>\n\n\n\n<p>Ma attenzione: anche se non devi pagare il parcheggio, pu\u00f2 comunque trattarsi di un&#8217;area di parcheggio per sosta breve e l&#8217;orario di arrivo deve essere registrato, quindi assicurati di verificare bene la segnaletica.<\/p>\n\n\n\n<figure class=\"wp-block-gallery has-nested-images columns-default is-cropped wp-block-gallery-3 is-layout-flex wp-block-gallery-is-layout-flex\">\n<figure class=\"wp-block-image size-full\"><img decoding=\"async\" width=\"2000\" height=\"1333\" data-id=\"19166\" src=\"https:\/\/www.visitklagenfurt.at\/wp-content\/uploads\/2021\/05\/Blog_Parken_c_KLAMAG-13.jpg\" alt=\"Parkuhr, gratisparken, Parken in 9020 Klagenfurt am W\u00f6rthersee\" class=\"wp-image-19166\"\/><figcaption class=\"wp-element-caption\">(c) KLAMAG, NH<\/figcaption><\/figure>\n<\/figure>\n\n\n\n<h2 class=\"wp-block-heading\" id=\"h-park-amp-ride\">Park &amp; Ride<\/h2>\n\n\n\n<p>State cercando una possibilit\u00e0 per parcheggiare pi\u00f9 a lungo o avete bisogno di un parcheggio giornaliero? A Klagenfurt ci sono <a href=\"https:\/\/www.stw.at\/privat\/mobilitaet\/park-ride\/\" target=\"_blank\" rel=\"noreferrer noopener\">3 Park &amp; Ride Parkpl\u00e4tze<\/a>. Potete prendere un biglietto giornaliero oppure un biglietto mensile. Per il biglietto mensile avete bisogno di una carta clienti STW nominativa. Potete trovarla al servizio clienti del STW, Heiligengeistplatz 12, 9020 Klagenfurt sul W\u00f6rthersee.<\/p>\n\n\n\n<ul class=\"wp-block-list\">\n<li><strong>Parkplatz:<\/strong><a href=\"https:\/\/goo.gl\/maps\/Ffktk3m97hvW3KfL6\"><strong> <\/strong>Fernheizkraftwerk \/ Kra\u00dfniggstra\u00dfe<\/a><\/li>\n\n\n\n<li><strong>Parkplatz:<\/strong><a href=\"https:\/\/goo.gl\/maps\/oeUgtME5t3FGsM4D6\"><strong> <\/strong>Siriusstra\u00dfe<\/a><\/li>\n\n\n\n<li><strong>Parkplatz:<\/strong><a href=\"https:\/\/goo.gl\/maps\/HqM8THo5KN3GsPK8A\"> Schlachthofstra\u00dfe<\/a><\/li>\n\n\n\n<li><strong>Park &amp; Ride:<\/strong><a href=\"https:\/\/goo.gl\/maps\/CdWmTvF5GQPBs1aJ6\"> Parkplatz West, gegen\u00fcber vom Minimundus<\/a><\/li>\n<\/ul>\n\n\n\n<h2 class=\"wp-block-heading\" id=\"h-parcheggio-per-gli-autobus\">Parcheggio per gli autobus<\/h2>\n\n\n\n<p>Per informazioni dettagliate sui parcheggi degli autobus e sui punti di ingresso e di uscita, fare clic sul file sottostante. Generalmente non \u00e8 possibile prenotare un parcheggio.<\/p>\n\n\n\n<div style=\"position:relative;padding-top:max(60%,326px);height:0;width:100%\"> <div class=\"brlbs-cmpnt-container brlbs-cmpnt-content-blocker brlbs-cmpnt-with-individual-styles\" data-borlabs-cookie-content-blocker-id=\"issuu\" data-borlabs-cookie-content=\"PGlmcmFtZSBhbGxvdz0iY2xpcGJvYXJkLXdyaXRlIiBzYW5kYm94PSJhbGxvdy10b3AtbmF2aWdhdGlvbiBhbGxvdy10b3AtbmF2aWdhdGlvbi1ieS11c2VyLWFjdGl2YXRpb24gYWxsb3ctZG93bmxvYWRzIGFsbG93LXNjcmlwdHMgYWxsb3ctc2FtZS1vcmlnaW4gYWxsb3ctcG9wdXBzIGFsbG93LW1vZGFscyBhbGxvdy1wb3B1cHMtdG8tZXNjYXBlLXNhbmRib3ggYWxsb3ctZm9ybXMiIGFsbG93ZnVsbHNjcmVlbj0idHJ1ZSIgc3R5bGU9InBvc2l0aW9uOmFic29sdXRlO2JvcmRlcjpub25lO3dpZHRoOjEwMCU7aGVpZ2h0OjEwMCU7bGVmdDowO3JpZ2h0OjA7dG9wOjA7Ym90dG9tOjA7IiBzcmM9Imh0dHBzOi8vZS5pc3N1dS5jb20vZW1iZWQuaHRtbD9kPXR2Yl9idXMtcGFya2luZm9fZmx5ZXJhNSZoaWRlSXNzdXVMb2dvPXRydWUmdT12aXNpdGtsYWdlbmZ1cnQiPjwvaWZyYW1lPg==\"><div class=\"brlbs-cmpnt-cb-preset-a\"> <p class=\"brlbs-cmpnt-cb-description\">Stai visualizzando un contenuto segnaposto da <strong>Issuu<\/strong>. Per accedere al contenuto effettivo, clicca sul pulsante sottostante. Si prega di notare che in questo modo si condividono i dati con provider di terze parti.<\/p> <div class=\"brlbs-cmpnt-cb-buttons\"> <a class=\"brlbs-cmpnt-cb-btn\" href=\"#\" data-borlabs-cookie-unblock role=\"button\">Sblocca il contenuto<\/a> <a class=\"brlbs-cmpnt-cb-btn\" href=\"#\" data-borlabs-cookie-accept-service role=\"button\" style=\"display: none\">Accetta il servizio richiesto e sblocca i contenuti<\/a> <\/div> <a class=\"brlbs-cmpnt-cb-provider-toggle\" href=\"#\" data-borlabs-cookie-show-provider-information role=\"button\">Ulteriori informazioni<\/a> &#8216;<\/div>&#8216;<\/div><\/div>\n\n\n\n<h2 class=\"wp-block-heading\" id=\"h-campeggio-in-citta\">Campeggio in citt\u00e0<\/h2>\n\n\n\n<p>La citt\u00e0 di Klagenfurt offre posti disponibili per roulotte e camper presso il parcheggio della fiera in St. Ruprechtstrasse 4, dove \u00e8 possibile pernottare per un breve periodo all&#8217;interno del veicolo.<\/p>\n\n\n\n<p> I parcheggi sono dotati di stazioni di rifornimento e smaltimento acque chiare e reflue oltre che di allacciamenti da 16 ampere. L&#8217;arrivo e la partenza possono avvenire in qualsiasi momento, anche di notte. Non c&#8217;\u00e8 una reception \u2013 non \u00e8 necessario registrarsi all\u2019arrivo o alla partenza. <\/p>\n\n\n\n<div class=\"wp-block-buttons is-layout-flex wp-block-buttons-is-layout-flex\">\n<div class=\"wp-block-button\"><a class=\"wp-block-button__link wp-element-button\" href=\"https:\/\/www.visitklagenfurt.at\/wp-content\/uploads\/2021\/02\/Informationen_zu_den_Reisemobilstellplaetzen_Innenstadt.pdf\" target=\"_blank\" rel=\"noreferrer noopener\">di pi\u00f9<\/a><\/div>\n<\/div>\n\n\n\n<h2 class=\"wp-block-heading\" id=\"h-un-posto-per-ogni-esigenza\">Un posto per ogni esigenza<\/h2>\n\n\n\n<p>I parcheggi a disposizione a Klagenfurt sono molteplici. Da caro a gratuito, da in mezzo a fuori, da tutto il giorno a molto breve: quello che \u00e8 certo \u00e8 che ognuno trover\u00e0 il parcheggio perfetto per il proprio viaggio. Che sia per lavoro, per una commissione veloce, una giornata di shopping o un soggiorno pi\u00f9 lungo. In linea di principio conviene arrivare un po\u2019 prima piuttosto che tardi; spesso conviene anche cercare un parcheggio libero e fare qualche passo per arrivarci.<\/p>\n\n\n\n<p>Se pernotti, vale la pena parcheggiare nei garage per via della maggiore sicurezza (per favore, non nel garage City Arkaden, che pu\u00f2 essere costoso!). Per una gita in citt\u00e0 di un&#8217;intera giornata, i parcheggi presso il centro espositivo e la centrale di teleriscaldamento sono ottimi con tariffe giornaliere economiche. Tutto sommato vale probabilmente il detto \u201cchi cerca trova\u201d e se prestate molta attenzione alla segnaletica sul pavimento e alla segnaletica, non potete sbagliare quando parcheggiate a Klagenfurt!<\/p>\n","protected":false},"excerpt":{"rendered":"<p>Se venite a Klagenfurt in auto, per favore fate attenzione alle regole delle Kurzparkzone (zone per parcheggi ad alta rotazione). Ci sono circa 3.800 posti macchina all\u2019interno e lungo il ring (l\u2018anello). Per favore fate attenzione alla segnaletica. Zone di parcheggio per soste brevi Pagare le tariffe del parcheggio All&#8217;interno e all&#8217;esterno del Ring sono [&hellip;]<\/p>\n","protected":false},"author":2,"featured_media":19154,"parent":9282,"menu_order":0,"comment_status":"closed","ping_status":"closed","template":"","meta":{"footnotes":""},"categories":[],"tags":[],"seitentyp":[224],"class_list":["post-9356","page","type-page","status-publish","has-post-thumbnail","hentry","seitentyp-microseite-short"],"yoast_head":"<!-- This site is optimized with the Yoast SEO plugin v27.5 - https:\/\/yoast.com\/product\/yoast-seo-wordpress\/ -->\n<title>Parcheggiare l\u2018Auto a Klagenfurt | Park &amp; Ride | Autobus | Citt\u00e0<\/title>\n<meta name=\"description\" content=\"Se venite a Klagenfurt in auto, per favore fate attenzione alle regole delle zone per parcheggi ad alta rotazione. Ci sono circa 3.800 posti macchina.\" \/>\n<meta name=\"robots\" content=\"index, follow, max-snippet:-1, max-image-preview:large, max-video-preview:-1\" \/>\n<link rel=\"canonical\" href=\"https:\/\/www.visitklagenfurt.at\/it\/mobilita\/parcheggiare\/\" \/>\n<meta property=\"og:locale\" content=\"it_IT\" \/>\n<meta property=\"og:type\" content=\"article\" \/>\n<meta property=\"og:title\" content=\"Parcheggiare l\u2018Auto a Klagenfurt | Park &amp; Ride | Autobus | Citt\u00e0\" \/>\n<meta property=\"og:description\" content=\"Se venite a Klagenfurt in auto, per favore fate attenzione alle regole delle zone per parcheggi ad alta rotazione. Ci sono circa 3.800 posti macchina.\" \/>\n<meta property=\"og:url\" content=\"https:\/\/www.visitklagenfurt.at\/it\/mobilita\/parcheggiare\/\" \/>\n<meta property=\"og:site_name\" content=\"visitklagenfurt\" \/>\n<meta property=\"article:modified_time\" content=\"2025-09-02T08:32:32+00:00\" \/>\n<meta property=\"og:image\" content=\"https:\/\/www.visitklagenfurt.at\/wp-content\/uploads\/2021\/05\/Blog_Parken_c_KLAMAG-9.jpg\" \/>\n\t<meta property=\"og:image:width\" content=\"2000\" \/>\n\t<meta property=\"og:image:height\" content=\"1333\" \/>\n\t<meta property=\"og:image:type\" content=\"image\/jpeg\" \/>\n<meta name=\"twitter:card\" content=\"summary_large_image\" \/>\n<meta name=\"twitter:label1\" content=\"Tempo di lettura stimato\" \/>\n\t<meta name=\"twitter:data1\" content=\"7 minuti\" \/>\n<script type=\"application\/ld+json\" class=\"yoast-schema-graph\">{\"@context\":\"https:\\\/\\\/schema.org\",\"@graph\":[{\"@type\":\"WebPage\",\"@id\":\"https:\\\/\\\/www.visitklagenfurt.at\\\/it\\\/mobilita\\\/parcheggiare\\\/\",\"url\":\"https:\\\/\\\/www.visitklagenfurt.at\\\/it\\\/mobilita\\\/parcheggiare\\\/\",\"name\":\"Parcheggiare l\u2018Auto a Klagenfurt | Park & Ride | Autobus | Citt\u00e0\",\"isPartOf\":{\"@id\":\"https:\\\/\\\/www.visitklagenfurt.at\\\/it\\\/#website\"},\"primaryImageOfPage\":{\"@id\":\"https:\\\/\\\/www.visitklagenfurt.at\\\/it\\\/mobilita\\\/parcheggiare\\\/#primaryimage\"},\"image\":{\"@id\":\"https:\\\/\\\/www.visitklagenfurt.at\\\/it\\\/mobilita\\\/parcheggiare\\\/#primaryimage\"},\"thumbnailUrl\":\"https:\\\/\\\/www.visitklagenfurt.at\\\/wp-content\\\/uploads\\\/2021\\\/05\\\/Blog_Parken_c_KLAMAG-9.jpg\",\"datePublished\":\"2021-03-02T14:49:20+00:00\",\"dateModified\":\"2025-09-02T08:32:32+00:00\",\"description\":\"Se venite a Klagenfurt in auto, per favore fate attenzione alle regole delle zone per parcheggi ad alta rotazione. Ci sono circa 3.800 posti macchina.\",\"breadcrumb\":{\"@id\":\"https:\\\/\\\/www.visitklagenfurt.at\\\/it\\\/mobilita\\\/parcheggiare\\\/#breadcrumb\"},\"inLanguage\":\"it-IT\",\"potentialAction\":[{\"@type\":\"ReadAction\",\"target\":[\"https:\\\/\\\/www.visitklagenfurt.at\\\/it\\\/mobilita\\\/parcheggiare\\\/\"]}]},{\"@type\":\"ImageObject\",\"inLanguage\":\"it-IT\",\"@id\":\"https:\\\/\\\/www.visitklagenfurt.at\\\/it\\\/mobilita\\\/parcheggiare\\\/#primaryimage\",\"url\":\"https:\\\/\\\/www.visitklagenfurt.at\\\/wp-content\\\/uploads\\\/2021\\\/05\\\/Blog_Parken_c_KLAMAG-9.jpg\",\"contentUrl\":\"https:\\\/\\\/www.visitklagenfurt.at\\\/wp-content\\\/uploads\\\/2021\\\/05\\\/Blog_Parken_c_KLAMAG-9.jpg\",\"width\":2000,\"height\":1333,\"caption\":\"(c) KLAMAG, NH\"},{\"@type\":\"BreadcrumbList\",\"@id\":\"https:\\\/\\\/www.visitklagenfurt.at\\\/it\\\/mobilita\\\/parcheggiare\\\/#breadcrumb\",\"itemListElement\":[{\"@type\":\"ListItem\",\"position\":1,\"name\":\"visitklagenfurt\",\"item\":\"https:\\\/\\\/www.visitklagenfurt.at\\\/it\\\/\"},{\"@type\":\"ListItem\",\"position\":2,\"name\":\"Mobilit\u00e0\",\"item\":\"https:\\\/\\\/www.visitklagenfurt.at\\\/it\\\/mobilita\\\/\"},{\"@type\":\"ListItem\",\"position\":3,\"name\":\"Parcheggiare\"}]},{\"@type\":\"WebSite\",\"@id\":\"https:\\\/\\\/www.visitklagenfurt.at\\\/it\\\/#website\",\"url\":\"https:\\\/\\\/www.visitklagenfurt.at\\\/it\\\/\",\"name\":\"visitklagenfurt\",\"description\":\"\",\"publisher\":{\"@id\":\"https:\\\/\\\/www.visitklagenfurt.at\\\/it\\\/#organization\"},\"potentialAction\":[{\"@type\":\"SearchAction\",\"target\":{\"@type\":\"EntryPoint\",\"urlTemplate\":\"https:\\\/\\\/www.visitklagenfurt.at\\\/it\\\/?s={search_term_string}\"},\"query-input\":{\"@type\":\"PropertyValueSpecification\",\"valueRequired\":true,\"valueName\":\"search_term_string\"}}],\"inLanguage\":\"it-IT\"},{\"@type\":\"Organization\",\"@id\":\"https:\\\/\\\/www.visitklagenfurt.at\\\/it\\\/#organization\",\"name\":\"Tourismus Region Klagenfurt am W\u00f6rthersee GmbH\",\"url\":\"https:\\\/\\\/www.visitklagenfurt.at\\\/it\\\/\",\"logo\":{\"@type\":\"ImageObject\",\"inLanguage\":\"it-IT\",\"@id\":\"https:\\\/\\\/www.visitklagenfurt.at\\\/it\\\/#\\\/schema\\\/logo\\\/image\\\/\",\"url\":\"https:\\\/\\\/www.visitklagenfurt.at\\\/wp-content\\\/uploads\\\/2022\\\/03\\\/DT_K_Klagenfurt_S_RGB.png\",\"contentUrl\":\"https:\\\/\\\/www.visitklagenfurt.at\\\/wp-content\\\/uploads\\\/2022\\\/03\\\/DT_K_Klagenfurt_S_RGB.png\",\"width\":2082,\"height\":1511,\"caption\":\"Tourismus Region Klagenfurt am W\u00f6rthersee GmbH\"},\"image\":{\"@id\":\"https:\\\/\\\/www.visitklagenfurt.at\\\/it\\\/#\\\/schema\\\/logo\\\/image\\\/\"}}]}<\/script>\n<!-- \/ Yoast SEO plugin. -->","yoast_head_json":{"title":"Parcheggiare l\u2018Auto a Klagenfurt | Park & Ride | Autobus | Citt\u00e0","description":"Se venite a Klagenfurt in auto, per favore fate attenzione alle regole delle zone per parcheggi ad alta rotazione. Ci sono circa 3.800 posti macchina.","robots":{"index":"index","follow":"follow","max-snippet":"max-snippet:-1","max-image-preview":"max-image-preview:large","max-video-preview":"max-video-preview:-1"},"canonical":"https:\/\/www.visitklagenfurt.at\/it\/mobilita\/parcheggiare\/","og_locale":"it_IT","og_type":"article","og_title":"Parcheggiare l\u2018Auto a Klagenfurt | Park & Ride | Autobus | Citt\u00e0","og_description":"Se venite a Klagenfurt in auto, per favore fate attenzione alle regole delle zone per parcheggi ad alta rotazione. Ci sono circa 3.800 posti macchina.","og_url":"https:\/\/www.visitklagenfurt.at\/it\/mobilita\/parcheggiare\/","og_site_name":"visitklagenfurt","article_modified_time":"2025-09-02T08:32:32+00:00","og_image":[{"width":2000,"height":1333,"url":"https:\/\/www.visitklagenfurt.at\/wp-content\/uploads\/2021\/05\/Blog_Parken_c_KLAMAG-9.jpg","type":"image\/jpeg"}],"twitter_card":"summary_large_image","twitter_misc":{"Tempo di lettura stimato":"7 minuti"},"schema":{"@context":"https:\/\/schema.org","@graph":[{"@type":"WebPage","@id":"https:\/\/www.visitklagenfurt.at\/it\/mobilita\/parcheggiare\/","url":"https:\/\/www.visitklagenfurt.at\/it\/mobilita\/parcheggiare\/","name":"Parcheggiare l\u2018Auto a Klagenfurt | Park & Ride | Autobus | Citt\u00e0","isPartOf":{"@id":"https:\/\/www.visitklagenfurt.at\/it\/#website"},"primaryImageOfPage":{"@id":"https:\/\/www.visitklagenfurt.at\/it\/mobilita\/parcheggiare\/#primaryimage"},"image":{"@id":"https:\/\/www.visitklagenfurt.at\/it\/mobilita\/parcheggiare\/#primaryimage"},"thumbnailUrl":"https:\/\/www.visitklagenfurt.at\/wp-content\/uploads\/2021\/05\/Blog_Parken_c_KLAMAG-9.jpg","datePublished":"2021-03-02T14:49:20+00:00","dateModified":"2025-09-02T08:32:32+00:00","description":"Se venite a Klagenfurt in auto, per favore fate attenzione alle regole delle zone per parcheggi ad alta rotazione. Ci sono circa 3.800 posti macchina.","breadcrumb":{"@id":"https:\/\/www.visitklagenfurt.at\/it\/mobilita\/parcheggiare\/#breadcrumb"},"inLanguage":"it-IT","potentialAction":[{"@type":"ReadAction","target":["https:\/\/www.visitklagenfurt.at\/it\/mobilita\/parcheggiare\/"]}]},{"@type":"ImageObject","inLanguage":"it-IT","@id":"https:\/\/www.visitklagenfurt.at\/it\/mobilita\/parcheggiare\/#primaryimage","url":"https:\/\/www.visitklagenfurt.at\/wp-content\/uploads\/2021\/05\/Blog_Parken_c_KLAMAG-9.jpg","contentUrl":"https:\/\/www.visitklagenfurt.at\/wp-content\/uploads\/2021\/05\/Blog_Parken_c_KLAMAG-9.jpg","width":2000,"height":1333,"caption":"(c) KLAMAG, NH"},{"@type":"BreadcrumbList","@id":"https:\/\/www.visitklagenfurt.at\/it\/mobilita\/parcheggiare\/#breadcrumb","itemListElement":[{"@type":"ListItem","position":1,"name":"visitklagenfurt","item":"https:\/\/www.visitklagenfurt.at\/it\/"},{"@type":"ListItem","position":2,"name":"Mobilit\u00e0","item":"https:\/\/www.visitklagenfurt.at\/it\/mobilita\/"},{"@type":"ListItem","position":3,"name":"Parcheggiare"}]},{"@type":"WebSite","@id":"https:\/\/www.visitklagenfurt.at\/it\/#website","url":"https:\/\/www.visitklagenfurt.at\/it\/","name":"visitklagenfurt","description":"","publisher":{"@id":"https:\/\/www.visitklagenfurt.at\/it\/#organization"},"potentialAction":[{"@type":"SearchAction","target":{"@type":"EntryPoint","urlTemplate":"https:\/\/www.visitklagenfurt.at\/it\/?s={search_term_string}"},"query-input":{"@type":"PropertyValueSpecification","valueRequired":true,"valueName":"search_term_string"}}],"inLanguage":"it-IT"},{"@type":"Organization","@id":"https:\/\/www.visitklagenfurt.at\/it\/#organization","name":"Tourismus Region Klagenfurt am W\u00f6rthersee GmbH","url":"https:\/\/www.visitklagenfurt.at\/it\/","logo":{"@type":"ImageObject","inLanguage":"it-IT","@id":"https:\/\/www.visitklagenfurt.at\/it\/#\/schema\/logo\/image\/","url":"https:\/\/www.visitklagenfurt.at\/wp-content\/uploads\/2022\/03\/DT_K_Klagenfurt_S_RGB.png","contentUrl":"https:\/\/www.visitklagenfurt.at\/wp-content\/uploads\/2022\/03\/DT_K_Klagenfurt_S_RGB.png","width":2082,"height":1511,"caption":"Tourismus Region Klagenfurt am W\u00f6rthersee GmbH"},"image":{"@id":"https:\/\/www.visitklagenfurt.at\/it\/#\/schema\/logo\/image\/"}}]}},"_links":{"self":[{"href":"https:\/\/www.visitklagenfurt.at\/it\/wp-json\/wp\/v2\/pages\/9356","targetHints":{"allow":["GET"]}}],"collection":[{"href":"https:\/\/www.visitklagenfurt.at\/it\/wp-json\/wp\/v2\/pages"}],"about":[{"href":"https:\/\/www.visitklagenfurt.at\/it\/wp-json\/wp\/v2\/types\/page"}],"author":[{"embeddable":true,"href":"https:\/\/www.visitklagenfurt.at\/it\/wp-json\/wp\/v2\/users\/2"}],"replies":[{"embeddable":true,"href":"https:\/\/www.visitklagenfurt.at\/it\/wp-json\/wp\/v2\/comments?post=9356"}],"version-history":[{"count":22,"href":"https:\/\/www.visitklagenfurt.at\/it\/wp-json\/wp\/v2\/pages\/9356\/revisions"}],"predecessor-version":[{"id":76709,"href":"https:\/\/www.visitklagenfurt.at\/it\/wp-json\/wp\/v2\/pages\/9356\/revisions\/76709"}],"up":[{"embeddable":true,"href":"https:\/\/www.visitklagenfurt.at\/it\/wp-json\/wp\/v2\/pages\/9282"}],"wp:featuredmedia":[{"embeddable":true,"href":"https:\/\/www.visitklagenfurt.at\/it\/wp-json\/wp\/v2\/media\/19154"}],"wp:attachment":[{"href":"https:\/\/www.visitklagenfurt.at\/it\/wp-json\/wp\/v2\/media?parent=9356"}],"wp:term":[{"taxonomy":"category","embeddable":true,"href":"https:\/\/www.visitklagenfurt.at\/it\/wp-json\/wp\/v2\/categories?post=9356"},{"taxonomy":"post_tag","embeddable":true,"href":"https:\/\/www.visitklagenfurt.at\/it\/wp-json\/wp\/v2\/tags?post=9356"},{"taxonomy":"seitentyp","embeddable":true,"href":"https:\/\/www.visitklagenfurt.at\/it\/wp-json\/wp\/v2\/seitentyp?post=9356"}],"curies":[{"name":"wp","href":"https:\/\/api.w.org\/{rel}","templated":true}]}}