{"id":9595,"date":"2021-03-03T11:31:39","date_gmt":"2021-03-03T10:31:39","guid":{"rendered":"http:\/\/blog.visitklagenfurt.at\/visitklagenfurt\/lago-woerthersee-dintorni\/"},"modified":"2024-03-07T13:07:59","modified_gmt":"2024-03-07T12:07:59","slug":"lago-woerthersee-dintorni","status":"publish","type":"page","link":"https:\/\/www.visitklagenfurt.at\/it\/lago-woerthersee-dintorni\/","title":{"rendered":"Il lago W\u00f6rthersee &#038; dintorni"},"content":{"rendered":"\t\t<div data-elementor-type=\"wp-page\" data-elementor-id=\"9595\" class=\"elementor elementor-9595 elementor-4666\" data-elementor-post-type=\"page\">\n\t\t\t\t\t\t<section class=\"elementor-section elementor-top-section elementor-element elementor-element-05ca63d elementor-section-height-min-height elementor-section-boxed elementor-section-height-default elementor-section-items-middle\" data-id=\"05ca63d\" data-element_type=\"section\" data-e-type=\"section\" data-settings=\"{&quot;background_background&quot;:&quot;classic&quot;}\">\n\t\t\t\t\t\t<div class=\"elementor-container elementor-column-gap-default\">\n\t\t\t\t\t<div class=\"elementor-column elementor-col-100 elementor-top-column elementor-element elementor-element-df1f349\" data-id=\"df1f349\" data-element_type=\"column\" data-e-type=\"column\">\n\t\t\t<div class=\"elementor-widget-wrap\">\n\t\t\t\t\t\t\t<\/div>\n\t\t<\/div>\n\t\t\t\t\t<\/div>\n\t\t<\/section>\n\t\t\t\t<section class=\"elementor-section elementor-top-section elementor-element elementor-element-79e7605 elementor-section-boxed elementor-section-height-default elementor-section-height-default\" data-id=\"79e7605\" data-element_type=\"section\" data-e-type=\"section\" data-settings=\"{&quot;background_background&quot;:&quot;classic&quot;}\">\n\t\t\t\t\t\t<div class=\"elementor-container elementor-column-gap-default\">\n\t\t\t\t\t<div class=\"elementor-column elementor-col-100 elementor-top-column elementor-element elementor-element-530cb94\" data-id=\"530cb94\" data-element_type=\"column\" data-e-type=\"column\" data-settings=\"{&quot;background_background&quot;:&quot;classic&quot;}\">\n\t\t\t<div class=\"elementor-widget-wrap elementor-element-populated\">\n\t\t\t\t\t\t<div class=\"elementor-element elementor-element-0a5588f elementor-widget elementor-widget-global elementor-global-42931 elementor-global-39763 elementor-widget-breadcrumbs\" data-id=\"0a5588f\" data-element_type=\"widget\" data-e-type=\"widget\" data-widget_type=\"breadcrumbs.default\">\n\t\t\t\t<div class=\"elementor-widget-container\">\n\t\t\t\t\t<p id=\"breadcrumbs\"><span><span><a href=\"https:\/\/www.visitklagenfurt.at\/it\/\">visitklagenfurt<\/a><\/span><\/span><\/p>\t\t\t\t<\/div>\n\t\t\t\t<\/div>\n\t\t\t\t<div class=\"elementor-element elementor-element-e873db8 elementor-widget elementor-widget-heading\" data-id=\"e873db8\" data-element_type=\"widget\" data-e-type=\"widget\" data-widget_type=\"heading.default\">\n\t\t\t\t<div class=\"elementor-widget-container\">\n\t\t\t\t\t<h1 class=\"elementor-heading-title elementor-size-default\">Il lago W\u00f6rthersee &#038; dintorni<\/h1>\t\t\t\t<\/div>\n\t\t\t\t<\/div>\n\t\t\t\t<div class=\"elementor-element elementor-element-5b3ca3c elementor-widget elementor-widget-text-editor\" data-id=\"5b3ca3c\" data-element_type=\"widget\" data-e-type=\"widget\" data-widget_type=\"text-editor.default\">\n\t\t\t\t<div class=\"elementor-widget-container\">\n\t\t\t\t\t\t\t\t\t<p>Il pi\u00f9 grande lago della Carinzia risplende in tutte le possibili sfumature di turchese. Klagenfurt si trova proprio sul W\u00f6rthersee. Tra le numerose baie del W\u00f6rthersee, per bellezza la <strong>baia orientale<\/strong> le supera tutte. Dalla natura appartata alle specialit\u00e0 culinarie, qui ce n&#8217;\u00e8 per ogni gusto.<\/p>\n<p>Il <strong>Lend<\/strong> indica la direzione giusta se si parte dal centro storico: con una superficie di 19,4 km\u00b2 e una lunghezza di 16,5 chilometri, il W\u00f6rthersee nella baia orientale ha tutto ci\u00f2 che un turista o un residente locale possano desiderare.<\/p>\n<p>La vera bellezza del lago W\u00f6rthersee si pu\u00f2 vivere al meglio all&#8217;aperto. L\u00ec vi attendono ovunque una <strong>variopinta flora e fauna<\/strong>, nonche un paesaggio e una cucina ricchi per la loro variet\u00e0.<\/p>\n<p>La baia orientale, per la vicinanza dell&#8217;Europapark Klagenfurt, delle <strong>localit\u00e0 balneari<\/strong> di Klagenfurt, Loretto e Maiernigg con tutte le infrastrutture adiacenti, \u00e8 facilmente accessibile in autobus, in auto e in bicicletta, e propone un&#8217;offerta veramente diversificata. Tutto ci\u00f2 che accade sulla riva orientale di Klagenfurt \u00e8 stupefacente: le innumerevoli opportunit\u00e0 di svago in tre spiagge balneabili, la riserva naturale del Lendspitz e l&#8217;Europapark rendono la popolare baia un luogo di <strong>relax, allegria e divertimento<\/strong> in egual misura \u2013 e ci\u00f2 vale per i visitatori di tutte le et\u00e0.<\/p>\n\t\t\t\t\t\t\t\t<\/div>\n\t\t\t\t<\/div>\n\t\t\t\t\t<\/div>\n\t\t<\/div>\n\t\t\t\t\t<\/div>\n\t\t<\/section>\n\t\t\t\t<section class=\"elementor-section elementor-top-section elementor-element elementor-element-590026f elementor-section-boxed elementor-section-height-default elementor-section-height-default\" data-id=\"590026f\" data-element_type=\"section\" data-e-type=\"section\" data-settings=\"{&quot;background_background&quot;:&quot;classic&quot;}\">\n\t\t\t\t\t\t<div class=\"elementor-container elementor-column-gap-default\">\n\t\t\t\t\t<div class=\"elementor-column elementor-col-100 elementor-top-column elementor-element elementor-element-28013ec\" data-id=\"28013ec\" data-element_type=\"column\" data-e-type=\"column\">\n\t\t\t<div class=\"elementor-widget-wrap elementor-element-populated\">\n\t\t\t\t\t\t<div class=\"elementor-element elementor-element-26dc6da elementor-widget elementor-widget-pp-tiled-posts\" data-id=\"26dc6da\" data-element_type=\"widget\" data-e-type=\"widget\" data-widget_type=\"pp-tiled-posts.default\">\n\t\t\t\t<div class=\"elementor-widget-container\">\n\t\t\t\t\t\t\t<div class=\"pp-tiled-posts pp-tiled-posts-layout-2 clearfix\">\n\t\t\t<div class=\"pp-tiles-posts-left\">\t\t<div class=\"pp-tiled-post pp-tiled-post-1 pp-tiled-post-featured\">\n\t\t\t<div class=\"pp-tiled-post-bg pp-media-background \" style=\"background-image:url(https:\/\/www.visitklagenfurt.at\/wp-content\/uploads\/2021\/02\/Rennrad_Region_entdecken_c-Franz-Gerdl-768x512.jpg)\">\n\t\t\t\t<a class=\"pp-post-link\" href=\"https:\/\/www.visitklagenfurt.at\/it\/lago-woerthersee-dintorni\/scoprite-le-regioni\/\" title=\"Scoprite le regioni\"><\/a>\n\t\t\t<\/div>\n\t\t\t<div class=\"pp-tiled-post-content pp-tiled-post-content-bottom\">\n\t\t\t\t\n\t\t\t\t\t\t\t\t\t\t\t\t\t\t<header>\n\t\t\t\t\t\t<h2 class=\"pp-tiled-post-title\">\n\t\t\t\t\t\t\tScoprite le regioni\t\t\t\t\t\t<\/h2>\n\t\t\t\t\t<\/header>\n\t\t\t\t\n\t\t\t\t\n\t\t\t\t\n\t\t\t\t\t\t\t<\/div>\n\t\t<\/div>\n\t\t<\/div><div class=\"pp-tiles-posts-right\">\t\t<div class=\"pp-tiled-post pp-tiled-post-2 pp-tiled-post-large\">\n\t\t\t<div class=\"pp-tiled-post-bg pp-media-background \" style=\"background-image:url(https:\/\/www.visitklagenfurt.at\/wp-content\/uploads\/2021\/03\/kreuzbergl_zillhoehe_c-Tine-Steinthaler.jpg)\">\n\t\t\t\t<a class=\"pp-post-link\" href=\"https:\/\/www.visitklagenfurt.at\/it\/lago-woerthersee-dintorni\/alla-scoperta-della-natura\/\" title=\"Alla scoperta della natura\"><\/a>\n\t\t\t<\/div>\n\t\t\t<div class=\"pp-tiled-post-content pp-tiled-post-content-bottom\">\n\t\t\t\t\n\t\t\t\t\t\t\t\t\t\t\t\t\t\t<header>\n\t\t\t\t\t\t<h2 class=\"pp-tiled-post-title\">\n\t\t\t\t\t\t\tAlla scoperta della natura\t\t\t\t\t\t<\/h2>\n\t\t\t\t\t<\/header>\n\t\t\t\t\n\t\t\t\t\n\t\t\t\t\n\t\t\t\t\t\t\t<\/div>\n\t\t<\/div>\n\t\t\t\t<div class=\"pp-tiled-post pp-tiled-post-3 pp-tiled-post-large\">\n\t\t\t<div class=\"pp-tiled-post-bg pp-media-background \" style=\"background-image:url(https:\/\/www.visitklagenfurt.at\/wp-content\/uploads\/2021\/03\/luftbild_ostbucht_klagenfurt_ausblick_worthersee_see_c-stadtpresse-foto_horst_1-web.jpg)\">\n\t\t\t\t<a class=\"pp-post-link\" href=\"https:\/\/www.visitklagenfurt.at\/it\/lago-woerthersee-dintorni\/la-baia-orientale-del-lago-woerthersee\/\" title=\"La baia orientale del lago W\u00f6rthersee\"><\/a>\n\t\t\t<\/div>\n\t\t\t<div class=\"pp-tiled-post-content pp-tiled-post-content-bottom\">\n\t\t\t\t\n\t\t\t\t\t\t\t\t\t\t\t\t\t\t<header>\n\t\t\t\t\t\t<h2 class=\"pp-tiled-post-title\">\n\t\t\t\t\t\t\tLa baia orientale del lago W\u00f6rthersee\t\t\t\t\t\t<\/h2>\n\t\t\t\t\t<\/header>\n\t\t\t\t\n\t\t\t\t\n\t\t\t\t\n\t\t\t\t\t\t\t<\/div>\n\t\t<\/div>\n\t\t<\/div><\/div>\t\t<\/div>\n\t\t\t\t\t\t<\/div>\n\t\t\t\t<\/div>\n\t\t\t\t\t<\/div>\n\t\t<\/div>\n\t\t\t\t\t<\/div>\n\t\t<\/section>\n\t\t\t\t<\/div>\n\t\t","protected":false},"excerpt":{"rendered":"<p>Il pi\u00f9 grande lago della Carinzia risplende in tutte le possibili sfumature di turchese. Klagenfurt si trova proprio sul W\u00f6rthersee. Tra le numerose baie del W\u00f6rthersee, per bellezza la baia orientale le supera tutte. Dalla natura appartata alle specialit\u00e0 culinarie, qui ce n&#8217;\u00e8 per ogni gusto. Il Lend indica la direzione giusta se si parte [&hellip;]<\/p>\n","protected":false},"author":2,"featured_media":73350,"parent":0,"menu_order":7,"comment_status":"closed","ping_status":"closed","template":"elementor_header_footer","meta":{"footnotes":""},"categories":[],"tags":[],"seitentyp":[],"class_list":["post-9595","page","type-page","status-publish","has-post-thumbnail","hentry"],"yoast_head":"<!-- This site is optimized with the Yoast SEO plugin v27.3 - https:\/\/yoast.com\/product\/yoast-seo-wordpress\/ -->\n<title>Lago W\u00f6rthersee &amp; Dintorni | Regioni e Natura | Baia Orientale<\/title>\n<meta name=\"description\" content=\"Klagenfurt si trova proprio sul W\u00f6rthersee, il pi\u00f9 grande lago della Carinzia. Dalla natura appartata alle specialit\u00e0 culinarie, qui ce n\u2019\u00e8 per ogni gusto.\" \/>\n<meta name=\"robots\" content=\"index, follow, max-snippet:-1, max-image-preview:large, max-video-preview:-1\" \/>\n<link rel=\"canonical\" href=\"https:\/\/www.visitklagenfurt.at\/it\/lago-woerthersee-dintorni\/\" \/>\n<meta property=\"og:locale\" content=\"it_IT\" \/>\n<meta property=\"og:type\" content=\"article\" \/>\n<meta property=\"og:title\" content=\"Lago W\u00f6rthersee &amp; Dintorni | Regioni e Natura | Baia Orientale\" \/>\n<meta property=\"og:description\" content=\"Klagenfurt si trova proprio sul W\u00f6rthersee, il pi\u00f9 grande lago della Carinzia. Dalla natura appartata alle specialit\u00e0 culinarie, qui ce n\u2019\u00e8 per ogni gusto.\" \/>\n<meta property=\"og:url\" content=\"https:\/\/www.visitklagenfurt.at\/it\/lago-woerthersee-dintorni\/\" \/>\n<meta property=\"og:site_name\" content=\"visitklagenfurt\" \/>\n<meta property=\"article:modified_time\" content=\"2024-03-07T12:07:59+00:00\" \/>\n<meta property=\"og:image\" content=\"https:\/\/www.visitklagenfurt.at\/wp-content\/uploads\/2025\/03\/LifestyleKlagenfurt_Klagenfurt_KLU_\u00a9MichaelStabentheiner_Sommer2024_18.png\" \/>\n\t<meta property=\"og:image:width\" content=\"1920\" \/>\n\t<meta property=\"og:image:height\" content=\"1080\" \/>\n\t<meta property=\"og:image:type\" content=\"image\/png\" \/>\n<meta name=\"twitter:card\" content=\"summary_large_image\" \/>\n<meta name=\"twitter:label1\" content=\"Tempo di lettura stimato\" \/>\n\t<meta name=\"twitter:data1\" content=\"2 minuti\" \/>\n<script type=\"application\/ld+json\" class=\"yoast-schema-graph\">{\"@context\":\"https:\\\/\\\/schema.org\",\"@graph\":[{\"@type\":\"WebPage\",\"@id\":\"https:\\\/\\\/www.visitklagenfurt.at\\\/it\\\/lago-woerthersee-dintorni\\\/\",\"url\":\"https:\\\/\\\/www.visitklagenfurt.at\\\/it\\\/lago-woerthersee-dintorni\\\/\",\"name\":\"Lago W\u00f6rthersee & Dintorni | Regioni e Natura | Baia Orientale\",\"isPartOf\":{\"@id\":\"https:\\\/\\\/www.visitklagenfurt.at\\\/it\\\/#website\"},\"primaryImageOfPage\":{\"@id\":\"https:\\\/\\\/www.visitklagenfurt.at\\\/it\\\/lago-woerthersee-dintorni\\\/#primaryimage\"},\"image\":{\"@id\":\"https:\\\/\\\/www.visitklagenfurt.at\\\/it\\\/lago-woerthersee-dintorni\\\/#primaryimage\"},\"thumbnailUrl\":\"https:\\\/\\\/www.visitklagenfurt.at\\\/wp-content\\\/uploads\\\/2025\\\/03\\\/LifestyleKlagenfurt_Klagenfurt_KLU_\u00a9MichaelStabentheiner_Sommer2024_18.png\",\"datePublished\":\"2021-03-03T10:31:39+00:00\",\"dateModified\":\"2024-03-07T12:07:59+00:00\",\"description\":\"Klagenfurt si trova proprio sul W\u00f6rthersee, il pi\u00f9 grande lago della Carinzia. Dalla natura appartata alle specialit\u00e0 culinarie, qui ce n\u2019\u00e8 per ogni gusto.\",\"breadcrumb\":{\"@id\":\"https:\\\/\\\/www.visitklagenfurt.at\\\/it\\\/lago-woerthersee-dintorni\\\/#breadcrumb\"},\"inLanguage\":\"it-IT\",\"potentialAction\":[{\"@type\":\"ReadAction\",\"target\":[\"https:\\\/\\\/www.visitklagenfurt.at\\\/it\\\/lago-woerthersee-dintorni\\\/\"]}]},{\"@type\":\"ImageObject\",\"inLanguage\":\"it-IT\",\"@id\":\"https:\\\/\\\/www.visitklagenfurt.at\\\/it\\\/lago-woerthersee-dintorni\\\/#primaryimage\",\"url\":\"https:\\\/\\\/www.visitklagenfurt.at\\\/wp-content\\\/uploads\\\/2025\\\/03\\\/LifestyleKlagenfurt_Klagenfurt_KLU_\u00a9MichaelStabentheiner_Sommer2024_18.png\",\"contentUrl\":\"https:\\\/\\\/www.visitklagenfurt.at\\\/wp-content\\\/uploads\\\/2025\\\/03\\\/LifestyleKlagenfurt_Klagenfurt_KLU_\u00a9MichaelStabentheiner_Sommer2024_18.png\",\"width\":1920,\"height\":1080,\"caption\":\"(c) K\u00e4rnten Werbung, Michael Stabentheiner\"},{\"@type\":\"BreadcrumbList\",\"@id\":\"https:\\\/\\\/www.visitklagenfurt.at\\\/it\\\/lago-woerthersee-dintorni\\\/#breadcrumb\",\"itemListElement\":[{\"@type\":\"ListItem\",\"position\":1,\"name\":\"visitklagenfurt\",\"item\":\"https:\\\/\\\/www.visitklagenfurt.at\\\/it\\\/\"},{\"@type\":\"ListItem\",\"position\":2,\"name\":\"Il lago W\u00f6rthersee &#038; dintorni\"}]},{\"@type\":\"WebSite\",\"@id\":\"https:\\\/\\\/www.visitklagenfurt.at\\\/it\\\/#website\",\"url\":\"https:\\\/\\\/www.visitklagenfurt.at\\\/it\\\/\",\"name\":\"visitklagenfurt\",\"description\":\"\",\"publisher\":{\"@id\":\"https:\\\/\\\/www.visitklagenfurt.at\\\/it\\\/#organization\"},\"potentialAction\":[{\"@type\":\"SearchAction\",\"target\":{\"@type\":\"EntryPoint\",\"urlTemplate\":\"https:\\\/\\\/www.visitklagenfurt.at\\\/it\\\/?s={search_term_string}\"},\"query-input\":{\"@type\":\"PropertyValueSpecification\",\"valueRequired\":true,\"valueName\":\"search_term_string\"}}],\"inLanguage\":\"it-IT\"},{\"@type\":\"Organization\",\"@id\":\"https:\\\/\\\/www.visitklagenfurt.at\\\/it\\\/#organization\",\"name\":\"Tourismus Region Klagenfurt am W\u00f6rthersee GmbH\",\"url\":\"https:\\\/\\\/www.visitklagenfurt.at\\\/it\\\/\",\"logo\":{\"@type\":\"ImageObject\",\"inLanguage\":\"it-IT\",\"@id\":\"https:\\\/\\\/www.visitklagenfurt.at\\\/it\\\/#\\\/schema\\\/logo\\\/image\\\/\",\"url\":\"https:\\\/\\\/www.visitklagenfurt.at\\\/wp-content\\\/uploads\\\/2022\\\/03\\\/DT_K_Klagenfurt_S_RGB.png\",\"contentUrl\":\"https:\\\/\\\/www.visitklagenfurt.at\\\/wp-content\\\/uploads\\\/2022\\\/03\\\/DT_K_Klagenfurt_S_RGB.png\",\"width\":2082,\"height\":1511,\"caption\":\"Tourismus Region Klagenfurt am W\u00f6rthersee GmbH\"},\"image\":{\"@id\":\"https:\\\/\\\/www.visitklagenfurt.at\\\/it\\\/#\\\/schema\\\/logo\\\/image\\\/\"}}]}<\/script>\n<!-- \/ Yoast SEO plugin. -->","yoast_head_json":{"title":"Lago W\u00f6rthersee & Dintorni | Regioni e Natura | Baia Orientale","description":"Klagenfurt si trova proprio sul W\u00f6rthersee, il pi\u00f9 grande lago della Carinzia. Dalla natura appartata alle specialit\u00e0 culinarie, qui ce n\u2019\u00e8 per ogni gusto.","robots":{"index":"index","follow":"follow","max-snippet":"max-snippet:-1","max-image-preview":"max-image-preview:large","max-video-preview":"max-video-preview:-1"},"canonical":"https:\/\/www.visitklagenfurt.at\/it\/lago-woerthersee-dintorni\/","og_locale":"it_IT","og_type":"article","og_title":"Lago W\u00f6rthersee & Dintorni | Regioni e Natura | Baia Orientale","og_description":"Klagenfurt si trova proprio sul W\u00f6rthersee, il pi\u00f9 grande lago della Carinzia. Dalla natura appartata alle specialit\u00e0 culinarie, qui ce n\u2019\u00e8 per ogni gusto.","og_url":"https:\/\/www.visitklagenfurt.at\/it\/lago-woerthersee-dintorni\/","og_site_name":"visitklagenfurt","article_modified_time":"2024-03-07T12:07:59+00:00","og_image":[{"width":1920,"height":1080,"url":"https:\/\/www.visitklagenfurt.at\/wp-content\/uploads\/2025\/03\/LifestyleKlagenfurt_Klagenfurt_KLU_\u00a9MichaelStabentheiner_Sommer2024_18.png","type":"image\/png"}],"twitter_card":"summary_large_image","twitter_misc":{"Tempo di lettura stimato":"2 minuti"},"schema":{"@context":"https:\/\/schema.org","@graph":[{"@type":"WebPage","@id":"https:\/\/www.visitklagenfurt.at\/it\/lago-woerthersee-dintorni\/","url":"https:\/\/www.visitklagenfurt.at\/it\/lago-woerthersee-dintorni\/","name":"Lago W\u00f6rthersee & Dintorni | Regioni e Natura | Baia Orientale","isPartOf":{"@id":"https:\/\/www.visitklagenfurt.at\/it\/#website"},"primaryImageOfPage":{"@id":"https:\/\/www.visitklagenfurt.at\/it\/lago-woerthersee-dintorni\/#primaryimage"},"image":{"@id":"https:\/\/www.visitklagenfurt.at\/it\/lago-woerthersee-dintorni\/#primaryimage"},"thumbnailUrl":"https:\/\/www.visitklagenfurt.at\/wp-content\/uploads\/2025\/03\/LifestyleKlagenfurt_Klagenfurt_KLU_\u00a9MichaelStabentheiner_Sommer2024_18.png","datePublished":"2021-03-03T10:31:39+00:00","dateModified":"2024-03-07T12:07:59+00:00","description":"Klagenfurt si trova proprio sul W\u00f6rthersee, il pi\u00f9 grande lago della Carinzia. Dalla natura appartata alle specialit\u00e0 culinarie, qui ce n\u2019\u00e8 per ogni gusto.","breadcrumb":{"@id":"https:\/\/www.visitklagenfurt.at\/it\/lago-woerthersee-dintorni\/#breadcrumb"},"inLanguage":"it-IT","potentialAction":[{"@type":"ReadAction","target":["https:\/\/www.visitklagenfurt.at\/it\/lago-woerthersee-dintorni\/"]}]},{"@type":"ImageObject","inLanguage":"it-IT","@id":"https:\/\/www.visitklagenfurt.at\/it\/lago-woerthersee-dintorni\/#primaryimage","url":"https:\/\/www.visitklagenfurt.at\/wp-content\/uploads\/2025\/03\/LifestyleKlagenfurt_Klagenfurt_KLU_\u00a9MichaelStabentheiner_Sommer2024_18.png","contentUrl":"https:\/\/www.visitklagenfurt.at\/wp-content\/uploads\/2025\/03\/LifestyleKlagenfurt_Klagenfurt_KLU_\u00a9MichaelStabentheiner_Sommer2024_18.png","width":1920,"height":1080,"caption":"(c) K\u00e4rnten Werbung, Michael Stabentheiner"},{"@type":"BreadcrumbList","@id":"https:\/\/www.visitklagenfurt.at\/it\/lago-woerthersee-dintorni\/#breadcrumb","itemListElement":[{"@type":"ListItem","position":1,"name":"visitklagenfurt","item":"https:\/\/www.visitklagenfurt.at\/it\/"},{"@type":"ListItem","position":2,"name":"Il lago W\u00f6rthersee &#038; dintorni"}]},{"@type":"WebSite","@id":"https:\/\/www.visitklagenfurt.at\/it\/#website","url":"https:\/\/www.visitklagenfurt.at\/it\/","name":"visitklagenfurt","description":"","publisher":{"@id":"https:\/\/www.visitklagenfurt.at\/it\/#organization"},"potentialAction":[{"@type":"SearchAction","target":{"@type":"EntryPoint","urlTemplate":"https:\/\/www.visitklagenfurt.at\/it\/?s={search_term_string}"},"query-input":{"@type":"PropertyValueSpecification","valueRequired":true,"valueName":"search_term_string"}}],"inLanguage":"it-IT"},{"@type":"Organization","@id":"https:\/\/www.visitklagenfurt.at\/it\/#organization","name":"Tourismus Region Klagenfurt am W\u00f6rthersee GmbH","url":"https:\/\/www.visitklagenfurt.at\/it\/","logo":{"@type":"ImageObject","inLanguage":"it-IT","@id":"https:\/\/www.visitklagenfurt.at\/it\/#\/schema\/logo\/image\/","url":"https:\/\/www.visitklagenfurt.at\/wp-content\/uploads\/2022\/03\/DT_K_Klagenfurt_S_RGB.png","contentUrl":"https:\/\/www.visitklagenfurt.at\/wp-content\/uploads\/2022\/03\/DT_K_Klagenfurt_S_RGB.png","width":2082,"height":1511,"caption":"Tourismus Region Klagenfurt am W\u00f6rthersee GmbH"},"image":{"@id":"https:\/\/www.visitklagenfurt.at\/it\/#\/schema\/logo\/image\/"}}]}},"_links":{"self":[{"href":"https:\/\/www.visitklagenfurt.at\/it\/wp-json\/wp\/v2\/pages\/9595","targetHints":{"allow":["GET"]}}],"collection":[{"href":"https:\/\/www.visitklagenfurt.at\/it\/wp-json\/wp\/v2\/pages"}],"about":[{"href":"https:\/\/www.visitklagenfurt.at\/it\/wp-json\/wp\/v2\/types\/page"}],"author":[{"embeddable":true,"href":"https:\/\/www.visitklagenfurt.at\/it\/wp-json\/wp\/v2\/users\/2"}],"replies":[{"embeddable":true,"href":"https:\/\/www.visitklagenfurt.at\/it\/wp-json\/wp\/v2\/comments?post=9595"}],"version-history":[{"count":19,"href":"https:\/\/www.visitklagenfurt.at\/it\/wp-json\/wp\/v2\/pages\/9595\/revisions"}],"predecessor-version":[{"id":43007,"href":"https:\/\/www.visitklagenfurt.at\/it\/wp-json\/wp\/v2\/pages\/9595\/revisions\/43007"}],"wp:featuredmedia":[{"embeddable":true,"href":"https:\/\/www.visitklagenfurt.at\/it\/wp-json\/wp\/v2\/media\/73350"}],"wp:attachment":[{"href":"https:\/\/www.visitklagenfurt.at\/it\/wp-json\/wp\/v2\/media?parent=9595"}],"wp:term":[{"taxonomy":"category","embeddable":true,"href":"https:\/\/www.visitklagenfurt.at\/it\/wp-json\/wp\/v2\/categories?post=9595"},{"taxonomy":"post_tag","embeddable":true,"href":"https:\/\/www.visitklagenfurt.at\/it\/wp-json\/wp\/v2\/tags?post=9595"},{"taxonomy":"seitentyp","embeddable":true,"href":"https:\/\/www.visitklagenfurt.at\/it\/wp-json\/wp\/v2\/seitentyp?post=9595"}],"curies":[{"name":"wp","href":"https:\/\/api.w.org\/{rel}","templated":true}]}}