{"id":68560,"date":"2024-08-19T15:40:35","date_gmt":"2024-08-19T13:40:35","guid":{"rendered":"https:\/\/www.visitklagenfurt.at\/alpen-adria-kulinarik\/koeche\/"},"modified":"2026-08-12T14:16:00","modified_gmt":"2026-08-12T12:16:00","slug":"kuharji-iz-alp-in-jadrana","status":"publish","type":"page","link":"https:\/\/www.visitklagenfurt.at\/sl\/kuharji-iz-alp-in-jadrana\/","title":{"rendered":"Kuharji iz alpsko-jadranskega obmo\u010dja"},"content":{"rendered":"\t\t<div data-elementor-type=\"wp-page\" data-elementor-id=\"68560\" class=\"elementor elementor-68560 elementor-66318\" data-elementor-post-type=\"page\">\n\t\t\t\t\t\t<section class=\"elementor-section elementor-top-section elementor-element elementor-element-163ea77 elementor-section-height-min-height elementor-section-items-bottom elementor-section-boxed elementor-section-height-default\" data-id=\"163ea77\" data-element_type=\"section\" data-e-type=\"section\" data-settings=\"{&quot;background_background&quot;:&quot;classic&quot;}\">\n\t\t\t\t\t\t\t<div class=\"elementor-background-overlay\"><\/div>\n\t\t\t\t\t\t\t<div class=\"elementor-container elementor-column-gap-default\">\n\t\t\t\t\t<div class=\"elementor-column elementor-col-100 elementor-top-column elementor-element elementor-element-1fdc038\" data-id=\"1fdc038\" data-element_type=\"column\" data-e-type=\"column\">\n\t\t\t<div class=\"elementor-widget-wrap\">\n\t\t\t\t\t\t\t<\/div>\n\t\t<\/div>\n\t\t\t\t\t<\/div>\n\t\t<\/section>\n\t\t<div class=\"elementor-element elementor-element-1f73fb4 e-flex e-con-boxed e-con e-parent\" data-id=\"1f73fb4\" data-element_type=\"container\" data-e-type=\"container\" data-settings=\"{&quot;background_background&quot;:&quot;classic&quot;}\">\n\t\t\t\t\t<div class=\"e-con-inner\">\n\t\t\t\t<div class=\"elementor-element elementor-element-5e1f299 elementor-widget elementor-widget-heading\" data-id=\"5e1f299\" data-element_type=\"widget\" data-e-type=\"widget\" data-widget_type=\"heading.default\">\n\t\t\t\t<div class=\"elementor-widget-container\">\n\t\t\t\t\t<h1 class=\"elementor-heading-title elementor-size-default\">Kuharice in kuharji Alpe-Adria<\/h1>\t\t\t\t<\/div>\n\t\t\t\t<\/div>\n\t\t\t\t<div class=\"elementor-element elementor-element-3f4e06f elementor-widget elementor-widget-text-editor\" data-id=\"3f4e06f\" data-element_type=\"widget\" data-e-type=\"widget\" data-widget_type=\"text-editor.default\">\n\t\t\t\t<div class=\"elementor-widget-container\">\n\t\t\t\t\t\t\t\t\t<p>Vsako leto prireditev \u00bbDnevi alpsko-adriatske kuhinje\u00ab v Klagenfurt vabi najbolj\u0161e iz<strong> Slovenije, Bene\u010dije, Furlanije, Vzhodnega Tirolskega, \u0160tajerske \u2013 in seveda Koro\u0161ke<\/strong>, kjer svojim gostom postre\u017eejo z izklju\u010dnimi okusi svoje kulinari\u010dne umetnosti.<\/p><p>Naj gre za o\u010darljive italijanske kuharje iz \u00bbBella Italia\u00ab, mlade divjake iz Slovenije ali pionirje gibanja \u00bbSlow Food\u00ab iz Avstrije \u2013 vsak ve\u010der je pravo do\u017eivetje, vsak hod je edinstven in vsak gri\u017eljaj pravi u\u017eitek. Zato pravo\u010dasno rezervirajte, ko se oglasi: \u00bbNa mizo!\u00ab <\/p>\t\t\t\t\t\t\t\t<\/div>\n\t\t\t\t<\/div>\n\t\t\t\t\t<\/div>\n\t\t\t\t<\/div>\n\t\t<div class=\"elementor-element elementor-element-2b6b5a7 e-flex e-con-boxed e-con e-parent\" data-id=\"2b6b5a7\" data-element_type=\"container\" data-e-type=\"container\">\n\t\t\t\t\t<div class=\"e-con-inner\">\n\t\t\t\t<div class=\"elementor-element elementor-element-cf7dd12 elementor-widget elementor-widget-html\" data-id=\"cf7dd12\" data-element_type=\"widget\" data-e-type=\"widget\" data-widget_type=\"html.default\">\n\t\t\t\t<div class=\"elementor-widget-container\">\n\t\t\t\t\t<div class=\"elementor-element elementor-element-b30979e elementor-widget elementor-widget-taxonomy-filter\" data-id=\"b30979e\" data-element_type=\"widget\" data-settings=\"{&quot;selected_element&quot;:&quot;0fd75c2&quot;,&quot;taxonomy&quot;:&quot;post_tag&quot;,&quot;multiple_selection&quot;:&quot;no&quot;,&quot;horizontal_scroll&quot;:&quot;disable&quot;}\" data-widget_type=\"taxonomy-filter.default\"><div class=\"elementor-widget-container\"><style>\/*! elementor-pro - v3.22.0 - 24-06-2024 *\/\r\n.elementor-widget-taxonomy-filter{--e-filter-display:flex;--e-filter-direction:row;--e-filter-justify-content:center;--e-filter-wrap:wrap;--e-filter-align-items:center;--e-filter-item-width:initial;--e-filter-item-max-width:calc(100% - calc(var(--e-filter-item-padding)*3));--e-filter-item-justify-content:center;--e-filter-item-flex-grow:0;--e-filter-item-align-items:center;--e-filter-item-border-radius:initial;--e-filter-space-between:20px;--e-filter-normal-text-color:#69727d;--e-filter-active-text-color:#0c0d0e;--e-filter-hover-text-color:#0c0d0e;--e-filter-overflow-x:initial;--e-filter-white-space:nowrap;--e-filter-item-align-text:center;--e-filter-item-padding:8px;--e-filter-item-box-sizing:initial}.elementor-widget-taxonomy-filter .e-filter{display:var(--e-filter-display);flex-direction:var(--e-filter-direction);flex-shrink:0;justify-content:var(--e-filter-justify-content);align-items:var(--e-filter-align-items);gap:var(--e-filter-space-between);overflow-x:var(--e-filter-overflow-x);flex-wrap:var(--e-filter-wrap);-ms-overflow-style:none;scrollbar-width:none}.elementor-widget-taxonomy-filter .e-filter::-webkit-scrollbar{display:none}.elementor-widget-taxonomy-filter .e-filter.e-scroll{cursor:grabbing;cursor:-webkit-grabbing}.elementor-widget-taxonomy-filter .e-filter.e-scroll-active{position:relative}.elementor-widget-taxonomy-filter .e-filter.e-scroll-active:before{content:\"\";position:absolute;inset-block:0;inset-inline:-1000vw;z-index:2}.elementor-widget-taxonomy-filter .e-filter-item{background-color:initial;border:1px #69727d;border-radius:var(--e-filter-item-border-radius);line-height:normal;color:var(--e-filter-normal-text-color);padding:var(--e-filter-item-padding);display:var(--e-filter-display);justify-content:var(--e-filter-item-justify-content);align-items:var(--e-filter-item-align-items);flex-grow:var(--e-filter-item-flex-grow);flex-basis:content;flex-shrink:0;width:var(--e-filter-item-width);max-width:var(--e-filter-item-max-width);white-space:var(--e-filter-white-space);text-align:var(--e-filter-item-align-text);box-sizing:var(--e-filter-item-box-sizing);overflow-wrap:break-word;overflow:hidden}.elementor-widget-taxonomy-filter .e-filter-item[aria-pressed=true]{color:var(--e-filter-active-text-color);border-color:#0c0d0e}.elementor-widget-taxonomy-filter .e-filter-item:hover:not([aria-pressed=true]){color:var(--e-filter-hover-text-color);border-color:#0c0d0e}.elementor-widget-taxonomy-filter .e-filter-item:hover,.elementor-widget-taxonomy-filter .e-filter-item[aria-pressed=true]{background-color:initial}.elementor-widget-taxonomy-filter .e-filter-item[data-filter=__all]{order:-1}.elementor-widget-taxonomy-filter .e-filter-item:focus:not(:focus-visible){outline:none}.elementor-widget-taxonomy-filter .e-filter-empty{background-color:rgba(213,216,220,.8);color:#0c0d0e;text-align:center;font-size:1rem;padding:1rem 0}.elementor-widget-loop-grid .e-loop-item.e-inactive{display:none}<\/style>\t\t<search class=\"e-filter\" role=\"search\" data-base-url=\"https:\/\/www.visitklagenfurt.at\/de\/alpen-adria-kulinarik\/koeche\/\" data-page-num=\"1\" data-page-x=\"\"><button class=\"e-filter-item\" data-filter=\"koeche\" aria-pressed=\"true\">Alle<\/button><button class=\"e-filter-item\" data-filter=\"oesterreich\" aria-pressed=\"false\">\u00d6sterreich<\/button><button class=\"e-filter-item\" data-filter=\"italien\" aria-pressed=\"false\">Italien<\/button><button class=\"e-filter-item\" data-filter=\"slowenien\" aria-pressed=\"false\">Slowenien<\/button><\/search><\/div><\/div>\t\t\t\t<\/div>\n\t\t\t\t<\/div>\n\t\t\t\t<div class=\"elementor-element elementor-element-0fd75c2 elementor-grid-3 elementor-grid-tablet-2 elementor-grid-mobile-1 elementor-widget elementor-widget-loop-grid\" data-id=\"0fd75c2\" data-element_type=\"widget\" data-e-type=\"widget\" data-settings=\"{&quot;template_id&quot;:66232,&quot;_skin&quot;:&quot;post&quot;,&quot;columns&quot;:&quot;3&quot;,&quot;columns_tablet&quot;:&quot;2&quot;,&quot;columns_mobile&quot;:&quot;1&quot;,&quot;edit_handle_selector&quot;:&quot;[data-elementor-type=\\&quot;loop-item\\&quot;]&quot;,&quot;row_gap&quot;:{&quot;unit&quot;:&quot;px&quot;,&quot;size&quot;:&quot;&quot;,&quot;sizes&quot;:[]},&quot;row_gap_tablet&quot;:{&quot;unit&quot;:&quot;px&quot;,&quot;size&quot;:&quot;&quot;,&quot;sizes&quot;:[]},&quot;row_gap_mobile&quot;:{&quot;unit&quot;:&quot;px&quot;,&quot;size&quot;:&quot;&quot;,&quot;sizes&quot;:[]}}\" data-widget_type=\"loop-grid.post\">\n\t\t\t\t<div class=\"elementor-widget-container\">\n\t\t\t\t\t\t\t<div class=\"elementor-loop-container elementor-grid\" role=\"list\">\n\t\t<style id=\"loop-66232\">.elementor-66232 .elementor-element.elementor-element-2c7360c{--display:flex;--gap:0px 0px;--row-gap:0px;--column-gap:0px;}.elementor-66232 .elementor-element.elementor-element-5022c10 img{max-width:100%;height:400px;object-fit:cover;object-position:center center;filter:brightness( 80% ) contrast( 120% ) saturate( 70% ) blur( 0px ) hue-rotate( 0deg );transition-duration:0.5s;}.elementor-66232 .elementor-element.elementor-element-5022c10:hover img{filter:brightness( 100% ) contrast( 100% ) saturate( 100% ) blur( 0px ) hue-rotate( 0deg );}.elementor-66232 .elementor-element.elementor-element-4c1b20e{--display:flex;--min-height:100px;--flex-direction:column;--container-widget-width:100%;--container-widget-height:initial;--container-widget-flex-grow:0;--container-widget-align-self:initial;--flex-wrap-mobile:wrap;--justify-content:flex-end;--margin-top:-100px;--margin-bottom:0px;--margin-left:0px;--margin-right:0px;--padding-top:0px;--padding-bottom:25px;--padding-left:10px;--padding-right:10px;}.elementor-66232 .elementor-element.elementor-element-a6614d2{text-align:center;}.elementor-66232 .elementor-element.elementor-element-a6614d2 .elementor-heading-title{font-family:var( --e-global-typography-3f80c21-font-family ), Sans-serif;font-size:var( --e-global-typography-3f80c21-font-size );font-weight:var( --e-global-typography-3f80c21-font-weight );line-height:var( --e-global-typography-3f80c21-line-height );letter-spacing:var( --e-global-typography-3f80c21-letter-spacing );word-spacing:var( --e-global-typography-3f80c21-word-spacing );text-shadow:0px 0px 10px rgba(0, 0, 0, 0.98);color:var( --e-global-color-78a8973a );}.elementor-66232 .elementor-element.elementor-element-a6614d2 > .elementor-widget-container{margin:0px 0px 0px 0px;}.elementor-66232 .elementor-element.elementor-element-c7d0c19{text-align:center;}.elementor-66232 .elementor-element.elementor-element-c7d0c19 img{width:32px;border-radius:64px 64px 64px 64px;}.elementor-66232 .elementor-element.elementor-element-c7d0c19 > .elementor-widget-container{margin:-17px 0px 0px 0px;}@media(max-width:1024px){.elementor-66232 .elementor-element.elementor-element-a6614d2 .elementor-heading-title{font-size:var( --e-global-typography-3f80c21-font-size );line-height:var( --e-global-typography-3f80c21-line-height );letter-spacing:var( --e-global-typography-3f80c21-letter-spacing );word-spacing:var( --e-global-typography-3f80c21-word-spacing );}}@media(max-width:767px){.elementor-66232 .elementor-element.elementor-element-2c7360c{--gap:0px 0px;--row-gap:0px;--column-gap:0px;}.elementor-66232 .elementor-element.elementor-element-a6614d2 .elementor-heading-title{font-size:var( --e-global-typography-3f80c21-font-size );line-height:var( --e-global-typography-3f80c21-line-height );letter-spacing:var( --e-global-typography-3f80c21-letter-spacing );word-spacing:var( --e-global-typography-3f80c21-word-spacing );}}<\/style>\t\t<div data-elementor-type=\"loop-item\" data-elementor-id=\"66232\" class=\"elementor elementor-66232 e-loop-item e-loop-item-79961 post-79961 post type-post status-publish format-standard has-post-thumbnail hentry category-kulinaricni-kuharji tag-avstrija tag-kuharji\" data-elementor-post-type=\"elementor_library\" data-custom-edit-handle=\"1\">\n\t\t\t<div class=\"elementor-element elementor-element-2c7360c e-flex e-con-boxed e-con e-parent\" data-id=\"2c7360c\" data-element_type=\"container\" data-e-type=\"container\">\n\t\t\t\t\t<div class=\"e-con-inner\">\n\t\t\t\t<div class=\"elementor-element elementor-element-5022c10 elementor-widget elementor-widget-theme-post-featured-image elementor-widget-image\" data-id=\"5022c10\" data-element_type=\"widget\" data-e-type=\"widget\" data-widget_type=\"theme-post-featured-image.default\">\n\t\t\t\t<div class=\"elementor-widget-container\">\n\t\t\t\t\t\t\t\t\t\t\t\t\t\t\t\t<a href=\"https:\/\/www.visitklagenfurt.at\/sl\/dnevi-alpsko-jadranske-kuhinje\/kulinaricni-kuharji\/andreas-senn\/\">\n\t\t\t\t\t\t\t<img fetchpriority=\"high\" decoding=\"async\" width=\"768\" height=\"848\" src=\"https:\/\/www.visitklagenfurt.at\/wp-content\/uploads\/2026\/07\/Copyright-Senns.Restaurant__2021_043770_51169794968_o-1-scaled-1.jpg\" class=\"attachment-medium_large size-medium_large wp-image-79084\" alt=\"\" \/>\t\t\t\t\t\t\t\t<\/a>\n\t\t\t\t\t\t\t\t\t\t\t\t\t\t\t<\/div>\n\t\t\t\t<\/div>\n\t\t<div class=\"elementor-element elementor-element-4c1b20e e-con-full e-flex e-con e-child\" data-id=\"4c1b20e\" data-element_type=\"container\" data-e-type=\"container\">\n\t\t\t\t<div class=\"elementor-element elementor-element-a6614d2 elementor-widget elementor-widget-theme-post-title elementor-page-title elementor-widget-heading\" data-id=\"a6614d2\" data-element_type=\"widget\" data-e-type=\"widget\" data-widget_type=\"theme-post-title.default\">\n\t\t\t\t<div class=\"elementor-widget-container\">\n\t\t\t\t\t<p class=\"elementor-heading-title elementor-size-default\"><a href=\"https:\/\/www.visitklagenfurt.at\/sl\/dnevi-alpsko-jadranske-kuhinje\/kulinaricni-kuharji\/andreas-senn\/\">Andreas Senn<\/a><\/p>\t\t\t\t<\/div>\n\t\t\t\t<\/div>\n\t\t\t\t<\/div>\n\t\t\t\t<div class=\"elementor-element elementor-element-c7d0c19 elementor-widget elementor-widget-image\" data-id=\"c7d0c19\" data-element_type=\"widget\" data-e-type=\"widget\" data-widget_type=\"image.default\">\n\t\t\t\t<div class=\"elementor-widget-container\">\n\t\t\t\t\t\t\t\t\t\t\t\t\t\t\t<img decoding=\"async\" width=\"128\" height=\"128\" src=\"https:\/\/www.visitklagenfurt.at\/wp-content\/uploads\/2024\/07\/austria.jpg\" class=\"attachment-large size-large wp-image-66248\" alt=\"\" \/>\t\t\t\t\t\t\t\t\t\t\t\t\t\t\t<\/div>\n\t\t\t\t<\/div>\n\t\t\t\t\t<\/div>\n\t\t\t\t<\/div>\n\t\t\t\t<\/div>\n\t\t\t\t<div data-elementor-type=\"loop-item\" data-elementor-id=\"66232\" class=\"elementor elementor-66232 e-loop-item e-loop-item-76456 post-76456 post type-post status-publish format-standard has-post-thumbnail hentry category-kulinaricni-kuharji tag-avstrija tag-kuharji\" data-elementor-post-type=\"elementor_library\" data-custom-edit-handle=\"1\">\n\t\t\t<div class=\"elementor-element elementor-element-2c7360c e-flex e-con-boxed e-con e-parent\" data-id=\"2c7360c\" data-element_type=\"container\" data-e-type=\"container\">\n\t\t\t\t\t<div class=\"e-con-inner\">\n\t\t\t\t<div class=\"elementor-element elementor-element-5022c10 elementor-widget elementor-widget-theme-post-featured-image elementor-widget-image\" data-id=\"5022c10\" data-element_type=\"widget\" data-e-type=\"widget\" data-widget_type=\"theme-post-featured-image.default\">\n\t\t\t\t<div class=\"elementor-widget-container\">\n\t\t\t\t\t\t\t\t\t\t\t\t\t\t\t\t<a href=\"https:\/\/www.visitklagenfurt.at\/sl\/dnevi-alpsko-jadranske-kuhinje\/kulinaricni-kuharji\/christian-cabalier\/\">\n\t\t\t\t\t\t\t<img decoding=\"async\" width=\"768\" height=\"510\" src=\"https:\/\/www.visitklagenfurt.at\/wp-content\/uploads\/2020\/12\/Christian-Cabalier_Portrait.jpg\" class=\"attachment-medium_large size-medium_large wp-image-26108\" alt=\"\" \/>\t\t\t\t\t\t\t\t<\/a>\n\t\t\t\t\t\t\t\t\t\t\t\t\t\t\t<\/div>\n\t\t\t\t<\/div>\n\t\t<div class=\"elementor-element elementor-element-4c1b20e e-con-full e-flex e-con e-child\" data-id=\"4c1b20e\" data-element_type=\"container\" data-e-type=\"container\">\n\t\t\t\t<div class=\"elementor-element elementor-element-a6614d2 elementor-widget elementor-widget-theme-post-title elementor-page-title elementor-widget-heading\" data-id=\"a6614d2\" data-element_type=\"widget\" data-e-type=\"widget\" data-widget_type=\"theme-post-title.default\">\n\t\t\t\t<div class=\"elementor-widget-container\">\n\t\t\t\t\t<p class=\"elementor-heading-title elementor-size-default\"><a href=\"https:\/\/www.visitklagenfurt.at\/sl\/dnevi-alpsko-jadranske-kuhinje\/kulinaricni-kuharji\/christian-cabalier\/\">Christian Cabalier<\/a><\/p>\t\t\t\t<\/div>\n\t\t\t\t<\/div>\n\t\t\t\t<\/div>\n\t\t\t\t<div class=\"elementor-element elementor-element-c7d0c19 elementor-widget elementor-widget-image\" data-id=\"c7d0c19\" data-element_type=\"widget\" data-e-type=\"widget\" data-widget_type=\"image.default\">\n\t\t\t\t<div class=\"elementor-widget-container\">\n\t\t\t\t\t\t\t\t\t\t\t\t\t\t\t<img decoding=\"async\" width=\"128\" height=\"128\" src=\"https:\/\/www.visitklagenfurt.at\/wp-content\/uploads\/2024\/07\/austria.jpg\" class=\"attachment-large size-large wp-image-66248\" alt=\"\" \/>\t\t\t\t\t\t\t\t\t\t\t\t\t\t\t<\/div>\n\t\t\t\t<\/div>\n\t\t\t\t\t<\/div>\n\t\t\t\t<\/div>\n\t\t\t\t<\/div>\n\t\t\t\t<div data-elementor-type=\"loop-item\" data-elementor-id=\"66232\" class=\"elementor elementor-66232 e-loop-item e-loop-item-80001 post-80001 post type-post status-publish format-standard has-post-thumbnail hentry category-kulinaricni-kuharji tag-avstrija tag-kuharji\" data-elementor-post-type=\"elementor_library\" data-custom-edit-handle=\"1\">\n\t\t\t<div class=\"elementor-element elementor-element-2c7360c e-flex e-con-boxed e-con e-parent\" data-id=\"2c7360c\" data-element_type=\"container\" data-e-type=\"container\">\n\t\t\t\t\t<div class=\"e-con-inner\">\n\t\t\t\t<div class=\"elementor-element elementor-element-5022c10 elementor-widget elementor-widget-theme-post-featured-image elementor-widget-image\" data-id=\"5022c10\" data-element_type=\"widget\" data-e-type=\"widget\" data-widget_type=\"theme-post-featured-image.default\">\n\t\t\t\t<div class=\"elementor-widget-container\">\n\t\t\t\t\t\t\t\t\t\t\t\t\t\t\t\t<a href=\"https:\/\/www.visitklagenfurt.at\/sl\/dnevi-alpsko-jadranske-kuhinje\/kulinaricni-kuharji\/christoph-mandl-saziani\/\">\n\t\t\t\t\t\t\t<img loading=\"lazy\" decoding=\"async\" width=\"768\" height=\"1023\" src=\"https:\/\/www.visitklagenfurt.at\/wp-content\/uploads\/2026\/07\/Saziani-09-23-C-Zanshin-Kuge-1058562.jpg\" class=\"attachment-medium_large size-medium_large wp-image-79202\" alt=\"\" \/>\t\t\t\t\t\t\t\t<\/a>\n\t\t\t\t\t\t\t\t\t\t\t\t\t\t\t<\/div>\n\t\t\t\t<\/div>\n\t\t<div class=\"elementor-element elementor-element-4c1b20e e-con-full e-flex e-con e-child\" data-id=\"4c1b20e\" data-element_type=\"container\" data-e-type=\"container\">\n\t\t\t\t<div class=\"elementor-element elementor-element-a6614d2 elementor-widget elementor-widget-theme-post-title elementor-page-title elementor-widget-heading\" data-id=\"a6614d2\" data-element_type=\"widget\" data-e-type=\"widget\" data-widget_type=\"theme-post-title.default\">\n\t\t\t\t<div class=\"elementor-widget-container\">\n\t\t\t\t\t<p class=\"elementor-heading-title elementor-size-default\"><a href=\"https:\/\/www.visitklagenfurt.at\/sl\/dnevi-alpsko-jadranske-kuhinje\/kulinaricni-kuharji\/christoph-mandl-saziani\/\">Christoph Mandl Saziani<\/a><\/p>\t\t\t\t<\/div>\n\t\t\t\t<\/div>\n\t\t\t\t<\/div>\n\t\t\t\t<div class=\"elementor-element elementor-element-c7d0c19 elementor-widget elementor-widget-image\" data-id=\"c7d0c19\" data-element_type=\"widget\" data-e-type=\"widget\" data-widget_type=\"image.default\">\n\t\t\t\t<div class=\"elementor-widget-container\">\n\t\t\t\t\t\t\t\t\t\t\t\t\t\t\t<img decoding=\"async\" width=\"128\" height=\"128\" src=\"https:\/\/www.visitklagenfurt.at\/wp-content\/uploads\/2024\/07\/austria.jpg\" class=\"attachment-large size-large wp-image-66248\" alt=\"\" \/>\t\t\t\t\t\t\t\t\t\t\t\t\t\t\t<\/div>\n\t\t\t\t<\/div>\n\t\t\t\t\t<\/div>\n\t\t\t\t<\/div>\n\t\t\t\t<\/div>\n\t\t\t\t<div data-elementor-type=\"loop-item\" data-elementor-id=\"66232\" class=\"elementor elementor-66232 e-loop-item e-loop-item-76419 post-76419 post type-post status-publish format-standard has-post-thumbnail hentry category-kulinaricni-kuharji tag-kuharji tag-slovenija\" data-elementor-post-type=\"elementor_library\" data-custom-edit-handle=\"1\">\n\t\t\t<div class=\"elementor-element elementor-element-2c7360c e-flex e-con-boxed e-con e-parent\" data-id=\"2c7360c\" data-element_type=\"container\" data-e-type=\"container\">\n\t\t\t\t\t<div class=\"e-con-inner\">\n\t\t\t\t<div class=\"elementor-element elementor-element-5022c10 elementor-widget elementor-widget-theme-post-featured-image elementor-widget-image\" data-id=\"5022c10\" data-element_type=\"widget\" data-e-type=\"widget\" data-widget_type=\"theme-post-featured-image.default\">\n\t\t\t\t<div class=\"elementor-widget-container\">\n\t\t\t\t\t\t\t\t\t\t\t\t\t\t\t\t<a href=\"https:\/\/www.visitklagenfurt.at\/sl\/dnevi-alpsko-jadranske-kuhinje\/kulinaricni-kuharji\/david-zefran\/\">\n\t\t\t\t\t\t\t<img loading=\"lazy\" decoding=\"async\" width=\"768\" height=\"1024\" src=\"https:\/\/www.visitklagenfurt.at\/wp-content\/uploads\/2020\/12\/David-Zefran_.jpg\" class=\"attachment-medium_large size-medium_large wp-image-56679\" alt=\"\" \/>\t\t\t\t\t\t\t\t<\/a>\n\t\t\t\t\t\t\t\t\t\t\t\t\t\t\t<\/div>\n\t\t\t\t<\/div>\n\t\t<div class=\"elementor-element elementor-element-4c1b20e e-con-full e-flex e-con e-child\" data-id=\"4c1b20e\" data-element_type=\"container\" data-e-type=\"container\">\n\t\t\t\t<div class=\"elementor-element elementor-element-a6614d2 elementor-widget elementor-widget-theme-post-title elementor-page-title elementor-widget-heading\" data-id=\"a6614d2\" data-element_type=\"widget\" data-e-type=\"widget\" data-widget_type=\"theme-post-title.default\">\n\t\t\t\t<div class=\"elementor-widget-container\">\n\t\t\t\t\t<p class=\"elementor-heading-title elementor-size-default\"><a href=\"https:\/\/www.visitklagenfurt.at\/sl\/dnevi-alpsko-jadranske-kuhinje\/kulinaricni-kuharji\/david-zefran\/\">David \u017defran<\/a><\/p>\t\t\t\t<\/div>\n\t\t\t\t<\/div>\n\t\t\t\t<\/div>\n\t\t\t\t<div class=\"elementor-element elementor-element-c7d0c19 elementor-widget elementor-widget-image\" data-id=\"c7d0c19\" data-element_type=\"widget\" data-e-type=\"widget\" data-widget_type=\"image.default\">\n\t\t\t\t<div class=\"elementor-widget-container\">\n\t\t\t\t\t\t\t\t\t\t\t\t\t\t\t<img loading=\"lazy\" decoding=\"async\" width=\"128\" height=\"128\" src=\"https:\/\/www.visitklagenfurt.at\/wp-content\/uploads\/2024\/07\/slovenia.jpg\" class=\"attachment-large size-large wp-image-66240\" alt=\"\" \/>\t\t\t\t\t\t\t\t\t\t\t\t\t\t\t<\/div>\n\t\t\t\t<\/div>\n\t\t\t\t\t<\/div>\n\t\t\t\t<\/div>\n\t\t\t\t<\/div>\n\t\t\t\t<div data-elementor-type=\"loop-item\" data-elementor-id=\"66232\" class=\"elementor elementor-66232 e-loop-item e-loop-item-79957 post-79957 post type-post status-publish format-standard has-post-thumbnail hentry category-kulinaricni-kuharji tag-kuharji tag-slovenija\" data-elementor-post-type=\"elementor_library\" data-custom-edit-handle=\"1\">\n\t\t\t<div class=\"elementor-element elementor-element-2c7360c e-flex e-con-boxed e-con e-parent\" data-id=\"2c7360c\" data-element_type=\"container\" data-e-type=\"container\">\n\t\t\t\t\t<div class=\"e-con-inner\">\n\t\t\t\t<div class=\"elementor-element elementor-element-5022c10 elementor-widget elementor-widget-theme-post-featured-image elementor-widget-image\" data-id=\"5022c10\" data-element_type=\"widget\" data-e-type=\"widget\" data-widget_type=\"theme-post-featured-image.default\">\n\t\t\t\t<div class=\"elementor-widget-container\">\n\t\t\t\t\t\t\t\t\t\t\t\t\t\t\t\t<a href=\"https:\/\/www.visitklagenfurt.at\/sl\/dnevi-alpsko-jadranske-kuhinje\/kulinaricni-kuharji\/denis-ibrisimovic\/\">\n\t\t\t\t\t\t\t<img loading=\"lazy\" decoding=\"async\" width=\"768\" height=\"857\" src=\"https:\/\/www.visitklagenfurt.at\/wp-content\/uploads\/2026\/07\/Denis-Ibrisimovic_Podfarovz.jpeg\" class=\"attachment-medium_large size-medium_large wp-image-79132\" alt=\"\" \/>\t\t\t\t\t\t\t\t<\/a>\n\t\t\t\t\t\t\t\t\t\t\t\t\t\t\t<\/div>\n\t\t\t\t<\/div>\n\t\t<div class=\"elementor-element elementor-element-4c1b20e e-con-full e-flex e-con e-child\" data-id=\"4c1b20e\" data-element_type=\"container\" data-e-type=\"container\">\n\t\t\t\t<div class=\"elementor-element elementor-element-a6614d2 elementor-widget elementor-widget-theme-post-title elementor-page-title elementor-widget-heading\" data-id=\"a6614d2\" data-element_type=\"widget\" data-e-type=\"widget\" data-widget_type=\"theme-post-title.default\">\n\t\t\t\t<div class=\"elementor-widget-container\">\n\t\t\t\t\t<p class=\"elementor-heading-title elementor-size-default\"><a href=\"https:\/\/www.visitklagenfurt.at\/sl\/dnevi-alpsko-jadranske-kuhinje\/kulinaricni-kuharji\/denis-ibrisimovic\/\">Denis Ibri\u0161imovi\u0107<\/a><\/p>\t\t\t\t<\/div>\n\t\t\t\t<\/div>\n\t\t\t\t<\/div>\n\t\t\t\t<div class=\"elementor-element elementor-element-c7d0c19 elementor-widget elementor-widget-image\" data-id=\"c7d0c19\" data-element_type=\"widget\" data-e-type=\"widget\" data-widget_type=\"image.default\">\n\t\t\t\t<div class=\"elementor-widget-container\">\n\t\t\t\t\t\t\t\t\t\t\t\t\t\t\t<img loading=\"lazy\" decoding=\"async\" width=\"128\" height=\"128\" src=\"https:\/\/www.visitklagenfurt.at\/wp-content\/uploads\/2024\/07\/slovenia.jpg\" class=\"attachment-large size-large wp-image-66240\" alt=\"\" \/>\t\t\t\t\t\t\t\t\t\t\t\t\t\t\t<\/div>\n\t\t\t\t<\/div>\n\t\t\t\t\t<\/div>\n\t\t\t\t<\/div>\n\t\t\t\t<\/div>\n\t\t\t\t<div data-elementor-type=\"loop-item\" data-elementor-id=\"66232\" class=\"elementor elementor-66232 e-loop-item e-loop-item-76453 post-76453 post type-post status-publish format-standard has-post-thumbnail hentry category-kulinaricni-kuharji tag-avstrija tag-kuharji\" data-elementor-post-type=\"elementor_library\" data-custom-edit-handle=\"1\">\n\t\t\t<div class=\"elementor-element elementor-element-2c7360c e-flex e-con-boxed e-con e-parent\" data-id=\"2c7360c\" data-element_type=\"container\" data-e-type=\"container\">\n\t\t\t\t\t<div class=\"e-con-inner\">\n\t\t\t\t<div class=\"elementor-element elementor-element-5022c10 elementor-widget elementor-widget-theme-post-featured-image elementor-widget-image\" data-id=\"5022c10\" data-element_type=\"widget\" data-e-type=\"widget\" data-widget_type=\"theme-post-featured-image.default\">\n\t\t\t\t<div class=\"elementor-widget-container\">\n\t\t\t\t\t\t\t\t\t\t\t\t\t\t\t\t<a href=\"https:\/\/www.visitklagenfurt.at\/sl\/dnevi-alpsko-jadranske-kuhinje\/kulinaricni-kuharji\/domenik-lechner\/\">\n\t\t\t\t\t\t\t<img loading=\"lazy\" decoding=\"async\" width=\"720\" height=\"1080\" src=\"https:\/\/www.visitklagenfurt.at\/wp-content\/uploads\/2025\/07\/Chefkoch-Oscar-Domenik-Lechner_Gernot-Gleiss.jpg\" class=\"attachment-medium_large size-medium_large wp-image-74717\" alt=\"\" \/>\t\t\t\t\t\t\t\t<\/a>\n\t\t\t\t\t\t\t\t\t\t\t\t\t\t\t<\/div>\n\t\t\t\t<\/div>\n\t\t<div class=\"elementor-element elementor-element-4c1b20e e-con-full e-flex e-con e-child\" data-id=\"4c1b20e\" data-element_type=\"container\" data-e-type=\"container\">\n\t\t\t\t<div class=\"elementor-element elementor-element-a6614d2 elementor-widget elementor-widget-theme-post-title elementor-page-title elementor-widget-heading\" data-id=\"a6614d2\" data-element_type=\"widget\" data-e-type=\"widget\" data-widget_type=\"theme-post-title.default\">\n\t\t\t\t<div class=\"elementor-widget-container\">\n\t\t\t\t\t<p class=\"elementor-heading-title elementor-size-default\"><a href=\"https:\/\/www.visitklagenfurt.at\/sl\/dnevi-alpsko-jadranske-kuhinje\/kulinaricni-kuharji\/domenik-lechner\/\">Domenik Lechner<\/a><\/p>\t\t\t\t<\/div>\n\t\t\t\t<\/div>\n\t\t\t\t<\/div>\n\t\t\t\t<div class=\"elementor-element elementor-element-c7d0c19 elementor-widget elementor-widget-image\" data-id=\"c7d0c19\" data-element_type=\"widget\" data-e-type=\"widget\" data-widget_type=\"image.default\">\n\t\t\t\t<div class=\"elementor-widget-container\">\n\t\t\t\t\t\t\t\t\t\t\t\t\t\t\t<img decoding=\"async\" width=\"128\" height=\"128\" src=\"https:\/\/www.visitklagenfurt.at\/wp-content\/uploads\/2024\/07\/austria.jpg\" class=\"attachment-large size-large wp-image-66248\" alt=\"\" \/>\t\t\t\t\t\t\t\t\t\t\t\t\t\t\t<\/div>\n\t\t\t\t<\/div>\n\t\t\t\t\t<\/div>\n\t\t\t\t<\/div>\n\t\t\t\t<\/div>\n\t\t\t\t<div data-elementor-type=\"loop-item\" data-elementor-id=\"66232\" class=\"elementor elementor-66232 e-loop-item e-loop-item-79942 post-79942 post type-post status-publish format-standard has-post-thumbnail hentry category-kulinaricni-kuharji tag-kuharji tag-slovenija\" data-elementor-post-type=\"elementor_library\" data-custom-edit-handle=\"1\">\n\t\t\t<div class=\"elementor-element elementor-element-2c7360c e-flex e-con-boxed e-con e-parent\" data-id=\"2c7360c\" data-element_type=\"container\" data-e-type=\"container\">\n\t\t\t\t\t<div class=\"e-con-inner\">\n\t\t\t\t<div class=\"elementor-element elementor-element-5022c10 elementor-widget elementor-widget-theme-post-featured-image elementor-widget-image\" data-id=\"5022c10\" data-element_type=\"widget\" data-e-type=\"widget\" data-widget_type=\"theme-post-featured-image.default\">\n\t\t\t\t<div class=\"elementor-widget-container\">\n\t\t\t\t\t\t\t\t\t\t\t\t\t\t\t\t<a href=\"https:\/\/www.visitklagenfurt.at\/sl\/dnevi-alpsko-jadranske-kuhinje\/kulinaricni-kuharji\/filip-matjaz\/\">\n\t\t\t\t\t\t\t<img loading=\"lazy\" decoding=\"async\" width=\"768\" height=\"512\" src=\"https:\/\/www.visitklagenfurt.at\/wp-content\/uploads\/2026\/07\/Filip-Matjaz-Portrait_\u00a9COB-Restaurant.jpg\" class=\"attachment-medium_large size-medium_large wp-image-79276\" alt=\"\" \/>\t\t\t\t\t\t\t\t<\/a>\n\t\t\t\t\t\t\t\t\t\t\t\t\t\t\t<\/div>\n\t\t\t\t<\/div>\n\t\t<div class=\"elementor-element elementor-element-4c1b20e e-con-full e-flex e-con e-child\" data-id=\"4c1b20e\" data-element_type=\"container\" data-e-type=\"container\">\n\t\t\t\t<div class=\"elementor-element elementor-element-a6614d2 elementor-widget elementor-widget-theme-post-title elementor-page-title elementor-widget-heading\" data-id=\"a6614d2\" data-element_type=\"widget\" data-e-type=\"widget\" data-widget_type=\"theme-post-title.default\">\n\t\t\t\t<div class=\"elementor-widget-container\">\n\t\t\t\t\t<p class=\"elementor-heading-title elementor-size-default\"><a href=\"https:\/\/www.visitklagenfurt.at\/sl\/dnevi-alpsko-jadranske-kuhinje\/kulinaricni-kuharji\/filip-matjaz\/\">Filip Matja\u017e<\/a><\/p>\t\t\t\t<\/div>\n\t\t\t\t<\/div>\n\t\t\t\t<\/div>\n\t\t\t\t<div class=\"elementor-element elementor-element-c7d0c19 elementor-widget elementor-widget-image\" data-id=\"c7d0c19\" data-element_type=\"widget\" data-e-type=\"widget\" data-widget_type=\"image.default\">\n\t\t\t\t<div class=\"elementor-widget-container\">\n\t\t\t\t\t\t\t\t\t\t\t\t\t\t\t<img loading=\"lazy\" decoding=\"async\" width=\"128\" height=\"128\" src=\"https:\/\/www.visitklagenfurt.at\/wp-content\/uploads\/2024\/07\/slovenia.jpg\" class=\"attachment-large size-large wp-image-66240\" alt=\"\" \/>\t\t\t\t\t\t\t\t\t\t\t\t\t\t\t<\/div>\n\t\t\t\t<\/div>\n\t\t\t\t\t<\/div>\n\t\t\t\t<\/div>\n\t\t\t\t<\/div>\n\t\t\t\t<div data-elementor-type=\"loop-item\" data-elementor-id=\"66232\" class=\"elementor elementor-66232 e-loop-item e-loop-item-76484 post-76484 post type-post status-publish format-standard has-post-thumbnail hentry category-kulinaricni-kuharji tag-italija tag-kuharji\" data-elementor-post-type=\"elementor_library\" data-custom-edit-handle=\"1\">\n\t\t\t<div class=\"elementor-element elementor-element-2c7360c e-flex e-con-boxed e-con e-parent\" data-id=\"2c7360c\" data-element_type=\"container\" data-e-type=\"container\">\n\t\t\t\t\t<div class=\"e-con-inner\">\n\t\t\t\t<div class=\"elementor-element elementor-element-5022c10 elementor-widget elementor-widget-theme-post-featured-image elementor-widget-image\" data-id=\"5022c10\" data-element_type=\"widget\" data-e-type=\"widget\" data-widget_type=\"theme-post-featured-image.default\">\n\t\t\t\t<div class=\"elementor-widget-container\">\n\t\t\t\t\t\t\t\t\t\t\t\t\t\t\t\t<a href=\"https:\/\/www.visitklagenfurt.at\/sl\/dnevi-alpsko-jadranske-kuhinje\/kulinaricni-kuharji\/francesco-benetton\/\">\n\t\t\t\t\t\t\t<img loading=\"lazy\" decoding=\"async\" width=\"768\" height=\"555\" src=\"https:\/\/www.visitklagenfurt.at\/wp-content\/uploads\/2024\/07\/IMG_20230531_155830183_PORTRAIT.jpg\" class=\"attachment-medium_large size-medium_large wp-image-67079\" alt=\"\" \/>\t\t\t\t\t\t\t\t<\/a>\n\t\t\t\t\t\t\t\t\t\t\t\t\t\t\t<\/div>\n\t\t\t\t<\/div>\n\t\t<div class=\"elementor-element elementor-element-4c1b20e e-con-full e-flex e-con e-child\" data-id=\"4c1b20e\" data-element_type=\"container\" data-e-type=\"container\">\n\t\t\t\t<div class=\"elementor-element elementor-element-a6614d2 elementor-widget elementor-widget-theme-post-title elementor-page-title elementor-widget-heading\" data-id=\"a6614d2\" data-element_type=\"widget\" data-e-type=\"widget\" data-widget_type=\"theme-post-title.default\">\n\t\t\t\t<div class=\"elementor-widget-container\">\n\t\t\t\t\t<p class=\"elementor-heading-title elementor-size-default\"><a href=\"https:\/\/www.visitklagenfurt.at\/sl\/dnevi-alpsko-jadranske-kuhinje\/kulinaricni-kuharji\/francesco-benetton\/\">Francesco Benetton<\/a><\/p>\t\t\t\t<\/div>\n\t\t\t\t<\/div>\n\t\t\t\t<\/div>\n\t\t\t\t<div class=\"elementor-element elementor-element-c7d0c19 elementor-widget elementor-widget-image\" data-id=\"c7d0c19\" data-element_type=\"widget\" data-e-type=\"widget\" data-widget_type=\"image.default\">\n\t\t\t\t<div class=\"elementor-widget-container\">\n\t\t\t\t\t\t\t\t\t\t\t\t\t\t\t<img loading=\"lazy\" decoding=\"async\" width=\"128\" height=\"128\" src=\"https:\/\/www.visitklagenfurt.at\/wp-content\/uploads\/2024\/07\/italy.jpg\" class=\"attachment-large size-large wp-image-66244\" alt=\"\" \/>\t\t\t\t\t\t\t\t\t\t\t\t\t\t\t<\/div>\n\t\t\t\t<\/div>\n\t\t\t\t\t<\/div>\n\t\t\t\t<\/div>\n\t\t\t\t<\/div>\n\t\t\t\t<div data-elementor-type=\"loop-item\" data-elementor-id=\"66232\" class=\"elementor elementor-66232 e-loop-item e-loop-item-76475 post-76475 post type-post status-publish format-standard has-post-thumbnail hentry category-kulinaricni-kuharji tag-avstrija tag-kuharji\" data-elementor-post-type=\"elementor_library\" data-custom-edit-handle=\"1\">\n\t\t\t<div class=\"elementor-element elementor-element-2c7360c e-flex e-con-boxed e-con e-parent\" data-id=\"2c7360c\" data-element_type=\"container\" data-e-type=\"container\">\n\t\t\t\t\t<div class=\"e-con-inner\">\n\t\t\t\t<div class=\"elementor-element elementor-element-5022c10 elementor-widget elementor-widget-theme-post-featured-image elementor-widget-image\" data-id=\"5022c10\" data-element_type=\"widget\" data-e-type=\"widget\" data-widget_type=\"theme-post-featured-image.default\">\n\t\t\t\t<div class=\"elementor-widget-container\">\n\t\t\t\t\t\t\t\t\t\t\t\t\t\t\t\t<a href=\"https:\/\/www.visitklagenfurt.at\/sl\/dnevi-alpsko-jadranske-kuhinje\/kulinaricni-kuharji\/franz-unteregger\/\">\n\t\t\t\t\t\t\t<img loading=\"lazy\" decoding=\"async\" width=\"768\" height=\"512\" src=\"https:\/\/www.visitklagenfurt.at\/wp-content\/uploads\/2025\/07\/franz-unteregger-lido-terrasse_DerHandler.jpg\" class=\"attachment-medium_large size-medium_large wp-image-75022\" alt=\"\" \/>\t\t\t\t\t\t\t\t<\/a>\n\t\t\t\t\t\t\t\t\t\t\t\t\t\t\t<\/div>\n\t\t\t\t<\/div>\n\t\t<div class=\"elementor-element elementor-element-4c1b20e e-con-full e-flex e-con e-child\" data-id=\"4c1b20e\" data-element_type=\"container\" data-e-type=\"container\">\n\t\t\t\t<div class=\"elementor-element elementor-element-a6614d2 elementor-widget elementor-widget-theme-post-title elementor-page-title elementor-widget-heading\" data-id=\"a6614d2\" data-element_type=\"widget\" data-e-type=\"widget\" data-widget_type=\"theme-post-title.default\">\n\t\t\t\t<div class=\"elementor-widget-container\">\n\t\t\t\t\t<p class=\"elementor-heading-title elementor-size-default\"><a href=\"https:\/\/www.visitklagenfurt.at\/sl\/dnevi-alpsko-jadranske-kuhinje\/kulinaricni-kuharji\/franz-unteregger\/\">Franz Unteregger<\/a><\/p>\t\t\t\t<\/div>\n\t\t\t\t<\/div>\n\t\t\t\t<\/div>\n\t\t\t\t<div class=\"elementor-element elementor-element-c7d0c19 elementor-widget elementor-widget-image\" data-id=\"c7d0c19\" data-element_type=\"widget\" data-e-type=\"widget\" data-widget_type=\"image.default\">\n\t\t\t\t<div class=\"elementor-widget-container\">\n\t\t\t\t\t\t\t\t\t\t\t\t\t\t\t<img decoding=\"async\" width=\"128\" height=\"128\" src=\"https:\/\/www.visitklagenfurt.at\/wp-content\/uploads\/2024\/07\/austria.jpg\" class=\"attachment-large size-large wp-image-66248\" alt=\"\" \/>\t\t\t\t\t\t\t\t\t\t\t\t\t\t\t<\/div>\n\t\t\t\t<\/div>\n\t\t\t\t\t<\/div>\n\t\t\t\t<\/div>\n\t\t\t\t<\/div>\n\t\t\t\t<div data-elementor-type=\"loop-item\" data-elementor-id=\"66232\" class=\"elementor elementor-66232 e-loop-item e-loop-item-76459 post-76459 post type-post status-publish format-standard has-post-thumbnail hentry category-kulinaricni-kuharji tag-italija tag-kuharji\" data-elementor-post-type=\"elementor_library\" data-custom-edit-handle=\"1\">\n\t\t\t<div class=\"elementor-element elementor-element-2c7360c e-flex e-con-boxed e-con e-parent\" data-id=\"2c7360c\" data-element_type=\"container\" data-e-type=\"container\">\n\t\t\t\t\t<div class=\"e-con-inner\">\n\t\t\t\t<div class=\"elementor-element elementor-element-5022c10 elementor-widget elementor-widget-theme-post-featured-image elementor-widget-image\" data-id=\"5022c10\" data-element_type=\"widget\" data-e-type=\"widget\" data-widget_type=\"theme-post-featured-image.default\">\n\t\t\t\t<div class=\"elementor-widget-container\">\n\t\t\t\t\t\t\t\t\t\t\t\t\t\t\t\t<a href=\"https:\/\/www.visitklagenfurt.at\/sl\/dnevi-alpsko-jadranske-kuhinje\/kulinaricni-kuharji\/gabriella-devetak\/\">\n\t\t\t\t\t\t\t<img loading=\"lazy\" decoding=\"async\" width=\"720\" height=\"1080\" src=\"https:\/\/www.visitklagenfurt.at\/wp-content\/uploads\/2025\/07\/Gabriella-Devetak-@Lokanda-Devetak-2.jpg\" class=\"attachment-medium_large size-medium_large wp-image-74518\" alt=\"\" \/>\t\t\t\t\t\t\t\t<\/a>\n\t\t\t\t\t\t\t\t\t\t\t\t\t\t\t<\/div>\n\t\t\t\t<\/div>\n\t\t<div class=\"elementor-element elementor-element-4c1b20e e-con-full e-flex e-con e-child\" data-id=\"4c1b20e\" data-element_type=\"container\" data-e-type=\"container\">\n\t\t\t\t<div class=\"elementor-element elementor-element-a6614d2 elementor-widget elementor-widget-theme-post-title elementor-page-title elementor-widget-heading\" data-id=\"a6614d2\" data-element_type=\"widget\" data-e-type=\"widget\" data-widget_type=\"theme-post-title.default\">\n\t\t\t\t<div class=\"elementor-widget-container\">\n\t\t\t\t\t<p class=\"elementor-heading-title elementor-size-default\"><a href=\"https:\/\/www.visitklagenfurt.at\/sl\/dnevi-alpsko-jadranske-kuhinje\/kulinaricni-kuharji\/gabriella-devetak\/\">Gabriella Devetak<\/a><\/p>\t\t\t\t<\/div>\n\t\t\t\t<\/div>\n\t\t\t\t<\/div>\n\t\t\t\t<div class=\"elementor-element elementor-element-c7d0c19 elementor-widget elementor-widget-image\" data-id=\"c7d0c19\" data-element_type=\"widget\" data-e-type=\"widget\" data-widget_type=\"image.default\">\n\t\t\t\t<div class=\"elementor-widget-container\">\n\t\t\t\t\t\t\t\t\t\t\t\t\t\t\t<img loading=\"lazy\" decoding=\"async\" width=\"128\" height=\"128\" src=\"https:\/\/www.visitklagenfurt.at\/wp-content\/uploads\/2024\/07\/italy.jpg\" class=\"attachment-large size-large wp-image-66244\" alt=\"\" \/>\t\t\t\t\t\t\t\t\t\t\t\t\t\t\t<\/div>\n\t\t\t\t<\/div>\n\t\t\t\t\t<\/div>\n\t\t\t\t<\/div>\n\t\t\t\t<\/div>\n\t\t\t\t<div data-elementor-type=\"loop-item\" data-elementor-id=\"66232\" class=\"elementor elementor-66232 e-loop-item e-loop-item-76432 post-76432 post type-post status-publish format-standard has-post-thumbnail hentry category-kulinaricni-kuharji tag-kuharji tag-slovenija\" data-elementor-post-type=\"elementor_library\" data-custom-edit-handle=\"1\">\n\t\t\t<div class=\"elementor-element elementor-element-2c7360c e-flex e-con-boxed e-con e-parent\" data-id=\"2c7360c\" data-element_type=\"container\" data-e-type=\"container\">\n\t\t\t\t\t<div class=\"e-con-inner\">\n\t\t\t\t<div class=\"elementor-element elementor-element-5022c10 elementor-widget elementor-widget-theme-post-featured-image elementor-widget-image\" data-id=\"5022c10\" data-element_type=\"widget\" data-e-type=\"widget\" data-widget_type=\"theme-post-featured-image.default\">\n\t\t\t\t<div class=\"elementor-widget-container\">\n\t\t\t\t\t\t\t\t\t\t\t\t\t\t\t\t<a href=\"https:\/\/www.visitklagenfurt.at\/sl\/dnevi-alpsko-jadranske-kuhinje\/kulinaricni-kuharji\/gasper-kordez\/\">\n\t\t\t\t\t\t\t<img loading=\"lazy\" decoding=\"async\" width=\"768\" height=\"512\" src=\"https:\/\/www.visitklagenfurt.at\/wp-content\/uploads\/2025\/07\/Gasper-Kordez_Foto-Nejc-Vurnik_1.jpg\" class=\"attachment-medium_large size-medium_large wp-image-74383\" alt=\"\" \/>\t\t\t\t\t\t\t\t<\/a>\n\t\t\t\t\t\t\t\t\t\t\t\t\t\t\t<\/div>\n\t\t\t\t<\/div>\n\t\t<div class=\"elementor-element elementor-element-4c1b20e e-con-full e-flex e-con e-child\" data-id=\"4c1b20e\" data-element_type=\"container\" data-e-type=\"container\">\n\t\t\t\t<div class=\"elementor-element elementor-element-a6614d2 elementor-widget elementor-widget-theme-post-title elementor-page-title elementor-widget-heading\" data-id=\"a6614d2\" data-element_type=\"widget\" data-e-type=\"widget\" data-widget_type=\"theme-post-title.default\">\n\t\t\t\t<div class=\"elementor-widget-container\">\n\t\t\t\t\t<p class=\"elementor-heading-title elementor-size-default\"><a href=\"https:\/\/www.visitklagenfurt.at\/sl\/dnevi-alpsko-jadranske-kuhinje\/kulinaricni-kuharji\/gasper-kordez\/\">Ga\u0161per Korde\u017e<\/a><\/p>\t\t\t\t<\/div>\n\t\t\t\t<\/div>\n\t\t\t\t<\/div>\n\t\t\t\t<div class=\"elementor-element elementor-element-c7d0c19 elementor-widget elementor-widget-image\" data-id=\"c7d0c19\" data-element_type=\"widget\" data-e-type=\"widget\" data-widget_type=\"image.default\">\n\t\t\t\t<div class=\"elementor-widget-container\">\n\t\t\t\t\t\t\t\t\t\t\t\t\t\t\t<img loading=\"lazy\" decoding=\"async\" width=\"128\" height=\"128\" src=\"https:\/\/www.visitklagenfurt.at\/wp-content\/uploads\/2024\/07\/slovenia.jpg\" class=\"attachment-large size-large wp-image-66240\" alt=\"\" \/>\t\t\t\t\t\t\t\t\t\t\t\t\t\t\t<\/div>\n\t\t\t\t<\/div>\n\t\t\t\t\t<\/div>\n\t\t\t\t<\/div>\n\t\t\t\t<\/div>\n\t\t\t\t<div data-elementor-type=\"loop-item\" data-elementor-id=\"66232\" class=\"elementor elementor-66232 e-loop-item e-loop-item-76519 post-76519 post type-post status-publish format-standard has-post-thumbnail hentry category-kulinaricni-kuharji tag-italija tag-kuharji\" data-elementor-post-type=\"elementor_library\" data-custom-edit-handle=\"1\">\n\t\t\t<div class=\"elementor-element elementor-element-2c7360c e-flex e-con-boxed e-con e-parent\" data-id=\"2c7360c\" data-element_type=\"container\" data-e-type=\"container\">\n\t\t\t\t\t<div class=\"e-con-inner\">\n\t\t\t\t<div class=\"elementor-element elementor-element-5022c10 elementor-widget elementor-widget-theme-post-featured-image elementor-widget-image\" data-id=\"5022c10\" data-element_type=\"widget\" data-e-type=\"widget\" data-widget_type=\"theme-post-featured-image.default\">\n\t\t\t\t<div class=\"elementor-widget-container\">\n\t\t\t\t\t\t\t\t\t\t\t\t\t\t\t\t<a href=\"https:\/\/www.visitklagenfurt.at\/sl\/dnevi-alpsko-jadranske-kuhinje\/kulinaricni-kuharji\/giuliano-baldessari\/\">\n\t\t\t\t\t\t\t<img loading=\"lazy\" decoding=\"async\" width=\"768\" height=\"576\" src=\"https:\/\/www.visitklagenfurt.at\/wp-content\/uploads\/2025\/07\/aquacrua50009.jpg\" class=\"attachment-medium_large size-medium_large wp-image-74487\" alt=\"\" \/>\t\t\t\t\t\t\t\t<\/a>\n\t\t\t\t\t\t\t\t\t\t\t\t\t\t\t<\/div>\n\t\t\t\t<\/div>\n\t\t<div class=\"elementor-element elementor-element-4c1b20e e-con-full e-flex e-con e-child\" data-id=\"4c1b20e\" data-element_type=\"container\" data-e-type=\"container\">\n\t\t\t\t<div class=\"elementor-element elementor-element-a6614d2 elementor-widget elementor-widget-theme-post-title elementor-page-title elementor-widget-heading\" data-id=\"a6614d2\" data-element_type=\"widget\" data-e-type=\"widget\" data-widget_type=\"theme-post-title.default\">\n\t\t\t\t<div class=\"elementor-widget-container\">\n\t\t\t\t\t<p class=\"elementor-heading-title elementor-size-default\"><a href=\"https:\/\/www.visitklagenfurt.at\/sl\/dnevi-alpsko-jadranske-kuhinje\/kulinaricni-kuharji\/giuliano-baldessari\/\">Giuliano Baldessari<\/a><\/p>\t\t\t\t<\/div>\n\t\t\t\t<\/div>\n\t\t\t\t<\/div>\n\t\t\t\t<div class=\"elementor-element elementor-element-c7d0c19 elementor-widget elementor-widget-image\" data-id=\"c7d0c19\" data-element_type=\"widget\" data-e-type=\"widget\" data-widget_type=\"image.default\">\n\t\t\t\t<div class=\"elementor-widget-container\">\n\t\t\t\t\t\t\t\t\t\t\t\t\t\t\t<img loading=\"lazy\" decoding=\"async\" width=\"128\" height=\"128\" src=\"https:\/\/www.visitklagenfurt.at\/wp-content\/uploads\/2024\/07\/italy.jpg\" class=\"attachment-large size-large wp-image-66244\" alt=\"\" \/>\t\t\t\t\t\t\t\t\t\t\t\t\t\t\t<\/div>\n\t\t\t\t<\/div>\n\t\t\t\t\t<\/div>\n\t\t\t\t<\/div>\n\t\t\t\t<\/div>\n\t\t\t\t<div data-elementor-type=\"loop-item\" data-elementor-id=\"66232\" class=\"elementor elementor-66232 e-loop-item e-loop-item-79970 post-79970 post type-post status-publish format-standard has-post-thumbnail hentry category-kulinaricni-kuharji tag-italija tag-kuharji\" data-elementor-post-type=\"elementor_library\" data-custom-edit-handle=\"1\">\n\t\t\t<div class=\"elementor-element elementor-element-2c7360c e-flex e-con-boxed e-con e-parent\" data-id=\"2c7360c\" data-element_type=\"container\" data-e-type=\"container\">\n\t\t\t\t\t<div class=\"e-con-inner\">\n\t\t\t\t<div class=\"elementor-element elementor-element-5022c10 elementor-widget elementor-widget-theme-post-featured-image elementor-widget-image\" data-id=\"5022c10\" data-element_type=\"widget\" data-e-type=\"widget\" data-widget_type=\"theme-post-featured-image.default\">\n\t\t\t\t<div class=\"elementor-widget-container\">\n\t\t\t\t\t\t\t\t\t\t\t\t\t\t\t\t<a href=\"https:\/\/www.visitklagenfurt.at\/sl\/dnevi-alpsko-jadranske-kuhinje\/kulinaricni-kuharji\/gloria-clama\/\">\n\t\t\t\t\t\t\t<img loading=\"lazy\" decoding=\"async\" width=\"768\" height=\"512\" src=\"https:\/\/www.visitklagenfurt.at\/wp-content\/uploads\/2026\/07\/GLORIA-CLAMA.jpg\" class=\"attachment-medium_large size-medium_large wp-image-79109\" alt=\"\" \/>\t\t\t\t\t\t\t\t<\/a>\n\t\t\t\t\t\t\t\t\t\t\t\t\t\t\t<\/div>\n\t\t\t\t<\/div>\n\t\t<div class=\"elementor-element elementor-element-4c1b20e e-con-full e-flex e-con e-child\" data-id=\"4c1b20e\" data-element_type=\"container\" data-e-type=\"container\">\n\t\t\t\t<div class=\"elementor-element elementor-element-a6614d2 elementor-widget elementor-widget-theme-post-title elementor-page-title elementor-widget-heading\" data-id=\"a6614d2\" data-element_type=\"widget\" data-e-type=\"widget\" data-widget_type=\"theme-post-title.default\">\n\t\t\t\t<div class=\"elementor-widget-container\">\n\t\t\t\t\t<p class=\"elementor-heading-title elementor-size-default\"><a href=\"https:\/\/www.visitklagenfurt.at\/sl\/dnevi-alpsko-jadranske-kuhinje\/kulinaricni-kuharji\/gloria-clama\/\">Gloria Clama<\/a><\/p>\t\t\t\t<\/div>\n\t\t\t\t<\/div>\n\t\t\t\t<\/div>\n\t\t\t\t<div class=\"elementor-element elementor-element-c7d0c19 elementor-widget elementor-widget-image\" data-id=\"c7d0c19\" data-element_type=\"widget\" data-e-type=\"widget\" data-widget_type=\"image.default\">\n\t\t\t\t<div class=\"elementor-widget-container\">\n\t\t\t\t\t\t\t\t\t\t\t\t\t\t\t<img loading=\"lazy\" decoding=\"async\" width=\"128\" height=\"128\" src=\"https:\/\/www.visitklagenfurt.at\/wp-content\/uploads\/2024\/07\/italy.jpg\" class=\"attachment-large size-large wp-image-66244\" alt=\"\" \/>\t\t\t\t\t\t\t\t\t\t\t\t\t\t\t<\/div>\n\t\t\t\t<\/div>\n\t\t\t\t\t<\/div>\n\t\t\t\t<\/div>\n\t\t\t\t<\/div>\n\t\t\t\t<div data-elementor-type=\"loop-item\" data-elementor-id=\"66232\" class=\"elementor elementor-66232 e-loop-item e-loop-item-80005 post-80005 post type-post status-publish format-standard has-post-thumbnail hentry category-kulinaricni-kuharji tag-avstrija tag-kuharji\" data-elementor-post-type=\"elementor_library\" data-custom-edit-handle=\"1\">\n\t\t\t<div class=\"elementor-element elementor-element-2c7360c e-flex e-con-boxed e-con e-parent\" data-id=\"2c7360c\" data-element_type=\"container\" data-e-type=\"container\">\n\t\t\t\t\t<div class=\"e-con-inner\">\n\t\t\t\t<div class=\"elementor-element elementor-element-5022c10 elementor-widget elementor-widget-theme-post-featured-image elementor-widget-image\" data-id=\"5022c10\" data-element_type=\"widget\" data-e-type=\"widget\" data-widget_type=\"theme-post-featured-image.default\">\n\t\t\t\t<div class=\"elementor-widget-container\">\n\t\t\t\t\t\t\t\t\t\t\t\t\t\t\t\t<a href=\"https:\/\/www.visitklagenfurt.at\/sl\/dnevi-alpsko-jadranske-kuhinje\/kulinaricni-kuharji\/gottfried-bachler\/\">\n\t\t\t\t\t\t\t<img loading=\"lazy\" decoding=\"async\" width=\"768\" height=\"622\" src=\"https:\/\/www.visitklagenfurt.at\/wp-content\/uploads\/2026\/07\/Gottfried-Bachler_1.jpg\" class=\"attachment-medium_large size-medium_large wp-image-79012\" alt=\"\" \/>\t\t\t\t\t\t\t\t<\/a>\n\t\t\t\t\t\t\t\t\t\t\t\t\t\t\t<\/div>\n\t\t\t\t<\/div>\n\t\t<div class=\"elementor-element elementor-element-4c1b20e e-con-full e-flex e-con e-child\" data-id=\"4c1b20e\" data-element_type=\"container\" data-e-type=\"container\">\n\t\t\t\t<div class=\"elementor-element elementor-element-a6614d2 elementor-widget elementor-widget-theme-post-title elementor-page-title elementor-widget-heading\" data-id=\"a6614d2\" data-element_type=\"widget\" data-e-type=\"widget\" data-widget_type=\"theme-post-title.default\">\n\t\t\t\t<div class=\"elementor-widget-container\">\n\t\t\t\t\t<p class=\"elementor-heading-title elementor-size-default\"><a href=\"https:\/\/www.visitklagenfurt.at\/sl\/dnevi-alpsko-jadranske-kuhinje\/kulinaricni-kuharji\/gottfried-bachler\/\">Gottfried Bachler<\/a><\/p>\t\t\t\t<\/div>\n\t\t\t\t<\/div>\n\t\t\t\t<\/div>\n\t\t\t\t<div class=\"elementor-element elementor-element-c7d0c19 elementor-widget elementor-widget-image\" data-id=\"c7d0c19\" data-element_type=\"widget\" data-e-type=\"widget\" data-widget_type=\"image.default\">\n\t\t\t\t<div class=\"elementor-widget-container\">\n\t\t\t\t\t\t\t\t\t\t\t\t\t\t\t<img decoding=\"async\" width=\"128\" height=\"128\" src=\"https:\/\/www.visitklagenfurt.at\/wp-content\/uploads\/2024\/07\/austria.jpg\" class=\"attachment-large size-large wp-image-66248\" alt=\"\" \/>\t\t\t\t\t\t\t\t\t\t\t\t\t\t\t<\/div>\n\t\t\t\t<\/div>\n\t\t\t\t\t<\/div>\n\t\t\t\t<\/div>\n\t\t\t\t<\/div>\n\t\t\t\t<div data-elementor-type=\"loop-item\" data-elementor-id=\"66232\" class=\"elementor elementor-66232 e-loop-item e-loop-item-76498 post-76498 post type-post status-publish format-standard has-post-thumbnail hentry category-kulinaricni-kuharji tag-avstrija tag-kuharji\" data-elementor-post-type=\"elementor_library\" data-custom-edit-handle=\"1\">\n\t\t\t<div class=\"elementor-element elementor-element-2c7360c e-flex e-con-boxed e-con e-parent\" data-id=\"2c7360c\" data-element_type=\"container\" data-e-type=\"container\">\n\t\t\t\t\t<div class=\"e-con-inner\">\n\t\t\t\t<div class=\"elementor-element elementor-element-5022c10 elementor-widget elementor-widget-theme-post-featured-image elementor-widget-image\" data-id=\"5022c10\" data-element_type=\"widget\" data-e-type=\"widget\" data-widget_type=\"theme-post-featured-image.default\">\n\t\t\t\t<div class=\"elementor-widget-container\">\n\t\t\t\t\t\t\t\t\t\t\t\t\t\t\t\t<a href=\"https:\/\/www.visitklagenfurt.at\/sl\/dnevi-alpsko-jadranske-kuhinje\/kulinaricni-kuharji\/gregor-sajovic\/\">\n\t\t\t\t\t\t\t<img loading=\"lazy\" decoding=\"async\" width=\"768\" height=\"659\" src=\"https:\/\/www.visitklagenfurt.at\/wp-content\/uploads\/2020\/12\/Gregor-Sajovic-Kuechenchef-2.jpg\" class=\"attachment-medium_large size-medium_large wp-image-27189\" alt=\"\" \/>\t\t\t\t\t\t\t\t<\/a>\n\t\t\t\t\t\t\t\t\t\t\t\t\t\t\t<\/div>\n\t\t\t\t<\/div>\n\t\t<div class=\"elementor-element elementor-element-4c1b20e e-con-full e-flex e-con e-child\" data-id=\"4c1b20e\" data-element_type=\"container\" data-e-type=\"container\">\n\t\t\t\t<div class=\"elementor-element elementor-element-a6614d2 elementor-widget elementor-widget-theme-post-title elementor-page-title elementor-widget-heading\" data-id=\"a6614d2\" data-element_type=\"widget\" data-e-type=\"widget\" data-widget_type=\"theme-post-title.default\">\n\t\t\t\t<div class=\"elementor-widget-container\">\n\t\t\t\t\t<p class=\"elementor-heading-title elementor-size-default\"><a href=\"https:\/\/www.visitklagenfurt.at\/sl\/dnevi-alpsko-jadranske-kuhinje\/kulinaricni-kuharji\/gregor-sajovic\/\">Gregor Sajovic<\/a><\/p>\t\t\t\t<\/div>\n\t\t\t\t<\/div>\n\t\t\t\t<\/div>\n\t\t\t\t<div class=\"elementor-element elementor-element-c7d0c19 elementor-widget elementor-widget-image\" data-id=\"c7d0c19\" data-element_type=\"widget\" data-e-type=\"widget\" data-widget_type=\"image.default\">\n\t\t\t\t<div class=\"elementor-widget-container\">\n\t\t\t\t\t\t\t\t\t\t\t\t\t\t\t<img decoding=\"async\" width=\"128\" height=\"128\" src=\"https:\/\/www.visitklagenfurt.at\/wp-content\/uploads\/2024\/07\/austria.jpg\" class=\"attachment-large size-large wp-image-66248\" alt=\"\" \/>\t\t\t\t\t\t\t\t\t\t\t\t\t\t\t<\/div>\n\t\t\t\t<\/div>\n\t\t\t\t\t<\/div>\n\t\t\t\t<\/div>\n\t\t\t\t<\/div>\n\t\t\t\t<div data-elementor-type=\"loop-item\" data-elementor-id=\"66232\" class=\"elementor elementor-66232 e-loop-item e-loop-item-79972 post-79972 post type-post status-publish format-standard has-post-thumbnail hentry category-kulinaricni-kuharji tag-avstrija tag-kuharji\" data-elementor-post-type=\"elementor_library\" data-custom-edit-handle=\"1\">\n\t\t\t<div class=\"elementor-element elementor-element-2c7360c e-flex e-con-boxed e-con e-parent\" data-id=\"2c7360c\" data-element_type=\"container\" data-e-type=\"container\">\n\t\t\t\t\t<div class=\"e-con-inner\">\n\t\t\t\t<div class=\"elementor-element elementor-element-5022c10 elementor-widget elementor-widget-theme-post-featured-image elementor-widget-image\" data-id=\"5022c10\" data-element_type=\"widget\" data-e-type=\"widget\" data-widget_type=\"theme-post-featured-image.default\">\n\t\t\t\t<div class=\"elementor-widget-container\">\n\t\t\t\t\t\t\t\t\t\t\t\t\t\t\t\t<a href=\"https:\/\/www.visitklagenfurt.at\/sl\/dnevi-alpsko-jadranske-kuhinje\/kulinaricni-kuharji\/gregor-sajovic-2\/\">\n\t\t\t\t\t\t\t<img loading=\"lazy\" decoding=\"async\" width=\"768\" height=\"900\" src=\"https:\/\/www.visitklagenfurt.at\/wp-content\/uploads\/2026\/07\/Gregor-Sajovic-Kuechenchef.jpg\" class=\"attachment-medium_large size-medium_large wp-image-79077\" alt=\"\" \/>\t\t\t\t\t\t\t\t<\/a>\n\t\t\t\t\t\t\t\t\t\t\t\t\t\t\t<\/div>\n\t\t\t\t<\/div>\n\t\t<div class=\"elementor-element elementor-element-4c1b20e e-con-full e-flex e-con e-child\" data-id=\"4c1b20e\" data-element_type=\"container\" data-e-type=\"container\">\n\t\t\t\t<div class=\"elementor-element elementor-element-a6614d2 elementor-widget elementor-widget-theme-post-title elementor-page-title elementor-widget-heading\" data-id=\"a6614d2\" data-element_type=\"widget\" data-e-type=\"widget\" data-widget_type=\"theme-post-title.default\">\n\t\t\t\t<div class=\"elementor-widget-container\">\n\t\t\t\t\t<p class=\"elementor-heading-title elementor-size-default\"><a href=\"https:\/\/www.visitklagenfurt.at\/sl\/dnevi-alpsko-jadranske-kuhinje\/kulinaricni-kuharji\/gregor-sajovic-2\/\">Gregor Sajovi\u0107<\/a><\/p>\t\t\t\t<\/div>\n\t\t\t\t<\/div>\n\t\t\t\t<\/div>\n\t\t\t\t<div class=\"elementor-element elementor-element-c7d0c19 elementor-widget elementor-widget-image\" data-id=\"c7d0c19\" data-element_type=\"widget\" data-e-type=\"widget\" data-widget_type=\"image.default\">\n\t\t\t\t<div class=\"elementor-widget-container\">\n\t\t\t\t\t\t\t\t\t\t\t\t\t\t\t<img decoding=\"async\" width=\"128\" height=\"128\" src=\"https:\/\/www.visitklagenfurt.at\/wp-content\/uploads\/2024\/07\/austria.jpg\" class=\"attachment-large size-large wp-image-66248\" alt=\"\" \/>\t\t\t\t\t\t\t\t\t\t\t\t\t\t\t<\/div>\n\t\t\t\t<\/div>\n\t\t\t\t\t<\/div>\n\t\t\t\t<\/div>\n\t\t\t\t<\/div>\n\t\t\t\t<div data-elementor-type=\"loop-item\" data-elementor-id=\"66232\" class=\"elementor elementor-66232 e-loop-item e-loop-item-76423 post-76423 post type-post status-publish format-standard has-post-thumbnail hentry category-kulinaricni-kuharji tag-avstrija tag-kuharji\" data-elementor-post-type=\"elementor_library\" data-custom-edit-handle=\"1\">\n\t\t\t<div class=\"elementor-element elementor-element-2c7360c e-flex e-con-boxed e-con e-parent\" data-id=\"2c7360c\" data-element_type=\"container\" data-e-type=\"container\">\n\t\t\t\t\t<div class=\"e-con-inner\">\n\t\t\t\t<div class=\"elementor-element elementor-element-5022c10 elementor-widget elementor-widget-theme-post-featured-image elementor-widget-image\" data-id=\"5022c10\" data-element_type=\"widget\" data-e-type=\"widget\" data-widget_type=\"theme-post-featured-image.default\">\n\t\t\t\t<div class=\"elementor-widget-container\">\n\t\t\t\t\t\t\t\t\t\t\t\t\t\t\t\t<a href=\"https:\/\/www.visitklagenfurt.at\/sl\/dnevi-alpsko-jadranske-kuhinje\/kulinaricni-kuharji\/genusstisch-am-benediktinermarkt\/\">\n\t\t\t\t\t\t\t<img loading=\"lazy\" decoding=\"async\" width=\"766\" height=\"1080\" src=\"https:\/\/www.visitklagenfurt.at\/wp-content\/uploads\/2025\/08\/DSC03095-2.jpg\" class=\"attachment-medium_large size-medium_large wp-image-75647\" alt=\"\" \/>\t\t\t\t\t\t\t\t<\/a>\n\t\t\t\t\t\t\t\t\t\t\t\t\t\t\t<\/div>\n\t\t\t\t<\/div>\n\t\t<div class=\"elementor-element elementor-element-4c1b20e e-con-full e-flex e-con e-child\" data-id=\"4c1b20e\" data-element_type=\"container\" data-e-type=\"container\">\n\t\t\t\t<div class=\"elementor-element elementor-element-a6614d2 elementor-widget elementor-widget-theme-post-title elementor-page-title elementor-widget-heading\" data-id=\"a6614d2\" data-element_type=\"widget\" data-e-type=\"widget\" data-widget_type=\"theme-post-title.default\">\n\t\t\t\t<div class=\"elementor-widget-container\">\n\t\t\t\t\t<p class=\"elementor-heading-title elementor-size-default\"><a href=\"https:\/\/www.visitklagenfurt.at\/sl\/dnevi-alpsko-jadranske-kuhinje\/kulinaricni-kuharji\/genusstisch-am-benediktinermarkt\/\">Gurmanska miza na trgu Benediktinermarkt<\/a><\/p>\t\t\t\t<\/div>\n\t\t\t\t<\/div>\n\t\t\t\t<\/div>\n\t\t\t\t<div class=\"elementor-element elementor-element-c7d0c19 elementor-widget elementor-widget-image\" data-id=\"c7d0c19\" data-element_type=\"widget\" data-e-type=\"widget\" data-widget_type=\"image.default\">\n\t\t\t\t<div class=\"elementor-widget-container\">\n\t\t\t\t\t\t\t\t\t\t\t\t\t\t\t<img decoding=\"async\" width=\"128\" height=\"128\" src=\"https:\/\/www.visitklagenfurt.at\/wp-content\/uploads\/2024\/07\/austria.jpg\" class=\"attachment-large size-large wp-image-66248\" alt=\"\" \/>\t\t\t\t\t\t\t\t\t\t\t\t\t\t\t<\/div>\n\t\t\t\t<\/div>\n\t\t\t\t\t<\/div>\n\t\t\t\t<\/div>\n\t\t\t\t<\/div>\n\t\t\t\t<div data-elementor-type=\"loop-item\" data-elementor-id=\"66232\" class=\"elementor elementor-66232 e-loop-item e-loop-item-76473 post-76473 post type-post status-publish format-standard has-post-thumbnail hentry category-kulinaricni-kuharji tag-avstrija tag-kuharji\" data-elementor-post-type=\"elementor_library\" data-custom-edit-handle=\"1\">\n\t\t\t<div class=\"elementor-element elementor-element-2c7360c e-flex e-con-boxed e-con e-parent\" data-id=\"2c7360c\" data-element_type=\"container\" data-e-type=\"container\">\n\t\t\t\t\t<div class=\"e-con-inner\">\n\t\t\t\t<div class=\"elementor-element elementor-element-5022c10 elementor-widget elementor-widget-theme-post-featured-image elementor-widget-image\" data-id=\"5022c10\" data-element_type=\"widget\" data-e-type=\"widget\" data-widget_type=\"theme-post-featured-image.default\">\n\t\t\t\t<div class=\"elementor-widget-container\">\n\t\t\t\t\t\t\t\t\t\t\t\t\t\t\t\t<a href=\"https:\/\/www.visitklagenfurt.at\/sl\/dnevi-alpsko-jadranske-kuhinje\/kulinaricni-kuharji\/hannes-mueller\/\">\n\t\t\t\t\t\t\t<img loading=\"lazy\" decoding=\"async\" width=\"768\" height=\"512\" src=\"https:\/\/www.visitklagenfurt.at\/wp-content\/uploads\/2025\/07\/die-forelle-hannes-mueller_cMartin-Lugger.jpg\" class=\"attachment-medium_large size-medium_large wp-image-74242\" alt=\"\" \/>\t\t\t\t\t\t\t\t<\/a>\n\t\t\t\t\t\t\t\t\t\t\t\t\t\t\t<\/div>\n\t\t\t\t<\/div>\n\t\t<div class=\"elementor-element elementor-element-4c1b20e e-con-full e-flex e-con e-child\" data-id=\"4c1b20e\" data-element_type=\"container\" data-e-type=\"container\">\n\t\t\t\t<div class=\"elementor-element elementor-element-a6614d2 elementor-widget elementor-widget-theme-post-title elementor-page-title elementor-widget-heading\" data-id=\"a6614d2\" data-element_type=\"widget\" data-e-type=\"widget\" data-widget_type=\"theme-post-title.default\">\n\t\t\t\t<div class=\"elementor-widget-container\">\n\t\t\t\t\t<p class=\"elementor-heading-title elementor-size-default\"><a href=\"https:\/\/www.visitklagenfurt.at\/sl\/dnevi-alpsko-jadranske-kuhinje\/kulinaricni-kuharji\/hannes-mueller\/\">Hannes M\u00fcller<\/a><\/p>\t\t\t\t<\/div>\n\t\t\t\t<\/div>\n\t\t\t\t<\/div>\n\t\t\t\t<div class=\"elementor-element elementor-element-c7d0c19 elementor-widget elementor-widget-image\" data-id=\"c7d0c19\" data-element_type=\"widget\" data-e-type=\"widget\" data-widget_type=\"image.default\">\n\t\t\t\t<div class=\"elementor-widget-container\">\n\t\t\t\t\t\t\t\t\t\t\t\t\t\t\t<img decoding=\"async\" width=\"128\" height=\"128\" src=\"https:\/\/www.visitklagenfurt.at\/wp-content\/uploads\/2024\/07\/austria.jpg\" class=\"attachment-large size-large wp-image-66248\" alt=\"\" \/>\t\t\t\t\t\t\t\t\t\t\t\t\t\t\t<\/div>\n\t\t\t\t<\/div>\n\t\t\t\t\t<\/div>\n\t\t\t\t<\/div>\n\t\t\t\t<\/div>\n\t\t\t\t<div data-elementor-type=\"loop-item\" data-elementor-id=\"66232\" class=\"elementor elementor-66232 e-loop-item e-loop-item-76514 post-76514 post type-post status-publish format-standard has-post-thumbnail hentry category-kulinaricni-kuharji tag-kuharji tag-slovenija\" data-elementor-post-type=\"elementor_library\" data-custom-edit-handle=\"1\">\n\t\t\t<div class=\"elementor-element elementor-element-2c7360c e-flex e-con-boxed e-con e-parent\" data-id=\"2c7360c\" data-element_type=\"container\" data-e-type=\"container\">\n\t\t\t\t\t<div class=\"e-con-inner\">\n\t\t\t\t<div class=\"elementor-element elementor-element-5022c10 elementor-widget elementor-widget-theme-post-featured-image elementor-widget-image\" data-id=\"5022c10\" data-element_type=\"widget\" data-e-type=\"widget\" data-widget_type=\"theme-post-featured-image.default\">\n\t\t\t\t<div class=\"elementor-widget-container\">\n\t\t\t\t\t\t\t\t\t\t\t\t\t\t\t\t<a href=\"https:\/\/www.visitklagenfurt.at\/sl\/dnevi-alpsko-jadranske-kuhinje\/kulinaricni-kuharji\/janez-bratovz\/\">\n\t\t\t\t\t\t\t<img loading=\"lazy\" decoding=\"async\" width=\"768\" height=\"872\" src=\"https:\/\/www.visitklagenfurt.at\/wp-content\/uploads\/2020\/12\/4.jpg\" class=\"attachment-medium_large size-medium_large wp-image-49354\" alt=\"\" \/>\t\t\t\t\t\t\t\t<\/a>\n\t\t\t\t\t\t\t\t\t\t\t\t\t\t\t<\/div>\n\t\t\t\t<\/div>\n\t\t<div class=\"elementor-element elementor-element-4c1b20e e-con-full e-flex e-con e-child\" data-id=\"4c1b20e\" data-element_type=\"container\" data-e-type=\"container\">\n\t\t\t\t<div class=\"elementor-element elementor-element-a6614d2 elementor-widget elementor-widget-theme-post-title elementor-page-title elementor-widget-heading\" data-id=\"a6614d2\" data-element_type=\"widget\" data-e-type=\"widget\" data-widget_type=\"theme-post-title.default\">\n\t\t\t\t<div class=\"elementor-widget-container\">\n\t\t\t\t\t<p class=\"elementor-heading-title elementor-size-default\"><a href=\"https:\/\/www.visitklagenfurt.at\/sl\/dnevi-alpsko-jadranske-kuhinje\/kulinaricni-kuharji\/janez-bratovz\/\">Janez Bratov\u017e<\/a><\/p>\t\t\t\t<\/div>\n\t\t\t\t<\/div>\n\t\t\t\t<\/div>\n\t\t\t\t<div class=\"elementor-element elementor-element-c7d0c19 elementor-widget elementor-widget-image\" data-id=\"c7d0c19\" data-element_type=\"widget\" data-e-type=\"widget\" data-widget_type=\"image.default\">\n\t\t\t\t<div class=\"elementor-widget-container\">\n\t\t\t\t\t\t\t\t\t\t\t\t\t\t\t<img loading=\"lazy\" decoding=\"async\" width=\"128\" height=\"128\" src=\"https:\/\/www.visitklagenfurt.at\/wp-content\/uploads\/2024\/07\/slovenia.jpg\" class=\"attachment-large size-large wp-image-66240\" alt=\"\" \/>\t\t\t\t\t\t\t\t\t\t\t\t\t\t\t<\/div>\n\t\t\t\t<\/div>\n\t\t\t\t\t<\/div>\n\t\t\t\t<\/div>\n\t\t\t\t<\/div>\n\t\t\t\t<div data-elementor-type=\"loop-item\" data-elementor-id=\"66232\" class=\"elementor elementor-66232 e-loop-item e-loop-item-79945 post-79945 post type-post status-publish format-standard has-post-thumbnail hentry category-kulinaricni-kuharji tag-kuharji tag-slovenija\" data-elementor-post-type=\"elementor_library\" data-custom-edit-handle=\"1\">\n\t\t\t<div class=\"elementor-element elementor-element-2c7360c e-flex e-con-boxed e-con e-parent\" data-id=\"2c7360c\" data-element_type=\"container\" data-e-type=\"container\">\n\t\t\t\t\t<div class=\"e-con-inner\">\n\t\t\t\t<div class=\"elementor-element elementor-element-5022c10 elementor-widget elementor-widget-theme-post-featured-image elementor-widget-image\" data-id=\"5022c10\" data-element_type=\"widget\" data-e-type=\"widget\" data-widget_type=\"theme-post-featured-image.default\">\n\t\t\t\t<div class=\"elementor-widget-container\">\n\t\t\t\t\t\t\t\t\t\t\t\t\t\t\t\t<a href=\"https:\/\/www.visitklagenfurt.at\/sl\/dnevi-alpsko-jadranske-kuhinje\/kulinaricni-kuharji\/jon-zupan\/\">\n\t\t\t\t\t\t\t<img loading=\"lazy\" decoding=\"async\" width=\"768\" height=\"1152\" src=\"https:\/\/www.visitklagenfurt.at\/wp-content\/uploads\/2026\/07\/Jon-Zupan_Triangel-Botique-Hotel_1.jpg\" class=\"attachment-medium_large size-medium_large wp-image-79139\" alt=\"\" \/>\t\t\t\t\t\t\t\t<\/a>\n\t\t\t\t\t\t\t\t\t\t\t\t\t\t\t<\/div>\n\t\t\t\t<\/div>\n\t\t<div class=\"elementor-element elementor-element-4c1b20e e-con-full e-flex e-con e-child\" data-id=\"4c1b20e\" data-element_type=\"container\" data-e-type=\"container\">\n\t\t\t\t<div class=\"elementor-element elementor-element-a6614d2 elementor-widget elementor-widget-theme-post-title elementor-page-title elementor-widget-heading\" data-id=\"a6614d2\" data-element_type=\"widget\" data-e-type=\"widget\" data-widget_type=\"theme-post-title.default\">\n\t\t\t\t<div class=\"elementor-widget-container\">\n\t\t\t\t\t<p class=\"elementor-heading-title elementor-size-default\"><a href=\"https:\/\/www.visitklagenfurt.at\/sl\/dnevi-alpsko-jadranske-kuhinje\/kulinaricni-kuharji\/jon-zupan\/\">Jon Zupan<\/a><\/p>\t\t\t\t<\/div>\n\t\t\t\t<\/div>\n\t\t\t\t<\/div>\n\t\t\t\t<div class=\"elementor-element elementor-element-c7d0c19 elementor-widget elementor-widget-image\" data-id=\"c7d0c19\" data-element_type=\"widget\" data-e-type=\"widget\" data-widget_type=\"image.default\">\n\t\t\t\t<div class=\"elementor-widget-container\">\n\t\t\t\t\t\t\t\t\t\t\t\t\t\t\t<img loading=\"lazy\" decoding=\"async\" width=\"128\" height=\"128\" src=\"https:\/\/www.visitklagenfurt.at\/wp-content\/uploads\/2024\/07\/slovenia.jpg\" class=\"attachment-large size-large wp-image-66240\" alt=\"\" \/>\t\t\t\t\t\t\t\t\t\t\t\t\t\t\t<\/div>\n\t\t\t\t<\/div>\n\t\t\t\t\t<\/div>\n\t\t\t\t<\/div>\n\t\t\t\t<\/div>\n\t\t\t\t<div data-elementor-type=\"loop-item\" data-elementor-id=\"66232\" class=\"elementor elementor-66232 e-loop-item e-loop-item-76503 post-76503 post type-post status-publish format-standard has-post-thumbnail hentry category-kulinaricni-kuharji tag-avstrija tag-kuharji\" data-elementor-post-type=\"elementor_library\" data-custom-edit-handle=\"1\">\n\t\t\t<div class=\"elementor-element elementor-element-2c7360c e-flex e-con-boxed e-con e-parent\" data-id=\"2c7360c\" data-element_type=\"container\" data-e-type=\"container\">\n\t\t\t\t\t<div class=\"e-con-inner\">\n\t\t\t\t<div class=\"elementor-element elementor-element-5022c10 elementor-widget elementor-widget-theme-post-featured-image elementor-widget-image\" data-id=\"5022c10\" data-element_type=\"widget\" data-e-type=\"widget\" data-widget_type=\"theme-post-featured-image.default\">\n\t\t\t\t<div class=\"elementor-widget-container\">\n\t\t\t\t\t\t\t\t\t\t\t\t\t\t\t\t<a href=\"https:\/\/www.visitklagenfurt.at\/sl\/dnevi-alpsko-jadranske-kuhinje\/kulinaricni-kuharji\/josef-muehlmann\/\">\n\t\t\t\t\t\t\t<img loading=\"lazy\" decoding=\"async\" width=\"768\" height=\"668\" src=\"https:\/\/www.visitklagenfurt.at\/wp-content\/uploads\/2024\/07\/Josef-Muehlmann_aberjungGmbH.jpg\" class=\"attachment-medium_large size-medium_large wp-image-67225\" alt=\"\" \/>\t\t\t\t\t\t\t\t<\/a>\n\t\t\t\t\t\t\t\t\t\t\t\t\t\t\t<\/div>\n\t\t\t\t<\/div>\n\t\t<div class=\"elementor-element elementor-element-4c1b20e e-con-full e-flex e-con e-child\" data-id=\"4c1b20e\" data-element_type=\"container\" data-e-type=\"container\">\n\t\t\t\t<div class=\"elementor-element elementor-element-a6614d2 elementor-widget elementor-widget-theme-post-title elementor-page-title elementor-widget-heading\" data-id=\"a6614d2\" data-element_type=\"widget\" data-e-type=\"widget\" data-widget_type=\"theme-post-title.default\">\n\t\t\t\t<div class=\"elementor-widget-container\">\n\t\t\t\t\t<p class=\"elementor-heading-title elementor-size-default\"><a href=\"https:\/\/www.visitklagenfurt.at\/sl\/dnevi-alpsko-jadranske-kuhinje\/kulinaricni-kuharji\/josef-muehlmann\/\">Josef M\u00fchlmann<\/a><\/p>\t\t\t\t<\/div>\n\t\t\t\t<\/div>\n\t\t\t\t<\/div>\n\t\t\t\t<div class=\"elementor-element elementor-element-c7d0c19 elementor-widget elementor-widget-image\" data-id=\"c7d0c19\" data-element_type=\"widget\" data-e-type=\"widget\" data-widget_type=\"image.default\">\n\t\t\t\t<div class=\"elementor-widget-container\">\n\t\t\t\t\t\t\t\t\t\t\t\t\t\t\t<img decoding=\"async\" width=\"128\" height=\"128\" src=\"https:\/\/www.visitklagenfurt.at\/wp-content\/uploads\/2024\/07\/austria.jpg\" class=\"attachment-large size-large wp-image-66248\" alt=\"\" \/>\t\t\t\t\t\t\t\t\t\t\t\t\t\t\t<\/div>\n\t\t\t\t<\/div>\n\t\t\t\t\t<\/div>\n\t\t\t\t<\/div>\n\t\t\t\t<\/div>\n\t\t\t\t<div data-elementor-type=\"loop-item\" data-elementor-id=\"66232\" class=\"elementor elementor-66232 e-loop-item e-loop-item-80013 post-80013 post type-post status-publish format-standard has-post-thumbnail hentry category-kulinaricni-kuharji tag-avstrija tag-kuharji\" data-elementor-post-type=\"elementor_library\" data-custom-edit-handle=\"1\">\n\t\t\t<div class=\"elementor-element elementor-element-2c7360c e-flex e-con-boxed e-con e-parent\" data-id=\"2c7360c\" data-element_type=\"container\" data-e-type=\"container\">\n\t\t\t\t\t<div class=\"e-con-inner\">\n\t\t\t\t<div class=\"elementor-element elementor-element-5022c10 elementor-widget elementor-widget-theme-post-featured-image elementor-widget-image\" data-id=\"5022c10\" data-element_type=\"widget\" data-e-type=\"widget\" data-widget_type=\"theme-post-featured-image.default\">\n\t\t\t\t<div class=\"elementor-widget-container\">\n\t\t\t\t\t\t\t\t\t\t\t\t\t\t\t\t<a href=\"https:\/\/www.visitklagenfurt.at\/sl\/dnevi-alpsko-jadranske-kuhinje\/kulinaricni-kuharji\/juergen-kruptschak\/\">\n\t\t\t\t\t\t\t<img loading=\"lazy\" decoding=\"async\" width=\"768\" height=\"975\" src=\"https:\/\/www.visitklagenfurt.at\/wp-content\/uploads\/2026\/07\/Juergen-Kruptschak_Slow-Food-Abend_Schweizerhaus_2021_tdaak_c-TVB-Klagenfurt-Lukas-Lenhardt-4.jpg\" class=\"attachment-medium_large size-medium_large wp-image-79018\" alt=\"\" \/>\t\t\t\t\t\t\t\t<\/a>\n\t\t\t\t\t\t\t\t\t\t\t\t\t\t\t<\/div>\n\t\t\t\t<\/div>\n\t\t<div class=\"elementor-element elementor-element-4c1b20e e-con-full e-flex e-con e-child\" data-id=\"4c1b20e\" data-element_type=\"container\" data-e-type=\"container\">\n\t\t\t\t<div class=\"elementor-element elementor-element-a6614d2 elementor-widget elementor-widget-theme-post-title elementor-page-title elementor-widget-heading\" data-id=\"a6614d2\" data-element_type=\"widget\" data-e-type=\"widget\" data-widget_type=\"theme-post-title.default\">\n\t\t\t\t<div class=\"elementor-widget-container\">\n\t\t\t\t\t<p class=\"elementor-heading-title elementor-size-default\"><a href=\"https:\/\/www.visitklagenfurt.at\/sl\/dnevi-alpsko-jadranske-kuhinje\/kulinaricni-kuharji\/juergen-kruptschak\/\">J\u00fcrgen Kruptschak<\/a><\/p>\t\t\t\t<\/div>\n\t\t\t\t<\/div>\n\t\t\t\t<\/div>\n\t\t\t\t<div class=\"elementor-element elementor-element-c7d0c19 elementor-widget elementor-widget-image\" data-id=\"c7d0c19\" data-element_type=\"widget\" data-e-type=\"widget\" data-widget_type=\"image.default\">\n\t\t\t\t<div class=\"elementor-widget-container\">\n\t\t\t\t\t\t\t\t\t\t\t\t\t\t\t<img decoding=\"async\" width=\"128\" height=\"128\" src=\"https:\/\/www.visitklagenfurt.at\/wp-content\/uploads\/2024\/07\/austria.jpg\" class=\"attachment-large size-large wp-image-66248\" alt=\"\" \/>\t\t\t\t\t\t\t\t\t\t\t\t\t\t\t<\/div>\n\t\t\t\t<\/div>\n\t\t\t\t\t<\/div>\n\t\t\t\t<\/div>\n\t\t\t\t<\/div>\n\t\t\t\t<div data-elementor-type=\"loop-item\" data-elementor-id=\"66232\" class=\"elementor elementor-66232 e-loop-item e-loop-item-76451 post-76451 post type-post status-publish format-standard has-post-thumbnail hentry category-kulinaricni-kuharji tag-avstrija tag-kuharji\" data-elementor-post-type=\"elementor_library\" data-custom-edit-handle=\"1\">\n\t\t\t<div class=\"elementor-element elementor-element-2c7360c e-flex e-con-boxed e-con e-parent\" data-id=\"2c7360c\" data-element_type=\"container\" data-e-type=\"container\">\n\t\t\t\t\t<div class=\"e-con-inner\">\n\t\t\t\t<div class=\"elementor-element elementor-element-5022c10 elementor-widget elementor-widget-theme-post-featured-image elementor-widget-image\" data-id=\"5022c10\" data-element_type=\"widget\" data-e-type=\"widget\" data-widget_type=\"theme-post-featured-image.default\">\n\t\t\t\t<div class=\"elementor-widget-container\">\n\t\t\t\t\t\t\t\t\t\t\t\t\t\t\t\t<a href=\"https:\/\/www.visitklagenfurt.at\/sl\/dnevi-alpsko-jadranske-kuhinje\/kulinaricni-kuharji\/leo-suppan\/\">\n\t\t\t\t\t\t\t<img loading=\"lazy\" decoding=\"async\" width=\"720\" height=\"1080\" src=\"https:\/\/www.visitklagenfurt.at\/wp-content\/uploads\/2025\/07\/WeingutKarnburg_Klagenfurt_LumenLetter_080725_01-2.jpg\" class=\"attachment-medium_large size-medium_large wp-image-75617\" alt=\"\" \/>\t\t\t\t\t\t\t\t<\/a>\n\t\t\t\t\t\t\t\t\t\t\t\t\t\t\t<\/div>\n\t\t\t\t<\/div>\n\t\t<div class=\"elementor-element elementor-element-4c1b20e e-con-full e-flex e-con e-child\" data-id=\"4c1b20e\" data-element_type=\"container\" data-e-type=\"container\">\n\t\t\t\t<div class=\"elementor-element elementor-element-a6614d2 elementor-widget elementor-widget-theme-post-title elementor-page-title elementor-widget-heading\" data-id=\"a6614d2\" data-element_type=\"widget\" data-e-type=\"widget\" data-widget_type=\"theme-post-title.default\">\n\t\t\t\t<div class=\"elementor-widget-container\">\n\t\t\t\t\t<p class=\"elementor-heading-title elementor-size-default\"><a href=\"https:\/\/www.visitklagenfurt.at\/sl\/dnevi-alpsko-jadranske-kuhinje\/kulinaricni-kuharji\/leo-suppan\/\">Leo Suppan<\/a><\/p>\t\t\t\t<\/div>\n\t\t\t\t<\/div>\n\t\t\t\t<\/div>\n\t\t\t\t<div class=\"elementor-element elementor-element-c7d0c19 elementor-widget elementor-widget-image\" data-id=\"c7d0c19\" data-element_type=\"widget\" data-e-type=\"widget\" data-widget_type=\"image.default\">\n\t\t\t\t<div class=\"elementor-widget-container\">\n\t\t\t\t\t\t\t\t\t\t\t\t\t\t\t<img decoding=\"async\" width=\"128\" height=\"128\" src=\"https:\/\/www.visitklagenfurt.at\/wp-content\/uploads\/2024\/07\/austria.jpg\" class=\"attachment-large size-large wp-image-66248\" alt=\"\" \/>\t\t\t\t\t\t\t\t\t\t\t\t\t\t\t<\/div>\n\t\t\t\t<\/div>\n\t\t\t\t\t<\/div>\n\t\t\t\t<\/div>\n\t\t\t\t<\/div>\n\t\t\t\t<div data-elementor-type=\"loop-item\" data-elementor-id=\"66232\" class=\"elementor elementor-66232 e-loop-item e-loop-item-76442 post-76442 post type-post status-publish format-standard has-post-thumbnail hentry category-kulinaricni-kuharji tag-avstrija tag-kuharji\" data-elementor-post-type=\"elementor_library\" data-custom-edit-handle=\"1\">\n\t\t\t<div class=\"elementor-element elementor-element-2c7360c e-flex e-con-boxed e-con e-parent\" data-id=\"2c7360c\" data-element_type=\"container\" data-e-type=\"container\">\n\t\t\t\t\t<div class=\"e-con-inner\">\n\t\t\t\t<div class=\"elementor-element elementor-element-5022c10 elementor-widget elementor-widget-theme-post-featured-image elementor-widget-image\" data-id=\"5022c10\" data-element_type=\"widget\" data-e-type=\"widget\" data-widget_type=\"theme-post-featured-image.default\">\n\t\t\t\t<div class=\"elementor-widget-container\">\n\t\t\t\t\t\t\t\t\t\t\t\t\t\t\t\t<a href=\"https:\/\/www.visitklagenfurt.at\/sl\/dnevi-alpsko-jadranske-kuhinje\/kulinaricni-kuharji\/luca-daniel-serfezeu\/\">\n\t\t\t\t\t\t\t<img loading=\"lazy\" decoding=\"async\" width=\"768\" height=\"511\" src=\"https:\/\/www.visitklagenfurt.at\/wp-content\/uploads\/2026\/07\/Luca-Serfeza-@MagdasLokal-4.jpg\" class=\"attachment-medium_large size-medium_large wp-image-79721\" alt=\"\" \/>\t\t\t\t\t\t\t\t<\/a>\n\t\t\t\t\t\t\t\t\t\t\t\t\t\t\t<\/div>\n\t\t\t\t<\/div>\n\t\t<div class=\"elementor-element elementor-element-4c1b20e e-con-full e-flex e-con e-child\" data-id=\"4c1b20e\" data-element_type=\"container\" data-e-type=\"container\">\n\t\t\t\t<div class=\"elementor-element elementor-element-a6614d2 elementor-widget elementor-widget-theme-post-title elementor-page-title elementor-widget-heading\" data-id=\"a6614d2\" data-element_type=\"widget\" data-e-type=\"widget\" data-widget_type=\"theme-post-title.default\">\n\t\t\t\t<div class=\"elementor-widget-container\">\n\t\t\t\t\t<p class=\"elementor-heading-title elementor-size-default\"><a href=\"https:\/\/www.visitklagenfurt.at\/sl\/dnevi-alpsko-jadranske-kuhinje\/kulinaricni-kuharji\/luca-daniel-serfezeu\/\">Luca-Daniel Serfezeu<\/a><\/p>\t\t\t\t<\/div>\n\t\t\t\t<\/div>\n\t\t\t\t<\/div>\n\t\t\t\t<div class=\"elementor-element elementor-element-c7d0c19 elementor-widget elementor-widget-image\" data-id=\"c7d0c19\" data-element_type=\"widget\" data-e-type=\"widget\" data-widget_type=\"image.default\">\n\t\t\t\t<div class=\"elementor-widget-container\">\n\t\t\t\t\t\t\t\t\t\t\t\t\t\t\t<img decoding=\"async\" width=\"128\" height=\"128\" src=\"https:\/\/www.visitklagenfurt.at\/wp-content\/uploads\/2024\/07\/austria.jpg\" class=\"attachment-large size-large wp-image-66248\" alt=\"\" \/>\t\t\t\t\t\t\t\t\t\t\t\t\t\t\t<\/div>\n\t\t\t\t<\/div>\n\t\t\t\t\t<\/div>\n\t\t\t\t<\/div>\n\t\t\t\t<\/div>\n\t\t\t\t<div data-elementor-type=\"loop-item\" data-elementor-id=\"66232\" class=\"elementor elementor-66232 e-loop-item e-loop-item-76511 post-76511 post type-post status-publish format-standard has-post-thumbnail hentry category-kulinaricni-kuharji tag-avstrija tag-kuharji\" data-elementor-post-type=\"elementor_library\" data-custom-edit-handle=\"1\">\n\t\t\t<div class=\"elementor-element elementor-element-2c7360c e-flex e-con-boxed e-con e-parent\" data-id=\"2c7360c\" data-element_type=\"container\" data-e-type=\"container\">\n\t\t\t\t\t<div class=\"e-con-inner\">\n\t\t\t\t<div class=\"elementor-element elementor-element-5022c10 elementor-widget elementor-widget-theme-post-featured-image elementor-widget-image\" data-id=\"5022c10\" data-element_type=\"widget\" data-e-type=\"widget\" data-widget_type=\"theme-post-featured-image.default\">\n\t\t\t\t<div class=\"elementor-widget-container\">\n\t\t\t\t\t\t\t\t\t\t\t\t\t\t\t\t<a href=\"https:\/\/www.visitklagenfurt.at\/sl\/dnevi-alpsko-jadranske-kuhinje\/kulinaricni-kuharji\/mario-ladinig\/\">\n\t\t\t\t\t\t\t<img loading=\"lazy\" decoding=\"async\" width=\"768\" height=\"986\" src=\"https:\/\/www.visitklagenfurt.at\/wp-content\/uploads\/2025\/07\/Mario-Ladinig_Dermuth_.jpg\" class=\"attachment-medium_large size-medium_large wp-image-74324\" alt=\"\" \/>\t\t\t\t\t\t\t\t<\/a>\n\t\t\t\t\t\t\t\t\t\t\t\t\t\t\t<\/div>\n\t\t\t\t<\/div>\n\t\t<div class=\"elementor-element elementor-element-4c1b20e e-con-full e-flex e-con e-child\" data-id=\"4c1b20e\" data-element_type=\"container\" data-e-type=\"container\">\n\t\t\t\t<div class=\"elementor-element elementor-element-a6614d2 elementor-widget elementor-widget-theme-post-title elementor-page-title elementor-widget-heading\" data-id=\"a6614d2\" data-element_type=\"widget\" data-e-type=\"widget\" data-widget_type=\"theme-post-title.default\">\n\t\t\t\t<div class=\"elementor-widget-container\">\n\t\t\t\t\t<p class=\"elementor-heading-title elementor-size-default\"><a href=\"https:\/\/www.visitklagenfurt.at\/sl\/dnevi-alpsko-jadranske-kuhinje\/kulinaricni-kuharji\/mario-ladinig\/\">Mario Ladinig<\/a><\/p>\t\t\t\t<\/div>\n\t\t\t\t<\/div>\n\t\t\t\t<\/div>\n\t\t\t\t<div class=\"elementor-element elementor-element-c7d0c19 elementor-widget elementor-widget-image\" data-id=\"c7d0c19\" data-element_type=\"widget\" data-e-type=\"widget\" data-widget_type=\"image.default\">\n\t\t\t\t<div class=\"elementor-widget-container\">\n\t\t\t\t\t\t\t\t\t\t\t\t\t\t\t<img decoding=\"async\" width=\"128\" height=\"128\" src=\"https:\/\/www.visitklagenfurt.at\/wp-content\/uploads\/2024\/07\/austria.jpg\" class=\"attachment-large size-large wp-image-66248\" alt=\"\" \/>\t\t\t\t\t\t\t\t\t\t\t\t\t\t\t<\/div>\n\t\t\t\t<\/div>\n\t\t\t\t\t<\/div>\n\t\t\t\t<\/div>\n\t\t\t\t<\/div>\n\t\t\t\t<div data-elementor-type=\"loop-item\" data-elementor-id=\"66232\" class=\"elementor elementor-66232 e-loop-item e-loop-item-79929 post-79929 post type-post status-publish format-standard has-post-thumbnail hentry category-kulinaricni-kuharji tag-avstrija tag-kuharji\" data-elementor-post-type=\"elementor_library\" data-custom-edit-handle=\"1\">\n\t\t\t<div class=\"elementor-element elementor-element-2c7360c e-flex e-con-boxed e-con e-parent\" data-id=\"2c7360c\" data-element_type=\"container\" data-e-type=\"container\">\n\t\t\t\t\t<div class=\"e-con-inner\">\n\t\t\t\t<div class=\"elementor-element elementor-element-5022c10 elementor-widget elementor-widget-theme-post-featured-image elementor-widget-image\" data-id=\"5022c10\" data-element_type=\"widget\" data-e-type=\"widget\" data-widget_type=\"theme-post-featured-image.default\">\n\t\t\t\t<div class=\"elementor-widget-container\">\n\t\t\t\t\t\t\t\t\t\t\t\t\t\t\t\t<a href=\"https:\/\/www.visitklagenfurt.at\/sl\/dnevi-alpsko-jadranske-kuhinje\/kulinaricni-kuharji\/mario-ladinig-2\/\">\n\t\t\t\t\t\t\t<img loading=\"lazy\" decoding=\"async\" width=\"768\" height=\"1023\" src=\"https:\/\/www.visitklagenfurt.at\/wp-content\/uploads\/2026\/07\/Mario-Ladinig_Dermuthx.jpg\" class=\"attachment-medium_large size-medium_large wp-image-79757\" alt=\"\" \/>\t\t\t\t\t\t\t\t<\/a>\n\t\t\t\t\t\t\t\t\t\t\t\t\t\t\t<\/div>\n\t\t\t\t<\/div>\n\t\t<div class=\"elementor-element elementor-element-4c1b20e e-con-full e-flex e-con e-child\" data-id=\"4c1b20e\" data-element_type=\"container\" data-e-type=\"container\">\n\t\t\t\t<div class=\"elementor-element elementor-element-a6614d2 elementor-widget elementor-widget-theme-post-title elementor-page-title elementor-widget-heading\" data-id=\"a6614d2\" data-element_type=\"widget\" data-e-type=\"widget\" data-widget_type=\"theme-post-title.default\">\n\t\t\t\t<div class=\"elementor-widget-container\">\n\t\t\t\t\t<p class=\"elementor-heading-title elementor-size-default\"><a href=\"https:\/\/www.visitklagenfurt.at\/sl\/dnevi-alpsko-jadranske-kuhinje\/kulinaricni-kuharji\/mario-ladinig-2\/\">Mario Ladinig<\/a><\/p>\t\t\t\t<\/div>\n\t\t\t\t<\/div>\n\t\t\t\t<\/div>\n\t\t\t\t<div class=\"elementor-element elementor-element-c7d0c19 elementor-widget elementor-widget-image\" data-id=\"c7d0c19\" data-element_type=\"widget\" data-e-type=\"widget\" data-widget_type=\"image.default\">\n\t\t\t\t<div class=\"elementor-widget-container\">\n\t\t\t\t\t\t\t\t\t\t\t\t\t\t\t<img decoding=\"async\" width=\"128\" height=\"128\" src=\"https:\/\/www.visitklagenfurt.at\/wp-content\/uploads\/2024\/07\/austria.jpg\" class=\"attachment-large size-large wp-image-66248\" alt=\"\" \/>\t\t\t\t\t\t\t\t\t\t\t\t\t\t\t<\/div>\n\t\t\t\t<\/div>\n\t\t\t\t\t<\/div>\n\t\t\t\t<\/div>\n\t\t\t\t<\/div>\n\t\t\t\t<div data-elementor-type=\"loop-item\" data-elementor-id=\"66232\" class=\"elementor elementor-66232 e-loop-item e-loop-item-79928 post-79928 post type-post status-publish format-standard has-post-thumbnail hentry category-kulinaricni-kuharji tag-kuharji tag-slovenija\" data-elementor-post-type=\"elementor_library\" data-custom-edit-handle=\"1\">\n\t\t\t<div class=\"elementor-element elementor-element-2c7360c e-flex e-con-boxed e-con e-parent\" data-id=\"2c7360c\" data-element_type=\"container\" data-e-type=\"container\">\n\t\t\t\t\t<div class=\"e-con-inner\">\n\t\t\t\t<div class=\"elementor-element elementor-element-5022c10 elementor-widget elementor-widget-theme-post-featured-image elementor-widget-image\" data-id=\"5022c10\" data-element_type=\"widget\" data-e-type=\"widget\" data-widget_type=\"theme-post-featured-image.default\">\n\t\t\t\t<div class=\"elementor-widget-container\">\n\t\t\t\t\t\t\t\t\t\t\t\t\t\t\t\t<a href=\"https:\/\/www.visitklagenfurt.at\/sl\/dnevi-alpsko-jadranske-kuhinje\/kulinaricni-kuharji\/martina-breznik\/\">\n\t\t\t\t\t\t\t<img loading=\"lazy\" decoding=\"async\" width=\"768\" height=\"960\" src=\"https:\/\/www.visitklagenfurt.at\/wp-content\/uploads\/2026\/07\/Hisa-Raduha-66.jpg\" class=\"attachment-medium_large size-medium_large wp-image-79728\" alt=\"\" \/>\t\t\t\t\t\t\t\t<\/a>\n\t\t\t\t\t\t\t\t\t\t\t\t\t\t\t<\/div>\n\t\t\t\t<\/div>\n\t\t<div class=\"elementor-element elementor-element-4c1b20e e-con-full e-flex e-con e-child\" data-id=\"4c1b20e\" data-element_type=\"container\" data-e-type=\"container\">\n\t\t\t\t<div class=\"elementor-element elementor-element-a6614d2 elementor-widget elementor-widget-theme-post-title elementor-page-title elementor-widget-heading\" data-id=\"a6614d2\" data-element_type=\"widget\" data-e-type=\"widget\" data-widget_type=\"theme-post-title.default\">\n\t\t\t\t<div class=\"elementor-widget-container\">\n\t\t\t\t\t<p class=\"elementor-heading-title elementor-size-default\"><a href=\"https:\/\/www.visitklagenfurt.at\/sl\/dnevi-alpsko-jadranske-kuhinje\/kulinaricni-kuharji\/martina-breznik\/\">Martina Breznik<\/a><\/p>\t\t\t\t<\/div>\n\t\t\t\t<\/div>\n\t\t\t\t<\/div>\n\t\t\t\t<div class=\"elementor-element elementor-element-c7d0c19 elementor-widget elementor-widget-image\" data-id=\"c7d0c19\" data-element_type=\"widget\" data-e-type=\"widget\" data-widget_type=\"image.default\">\n\t\t\t\t<div class=\"elementor-widget-container\">\n\t\t\t\t\t\t\t\t\t\t\t\t\t\t\t<img loading=\"lazy\" decoding=\"async\" width=\"128\" height=\"128\" src=\"https:\/\/www.visitklagenfurt.at\/wp-content\/uploads\/2024\/07\/slovenia.jpg\" class=\"attachment-large size-large wp-image-66240\" alt=\"\" \/>\t\t\t\t\t\t\t\t\t\t\t\t\t\t\t<\/div>\n\t\t\t\t<\/div>\n\t\t\t\t\t<\/div>\n\t\t\t\t<\/div>\n\t\t\t\t<\/div>\n\t\t\t\t<div data-elementor-type=\"loop-item\" data-elementor-id=\"66232\" class=\"elementor elementor-66232 e-loop-item e-loop-item-76437 post-76437 post type-post status-publish format-standard has-post-thumbnail hentry category-kulinaricni-kuharji tag-avstrija tag-kuharji\" data-elementor-post-type=\"elementor_library\" data-custom-edit-handle=\"1\">\n\t\t\t<div class=\"elementor-element elementor-element-2c7360c e-flex e-con-boxed e-con e-parent\" data-id=\"2c7360c\" data-element_type=\"container\" data-e-type=\"container\">\n\t\t\t\t\t<div class=\"e-con-inner\">\n\t\t\t\t<div class=\"elementor-element elementor-element-5022c10 elementor-widget elementor-widget-theme-post-featured-image elementor-widget-image\" data-id=\"5022c10\" data-element_type=\"widget\" data-e-type=\"widget\" data-widget_type=\"theme-post-featured-image.default\">\n\t\t\t\t<div class=\"elementor-widget-container\">\n\t\t\t\t\t\t\t\t\t\t\t\t\t\t\t\t<a href=\"https:\/\/www.visitklagenfurt.at\/sl\/dnevi-alpsko-jadranske-kuhinje\/kulinaricni-kuharji\/max-stiegl\/\">\n\t\t\t\t\t\t\t<img loading=\"lazy\" decoding=\"async\" width=\"768\" height=\"432\" src=\"https:\/\/www.visitklagenfurt.at\/wp-content\/uploads\/2020\/12\/MaxStiegl_Sauschaedl-c-Luzia-Ellert.jpg\" class=\"attachment-medium_large size-medium_large wp-image-26142\" alt=\"\" \/>\t\t\t\t\t\t\t\t<\/a>\n\t\t\t\t\t\t\t\t\t\t\t\t\t\t\t<\/div>\n\t\t\t\t<\/div>\n\t\t<div class=\"elementor-element elementor-element-4c1b20e e-con-full e-flex e-con e-child\" data-id=\"4c1b20e\" data-element_type=\"container\" data-e-type=\"container\">\n\t\t\t\t<div class=\"elementor-element elementor-element-a6614d2 elementor-widget elementor-widget-theme-post-title elementor-page-title elementor-widget-heading\" data-id=\"a6614d2\" data-element_type=\"widget\" data-e-type=\"widget\" data-widget_type=\"theme-post-title.default\">\n\t\t\t\t<div class=\"elementor-widget-container\">\n\t\t\t\t\t<p class=\"elementor-heading-title elementor-size-default\"><a href=\"https:\/\/www.visitklagenfurt.at\/sl\/dnevi-alpsko-jadranske-kuhinje\/kulinaricni-kuharji\/max-stiegl\/\">Max Stiegl<\/a><\/p>\t\t\t\t<\/div>\n\t\t\t\t<\/div>\n\t\t\t\t<\/div>\n\t\t\t\t<div class=\"elementor-element elementor-element-c7d0c19 elementor-widget elementor-widget-image\" data-id=\"c7d0c19\" data-element_type=\"widget\" data-e-type=\"widget\" data-widget_type=\"image.default\">\n\t\t\t\t<div class=\"elementor-widget-container\">\n\t\t\t\t\t\t\t\t\t\t\t\t\t\t\t<img decoding=\"async\" width=\"128\" height=\"128\" src=\"https:\/\/www.visitklagenfurt.at\/wp-content\/uploads\/2024\/07\/austria.jpg\" class=\"attachment-large size-large wp-image-66248\" alt=\"\" \/>\t\t\t\t\t\t\t\t\t\t\t\t\t\t\t<\/div>\n\t\t\t\t<\/div>\n\t\t\t\t\t<\/div>\n\t\t\t\t<\/div>\n\t\t\t\t<\/div>\n\t\t\t\t<div data-elementor-type=\"loop-item\" data-elementor-id=\"66232\" class=\"elementor elementor-66232 e-loop-item e-loop-item-76415 post-76415 post type-post status-publish format-standard has-post-thumbnail hentry category-kulinaricni-kuharji tag-avstrija tag-kuharji\" data-elementor-post-type=\"elementor_library\" data-custom-edit-handle=\"1\">\n\t\t\t<div class=\"elementor-element elementor-element-2c7360c e-flex e-con-boxed e-con e-parent\" data-id=\"2c7360c\" data-element_type=\"container\" data-e-type=\"container\">\n\t\t\t\t\t<div class=\"e-con-inner\">\n\t\t\t\t<div class=\"elementor-element elementor-element-5022c10 elementor-widget elementor-widget-theme-post-featured-image elementor-widget-image\" data-id=\"5022c10\" data-element_type=\"widget\" data-e-type=\"widget\" data-widget_type=\"theme-post-featured-image.default\">\n\t\t\t\t<div class=\"elementor-widget-container\">\n\t\t\t\t\t\t\t\t\t\t\t\t\t\t\t\t<a href=\"https:\/\/www.visitklagenfurt.at\/sl\/dnevi-alpsko-jadranske-kuhinje\/kulinaricni-kuharji\/otmar-feistritzer\/\">\n\t\t\t\t\t\t\t<img loading=\"lazy\" decoding=\"async\" width=\"768\" height=\"1024\" src=\"https:\/\/www.visitklagenfurt.at\/wp-content\/uploads\/2025\/07\/alpenadriagrillen_seltenheim_2025_c-Mischitz-Media-9.jpg\" class=\"attachment-medium_large size-medium_large wp-image-74985\" alt=\"\" \/>\t\t\t\t\t\t\t\t<\/a>\n\t\t\t\t\t\t\t\t\t\t\t\t\t\t\t<\/div>\n\t\t\t\t<\/div>\n\t\t<div class=\"elementor-element elementor-element-4c1b20e e-con-full e-flex e-con e-child\" data-id=\"4c1b20e\" data-element_type=\"container\" data-e-type=\"container\">\n\t\t\t\t<div class=\"elementor-element elementor-element-a6614d2 elementor-widget elementor-widget-theme-post-title elementor-page-title elementor-widget-heading\" data-id=\"a6614d2\" data-element_type=\"widget\" data-e-type=\"widget\" data-widget_type=\"theme-post-title.default\">\n\t\t\t\t<div class=\"elementor-widget-container\">\n\t\t\t\t\t<p class=\"elementor-heading-title elementor-size-default\"><a href=\"https:\/\/www.visitklagenfurt.at\/sl\/dnevi-alpsko-jadranske-kuhinje\/kulinaricni-kuharji\/otmar-feistritzer\/\">Otmar Feistritzer<\/a><\/p>\t\t\t\t<\/div>\n\t\t\t\t<\/div>\n\t\t\t\t<\/div>\n\t\t\t\t<div class=\"elementor-element elementor-element-c7d0c19 elementor-widget elementor-widget-image\" data-id=\"c7d0c19\" data-element_type=\"widget\" data-e-type=\"widget\" data-widget_type=\"image.default\">\n\t\t\t\t<div class=\"elementor-widget-container\">\n\t\t\t\t\t\t\t\t\t\t\t\t\t\t\t<img decoding=\"async\" width=\"128\" height=\"128\" src=\"https:\/\/www.visitklagenfurt.at\/wp-content\/uploads\/2024\/07\/austria.jpg\" class=\"attachment-large size-large wp-image-66248\" alt=\"\" \/>\t\t\t\t\t\t\t\t\t\t\t\t\t\t\t<\/div>\n\t\t\t\t<\/div>\n\t\t\t\t\t<\/div>\n\t\t\t\t<\/div>\n\t\t\t\t<\/div>\n\t\t\t\t<div data-elementor-type=\"loop-item\" data-elementor-id=\"66232\" class=\"elementor elementor-66232 e-loop-item e-loop-item-76429 post-76429 post type-post status-publish format-standard has-post-thumbnail hentry category-kulinaricni-kuharji tag-avstrija tag-kuharji\" data-elementor-post-type=\"elementor_library\" data-custom-edit-handle=\"1\">\n\t\t\t<div class=\"elementor-element elementor-element-2c7360c e-flex e-con-boxed e-con e-parent\" data-id=\"2c7360c\" data-element_type=\"container\" data-e-type=\"container\">\n\t\t\t\t\t<div class=\"e-con-inner\">\n\t\t\t\t<div class=\"elementor-element elementor-element-5022c10 elementor-widget elementor-widget-theme-post-featured-image elementor-widget-image\" data-id=\"5022c10\" data-element_type=\"widget\" data-e-type=\"widget\" data-widget_type=\"theme-post-featured-image.default\">\n\t\t\t\t<div class=\"elementor-widget-container\">\n\t\t\t\t\t\t\t\t\t\t\t\t\t\t\t\t<a href=\"https:\/\/www.visitklagenfurt.at\/sl\/dnevi-alpsko-jadranske-kuhinje\/kulinaricni-kuharji\/patrick-feichter\/\">\n\t\t\t\t\t\t\t<img loading=\"lazy\" decoding=\"async\" width=\"768\" height=\"608\" src=\"https:\/\/www.visitklagenfurt.at\/wp-content\/uploads\/2024\/08\/Patrick-Feichter_Landhaushof.jpg\" class=\"attachment-medium_large size-medium_large wp-image-67600\" alt=\"\" \/>\t\t\t\t\t\t\t\t<\/a>\n\t\t\t\t\t\t\t\t\t\t\t\t\t\t\t<\/div>\n\t\t\t\t<\/div>\n\t\t<div class=\"elementor-element elementor-element-4c1b20e e-con-full e-flex e-con e-child\" data-id=\"4c1b20e\" data-element_type=\"container\" data-e-type=\"container\">\n\t\t\t\t<div class=\"elementor-element elementor-element-a6614d2 elementor-widget elementor-widget-theme-post-title elementor-page-title elementor-widget-heading\" data-id=\"a6614d2\" data-element_type=\"widget\" data-e-type=\"widget\" data-widget_type=\"theme-post-title.default\">\n\t\t\t\t<div class=\"elementor-widget-container\">\n\t\t\t\t\t<p class=\"elementor-heading-title elementor-size-default\"><a href=\"https:\/\/www.visitklagenfurt.at\/sl\/dnevi-alpsko-jadranske-kuhinje\/kulinaricni-kuharji\/patrick-feichter\/\">Patrick Feichter<\/a><\/p>\t\t\t\t<\/div>\n\t\t\t\t<\/div>\n\t\t\t\t<\/div>\n\t\t\t\t<div class=\"elementor-element elementor-element-c7d0c19 elementor-widget elementor-widget-image\" data-id=\"c7d0c19\" data-element_type=\"widget\" data-e-type=\"widget\" data-widget_type=\"image.default\">\n\t\t\t\t<div class=\"elementor-widget-container\">\n\t\t\t\t\t\t\t\t\t\t\t\t\t\t\t<img decoding=\"async\" width=\"128\" height=\"128\" src=\"https:\/\/www.visitklagenfurt.at\/wp-content\/uploads\/2024\/07\/austria.jpg\" class=\"attachment-large size-large wp-image-66248\" alt=\"\" \/>\t\t\t\t\t\t\t\t\t\t\t\t\t\t\t<\/div>\n\t\t\t\t<\/div>\n\t\t\t\t\t<\/div>\n\t\t\t\t<\/div>\n\t\t\t\t<\/div>\n\t\t\t\t<div data-elementor-type=\"loop-item\" data-elementor-id=\"66232\" class=\"elementor elementor-66232 e-loop-item e-loop-item-76447 post-76447 post type-post status-publish format-standard has-post-thumbnail hentry category-kulinaricni-kuharji tag-avstrija tag-kuharji\" data-elementor-post-type=\"elementor_library\" data-custom-edit-handle=\"1\">\n\t\t\t<div class=\"elementor-element elementor-element-2c7360c e-flex e-con-boxed e-con e-parent\" data-id=\"2c7360c\" data-element_type=\"container\" data-e-type=\"container\">\n\t\t\t\t\t<div class=\"e-con-inner\">\n\t\t\t\t<div class=\"elementor-element elementor-element-5022c10 elementor-widget elementor-widget-theme-post-featured-image elementor-widget-image\" data-id=\"5022c10\" data-element_type=\"widget\" data-e-type=\"widget\" data-widget_type=\"theme-post-featured-image.default\">\n\t\t\t\t<div class=\"elementor-widget-container\">\n\t\t\t\t\t\t\t\t\t\t\t\t\t\t\t\t<a href=\"https:\/\/www.visitklagenfurt.at\/sl\/dnevi-alpsko-jadranske-kuhinje\/kulinaricni-kuharji\/peter-troissinger-jun\/\">\n\t\t\t\t\t\t\t<img loading=\"lazy\" decoding=\"async\" width=\"768\" height=\"511\" src=\"https:\/\/www.visitklagenfurt.at\/wp-content\/uploads\/2025\/07\/Peter-Troissinger-jun.-2.jpg\" class=\"attachment-medium_large size-medium_large wp-image-74764\" alt=\"\" \/>\t\t\t\t\t\t\t\t<\/a>\n\t\t\t\t\t\t\t\t\t\t\t\t\t\t\t<\/div>\n\t\t\t\t<\/div>\n\t\t<div class=\"elementor-element elementor-element-4c1b20e e-con-full e-flex e-con e-child\" data-id=\"4c1b20e\" data-element_type=\"container\" data-e-type=\"container\">\n\t\t\t\t<div class=\"elementor-element elementor-element-a6614d2 elementor-widget elementor-widget-theme-post-title elementor-page-title elementor-widget-heading\" data-id=\"a6614d2\" data-element_type=\"widget\" data-e-type=\"widget\" data-widget_type=\"theme-post-title.default\">\n\t\t\t\t<div class=\"elementor-widget-container\">\n\t\t\t\t\t<p class=\"elementor-heading-title elementor-size-default\"><a href=\"https:\/\/www.visitklagenfurt.at\/sl\/dnevi-alpsko-jadranske-kuhinje\/kulinaricni-kuharji\/peter-troissinger-jun\/\">Peter Troi\u00dfinger ml.<\/a><\/p>\t\t\t\t<\/div>\n\t\t\t\t<\/div>\n\t\t\t\t<\/div>\n\t\t\t\t<div class=\"elementor-element elementor-element-c7d0c19 elementor-widget elementor-widget-image\" data-id=\"c7d0c19\" data-element_type=\"widget\" data-e-type=\"widget\" data-widget_type=\"image.default\">\n\t\t\t\t<div class=\"elementor-widget-container\">\n\t\t\t\t\t\t\t\t\t\t\t\t\t\t\t<img decoding=\"async\" width=\"128\" height=\"128\" src=\"https:\/\/www.visitklagenfurt.at\/wp-content\/uploads\/2024\/07\/austria.jpg\" class=\"attachment-large size-large wp-image-66248\" alt=\"\" \/>\t\t\t\t\t\t\t\t\t\t\t\t\t\t\t<\/div>\n\t\t\t\t<\/div>\n\t\t\t\t\t<\/div>\n\t\t\t\t<\/div>\n\t\t\t\t<\/div>\n\t\t\t\t<div data-elementor-type=\"loop-item\" data-elementor-id=\"66232\" class=\"elementor elementor-66232 e-loop-item e-loop-item-79985 post-79985 post type-post status-publish format-standard has-post-thumbnail hentry category-kulinaricni-kuharji tag-avstrija tag-kuharji\" data-elementor-post-type=\"elementor_library\" data-custom-edit-handle=\"1\">\n\t\t\t<div class=\"elementor-element elementor-element-2c7360c e-flex e-con-boxed e-con e-parent\" data-id=\"2c7360c\" data-element_type=\"container\" data-e-type=\"container\">\n\t\t\t\t\t<div class=\"e-con-inner\">\n\t\t\t\t<div class=\"elementor-element elementor-element-5022c10 elementor-widget elementor-widget-theme-post-featured-image elementor-widget-image\" data-id=\"5022c10\" data-element_type=\"widget\" data-e-type=\"widget\" data-widget_type=\"theme-post-featured-image.default\">\n\t\t\t\t<div class=\"elementor-widget-container\">\n\t\t\t\t\t\t\t\t\t\t\t\t\t\t\t\t<a href=\"https:\/\/www.visitklagenfurt.at\/sl\/dnevi-alpsko-jadranske-kuhinje\/kulinaricni-kuharji\/robert-sagmeister-2\/\">\n\t\t\t\t\t\t\t<img loading=\"lazy\" decoding=\"async\" width=\"768\" height=\"938\" src=\"https:\/\/www.visitklagenfurt.at\/wp-content\/uploads\/2026\/07\/PHOTO-2024-07-26-07-40-51_1.jpg\" class=\"attachment-medium_large size-medium_large wp-image-79068\" alt=\"\" \/>\t\t\t\t\t\t\t\t<\/a>\n\t\t\t\t\t\t\t\t\t\t\t\t\t\t\t<\/div>\n\t\t\t\t<\/div>\n\t\t<div class=\"elementor-element elementor-element-4c1b20e e-con-full e-flex e-con e-child\" data-id=\"4c1b20e\" data-element_type=\"container\" data-e-type=\"container\">\n\t\t\t\t<div class=\"elementor-element elementor-element-a6614d2 elementor-widget elementor-widget-theme-post-title elementor-page-title elementor-widget-heading\" data-id=\"a6614d2\" data-element_type=\"widget\" data-e-type=\"widget\" data-widget_type=\"theme-post-title.default\">\n\t\t\t\t<div class=\"elementor-widget-container\">\n\t\t\t\t\t<p class=\"elementor-heading-title elementor-size-default\"><a href=\"https:\/\/www.visitklagenfurt.at\/sl\/dnevi-alpsko-jadranske-kuhinje\/kulinaricni-kuharji\/robert-sagmeister-2\/\">Robert Sagmeister<\/a><\/p>\t\t\t\t<\/div>\n\t\t\t\t<\/div>\n\t\t\t\t<\/div>\n\t\t\t\t<div class=\"elementor-element elementor-element-c7d0c19 elementor-widget elementor-widget-image\" data-id=\"c7d0c19\" data-element_type=\"widget\" data-e-type=\"widget\" data-widget_type=\"image.default\">\n\t\t\t\t<div class=\"elementor-widget-container\">\n\t\t\t\t\t\t\t\t\t\t\t\t\t\t\t<img decoding=\"async\" width=\"128\" height=\"128\" src=\"https:\/\/www.visitklagenfurt.at\/wp-content\/uploads\/2024\/07\/austria.jpg\" class=\"attachment-large size-large wp-image-66248\" alt=\"\" \/>\t\t\t\t\t\t\t\t\t\t\t\t\t\t\t<\/div>\n\t\t\t\t<\/div>\n\t\t\t\t\t<\/div>\n\t\t\t\t<\/div>\n\t\t\t\t<\/div>\n\t\t\t\t<div data-elementor-type=\"loop-item\" data-elementor-id=\"66232\" class=\"elementor elementor-66232 e-loop-item e-loop-item-76462 post-76462 post type-post status-publish format-standard has-post-thumbnail hentry category-kulinaricni-kuharji tag-italija tag-kuharji\" data-elementor-post-type=\"elementor_library\" data-custom-edit-handle=\"1\">\n\t\t\t<div class=\"elementor-element elementor-element-2c7360c e-flex e-con-boxed e-con e-parent\" data-id=\"2c7360c\" data-element_type=\"container\" data-e-type=\"container\">\n\t\t\t\t\t<div class=\"e-con-inner\">\n\t\t\t\t<div class=\"elementor-element elementor-element-5022c10 elementor-widget elementor-widget-theme-post-featured-image elementor-widget-image\" data-id=\"5022c10\" data-element_type=\"widget\" data-e-type=\"widget\" data-widget_type=\"theme-post-featured-image.default\">\n\t\t\t\t<div class=\"elementor-widget-container\">\n\t\t\t\t\t\t\t\t\t\t\t\t\t\t\t\t<a href=\"https:\/\/www.visitklagenfurt.at\/sl\/dnevi-alpsko-jadranske-kuhinje\/kulinaricni-kuharji\/serena-franzolin\/\">\n\t\t\t\t\t\t\t<img loading=\"lazy\" decoding=\"async\" width=\"720\" height=\"1080\" src=\"https:\/\/www.visitklagenfurt.at\/wp-content\/uploads\/2025\/07\/ALMA5971-copia.jpg\" class=\"attachment-medium_large size-medium_large wp-image-74549\" alt=\"\" \/>\t\t\t\t\t\t\t\t<\/a>\n\t\t\t\t\t\t\t\t\t\t\t\t\t\t\t<\/div>\n\t\t\t\t<\/div>\n\t\t<div class=\"elementor-element elementor-element-4c1b20e e-con-full e-flex e-con e-child\" data-id=\"4c1b20e\" data-element_type=\"container\" data-e-type=\"container\">\n\t\t\t\t<div class=\"elementor-element elementor-element-a6614d2 elementor-widget elementor-widget-theme-post-title elementor-page-title elementor-widget-heading\" data-id=\"a6614d2\" data-element_type=\"widget\" data-e-type=\"widget\" data-widget_type=\"theme-post-title.default\">\n\t\t\t\t<div class=\"elementor-widget-container\">\n\t\t\t\t\t<p class=\"elementor-heading-title elementor-size-default\"><a href=\"https:\/\/www.visitklagenfurt.at\/sl\/dnevi-alpsko-jadranske-kuhinje\/kulinaricni-kuharji\/serena-franzolin\/\">Serena Franzolin<\/a><\/p>\t\t\t\t<\/div>\n\t\t\t\t<\/div>\n\t\t\t\t<\/div>\n\t\t\t\t<div class=\"elementor-element elementor-element-c7d0c19 elementor-widget elementor-widget-image\" data-id=\"c7d0c19\" data-element_type=\"widget\" data-e-type=\"widget\" data-widget_type=\"image.default\">\n\t\t\t\t<div class=\"elementor-widget-container\">\n\t\t\t\t\t\t\t\t\t\t\t\t\t\t\t<img loading=\"lazy\" decoding=\"async\" width=\"128\" height=\"128\" src=\"https:\/\/www.visitklagenfurt.at\/wp-content\/uploads\/2024\/07\/italy.jpg\" class=\"attachment-large size-large wp-image-66244\" alt=\"\" \/>\t\t\t\t\t\t\t\t\t\t\t\t\t\t\t<\/div>\n\t\t\t\t<\/div>\n\t\t\t\t\t<\/div>\n\t\t\t\t<\/div>\n\t\t\t\t<\/div>\n\t\t\t\t<div data-elementor-type=\"loop-item\" data-elementor-id=\"66232\" class=\"elementor elementor-66232 e-loop-item e-loop-item-76448 post-76448 post type-post status-publish format-standard has-post-thumbnail hentry category-kulinaricni-kuharji tag-italija tag-kuharji\" data-elementor-post-type=\"elementor_library\" data-custom-edit-handle=\"1\">\n\t\t\t<div class=\"elementor-element elementor-element-2c7360c e-flex e-con-boxed e-con e-parent\" data-id=\"2c7360c\" data-element_type=\"container\" data-e-type=\"container\">\n\t\t\t\t\t<div class=\"e-con-inner\">\n\t\t\t\t<div class=\"elementor-element elementor-element-5022c10 elementor-widget elementor-widget-theme-post-featured-image elementor-widget-image\" data-id=\"5022c10\" data-element_type=\"widget\" data-e-type=\"widget\" data-widget_type=\"theme-post-featured-image.default\">\n\t\t\t\t<div class=\"elementor-widget-container\">\n\t\t\t\t\t\t\t\t\t\t\t\t\t\t\t\t<a href=\"https:\/\/www.visitklagenfurt.at\/sl\/dnevi-alpsko-jadranske-kuhinje\/kulinaricni-kuharji\/silvia-moro\/\">\n\t\t\t\t\t\t\t<img loading=\"lazy\" decoding=\"async\" width=\"768\" height=\"462\" src=\"https:\/\/www.visitklagenfurt.at\/wp-content\/uploads\/2020\/12\/Chef-Silvia-MOro-1.jpg\" class=\"attachment-medium_large size-medium_large wp-image-56671\" alt=\"\" \/>\t\t\t\t\t\t\t\t<\/a>\n\t\t\t\t\t\t\t\t\t\t\t\t\t\t\t<\/div>\n\t\t\t\t<\/div>\n\t\t<div class=\"elementor-element elementor-element-4c1b20e e-con-full e-flex e-con e-child\" data-id=\"4c1b20e\" data-element_type=\"container\" data-e-type=\"container\">\n\t\t\t\t<div class=\"elementor-element elementor-element-a6614d2 elementor-widget elementor-widget-theme-post-title elementor-page-title elementor-widget-heading\" data-id=\"a6614d2\" data-element_type=\"widget\" data-e-type=\"widget\" data-widget_type=\"theme-post-title.default\">\n\t\t\t\t<div class=\"elementor-widget-container\">\n\t\t\t\t\t<p class=\"elementor-heading-title elementor-size-default\"><a href=\"https:\/\/www.visitklagenfurt.at\/sl\/dnevi-alpsko-jadranske-kuhinje\/kulinaricni-kuharji\/silvia-moro\/\">Silvia Moro<\/a><\/p>\t\t\t\t<\/div>\n\t\t\t\t<\/div>\n\t\t\t\t<\/div>\n\t\t\t\t<div class=\"elementor-element elementor-element-c7d0c19 elementor-widget elementor-widget-image\" data-id=\"c7d0c19\" data-element_type=\"widget\" data-e-type=\"widget\" data-widget_type=\"image.default\">\n\t\t\t\t<div class=\"elementor-widget-container\">\n\t\t\t\t\t\t\t\t\t\t\t\t\t\t\t<img loading=\"lazy\" decoding=\"async\" width=\"128\" height=\"128\" src=\"https:\/\/www.visitklagenfurt.at\/wp-content\/uploads\/2024\/07\/italy.jpg\" class=\"attachment-large size-large wp-image-66244\" alt=\"\" \/>\t\t\t\t\t\t\t\t\t\t\t\t\t\t\t<\/div>\n\t\t\t\t<\/div>\n\t\t\t\t\t<\/div>\n\t\t\t\t<\/div>\n\t\t\t\t<\/div>\n\t\t\t\t<div data-elementor-type=\"loop-item\" data-elementor-id=\"66232\" class=\"elementor elementor-66232 e-loop-item e-loop-item-79954 post-79954 post type-post status-publish format-standard has-post-thumbnail hentry category-kulinaricni-kuharji tag-avstrija tag-kuharji\" data-elementor-post-type=\"elementor_library\" data-custom-edit-handle=\"1\">\n\t\t\t<div class=\"elementor-element elementor-element-2c7360c e-flex e-con-boxed e-con e-parent\" data-id=\"2c7360c\" data-element_type=\"container\" data-e-type=\"container\">\n\t\t\t\t\t<div class=\"e-con-inner\">\n\t\t\t\t<div class=\"elementor-element elementor-element-5022c10 elementor-widget elementor-widget-theme-post-featured-image elementor-widget-image\" data-id=\"5022c10\" data-element_type=\"widget\" data-e-type=\"widget\" data-widget_type=\"theme-post-featured-image.default\">\n\t\t\t\t<div class=\"elementor-widget-container\">\n\t\t\t\t\t\t\t\t\t\t\t\t\t\t\t\t<a href=\"https:\/\/www.visitklagenfurt.at\/sl\/dnevi-alpsko-jadranske-kuhinje\/kulinaricni-kuharji\/thomas-eichwald\/\">\n\t\t\t\t\t\t\t<img loading=\"lazy\" decoding=\"async\" width=\"768\" height=\"512\" src=\"https:\/\/www.visitklagenfurt.at\/wp-content\/uploads\/2026\/07\/Thomas-Eichwald-_WRTG_footprints1.jpg\" class=\"attachment-medium_large size-medium_large wp-image-79177\" alt=\"\" \/>\t\t\t\t\t\t\t\t<\/a>\n\t\t\t\t\t\t\t\t\t\t\t\t\t\t\t<\/div>\n\t\t\t\t<\/div>\n\t\t<div class=\"elementor-element elementor-element-4c1b20e e-con-full e-flex e-con e-child\" data-id=\"4c1b20e\" data-element_type=\"container\" data-e-type=\"container\">\n\t\t\t\t<div class=\"elementor-element elementor-element-a6614d2 elementor-widget elementor-widget-theme-post-title elementor-page-title elementor-widget-heading\" data-id=\"a6614d2\" data-element_type=\"widget\" data-e-type=\"widget\" data-widget_type=\"theme-post-title.default\">\n\t\t\t\t<div class=\"elementor-widget-container\">\n\t\t\t\t\t<p class=\"elementor-heading-title elementor-size-default\"><a href=\"https:\/\/www.visitklagenfurt.at\/sl\/dnevi-alpsko-jadranske-kuhinje\/kulinaricni-kuharji\/thomas-eichwald\/\">Thomas Eichwald<\/a><\/p>\t\t\t\t<\/div>\n\t\t\t\t<\/div>\n\t\t\t\t<\/div>\n\t\t\t\t<div class=\"elementor-element elementor-element-c7d0c19 elementor-widget elementor-widget-image\" data-id=\"c7d0c19\" data-element_type=\"widget\" data-e-type=\"widget\" data-widget_type=\"image.default\">\n\t\t\t\t<div class=\"elementor-widget-container\">\n\t\t\t\t\t\t\t\t\t\t\t\t\t\t\t<img decoding=\"async\" width=\"128\" height=\"128\" src=\"https:\/\/www.visitklagenfurt.at\/wp-content\/uploads\/2024\/07\/austria.jpg\" class=\"attachment-large size-large wp-image-66248\" alt=\"\" \/>\t\t\t\t\t\t\t\t\t\t\t\t\t\t\t<\/div>\n\t\t\t\t<\/div>\n\t\t\t\t\t<\/div>\n\t\t\t\t<\/div>\n\t\t\t\t<\/div>\n\t\t\t\t<div data-elementor-type=\"loop-item\" data-elementor-id=\"66232\" class=\"elementor elementor-66232 e-loop-item e-loop-item-79990 post-79990 post type-post status-publish format-standard has-post-thumbnail hentry category-kulinaricni-kuharji tag-avstrija tag-kuharji\" data-elementor-post-type=\"elementor_library\" data-custom-edit-handle=\"1\">\n\t\t\t<div class=\"elementor-element elementor-element-2c7360c e-flex e-con-boxed e-con e-parent\" data-id=\"2c7360c\" data-element_type=\"container\" data-e-type=\"container\">\n\t\t\t\t\t<div class=\"e-con-inner\">\n\t\t\t\t<div class=\"elementor-element elementor-element-5022c10 elementor-widget elementor-widget-theme-post-featured-image elementor-widget-image\" data-id=\"5022c10\" data-element_type=\"widget\" data-e-type=\"widget\" data-widget_type=\"theme-post-featured-image.default\">\n\t\t\t\t<div class=\"elementor-widget-container\">\n\t\t\t\t\t\t\t\t\t\t\t\t\t\t\t\t<a href=\"https:\/\/www.visitklagenfurt.at\/sl\/dnevi-alpsko-jadranske-kuhinje\/kulinaricni-kuharji\/tom-mascher\/\">\n\t\t\t\t\t\t\t<img loading=\"lazy\" decoding=\"async\" width=\"768\" height=\"1024\" src=\"https:\/\/www.visitklagenfurt.at\/wp-content\/uploads\/2026\/07\/Tom-Mascher__\u00a9www.lm-photography.com_.jpg\" class=\"attachment-medium_large size-medium_large wp-image-79032\" alt=\"\" \/>\t\t\t\t\t\t\t\t<\/a>\n\t\t\t\t\t\t\t\t\t\t\t\t\t\t\t<\/div>\n\t\t\t\t<\/div>\n\t\t<div class=\"elementor-element elementor-element-4c1b20e e-con-full e-flex e-con e-child\" data-id=\"4c1b20e\" data-element_type=\"container\" data-e-type=\"container\">\n\t\t\t\t<div class=\"elementor-element elementor-element-a6614d2 elementor-widget elementor-widget-theme-post-title elementor-page-title elementor-widget-heading\" data-id=\"a6614d2\" data-element_type=\"widget\" data-e-type=\"widget\" data-widget_type=\"theme-post-title.default\">\n\t\t\t\t<div class=\"elementor-widget-container\">\n\t\t\t\t\t<p class=\"elementor-heading-title elementor-size-default\"><a href=\"https:\/\/www.visitklagenfurt.at\/sl\/dnevi-alpsko-jadranske-kuhinje\/kulinaricni-kuharji\/tom-mascher\/\">Tom Mascher<\/a><\/p>\t\t\t\t<\/div>\n\t\t\t\t<\/div>\n\t\t\t\t<\/div>\n\t\t\t\t<div class=\"elementor-element elementor-element-c7d0c19 elementor-widget elementor-widget-image\" data-id=\"c7d0c19\" data-element_type=\"widget\" data-e-type=\"widget\" data-widget_type=\"image.default\">\n\t\t\t\t<div class=\"elementor-widget-container\">\n\t\t\t\t\t\t\t\t\t\t\t\t\t\t\t<img decoding=\"async\" width=\"128\" height=\"128\" src=\"https:\/\/www.visitklagenfurt.at\/wp-content\/uploads\/2024\/07\/austria.jpg\" class=\"attachment-large size-large wp-image-66248\" alt=\"\" \/>\t\t\t\t\t\t\t\t\t\t\t\t\t\t\t<\/div>\n\t\t\t\t<\/div>\n\t\t\t\t\t<\/div>\n\t\t\t\t<\/div>\n\t\t\t\t<\/div>\n\t\t\t\t<div data-elementor-type=\"loop-item\" data-elementor-id=\"66232\" class=\"elementor elementor-66232 e-loop-item e-loop-item-76435 post-76435 post type-post status-publish format-standard has-post-thumbnail hentry category-kulinaricni-kuharji tag-avstrija tag-kuharji\" data-elementor-post-type=\"elementor_library\" data-custom-edit-handle=\"1\">\n\t\t\t<div class=\"elementor-element elementor-element-2c7360c e-flex e-con-boxed e-con e-parent\" data-id=\"2c7360c\" data-element_type=\"container\" data-e-type=\"container\">\n\t\t\t\t\t<div class=\"e-con-inner\">\n\t\t\t\t<div class=\"elementor-element elementor-element-5022c10 elementor-widget elementor-widget-theme-post-featured-image elementor-widget-image\" data-id=\"5022c10\" data-element_type=\"widget\" data-e-type=\"widget\" data-widget_type=\"theme-post-featured-image.default\">\n\t\t\t\t<div class=\"elementor-widget-container\">\n\t\t\t\t\t\t\t\t\t\t\t\t\t\t\t\t<a href=\"https:\/\/www.visitklagenfurt.at\/sl\/dnevi-alpsko-jadranske-kuhinje\/kulinaricni-kuharji\/toni-komrowski\/\">\n\t\t\t\t\t\t\t<img loading=\"lazy\" decoding=\"async\" width=\"768\" height=\"1024\" src=\"https:\/\/www.visitklagenfurt.at\/wp-content\/uploads\/2025\/07\/Toni.jpg\" class=\"attachment-medium_large size-medium_large wp-image-74313\" alt=\"\" \/>\t\t\t\t\t\t\t\t<\/a>\n\t\t\t\t\t\t\t\t\t\t\t\t\t\t\t<\/div>\n\t\t\t\t<\/div>\n\t\t<div class=\"elementor-element elementor-element-4c1b20e e-con-full e-flex e-con e-child\" data-id=\"4c1b20e\" data-element_type=\"container\" data-e-type=\"container\">\n\t\t\t\t<div class=\"elementor-element elementor-element-a6614d2 elementor-widget elementor-widget-theme-post-title elementor-page-title elementor-widget-heading\" data-id=\"a6614d2\" data-element_type=\"widget\" data-e-type=\"widget\" data-widget_type=\"theme-post-title.default\">\n\t\t\t\t<div class=\"elementor-widget-container\">\n\t\t\t\t\t<p class=\"elementor-heading-title elementor-size-default\"><a href=\"https:\/\/www.visitklagenfurt.at\/sl\/dnevi-alpsko-jadranske-kuhinje\/kulinaricni-kuharji\/toni-komrowski\/\">Toni Komrowski<\/a><\/p>\t\t\t\t<\/div>\n\t\t\t\t<\/div>\n\t\t\t\t<\/div>\n\t\t\t\t<div class=\"elementor-element elementor-element-c7d0c19 elementor-widget elementor-widget-image\" data-id=\"c7d0c19\" data-element_type=\"widget\" data-e-type=\"widget\" data-widget_type=\"image.default\">\n\t\t\t\t<div class=\"elementor-widget-container\">\n\t\t\t\t\t\t\t\t\t\t\t\t\t\t\t<img decoding=\"async\" width=\"128\" height=\"128\" src=\"https:\/\/www.visitklagenfurt.at\/wp-content\/uploads\/2024\/07\/austria.jpg\" class=\"attachment-large size-large wp-image-66248\" alt=\"\" \/>\t\t\t\t\t\t\t\t\t\t\t\t\t\t\t<\/div>\n\t\t\t\t<\/div>\n\t\t\t\t\t<\/div>\n\t\t\t\t<\/div>\n\t\t\t\t<\/div>\n\t\t\t\t<div data-elementor-type=\"loop-item\" data-elementor-id=\"66232\" class=\"elementor elementor-66232 e-loop-item e-loop-item-76416 post-76416 post type-post status-publish format-standard has-post-thumbnail hentry category-kulinaricni-kuharji tag-kuharji tag-slovenija\" data-elementor-post-type=\"elementor_library\" data-custom-edit-handle=\"1\">\n\t\t\t<div class=\"elementor-element elementor-element-2c7360c e-flex e-con-boxed e-con e-parent\" data-id=\"2c7360c\" data-element_type=\"container\" data-e-type=\"container\">\n\t\t\t\t\t<div class=\"e-con-inner\">\n\t\t\t\t<div class=\"elementor-element elementor-element-5022c10 elementor-widget elementor-widget-theme-post-featured-image elementor-widget-image\" data-id=\"5022c10\" data-element_type=\"widget\" data-e-type=\"widget\" data-widget_type=\"theme-post-featured-image.default\">\n\t\t\t\t<div class=\"elementor-widget-container\">\n\t\t\t\t\t\t\t\t\t\t\t\t\t\t\t\t<a href=\"https:\/\/www.visitklagenfurt.at\/sl\/dnevi-alpsko-jadranske-kuhinje\/kulinaricni-kuharji\/uros-stefelin\/\">\n\t\t\t\t\t\t\t<img loading=\"lazy\" decoding=\"async\" width=\"768\" height=\"512\" src=\"https:\/\/www.visitklagenfurt.at\/wp-content\/uploads\/2020\/12\/UROS-Steflin.jpg\" class=\"attachment-medium_large size-medium_large wp-image-26128\" alt=\"\" \/>\t\t\t\t\t\t\t\t<\/a>\n\t\t\t\t\t\t\t\t\t\t\t\t\t\t\t<\/div>\n\t\t\t\t<\/div>\n\t\t<div class=\"elementor-element elementor-element-4c1b20e e-con-full e-flex e-con e-child\" data-id=\"4c1b20e\" data-element_type=\"container\" data-e-type=\"container\">\n\t\t\t\t<div class=\"elementor-element elementor-element-a6614d2 elementor-widget elementor-widget-theme-post-title elementor-page-title elementor-widget-heading\" data-id=\"a6614d2\" data-element_type=\"widget\" data-e-type=\"widget\" data-widget_type=\"theme-post-title.default\">\n\t\t\t\t<div class=\"elementor-widget-container\">\n\t\t\t\t\t<p class=\"elementor-heading-title elementor-size-default\"><a href=\"https:\/\/www.visitklagenfurt.at\/sl\/dnevi-alpsko-jadranske-kuhinje\/kulinaricni-kuharji\/uros-stefelin\/\">Uro\u0161 \u0160tefelin<\/a><\/p>\t\t\t\t<\/div>\n\t\t\t\t<\/div>\n\t\t\t\t<\/div>\n\t\t\t\t<div class=\"elementor-element elementor-element-c7d0c19 elementor-widget elementor-widget-image\" data-id=\"c7d0c19\" data-element_type=\"widget\" data-e-type=\"widget\" data-widget_type=\"image.default\">\n\t\t\t\t<div class=\"elementor-widget-container\">\n\t\t\t\t\t\t\t\t\t\t\t\t\t\t\t<img loading=\"lazy\" decoding=\"async\" width=\"128\" height=\"128\" src=\"https:\/\/www.visitklagenfurt.at\/wp-content\/uploads\/2024\/07\/slovenia.jpg\" class=\"attachment-large size-large wp-image-66240\" alt=\"\" \/>\t\t\t\t\t\t\t\t\t\t\t\t\t\t\t<\/div>\n\t\t\t\t<\/div>\n\t\t\t\t\t<\/div>\n\t\t\t\t<\/div>\n\t\t\t\t<\/div>\n\t\t\t\t<div data-elementor-type=\"loop-item\" data-elementor-id=\"66232\" class=\"elementor elementor-66232 e-loop-item e-loop-item-79921 post-79921 post type-post status-publish format-standard has-post-thumbnail hentry category-kulinaricni-kuharji tag-kuharji tag-slovenija\" data-elementor-post-type=\"elementor_library\" data-custom-edit-handle=\"1\">\n\t\t\t<div class=\"elementor-element elementor-element-2c7360c e-flex e-con-boxed e-con e-parent\" data-id=\"2c7360c\" data-element_type=\"container\" data-e-type=\"container\">\n\t\t\t\t\t<div class=\"e-con-inner\">\n\t\t\t\t<div class=\"elementor-element elementor-element-5022c10 elementor-widget elementor-widget-theme-post-featured-image elementor-widget-image\" data-id=\"5022c10\" data-element_type=\"widget\" data-e-type=\"widget\" data-widget_type=\"theme-post-featured-image.default\">\n\t\t\t\t<div class=\"elementor-widget-container\">\n\t\t\t\t\t\t\t\t\t\t\t\t\t\t\t\t<a href=\"https:\/\/www.visitklagenfurt.at\/sl\/dnevi-alpsko-jadranske-kuhinje\/kulinaricni-kuharji\/urosa-spasica\/\">\n\t\t\t\t\t\t\t<img loading=\"lazy\" decoding=\"async\" width=\"768\" height=\"1024\" src=\"https:\/\/www.visitklagenfurt.at\/wp-content\/uploads\/2026\/07\/1000036958.png\" class=\"attachment-medium_large size-medium_large wp-image-79733\" alt=\"\" \/>\t\t\t\t\t\t\t\t<\/a>\n\t\t\t\t\t\t\t\t\t\t\t\t\t\t\t<\/div>\n\t\t\t\t<\/div>\n\t\t<div class=\"elementor-element elementor-element-4c1b20e e-con-full e-flex e-con e-child\" data-id=\"4c1b20e\" data-element_type=\"container\" data-e-type=\"container\">\n\t\t\t\t<div class=\"elementor-element elementor-element-a6614d2 elementor-widget elementor-widget-theme-post-title elementor-page-title elementor-widget-heading\" data-id=\"a6614d2\" data-element_type=\"widget\" data-e-type=\"widget\" data-widget_type=\"theme-post-title.default\">\n\t\t\t\t<div class=\"elementor-widget-container\">\n\t\t\t\t\t<p class=\"elementor-heading-title elementor-size-default\"><a href=\"https:\/\/www.visitklagenfurt.at\/sl\/dnevi-alpsko-jadranske-kuhinje\/kulinaricni-kuharji\/urosa-spasica\/\">Uro\u0161a Spasi\u0107a<\/a><\/p>\t\t\t\t<\/div>\n\t\t\t\t<\/div>\n\t\t\t\t<\/div>\n\t\t\t\t<div class=\"elementor-element elementor-element-c7d0c19 elementor-widget elementor-widget-image\" data-id=\"c7d0c19\" data-element_type=\"widget\" data-e-type=\"widget\" data-widget_type=\"image.default\">\n\t\t\t\t<div class=\"elementor-widget-container\">\n\t\t\t\t\t\t\t\t\t\t\t\t\t\t\t<img loading=\"lazy\" decoding=\"async\" width=\"128\" height=\"128\" src=\"https:\/\/www.visitklagenfurt.at\/wp-content\/uploads\/2024\/07\/slovenia.jpg\" class=\"attachment-large size-large wp-image-66240\" alt=\"\" \/>\t\t\t\t\t\t\t\t\t\t\t\t\t\t\t<\/div>\n\t\t\t\t<\/div>\n\t\t\t\t\t<\/div>\n\t\t\t\t<\/div>\n\t\t\t\t<\/div>\n\t\t\t\t<div data-elementor-type=\"loop-item\" data-elementor-id=\"66232\" class=\"elementor elementor-66232 e-loop-item e-loop-item-79977 post-79977 post type-post status-publish format-standard has-post-thumbnail hentry category-kulinaricni-kuharji tag-avstrija tag-kuharji\" data-elementor-post-type=\"elementor_library\" data-custom-edit-handle=\"1\">\n\t\t\t<div class=\"elementor-element elementor-element-2c7360c e-flex e-con-boxed e-con e-parent\" data-id=\"2c7360c\" data-element_type=\"container\" data-e-type=\"container\">\n\t\t\t\t\t<div class=\"e-con-inner\">\n\t\t\t\t<div class=\"elementor-element elementor-element-5022c10 elementor-widget elementor-widget-theme-post-featured-image elementor-widget-image\" data-id=\"5022c10\" data-element_type=\"widget\" data-e-type=\"widget\" data-widget_type=\"theme-post-featured-image.default\">\n\t\t\t\t<div class=\"elementor-widget-container\">\n\t\t\t\t\t\t\t\t\t\t\t\t\t\t\t\t<a href=\"https:\/\/www.visitklagenfurt.at\/sl\/dnevi-alpsko-jadranske-kuhinje\/kulinaricni-kuharji\/werner-pock\/\">\n\t\t\t\t\t\t\t<img loading=\"lazy\" decoding=\"async\" width=\"768\" height=\"1024\" src=\"https:\/\/www.visitklagenfurt.at\/wp-content\/uploads\/2026\/07\/Werner-POCK_cJuergen-Kruptschack.jpeg\" class=\"attachment-medium_large size-medium_large wp-image-79212\" alt=\"\" \/>\t\t\t\t\t\t\t\t<\/a>\n\t\t\t\t\t\t\t\t\t\t\t\t\t\t\t<\/div>\n\t\t\t\t<\/div>\n\t\t<div class=\"elementor-element elementor-element-4c1b20e e-con-full e-flex e-con e-child\" data-id=\"4c1b20e\" data-element_type=\"container\" data-e-type=\"container\">\n\t\t\t\t<div class=\"elementor-element elementor-element-a6614d2 elementor-widget elementor-widget-theme-post-title elementor-page-title elementor-widget-heading\" data-id=\"a6614d2\" data-element_type=\"widget\" data-e-type=\"widget\" data-widget_type=\"theme-post-title.default\">\n\t\t\t\t<div class=\"elementor-widget-container\">\n\t\t\t\t\t<p class=\"elementor-heading-title elementor-size-default\"><a href=\"https:\/\/www.visitklagenfurt.at\/sl\/dnevi-alpsko-jadranske-kuhinje\/kulinaricni-kuharji\/werner-pock\/\">Werner Pock<\/a><\/p>\t\t\t\t<\/div>\n\t\t\t\t<\/div>\n\t\t\t\t<\/div>\n\t\t\t\t<div class=\"elementor-element elementor-element-c7d0c19 elementor-widget elementor-widget-image\" data-id=\"c7d0c19\" data-element_type=\"widget\" data-e-type=\"widget\" data-widget_type=\"image.default\">\n\t\t\t\t<div class=\"elementor-widget-container\">\n\t\t\t\t\t\t\t\t\t\t\t\t\t\t\t<img decoding=\"async\" width=\"128\" height=\"128\" src=\"https:\/\/www.visitklagenfurt.at\/wp-content\/uploads\/2024\/07\/austria.jpg\" class=\"attachment-large size-large wp-image-66248\" alt=\"\" \/>\t\t\t\t\t\t\t\t\t\t\t\t\t\t\t<\/div>\n\t\t\t\t<\/div>\n\t\t\t\t\t<\/div>\n\t\t\t\t<\/div>\n\t\t\t\t<\/div>\n\t\t\t\t<div data-elementor-type=\"loop-item\" data-elementor-id=\"66232\" class=\"elementor elementor-66232 e-loop-item e-loop-item-76441 post-76441 post type-post status-publish format-standard has-post-thumbnail hentry category-kulinaricni-kuharji tag-avstrija tag-kuharji\" data-elementor-post-type=\"elementor_library\" data-custom-edit-handle=\"1\">\n\t\t\t<div class=\"elementor-element elementor-element-2c7360c e-flex e-con-boxed e-con e-parent\" data-id=\"2c7360c\" data-element_type=\"container\" data-e-type=\"container\">\n\t\t\t\t\t<div class=\"e-con-inner\">\n\t\t\t\t<div class=\"elementor-element elementor-element-5022c10 elementor-widget elementor-widget-theme-post-featured-image elementor-widget-image\" data-id=\"5022c10\" data-element_type=\"widget\" data-e-type=\"widget\" data-widget_type=\"theme-post-featured-image.default\">\n\t\t\t\t<div class=\"elementor-widget-container\">\n\t\t\t\t\t\t\t\t\t\t\t\t\t\t\t\t<a href=\"https:\/\/www.visitklagenfurt.at\/sl\/dnevi-alpsko-jadranske-kuhinje\/kulinaricni-kuharji\/werner-schleich-wolf\/\">\n\t\t\t\t\t\t\t<img loading=\"lazy\" decoding=\"async\" width=\"768\" height=\"512\" src=\"https:\/\/www.visitklagenfurt.at\/wp-content\/uploads\/2025\/07\/Schloss-Maria-Loretto_Feine-Kueche-Kulterer_TANJAundJOSEF_0026.jpg\" class=\"attachment-medium_large size-medium_large wp-image-74996\" alt=\"\" \/>\t\t\t\t\t\t\t\t<\/a>\n\t\t\t\t\t\t\t\t\t\t\t\t\t\t\t<\/div>\n\t\t\t\t<\/div>\n\t\t<div class=\"elementor-element elementor-element-4c1b20e e-con-full e-flex e-con e-child\" data-id=\"4c1b20e\" data-element_type=\"container\" data-e-type=\"container\">\n\t\t\t\t<div class=\"elementor-element elementor-element-a6614d2 elementor-widget elementor-widget-theme-post-title elementor-page-title elementor-widget-heading\" data-id=\"a6614d2\" data-element_type=\"widget\" data-e-type=\"widget\" data-widget_type=\"theme-post-title.default\">\n\t\t\t\t<div class=\"elementor-widget-container\">\n\t\t\t\t\t<p class=\"elementor-heading-title elementor-size-default\"><a href=\"https:\/\/www.visitklagenfurt.at\/sl\/dnevi-alpsko-jadranske-kuhinje\/kulinaricni-kuharji\/werner-schleich-wolf\/\">Werner Schleich-Wolf<\/a><\/p>\t\t\t\t<\/div>\n\t\t\t\t<\/div>\n\t\t\t\t<\/div>\n\t\t\t\t<div class=\"elementor-element elementor-element-c7d0c19 elementor-widget elementor-widget-image\" data-id=\"c7d0c19\" data-element_type=\"widget\" data-e-type=\"widget\" data-widget_type=\"image.default\">\n\t\t\t\t<div class=\"elementor-widget-container\">\n\t\t\t\t\t\t\t\t\t\t\t\t\t\t\t<img decoding=\"async\" width=\"128\" height=\"128\" src=\"https:\/\/www.visitklagenfurt.at\/wp-content\/uploads\/2024\/07\/austria.jpg\" class=\"attachment-large size-large wp-image-66248\" alt=\"\" \/>\t\t\t\t\t\t\t\t\t\t\t\t\t\t\t<\/div>\n\t\t\t\t<\/div>\n\t\t\t\t\t<\/div>\n\t\t\t\t<\/div>\n\t\t\t\t<\/div>\n\t\t\t\t<\/div>\n\t\t\n\t\t\t\t\t\t<\/div>\n\t\t\t\t<\/div>\n\t\t\t\t\t<\/div>\n\t\t\t\t<\/div>\n\t\t\t\t<\/div>\n\t\t","protected":false},"excerpt":{"rendered":"<p>Kuharice in kuharji Alpe-Adria Vsako leto prireditev \u00bbDnevi alpsko-adriatske kuhinje\u00ab v Klagenfurt vabi najbolj\u0161e iz Slovenije, Bene\u010dije, Furlanije, Vzhodnega Tirolskega, \u0160tajerske \u2013 in seveda Koro\u0161ke, kjer svojim gostom postre\u017eejo z izklju\u010dnimi okusi svoje kulinari\u010dne umetnosti. Naj gre za o\u010darljive italijanske kuharje iz \u00bbBella Italia\u00ab, mlade divjake iz Slovenije ali pionirje gibanja \u00bbSlow Food\u00ab iz Avstrije [&hellip;]<\/p>\n","protected":false},"author":2,"featured_media":79764,"parent":0,"menu_order":0,"comment_status":"closed","ping_status":"closed","template":"elementor_header_footer","meta":{"footnotes":""},"categories":[],"tags":[],"seitentyp":[],"class_list":["post-68560","page","type-page","status-publish","has-post-thumbnail","hentry"],"yoast_head":"<!-- This site is optimized with the Yoast SEO plugin v28.4 - https:\/\/yoast.com\/product\/yoast-seo-wordpress\/ -->\n<title>Kuharji Alpe-Adria \u2013 Pregled | visitklagenfurt<\/title>\n<meta name=\"description\" content=\"Vrhunski kuharji in kuharice iz Avstrije, Italije in Slovenije bodo med dnevi alpsko-adriatske kuhinje kuhali v restavracijah v Klagenfurtu\" \/>\n<meta name=\"robots\" content=\"noindex, follow\" \/>\n<meta property=\"og:locale\" content=\"sl_SI\" \/>\n<meta property=\"og:type\" content=\"article\" \/>\n<meta property=\"og:title\" content=\"Kuharji Alpe-Adria \u2013 Pregled | visitklagenfurt\" \/>\n<meta property=\"og:description\" content=\"Vrhunski kuharji in kuharice iz Avstrije, Italije in Slovenije bodo med dnevi alpsko-adriatske kuhinje kuhali v restavracijah v Klagenfurtu\" \/>\n<meta property=\"og:url\" content=\"https:\/\/www.visitklagenfurt.at\/sl\/kuharji-iz-alp-in-jadrana\/\" \/>\n<meta property=\"og:site_name\" content=\"visitklagenfurt\" \/>\n<meta property=\"article:modified_time\" content=\"2026-08-12T12:16:00+00:00\" \/>\n<meta property=\"og:image\" content=\"https:\/\/www.visitklagenfurt.at\/wp-content\/uploads\/2026\/07\/TDAAK-Aquarell-Koch.jpg\" \/>\n\t<meta property=\"og:image:width\" content=\"800\" \/>\n\t<meta property=\"og:image:height\" content=\"378\" \/>\n\t<meta property=\"og:image:type\" content=\"image\/jpeg\" \/>\n<meta name=\"twitter:card\" content=\"summary_large_image\" \/>\n<meta name=\"twitter:label1\" content=\"Est. reading time\" \/>\n\t<meta name=\"twitter:data1\" content=\"1 minuta\" \/>\n<script type=\"application\/ld+json\" class=\"yoast-schema-graph\">{\"@context\":\"https:\\\/\\\/schema.org\",\"@graph\":[{\"@type\":\"WebPage\",\"@id\":\"https:\\\/\\\/www.visitklagenfurt.at\\\/sl\\\/kuharji-iz-alp-in-jadrana\\\/\",\"url\":\"https:\\\/\\\/www.visitklagenfurt.at\\\/sl\\\/kuharji-iz-alp-in-jadrana\\\/\",\"name\":\"Kuharji Alpe-Adria \u2013 Pregled | visitklagenfurt\",\"isPartOf\":{\"@id\":\"https:\\\/\\\/www.visitklagenfurt.at\\\/sl\\\/#website\"},\"primaryImageOfPage\":{\"@id\":\"https:\\\/\\\/www.visitklagenfurt.at\\\/sl\\\/kuharji-iz-alp-in-jadrana\\\/#primaryimage\"},\"image\":{\"@id\":\"https:\\\/\\\/www.visitklagenfurt.at\\\/sl\\\/kuharji-iz-alp-in-jadrana\\\/#primaryimage\"},\"thumbnailUrl\":\"https:\\\/\\\/www.visitklagenfurt.at\\\/wp-content\\\/uploads\\\/2026\\\/07\\\/TDAAK-Aquarell-Koch.jpg\",\"datePublished\":\"2024-08-19T13:40:35+00:00\",\"dateModified\":\"2026-08-12T12:16:00+00:00\",\"description\":\"Vrhunski kuharji in kuharice iz Avstrije, Italije in Slovenije bodo med dnevi alpsko-adriatske kuhinje kuhali v restavracijah v Klagenfurtu\",\"breadcrumb\":{\"@id\":\"https:\\\/\\\/www.visitklagenfurt.at\\\/sl\\\/kuharji-iz-alp-in-jadrana\\\/#breadcrumb\"},\"inLanguage\":\"sl-SI\",\"potentialAction\":[{\"@type\":\"ReadAction\",\"target\":[\"https:\\\/\\\/www.visitklagenfurt.at\\\/sl\\\/kuharji-iz-alp-in-jadrana\\\/\"]}]},{\"@type\":\"ImageObject\",\"inLanguage\":\"sl-SI\",\"@id\":\"https:\\\/\\\/www.visitklagenfurt.at\\\/sl\\\/kuharji-iz-alp-in-jadrana\\\/#primaryimage\",\"url\":\"https:\\\/\\\/www.visitklagenfurt.at\\\/wp-content\\\/uploads\\\/2026\\\/07\\\/TDAAK-Aquarell-Koch.jpg\",\"contentUrl\":\"https:\\\/\\\/www.visitklagenfurt.at\\\/wp-content\\\/uploads\\\/2026\\\/07\\\/TDAAK-Aquarell-Koch.jpg\",\"width\":10394,\"height\":4906,\"caption\":\"Tage der Alpen-Adria K\u00fcche 2021 | Leiten K\u00e4rnten, \u00d6sterreich\"},{\"@type\":\"BreadcrumbList\",\"@id\":\"https:\\\/\\\/www.visitklagenfurt.at\\\/sl\\\/kuharji-iz-alp-in-jadrana\\\/#breadcrumb\",\"itemListElement\":[{\"@type\":\"ListItem\",\"position\":1,\"name\":\"visitklagenfurt\",\"item\":\"https:\\\/\\\/www.visitklagenfurt.at\\\/sl\\\/\"},{\"@type\":\"ListItem\",\"position\":2,\"name\":\"Kuharji iz alpsko-jadranskega obmo\u010dja\"}]},{\"@type\":\"WebSite\",\"@id\":\"https:\\\/\\\/www.visitklagenfurt.at\\\/sl\\\/#website\",\"url\":\"https:\\\/\\\/www.visitklagenfurt.at\\\/sl\\\/\",\"name\":\"visitklagenfurt\",\"description\":\"\",\"publisher\":{\"@id\":\"https:\\\/\\\/www.visitklagenfurt.at\\\/sl\\\/#organization\"},\"potentialAction\":[{\"@type\":\"SearchAction\",\"target\":{\"@type\":\"EntryPoint\",\"urlTemplate\":\"https:\\\/\\\/www.visitklagenfurt.at\\\/sl\\\/?s={search_term_string}\"},\"query-input\":{\"@type\":\"PropertyValueSpecification\",\"valueRequired\":true,\"valueName\":\"search_term_string\"}}],\"inLanguage\":\"sl-SI\"},{\"@type\":\"Organization\",\"@id\":\"https:\\\/\\\/www.visitklagenfurt.at\\\/sl\\\/#organization\",\"name\":\"Tourismus Region Klagenfurt am W\u00f6rthersee GmbH\",\"url\":\"https:\\\/\\\/www.visitklagenfurt.at\\\/sl\\\/\",\"logo\":{\"@type\":\"ImageObject\",\"inLanguage\":\"sl-SI\",\"@id\":\"https:\\\/\\\/www.visitklagenfurt.at\\\/sl\\\/#\\\/schema\\\/logo\\\/image\\\/\",\"url\":\"https:\\\/\\\/www.visitklagenfurt.at\\\/wp-content\\\/uploads\\\/2022\\\/03\\\/DT_K_Klagenfurt_S_RGB.png\",\"contentUrl\":\"https:\\\/\\\/www.visitklagenfurt.at\\\/wp-content\\\/uploads\\\/2022\\\/03\\\/DT_K_Klagenfurt_S_RGB.png\",\"width\":2082,\"height\":1511,\"caption\":\"Tourismus Region Klagenfurt am W\u00f6rthersee GmbH\"},\"image\":{\"@id\":\"https:\\\/\\\/www.visitklagenfurt.at\\\/sl\\\/#\\\/schema\\\/logo\\\/image\\\/\"}}]}<\/script>\n<!-- \/ Yoast SEO plugin. -->","yoast_head_json":{"title":"Kuharji Alpe-Adria \u2013 Pregled | visitklagenfurt","description":"Vrhunski kuharji in kuharice iz Avstrije, Italije in Slovenije bodo med dnevi alpsko-adriatske kuhinje kuhali v restavracijah v Klagenfurtu","robots":{"index":"noindex","follow":"follow"},"og_locale":"sl_SI","og_type":"article","og_title":"Kuharji Alpe-Adria \u2013 Pregled | visitklagenfurt","og_description":"Vrhunski kuharji in kuharice iz Avstrije, Italije in Slovenije bodo med dnevi alpsko-adriatske kuhinje kuhali v restavracijah v Klagenfurtu","og_url":"https:\/\/www.visitklagenfurt.at\/sl\/kuharji-iz-alp-in-jadrana\/","og_site_name":"visitklagenfurt","article_modified_time":"2026-08-12T12:16:00+00:00","og_image":[{"url":"https:\/\/www.visitklagenfurt.at\/wp-content\/uploads\/2026\/07\/TDAAK-Aquarell-Koch.jpg","width":800,"height":378,"type":"image\/jpeg"}],"twitter_card":"summary_large_image","twitter_misc":{"Est. reading time":"1 minuta"},"schema":{"@context":"https:\/\/schema.org","@graph":[{"@type":"WebPage","@id":"https:\/\/www.visitklagenfurt.at\/sl\/kuharji-iz-alp-in-jadrana\/","url":"https:\/\/www.visitklagenfurt.at\/sl\/kuharji-iz-alp-in-jadrana\/","name":"Kuharji Alpe-Adria \u2013 Pregled | visitklagenfurt","isPartOf":{"@id":"https:\/\/www.visitklagenfurt.at\/sl\/#website"},"primaryImageOfPage":{"@id":"https:\/\/www.visitklagenfurt.at\/sl\/kuharji-iz-alp-in-jadrana\/#primaryimage"},"image":{"@id":"https:\/\/www.visitklagenfurt.at\/sl\/kuharji-iz-alp-in-jadrana\/#primaryimage"},"thumbnailUrl":"https:\/\/www.visitklagenfurt.at\/wp-content\/uploads\/2026\/07\/TDAAK-Aquarell-Koch.jpg","datePublished":"2024-08-19T13:40:35+00:00","dateModified":"2026-08-12T12:16:00+00:00","description":"Vrhunski kuharji in kuharice iz Avstrije, Italije in Slovenije bodo med dnevi alpsko-adriatske kuhinje kuhali v restavracijah v Klagenfurtu","breadcrumb":{"@id":"https:\/\/www.visitklagenfurt.at\/sl\/kuharji-iz-alp-in-jadrana\/#breadcrumb"},"inLanguage":"sl-SI","potentialAction":[{"@type":"ReadAction","target":["https:\/\/www.visitklagenfurt.at\/sl\/kuharji-iz-alp-in-jadrana\/"]}]},{"@type":"ImageObject","inLanguage":"sl-SI","@id":"https:\/\/www.visitklagenfurt.at\/sl\/kuharji-iz-alp-in-jadrana\/#primaryimage","url":"https:\/\/www.visitklagenfurt.at\/wp-content\/uploads\/2026\/07\/TDAAK-Aquarell-Koch.jpg","contentUrl":"https:\/\/www.visitklagenfurt.at\/wp-content\/uploads\/2026\/07\/TDAAK-Aquarell-Koch.jpg","width":10394,"height":4906,"caption":"Tage der Alpen-Adria K\u00fcche 2021 | Leiten K\u00e4rnten, \u00d6sterreich"},{"@type":"BreadcrumbList","@id":"https:\/\/www.visitklagenfurt.at\/sl\/kuharji-iz-alp-in-jadrana\/#breadcrumb","itemListElement":[{"@type":"ListItem","position":1,"name":"visitklagenfurt","item":"https:\/\/www.visitklagenfurt.at\/sl\/"},{"@type":"ListItem","position":2,"name":"Kuharji iz alpsko-jadranskega obmo\u010dja"}]},{"@type":"WebSite","@id":"https:\/\/www.visitklagenfurt.at\/sl\/#website","url":"https:\/\/www.visitklagenfurt.at\/sl\/","name":"visitklagenfurt","description":"","publisher":{"@id":"https:\/\/www.visitklagenfurt.at\/sl\/#organization"},"potentialAction":[{"@type":"SearchAction","target":{"@type":"EntryPoint","urlTemplate":"https:\/\/www.visitklagenfurt.at\/sl\/?s={search_term_string}"},"query-input":{"@type":"PropertyValueSpecification","valueRequired":true,"valueName":"search_term_string"}}],"inLanguage":"sl-SI"},{"@type":"Organization","@id":"https:\/\/www.visitklagenfurt.at\/sl\/#organization","name":"Tourismus Region Klagenfurt am W\u00f6rthersee GmbH","url":"https:\/\/www.visitklagenfurt.at\/sl\/","logo":{"@type":"ImageObject","inLanguage":"sl-SI","@id":"https:\/\/www.visitklagenfurt.at\/sl\/#\/schema\/logo\/image\/","url":"https:\/\/www.visitklagenfurt.at\/wp-content\/uploads\/2022\/03\/DT_K_Klagenfurt_S_RGB.png","contentUrl":"https:\/\/www.visitklagenfurt.at\/wp-content\/uploads\/2022\/03\/DT_K_Klagenfurt_S_RGB.png","width":2082,"height":1511,"caption":"Tourismus Region Klagenfurt am W\u00f6rthersee GmbH"},"image":{"@id":"https:\/\/www.visitklagenfurt.at\/sl\/#\/schema\/logo\/image\/"}}]}},"_links":{"self":[{"href":"https:\/\/www.visitklagenfurt.at\/sl\/wp-json\/wp\/v2\/pages\/68560","targetHints":{"allow":["GET"]}}],"collection":[{"href":"https:\/\/www.visitklagenfurt.at\/sl\/wp-json\/wp\/v2\/pages"}],"about":[{"href":"https:\/\/www.visitklagenfurt.at\/sl\/wp-json\/wp\/v2\/types\/page"}],"author":[{"embeddable":true,"href":"https:\/\/www.visitklagenfurt.at\/sl\/wp-json\/wp\/v2\/users\/2"}],"replies":[{"embeddable":true,"href":"https:\/\/www.visitklagenfurt.at\/sl\/wp-json\/wp\/v2\/comments?post=68560"}],"version-history":[{"count":8,"href":"https:\/\/www.visitklagenfurt.at\/sl\/wp-json\/wp\/v2\/pages\/68560\/revisions"}],"predecessor-version":[{"id":80279,"href":"https:\/\/www.visitklagenfurt.at\/sl\/wp-json\/wp\/v2\/pages\/68560\/revisions\/80279"}],"wp:featuredmedia":[{"embeddable":true,"href":"https:\/\/www.visitklagenfurt.at\/sl\/wp-json\/wp\/v2\/media\/79764"}],"wp:attachment":[{"href":"https:\/\/www.visitklagenfurt.at\/sl\/wp-json\/wp\/v2\/media?parent=68560"}],"wp:term":[{"taxonomy":"category","embeddable":true,"href":"https:\/\/www.visitklagenfurt.at\/sl\/wp-json\/wp\/v2\/categories?post=68560"},{"taxonomy":"post_tag","embeddable":true,"href":"https:\/\/www.visitklagenfurt.at\/sl\/wp-json\/wp\/v2\/tags?post=68560"},{"taxonomy":"seitentyp","embeddable":true,"href":"https:\/\/www.visitklagenfurt.at\/sl\/wp-json\/wp\/v2\/seitentyp?post=68560"}],"curies":[{"name":"wp","href":"https:\/\/api.w.org\/{rel}","templated":true}]}}