{"id":9539,"date":"2021-03-03T10:20:13","date_gmt":"2021-03-03T09:20:13","guid":{"rendered":"http:\/\/blog.visitklagenfurt.at\/visitklagenfurt\/izleti\/"},"modified":"2022-09-01T12:19:19","modified_gmt":"2022-09-01T10:19:19","slug":"izleti","status":"publish","type":"page","link":"https:\/\/www.visitklagenfurt.at\/sl\/izleti\/","title":{"rendered":"Izleti"},"content":{"rendered":"\t\t<div data-elementor-type=\"wp-page\" data-elementor-id=\"9539\" class=\"elementor elementor-9539 elementor-5208\" data-elementor-post-type=\"page\">\n\t\t\t\t\t\t<section class=\"elementor-section elementor-top-section elementor-element elementor-element-2926bcb elementor-section-height-min-height elementor-section-items-top elementor-section-boxed elementor-section-height-default\" data-id=\"2926bcb\" data-element_type=\"section\" data-e-type=\"section\" data-settings=\"{&quot;background_background&quot;:&quot;classic&quot;}\">\n\t\t\t\t\t\t<div class=\"elementor-container elementor-column-gap-default\">\n\t\t\t\t\t<div class=\"elementor-column elementor-col-100 elementor-top-column elementor-element elementor-element-cae9a8b\" data-id=\"cae9a8b\" data-element_type=\"column\" data-e-type=\"column\">\n\t\t\t<div class=\"elementor-widget-wrap elementor-element-populated\">\n\t\t\t\t\t\t<div class=\"elementor-element elementor-element-c18e224 elementor-hidden-desktop elementor-widget elementor-widget-image\" data-id=\"c18e224\" data-element_type=\"widget\" data-e-type=\"widget\" data-widget_type=\"image.default\">\n\t\t\t\t<div class=\"elementor-widget-container\">\n\t\t\t\t\t\t\t\t\t\t\t\t\t\t\t<img fetchpriority=\"high\" decoding=\"async\" width=\"800\" height=\"600\" src=\"https:\/\/www.visitklagenfurt.at\/wp-content\/uploads\/2026\/02\/Wappensaal_c-Thomas_Sattler-5.jpg\" class=\"attachment-large size-large wp-image-77691\" alt=\"\" \/>\t\t\t\t\t\t\t\t\t\t\t\t\t\t\t<\/div>\n\t\t\t\t<\/div>\n\t\t\t\t\t<\/div>\n\t\t<\/div>\n\t\t\t\t\t<\/div>\n\t\t<\/section>\n\t\t\t\t<section class=\"elementor-section elementor-top-section elementor-element elementor-element-a74d5f4 elementor-section-boxed elementor-section-height-default elementor-section-height-default\" data-id=\"a74d5f4\" data-element_type=\"section\" data-e-type=\"section\" data-settings=\"{&quot;background_background&quot;:&quot;classic&quot;}\">\n\t\t\t\t\t\t<div class=\"elementor-container elementor-column-gap-default\">\n\t\t\t\t\t<div class=\"elementor-column elementor-col-100 elementor-top-column elementor-element elementor-element-9bd3ce2\" data-id=\"9bd3ce2\" data-element_type=\"column\" data-e-type=\"column\" data-settings=\"{&quot;background_background&quot;:&quot;classic&quot;}\">\n\t\t\t<div class=\"elementor-widget-wrap elementor-element-populated\">\n\t\t\t\t\t\t<div class=\"elementor-element elementor-element-50e908c elementor-widget elementor-widget-global elementor-global-42933 elementor-global-39763 elementor-widget-breadcrumbs\" data-id=\"50e908c\" data-element_type=\"widget\" data-e-type=\"widget\" data-widget_type=\"breadcrumbs.default\">\n\t\t\t\t<div class=\"elementor-widget-container\">\n\t\t\t\t\t<p id=\"breadcrumbs\"><span><span><a href=\"https:\/\/www.visitklagenfurt.at\/sl\/\">visitklagenfurt<\/a><\/span><\/span><\/p>\t\t\t\t<\/div>\n\t\t\t\t<\/div>\n\t\t\t\t<div class=\"elementor-element elementor-element-846c0d7 elementor-widget elementor-widget-heading\" data-id=\"846c0d7\" data-element_type=\"widget\" data-e-type=\"widget\" data-widget_type=\"heading.default\">\n\t\t\t\t<div class=\"elementor-widget-container\">\n\t\t\t\t\t<h1 class=\"elementor-heading-title elementor-size-default\">Izleti<\/h1>\t\t\t\t<\/div>\n\t\t\t\t<\/div>\n\t\t\t\t<div class=\"elementor-element elementor-element-4b53823 elementor-widget elementor-widget-text-editor\" data-id=\"4b53823\" data-element_type=\"widget\" data-e-type=\"widget\" data-widget_type=\"text-editor.default\">\n\t\t\t\t<div class=\"elementor-widget-container\">\n\t\t\t\t\t\t\t\t\t<p><strong>Celovec je veliko ve\u010d od pri\u010dakovanega!<\/strong><\/p>\n<p>Celovec je novo, je staro, je pode\u017eelsko, je urbano mesto, je mesto \u0161tevilnih razse\u017enosti. Z eno nogo v mestu, z drugo v naravi. Od zgodovinskih stavb in spomenikov do slikovitih vplivov Alpe-Jadrana v starem mestu in zelenimh oaz. Celovec je prizori\u0161\u010de umetnosti v vseh njenih odtenkih, oder \u0161tevilnih dogodkov in domovina izjemnih kulturnih zakladov.<\/p>\n<p>Biti vi\u0161ji od Eifflovega stopla, gledati v o\u010di anakondi, zapluti po Vrbskem jezeru na zadnjem parniku v Evropi ali u\u017eivati v razgledu na 360 stopinj z zvonika stolnice?<\/p>\n<p>Do\u017eivite najbolj\u0161e, kar vam lahko ponudi Celovec z okolico. Prestolnica de\u017eele ni znana samo po Vrbskem jezeru in starem renesena\u010dnem jedru. Zaradi svoje geografske lege, ki ga postavlja v sredi\u0161\u010de Koro\u0161ke, je<br \/>odli\u010dno izhodi\u0161\u010de do turisti\u010dnih destinacij ob jezeru in drugih izjemnih koti\u010dkov Koro\u0161ke.<\/p>\n<p>Imate radi slikovito pokrajino? Dodajte ji kan\u010dek adrenalina in si privo\u0161\u010dite osupljiv razgled z najvi\u0161jega vrha Pyramidenkogla.<\/p>\n<p>Med gradovi in dvorci izstopa grad Ostrovica na vrhu skale, ki presene\u010da s svojo popolno ohranjeno zgodovinsko podobo. Zgodovina plemi\u0161ke dru\u017eine v nas prebuja pravlji\u010dno domi\u0161ljijo. V restavraciji gradu lahko posku\u0161ate krajevne specialitete.<\/p>\n<p>Odmaknite se od vsakdana in si privo\u0161\u010dite aktivni po\u010ditek v soteski \u010cepa (Tscheppaschlucht) in v smaragdnozelenem Jazercu v dolini Poden. Raj na zemlji, kjer se sre\u010dujejo vrhunska kulinarika in nedotaknjeni biseri narave.<\/p>\n<p>Odkrivati zgodovino in se sprehoditi skozi \u010das? Gospa Sveta je pravi zaklad. Priljubljeno romarsko sredi\u0161\u010de, severno od Celovca. Privo\u0161\u010dite si gurmansko u\u017eivanje v prijetni gostilni Sandwirt ali v tipi\u010dni koro\u0161ki restavraciji Leiten.<\/p>\n\t\t\t\t\t\t\t\t<\/div>\n\t\t\t\t<\/div>\n\t\t\t\t\t<\/div>\n\t\t<\/div>\n\t\t\t\t\t<\/div>\n\t\t<\/section>\n\t\t\t\t<section class=\"elementor-section elementor-top-section elementor-element elementor-element-12565ac elementor-section-boxed elementor-section-height-default elementor-section-height-default\" data-id=\"12565ac\" data-element_type=\"section\" data-e-type=\"section\">\n\t\t\t\t\t\t<div class=\"elementor-container elementor-column-gap-default\">\n\t\t\t\t\t<div class=\"elementor-column elementor-col-100 elementor-top-column elementor-element elementor-element-6ea7328\" data-id=\"6ea7328\" data-element_type=\"column\" data-e-type=\"column\">\n\t\t\t<div class=\"elementor-widget-wrap elementor-element-populated\">\n\t\t\t\t\t\t<div class=\"elementor-element elementor-element-1cf1a0d elementor-widget elementor-widget-pp-tiled-posts\" data-id=\"1cf1a0d\" data-element_type=\"widget\" data-e-type=\"widget\" data-widget_type=\"pp-tiled-posts.default\">\n\t\t\t\t<div class=\"elementor-widget-container\">\n\t\t\t\t\t\t\t<div class=\"pp-tiled-posts pp-tiled-posts-layout-2 clearfix\">\n\t\t\t<div class=\"pp-tiles-posts-left\">\t\t<div class=\"pp-tiled-post pp-tiled-post-1 pp-tiled-post-featured\">\n\t\t\t<div class=\"pp-tiled-post-bg pp-media-background \" style=\"background-image:url(https:\/\/www.visitklagenfurt.at\/wp-content\/uploads\/2021\/02\/reptilienzoo_happ_c-Pixelpoint-Multimedia-Wolfgang-Handler-768x512.jpeg)\">\n\t\t\t\t<a class=\"pp-post-link\" href=\"https:\/\/www.visitklagenfurt.at\/sl\/ogledi-in-izleti\/izleti\/zivalski-vrt-plazilcev-happ\/\" title=\"Bogata raznovrstnost &#8211; \u017eivalski vrt plazilcev Happ\"><\/a>\n\t\t\t<\/div>\n\t\t\t<div class=\"pp-tiled-post-content pp-tiled-post-content-bottom\">\n\t\t\t\t\n\t\t\t\t\t\t\t\t\t\t\t\t\t\t<header>\n\t\t\t\t\t\t<h2 class=\"pp-tiled-post-title\">\n\t\t\t\t\t\t\tBogata raznovrstnost &#8211; \u017eivalski vrt plazilcev Happ\t\t\t\t\t\t<\/h2>\n\t\t\t\t\t<\/header>\n\t\t\t\t\n\t\t\t\t\n\t\t\t\t\n\t\t\t\t\t\t\t<\/div>\n\t\t<\/div>\n\t\t<\/div><div class=\"pp-tiles-posts-right\">\t\t<div class=\"pp-tiled-post pp-tiled-post-2 pp-tiled-post-large\">\n\t\t\t<div class=\"pp-tiled-post-bg pp-media-background \" style=\"background-image:url(https:\/\/www.visitklagenfurt.at\/wp-content\/uploads\/2021\/02\/sehenswertes_botanikerzentrum_2012_c-helge_bauer_17-web-768x511.jpeg)\">\n\t\t\t\t<a class=\"pp-post-link\" href=\"https:\/\/www.visitklagenfurt.at\/sl\/ogledi-in-izleti\/izleti\/botanicni-vrt\/\" title=\"Celov\u0161ka oaza: botani\u010dni vrt\"><\/a>\n\t\t\t<\/div>\n\t\t\t<div class=\"pp-tiled-post-content pp-tiled-post-content-bottom\">\n\t\t\t\t\n\t\t\t\t\t\t\t\t\t\t\t\t\t\t<header>\n\t\t\t\t\t\t<h2 class=\"pp-tiled-post-title\">\n\t\t\t\t\t\t\tCelov\u0161ka oaza: botani\u010dni vrt\t\t\t\t\t\t<\/h2>\n\t\t\t\t\t<\/header>\n\t\t\t\t\n\t\t\t\t\n\t\t\t\t\n\t\t\t\t\t\t\t<\/div>\n\t\t<\/div>\n\t\t\t\t<div class=\"pp-tiled-post pp-tiled-post-3 pp-tiled-post-large\">\n\t\t\t<div class=\"pp-tiled-post-bg pp-media-background \" style=\"background-image:url(https:\/\/www.visitklagenfurt.at\/wp-content\/uploads\/2021\/01\/Woertherseeschifffahrt_c-MATCH-Werbeagentur-Krivograd-Adianow-3.jpg)\">\n\t\t\t\t<a class=\"pp-post-link\" href=\"https:\/\/www.visitklagenfurt.at\/sl\/vrbsko-jezero-in-okolica\/vrbsko-jezero-vzhodni-zaliv\/z-ladjico-po-vrbskem-jezeru\/\" title=\"Z ladjico po Vrbskem jezeru\"><\/a>\n\t\t\t<\/div>\n\t\t\t<div class=\"pp-tiled-post-content pp-tiled-post-content-bottom\">\n\t\t\t\t\n\t\t\t\t\t\t\t\t\t\t\t\t\t\t<header>\n\t\t\t\t\t\t<h2 class=\"pp-tiled-post-title\">\n\t\t\t\t\t\t\tZ ladjico po Vrbskem jezeru\t\t\t\t\t\t<\/h2>\n\t\t\t\t\t<\/header>\n\t\t\t\t\n\t\t\t\t\n\t\t\t\t\n\t\t\t\t\t\t\t<\/div>\n\t\t<\/div>\n\t\t<\/div><div class=\"pp-tiled-post-group pp-tiled-post-col-2\">\t\t<div class=\"pp-tiled-post pp-tiled-post-4 pp-tiled-post-medium\">\n\t\t\t<div class=\"pp-tiled-post-bg pp-media-background \" style=\"background-image:url(https:\/\/www.visitklagenfurt.at\/wp-content\/uploads\/2021\/02\/1834-768x512.jpg)\">\n\t\t\t\t<a class=\"pp-post-link\" href=\"https:\/\/www.visitklagenfurt.at\/sl\/ogledi-in-izleti\/izleti-v-okolico\/pyramidenkogel\/\" title=\"Vrbsko jezero od zgoraj: Pyramidenkogel\"><\/a>\n\t\t\t<\/div>\n\t\t\t<div class=\"pp-tiled-post-content pp-tiled-post-content-bottom\">\n\t\t\t\t\n\t\t\t\t\t\t\t\t\t\t\t\t\t\t<header>\n\t\t\t\t\t\t<h2 class=\"pp-tiled-post-title\">\n\t\t\t\t\t\t\tVrbsko jezero od zgoraj: Pyramidenkogel\t\t\t\t\t\t<\/h2>\n\t\t\t\t\t<\/header>\n\t\t\t\t\n\t\t\t\t\n\t\t\t\t\n\t\t\t\t\t\t\t<\/div>\n\t\t<\/div>\n\t\t\t\t<div class=\"pp-tiled-post pp-tiled-post-5 pp-tiled-post-medium\">\n\t\t\t<div class=\"pp-tiled-post-bg pp-media-background \" style=\"background-image:url(https:\/\/www.visitklagenfurt.at\/wp-content\/uploads\/2021\/02\/562-768x511.jpg)\">\n\t\t\t\t<a class=\"pp-post-link\" href=\"https:\/\/www.visitklagenfurt.at\/sl\/ogledi-in-izleti\/izleti-v-okolico\/podenska-dolina\/\" title=\"Pravlji\u010dna Podenska dolina\"><\/a>\n\t\t\t<\/div>\n\t\t\t<div class=\"pp-tiled-post-content pp-tiled-post-content-bottom\">\n\t\t\t\t\n\t\t\t\t\t\t\t\t\t\t\t\t\t\t<header>\n\t\t\t\t\t\t<h2 class=\"pp-tiled-post-title\">\n\t\t\t\t\t\t\tPravlji\u010dna Podenska dolina\t\t\t\t\t\t<\/h2>\n\t\t\t\t\t<\/header>\n\t\t\t\t\n\t\t\t\t\n\t\t\t\t\n\t\t\t\t\t\t\t<\/div>\n\t\t<\/div>\n\t\t\t\t<div class=\"pp-tiled-post pp-tiled-post-6 pp-tiled-post-medium\">\n\t\t\t<div class=\"pp-tiled-post-bg pp-media-background \" style=\"background-image:url(https:\/\/www.visitklagenfurt.at\/wp-content\/uploads\/2021\/02\/hochosterwitz-web_f_Michael-Stabentheiner_c_Kaernten-Werbung.jpeg)\">\n\t\t\t\t<a class=\"pp-post-link\" href=\"https:\/\/www.visitklagenfurt.at\/sl\/ogledi-in-izleti\/izleti-v-okolico\/ostrovica\/\" title=\"Do\u017eivite zgodovino: grad Hochosterwitz (Ostrovica)\"><\/a>\n\t\t\t<\/div>\n\t\t\t<div class=\"pp-tiled-post-content pp-tiled-post-content-bottom\">\n\t\t\t\t\n\t\t\t\t\t\t\t\t\t\t\t\t\t\t<header>\n\t\t\t\t\t\t<h2 class=\"pp-tiled-post-title\">\n\t\t\t\t\t\t\tDo\u017eivite zgodovino: grad Hochosterwitz (Ostrovica)\t\t\t\t\t\t<\/h2>\n\t\t\t\t\t<\/header>\n\t\t\t\t\n\t\t\t\t\n\t\t\t\t\n\t\t\t\t\t\t\t<\/div>\n\t\t<\/div>\n\t\t\t\t<div class=\"pp-tiled-post pp-tiled-post-7 pp-tiled-post-medium\">\n\t\t\t<div class=\"pp-tiled-post-bg pp-media-background \" style=\"background-image:url(https:\/\/www.visitklagenfurt.at\/wp-content\/uploads\/2021\/01\/luftbild_mtb_virunumtour_2021_c-lukas_duernegger_16_jpg-web.jpeg)\">\n\t\t\t\t<a class=\"pp-post-link\" href=\"https:\/\/www.visitklagenfurt.at\/sl\/vrbsko-jezero-in-okolica\/region-entdecken-sl\/gospa-sveta\/\" title=\"Gospa Sveta &#8211; Po poteh zgodovine\"><\/a>\n\t\t\t<\/div>\n\t\t\t<div class=\"pp-tiled-post-content pp-tiled-post-content-bottom\">\n\t\t\t\t\n\t\t\t\t\t\t\t\t\t\t\t\t\t\t<header>\n\t\t\t\t\t\t<h2 class=\"pp-tiled-post-title\">\n\t\t\t\t\t\t\tGospa Sveta &#8211; Po poteh zgodovine\t\t\t\t\t\t<\/h2>\n\t\t\t\t\t<\/header>\n\t\t\t\t\n\t\t\t\t\n\t\t\t\t\n\t\t\t\t\t\t\t<\/div>\n\t\t<\/div>\n\t\t\t\t<div class=\"pp-tiled-post pp-tiled-post-8 pp-tiled-post-medium\">\n\t\t\t<div class=\"pp-tiled-post-bg pp-media-background \" style=\"background-image:url(https:\/\/www.visitklagenfurt.at\/wp-content\/uploads\/2021\/02\/sehenswertes_minimundus_fruhling_c-wolfgang_handler_3-web-768x512.jpeg)\">\n\t\t\t\t<a class=\"pp-post-link\" href=\"https:\/\/www.visitklagenfurt.at\/sl\/ogledi-in-izleti\/izleti\/minimundus\/\" title=\"Minimundus: Svet v malem na Vrbskem jezeru\"><\/a>\n\t\t\t<\/div>\n\t\t\t<div class=\"pp-tiled-post-content pp-tiled-post-content-bottom\">\n\t\t\t\t\n\t\t\t\t\t\t\t\t\t\t\t\t\t\t<header>\n\t\t\t\t\t\t<h2 class=\"pp-tiled-post-title\">\n\t\t\t\t\t\t\tMinimundus: Svet v malem na Vrbskem jezeru\t\t\t\t\t\t<\/h2>\n\t\t\t\t\t<\/header>\n\t\t\t\t\n\t\t\t\t\n\t\t\t\t\n\t\t\t\t\t\t\t<\/div>\n\t\t<\/div>\n\t\t\t\t<div class=\"pp-tiled-post pp-tiled-post-9 pp-tiled-post-medium\">\n\t\t\t<div class=\"pp-tiled-post-bg pp-media-background \" style=\"background-image:url(https:\/\/www.visitklagenfurt.at\/wp-content\/uploads\/2021\/02\/sehenswertes_ausblick_stadtpfarrturm_sonnenuntergang_herbst_c-arnold_poschl_15-web-768x513.jpeg)\">\n\t\t\t\t<a class=\"pp-post-link\" href=\"https:\/\/www.visitklagenfurt.at\/sl\/ogledi-in-izleti\/izleti\/mestni-zvonik\/\" title=\"Zgodba z vizijo: Celov\u0161ki zvonik\"><\/a>\n\t\t\t<\/div>\n\t\t\t<div class=\"pp-tiled-post-content pp-tiled-post-content-bottom\">\n\t\t\t\t\n\t\t\t\t\t\t\t\t\t\t\t\t\t\t<header>\n\t\t\t\t\t\t<h2 class=\"pp-tiled-post-title\">\n\t\t\t\t\t\t\tZgodba z vizijo: Celov\u0161ki zvonik\t\t\t\t\t\t<\/h2>\n\t\t\t\t\t<\/header>\n\t\t\t\t\n\t\t\t\t\n\t\t\t\t\n\t\t\t\t\t\t\t<\/div>\n\t\t<\/div>\n\t\t<\/div>\t\t<\/div>\n\t\t\t\t\t\t<\/div>\n\t\t\t\t<\/div>\n\t\t\t\t<div class=\"elementor-element elementor-element-418be67 elementor-widget elementor-widget-pp-tiled-posts\" data-id=\"418be67\" data-element_type=\"widget\" data-e-type=\"widget\" data-widget_type=\"pp-tiled-posts.default\">\n\t\t\t\t<div class=\"elementor-widget-container\">\n\t\t\t\t\t\t\t<div class=\"pp-tiled-posts pp-tiled-posts-layout-5 clearfix\">\n\t\t\t\t\t<div class=\"pp-tiled-post pp-tiled-post-1 pp-tiled-post-medium\">\n\t\t\t<div class=\"pp-tiled-post-bg pp-media-background \" style=\"background-image:url(https:\/\/www.visitklagenfurt.at\/wp-content\/uploads\/2021\/02\/genussrad_sport_rad_ostbucht_promenade_worthersee_familie_sommer_see_2018_c-franz_gerdl_66-web-768x513.jpeg)\">\n\t\t\t\t<a class=\"pp-post-link\" href=\"https:\/\/www.visitklagenfurt.at\/sl\/ogledi\/\" title=\"Ogledi\"><\/a>\n\t\t\t<\/div>\n\t\t\t<div class=\"pp-tiled-post-content pp-tiled-post-content-bottom\">\n\t\t\t\t\n\t\t\t\t\t\t\t\t\t\t\t\t\t\t<header>\n\t\t\t\t\t\t<h2 class=\"pp-tiled-post-title\">\n\t\t\t\t\t\t\tOgledi\t\t\t\t\t\t<\/h2>\n\t\t\t\t\t<\/header>\n\t\t\t\t\n\t\t\t\t\n\t\t\t\t\n\t\t\t\t\t\t\t<\/div>\n\t\t<\/div>\n\t\t<\/div>\t\t<\/div>\n\t\t\t\t\t\t<\/div>\n\t\t\t\t<\/div>\n\t\t\t\t\t<\/div>\n\t\t<\/div>\n\t\t\t\t\t<\/div>\n\t\t<\/section>\n\t\t\t\t<\/div>\n\t\t","protected":false},"excerpt":{"rendered":"<p>Celovec je veliko ve\u010d od pri\u010dakovanega! Celovec je novo, je staro, je pode\u017eelsko, je urbano mesto, je mesto \u0161tevilnih razse\u017enosti. Z eno nogo v mestu, z drugo v naravi. Od zgodovinskih stavb in spomenikov do slikovitih vplivov Alpe-Jadrana v starem mestu in zelenimh oaz. Celovec je prizori\u0161\u010de umetnosti v vseh njenih odtenkih, oder \u0161tevilnih dogodkov [&hellip;]<\/p>\n","protected":false},"author":2,"featured_media":77691,"parent":0,"menu_order":0,"comment_status":"closed","ping_status":"closed","template":"elementor_header_footer","meta":{"footnotes":""},"categories":[],"tags":[],"seitentyp":[],"class_list":["post-9539","page","type-page","status-publish","has-post-thumbnail","hentry"],"yoast_head":"<!-- This site is optimized with the Yoast SEO plugin v27.3 - https:\/\/yoast.com\/product\/yoast-seo-wordpress\/ -->\n<title>Izleti | visitklagenfurt<\/title>\n<meta name=\"robots\" content=\"index, follow, max-snippet:-1, max-image-preview:large, max-video-preview:-1\" \/>\n<link rel=\"canonical\" href=\"https:\/\/www.visitklagenfurt.at\/sl\/izleti\/\" \/>\n<meta property=\"og:locale\" content=\"sl_SI\" \/>\n<meta property=\"og:type\" content=\"article\" \/>\n<meta property=\"og:title\" content=\"Izleti | visitklagenfurt\" \/>\n<meta property=\"og:description\" content=\"Celovec je veliko ve\u010d od pri\u010dakovanega! Celovec je novo, je staro, je pode\u017eelsko, je urbano mesto, je mesto \u0161tevilnih razse\u017enosti. Z eno nogo v mestu, z drugo v naravi. Od zgodovinskih stavb in spomenikov do slikovitih vplivov Alpe-Jadrana v starem mestu in zelenimh oaz. Celovec je prizori\u0161\u010de umetnosti v vseh njenih odtenkih, oder \u0161tevilnih dogodkov [&hellip;]\" \/>\n<meta property=\"og:url\" content=\"https:\/\/www.visitklagenfurt.at\/sl\/izleti\/\" \/>\n<meta property=\"og:site_name\" content=\"visitklagenfurt\" \/>\n<meta property=\"article:modified_time\" content=\"2022-09-01T10:19:19+00:00\" \/>\n<meta property=\"og:image\" content=\"https:\/\/www.visitklagenfurt.at\/wp-content\/uploads\/2026\/02\/Wappensaal_c-Thomas_Sattler-5.jpg\" \/>\n\t<meta property=\"og:image:width\" content=\"2500\" \/>\n\t<meta property=\"og:image:height\" content=\"1875\" \/>\n\t<meta property=\"og:image:type\" content=\"image\/jpeg\" \/>\n<meta name=\"twitter:card\" content=\"summary_large_image\" \/>\n<meta name=\"twitter:label1\" content=\"Est. reading time\" \/>\n\t<meta name=\"twitter:data1\" content=\"2 minuti\" \/>\n<script type=\"application\/ld+json\" class=\"yoast-schema-graph\">{\"@context\":\"https:\\\/\\\/schema.org\",\"@graph\":[{\"@type\":\"WebPage\",\"@id\":\"https:\\\/\\\/www.visitklagenfurt.at\\\/sl\\\/izleti\\\/\",\"url\":\"https:\\\/\\\/www.visitklagenfurt.at\\\/sl\\\/izleti\\\/\",\"name\":\"Izleti | visitklagenfurt\",\"isPartOf\":{\"@id\":\"https:\\\/\\\/www.visitklagenfurt.at\\\/sl\\\/#website\"},\"primaryImageOfPage\":{\"@id\":\"https:\\\/\\\/www.visitklagenfurt.at\\\/sl\\\/izleti\\\/#primaryimage\"},\"image\":{\"@id\":\"https:\\\/\\\/www.visitklagenfurt.at\\\/sl\\\/izleti\\\/#primaryimage\"},\"thumbnailUrl\":\"https:\\\/\\\/www.visitklagenfurt.at\\\/wp-content\\\/uploads\\\/2026\\\/02\\\/Wappensaal_c-Thomas_Sattler-5.jpg\",\"datePublished\":\"2021-03-03T09:20:13+00:00\",\"dateModified\":\"2022-09-01T10:19:19+00:00\",\"breadcrumb\":{\"@id\":\"https:\\\/\\\/www.visitklagenfurt.at\\\/sl\\\/izleti\\\/#breadcrumb\"},\"inLanguage\":\"sl-SI\",\"potentialAction\":[{\"@type\":\"ReadAction\",\"target\":[\"https:\\\/\\\/www.visitklagenfurt.at\\\/sl\\\/izleti\\\/\"]}]},{\"@type\":\"ImageObject\",\"inLanguage\":\"sl-SI\",\"@id\":\"https:\\\/\\\/www.visitklagenfurt.at\\\/sl\\\/izleti\\\/#primaryimage\",\"url\":\"https:\\\/\\\/www.visitklagenfurt.at\\\/wp-content\\\/uploads\\\/2026\\\/02\\\/Wappensaal_c-Thomas_Sattler-5.jpg\",\"contentUrl\":\"https:\\\/\\\/www.visitklagenfurt.at\\\/wp-content\\\/uploads\\\/2026\\\/02\\\/Wappensaal_c-Thomas_Sattler-5.jpg\",\"width\":2500,\"height\":1875,\"caption\":\"Wappensaal in Klagenfurt K\u00e4rnten, \u00d6sterreich\"},{\"@type\":\"BreadcrumbList\",\"@id\":\"https:\\\/\\\/www.visitklagenfurt.at\\\/sl\\\/izleti\\\/#breadcrumb\",\"itemListElement\":[{\"@type\":\"ListItem\",\"position\":1,\"name\":\"visitklagenfurt\",\"item\":\"https:\\\/\\\/www.visitklagenfurt.at\\\/sl\\\/\"},{\"@type\":\"ListItem\",\"position\":2,\"name\":\"Izleti\"}]},{\"@type\":\"WebSite\",\"@id\":\"https:\\\/\\\/www.visitklagenfurt.at\\\/sl\\\/#website\",\"url\":\"https:\\\/\\\/www.visitklagenfurt.at\\\/sl\\\/\",\"name\":\"visitklagenfurt\",\"description\":\"\",\"publisher\":{\"@id\":\"https:\\\/\\\/www.visitklagenfurt.at\\\/sl\\\/#organization\"},\"potentialAction\":[{\"@type\":\"SearchAction\",\"target\":{\"@type\":\"EntryPoint\",\"urlTemplate\":\"https:\\\/\\\/www.visitklagenfurt.at\\\/sl\\\/?s={search_term_string}\"},\"query-input\":{\"@type\":\"PropertyValueSpecification\",\"valueRequired\":true,\"valueName\":\"search_term_string\"}}],\"inLanguage\":\"sl-SI\"},{\"@type\":\"Organization\",\"@id\":\"https:\\\/\\\/www.visitklagenfurt.at\\\/sl\\\/#organization\",\"name\":\"Tourismus Region Klagenfurt am W\u00f6rthersee GmbH\",\"url\":\"https:\\\/\\\/www.visitklagenfurt.at\\\/sl\\\/\",\"logo\":{\"@type\":\"ImageObject\",\"inLanguage\":\"sl-SI\",\"@id\":\"https:\\\/\\\/www.visitklagenfurt.at\\\/sl\\\/#\\\/schema\\\/logo\\\/image\\\/\",\"url\":\"https:\\\/\\\/www.visitklagenfurt.at\\\/wp-content\\\/uploads\\\/2022\\\/03\\\/DT_K_Klagenfurt_S_RGB.png\",\"contentUrl\":\"https:\\\/\\\/www.visitklagenfurt.at\\\/wp-content\\\/uploads\\\/2022\\\/03\\\/DT_K_Klagenfurt_S_RGB.png\",\"width\":2082,\"height\":1511,\"caption\":\"Tourismus Region Klagenfurt am W\u00f6rthersee GmbH\"},\"image\":{\"@id\":\"https:\\\/\\\/www.visitklagenfurt.at\\\/sl\\\/#\\\/schema\\\/logo\\\/image\\\/\"}}]}<\/script>\n<!-- \/ Yoast SEO plugin. -->","yoast_head_json":{"title":"Izleti | visitklagenfurt","robots":{"index":"index","follow":"follow","max-snippet":"max-snippet:-1","max-image-preview":"max-image-preview:large","max-video-preview":"max-video-preview:-1"},"canonical":"https:\/\/www.visitklagenfurt.at\/sl\/izleti\/","og_locale":"sl_SI","og_type":"article","og_title":"Izleti | visitklagenfurt","og_description":"Celovec je veliko ve\u010d od pri\u010dakovanega! Celovec je novo, je staro, je pode\u017eelsko, je urbano mesto, je mesto \u0161tevilnih razse\u017enosti. Z eno nogo v mestu, z drugo v naravi. Od zgodovinskih stavb in spomenikov do slikovitih vplivov Alpe-Jadrana v starem mestu in zelenimh oaz. Celovec je prizori\u0161\u010de umetnosti v vseh njenih odtenkih, oder \u0161tevilnih dogodkov [&hellip;]","og_url":"https:\/\/www.visitklagenfurt.at\/sl\/izleti\/","og_site_name":"visitklagenfurt","article_modified_time":"2022-09-01T10:19:19+00:00","og_image":[{"width":2500,"height":1875,"url":"https:\/\/www.visitklagenfurt.at\/wp-content\/uploads\/2026\/02\/Wappensaal_c-Thomas_Sattler-5.jpg","type":"image\/jpeg"}],"twitter_card":"summary_large_image","twitter_misc":{"Est. reading time":"2 minuti"},"schema":{"@context":"https:\/\/schema.org","@graph":[{"@type":"WebPage","@id":"https:\/\/www.visitklagenfurt.at\/sl\/izleti\/","url":"https:\/\/www.visitklagenfurt.at\/sl\/izleti\/","name":"Izleti | visitklagenfurt","isPartOf":{"@id":"https:\/\/www.visitklagenfurt.at\/sl\/#website"},"primaryImageOfPage":{"@id":"https:\/\/www.visitklagenfurt.at\/sl\/izleti\/#primaryimage"},"image":{"@id":"https:\/\/www.visitklagenfurt.at\/sl\/izleti\/#primaryimage"},"thumbnailUrl":"https:\/\/www.visitklagenfurt.at\/wp-content\/uploads\/2026\/02\/Wappensaal_c-Thomas_Sattler-5.jpg","datePublished":"2021-03-03T09:20:13+00:00","dateModified":"2022-09-01T10:19:19+00:00","breadcrumb":{"@id":"https:\/\/www.visitklagenfurt.at\/sl\/izleti\/#breadcrumb"},"inLanguage":"sl-SI","potentialAction":[{"@type":"ReadAction","target":["https:\/\/www.visitklagenfurt.at\/sl\/izleti\/"]}]},{"@type":"ImageObject","inLanguage":"sl-SI","@id":"https:\/\/www.visitklagenfurt.at\/sl\/izleti\/#primaryimage","url":"https:\/\/www.visitklagenfurt.at\/wp-content\/uploads\/2026\/02\/Wappensaal_c-Thomas_Sattler-5.jpg","contentUrl":"https:\/\/www.visitklagenfurt.at\/wp-content\/uploads\/2026\/02\/Wappensaal_c-Thomas_Sattler-5.jpg","width":2500,"height":1875,"caption":"Wappensaal in Klagenfurt K\u00e4rnten, \u00d6sterreich"},{"@type":"BreadcrumbList","@id":"https:\/\/www.visitklagenfurt.at\/sl\/izleti\/#breadcrumb","itemListElement":[{"@type":"ListItem","position":1,"name":"visitklagenfurt","item":"https:\/\/www.visitklagenfurt.at\/sl\/"},{"@type":"ListItem","position":2,"name":"Izleti"}]},{"@type":"WebSite","@id":"https:\/\/www.visitklagenfurt.at\/sl\/#website","url":"https:\/\/www.visitklagenfurt.at\/sl\/","name":"visitklagenfurt","description":"","publisher":{"@id":"https:\/\/www.visitklagenfurt.at\/sl\/#organization"},"potentialAction":[{"@type":"SearchAction","target":{"@type":"EntryPoint","urlTemplate":"https:\/\/www.visitklagenfurt.at\/sl\/?s={search_term_string}"},"query-input":{"@type":"PropertyValueSpecification","valueRequired":true,"valueName":"search_term_string"}}],"inLanguage":"sl-SI"},{"@type":"Organization","@id":"https:\/\/www.visitklagenfurt.at\/sl\/#organization","name":"Tourismus Region Klagenfurt am W\u00f6rthersee GmbH","url":"https:\/\/www.visitklagenfurt.at\/sl\/","logo":{"@type":"ImageObject","inLanguage":"sl-SI","@id":"https:\/\/www.visitklagenfurt.at\/sl\/#\/schema\/logo\/image\/","url":"https:\/\/www.visitklagenfurt.at\/wp-content\/uploads\/2022\/03\/DT_K_Klagenfurt_S_RGB.png","contentUrl":"https:\/\/www.visitklagenfurt.at\/wp-content\/uploads\/2022\/03\/DT_K_Klagenfurt_S_RGB.png","width":2082,"height":1511,"caption":"Tourismus Region Klagenfurt am W\u00f6rthersee GmbH"},"image":{"@id":"https:\/\/www.visitklagenfurt.at\/sl\/#\/schema\/logo\/image\/"}}]}},"_links":{"self":[{"href":"https:\/\/www.visitklagenfurt.at\/sl\/wp-json\/wp\/v2\/pages\/9539","targetHints":{"allow":["GET"]}}],"collection":[{"href":"https:\/\/www.visitklagenfurt.at\/sl\/wp-json\/wp\/v2\/pages"}],"about":[{"href":"https:\/\/www.visitklagenfurt.at\/sl\/wp-json\/wp\/v2\/types\/page"}],"author":[{"embeddable":true,"href":"https:\/\/www.visitklagenfurt.at\/sl\/wp-json\/wp\/v2\/users\/2"}],"replies":[{"embeddable":true,"href":"https:\/\/www.visitklagenfurt.at\/sl\/wp-json\/wp\/v2\/comments?post=9539"}],"version-history":[{"count":36,"href":"https:\/\/www.visitklagenfurt.at\/sl\/wp-json\/wp\/v2\/pages\/9539\/revisions"}],"predecessor-version":[{"id":43087,"href":"https:\/\/www.visitklagenfurt.at\/sl\/wp-json\/wp\/v2\/pages\/9539\/revisions\/43087"}],"wp:featuredmedia":[{"embeddable":true,"href":"https:\/\/www.visitklagenfurt.at\/sl\/wp-json\/wp\/v2\/media\/77691"}],"wp:attachment":[{"href":"https:\/\/www.visitklagenfurt.at\/sl\/wp-json\/wp\/v2\/media?parent=9539"}],"wp:term":[{"taxonomy":"category","embeddable":true,"href":"https:\/\/www.visitklagenfurt.at\/sl\/wp-json\/wp\/v2\/categories?post=9539"},{"taxonomy":"post_tag","embeddable":true,"href":"https:\/\/www.visitklagenfurt.at\/sl\/wp-json\/wp\/v2\/tags?post=9539"},{"taxonomy":"seitentyp","embeddable":true,"href":"https:\/\/www.visitklagenfurt.at\/sl\/wp-json\/wp\/v2\/seitentyp?post=9539"}],"curies":[{"name":"wp","href":"https:\/\/api.w.org\/{rel}","templated":true}]}}